{"id":22,"date":"2022-12-23T14:45:12","date_gmt":"2022-12-23T14:45:12","guid":{"rendered":"https:\/\/vtest1.college-lapierre.fr\/?page_id=22"},"modified":"2025-09-23T11:52:03","modified_gmt":"2025-09-23T09:52:03","slug":"vie-de-leleve","status":"publish","type":"page","link":"https:\/\/vtest1.college-lapierre.fr\/?page_id=22","title":{"rendered":"VIE DE L&rsquo;ELEVE"},"content":{"rendered":"\n<p class=\"has-pale-cyan-blue-background-color has-background has-medium-font-size\"><strong>Les activit\u00e9s du 8h-18h : clubs, activit\u00e9s, UNSS (2025-2026)<\/strong><\/p>\n\n\n\n<figure class=\"wp-block-image size-large\"><img loading=\"lazy\" decoding=\"async\" width=\"1024\" height=\"724\" src=\"https:\/\/vtest1.college-lapierre.fr\/wp-content\/uploads\/2025\/09\/Activites-8h18h_1-1024x724.png\" alt=\"\" class=\"wp-image-11479\" srcset=\"https:\/\/vtest1.college-lapierre.fr\/wp-content\/uploads\/2025\/09\/Activites-8h18h_1-1024x724.png 1024w, https:\/\/vtest1.college-lapierre.fr\/wp-content\/uploads\/2025\/09\/Activites-8h18h_1-300x212.png 300w, https:\/\/vtest1.college-lapierre.fr\/wp-content\/uploads\/2025\/09\/Activites-8h18h_1-768x543.png 768w, https:\/\/vtest1.college-lapierre.fr\/wp-content\/uploads\/2025\/09\/Activites-8h18h_1-1536x1086.png 1536w, https:\/\/vtest1.college-lapierre.fr\/wp-content\/uploads\/2025\/09\/Activites-8h18h_1-2048x1448.png 2048w\" sizes=\"auto, (max-width: 1024px) 100vw, 1024px\" \/><\/figure>\n\n\n\n<style><\/style><div class=\"wplp_outside wplp_widget_11482\" style=\"max-width:100%;\"><span class=\"wpcu_block_title\">Les articles Activit\u00e9s 8h-18h \/ Vie de l'\u00e9l\u00e8ve \/ UNSS \/ FSE<\/span><div id=\"wplp_widget_11482\" class=\"wplp_widget_default wplp_container vertical swiper wplp-swiper default cols4\" data-theme=\"default\" data-post=\"11482\" style=\"\" data-max-elts=\"30\" data-per-page=\"10\"><div class=\"wplp_listposts swiper-wrapper\" id=\"default_11482\" style=\"width: 100%;\" ><div class=\"swiper-slide\" style=\"\"><div class=\"insideframe\"><div id=\"wplp_box_top_11482_11932\" class=\"wpcu-front-box top equalHeightImg\" ><div class=\"wplp-box-item\"><a href=\"https:\/\/vtest1.college-lapierre.fr\/?p=11932\"  class=\"thumbnail\"><span class=\"img_cropper\" style=\"margin-right:4px;margin-bottom:4px;max-width:100%;\"><img decoding=\"async\" src=\"https:\/\/vtest1.college-lapierre.fr\/wp-content\/uploads\/2026\/03\/ORIENTATION-logo-v2-300x300.png\" style=\"aspect-ratio:4\/3;\" srcset=\"\" alt=\"ORIENTATION : ressources vid\u00e9os\" class=\"wplp_thumb\" \/><\/span><\/a><a href=\"https:\/\/vtest1.college-lapierre.fr\/?p=11932\"  class=\"title\">ORIENTATION : ressources vid\u00e9os<\/a><\/div><\/div><div id=\"wplp_box_left_11482_11932\" class=\"wpcu-front-box left wpcu-custom-position\" ><div class=\"wplp-box-item\"><\/div><\/div><div id=\"wplp_box_right_11482_11932\" class=\"wpcu-front-box right wpcu-custom-position\" ><div class=\"wplp-box-item\"><\/div><\/div><div id=\"wplp_box_bottom_11482_11932\" class=\"wpcu-front-box bottom \" ><div class=\"wplp-box-item\"><span class=\"date\">31\/03\/2026<\/span><span class=\"text\"><span style=\"max-height:2.8em\" class=\"line_limit\">Vous trouverez sur cette cha\u00eene de nombreuses vid\u00e9os sur les formations :\n\n\n\n\n3e pr\u00e9pa-m\u00e9tiers,\n\n\n\napr\u00e8s la 3e :\n\n\n\n\n\nLes CAP &#8211; Dipl\u00f4me niveau 3\n\n\n\nLes SECONDES BAC PRO de chacune des familles de m\u00e9tiers\n\n\n\nLes sp\u00e9 du BAC g\u00e9n\u00e9ral &#8211; Dipl\u00f4me niveau 4\n\n\n\nLes BAC Techno &#8211; Dipl\u00f4me niveau 4\n\n\n\nLes BTS &#8211; Dipl\u00f4me niveau 5\n\n\n\n\n\n\n\n\nhttps:\/\/tube-action-educative.apps.education.fr\/c\/orientation_college_georges.lapierre\/videos<\/span><span style=\"margin-left:3px; max-height:2.8em\" class=\"line_limit\"> [...]<\/span><\/span><span class=\"custom_fields\">\n<!-- WPLP Unknown field: Custom_Fields -->\n<\/span><a href=\"https:\/\/vtest1.college-lapierre.fr\/?p=11932\"  class=\"read-more\">Lire la suite\u2026<\/a><\/div><\/div><\/div><\/div><div class=\"swiper-slide\" style=\"\"><div class=\"insideframe\"><div id=\"wplp_box_top_11482_11847\" class=\"wpcu-front-box top equalHeightImg\" ><div class=\"wplp-box-item\"><a href=\"https:\/\/vtest1.college-lapierre.fr\/?p=11847\"  class=\"thumbnail\"><span class=\"img_cropper\" style=\"margin-right:4px;margin-bottom:4px;max-width:100%;\"><img decoding=\"async\" src=\"https:\/\/vtest1.college-lapierre.fr\/wp-content\/uploads\/2026\/03\/WhatsApp-Image-2026-03-16-at-10.39.55-300x169.jpeg\" style=\"aspect-ratio:4\/3;\" srcset=\"\" alt=\"M\u00e9daille d&rsquo;argent au championnat acad\u00e9mique !\" class=\"wplp_thumb\" \/><\/span><\/a><a href=\"https:\/\/vtest1.college-lapierre.fr\/?p=11847\"  class=\"title\">M\u00e9daille d&rsquo;argent au championnat acad\u00e9mique !<\/a><\/div><\/div><div id=\"wplp_box_left_11482_11847\" class=\"wpcu-front-box left wpcu-custom-position\" ><div class=\"wplp-box-item\"><\/div><\/div><div id=\"wplp_box_right_11482_11847\" class=\"wpcu-front-box right wpcu-custom-position\" ><div class=\"wplp-box-item\"><\/div><\/div><div id=\"wplp_box_bottom_11482_11847\" class=\"wpcu-front-box bottom \" ><div class=\"wplp-box-item\"><span class=\"date\">16\/03\/2026<\/span><span class=\"text\"><span style=\"max-height:2.8em\" class=\"line_limit\">Mercredi 11 mars 2026, l&rsquo;\u00e9quipe de l&rsquo;association sportive du coll\u00e8ge Lapierre s&rsquo;est hiss\u00e9e \u00e0 la 2e place du podium du championnat acad\u00e9mique de VTT  ! A une place de partir aux championnats de France ! \n\n\n\nIls ont affront\u00e9 des \u00e9quipes venant de Gironde, de Dordogne, du Lot et Garonne, des Landes et des Pyr\u00e9n\u00e9es Atlantiques. \n\n\n\nL&rsquo;\u00e9quipe \u00e9tait compos\u00e9e de Cl\u00e9mence, Camille, Bogdan, Gabin et notre jeune officielle Wynellia ! \n\n\n\nUn immense bravo aux \u00e9l\u00e8ves qui ont donn\u00e9 leur maximum et ont repr\u00e9sent\u00e9 fi\u00e8rement le coll\u00e8ge ! Ils sont reboost\u00e9s pour l&rsquo;ann\u00e9e prochaine et ont \u00e0 c\u0153ur de se qualifier pour les championnats de France ! \n\n\n\nRendez vous en 2027&#8230;<\/span><span style=\"margin-left:3px; max-height:2.8em\" class=\"line_limit\"> [...]<\/span><\/span><span class=\"custom_fields\">\n<!-- WPLP Unknown field: Custom_Fields -->\n<\/span><a href=\"https:\/\/vtest1.college-lapierre.fr\/?p=11847\"  class=\"read-more\">Lire la suite\u2026<\/a><\/div><\/div><\/div><\/div><div class=\"swiper-slide\" style=\"\"><div class=\"insideframe\"><div id=\"wplp_box_top_11482_11627\" class=\"wpcu-front-box top equalHeightImg\" ><div class=\"wplp-box-item\"><a href=\"https:\/\/vtest1.college-lapierre.fr\/?p=11627\"  class=\"thumbnail\"><span class=\"img_cropper\" style=\"margin-right:4px;margin-bottom:4px;max-width:100%;\"><img decoding=\"async\" src=\"https:\/\/vtest1.college-lapierre.fr\/wp-content\/uploads\/2025\/11\/SWEAT-simul-bordeaux--195x300.jpg\" style=\"aspect-ratio:4\/3;\" srcset=\"\" alt=\"Vente de sweat \u00e0 capuche du coll\u00e8ge\" class=\"wplp_thumb\" \/><\/span><\/a><a href=\"https:\/\/vtest1.college-lapierre.fr\/?p=11627\"  class=\"title\">Vente de sweat \u00e0 capuche du coll\u00e8ge<\/a><\/div><\/div><div id=\"wplp_box_left_11482_11627\" class=\"wpcu-front-box left wpcu-custom-position\" ><div class=\"wplp-box-item\"><\/div><\/div><div id=\"wplp_box_right_11482_11627\" class=\"wpcu-front-box right wpcu-custom-position\" ><div class=\"wplp-box-item\"><\/div><\/div><div id=\"wplp_box_bottom_11482_11627\" class=\"wpcu-front-box bottom \" ><div class=\"wplp-box-item\"><span class=\"date\">07\/11\/2025<\/span><span class=\"text\"><span style=\"max-height:2.8em\" class=\"line_limit\">Comme vous \u00eates nombreux \u00e0 nous l&rsquo;avoir demand\u00e9, le pull du coll\u00e8ge fait son grand retour pour l&rsquo;ann\u00e9e 2025-2026 !Cette ann\u00e9e, il sera de couleur Bordeaux comme sur l&rsquo;image ci-dessous. Le prix est toujours le m\u00eame : 26 euros.Les b\u00e9n\u00e9fices de cette vente de pulls sont vers\u00e9s au FSE qui aide \u00e0 financer les divers projets et s\u00e9jours scolaires (apr\u00e8s-midi Halloween pour les 6\u00e8mes, Bal de fin d&rsquo;ann\u00e9e des 3\u00e8mes, participation aaux s\u00e9jours en Irlande,organisation du march\u00e9 de No\u00ebl, etc\u2026).\u00a0Pour le commander, la proc\u00e9dure est la m\u00eame que les ann\u00e9es pass\u00e9es. Il faut faire une pr\u00e9-commande sur le site Helloasso par le lien ou le formulaire qui suivent :\n\n\n\nPr\u00e9-commande sweat-bordeaux-college-lapierre-2025-26\n\n\n\n\n\n\n\nPensez \u00e0 bien rentrer le nom et la taille de l&rsquo;\u00e9l\u00e8ve pour qui vous commandez. Attention, ils taillent plut\u00f4t grand. Une fois que nous aurons suffisamment de pr\u00e9-commandes, nous passerons une commande group\u00e9e et les pulls seront livr\u00e9s au coll\u00e8ge et distribu\u00e9s \u00e0 vos enfants.&nbsp;Quand vous passez votre pr\u00e9-commande sur le site de Helloasso, vous pouvez modifier le don fait \u00e0 Helloasso.&nbsp;Enfin, il reste quelques pulls bleu marine de l&rsquo;ann\u00e9e derni\u00e8re, si vous souhaitez en avoir un, vous pouvez vous rapprocher de Mme Barbazan (attention toutes les tailles ne sont pas disponibles).&nbsp;Merci \u00e0 tous pour votre soutien,&nbsp;Mme Barbazan, pour le FSE du Coll\u00e8ge Lapierre.<\/span><span style=\"margin-left:3px; max-height:2.8em\" class=\"line_limit\"> [...]<\/span><\/span><span class=\"custom_fields\">\n<!-- WPLP Unknown field: Custom_Fields -->\n<\/span><a href=\"https:\/\/vtest1.college-lapierre.fr\/?p=11627\"  class=\"read-more\">Lire la suite\u2026<\/a><\/div><\/div><\/div><\/div><div class=\"swiper-slide\" style=\"\"><div class=\"insideframe\"><div id=\"wplp_box_top_11482_11569\" class=\"wpcu-front-box top equalHeightImg\" ><div class=\"wplp-box-item\"><a href=\"https:\/\/vtest1.college-lapierre.fr\/?p=11569\"  class=\"thumbnail\"><span class=\"img_cropper\" style=\"margin-right:4px;margin-bottom:4px;max-width:100%;\"><img decoding=\"async\" src=\"https:\/\/vtest1.college-lapierre.fr\/wp-content\/uploads\/2025\/10\/ccm-etape-4-300x147.jpg\" style=\"aspect-ratio:4\/3;\" srcset=\"\" alt=\"Vente des chocolats pour No\u00ebl 2025 !\" class=\"wplp_thumb\" \/><\/span><\/a><a href=\"https:\/\/vtest1.college-lapierre.fr\/?p=11569\"  class=\"title\">Vente des chocolats pour No\u00ebl 2025 !<\/a><\/div><\/div><div id=\"wplp_box_left_11482_11569\" class=\"wpcu-front-box left wpcu-custom-position\" ><div class=\"wplp-box-item\"><\/div><\/div><div id=\"wplp_box_right_11482_11569\" class=\"wpcu-front-box right wpcu-custom-position\" ><div class=\"wplp-box-item\"><\/div><\/div><div id=\"wplp_box_bottom_11482_11569\" class=\"wpcu-front-box bottom \" ><div class=\"wplp-box-item\"><span class=\"date\">07\/10\/2025<\/span><span class=\"text\"><span style=\"max-height:2.8em\" class=\"line_limit\">Bonjour \u00e0 tous,\u00a0C&rsquo;est le retour de la vente des chocolats pour No\u00ebl 2025 !Cette ann\u00e9e, ce sont tous les \u00e9l\u00e8ves de 4\u00e8me qui seront en charge de vendre les chocolats. Certainsont d\u00e9j\u00e0 re\u00e7us les catalogues et des bons de commandes et ne vont pas tarder \u00e0 venir vous solliciter.Comme l&rsquo;ann\u00e9e derni\u00e8re, vous pourrez commander soit:\u00a0 \u00a0 \u00a0 \u00a0 \u00a0 \u00a0 \u00a0 \u00a0&#8211; en remplissant un bon de commande papier ( paiement par ch\u00e8que \u00e0 l&rsquo;ordre du FSEColl\u00e8ge Lapierre\u00a0 ou paiement en esp\u00e8ces, avec l&rsquo;appoint, les \u00e9l\u00e8ves n&rsquo;ont pas de monnaie pour fairele change)\u00a0\u00a0\u00a0 \u00a0 \u00a0 \u00a0 \u00a0 \u00a0 \u00a0 &#8211; en commandant directement sur le site asso.initiatives. fr\u00a0 ( rentrer le code YNUVIH)\u00a0(paiement en carte bancaire) en cliquant sur le lien suivant\u00a0 https:\/\/asso.initiatives.fr\/boutique\u00a0Pour rappel : les b\u00e9n\u00e9fices de la vente sont vers\u00e9s au Foyer Socio-\u00e9ducatif du coll\u00e8ge pour financerles divers projets et notamment le s\u00e9jour en Irlande de cette ann\u00e9e scolaire.\u00a0Alors, avis aux gourmands, faites vous plaisir ou faites plaisir \u00e0 vos familles et amis en leur offrantdes chocolats ! Pour ceux qui travaillent dans des entreprises, n&rsquo;h\u00e9sitez pas \u00e0 en parler \u00e0 vosemployeurs ou comit\u00e9s d&rsquo;entreprises.\u00a0Nous vous remercions pour votre g\u00e9n\u00e9rosit\u00e9 et votre aide.\u00a0L&rsquo;\u00e9quipe du S\u00e9jour en Irlande.\n\n\n\nhttps:\/\/asso.initiatives.fr\/boutique\n\n\n\nCode : YNUVIH<\/span><span style=\"margin-left:3px; max-height:2.8em\" class=\"line_limit\"> [...]<\/span><\/span><span class=\"custom_fields\">\n<!-- WPLP Unknown field: Custom_Fields -->\n<\/span><a href=\"https:\/\/vtest1.college-lapierre.fr\/?p=11569\"  class=\"read-more\">Lire la suite\u2026<\/a><\/div><\/div><\/div><\/div><div class=\"swiper-slide\" style=\"\"><div class=\"insideframe\"><div id=\"wplp_box_top_11482_11534\" class=\"wpcu-front-box top equalHeightImg\" ><div class=\"wplp-box-item\"><a href=\"https:\/\/vtest1.college-lapierre.fr\/?p=11534\"  class=\"thumbnail\"><span class=\"img_cropper\" style=\"margin-right:4px;margin-bottom:4px;max-width:100%;\"><img decoding=\"async\" src=\"https:\/\/vtest1.college-lapierre.fr\/wp-content\/uploads\/2023\/07\/Logo-FSE.png\" style=\"aspect-ratio:4\/3;\" srcset=\"\" alt=\"FSE : adh\u00e9sions 2025-2026\" class=\"wplp_thumb\" \/><\/span><\/a><a href=\"https:\/\/vtest1.college-lapierre.fr\/?p=11534\"  class=\"title\">FSE : adh\u00e9sions 2025-2026<\/a><\/div><\/div><div id=\"wplp_box_left_11482_11534\" class=\"wpcu-front-box left wpcu-custom-position\" ><div class=\"wplp-box-item\"><\/div><\/div><div id=\"wplp_box_right_11482_11534\" class=\"wpcu-front-box right wpcu-custom-position\" ><div class=\"wplp-box-item\"><\/div><\/div><div id=\"wplp_box_bottom_11482_11534\" class=\"wpcu-front-box bottom \" ><div class=\"wplp-box-item\"><span class=\"date\">02\/10\/2025<\/span><span class=\"text\"><span style=\"max-height:2.8em\" class=\"line_limit\">Vous n&rsquo;avez peut-\u00eatre pas adh\u00e9r\u00e9 au FSE du coll\u00e8ge LAPIERRE lors de l&rsquo;inscription ou de la r\u00e9-inscription de votre enfant. Il n&rsquo;est pas encore trop tard : les adh\u00e9sions au FSE sont encore ouvertes.\n\n\n\n\n\n&lt;iframe id=\"haWidget\" allowtransparency=\"true\" src=\"https:\/\/www.helloasso.com\/associations\/foyer-socio-educatif-college-georges-lapierre\/adhesions\/cotisation-fse-college-georges-lapierre-2025-2026\/widget\" style=\"width: 100%; border: none;\" onload=\"window.addEventListener( 'message', function(e) { const dataHeight = e.data.height; const haWidgetElement = document.getElementById('haWidget'); haWidgetElement.height = dataHeight + 'px'; } )\" >&lt;\/iframe><\/span><span style=\"margin-left:3px; max-height:2.8em\" class=\"line_limit\"> [...]<\/span><\/span><span class=\"custom_fields\">\n<!-- WPLP Unknown field: Custom_Fields -->\n<\/span><a href=\"https:\/\/vtest1.college-lapierre.fr\/?p=11534\"  class=\"read-more\">Lire la suite\u2026<\/a><\/div><\/div><\/div><\/div><div class=\"swiper-slide\" style=\"\"><div class=\"insideframe\"><div id=\"wplp_box_top_11482_11521\" class=\"wpcu-front-box top equalHeightImg\" ><div class=\"wplp-box-item\"><a href=\"https:\/\/vtest1.college-lapierre.fr\/?p=11521\"  class=\"thumbnail\"><span class=\"img_cropper\" style=\"margin-right:4px;margin-bottom:4px;max-width:100%;\"><img decoding=\"async\" src=\"https:\/\/vtest1.college-lapierre.fr\/wp-content\/uploads\/2025\/09\/IMG_20250921_085255-225x300.jpg\" style=\"aspect-ratio:4\/3;\" srcset=\"\" alt=\"5e VELA: devenir un groupe classe et d\u00e9velopper la coh\u00e9sion!\" class=\"wplp_thumb\" \/><\/span><\/a><a href=\"https:\/\/vtest1.college-lapierre.fr\/?p=11521\"  class=\"title\">5e VELA: devenir un groupe classe et d\u00e9velopper la coh\u00e9sion!<\/a><\/div><\/div><div id=\"wplp_box_left_11482_11521\" class=\"wpcu-front-box left wpcu-custom-position\" ><div class=\"wplp-box-item\"><\/div><\/div><div id=\"wplp_box_right_11482_11521\" class=\"wpcu-front-box right wpcu-custom-position\" ><div class=\"wplp-box-item\"><\/div><\/div><div id=\"wplp_box_bottom_11482_11521\" class=\"wpcu-front-box bottom \" ><div class=\"wplp-box-item\"><span class=\"date\">27\/09\/2025<\/span><span class=\"text\"><span style=\"max-height:2.8em\" class=\"line_limit\">Nouvelle ann\u00e9e scolaire et nouvelles classes! Cette ann\u00e9e, on m&rsquo;a confi\u00e9 le r\u00f4le de professeur principal de la classe de 5e VELA! D\u00e8s le d\u00e9but d&rsquo;ann\u00e9e et apr\u00e8s de rapides pr\u00e9sentations, il me semblait important de leur faire d\u00e9couvrir l&rsquo;importance du  groupe classe et du bien vivre ensemble!\n\n\n\n\n\n\n\nA l&rsquo;aide de mon alli\u00e9, le jeu collaboratif \u00ab\u00a0la tour de Fr\u00f6bel\u00a0\u00bb, nous avons r\u00e9alis\u00e9 une heure de vie de classe en ext\u00e9rieur. D&rsquo;abord \u00e9tonn\u00e9s, les \u00e9l\u00e8ves se sont vite pr\u00eat\u00e9s au jeu et se sont r\u00e9v\u00e9l\u00e9s &#8230; \u00e0 leur image! \n\n\n\nEquip\u00e9s de cordes, les joueurs doivent s&rsquo;organiser pour relever un morceau de bois puis le soulever afin de le d\u00e9poser sur un autre de fa\u00e7on \u00e0 former une tour! \n\n\n\nDes meneurs, des suiveurs, des r\u00e2leurs, des non joueurs, des guides&#8230;sans s&rsquo;en rendre compte ils ont montr\u00e9 leur visage, leurs qualit\u00e9s et leurs d\u00e9fauts, leur capacit\u00e9 \u00e0 travailler ensemble (ou pas), \u00e0 communiquer, \u00e0 s&rsquo;entraider et \u00e0 s&rsquo;\u00e9couter. \n\n\n\n\n\n\n\nToutes les techniques ont \u00e9t\u00e9 essay\u00e9es et chaque victoire salu\u00e9e \u00e0 grands cris de joie! Quel plaisir de travailler ensemble et de pouvoir \u00eatre fiers de sa r\u00e9ussite! \n\n\n\n\n\n\n\nBien s\u00fbr, il a fallu les aiguiller lors du debriefing pour leur faire remarquer ou d\u00e9duire l&rsquo;impact de ce jeu. Pris dans l&rsquo;action, ils n&rsquo;ont pas forc\u00e9ment tous vu les m\u00eames choses. Nous avons donc d\u00e9cortiqu\u00e9 la s\u00e9ance et fait des parall\u00e8les avec la vie en classe! \n\n\n\nIls sont compris \n\n\n\n-que travailler ensemble \u00e9tait essentiel et n\u00e9cessaire! (en groupes ou en classe enti\u00e8re)\n\n\n\n-que s&rsquo;\u00e9couter \u00e9tait primordial, (\u00e0 chaque prise de parole en classe)\n\n\n\n-qu&rsquo;avoir un guide pouvait s&rsquo;av\u00e9rer utile (r\u00f4le du professeur en classe)\n\n\n\n -que ce n&rsquo;\u00e9tait pas parce qu&rsquo;on ne voulait pas jouer qu&rsquo;on n&rsquo;\u00e9tait pas de bons conseils (certains \u00e9l\u00e8ves n&rsquo;ont pas particip\u00e9 \u00e0 l&rsquo;activit\u00e9 car trop r\u00e9serv\u00e9s, cependant ils ont r\u00e9fl\u00e9chi \u00e0 des strat\u00e9gies et des approches de r\u00e9ussite et sont venus leur en faire part. En classe c&rsquo;est pareil, les plus timides ont aussi des choses \u00e0 partager, il faut juste les mettre en confiance et laisser une place \u00e0 chacun)\n\n\n\n-que certains temp\u00e9raments de feu devaient s&rsquo;apaiser pour un bon fonctionnement du groupe\n\n\n\n-que la bienveillance et la gentillesse sont plus agr\u00e9ables que les gros mots et la violence\n\n\n\n-que la r\u00e9compense est toujours plus grande quand on est satisfait de son travail et de son attitude\n\n\n\n-que r\u00e9ussir en groupe et savoir qu&rsquo;on a particip\u00e9 \u00e0 un effort collectif est parfois plus valorisant qu&rsquo;une r\u00e9ussite personnelle\n\n\n\n-qu&rsquo;aider l&rsquo;autre est une qualit\u00e9 indiscutable et tr\u00e8s gratifiante.\n\n\n\nBravo! Esp\u00e9rons que ces belles d\u00e9ductions et d\u00e9couvertes permettront une ann\u00e9e sereine et agr\u00e9able ou chacun trouvera sa place au sein de la classe!<\/span><span style=\"margin-left:3px; max-height:2.8em\" class=\"line_limit\"> [...]<\/span><\/span><span class=\"custom_fields\">\n<!-- WPLP Unknown field: Custom_Fields -->\n<\/span><a href=\"https:\/\/vtest1.college-lapierre.fr\/?p=11521\"  class=\"read-more\">Lire la suite\u2026<\/a><\/div><\/div><\/div><\/div><div class=\"swiper-slide\" style=\"\"><div class=\"insideframe\"><div id=\"wplp_box_top_11482_11347\" class=\"wpcu-front-box top equalHeightImg\" ><div class=\"wplp-box-item\"><a href=\"https:\/\/vtest1.college-lapierre.fr\/?p=11347\"  class=\"thumbnail\"><span class=\"img_cropper\" style=\"margin-right:4px;margin-bottom:4px;max-width:100%;\"><img decoding=\"async\" src=\"https:\/\/vtest1.college-lapierre.fr\/wp-content\/uploads\/2025\/05\/fresque-300x169.jpg\" style=\"aspect-ratio:4\/3;\" srcset=\"\" alt=\"De l&rsquo;autre c\u00f4t\u00e9 du Harc\u00e8lement&#8230;\" class=\"wplp_thumb\" \/><\/span><\/a><a href=\"https:\/\/vtest1.college-lapierre.fr\/?p=11347\"  class=\"title\">De l&rsquo;autre c\u00f4t\u00e9 du Harc\u00e8lement&#8230;<\/a><\/div><\/div><div id=\"wplp_box_left_11482_11347\" class=\"wpcu-front-box left wpcu-custom-position\" ><div class=\"wplp-box-item\"><\/div><\/div><div id=\"wplp_box_right_11482_11347\" class=\"wpcu-front-box right wpcu-custom-position\" ><div class=\"wplp-box-item\"><\/div><\/div><div id=\"wplp_box_bottom_11482_11347\" class=\"wpcu-front-box bottom \" ><div class=\"wplp-box-item\"><span class=\"date\">28\/05\/2025<\/span><span class=\"text\"><span style=\"max-height:2.8em\" class=\"line_limit\">Cette fresque a \u00e9t\u00e9 r\u00e9alis\u00e9e par un groupe d\u2019\u00e9l\u00e8ves engag\u00e9s du coll\u00e8ge: les ambassadeurs contre le harc\u00e8lement. \n\n\n\nAccompagn\u00e9s de l\u2019artiste peintre Andrea Posani, ils ont choisi de repr\u00e9senter non pas laviolence ou la douleur, mais l\u2019autre c\u00f4t\u00e9 du harc\u00e8lement : celui quel\u2019on construit ensemble, avec bienveillance.\n\n\n\n\u00c0 travers des couleurs vives, des regards tourn\u00e9s vers l\u2019autre et desgestes d\u2019entraide, cette \u0153uvre met en lumi\u00e8re des valeursessentielles : le respect, la joie, la solidarit\u00e9 et la compassion. Ellerappelle que chaque \u00e9l\u00e8ve a le pouvoir d\u2019agir, de soutenir, de dire non\u00e0 l\u2019exclusion et de dire oui \u00e0 l\u2019amiti\u00e9.\n\n\n\nCette fresque est \u00e0 la fois un message d\u2019espoir et un engagementcollectif. Elle invite chacun \u00e0 \u00eatre attentif aux autres, \u00e0 cr\u00e9er unclimat scolaire apais\u00e9, et \u00e0 choisir, chaque jour, la voie du c\u0153ur plut\u00f4tque celle du rejet.<\/span><span style=\"margin-left:3px; max-height:2.8em\" class=\"line_limit\"> [...]<\/span><\/span><span class=\"custom_fields\">\n<!-- WPLP Unknown field: Custom_Fields -->\n<\/span><a href=\"https:\/\/vtest1.college-lapierre.fr\/?p=11347\"  class=\"read-more\">Lire la suite\u2026<\/a><\/div><\/div><\/div><\/div><div class=\"swiper-slide\" style=\"\"><div class=\"insideframe\"><div id=\"wplp_box_top_11482_11344\" class=\"wpcu-front-box top equalHeightImg\" ><div class=\"wplp-box-item\"><a href=\"https:\/\/vtest1.college-lapierre.fr\/?p=11344\"  class=\"thumbnail\"><span class=\"img_cropper\" style=\"margin-right:4px;margin-bottom:4px;max-width:100%;\"><img decoding=\"async\" src=\"https:\/\/vtest1.college-lapierre.fr\/wp-content\/uploads\/2025\/05\/Affiche-LOTO-212x300.png\" style=\"aspect-ratio:4\/3;\" srcset=\"\" alt=\"LOTO du FSE, 10 juin \u00e0 18 h.\" class=\"wplp_thumb\" \/><\/span><\/a><a href=\"https:\/\/vtest1.college-lapierre.fr\/?p=11344\"  class=\"title\">LOTO du FSE, 10 juin \u00e0 18 h.<\/a><\/div><\/div><div id=\"wplp_box_left_11482_11344\" class=\"wpcu-front-box left wpcu-custom-position\" ><div class=\"wplp-box-item\"><\/div><\/div><div id=\"wplp_box_right_11482_11344\" class=\"wpcu-front-box right wpcu-custom-position\" ><div class=\"wplp-box-item\"><\/div><\/div><div id=\"wplp_box_bottom_11482_11344\" class=\"wpcu-front-box bottom \" ><div class=\"wplp-box-item\"><span class=\"date\">19\/05\/2025<\/span><span class=\"text\"><span style=\"max-height:2.8em\" class=\"line_limit\">Venez tenter votre chance le MARDI 10 JUIN \u00e0 partir de 18 h au coll\u00e8ge. Le FSE organise un loto pour aider au financement de tous les projets de l&rsquo;\u00e9tablissement . Nous vous attendons, de nombreux lots sont \u00e0 gagner ! Sur place, vous trouverez de quoi boire et vous restaurer.<\/span><span style=\"margin-left:3px; max-height:2.8em\" class=\"line_limit\"> [...]<\/span><\/span><span class=\"custom_fields\">\n<!-- WPLP Unknown field: Custom_Fields -->\n<\/span><a href=\"https:\/\/vtest1.college-lapierre.fr\/?p=11344\"  class=\"read-more\">Lire la suite\u2026<\/a><\/div><\/div><\/div><\/div><div class=\"swiper-slide\" style=\"\"><div class=\"insideframe\"><div id=\"wplp_box_top_11482_11318\" class=\"wpcu-front-box top equalHeightImg\" ><div class=\"wplp-box-item\"><a href=\"https:\/\/vtest1.college-lapierre.fr\/?p=11318\"  class=\"thumbnail\"><span class=\"img_cropper\" style=\"margin-right:4px;margin-bottom:4px;max-width:100%;\"><img decoding=\"async\" src=\"https:\/\/vtest1.college-lapierre.fr\/wp-content\/uploads\/2025\/05\/67ee6edd3d6ff930d6fj-300x135.jpg\" style=\"aspect-ratio:4\/3;\" srcset=\"\" alt=\"S\u00e9jour au Futuroscope, projet \u00e9ducation musicale\" class=\"wplp_thumb\" \/><\/span><\/a><a href=\"https:\/\/vtest1.college-lapierre.fr\/?p=11318\"  class=\"title\">S\u00e9jour au Futuroscope, projet \u00e9ducation musicale<\/a><\/div><\/div><div id=\"wplp_box_left_11482_11318\" class=\"wpcu-front-box left wpcu-custom-position\" ><div class=\"wplp-box-item\"><\/div><\/div><div id=\"wplp_box_right_11482_11318\" class=\"wpcu-front-box right wpcu-custom-position\" ><div class=\"wplp-box-item\"><\/div><\/div><div id=\"wplp_box_bottom_11482_11318\" class=\"wpcu-front-box bottom \" ><div class=\"wplp-box-item\"><span class=\"date\">16\/04\/2025<\/span><span class=\"text\"><span style=\"max-height:2.8em\" class=\"line_limit\">du 02 au 04 avril 2025\n\n\n\nSuivez les actualit\u00e9s du s\u00e9jour au Futuroscope gr\u00e2ce au blog :https:\/\/www.myatlas.com\/coussiratagnes\/chantons-au-futuroscope<\/span><span style=\"margin-left:3px; max-height:2.8em\" class=\"line_limit\"> [...]<\/span><\/span><span class=\"custom_fields\">\n<!-- WPLP Unknown field: Custom_Fields -->\n<\/span><a href=\"https:\/\/vtest1.college-lapierre.fr\/?p=11318\"  class=\"read-more\">Lire la suite\u2026<\/a><\/div><\/div><\/div><\/div><div class=\"swiper-slide\" style=\"\"><div class=\"insideframe\"><div id=\"wplp_box_top_11482_11274\" class=\"wpcu-front-box top equalHeightImg\" ><div class=\"wplp-box-item\"><a href=\"https:\/\/vtest1.college-lapierre.fr\/?p=11274\"  class=\"thumbnail\"><span class=\"img_cropper\" style=\"margin-right:4px;margin-bottom:4px;max-width:100%;\"><img decoding=\"async\" src=\"https:\/\/vtest1.college-lapierre.fr\/wp-content\/uploads\/2025\/04\/page1_1-212x300.jpg\" style=\"aspect-ratio:4\/3;\" srcset=\"\" alt=\"Nouveaux tarifs de la restauration scolaire\" class=\"wplp_thumb\" \/><\/span><\/a><a href=\"https:\/\/vtest1.college-lapierre.fr\/?p=11274\"  class=\"title\">Nouveaux tarifs de la restauration scolaire<\/a><\/div><\/div><div id=\"wplp_box_left_11482_11274\" class=\"wpcu-front-box left wpcu-custom-position\" ><div class=\"wplp-box-item\"><\/div><\/div><div id=\"wplp_box_right_11482_11274\" class=\"wpcu-front-box right wpcu-custom-position\" ><div class=\"wplp-box-item\"><\/div><\/div><div id=\"wplp_box_bottom_11482_11274\" class=\"wpcu-front-box bottom \" ><div class=\"wplp-box-item\"><span class=\"date\">11\/04\/2025<\/span><span class=\"text\"><span style=\"max-height:2.8em\" class=\"line_limit\">A partir du 1er avril 2025\n\n\n\nVous trouverez ci-dessous un document du Conseil d\u00e9partemental de la Gironde qui vous informe sur les nouveaux tarifs de la restauration scolaire.<\/span><span style=\"margin-left:3px; max-height:2.8em\" class=\"line_limit\"> [...]<\/span><\/span><span class=\"custom_fields\">\n<!-- WPLP Unknown field: Custom_Fields -->\n<\/span><a href=\"https:\/\/vtest1.college-lapierre.fr\/?p=11274\"  class=\"read-more\">Lire la suite\u2026<\/a><\/div><\/div><\/div><\/div><div class=\"swiper-slide\" style=\"\"><div class=\"insideframe\"><div id=\"wplp_box_top_11482_11257\" class=\"wpcu-front-box top equalHeightImg\" ><div class=\"wplp-box-item\"><a href=\"https:\/\/vtest1.college-lapierre.fr\/?p=11257\"  class=\"thumbnail\"><span class=\"img_cropper\" style=\"margin-right:4px;margin-bottom:4px;max-width:100%;\"><img decoding=\"async\" src=\"https:\/\/vtest1.college-lapierre.fr\/wp-content\/uploads\/2024\/11\/Sweat-bleu-marine-1-224x300.jpg\" style=\"aspect-ratio:4\/3;\" srcset=\"\" alt=\"FSE INFORMATIONS\" class=\"wplp_thumb\" \/><\/span><\/a><a href=\"https:\/\/vtest1.college-lapierre.fr\/?p=11257\"  class=\"title\">FSE INFORMATIONS<\/a><\/div><\/div><div id=\"wplp_box_left_11482_11257\" class=\"wpcu-front-box left wpcu-custom-position\" ><div class=\"wplp-box-item\"><\/div><\/div><div id=\"wplp_box_right_11482_11257\" class=\"wpcu-front-box right wpcu-custom-position\" ><div class=\"wplp-box-item\"><\/div><\/div><div id=\"wplp_box_bottom_11482_11257\" class=\"wpcu-front-box bottom \" ><div class=\"wplp-box-item\"><span class=\"date\">04\/04\/2025<\/span><span class=\"text\"><span style=\"max-height:2.8em\" class=\"line_limit\">-la vente du sac du coll\u00e8ge LAPIERRE (ici)-adh\u00e9rer au FSE du coll\u00e8ge LAPIERRE (formulaire d&rsquo;adh\u00e9sion ici)-le sweat du coll\u00e8ge est en vente (pr\u00e9-commande ici)<\/span><span style=\"margin-left:3px; max-height:2.8em\" class=\"line_limit\"> [...]<\/span><\/span><span class=\"custom_fields\">\n<!-- WPLP Unknown field: Custom_Fields -->\n<\/span><a href=\"https:\/\/vtest1.college-lapierre.fr\/?p=11257\"  class=\"read-more\">Lire la suite\u2026<\/a><\/div><\/div><\/div><\/div><div class=\"swiper-slide\" style=\"\"><div class=\"insideframe\"><div id=\"wplp_box_top_11482_11323\" class=\"wpcu-front-box top equalHeightImg\" ><div class=\"wplp-box-item\"><a href=\"https:\/\/vtest1.college-lapierre.fr\/?p=11323\"  class=\"thumbnail\"><span class=\"img_cropper\" style=\"margin-right:4px;margin-bottom:4px;max-width:100%;\"><img decoding=\"async\" src=\"https:\/\/vtest1.college-lapierre.fr\/wp-content\/uploads\/2025\/05\/67dc087c2a0ad415bdcj-300x225.jpg\" style=\"aspect-ratio:4\/3;\" srcset=\"\" alt=\"S\u00e9jour en Irlande\" class=\"wplp_thumb\" \/><\/span><\/a><a href=\"https:\/\/vtest1.college-lapierre.fr\/?p=11323\"  class=\"title\">S\u00e9jour en Irlande<\/a><\/div><\/div><div id=\"wplp_box_left_11482_11323\" class=\"wpcu-front-box left wpcu-custom-position\" ><div class=\"wplp-box-item\"><\/div><\/div><div id=\"wplp_box_right_11482_11323\" class=\"wpcu-front-box right wpcu-custom-position\" ><div class=\"wplp-box-item\"><\/div><\/div><div id=\"wplp_box_bottom_11482_11323\" class=\"wpcu-front-box bottom \" ><div class=\"wplp-box-item\"><span class=\"date\">19\/03\/2025<\/span><span class=\"text\"><span style=\"max-height:2.8em\" class=\"line_limit\">du 19 au 23 mars 2025Suivez les actualit\u00e9s du s\u00e9jour en Irlande gr\u00e2ce au blog :https:\/\/www.myatlas.com\/manonnicolas64\/let-s-go-to-monaghan<\/span><span style=\"margin-left:3px; max-height:2.8em\" class=\"line_limit\"> [...]<\/span><\/span><span class=\"custom_fields\">\n<!-- WPLP Unknown field: Custom_Fields -->\n<\/span><a href=\"https:\/\/vtest1.college-lapierre.fr\/?p=11323\"  class=\"read-more\">Lire la suite\u2026<\/a><\/div><\/div><\/div><\/div><div class=\"swiper-slide\" style=\"\"><div class=\"insideframe\"><div id=\"wplp_box_top_11482_11313\" class=\"wpcu-front-box top equalHeightImg\" ><div class=\"wplp-box-item\"><a href=\"https:\/\/vtest1.college-lapierre.fr\/?p=11313\"  class=\"thumbnail\"><span class=\"img_cropper\" style=\"margin-right:4px;margin-bottom:4px;max-width:100%;\"><img decoding=\"async\" src=\"https:\/\/vtest1.college-lapierre.fr\/wp-content\/plugins\/wp-latest-posts\/img\/default-image.svg\" style=\"aspect-ratio:4\/3;\" srcset=\"\" alt=\"C\u00e9r\u00e9monie de remise des dipl\u00f4mes 2024\"  class=\"wplp_default\" \/><\/span><\/a><a href=\"https:\/\/vtest1.college-lapierre.fr\/?p=11313\"  class=\"title\">C\u00e9r\u00e9monie de remise des dipl\u00f4mes 2024<\/a><\/div><\/div><div id=\"wplp_box_left_11482_11313\" class=\"wpcu-front-box left wpcu-custom-position\" ><div class=\"wplp-box-item\"><\/div><\/div><div id=\"wplp_box_right_11482_11313\" class=\"wpcu-front-box right wpcu-custom-position\" ><div class=\"wplp-box-item\"><\/div><\/div><div id=\"wplp_box_bottom_11482_11313\" class=\"wpcu-front-box bottom \" ><div class=\"wplp-box-item\"><span class=\"date\">01\/01\/2025<\/span><span class=\"text\"><span style=\"max-height:2.8em\" class=\"line_limit\">Les anciens \u00e9l\u00e8ves et leurs parents se sont retrouv\u00e9s au coll\u00e8ge ce vendredi 13\/12\/2024 \u00e0 18h pour la c\u00e9r\u00e9monie de remise des dipl\u00f4mes (DNB, DNB s\u00e9rie professionnelle, CFG, DELF).\n\n\n\nRetrouvailles entre \u00e9l\u00e8ves, retrouvailles avec les professeurs et les personnels du coll\u00e8ge. L\u2019occasion d\u2019\u00e9changer et de prendre des nouvelles des uns et des autres. Applaudissements, photos souvenirs, c\u00e9l\u00e9bration et collation. Une c\u00e9r\u00e9monie men\u00e9 par le chef d\u2019\u00e9tablissement, M. KOCH, en chef d\u2019orchestre.\n\n\n\n\n\n\n\n        \n            \n                                                \n\n                                        \n                        IMG_8996IMG_8998IMG_8999IMG_9000IMG_9001IMG_9002IMG_9003IMG_9004IMG_9005IMG_9006IMG_9007IMG_9008IMG_9009IMG_9010IMG_9011IMG_9012IMG_9013IMG_9014IMG_9015IMG_9016IMG_9017IMG_9018IMG_9019IMG_9020IMG_9021IMG_9022IMG_9023IMG_9024IMG_9025IMG_9026IMG_9027IMG_9028IMG_9029IMG_9030IMG_9031IMG_9032IMG_9033<\/span><span style=\"margin-left:3px; max-height:2.8em\" class=\"line_limit\"> [...]<\/span><\/span><span class=\"custom_fields\">\n<!-- WPLP Unknown field: Custom_Fields -->\n<\/span><a href=\"https:\/\/vtest1.college-lapierre.fr\/?p=11313\"  class=\"read-more\">Lire la suite\u2026<\/a><\/div><\/div><\/div><\/div><div class=\"swiper-slide\" style=\"\"><div class=\"insideframe\"><div id=\"wplp_box_top_11482_11093\" class=\"wpcu-front-box top equalHeightImg\" ><div class=\"wplp-box-item\"><a href=\"https:\/\/vtest1.college-lapierre.fr\/?p=11093\"  class=\"thumbnail\"><span class=\"img_cropper\" style=\"margin-right:4px;margin-bottom:4px;max-width:100%;\"><img decoding=\"async\" src=\"https:\/\/vtest1.college-lapierre.fr\/wp-content\/plugins\/wp-latest-posts\/img\/default-image.svg\" style=\"aspect-ratio:4\/3;\" srcset=\"\" alt=\"C\u00e9r\u00e9monie de remise des dipl\u00f4mes 2024 :\"  class=\"wplp_default\" \/><\/span><\/a><a href=\"https:\/\/vtest1.college-lapierre.fr\/?p=11093\"  class=\"title\">C\u00e9r\u00e9monie de remise des dipl\u00f4mes 2024 :<\/a><\/div><\/div><div id=\"wplp_box_left_11482_11093\" class=\"wpcu-front-box left wpcu-custom-position\" ><div class=\"wplp-box-item\"><\/div><\/div><div id=\"wplp_box_right_11482_11093\" class=\"wpcu-front-box right wpcu-custom-position\" ><div class=\"wplp-box-item\"><\/div><\/div><div id=\"wplp_box_bottom_11482_11093\" class=\"wpcu-front-box bottom \" ><div class=\"wplp-box-item\"><span class=\"date\">20\/12\/2024<\/span><span class=\"text\"><span style=\"max-height:2.8em\" class=\"line_limit\">Les anciens \u00e9l\u00e8ves et leurs parents se sont retrouv\u00e9s au coll\u00e8ge ce vendredi 13\/12\/2024 \u00e0 18h pour la c\u00e9r\u00e9monie de remise des dipl\u00f4mes (DNB, DNB s\u00e9rie professionnelle, CFG, DELF).\n\n\n\nRetrouvailles entre \u00e9l\u00e8ves, retrouvailles avec les professeurs et les personnels du coll\u00e8ge. L&rsquo;occasion d&rsquo;\u00e9changer et de prendre des nouvelles des uns et des autres. Applaudissements, photos souvenirs, c\u00e9l\u00e9bration et collation. Une c\u00e9r\u00e9monie men\u00e9 par le chef d&rsquo;\u00e9tablissement, M. KOCH, en chef d&rsquo;orchestre.\n\n\n\n\n\n\n\n        \n            \n                                                \n\n                                        \n                        IMG_8996IMG_8998IMG_8999IMG_9000IMG_9001IMG_9002IMG_9003IMG_9004IMG_9005IMG_9006IMG_9007IMG_9008IMG_9009IMG_9010IMG_9011IMG_9012IMG_9013IMG_9014IMG_9015IMG_9016IMG_9017IMG_9018IMG_9019IMG_9020IMG_9021IMG_9022IMG_9023IMG_9024IMG_9025IMG_9026IMG_9027IMG_9028IMG_9029IMG_9030IMG_9031IMG_9032IMG_9033<\/span><span style=\"margin-left:3px; max-height:2.8em\" class=\"line_limit\"> [...]<\/span><\/span><span class=\"custom_fields\">\n<!-- WPLP Unknown field: Custom_Fields -->\n<\/span><a href=\"https:\/\/vtest1.college-lapierre.fr\/?p=11093\"  class=\"read-more\">Lire la suite\u2026<\/a><\/div><\/div><\/div><\/div><div class=\"swiper-slide\" style=\"\"><div class=\"insideframe\"><div id=\"wplp_box_top_11482_11015\" class=\"wpcu-front-box top equalHeightImg\" ><div class=\"wplp-box-item\"><a href=\"https:\/\/vtest1.college-lapierre.fr\/?p=11015\"  class=\"thumbnail\"><span class=\"img_cropper\" style=\"margin-right:4px;margin-bottom:4px;max-width:100%;\"><img decoding=\"async\" src=\"https:\/\/vtest1.college-lapierre.fr\/wp-content\/plugins\/wp-latest-posts\/img\/default-image.svg\" style=\"aspect-ratio:4\/3;\" srcset=\"\" alt=\"Label EduSant\u00e9 (niveau 2) pour le coll\u00e8ge Georges LAPIERRE !\"  class=\"wplp_default\" \/><\/span><\/a><a href=\"https:\/\/vtest1.college-lapierre.fr\/?p=11015\"  class=\"title\">Label EduSant\u00e9 (niveau 2) pour le coll\u00e8ge Georges LAPIERRE !<\/a><\/div><\/div><div id=\"wplp_box_left_11482_11015\" class=\"wpcu-front-box left wpcu-custom-position\" ><div class=\"wplp-box-item\"><\/div><\/div><div id=\"wplp_box_right_11482_11015\" class=\"wpcu-front-box right wpcu-custom-position\" ><div class=\"wplp-box-item\"><\/div><\/div><div id=\"wplp_box_bottom_11482_11015\" class=\"wpcu-front-box bottom \" ><div class=\"wplp-box-item\"><span class=\"date\">03\/12\/2024<\/span><span class=\"text\"><span style=\"max-height:2.8em\" class=\"line_limit\">Plusieurs \u00e9l\u00e8ves \u00e9taient pr\u00e9sents avec Madame DEGRAEVE (infirmi\u00e8re scolaire du coll\u00e8ge) pour la remise du label EduSant\u00e9 (niveau 2) \u00e0 l&rsquo;\u00e9tablissement.\n\n\n\n\n\n\n\n\n\n\n\n\n\n\n\n\n\n\n        \n            \n                                                \n\n                                        \n                        0_Label Edusante 2024-8 (5)Coll\u00e8ge Georges Lapierre Label Edusante 2024Coll\u00e8ge Georges Lapierre Label Edusante 2024-2Coll\u00e8ge Georges Lapierre Label Edusante 2024-3Coll\u00e8ge Georges Lapierre Label Edusante 2024-4Coll\u00e8ge Georges Lapierre Label Edusante 2024-5Coll\u00e8ge Georges Lapierre Label Edusante 2024-60_Label Edusante 2024-8 (4)0_Label Edusante 2024-8 (2)<\/span><span style=\"margin-left:3px; max-height:2.8em\" class=\"line_limit\"> [...]<\/span><\/span><span class=\"custom_fields\">\n<!-- WPLP Unknown field: Custom_Fields -->\n<\/span><a href=\"https:\/\/vtest1.college-lapierre.fr\/?p=11015\"  class=\"read-more\">Lire la suite\u2026<\/a><\/div><\/div><\/div><\/div><div class=\"swiper-slide\" style=\"\"><div class=\"insideframe\"><div id=\"wplp_box_top_11482_10987\" class=\"wpcu-front-box top equalHeightImg\" ><div class=\"wplp-box-item\"><a href=\"https:\/\/vtest1.college-lapierre.fr\/?p=10987\"  class=\"thumbnail\"><span class=\"img_cropper\" style=\"margin-right:4px;margin-bottom:4px;max-width:100%;\"><img decoding=\"async\" src=\"https:\/\/vtest1.college-lapierre.fr\/wp-content\/uploads\/2024\/11\/MDN-2024-25-affiche-225x300.jpg\" style=\"aspect-ratio:4\/3;\" srcset=\"\" alt=\"March\u00e9 de No\u00ebl : 10 d\u00e9cembre 2024\" class=\"wplp_thumb\" \/><\/span><\/a><a href=\"https:\/\/vtest1.college-lapierre.fr\/?p=10987\"  class=\"title\">March\u00e9 de No\u00ebl : 10 d\u00e9cembre 2024<\/a><\/div><\/div><div id=\"wplp_box_left_11482_10987\" class=\"wpcu-front-box left wpcu-custom-position\" ><div class=\"wplp-box-item\"><\/div><\/div><div id=\"wplp_box_right_11482_10987\" class=\"wpcu-front-box right wpcu-custom-position\" ><div class=\"wplp-box-item\"><\/div><\/div><div id=\"wplp_box_bottom_11482_10987\" class=\"wpcu-front-box bottom \" ><div class=\"wplp-box-item\"><span class=\"date\">22\/11\/2024<\/span><span class=\"text\"><span style=\"max-height:2.8em\" class=\"line_limit\">Bonjour,\n\n\n\nCette ann\u00e9e encore, le coll\u00e8ge et le FSE organise un march\u00e9 de No\u00ebl.\n\n\n\nIl  se tiendra le mardi 10 d\u00e9cembre 2024 \u00e0 partir de 17h30 au coll\u00e8ge Lapierre.\n\n\n\nNous vous accueillerons sur de nombreux stands pour un moment festif et convivial.\n\n\n\nLes recettes de la soir\u00e9e permettront de financer activit\u00e9s, projets s\u00e9jours, etc.<\/span><span style=\"margin-left:3px; max-height:2.8em\" class=\"line_limit\"> [...]<\/span><\/span><span class=\"custom_fields\">\n<!-- WPLP Unknown field: Custom_Fields -->\n<\/span><a href=\"https:\/\/vtest1.college-lapierre.fr\/?p=10987\"  class=\"read-more\">Lire la suite\u2026<\/a><\/div><\/div><\/div><\/div><div class=\"swiper-slide\" style=\"\"><div class=\"insideframe\"><div id=\"wplp_box_top_11482_10962\" class=\"wpcu-front-box top equalHeightImg\" ><div class=\"wplp-box-item\"><a href=\"https:\/\/vtest1.college-lapierre.fr\/?p=10962\"  class=\"thumbnail\"><span class=\"img_cropper\" style=\"margin-right:4px;margin-bottom:4px;max-width:100%;\"><img decoding=\"async\" src=\"https:\/\/vtest1.college-lapierre.fr\/wp-content\/uploads\/2024\/11\/01-Cliquer-sur-Autre-moyen-de-paiement-300x177.png\" style=\"aspect-ratio:4\/3;\" srcset=\"\" alt=\"Commandes Photos scolaires\" class=\"wplp_thumb\" \/><\/span><\/a><a href=\"https:\/\/vtest1.college-lapierre.fr\/?p=10962\"  class=\"title\">Commandes Photos scolaires<\/a><\/div><\/div><div id=\"wplp_box_left_11482_10962\" class=\"wpcu-front-box left wpcu-custom-position\" ><div class=\"wplp-box-item\"><\/div><\/div><div id=\"wplp_box_right_11482_10962\" class=\"wpcu-front-box right wpcu-custom-position\" ><div class=\"wplp-box-item\"><\/div><\/div><div id=\"wplp_box_bottom_11482_10962\" class=\"wpcu-front-box bottom \" ><div class=\"wplp-box-item\"><span class=\"date\">19\/11\/2024<\/span><span class=\"text\"><span style=\"max-height:2.8em\" class=\"line_limit\">Bonjour,\u00a0Il est encore possible de \u00a0commander les photos scolaires jusqu&rsquo;au\u00a01er d\u00e9cembre 2024 pour b\u00e9n\u00e9ficier de la livraison avant No\u00ebl gratuite.BON DE COMMANDE papierPour toute demande de renseignement, vous pouvez appeler M.CABANEL (05 57 80 10 25, touche 4) ou \u00e9crire \u00e0 : fse@college-lapierre.fr\u00a0Vous pouvez \u00e9galement venir \u00e0 l&rsquo;accueil du coll\u00e8ge pour effectuer votre commande avec l&rsquo;aide deSophie BELLAVIA.\u00a0Si vous avez d\u00e9j\u00e0 effectu\u00e9 votre commande, ne tenez pas compte de ce message.La fiche avec un code personnalis\u00e9 pour commander les photos en ligne a \u00e9t\u00e9 distribu\u00e9e aux \u00e9l\u00e8ves du coll\u00e8ge avant les vacances etelle vous a aussi \u00e9t\u00e9 envoy\u00e9e par mail pendant les vacances sur les adresses renseign\u00e9es dans Pronote.L&rsquo;objet du courriel est : \u00ab\u00a0Code Commandes Photos (FSE Coll\u00e8ge LAPIERE)\u00a0\u00bb ; il a \u00e9t\u00e9 envoy\u00e9 avec l&rsquo;adresse fse@college-lapierre.fr.\u00a0Vous pouvez effectuer vos commandes sur internet jusqu&rsquo;au 01 d\u00e9cembre 2024 pour b\u00e9n\u00e9ficier des frais d&rsquo;envoi gratuits et de la livraisonavant No\u00ebl :\u00a0MODE D&rsquo;EMPLOI :1) Scannez le QR Code de la ficheouRendez-vous sur le site Photostore avec le lien suivant (https:\/\/photostore.maclasse.photo\/) et\u00a0entrez le code d&rsquo;acc\u00e8s inscrit la fiche distribu\u00e9e \u00e0 chaque \u00e9l\u00e8ve.\u00a02) Entrez votre adresse courriel (mail).\u00a03) S\u00e9lectionnez la pochette et\/ou les photos, les objets, etc que vous souhaitez commander.\u00a04) Choisissez votre mode de paiement. Privil\u00e9giez le paiement en ligne qui \u00e9vite \u00e0 votre enfant d&rsquo;apporter de l&rsquo;argent au coll\u00e8ge.\n\n\n\n\nPaiement en ligne par CB (la commande est directement valid\u00e9e.)ou-Autre moyen de paiement (voir images ci-dessous) :\n\n\n\nPaiement par ch\u00e8que (libell\u00e9 \u00e0 l&rsquo;ordre \u00ab\u00a0FSE Coll\u00e8ge Georges LAPIERRE\u00a0\u00bb) ou en esp\u00e8ces (la commande est en attente et sera valid\u00e9e lors de la remise du ch\u00e8que ou des esp\u00e8ces \u00e0 :Sophie BELLAVIA \u00e0 la loge d&rsquo;accueil du coll\u00e8ge,M. CABANEL, b\u00e2timent D, 1er \u00e9tage, bureau du Directeur SEGPA.\u00a0Le FSE propose des actions et des activit\u00e9s au coll\u00e8ge et il aide \u00e0 diminuer le co\u00fbt de nombreux projets.\u00a0Chaque ann\u00e9e, la vente des photos est le revenu le plus important de l&rsquo;association.\u00a0Nous vous remercions pour votre soutien et nous comptons sur vous pour permettre de faciliter cette ann\u00e9e encore les projets pour les \u00e9l\u00e8ves.\u00a0Cordialement,\u00a0\u00a0PJ CABANELPr\u00e9sident du FSE du coll\u00e8ge\n\n\n\n\n01-Cliquer sur Autre moyen de paiement :\n\n\n\n\n\n\n\n02-Choisir Ch\u00e8ques ou Esp\u00e8ces d\u00e9pos\u00e9s \u00e0 l&rsquo;\u00e9tablissement :\n\n\n\n\n\n\n\n03-Cocher les conditions :<\/span><span style=\"margin-left:3px; max-height:2.8em\" class=\"line_limit\"> [...]<\/span><\/span><span class=\"custom_fields\">\n<!-- WPLP Unknown field: Custom_Fields -->\n<\/span><a href=\"https:\/\/vtest1.college-lapierre.fr\/?p=10962\"  class=\"read-more\">Lire la suite\u2026<\/a><\/div><\/div><\/div><\/div><div class=\"swiper-slide\" style=\"\"><div class=\"insideframe\"><div id=\"wplp_box_top_11482_10955\" class=\"wpcu-front-box top equalHeightImg\" ><div class=\"wplp-box-item\"><a href=\"https:\/\/vtest1.college-lapierre.fr\/?p=10955\"  class=\"thumbnail\"><span class=\"img_cropper\" style=\"margin-right:4px;margin-bottom:4px;max-width:100%;\"><img decoding=\"async\" src=\"https:\/\/vtest1.college-lapierre.fr\/wp-content\/uploads\/2024\/11\/Chocolats-300x253.jpg\" style=\"aspect-ratio:4\/3;\" srcset=\"\" alt=\"VENTE DE CHOCOLATS\" class=\"wplp_thumb\" \/><\/span><\/a><a href=\"https:\/\/vtest1.college-lapierre.fr\/?p=10955\"  class=\"title\">VENTE DE CHOCOLATS<\/a><\/div><\/div><div id=\"wplp_box_left_11482_10955\" class=\"wpcu-front-box left wpcu-custom-position\" ><div class=\"wplp-box-item\"><\/div><\/div><div id=\"wplp_box_right_11482_10955\" class=\"wpcu-front-box right wpcu-custom-position\" ><div class=\"wplp-box-item\"><\/div><\/div><div id=\"wplp_box_bottom_11482_10955\" class=\"wpcu-front-box bottom \" ><div class=\"wplp-box-item\"><span class=\"date\">19\/11\/2024<\/span><span class=\"text\"><span style=\"max-height:2.8em\" class=\"line_limit\">Bonjour \u00e0 tous,\u00a0Pour rappel, la vente des chocolats se termine demain mardi 19 Novembre, pour les commandes avec bons de commande papiers(paiements esp\u00e8ces ou ch\u00e8ques)Pour les commandes via la boutique en ligne, avec paiement en CB, vous pourrez encore commander jusqu&rsquo;au Mercredi 20 Novembre 2024.La livraison se fait au coll\u00e8ge et ce sont les \u00e9l\u00e8ves vendeurs qui r\u00e9cup\u00e8rent les commandes pour vous les apporter.Lien de la boutique en ligne, code d&rsquo;acc\u00e8s : WYAPYHhttps:\/\/asso.initiatives.fr\/boutique?utm_source=etiquette-cat-chocolat&amp;utm_medium=qrcode&amp;utm_campaign=chocolat&amp;utm_content=WYAPYH\u00a0\u00a0Nous vous rappelons que les b\u00e9n\u00e9fices de cette vente serviront \u00e0 financer les projets et s\u00e9jours de vos enfants.\u00a0\u00a0En vous remerciant,\u00a0Mme BARBAZAN<\/span><span style=\"margin-left:3px; max-height:2.8em\" class=\"line_limit\"> [...]<\/span><\/span><span class=\"custom_fields\">\n<!-- WPLP Unknown field: Custom_Fields -->\n<\/span><a href=\"https:\/\/vtest1.college-lapierre.fr\/?p=10955\"  class=\"read-more\">Lire la suite\u2026<\/a><\/div><\/div><\/div><\/div><div class=\"swiper-slide\" style=\"\"><div class=\"insideframe\"><div id=\"wplp_box_top_11482_10943\" class=\"wpcu-front-box top equalHeightImg\" ><div class=\"wplp-box-item\"><a href=\"https:\/\/vtest1.college-lapierre.fr\/?p=10943\"  class=\"thumbnail\"><span class=\"img_cropper\" style=\"margin-right:4px;margin-bottom:4px;max-width:100%;\"><img decoding=\"async\" src=\"https:\/\/vtest1.college-lapierre.fr\/wp-content\/uploads\/2024\/11\/Sweat-bleu-marine-224x300.jpg\" style=\"aspect-ratio:4\/3;\" srcset=\"\" alt=\"NOUVEAUTE Rentr\u00e9e 2024 : Achetez le nouveau sweat \u00e0 capuche BLEU du coll\u00e8ge Georges Lapierre\" class=\"wplp_thumb\" \/><\/span><\/a><a href=\"https:\/\/vtest1.college-lapierre.fr\/?p=10943\"  class=\"title\">NOUVEAUTE Rentr\u00e9e 2024 : Achetez le nouveau sweat \u00e0 capuche BLEU du coll\u00e8ge Georges Lapierre<\/a><\/div><\/div><div id=\"wplp_box_left_11482_10943\" class=\"wpcu-front-box left wpcu-custom-position\" ><div class=\"wplp-box-item\"><\/div><\/div><div id=\"wplp_box_right_11482_10943\" class=\"wpcu-front-box right wpcu-custom-position\" ><div class=\"wplp-box-item\"><\/div><\/div><div id=\"wplp_box_bottom_11482_10943\" class=\"wpcu-front-box bottom \" ><div class=\"wplp-box-item\"><span class=\"date\">15\/11\/2024<\/span><span class=\"text\"><span style=\"max-height:2.8em\" class=\"line_limit\">VENTE SWEAT A CAPUCHE !\n\n\n\nCOLLEGE GEORGES LAPIERRE !\n\n\n\nChers coll\u00e9giens, parents, partenaires, membres du personnel du coll\u00e8ge Georges Lapierre,\n\n\n\nNouveaut\u00e9 pour la rentr\u00e9e 2024-2025\u00a0: un nouveau sweat \u00e0 capuche avec le logo du coll\u00e8ge est d\u00e9sormais disponible et \u00e0 la vente.\n\n\n\nCouleur : bleu marine\u00a0 \/ Logo : blanc\n\n\n\nPassez votre commande sur le site Helloasso suivant\u00a0(https:\/\/www.helloasso.com\/associations\/foyer-socio-educatif-college-georges-lapierre\/paiements\/sweat-a-capuche-bleu-college-lapierre-2) et vous le r\u00e9ceptionnerez d\u00e9but 2025.\n\n\n\nLes ventes seront encaiss\u00e9es par le FSE (Foyer socio-\u00e9ducatif) et les b\u00e9n\u00e9fices seront utilis\u00e9s pour financer des projets et des s\u00e9jours.\n\n\n\nAu moment du paiement, vous pouvez modifier \u00ab&nbsp;Votre contribution au fonctionnement de HelloAsso&nbsp;\u00bb. Cliquez sur Modifier puis cocher&nbsp;: \u00ab&nbsp;Je ne souhaite pas soutenir HelloAsso \u00bb.\n\n\n\nMerci \u00e0 tous&nbsp;!<\/span><span style=\"margin-left:3px; max-height:2.8em\" class=\"line_limit\"> [...]<\/span><\/span><span class=\"custom_fields\">\n<!-- WPLP Unknown field: Custom_Fields -->\n<\/span><a href=\"https:\/\/vtest1.college-lapierre.fr\/?p=10943\"  class=\"read-more\">Lire la suite\u2026<\/a><\/div><\/div><\/div><\/div><div class=\"swiper-slide\" style=\"\"><div class=\"insideframe\"><div id=\"wplp_box_top_11482_10926\" class=\"wpcu-front-box top equalHeightImg\" ><div class=\"wplp-box-item\"><a href=\"https:\/\/vtest1.college-lapierre.fr\/?p=10926\"  class=\"thumbnail\"><span class=\"img_cropper\" style=\"margin-right:4px;margin-bottom:4px;max-width:100%;\"><img decoding=\"async\" src=\"https:\/\/vtest1.college-lapierre.fr\/wp-content\/uploads\/2024\/11\/IMG_20241019_091324-270x300.jpg\" style=\"aspect-ratio:4\/3;\" srcset=\"\" alt=\"Et si la vie de classe \u00e9tait un jeu?\" class=\"wplp_thumb\" \/><\/span><\/a><a href=\"https:\/\/vtest1.college-lapierre.fr\/?p=10926\"  class=\"title\">Et si la vie de classe \u00e9tait un jeu?<\/a><\/div><\/div><div id=\"wplp_box_left_11482_10926\" class=\"wpcu-front-box left wpcu-custom-position\" ><div class=\"wplp-box-item\"><\/div><\/div><div id=\"wplp_box_right_11482_10926\" class=\"wpcu-front-box right wpcu-custom-position\" ><div class=\"wplp-box-item\"><\/div><\/div><div id=\"wplp_box_bottom_11482_10926\" class=\"wpcu-front-box bottom \" ><div class=\"wplp-box-item\"><span class=\"date\">03\/11\/2024<\/span><span class=\"text\"><span style=\"max-height:2.8em\" class=\"line_limit\">Pendant une heure de \u00ab\u00a0vie de classe\u00a0\u00bb au mois d&rsquo;octobre, Madame Cirignano a propos\u00e9 \u00e0 ses \u00e9l\u00e8ves de 5eE de prendre possession de la cour de r\u00e9cr\u00e9ation autour d&rsquo;une activit\u00e9 collaborative.\n\n\n\nA l&rsquo;aide d&rsquo;un jeu appel\u00e9 \u00ab\u00a0tour de Fr\u00f6bel\u00a0\u00bb, les \u00e9l\u00e8ves ont d\u00fb \u00ab\u00a0travailler\u00a0\u00bb ensemble, alliant leurs gestes, pour r\u00e9ussir l&rsquo;activit\u00e9. \n\n\n\nChaque \u00e9l\u00e8ve tient une corde, ils doivent se coordonner pour attraper, soulever et placer des \u00e9l\u00e9ments en bois de fa\u00e7on \u00e0 former une tour. La r\u00e9ussite n&rsquo;est possible qu&rsquo;avec une coh\u00e9sion maximale.\n\n\n\nCette activit\u00e9 est un grand levier d&rsquo;informations et de le\u00e7ons \u00e0 tirer. Outre le fait de devoir fonctionner ensemble pour que le geste soit optimal, il faut \u00e9galement s&rsquo;\u00e9couter, faire preuve de patience, de bon sens&#8230; Autant de qualit\u00e9s et de ressources dont un groupe classe a besoin au quotidien. \n\n\n\nLes \u00e9l\u00e8ves se sont rendus compte qu&rsquo;il \u00e9tait difficile de travailler en grand groupe et que l&rsquo;activit\u00e9 devenait plus ais\u00e9e lorsque le groupe \u00e9tait plus restreint ou encore qu&rsquo;un joueur se posait en guide ou en leader de l&rsquo;\u00e9quipe. Ils ont compris que sans \u00e9coute, l&rsquo;entreprise \u00e9tait vou\u00e9e \u00e0 l&rsquo;\u00e9chec&#8230;comme en classe&#8230;\n\n\n\nNous avons pu d\u00e9couvrir aussi les traits de caract\u00e8re des membres de la classe, r\u00e9v\u00e9lant des meneurs, de bons suiveurs, des comp\u00e9titeurs mais aussi des \u00e9l\u00e8ves plus impatients voire m\u00eame col\u00e9riques. Les profils r\u00e9v\u00e9l\u00e9s ont pu surprendre ou \u00e9tonner tant on n&rsquo;avait pas cette image d&rsquo;eux au quotidien. Comme s&rsquo;il ne fallait pas se fier aux apparences, que celles-ci pouvaient \u00eatre parfois trompeuses ou qu&rsquo;on ne pouvait pas mettre les gens dans une case. Une r\u00e9flexion sur les pr\u00e9jug\u00e9s constructive et int\u00e9ressante&#8230;\n\n\n\nAutant de situations propices \u00e0 l&rsquo;\u00e9change et \u00e0 l&rsquo;analyse de ce qu&rsquo;est un groupe classe, des difficult\u00e9s auxquelles le groupe se trouvera confront\u00e9 tout au long de l&rsquo;ann\u00e9e en cours. C&rsquo;est aussi souligner le potentiel et le c\u00f4t\u00e9 positif trouv\u00e9 en chacun et sur lequel le groupe pourra s&rsquo;appuyer. Comprendre que nous avons tous des comp\u00e9tences diff\u00e9rentes mais tous un r\u00f4le \u00e0 jouer et une place \u00e0 prendre dans le groupe classe. \n\n\n\nPar cette activit\u00e9 ludique et simple, nous avons r\u00e9ussi \u00e0 transposer nos remarques et conclusions aux cours et \u00e0 notre quotidien. Esp\u00e9rons que l&rsquo;exercice portera ses fruits tout au long de l&rsquo;ann\u00e9e et dans tous les cours!<\/span><span style=\"margin-left:3px; max-height:2.8em\" class=\"line_limit\"> [...]<\/span><\/span><span class=\"custom_fields\">\n<!-- WPLP Unknown field: Custom_Fields -->\n<\/span><a href=\"https:\/\/vtest1.college-lapierre.fr\/?p=10926\"  class=\"read-more\">Lire la suite\u2026<\/a><\/div><\/div><\/div><\/div><div class=\"swiper-slide\" style=\"\"><div class=\"insideframe\"><div id=\"wplp_box_top_11482_10888\" class=\"wpcu-front-box top equalHeightImg\" ><div class=\"wplp-box-item\"><a href=\"https:\/\/vtest1.college-lapierre.fr\/?p=10888\"  class=\"thumbnail\"><span class=\"img_cropper\" style=\"margin-right:4px;margin-bottom:4px;max-width:100%;\"><img decoding=\"async\" src=\"https:\/\/vtest1.college-lapierre.fr\/wp-content\/uploads\/2024\/10\/Affiche-t-shirt-AS-1-212x300.png\" style=\"aspect-ratio:4\/3;\" srcset=\"\" alt=\"ASSOCIATION SPORTIVE\" class=\"wplp_thumb\" \/><\/span><\/a><a href=\"https:\/\/vtest1.college-lapierre.fr\/?p=10888\"  class=\"title\">ASSOCIATION SPORTIVE<\/a><\/div><\/div><div id=\"wplp_box_left_11482_10888\" class=\"wpcu-front-box left wpcu-custom-position\" ><div class=\"wplp-box-item\"><\/div><\/div><div id=\"wplp_box_right_11482_10888\" class=\"wpcu-front-box right wpcu-custom-position\" ><div class=\"wplp-box-item\"><\/div><\/div><div id=\"wplp_box_bottom_11482_10888\" class=\"wpcu-front-box bottom \" ><div class=\"wplp-box-item\"><span class=\"date\">07\/10\/2024<\/span><span class=\"text\"><span style=\"max-height:2.8em\" class=\"line_limit\">Voici le programme des activit\u00e9s 2024-2025<\/span><span style=\"margin-left:3px; max-height:2.8em\" class=\"line_limit\"> [...]<\/span><\/span><span class=\"custom_fields\">\n<!-- WPLP Unknown field: Custom_Fields -->\n<\/span><a href=\"https:\/\/vtest1.college-lapierre.fr\/?p=10888\"  class=\"read-more\">Lire la suite\u2026<\/a><\/div><\/div><\/div><\/div><div class=\"swiper-slide\" style=\"\"><div class=\"insideframe\"><div id=\"wplp_box_top_11482_10873\" class=\"wpcu-front-box top equalHeightImg\" ><div class=\"wplp-box-item\"><a href=\"https:\/\/vtest1.college-lapierre.fr\/?p=10873\"  class=\"thumbnail\"><span class=\"img_cropper\" style=\"margin-right:4px;margin-bottom:4px;max-width:100%;\"><img decoding=\"async\" src=\"https:\/\/vtest1.college-lapierre.fr\/wp-content\/uploads\/2024\/10\/ASSOCIATION-SPORTIVE-300x300.png\" style=\"aspect-ratio:4\/3;\" srcset=\"\" alt=\"Matin\u00e9e de l&rsquo;Association sportive\" class=\"wplp_thumb\" \/><\/span><\/a><a href=\"https:\/\/vtest1.college-lapierre.fr\/?p=10873\"  class=\"title\">Matin\u00e9e de l&rsquo;Association sportive<\/a><\/div><\/div><div id=\"wplp_box_left_11482_10873\" class=\"wpcu-front-box left wpcu-custom-position\" ><div class=\"wplp-box-item\"><\/div><\/div><div id=\"wplp_box_right_11482_10873\" class=\"wpcu-front-box right wpcu-custom-position\" ><div class=\"wplp-box-item\"><\/div><\/div><div id=\"wplp_box_bottom_11482_10873\" class=\"wpcu-front-box bottom \" ><div class=\"wplp-box-item\"><span class=\"date\">07\/10\/2024<\/span><span class=\"text\"><span style=\"max-height:2.8em\" class=\"line_limit\">A l&rsquo;occasion de la journ\u00e9e nationale du sport scolaire, les \u00e9l\u00e8ves de 6e ont particip\u00e9 \u00e0 une matin\u00e9e sportive le 18 septembre dernier.\n\n\n\nAinsi, ils ont pu d\u00e9couvrir les diff\u00e9rentes activit\u00e9s sportives propos\u00e9es par les enseignants d&rsquo;EPS au sein de l&rsquo;association sportive du coll\u00e8ge ! \n\n\n\nUne matin\u00e9e festive et int\u00e9grative pour nos 6e qui pour beaucoup, ont d\u00e9cid\u00e9 de s&rsquo;inscrire \u00e0 l&rsquo;association par la suite. \n\n\n\nPour rappel: licence seule: 20 euros, licence + t-shirt: 30 euros.\n\n\n\nActicit\u00e9s: Tennis de table, basket, VTT, natation, Step.<\/span><span style=\"margin-left:3px; max-height:2.8em\" class=\"line_limit\"> [...]<\/span><\/span><span class=\"custom_fields\">\n<!-- WPLP Unknown field: Custom_Fields -->\n<\/span><a href=\"https:\/\/vtest1.college-lapierre.fr\/?p=10873\"  class=\"read-more\">Lire la suite\u2026<\/a><\/div><\/div><\/div><\/div><div class=\"swiper-slide\" style=\"\"><div class=\"insideframe\"><div id=\"wplp_box_top_11482_10827\" class=\"wpcu-front-box top equalHeightImg\" ><div class=\"wplp-box-item\"><a href=\"https:\/\/vtest1.college-lapierre.fr\/?p=10827\"  class=\"thumbnail\"><span class=\"img_cropper\" style=\"margin-right:4px;margin-bottom:4px;max-width:100%;\"><img decoding=\"async\" src=\"https:\/\/vtest1.college-lapierre.fr\/wp-content\/uploads\/2024\/09\/Sac-avec-cordons-CLG-Lapierre-218x300.jpg\" style=\"aspect-ratio:4\/3;\" srcset=\"\" alt=\"SAC AVEC CORDON DU COLLEGE LAPIERRE\" class=\"wplp_thumb\" \/><\/span><\/a><a href=\"https:\/\/vtest1.college-lapierre.fr\/?p=10827\"  class=\"title\">SAC AVEC CORDON DU COLLEGE LAPIERRE<\/a><\/div><\/div><div id=\"wplp_box_left_11482_10827\" class=\"wpcu-front-box left wpcu-custom-position\" ><div class=\"wplp-box-item\"><\/div><\/div><div id=\"wplp_box_right_11482_10827\" class=\"wpcu-front-box right wpcu-custom-position\" ><div class=\"wplp-box-item\"><\/div><\/div><div id=\"wplp_box_bottom_11482_10827\" class=\"wpcu-front-box bottom \" ><div class=\"wplp-box-item\"><span class=\"date\">17\/09\/2024<\/span><span class=\"text\"><span style=\"max-height:2.8em\" class=\"line_limit\">Vous pouvez gr\u00e2ce au formulaire ci-dessous acheter les nouveaux sacs frapp\u00e9s du logo du coll\u00e8ge.<\/span><span style=\"margin-left:3px; max-height:2.8em\" class=\"line_limit\"> [...]<\/span><\/span><span class=\"custom_fields\">\n<!-- WPLP Unknown field: Custom_Fields -->\n<\/span><a href=\"https:\/\/vtest1.college-lapierre.fr\/?p=10827\"  class=\"read-more\">Lire la suite\u2026<\/a><\/div><\/div><\/div><\/div><div class=\"swiper-slide\" style=\"\"><div class=\"insideframe\"><div id=\"wplp_box_top_11482_10804\" class=\"wpcu-front-box top equalHeightImg\" ><div class=\"wplp-box-item\"><a href=\"https:\/\/vtest1.college-lapierre.fr\/?p=10804\"  class=\"thumbnail\"><span class=\"img_cropper\" style=\"margin-right:4px;margin-bottom:4px;max-width:100%;\"><img decoding=\"async\" src=\"https:\/\/vtest1.college-lapierre.fr\/wp-content\/plugins\/wp-latest-posts\/img\/default-image.svg\" style=\"aspect-ratio:4\/3;\" srcset=\"\" alt=\"Inscriptions FSE ann\u00e9e scolaire 2024-2025\"  class=\"wplp_default\" \/><\/span><\/a><a href=\"https:\/\/vtest1.college-lapierre.fr\/?p=10804\"  class=\"title\">Inscriptions FSE ann\u00e9e scolaire 2024-2025<\/a><\/div><\/div><div id=\"wplp_box_left_11482_10804\" class=\"wpcu-front-box left wpcu-custom-position\" ><div class=\"wplp-box-item\"><\/div><\/div><div id=\"wplp_box_right_11482_10804\" class=\"wpcu-front-box right wpcu-custom-position\" ><div class=\"wplp-box-item\"><\/div><\/div><div id=\"wplp_box_bottom_11482_10804\" class=\"wpcu-front-box bottom \" ><div class=\"wplp-box-item\"><span class=\"date\">09\/09\/2024<\/span><span class=\"text\"><span style=\"max-height:2.8em\" class=\"line_limit\">La campagne d&rsquo;adh\u00e9sion au Foyer Socio Educatif du coll\u00e8ge pour l&rsquo;ann\u00e9e 2024-2025 a d\u00e9but\u00e9.\n\n\n\nComme l&rsquo;ann\u00e9e derni\u00e8re, vous pouvez effectuer cette adh\u00e9sion en ligne en passant par le site Helloasso.com gr\u00e2ce au bouton ci-dessous :\n\n\n\n\n\n\n\nAdh\u00e9sion \u00e9l\u00e8ve : 5\u20ac par \u00e9l\u00e8ve.\n\n\n\nAdh\u00e9sion adultes : adh\u00e9sion libre \u00e0 partir de 5\u20ac.\n\n\n\nPossibilit\u00e9 d&rsquo;effectuer des dons au FSE du coll\u00e8ge Georges Lapierre au moment de l&rsquo;adh\u00e9sion.\n\n\n\nIMPORTANT :\n\n\n\nA l\u2019\u00e9tape 4, avant le paiement, vous pouvez modifier \u00ab&nbsp;Votre contribution au fonctionnement de HelloAsso&nbsp;\u00bb.\n\n\n\nCliquez sur Modifier puis cocher&nbsp;:\n\n\n\n\u00ab&nbsp;Je ne souhaite pas soutenir HelloAsso \u00bb\n\n\n\n\n\n\n\n\n\n\n\n\n\n\n\nLe Foyer Socio \u00c9ducatif est une association Loi 1901 ouverte \u00e0 tous les \u00e9l\u00e8ves et adultes du Coll\u00e8ge Lapierre.\n\n\n\nLES OBJECTIFS DU FSE&nbsp;:\n\n\n\nToutes les actions financ\u00e9es par le FSE visent \u00e0 am\u00e9liorer la qualit\u00e9 de vie des \u00e9l\u00e8ves au quotidien&nbsp;et d\u00e9velopper les projets pour les \u00e9l\u00e8ves :\n\n\n\n\nAcheter le mat\u00e9riel n\u00e9cessaire au fonctionnement des clubs entre 12H30 et 13H25\n\n\n\nFinancer des animations (tournois de baby foot, tennis de table\u2026)\n\n\n\nParticiper au financement des sorties, voyages scolaires et autres actions p\u00e9dagogiques\n\n\n\nContribuer&nbsp;au fonctionnement d\u2019un espace de d\u00e9tente \u00e9quip\u00e9 de jeux et de baby-foot.\n\n\n\n\nLE BUDGET DU FSE&nbsp;:\n\n\n\nLe FSE dispose &nbsp;d\u2019un budget qui lui est propre.&nbsp; Les actions qu\u2019il soutient sont donc financ\u00e9es par :\n\n\n\n\nLes cotisations des \u00e9l\u00e8ves et des adultes de l\u2019\u00e9tablissement\n\n\n\nLes ventes et actions diverses (vente des photos de classes, tombola, etc.)\n\n\n\nLes subventions accord\u00e9es par la Mairie de Lormont.\n\n\n\nLes dons.<\/span><span style=\"margin-left:3px; max-height:2.8em\" class=\"line_limit\"> [...]<\/span><\/span><span class=\"custom_fields\">\n<!-- WPLP Unknown field: Custom_Fields -->\n<\/span><a href=\"https:\/\/vtest1.college-lapierre.fr\/?p=10804\"  class=\"read-more\">Lire la suite\u2026<\/a><\/div><\/div><\/div><\/div><div class=\"swiper-slide\" style=\"\"><div class=\"insideframe\"><div id=\"wplp_box_top_11482_10667\" class=\"wpcu-front-box top equalHeightImg\" ><div class=\"wplp-box-item\"><a href=\"https:\/\/vtest1.college-lapierre.fr\/?p=10667\"  class=\"thumbnail\"><span class=\"img_cropper\" style=\"margin-right:4px;margin-bottom:4px;max-width:100%;\"><img decoding=\"async\" src=\"https:\/\/vtest1.college-lapierre.fr\/wp-content\/plugins\/wp-latest-posts\/img\/default-image.svg\" style=\"aspect-ratio:4\/3;\" srcset=\"\" alt=\"Les ateliers d&rsquo;arts au coll\u00e8ge\"  class=\"wplp_default\" \/><\/span><\/a><a href=\"https:\/\/vtest1.college-lapierre.fr\/?p=10667\"  class=\"title\">Les ateliers d&rsquo;arts au coll\u00e8ge<\/a><\/div><\/div><div id=\"wplp_box_left_11482_10667\" class=\"wpcu-front-box left wpcu-custom-position\" ><div class=\"wplp-box-item\"><\/div><\/div><div id=\"wplp_box_right_11482_10667\" class=\"wpcu-front-box right wpcu-custom-position\" ><div class=\"wplp-box-item\"><\/div><\/div><div id=\"wplp_box_bottom_11482_10667\" class=\"wpcu-front-box bottom \" ><div class=\"wplp-box-item\"><span class=\"date\">29\/06\/2024<\/span><span class=\"text\"><span style=\"max-height:2.8em\" class=\"line_limit\">Atelier beaux-arts : dessin au fusain, pastel, sanguineAtelier arts num\u00e9riques ; modeling\/sculpting 3D, traitement de l&rsquo;image, IA, vid\u00e9o<\/span><span style=\"margin-left:3px; max-height:2.8em\" class=\"line_limit\"> [...]<\/span><\/span><span class=\"custom_fields\">\n<!-- WPLP Unknown field: Custom_Fields -->\n<\/span><a href=\"https:\/\/vtest1.college-lapierre.fr\/?p=10667\"  class=\"read-more\">Lire la suite\u2026<\/a><\/div><\/div><\/div><\/div><div class=\"swiper-slide\" style=\"\"><div class=\"insideframe\"><div id=\"wplp_box_top_11482_10533\" class=\"wpcu-front-box top equalHeightImg\" ><div class=\"wplp-box-item\"><a href=\"https:\/\/vtest1.college-lapierre.fr\/?p=10533\"  class=\"thumbnail\"><span class=\"img_cropper\" style=\"margin-right:4px;margin-bottom:4px;max-width:100%;\"><img decoding=\"async\" src=\"https:\/\/vtest1.college-lapierre.fr\/wp-content\/uploads\/2024\/06\/IMG-20240525-WA0000-300x225.jpg\" style=\"aspect-ratio:4\/3;\" srcset=\"\" alt=\"S\u00e9jour de l&rsquo;association sportive !\" class=\"wplp_thumb\" \/><\/span><\/a><a href=\"https:\/\/vtest1.college-lapierre.fr\/?p=10533\"  class=\"title\">S\u00e9jour de l&rsquo;association sportive !<\/a><\/div><\/div><div id=\"wplp_box_left_11482_10533\" class=\"wpcu-front-box left wpcu-custom-position\" ><div class=\"wplp-box-item\"><\/div><\/div><div id=\"wplp_box_right_11482_10533\" class=\"wpcu-front-box right wpcu-custom-position\" ><div class=\"wplp-box-item\"><\/div><\/div><div id=\"wplp_box_bottom_11482_10533\" class=\"wpcu-front-box bottom \" ><div class=\"wplp-box-item\"><span class=\"date\">10\/06\/2024<\/span><span class=\"text\"><span style=\"max-height:2.8em\" class=\"line_limit\">Du 21 au 24 mai 2024, 40 \u00e9l\u00e8ves de l&rsquo;association sportive du coll\u00e8ge Lapierre ont particip\u00e9 \u00e0 un s\u00e9jour sportif au centre UCPA de Bombannes ! Au programme, 4h de sport par jour : surf et voile ! En plus de ces deux activit\u00e9s, ils ont pu s&rsquo;initier \u00e0 la p\u00eache, faire des parties de p\u00e9tanque, tennis, tennis de table, basket, beach volley et&#8230; danser lors de la boum du jeudi soir ! Organis\u00e9 par les enseignants d&rsquo;EPS ce s\u00e9jour \u00e9tait propos\u00e9 aux \u00e9l\u00e8ves engag\u00e9s tout au long de l&rsquo;ann\u00e9e au sein de l&rsquo;association sportive. D\u00e9passement de soi, partage, plaisir, d\u00e9couverte&#8230; un s\u00e9jour r\u00e9ussi !<\/span><span style=\"margin-left:3px; max-height:2.8em\" class=\"line_limit\"> [...]<\/span><\/span><span class=\"custom_fields\">\n<!-- WPLP Unknown field: Custom_Fields -->\n<\/span><a href=\"https:\/\/vtest1.college-lapierre.fr\/?p=10533\"  class=\"read-more\">Lire la suite\u2026<\/a><\/div><\/div><\/div><\/div><div class=\"swiper-slide\" style=\"\"><div class=\"insideframe\"><div id=\"wplp_box_top_11482_10407\" class=\"wpcu-front-box top equalHeightImg\" ><div class=\"wplp-box-item\"><a href=\"https:\/\/vtest1.college-lapierre.fr\/?p=10407\"  class=\"thumbnail\"><span class=\"img_cropper\" style=\"margin-right:4px;margin-bottom:4px;max-width:100%;\"><img decoding=\"async\" src=\"https:\/\/vtest1.college-lapierre.fr\/wp-content\/uploads\/2024\/04\/phare-participation-diplome_1-300x212.jpg\" style=\"aspect-ratio:4\/3;\" srcset=\"\" alt=\"Programme pHare : \u00ab\u00a0NON AU HARCELEMENT\u00a0\u00bb &#8211; 2024\" class=\"wplp_thumb\" \/><\/span><\/a><a href=\"https:\/\/vtest1.college-lapierre.fr\/?p=10407\"  class=\"title\">Programme pHare : \u00ab\u00a0NON AU HARCELEMENT\u00a0\u00bb &#8211; 2024<\/a><\/div><\/div><div id=\"wplp_box_left_11482_10407\" class=\"wpcu-front-box left wpcu-custom-position\" ><div class=\"wplp-box-item\"><\/div><\/div><div id=\"wplp_box_right_11482_10407\" class=\"wpcu-front-box right wpcu-custom-position\" ><div class=\"wplp-box-item\"><\/div><\/div><div id=\"wplp_box_bottom_11482_10407\" class=\"wpcu-front-box bottom \" ><div class=\"wplp-box-item\"><span class=\"date\">10\/04\/2024<\/span><span class=\"text\"><span style=\"max-height:2.8em\" class=\"line_limit\">Attestation de l&rsquo;\u00e9tablissement pour sa participation \u00e0 la 11e \u00e9dition du Prix \u00ab\u00a0Non au harc\u00e8lement\u00a0\u00bb.<\/span><span style=\"margin-left:3px; max-height:2.8em\" class=\"line_limit\"> [...]<\/span><\/span><span class=\"custom_fields\">\n<!-- WPLP Unknown field: Custom_Fields -->\n<\/span><a href=\"https:\/\/vtest1.college-lapierre.fr\/?p=10407\"  class=\"read-more\">Lire la suite\u2026<\/a><\/div><\/div><\/div><\/div><div class=\"swiper-slide\" style=\"\"><div class=\"insideframe\"><div id=\"wplp_box_top_11482_10387\" class=\"wpcu-front-box top equalHeightImg\" ><div class=\"wplp-box-item\"><a href=\"https:\/\/vtest1.college-lapierre.fr\/?p=10387\"  class=\"thumbnail\"><span class=\"img_cropper\" style=\"margin-right:4px;margin-bottom:4px;max-width:100%;\"><img decoding=\"async\" src=\"https:\/\/vtest1.college-lapierre.fr\/wp-content\/uploads\/2024\/04\/Tarifs-flyer-restauration-scolaire-au-01-avril-2024_1-212x300.jpg\" style=\"aspect-ratio:4\/3;\" srcset=\"\" alt=\"Mise \u00e0 jour des tarifs de restauration scolaire\" class=\"wplp_thumb\" \/><\/span><\/a><a href=\"https:\/\/vtest1.college-lapierre.fr\/?p=10387\"  class=\"title\">Mise \u00e0 jour des tarifs de restauration scolaire<\/a><\/div><\/div><div id=\"wplp_box_left_11482_10387\" class=\"wpcu-front-box left wpcu-custom-position\" ><div class=\"wplp-box-item\"><\/div><\/div><div id=\"wplp_box_right_11482_10387\" class=\"wpcu-front-box right wpcu-custom-position\" ><div class=\"wplp-box-item\"><\/div><\/div><div id=\"wplp_box_bottom_11482_10387\" class=\"wpcu-front-box bottom \" ><div class=\"wplp-box-item\"><span class=\"date\">02\/04\/2024<\/span><span class=\"text\"><span style=\"max-height:2.8em\" class=\"line_limit\">Une mise \u00e0 jour des tarifs de restauration scolaire a \u00e9t\u00e9 d\u00e9cid\u00e9e par d\u00e9lib\u00e9ration du 12 f\u00e9vrier 2024 du Conseil d\u00e9partemental \u00e0 effet du 1er avril 2024.\n\n\n\nVous trouverez ci-dessous la lettre d&rsquo;information aux familles du Conseil d\u00e9partemental de la Gironde concernant cette modification des tarifs.\n\n\n\n\n\n\n\nCordialement,\n\n\n\nL&rsquo;\u00e9quipe de Direction.<\/span><span style=\"margin-left:3px; max-height:2.8em\" class=\"line_limit\"> [...]<\/span><\/span><span class=\"custom_fields\">\n<!-- WPLP Unknown field: Custom_Fields -->\n<\/span><a href=\"https:\/\/vtest1.college-lapierre.fr\/?p=10387\"  class=\"read-more\">Lire la suite\u2026<\/a><\/div><\/div><\/div><\/div><div class=\"swiper-slide\" style=\"\"><div class=\"insideframe\"><div id=\"wplp_box_top_11482_10377\" class=\"wpcu-front-box top equalHeightImg\" ><div class=\"wplp-box-item\"><a href=\"https:\/\/vtest1.college-lapierre.fr\/?p=10377\"  class=\"thumbnail\"><span class=\"img_cropper\" style=\"margin-right:4px;margin-bottom:4px;max-width:100%;\"><img decoding=\"async\" src=\"https:\/\/vtest1.college-lapierre.fr\/wp-content\/uploads\/2024\/03\/stages-de-r-ussite-16641-236x300.jpg\" style=\"aspect-ratio:4\/3;\" srcset=\"\" alt=\"Stage de r\u00e9ussite 15 et 16 avril 2024\" class=\"wplp_thumb\" \/><\/span><\/a><a href=\"https:\/\/vtest1.college-lapierre.fr\/?p=10377\"  class=\"title\">Stage de r\u00e9ussite 15 et 16 avril 2024<\/a><\/div><\/div><div id=\"wplp_box_left_11482_10377\" class=\"wpcu-front-box left wpcu-custom-position\" ><div class=\"wplp-box-item\"><\/div><\/div><div id=\"wplp_box_right_11482_10377\" class=\"wpcu-front-box right wpcu-custom-position\" ><div class=\"wplp-box-item\"><\/div><\/div><div id=\"wplp_box_bottom_11482_10377\" class=\"wpcu-front-box bottom \" ><div class=\"wplp-box-item\"><span class=\"date\">29\/03\/2024<\/span><span class=\"text\"><span style=\"max-height:2.8em\" class=\"line_limit\">Un lien vous a \u00e9t\u00e9 envoy\u00e9 par courriel et par Pronote aux parents pour pr\u00e9-inscrire leur(s) enfant(s) au stage de r\u00e9ussite (\u00ab\u00a0vacances apprenantes\u00a0\u00bb) propos\u00e9 au coll\u00e8ge Lapierre les lundi 15 et mardi 16 avril 2024 de 9h \u00e0 12h..\n\n\n\nSur ces deux temps, les \u00e9l\u00e8ves inscrits pourront b\u00e9n\u00e9ficier au choix :\n\n\n\n\nd&rsquo;un accompagnement aux devoirs,\n\n\n\nd&rsquo;une aide \u00e0 la pr\u00e9paration de l&rsquo;oral du DNB,\n\n\n\nd&rsquo;un travail de renforcement en fran\u00e7ais et en math\u00e9matiques.\n\n\n\n\nVous pouvez choisir d&rsquo;inscrire votre enfant sur 1 jour ou sur les 2 jours.\n\n\n\nA noter : vous devez compl\u00e9ter un formulaire en ligne pour chaque enfant si vous souhaitez en inscrire plusieurs.\n\n\n\nCordialement,\n\n\n\nLa Direction du coll\u00e8ge Georges LAPIERRE<\/span><span style=\"margin-left:3px; max-height:2.8em\" class=\"line_limit\"> [...]<\/span><\/span><span class=\"custom_fields\">\n<!-- WPLP Unknown field: Custom_Fields -->\n<\/span><a href=\"https:\/\/vtest1.college-lapierre.fr\/?p=10377\"  class=\"read-more\">Lire la suite\u2026<\/a><\/div><\/div><\/div><\/div><div class=\"swiper-slide\" style=\"\"><div class=\"insideframe\"><div id=\"wplp_box_top_11482_10272\" class=\"wpcu-front-box top equalHeightImg\" ><div class=\"wplp-box-item\"><a href=\"https:\/\/vtest1.college-lapierre.fr\/?p=10272\"  class=\"thumbnail\"><span class=\"img_cropper\" style=\"margin-right:4px;margin-bottom:4px;max-width:100%;\"><img decoding=\"async\" src=\"https:\/\/vtest1.college-lapierre.fr\/wp-content\/uploads\/2024\/01\/IMG_9659-1-225x300.jpeg\" style=\"aspect-ratio:4\/3;\" srcset=\"\" alt=\"Journ\u00e9e sp\u00e9ciale 22\/12\/2023 : Pulls des f\u00eates de fin d&rsquo;ann\u00e9e\" class=\"wplp_thumb\" \/><\/span><\/a><a href=\"https:\/\/vtest1.college-lapierre.fr\/?p=10272\"  class=\"title\">Journ\u00e9e sp\u00e9ciale 22\/12\/2023 : Pulls des f\u00eates de fin d&rsquo;ann\u00e9e<\/a><\/div><\/div><div id=\"wplp_box_left_11482_10272\" class=\"wpcu-front-box left wpcu-custom-position\" ><div class=\"wplp-box-item\"><\/div><\/div><div id=\"wplp_box_right_11482_10272\" class=\"wpcu-front-box right wpcu-custom-position\" ><div class=\"wplp-box-item\"><\/div><\/div><div id=\"wplp_box_bottom_11482_10272\" class=\"wpcu-front-box bottom \" ><div class=\"wplp-box-item\"><span class=\"date\">05\/01\/2024<\/span><span class=\"text\"><span style=\"max-height:2.8em\" class=\"line_limit\">Merci \u00e0 l&rsquo;\u00e9quipe de la Vie scolaire pour les photos prises ce jour-l\u00e0.<\/span><span style=\"margin-left:3px; max-height:2.8em\" class=\"line_limit\"> [...]<\/span><\/span><span class=\"custom_fields\">\n<!-- WPLP Unknown field: Custom_Fields -->\n<\/span><a href=\"https:\/\/vtest1.college-lapierre.fr\/?p=10272\"  class=\"read-more\">Lire la suite\u2026<\/a><\/div><\/div><\/div><\/div><\/div><div class=\"swiper-button-next\"><\/div><div class=\"swiper-button-prev\"><\/div><div class=\"swiper-pagination\"><\/div><\/div><\/div>\n\n\n<ul class=\"wp-block-latest-posts__list is-grid columns-3 wp-block-latest-posts\"><li><a class=\"wp-block-latest-posts__post-title\" href=\"https:\/\/vtest1.college-lapierre.fr\/?p=11932\">ORIENTATION : ressources vid\u00e9os<\/a><\/li>\n<li><a class=\"wp-block-latest-posts__post-title\" href=\"https:\/\/vtest1.college-lapierre.fr\/?p=11627\">Vente de sweat \u00e0 capuche du coll\u00e8ge<\/a><\/li>\n<li><a class=\"wp-block-latest-posts__post-title\" href=\"https:\/\/vtest1.college-lapierre.fr\/?p=11569\">Vente des chocolats pour No\u00ebl 2025 !<\/a><\/li>\n<li><a class=\"wp-block-latest-posts__post-title\" href=\"https:\/\/vtest1.college-lapierre.fr\/?p=11534\">FSE : adh\u00e9sions 2025-2026<\/a><\/li>\n<li><a class=\"wp-block-latest-posts__post-title\" href=\"https:\/\/vtest1.college-lapierre.fr\/?p=11521\">5e VELA: devenir un groupe classe et d\u00e9velopper la coh\u00e9sion!<\/a><\/li>\n<\/ul>\n\n\n<p><\/p>\n","protected":false},"excerpt":{"rendered":"<p>Les activit\u00e9s du 8h-18h : clubs, activit\u00e9s, UNSS (2025-2026)<\/p>\n","protected":false},"author":2,"featured_media":0,"parent":0,"menu_order":0,"comment_status":"closed","ping_status":"closed","template":"","meta":{"footnotes":""},"categories":[55,8,20,4,53],"tags":[],"class_list":["post-22","page","type-page","status-publish","hentry","category-8h-18h","category-fse","category-unss","category-vie-de-leleve","category-vie-scolaire"],"_links":{"self":[{"href":"https:\/\/vtest1.college-lapierre.fr\/index.php?rest_route=\/wp\/v2\/pages\/22","targetHints":{"allow":["GET"]}}],"collection":[{"href":"https:\/\/vtest1.college-lapierre.fr\/index.php?rest_route=\/wp\/v2\/pages"}],"about":[{"href":"https:\/\/vtest1.college-lapierre.fr\/index.php?rest_route=\/wp\/v2\/types\/page"}],"author":[{"embeddable":true,"href":"https:\/\/vtest1.college-lapierre.fr\/index.php?rest_route=\/wp\/v2\/users\/2"}],"replies":[{"embeddable":true,"href":"https:\/\/vtest1.college-lapierre.fr\/index.php?rest_route=%2Fwp%2Fv2%2Fcomments&post=22"}],"version-history":[{"count":6,"href":"https:\/\/vtest1.college-lapierre.fr\/index.php?rest_route=\/wp\/v2\/pages\/22\/revisions"}],"predecessor-version":[{"id":11485,"href":"https:\/\/vtest1.college-lapierre.fr\/index.php?rest_route=\/wp\/v2\/pages\/22\/revisions\/11485"}],"wp:attachment":[{"href":"https:\/\/vtest1.college-lapierre.fr\/index.php?rest_route=%2Fwp%2Fv2%2Fmedia&parent=22"}],"wp:term":[{"taxonomy":"category","embeddable":true,"href":"https:\/\/vtest1.college-lapierre.fr\/index.php?rest_route=%2Fwp%2Fv2%2Fcategories&post=22"},{"taxonomy":"post_tag","embeddable":true,"href":"https:\/\/vtest1.college-lapierre.fr\/index.php?rest_route=%2Fwp%2Fv2%2Ftags&post=22"}],"curies":[{"name":"wp","href":"https:\/\/api.w.org\/{rel}","templated":true}]}}