{"id":24,"date":"2022-12-23T14:45:35","date_gmt":"2022-12-23T14:45:35","guid":{"rendered":"https:\/\/vtest1.college-lapierre.fr\/?page_id=24"},"modified":"2023-11-07T22:02:52","modified_gmt":"2023-11-07T20:02:52","slug":"enseignements","status":"publish","type":"page","link":"https:\/\/vtest1.college-lapierre.fr\/?page_id=24","title":{"rendered":"PEDAGOGIE"},"content":{"rendered":"\n<p>Evaluations nationales 6e<\/p>\n\n\n\n<p>Evaluations nationales 4e<\/p>\n\n\n\n<style><\/style><div class=\"wplp_outside wplp_widget_8883\" style=\"max-width:100%;\"><span class=\"wpcu_block_title\">ENSEIGNEMENTS<\/span><div id=\"wplp_widget_8883\" class=\"wplp_widget_default wplp_container vertical swiper wplp-swiper default cols3\" data-theme=\"default\" data-post=\"8883\" style=\"\" data-max-elts=\"30\" data-per-page=\"10\"><div class=\"wplp_listposts swiper-wrapper\" id=\"default_8883\" style=\"width: 100%;\" ><div class=\"swiper-slide\" style=\"\"><div class=\"insideframe\"><div id=\"wplp_box_top_8883_11921\" class=\"wpcu-front-box top equalHeightImg\" ><div class=\"wplp-box-item\"><a href=\"https:\/\/vtest1.college-lapierre.fr\/?page_id=11921\"  class=\"thumbnail\"><span class=\"img_cropper\" style=\"margin-right:4px;margin-bottom:4px;max-width:100%;\"><img decoding=\"async\" src=\"https:\/\/vtest1.college-lapierre.fr\/wp-content\/plugins\/wp-latest-posts\/img\/default-image.svg\" style=\"aspect-ratio:4\/3;\" srcset=\"\" alt=\"ASSR (Attestations Scolaires de S\u00e9curit\u00e9 Routi\u00e8re)\"  class=\"swiper-lazy wplp_default\" \/><div class=\"swiper-lazy-preloader\"><\/div><\/span><\/a><a href=\"https:\/\/vtest1.college-lapierre.fr\/?page_id=11921\"  class=\"title\">ASSR (Attestations Scolaires de S\u00e9curit\u00e9 Routi\u00e8re)<\/a><\/div><\/div><div id=\"wplp_box_left_8883_11921\" class=\"wpcu-front-box left wpcu-custom-position\" ><div class=\"wplp-box-item\"><\/div><\/div><div id=\"wplp_box_right_8883_11921\" class=\"wpcu-front-box right wpcu-custom-position\" ><div class=\"wplp-box-item\"><\/div><\/div><div id=\"wplp_box_bottom_8883_11921\" class=\"wpcu-front-box bottom \" ><div class=\"wplp-box-item\"><a href=\"https:\/\/vtest1.college-lapierre.fr\/?page_id=11921\"  class=\"author\">PJ CABANEL<\/a><a href=\"https:\/\/vtest1.college-lapierre.fr\/?page_id=11921\"  class=\"date\">mars 20, 2026<\/a><div class=\"category\"><a href=\"https:\/\/vtest1.college-lapierre.fr\/?cat=4\" title=\"View all posts in VIE DE L'ELEVE\">VIE DE L'ELEVE<\/a><\/div><a href=\"https:\/\/vtest1.college-lapierre.fr\/?page_id=11921\"  class=\"text\"><span style=\"max-height:2.8em\" class=\"line_limit\">Pr\u00e9pare-toi \u00e0 l\u2019ASSR 1 et 2 !\n\n\n\nLes \u00e9l\u00e8ves peuvent s\u2019entra\u00eener gratuitement aux \u00e9preuves de l\u2019ASSR 1 et de l\u2019ASSR 2 gr\u00e2ce au site officiel :https:\/\/e-assr.education-securite-routiere.fr\/\n\n\n\nCet outil permet de tester ses connaissances et de se familiariser avec les questions du jour de l\u2019examen. Il est conseill\u00e9 de s\u2019exercer r\u00e9guli\u00e8rement avant l\u2019\u00e9valuation organis\u00e9e au coll\u00e8ge.\n\n\n\n\n\n\n\nDemandes ASSRANCIENS ELEVES\n\n\n\nDemande d\u2019attestation ASSR pour les anciens \u00e9l\u00e8ves\n\n\n\nAvant d\u2019effectuer une demande, pensez \u00e0 v\u00e9rifier si vous ne pouvez pas retrouver ou r\u00e9cup\u00e9rer votre attestation ASSR (niveau 1 ou 2) :\n\n\n\n\ndans les documents transmis durant votre scolarit\u00e9 au coll\u00e8ge ou lors de votre d\u00e9part du coll\u00e8ge,\n\n\n\nen contactant l\u2019\u00e9tablissement fr\u00e9quent\u00e9 apr\u00e8s votre d\u00e9part (les attestations ont \u00e9t\u00e9 transmises dans votre dossier scolaire),\n\n\n\nen t\u00e9l\u00e9chargeant votre attestation sur EduConnect.\n\n\n\n\nSi malgr\u00e9 ces recherches vous ne retrouvez pas votre ASSR, vous pouvez en faire la demande en remplissant le formulaire suivant :Demander mon ASSR<\/span><span style=\"margin-left:3px; max-height:2.8em\" class=\"line_limit\"> [...]<\/span><\/a><span class=\"custom_fields\">\n<!-- WPLP Unknown field: Custom_Fields -->\n<\/span><a href=\"https:\/\/vtest1.college-lapierre.fr\/?page_id=11921\"  class=\"read-more\">Lire la suite\u2026<\/a><\/div><\/div><\/div><\/div><div class=\"swiper-slide\" style=\"\"><div class=\"insideframe\"><div id=\"wplp_box_top_8883_11919\" class=\"wpcu-front-box top equalHeightImg\" ><div class=\"wplp-box-item\"><a href=\"https:\/\/vtest1.college-lapierre.fr\/?page_id=11919\"  class=\"thumbnail\"><span class=\"img_cropper\" style=\"margin-right:4px;margin-bottom:4px;max-width:100%;\"><img decoding=\"async\" src=\"https:\/\/vtest1.college-lapierre.fr\/wp-content\/plugins\/wp-latest-posts\/img\/default-image.svg\" style=\"aspect-ratio:4\/3;\" srcset=\"\" alt=\"Demandes ASSR\"  class=\"swiper-lazy wplp_default\" \/><div class=\"swiper-lazy-preloader\"><\/div><\/span><\/a><a href=\"https:\/\/vtest1.college-lapierre.fr\/?page_id=11919\"  class=\"title\">Demandes ASSR<\/a><\/div><\/div><div id=\"wplp_box_left_8883_11919\" class=\"wpcu-front-box left wpcu-custom-position\" ><div class=\"wplp-box-item\"><\/div><\/div><div id=\"wplp_box_right_8883_11919\" class=\"wpcu-front-box right wpcu-custom-position\" ><div class=\"wplp-box-item\"><\/div><\/div><div id=\"wplp_box_bottom_8883_11919\" class=\"wpcu-front-box bottom \" ><div class=\"wplp-box-item\"><a href=\"https:\/\/vtest1.college-lapierre.fr\/?page_id=11919\"  class=\"author\">PJ CABANEL<\/a><a href=\"https:\/\/vtest1.college-lapierre.fr\/?page_id=11919\"  class=\"date\">mars 20, 2026<\/a><a href=\"https:\/\/vtest1.college-lapierre.fr\/?page_id=11919\"  class=\"text\"><span style=\"max-height:2.8em\" class=\"line_limit\">Demande d&rsquo;attestation ASSR \u2014 Coll\u00e8ge Georges Lapierre\n\n\n\n\n\n\n  \n    \n  \n  Coll\u00e8ge Georges Lapierre \u2014 Lormont\n  Demande d&rsquo;attestationASSR\n  Formulaire r\u00e9serv\u00e9 aux anciens \u00e9l\u00e8ves du coll\u00e8ge\n\n\n\n\n\n  \n  \n    Votre demande sera trait\u00e9e par l&rsquo;\u00e9quipe administrative. L&rsquo;attestation vous sera transmise par e-mail \u00e0 l&rsquo;adresse indiqu\u00e9e dans ce formulaire.\n  \n\n  \n  \n    Votre identit\u00e9\n    \n      \n        \n          Nom *\n          \n          Veuillez saisir votre nom.\n        \n        \n          Pr\u00e9nom *\n          \n          Veuillez saisir votre pr\u00e9nom.\n        \n      \n\n      \n        \n          Date de naissance *\n          \n          Veuillez indiquer votre date de naissance.\n        \n        \n          Lieu de naissance *\n          \n          Veuillez indiquer votre lieu de naissance.\n        \n      \n    \n  \n\n  \n  \n    Coordonn\u00e9es\n    \n      \n        Num\u00e9ro de t\u00e9l\u00e9phone *\n        \n        Veuillez saisir votre num\u00e9ro de t\u00e9l\u00e9phone.\n      \n\n      \n        Adresse e-mail *\n        \n        Veuillez saisir une adresse e-mail valide.\n      \n    \n  \n\n  \n  \n    Document demand\u00e9\n    \n      \n        \n          \n          \n            \ud83d\udcc4\n            ASSR 1\n            Attestation de S\u00e9curit\u00e9 Routi\u00e8re \u2014 niveau 1(classe de 5\u00e8me)\n            \n          \n        \n        \n          \n          \n            \ud83d\udccb\n            ASSR 2\n            Attestation de S\u00e9curit\u00e9 Routi\u00e8re \u2014 niveau 2(classe de 3\u00e8me)\n            \n          \n        \n      \n      Veuillez s\u00e9lectionner le document souhait\u00e9.\n    \n  \n\n  \n  \n    \n      Scolarit\u00e9 au coll\u00e8ge\n      Facultatif\n    \n    \n      \n        Ces informations nous aident \u00e0 retrouver votre dossier plus rapidement. Renseignez-les si vous vous en souvenez.\n      \n      \n        \n          Ann\u00e9e scolaire de 3\u00e8me\n          \n            \n              \u2014 S\u00e9lectionner \u2014\n              2024-2025\n              2023-2024\n              2022-2023\n              2021-2022\n              2020-2021\n              2019-2020\n              2018-2019\n              2017-2018\n              2016-2017\n              2015-2016\n              2014-2015\n              2013-2014\n              2012-2013\n              2011-2012\n              2010-2011\n              Avant 2010\n            \n          \n        \n        \n          Nom de la classe de 3\u00e8me\n          \n        \n      \n\n      \n        Les informations collect\u00e9es sont utilis\u00e9es uniquement dans le cadre du traitement de votre demande d&rsquo;attestation ASSR. Elles ne sont pas transmises \u00e0 des tiers. Conform\u00e9ment au RGPD, vous pouvez demander l&rsquo;acc\u00e8s, la rectification ou la suppression de vos donn\u00e9es en contactant l&rsquo;\u00e9tablissement.\n      \n    \n  \n\n  Envoyer ma demande \u2192\n\n\n\n\n\n  \n    \n      \n    \n  \n  Demande envoy\u00e9e !\n  Votre demande a bien \u00e9t\u00e9 transmise \u00e0 l&rsquo;\u00e9quipe administrative.\n  Un e-mail de confirmation vous a \u00e9t\u00e9 envoy\u00e9.<\/span><span style=\"margin-left:3px; max-height:2.8em\" class=\"line_limit\"> [...]<\/span><\/a><span class=\"custom_fields\">\n<!-- WPLP Unknown field: Custom_Fields -->\n<\/span><a href=\"https:\/\/vtest1.college-lapierre.fr\/?page_id=11919\"  class=\"read-more\">Lire la suite\u2026<\/a><\/div><\/div><\/div><\/div><div class=\"swiper-slide\" style=\"\"><div class=\"insideframe\"><div id=\"wplp_box_top_8883_8977\" class=\"wpcu-front-box top equalHeightImg\" ><div class=\"wplp-box-item\"><a href=\"https:\/\/vtest1.college-lapierre.fr\/?page_id=8977\"  class=\"thumbnail\"><span class=\"img_cropper\" style=\"margin-right:4px;margin-bottom:4px;max-width:100%;\"><img decoding=\"async\" src=\"https:\/\/vtest1.college-lapierre.fr\/wp-content\/uploads\/2024\/06\/Rentree-scolaire-v2-300x200.png\" style=\"aspect-ratio:4\/3;\" srcset=\"\" alt=\"RENTREE 2025\" class=\"swiper-lazy wplp_thumb\" \/><div class=\"swiper-lazy-preloader\"><\/div><\/span><\/a><a href=\"https:\/\/vtest1.college-lapierre.fr\/?page_id=8977\"  class=\"title\">RENTREE 2025<\/a><\/div><\/div><div id=\"wplp_box_left_8883_8977\" class=\"wpcu-front-box left wpcu-custom-position\" ><div class=\"wplp-box-item\"><\/div><\/div><div id=\"wplp_box_right_8883_8977\" class=\"wpcu-front-box right wpcu-custom-position\" ><div class=\"wplp-box-item\"><\/div><\/div><div id=\"wplp_box_bottom_8883_8977\" class=\"wpcu-front-box bottom \" ><div class=\"wplp-box-item\"><a href=\"https:\/\/vtest1.college-lapierre.fr\/?page_id=8977\"  class=\"author\">PJ CABANEL<\/a><a href=\"https:\/\/vtest1.college-lapierre.fr\/?page_id=8977\"  class=\"date\">juillet 10, 2025<\/a><div class=\"category\"><a href=\"https:\/\/vtest1.college-lapierre.fr\/?cat=12\" title=\"View all posts in LE COLLEGE\">LE COLLEGE<\/a> \/ <a href=\"https:\/\/vtest1.college-lapierre.fr\/?cat=46\" title=\"View all posts in RENTREE 2025\">RENTREE 2025<\/a> \/ <a href=\"https:\/\/vtest1.college-lapierre.fr\/?cat=48\" title=\"View all posts in Rentr\u00e9es\">Rentr\u00e9es<\/a> \/ <a href=\"https:\/\/vtest1.college-lapierre.fr\/?cat=4\" title=\"View all posts in VIE DE L'ELEVE\">VIE DE L'ELEVE<\/a><\/div><a href=\"https:\/\/vtest1.college-lapierre.fr\/?page_id=8977\"  class=\"text\"><span style=\"max-height:2.8em\" class=\"line_limit\">Organisation de la rentr\u00e9e 2025 :\n\n\n\nLa rentr\u00e9e scolaire aura lieu le lundi 1er septembre 2025 selon l&rsquo;organisation suivante :\n\n\n\n\n\n6\u00e8me :Accueil \u00e0 partir de 8h30 des \u00e9l\u00e8ves et des familles et appel des \u00e9l\u00e8ves \u00e0 9h00.Les \u00e9l\u00e8ves externes seront lib\u00e9r\u00e9s \u00e0 12h15 (apr\u00e8s midi consacr\u00e9e aux autres niveaux), les 1\/2 pensionnaires seront lib\u00e9r\u00e9s apr\u00e8s leur repas (13h).\n\n\n\n\n\n5\u00e8me :Appel 13h30 : les listes de classes seront affich\u00e9es, les \u00e9l\u00e8ves se rangeront devant la liste et seront pris en charge par leurs professeurs principaux respectifsFin 16h00\n\n\n\n\n\n\n\n4\u00e8me :Appel 14h : les listes de classes seront affich\u00e9es, les \u00e9l\u00e8ves se rangeront devant la liste et seront pris en charge par leurs professeurs principaux respectifsFin 16h\n\n\n\n\n\n3\u00e8me :Appel 14h30 : les listes de classes seront affich\u00e9es, les \u00e9l\u00e8ves se rangeront devant la liste et seront pris en charge par leurs professeurs principaux respectifsFin 16h30\n\n\n\n\n\nLe mardi 2 septembre 2025, les cours se d\u00e9rouleront normalement selon l\u2019emploi du temps qui aura \u00e9t\u00e9 distribu\u00e9 aux \u00e9l\u00e8ves.\n\n\n\n\n\n\n\nLes listes de fournitures scolaires :\n\n\n\nClasses de g\u00e9n\u00e9rale : 6e \/ 5e \/ 4e \/ 3e \/ ULIS\n\n\n\nClasses de 6e SEGPA \/ 5e SEGPA \/ 4e SEGPA \/ 3e SEGPA\n\n\n\nPr\u00e9parer sa rentr\u00e9e au coll\u00e8ge<\/span><span style=\"margin-left:3px; max-height:2.8em\" class=\"line_limit\"> [...]<\/span><\/a><span class=\"custom_fields\">\n<!-- WPLP Unknown field: Custom_Fields -->\n<\/span><a href=\"https:\/\/vtest1.college-lapierre.fr\/?page_id=8977\"  class=\"read-more\">Lire la suite\u2026<\/a><\/div><\/div><\/div><\/div><div class=\"swiper-slide\" style=\"\"><div class=\"insideframe\"><div id=\"wplp_box_top_8883_10428\" class=\"wpcu-front-box top equalHeightImg\" ><div class=\"wplp-box-item\"><a href=\"https:\/\/vtest1.college-lapierre.fr\/?page_id=10428\"  class=\"thumbnail\"><span class=\"img_cropper\" style=\"margin-right:4px;margin-bottom:4px;max-width:100%;\"><img decoding=\"async\" src=\"https:\/\/vtest1.college-lapierre.fr\/wp-content\/uploads\/2024\/05\/radio_image3-300x200.png\" style=\"aspect-ratio:4\/3;\" srcset=\"\" alt=\"Projet \u00ab\u00a0RADIO\u00a0\u00bb\" class=\"swiper-lazy wplp_thumb\" \/><div class=\"swiper-lazy-preloader\"><\/div><\/span><\/a><a href=\"https:\/\/vtest1.college-lapierre.fr\/?page_id=10428\"  class=\"title\">Projet \u00ab\u00a0RADIO\u00a0\u00bb<\/a><\/div><\/div><div id=\"wplp_box_left_8883_10428\" class=\"wpcu-front-box left wpcu-custom-position\" ><div class=\"wplp-box-item\"><\/div><\/div><div id=\"wplp_box_right_8883_10428\" class=\"wpcu-front-box right wpcu-custom-position\" ><div class=\"wplp-box-item\"><\/div><\/div><div id=\"wplp_box_bottom_8883_10428\" class=\"wpcu-front-box bottom \" ><div class=\"wplp-box-item\"><a href=\"https:\/\/vtest1.college-lapierre.fr\/?page_id=10428\"  class=\"author\">PJ CABANEL<\/a><a href=\"https:\/\/vtest1.college-lapierre.fr\/?page_id=10428\"  class=\"date\">mai 2, 2024<\/a><div class=\"category\"><a href=\"https:\/\/vtest1.college-lapierre.fr\/?cat=54\" title=\"View all posts in Les Projets\">Les Projets<\/a> \/ <a href=\"https:\/\/vtest1.college-lapierre.fr\/?cat=38\" title=\"View all posts in PEDAGOGIE\">PEDAGOGIE<\/a><\/div><a href=\"https:\/\/vtest1.college-lapierre.fr\/?page_id=10428\"  class=\"text\"><span style=\"max-height:2.8em\" class=\"line_limit\">Vous retrouverez ici les podcasts enregistr\u00e9s par les \u00e9l\u00e8ves du coll\u00e8ge LAPIERRE\n\n\n\n\n\n\nRadio Lapierre : Jean nous parle de la nouvelle cour !par JC. COURDE24\/02\/2026\nDans les coulisses de la choralepar JC. COURDE09\/04\/2025Avant leur d\u00e9part au Futuroscope, les \u00e9l\u00e8ves de la chorale du coll\u00e8ge Lapierre ont fait une ultime r\u00e9p\u00e9titions, conduits par M. Ricquebourg. Anna et Esteban, de l&rsquo;atelier radio, ont pu assister \u00e0 ce travail et en ont capt\u00e9 quelques instants. Bonne \u00e9coute !<\/span><span style=\"margin-left:3px; max-height:2.8em\" class=\"line_limit\"> [...]<\/span><\/a><span class=\"custom_fields\">\n<!-- WPLP Unknown field: Custom_Fields -->\n<\/span><a href=\"https:\/\/vtest1.college-lapierre.fr\/?page_id=10428\"  class=\"read-more\">Lire la suite\u2026<\/a><\/div><\/div><\/div><\/div><div class=\"swiper-slide\" style=\"\"><div class=\"insideframe\"><div id=\"wplp_box_top_8883_10392\" class=\"wpcu-front-box top equalHeightImg\" ><div class=\"wplp-box-item\"><a href=\"https:\/\/vtest1.college-lapierre.fr\/?page_id=10392\"  class=\"thumbnail\"><span class=\"img_cropper\" style=\"margin-right:4px;margin-bottom:4px;max-width:100%;\"><img decoding=\"async\" src=\"https:\/\/vtest1.college-lapierre.fr\/wp-content\/uploads\/2024\/04\/soltea-300x86.jpg\" style=\"aspect-ratio:4\/3;\" srcset=\"\" alt=\"Taxe d&rsquo;apprentissage\" class=\"swiper-lazy wplp_thumb\" \/><div class=\"swiper-lazy-preloader\"><\/div><\/span><\/a><a href=\"https:\/\/vtest1.college-lapierre.fr\/?page_id=10392\"  class=\"title\">Taxe d&rsquo;apprentissage<\/a><\/div><\/div><div id=\"wplp_box_left_8883_10392\" class=\"wpcu-front-box left wpcu-custom-position\" ><div class=\"wplp-box-item\"><\/div><\/div><div id=\"wplp_box_right_8883_10392\" class=\"wpcu-front-box right wpcu-custom-position\" ><div class=\"wplp-box-item\"><\/div><\/div><div id=\"wplp_box_bottom_8883_10392\" class=\"wpcu-front-box bottom \" ><div class=\"wplp-box-item\"><a href=\"https:\/\/vtest1.college-lapierre.fr\/?page_id=10392\"  class=\"author\">PJ CABANEL<\/a><a href=\"https:\/\/vtest1.college-lapierre.fr\/?page_id=10392\"  class=\"date\">avril 8, 2024<\/a><div class=\"category\"><a href=\"https:\/\/vtest1.college-lapierre.fr\/?cat=52\" title=\"View all posts in GESTION\">GESTION<\/a> \/ <a href=\"https:\/\/vtest1.college-lapierre.fr\/?cat=12\" title=\"View all posts in LE COLLEGE\">LE COLLEGE<\/a> \/ <a href=\"https:\/\/vtest1.college-lapierre.fr\/?cat=24\" title=\"View all posts in PARENTS D'ELEVES\">PARENTS D'ELEVES<\/a> \/ <a href=\"https:\/\/vtest1.college-lapierre.fr\/?cat=19\" title=\"View all posts in SEGPA\">SEGPA<\/a><\/div><a href=\"https:\/\/vtest1.college-lapierre.fr\/?page_id=10392\"  class=\"text\"><span style=\"max-height:2.8em\" class=\"line_limit\">Le coll\u00e8ge Georges LAPIERRE est habilit\u00e9 \u00e0 percevoir le solde de la taxe d&rsquo;apprentissage.\n\n\n\nIl est d&rsquo;ailleurs le seul coll\u00e8ge class\u00e9 en REP+ (R\u00e9seau d&rsquo;Education Prioritaire +) de l&rsquo;acad\u00e9mie de Bordeaux \u00e0 pouvoir percevoir ce solde.\n\n\n\n\n\nLes entreprises doivent faire la d\u00e9marchent de s\u00e9lectionner le coll\u00e8ge G. LAPIERRE                                         (UAI : 0331619F)                                   pour fl\u00e9cher tout ou partie de ce solde vers notre \u00e9tablissement.\n\n\n\nSOLT\u00e9A, plateforme du solde de la taxe d&rsquo;apprentissage | SOLT\u00e9A, plateforme de r\u00e9partition du solde de la taxe d\u2019apprentissage (education.gouv.fr)\n\n\n\n\n\n\n\n\n\nD\u00e9sormais les entreprises qui souhaitent aider le coll\u00e8ge dans le d\u00e9veloppement des actions et projets li\u00e9s \u00e0 la formation professionnelle doivent passer par la nouvelle plateforme SOLT\u00e9A .(https:\/\/www.soltea.education.gouv.fr\/espace-public\/soltea-plateforme-employeurs-solde-taxe-apprentissage).\n\n\n\n\n\n\n\n\n\n\n\n\n\n\n\n\n\nSolde de la taxe d&rsquo;apprentissage : employeurs, comment d\u00e9signer les \u00e9tablissements auxquels celui-ci doit \u00eatre vers\u00e9 ?\n\n\n\nSuite \u00e0 leur d\u00e9claration en DSN, les employeurs redevables du solde de la taxe d\u2019apprentissage peuvent se connecter \u00e0 la plateforme SOLT\u00e9A pour affecter tout ou partie du solde de leur taxe d\u2019apprentissage \u00e0 un ou plusieurs \u00e9tablissements habilit\u00e9s jusqu\u2019en septembre. La connexion s\u2019effectue par l\u2019interm\u00e9diaire de Net-entreprises.\n\n\n\nLe choix de r\u00e9partition des employeurs sur la plateforme peut se faire \u00e0 trois \u00e9chelles diff\u00e9rentes&nbsp;:\n\n\n\n\nvers un ou plusieurs \u00e9tablissements\u00a0\n\n\n\n\nPour acc\u00e9der \u00e0 la plateforme Solt\u00e9a&nbsp;:&nbsp;SOLT\u00e9A, plateforme du solde de la taxe d&rsquo;apprentissage | SOLT\u00e9A, plateforme de r\u00e9partition du solde de la taxe d\u2019apprentissage (education.gouv.fr)\n\n\n\nTaxe d&rsquo;apprentissage : comment la payer ?\n\n\n\nDepuis&nbsp;janvier 2022, la collecte de la taxe d&rsquo;apprentissage et de la CSA n&rsquo;est plus g\u00e9r\u00e9e par les&nbsp;Opco&nbsp;(op\u00e9rateurs de comp\u00e9tences), mais l&rsquo;Urssaf.\n\n\n\nEn savoir plus sur les modalit\u00e9s de paiement de la taxe d&rsquo;apprentissage<\/span><span style=\"margin-left:3px; max-height:2.8em\" class=\"line_limit\"> [...]<\/span><\/a><span class=\"custom_fields\">\n<!-- WPLP Unknown field: Custom_Fields -->\n<\/span><a href=\"https:\/\/vtest1.college-lapierre.fr\/?page_id=10392\"  class=\"read-more\">Lire la suite\u2026<\/a><\/div><\/div><\/div><\/div><div class=\"swiper-slide\" style=\"\"><div class=\"insideframe\"><div id=\"wplp_box_top_8883_10373\" class=\"wpcu-front-box top equalHeightImg\" ><div class=\"wplp-box-item\"><a href=\"https:\/\/vtest1.college-lapierre.fr\/?page_id=10373\"  class=\"thumbnail\"><span class=\"img_cropper\" style=\"margin-right:4px;margin-bottom:4px;max-width:100%;\"><img decoding=\"async\" src=\"https:\/\/vtest1.college-lapierre.fr\/wp-content\/plugins\/wp-latest-posts\/img\/default-image.svg\" style=\"aspect-ratio:4\/3;\" srcset=\"\" alt=\"Stages de r\u00e9ussite -Coll\u00e8ge Georges LAPIERRE\"  class=\"swiper-lazy wplp_default\" \/><div class=\"swiper-lazy-preloader\"><\/div><\/span><\/a><a href=\"https:\/\/vtest1.college-lapierre.fr\/?page_id=10373\"  class=\"title\">Stages de r\u00e9ussite -Coll\u00e8ge Georges LAPIERRE<\/a><\/div><\/div><div id=\"wplp_box_left_8883_10373\" class=\"wpcu-front-box left wpcu-custom-position\" ><div class=\"wplp-box-item\"><\/div><\/div><div id=\"wplp_box_right_8883_10373\" class=\"wpcu-front-box right wpcu-custom-position\" ><div class=\"wplp-box-item\"><\/div><\/div><div id=\"wplp_box_bottom_8883_10373\" class=\"wpcu-front-box bottom \" ><div class=\"wplp-box-item\"><a href=\"https:\/\/vtest1.college-lapierre.fr\/?page_id=10373\"  class=\"author\">PJ CABANEL<\/a><a href=\"https:\/\/vtest1.college-lapierre.fr\/?page_id=10373\"  class=\"date\">mars 28, 2024<\/a><a href=\"https:\/\/vtest1.college-lapierre.fr\/?page_id=10373\"  class=\"text\"><span style=\"max-height:2.8em\" class=\"line_limit\">Stage de r\u00e9ussite &#8211; Coll\u00e8ge Georges LAPIERRE- Lormont\n\n\n\nMadame, Monsieur,\n\n\n\nL&rsquo;inscription de votre enfant au stage de r\u00e9ussite du coll\u00e8ge Lapierre a bien \u00e9t\u00e9 enregistr\u00e9e.\n\n\n\nL&rsquo;\u00e9quipe de Direction\n\n\n\nColl\u00e8ge Georges LAPIERRE &#8211; Lormont<\/span><span style=\"margin-left:3px; max-height:2.8em\" class=\"line_limit\"> [...]<\/span><\/a><span class=\"custom_fields\">\n<!-- WPLP Unknown field: Custom_Fields -->\n<\/span><a href=\"https:\/\/vtest1.college-lapierre.fr\/?page_id=10373\"  class=\"read-more\">Lire la suite\u2026<\/a><\/div><\/div><\/div><\/div><div class=\"swiper-slide\" style=\"\"><div class=\"insideframe\"><div id=\"wplp_box_top_8883_9980\" class=\"wpcu-front-box top equalHeightImg\" ><div class=\"wplp-box-item\"><a href=\"https:\/\/vtest1.college-lapierre.fr\/?page_id=9980\"  class=\"thumbnail\"><span class=\"img_cropper\" style=\"margin-right:4px;margin-bottom:4px;max-width:100%;\"><img decoding=\"async\" src=\"https:\/\/vtest1.college-lapierre.fr\/wp-content\/plugins\/wp-latest-posts\/img\/default-image.svg\" style=\"aspect-ratio:4\/3;\" srcset=\"\" alt=\"Les Projets\"  class=\"swiper-lazy wplp_default\" \/><div class=\"swiper-lazy-preloader\"><\/div><\/span><\/a><a href=\"https:\/\/vtest1.college-lapierre.fr\/?page_id=9980\"  class=\"title\">Les Projets<\/a><\/div><\/div><div id=\"wplp_box_left_8883_9980\" class=\"wpcu-front-box left wpcu-custom-position\" ><div class=\"wplp-box-item\"><\/div><\/div><div id=\"wplp_box_right_8883_9980\" class=\"wpcu-front-box right wpcu-custom-position\" ><div class=\"wplp-box-item\"><\/div><\/div><div id=\"wplp_box_bottom_8883_9980\" class=\"wpcu-front-box bottom \" ><div class=\"wplp-box-item\"><a href=\"https:\/\/vtest1.college-lapierre.fr\/?page_id=9980\"  class=\"author\">PJ CABANEL<\/a><a href=\"https:\/\/vtest1.college-lapierre.fr\/?page_id=9980\"  class=\"date\">octobre 20, 2023<\/a><div class=\"category\"><a href=\"https:\/\/vtest1.college-lapierre.fr\/?cat=54\" title=\"View all posts in Les Projets\">Les Projets<\/a><\/div><a href=\"https:\/\/vtest1.college-lapierre.fr\/?page_id=9980\"  class=\"text\"><span style=\"max-height:2.8em\" class=\"line_limit\">A la d\u00e9couverte des sciences humainespar DEMOUY NATHALIE02\/12\/2025Les \u00e9l\u00e8ves du Parcours Excellence ont rencontr\u00e9 la sociologue Jessica Brandler \u00ab\u00a0Les enfants ne sont pas de \u00ab\u00a0futurs\u00a0\u00bb citoyens, mais bien des citoyens \u00e0 part enti\u00e8re. Chacun, quel que soit son \u00e2ge, participe \u00e0 la vie de la cit\u00e9\u00a0\u00bb Mardi 25 novembre, nous avons rencontr\u00e9 au CDI la sociologue Jessica Brandler, chercheuse associ\u00e9e au Centre&#8230;Read More &ldquo;A la d\u00e9couverte des sciences humaines&rdquo; &raquo;\nCross de Lormont pour les 5\u00e8mespar R. MARGAT30\/11\/2025Ce vendredi 28 novembre avait lieu le traditionnel cross des 5\u00e8mes au bois fleuri. C&rsquo;est 3 modalit\u00e9s de course qui \u00e9taient propos\u00e9es cette ann\u00e9e aux \u00e9l\u00e8ves afin de permettre \u00e0 chacun de s&rsquo;\u00e9panouir dans ce moment convivial. Une forme inclusive pour les 5\u00e8mes Ursa Major et les 5\u00e8mes Vela avec l&rsquo;IME (institut m\u00e9dico-\u00e9ducatif) Chateau Terrien,&#8230;Read More &ldquo;Cross de Lormont pour les 5\u00e8mes&rdquo; &raquo;\nPlastique \u00e0 la loupe \u00e0 la r\u00e9serve naturelle de Brugespar R. MARGAT30\/11\/2025Dans le cadre de l&rsquo;\u00e9ducation  au d\u00e9veloppement durable, 2 classes de 4\u00e8me participent au projet \u00ab\u00a0Plastique \u00e0 la loupe\u00a0\u00bb propos\u00e9 par l&rsquo;association Tara Ocean. Ce projet vise \u00e0 pr\u00e9lever et analyser la pr\u00e9sence de plastique dans les sols afin d&rsquo;en \u00e9tudier la quantit\u00e9 et la composition. C&rsquo;est \u00e0 la r\u00e9serve naturelle de Bruges que des pr\u00e9l\u00e8vements ont donc \u00e9t\u00e9 r\u00e9alis\u00e9s par les \u00e9l\u00e8ves de 4\u00e8me Jacobs et Germain.\nA l&rsquo;honneur, sur le site internet du d\u00e9partement et dans Gironde Magpar PJ CABANEL14\/11\/2025Le projet d&rsquo;accompagnement num\u00e9rique mis en place dans notre coll\u00e8ge est \u00e0 la UNE du site internet du d\u00e9partement (https:\/\/www.gironde.fr\/). Madame DEMOUY et Monsieur SANCHEZ ont \u00e9t\u00e9 interview\u00e9s en d\u00e9but d&rsquo;ann\u00e9e pour pr\u00e9senter le travail qu&rsquo;ils proposent aux \u00e9l\u00e8ves de l&rsquo;\u00e9tablissement.\nVente de sweat \u00e0 capuche du coll\u00e8gepar PJ CABANEL07\/11\/2025Comme vous \u00eates nombreux \u00e0 nous l&rsquo;avoir demand\u00e9, le pull du coll\u00e8ge fait son grand retour pour l&rsquo;ann\u00e9e 2025-2026 !Cette ann\u00e9e, il sera de couleur Bordeaux comme sur l&rsquo;image ci-dessous. Le prix est toujours le m\u00eame : 26 euros.Les b\u00e9n\u00e9fices de cette vente de pulls sont vers\u00e9s au FSE qui aide \u00e0 financer les divers&#8230;Read More &ldquo;Vente de sweat \u00e0 capuche du coll\u00e8ge&rdquo; &raquo;<\/span><span style=\"margin-left:3px; max-height:2.8em\" class=\"line_limit\"> [...]<\/span><\/a><span class=\"custom_fields\">\n<!-- WPLP Unknown field: Custom_Fields -->\n<\/span><a href=\"https:\/\/vtest1.college-lapierre.fr\/?page_id=9980\"  class=\"read-more\">Lire la suite\u2026<\/a><\/div><\/div><\/div><\/div><div class=\"swiper-slide\" style=\"\"><div class=\"insideframe\"><div id=\"wplp_box_top_8883_9847\" class=\"wpcu-front-box top equalHeightImg\" ><div class=\"wplp-box-item\"><a href=\"https:\/\/vtest1.college-lapierre.fr\/?page_id=9847\"  class=\"thumbnail\"><span class=\"img_cropper\" style=\"margin-right:4px;margin-bottom:4px;max-width:100%;\"><img decoding=\"async\" src=\"https:\/\/vtest1.college-lapierre.fr\/wp-content\/uploads\/2024\/09\/Bourses-24-25-300x168.webp\" style=\"aspect-ratio:4\/3;\" srcset=\"\" alt=\"BOURSES NATIONALES COLLEGE 2024-2025\" class=\"swiper-lazy wplp_thumb\" \/><div class=\"swiper-lazy-preloader\"><\/div><\/span><\/a><a href=\"https:\/\/vtest1.college-lapierre.fr\/?page_id=9847\"  class=\"title\">BOURSES NATIONALES COLLEGE 2024-2025<\/a><\/div><\/div><div id=\"wplp_box_left_8883_9847\" class=\"wpcu-front-box left wpcu-custom-position\" ><div class=\"wplp-box-item\"><\/div><\/div><div id=\"wplp_box_right_8883_9847\" class=\"wpcu-front-box right wpcu-custom-position\" ><div class=\"wplp-box-item\"><\/div><\/div><div id=\"wplp_box_bottom_8883_9847\" class=\"wpcu-front-box bottom \" ><div class=\"wplp-box-item\"><a href=\"https:\/\/vtest1.college-lapierre.fr\/?page_id=9847\"  class=\"author\">PJ CABANEL<\/a><a href=\"https:\/\/vtest1.college-lapierre.fr\/?page_id=9847\"  class=\"date\">septembre 4, 2023<\/a><div class=\"category\"><a href=\"https:\/\/vtest1.college-lapierre.fr\/?cat=36\" title=\"View all posts in Bourse des coll\u00e8ges\">Bourse des coll\u00e8ges<\/a> \/ <a href=\"https:\/\/vtest1.college-lapierre.fr\/?cat=52\" title=\"View all posts in GESTION\">GESTION<\/a> \/ <a href=\"https:\/\/vtest1.college-lapierre.fr\/?cat=24\" title=\"View all posts in PARENTS D'ELEVES\">PARENTS D'ELEVES<\/a><\/div><a href=\"https:\/\/vtest1.college-lapierre.fr\/?page_id=9847\"  class=\"text\"><span style=\"max-height:2.8em\" class=\"line_limit\">Vous trouverez sur cette page des informations et tutoriels pour vous connecter \u00e0 Educonnect et effectuer votre demande de bourses.\n\n\n\nAttention ! Une seule demande par enfant.\n\n\n\nSeul un responsable par enfant peut effectuer la demande de Bourse.\n\n\n\n\nPour toute difficult\u00e9 de connexion, n&rsquo;h\u00e9sitez pas \u00e0 contacter le coll\u00e8ge (05 57 80 10 25, touche 4 ou connexion@college-lapierre.fr) si vous n&rsquo;avez pas r\u00e9ussi \u00e0 valider votre demande de Bourse \u00e0 l&rsquo;aide des information ci-dessous.\n\n\n\n\n\n\n\n\nPour commencer, vous devez vous munir de vos codes Educonnect. Ils vous ont \u00e9t\u00e9 envoy\u00e9s par courriel ou ont \u00e9t\u00e9 distribu\u00e9s \u00e0 votre enfant si le coll\u00e8ge n&rsquo;a pas d&rsquo;adresse courriel renseign\u00e9e vous concernant.\n\n\n\nLien Educonnect : https:\/\/educonnect.education.gouv.fr\/\n\n\n\n\nUne fois votre compte Educonnect activ\u00e9 (n&rsquo;oubliez pas de finaliser l&rsquo;activation de votre compte en cliquant sur le lien que vous avez recevrez par courriel une fois votre mot de passe cr\u00e9\u00e9).\n\n\n\nVous pouvez effectuer votre demande de Bourse (voir tutoriel ci-dessous).\n\n\n\n\n\nATTENTION : la demande de Bourse ne \u00eatre effectuer que par 1 seul responsable (celui qui a la charge des enfants sur son avis d&rsquo;imposition).\n\n\n\n\n\n\n\n\nUn tutoriel pour la cr\u00e9ation de son compte Educonnect avec votre num\u00e9ro de t\u00e9l\u00e9phone portable :\n\n\n\n\n\n\n\n\n\nIl est \u00e9galement possible de se connecter \u00e0 Educonnect  avec France Connect :\n\n\n\n\n\n\n\n\nUn tutoriel pour effectuer pour effectuer votre demande de Bourses nationales coll\u00e8ge 2023-2024 :<\/span><span style=\"margin-left:3px; max-height:2.8em\" class=\"line_limit\"> [...]<\/span><\/a><span class=\"custom_fields\">\n<!-- WPLP Unknown field: Custom_Fields -->\n<\/span><a href=\"https:\/\/vtest1.college-lapierre.fr\/?page_id=9847\"  class=\"read-more\">Lire la suite\u2026<\/a><\/div><\/div><\/div><\/div><div class=\"swiper-slide\" style=\"\"><div class=\"insideframe\"><div id=\"wplp_box_top_8883_9839\" class=\"wpcu-front-box top equalHeightImg\" ><div class=\"wplp-box-item\"><a href=\"https:\/\/vtest1.college-lapierre.fr\/?page_id=9839\"  class=\"thumbnail\"><span class=\"img_cropper\" style=\"margin-right:4px;margin-bottom:4px;max-width:100%;\"><img decoding=\"async\" src=\"https:\/\/vtest1.college-lapierre.fr\/wp-content\/plugins\/wp-latest-posts\/img\/default-image.svg\" style=\"aspect-ratio:4\/3;\" srcset=\"\" alt=\"Stages de r\u00e9ussite (Vacances scolaires)\"  class=\"swiper-lazy wplp_default\" \/><div class=\"swiper-lazy-preloader\"><\/div><\/span><\/a><a href=\"https:\/\/vtest1.college-lapierre.fr\/?page_id=9839\"  class=\"title\">Stages de r\u00e9ussite (Vacances scolaires)<\/a><\/div><\/div><div id=\"wplp_box_left_8883_9839\" class=\"wpcu-front-box left wpcu-custom-position\" ><div class=\"wplp-box-item\"><\/div><\/div><div id=\"wplp_box_right_8883_9839\" class=\"wpcu-front-box right wpcu-custom-position\" ><div class=\"wplp-box-item\"><\/div><\/div><div id=\"wplp_box_bottom_8883_9839\" class=\"wpcu-front-box bottom \" ><div class=\"wplp-box-item\"><a href=\"https:\/\/vtest1.college-lapierre.fr\/?page_id=9839\"  class=\"author\">PJ CABANEL<\/a><a href=\"https:\/\/vtest1.college-lapierre.fr\/?page_id=9839\"  class=\"date\">septembre 4, 2023<\/a><div class=\"category\"><a href=\"https:\/\/vtest1.college-lapierre.fr\/?cat=49\" title=\"View all posts in Stages de r\u00e9ussites (vacances scolaires)\">Stages de r\u00e9ussites (vacances scolaires)<\/a><\/div><a href=\"https:\/\/vtest1.college-lapierre.fr\/?page_id=9839\"  class=\"text\"><span style=\"max-height:2.8em\" class=\"line_limit\">ENGLISH FACILITY !\nStage de r\u00e9ussite 15 et 16 avril 2024\nDessins anim\u00e9s ! \u00c9cole ouverte, ao\u00fbt 2023\nEcritures de sc\u00e9nettes de th\u00e9\u00e2tre, fran\u00e7ais, \u00e9cole ouverte, ao\u00fbt 2023.<\/span><span style=\"margin-left:3px; max-height:2.8em\" class=\"line_limit\"> [...]<\/span><\/a><span class=\"custom_fields\">\n<!-- WPLP Unknown field: Custom_Fields -->\n<\/span><a href=\"https:\/\/vtest1.college-lapierre.fr\/?page_id=9839\"  class=\"read-more\">Lire la suite\u2026<\/a><\/div><\/div><\/div><\/div><div class=\"swiper-slide\" style=\"\"><div class=\"insideframe\"><div id=\"wplp_box_top_8883_9737\" class=\"wpcu-front-box top equalHeightImg\" ><div class=\"wplp-box-item\"><a href=\"https:\/\/vtest1.college-lapierre.fr\/?page_id=9737\"  class=\"thumbnail\"><span class=\"img_cropper\" style=\"margin-right:4px;margin-bottom:4px;max-width:100%;\"><img decoding=\"async\" src=\"https:\/\/vtest1.college-lapierre.fr\/wp-content\/plugins\/wp-latest-posts\/img\/default-image.svg\" style=\"aspect-ratio:4\/3;\" srcset=\"\" alt=\"MENUS du restaurant scolaire :\"  class=\"swiper-lazy wplp_default\" \/><div class=\"swiper-lazy-preloader\"><\/div><\/span><\/a><a href=\"https:\/\/vtest1.college-lapierre.fr\/?page_id=9737\"  class=\"title\">MENUS du restaurant scolaire :<\/a><\/div><\/div><div id=\"wplp_box_left_8883_9737\" class=\"wpcu-front-box left wpcu-custom-position\" ><div class=\"wplp-box-item\"><\/div><\/div><div id=\"wplp_box_right_8883_9737\" class=\"wpcu-front-box right wpcu-custom-position\" ><div class=\"wplp-box-item\"><\/div><\/div><div id=\"wplp_box_bottom_8883_9737\" class=\"wpcu-front-box bottom \" ><div class=\"wplp-box-item\"><a href=\"https:\/\/vtest1.college-lapierre.fr\/?page_id=9737\"  class=\"author\">PJ CABANEL<\/a><a href=\"https:\/\/vtest1.college-lapierre.fr\/?page_id=9737\"  class=\"date\">juillet 15, 2023<\/a><div class=\"category\"><a href=\"https:\/\/vtest1.college-lapierre.fr\/?cat=47\" title=\"View all posts in Menus\">Menus<\/a><\/div><a href=\"https:\/\/vtest1.college-lapierre.fr\/?page_id=9737\"  class=\"text\"><span style=\"max-height:2.8em\" class=\"line_limit\">Vous trouverez ici les menus des repas propos\u00e9s au restaurant scolaire du coll\u00e8ge :<\/span><span style=\"margin-left:3px; max-height:2.8em\" class=\"line_limit\"> [...]<\/span><\/a><span class=\"custom_fields\">\n<!-- WPLP Unknown field: Custom_Fields -->\n<\/span><a href=\"https:\/\/vtest1.college-lapierre.fr\/?page_id=9737\"  class=\"read-more\">Lire la suite\u2026<\/a><\/div><\/div><\/div><\/div><div class=\"swiper-slide\" style=\"\"><div class=\"insideframe\"><div id=\"wplp_box_top_8883_8954\" class=\"wpcu-front-box top equalHeightImg\" ><div class=\"wplp-box-item\"><a href=\"https:\/\/vtest1.college-lapierre.fr\/?page_id=8954\"  class=\"thumbnail\"><span class=\"img_cropper\" style=\"margin-right:4px;margin-bottom:4px;max-width:100%;\"><img decoding=\"async\" src=\"https:\/\/vtest1.college-lapierre.fr\/wp-content\/plugins\/wp-latest-posts\/img\/default-image.svg\" style=\"aspect-ratio:4\/3;\" srcset=\"\" alt=\"D\u00e9couverte professionnelle\"  class=\"swiper-lazy wplp_default\" \/><div class=\"swiper-lazy-preloader\"><\/div><\/span><\/a><a href=\"https:\/\/vtest1.college-lapierre.fr\/?page_id=8954\"  class=\"title\">D\u00e9couverte professionnelle<\/a><\/div><\/div><div id=\"wplp_box_left_8883_8954\" class=\"wpcu-front-box left wpcu-custom-position\" ><div class=\"wplp-box-item\"><\/div><\/div><div id=\"wplp_box_right_8883_8954\" class=\"wpcu-front-box right wpcu-custom-position\" ><div class=\"wplp-box-item\"><\/div><\/div><div id=\"wplp_box_bottom_8883_8954\" class=\"wpcu-front-box bottom \" ><div class=\"wplp-box-item\"><a href=\"https:\/\/vtest1.college-lapierre.fr\/?page_id=8954\"  class=\"author\">PJ CABANEL<\/a><a href=\"https:\/\/vtest1.college-lapierre.fr\/?page_id=8954\"  class=\"date\">juillet 13, 2023<\/a><div class=\"category\"><a href=\"https:\/\/vtest1.college-lapierre.fr\/?cat=42\" title=\"View all posts in D\u00e9couverte professionnelle\">D\u00e9couverte professionnelle<\/a><\/div><a href=\"https:\/\/vtest1.college-lapierre.fr\/?page_id=8954\"  class=\"text\"><span style=\"max-height:2.8em\" class=\"line_limit\">ORIENTATION : ressources vid\u00e9os\nSemaine du 23 au 27 mars 2026\u00a0: l\u2019Education aux M\u00e9dias et \u00e0 l\u2019Information (EMI) \u00e0 l\u2019honneur au Coll\u00e8ge Lapierre\nM\u00e9daille d&rsquo;argent au championnat acad\u00e9mique !\nRadio Lapierre : Jean nous parle de la nouvelle cour !\nLes 3e Dune simulent leur proc\u00e8s au tribunal de Bordeaux<\/span><span style=\"margin-left:3px; max-height:2.8em\" class=\"line_limit\"> [...]<\/span><\/a><span class=\"custom_fields\">\n<!-- WPLP Unknown field: Custom_Fields -->\n<\/span><a href=\"https:\/\/vtest1.college-lapierre.fr\/?page_id=8954\"  class=\"read-more\">Lire la suite\u2026<\/a><\/div><\/div><\/div><\/div><div class=\"swiper-slide\" style=\"\"><div class=\"insideframe\"><div id=\"wplp_box_top_8883_8950\" class=\"wpcu-front-box top equalHeightImg\" ><div class=\"wplp-box-item\"><a href=\"https:\/\/vtest1.college-lapierre.fr\/?page_id=8950\"  class=\"thumbnail\"><span class=\"img_cropper\" style=\"margin-right:4px;margin-bottom:4px;max-width:100%;\"><img decoding=\"async\" src=\"https:\/\/vtest1.college-lapierre.fr\/wp-content\/plugins\/wp-latest-posts\/img\/default-image.svg\" style=\"aspect-ratio:4\/3;\" srcset=\"\" alt=\"Histoire\/G\u00e9ographie\/EMC\"  class=\"swiper-lazy wplp_default\" \/><div class=\"swiper-lazy-preloader\"><\/div><\/span><\/a><a href=\"https:\/\/vtest1.college-lapierre.fr\/?page_id=8950\"  class=\"title\">Histoire\/G\u00e9ographie\/EMC<\/a><\/div><\/div><div id=\"wplp_box_left_8883_8950\" class=\"wpcu-front-box left wpcu-custom-position\" ><div class=\"wplp-box-item\"><\/div><\/div><div id=\"wplp_box_right_8883_8950\" class=\"wpcu-front-box right wpcu-custom-position\" ><div class=\"wplp-box-item\"><\/div><\/div><div id=\"wplp_box_bottom_8883_8950\" class=\"wpcu-front-box bottom \" ><div class=\"wplp-box-item\"><a href=\"https:\/\/vtest1.college-lapierre.fr\/?page_id=8950\"  class=\"author\">PJ CABANEL<\/a><a href=\"https:\/\/vtest1.college-lapierre.fr\/?page_id=8950\"  class=\"date\">juillet 13, 2023<\/a><div class=\"category\"><a href=\"https:\/\/vtest1.college-lapierre.fr\/?cat=41\" title=\"View all posts in Histoire\/G\u00e9ographie\/EMC\">Histoire\/G\u00e9ographie\/EMC<\/a><\/div><a href=\"https:\/\/vtest1.college-lapierre.fr\/?page_id=8950\"  class=\"text\"><span style=\"max-height:2.8em\" class=\"line_limit\">Semaine du collectif : 06 au 10 octobre 2025par PJ CABANEL02\/10\/2025\n\n\nRallye Citoyen &#8211; Camp de Sougepar PJ CABANEL16\/05\/2025\nJeudi 15\/05\/2025, 12 \u00e9l\u00e8ves de 3e du coll\u00e8ge LAPIERRE se sont retrouv\u00e9s \u00e0 6h du matin \u00e0 la station de tramway de La Butini\u00e8re pour participer au Rallye citoyen au Camp de Souge (Camp militaire de l&rsquo;arm\u00e9e de Terre situ\u00e9 \u00e0 Martignas sur Jalles).\n\n\n\nLes \u00e9l\u00e8ves ont vaillamment d\u00e9fendu les couleurs du coll\u00e8ge sur 14 stands tout au long de la journ\u00e9e.\n\n\n\nNous pouvons \u00eatre fiers de l&rsquo;engagement, la solidarit\u00e9, l&rsquo;esprit d&rsquo;\u00e9quipe dont ils ont fait preuve.\n\n\n\n\n\n\n\nMobilisant aussi bien leur culture g\u00e9n\u00e9ralise que leur physique, ils ont su s&rsquo;organiser rapidement dans les diff\u00e9rentes activit\u00e9s propos\u00e9es. Ils ont donn\u00e9 une belle image du coll\u00e8ge.\n\n\n\n\n\n\n\n\n\n\n\n\n\n\n\n\n\n\n\n\n\n\n\n\n\n\n\n\n\n\n\nSpectacle Hwessi(n) Royales 14\/03par L. RUFFINO14\/03\/2025\nDes \u00e9l\u00e8ves de 4\u00e8me et de 3\u00e8me ont eu la chance d&rsquo;assister \u00e0 un spectacle de la Compagnie R\u00e9sonnances : une mise \u00e0 l&rsquo;honneur de femmes puissantes du B\u00e9nin. \n\n\n\n\n\n\n\nQuelques paroles d&rsquo;\u00e9l\u00e8ves \u00e0 la fin du spectacle : \n\n\n\n\u00ab\u00a0J&rsquo;ai ressenti de l&rsquo;admiration parce qu&rsquo;elle se met en danger, parce que c&rsquo;est une femme immigr\u00e9e et noire qui prend la parole pour d\u00e9noncer, s&rsquo;exprimer et mettre en avant son pays d&rsquo;origine le B\u00e9nin et d&rsquo;autres femmes\u00a0\u00bb In\u00e8s \n\n\n\n\u00ab\u00a0J&rsquo;ai ressenti de la curiosit\u00e9 parce que c&rsquo;\u00e9tait nouveau pour moi ce genre de spectacle\u00a0\u00bb Mehdi \n\n\n\n\u00ab\u00a0J&rsquo;ai retenu une le\u00e7on de vie. A un moment, le guitariste a dit qu&rsquo;il fallait prendre son r\u00eave comme un projet et tout donner pour le r\u00e9ussir. C&rsquo;est \u00e0 ce moment-l\u00e0 que j&rsquo;ai compris que chaque r\u00eave, chaque projet est r\u00e9alisable\u00a0\u00bb Antonin \n\n\n\n\u00ab\u00a0L&rsquo;artiste nous a parl\u00e9 des amazones, des gardes du corps du roi. Quand l&rsquo;arm\u00e9e masculine perdait les combats, elles prenaient leur place et gagnaient tous les combats. Ce sont des figures inspirantes\u00a0\u00bb Sana \n\nRenommons les salles de classe au f\u00e9mininpar L. RUFFINO12\/03\/2025\nPour la semaine des droits des femmes, nous avons d\u00e9cid\u00e9 de mettre \u00e0 l&rsquo;honneur un certain nombre de femmes inspirantes. \n\n\n\nNous avons renomm\u00e9 symboliquement chaque classe par une figure f\u00e9minine.\u00a0C&rsquo;est l&rsquo;occasion de d\u00e9couvrir le parcours de femmes politiques, scientifiques, militantes, exploratrices, sportives, autrices.  L\u2019objectif est de combattre ensemble l\u2019invisibilisation des femmes dans notre histoire et dans l\u2019espace public.\n\n\n\n\n\nSuper h\u00e9ro\u00efnes-h\u00e9roes : from angoul\u00e8me to Brussels !par C. SOULADIE25\/06\/2024\n\nhttps:\/\/vimeo.com\/968241089?share=copy\nProjet EAC-anglais-arts plastiques-Fan\u00e7ais-histoire-EMC-mobilit\u00e9Classes de 5eme Raoni et Surfrider2023\/2024\n\nLa brigade anti-sexistes pirate la sonneriepar L. RUFFINO13\/06\/2024\nVendredi 14 juin, la sonnerie du coll\u00e8ge sera modifi\u00e9e &#8230; ouvrez-vos oreilles &#8230; \n\n\n\n\n\n\n\n\n\n\n\n\n\n\n\n\n\n\n\n\n\n\n\n\n\n\n\n\n\n\n\n\n\nBravo aux 4\u00e8me Pizanpar L. RUFFINO04\/06\/2024\nLes 4\u00e8me Pizan ont r\u00e9alis\u00e9 cette ann\u00e9e un court-m\u00e9trage \u00ab\u00a0Libre et sans fers\u00a0\u00bb pour participer au concours la flamme de l\u2019\u00e9galit\u00e9. Ils sont les laur\u00e9ats de l\u2019acad\u00e9mie de Bordeaux dans la cat\u00e9gorie coll\u00e8ge. Les \u00e9l\u00e8ves ont re\u00e7u leur prix aujourd\u2019hui. Bravo pour leur travail et leur implication ! \n\n\n\n\n\n\n\n\n\n\n\nS\u00e9jour \u00e0 Bruxelles (avril 2024) : retour sur ce projet en interviewpar PJ CABANEL24\/05\/2024\n\n\n\n\n\n\n\n\n\n\n\n\n\n\nS\u00e9jour \u00e0 Bruxelles, 5epar PJ CABANEL09\/04\/2024\nLes \u00e9l\u00e8ves et les personnels accompagnant le s\u00e9jour \u00e0 Bruxelles se sont retrouv\u00e9s ce mardi 09 avril 2024 vers 8h du matin \u00e0 la gare Saint Jean de Bordeaux pour d\u00e9marrer leur p\u00e9riple de 3 jours dans la capitale belge. Ils poursuivent et finalisent ainsi un projet interclasses et interdisciplinaire (fran\u00e7ais, anglais, arts-plastiques, histoire et g\u00e9ographie) autour de la bande dessin\u00e9e.\n\n\n\nPremi\u00e8re \u00e9tape : Bordeaux \/ Paris Montparnasse en TGV.\n\n\n\n\n\n\n\n\n\nAidez le projet S\u00e9jours \u00e0 Bruxelles : partagez le lien vers la Trousse \u00e0 projetspar PJ CABANEL23\/11\/2023\/*! elementor &#8211; v3.17.0 &#8211; 08-11-2023 *\/\n.elementor-widget-image{text-align:center}.elementor-widget-image a{display:inline-block}.elementor-widget-image a img[src$=\u00a0\u00bb.svg\u00a0\u00bb]{width:48px}.elementor-widget-image img{vertical-align:middle;display:inline-block}\t\t\t\t\t\t\t\t\t\t\t\t\t\t\t\t\t\t\t\t\t\t\t\t\t\t\t\n\t\t\nBonjour,\n\n\nParents, personnels, professeurs, \u00e9l\u00e8ves&#8230;\n\n\nVous pouvez nous aider pour financer le projet \u00ab\u00a0Dans la peau d&rsquo;une h\u00e9ro\u00efne\/d&rsquo;un h\u00e9ros de BD d&rsquo;Angoul\u00eame \u00e0 Bruxelles.\u00a0\u00bb\n\n\nLe projet a \u00e9t\u00e9 s\u00e9lectionn\u00e9 par La Trousse \u00e0 projets qui permet de lancer une cagnotte afin de financer des projets p\u00e9dagogiques ambitieux pour les \u00e9l\u00e8ves.\n\n\nGr\u00e2ce au lien suivant, les entreprises et les particuliers pourront donner de l&rsquo;argent pour ce projet et ainsi diminuer la participation pour les \u00e9l\u00e8ves.\n\n\nLes dons ouvrent droit \u00e0 une d\u00e9duction fiscale \u00e0 hauteur de :\n\n\n\n60% du don effectu\u00e9 pour les entreprises (un don de 100\u20ac ne co\u00fbtera que 40\u20ac),\n\n\n66% du don effectu\u00e9 pour les particuliers (un don de 100\u20ac ne co\u00fbtera que 36\u20ac).\n\n\n\nhttps:\/\/trousseaprojets.fr\/projet\/7477-dans-la-peau-d-une-heroine-d-un-heros-de-bd-d-angouleme-a-bruxelles\n\n\nNous vous remercions pour le partage le plus large possible autour de vous de ce lien (entreprises, familles, proches, etc) et sur vos r\u00e9seaux sociaux pr\u00e9f\u00e9r\u00e9s. Nous comptons sur vous pour r\u00e9ussir \u00e0 obtenir l&rsquo;objectif fix\u00e9 par l&rsquo;\u00e9quipe.\n\n\nPour toute information compl\u00e9mentaire, vous pouvez contacter le coll\u00e8ge Georges Lapierre (poste 4) ou nous \u00e9crire \u00e0 s.segpa@college-lapierre.fr\n\n\nPierre-Jean CABANEL\n\n\npour l&rsquo;\u00e9quipe du projet \u00ab\u00a0Dans la peau d&rsquo;une h\u00e9ro\u00efne\/d&rsquo;un h\u00e9ros de BD d&rsquo;Angoul\u00eame \u00e0 Bruxelles.\u00a0\u00bb\n\nMix Art Jour 4 &#8211; Suite et fin du projetpar M.SCIPPA14\/11\/2023\n\n\nProjet Mix Art &#8211; Jour 3par M.SCIPPA10\/11\/2023\n\n\nProjet Mix Art &#8211; Jour 2par M.SCIPPA09\/11\/2023\n\nhttps:\/\/tube-action-educative.apps.education.fr\/w\/pXZXYEuj1WgJmzNTdYApBs\n\n\nProjet Mix Art &#8211; Jour 1par M.SCIPPA07\/11\/2023\n\n\n\u00ab\u00a0Dans la peau d\u2019un h\u00e9ros de Bande dessin\u00e9e\u00a0\u00bb Etape 1\u00a0:\u00a0 Angoul\u00eamepar M.SCIPPA20\/10\/2023\nJeudi 19 Octobre 2023, les classes de 5\u00e8me RAONI et 5\u00e8me SURFRIDER se sont rendues \u00e0 Angoul\u00eame, dans le cadre du projet p\u00e9dagogique intitul\u00e9 \u00ab\u00a0De Angoul\u00eame \u00e0 Bruxelles, dans la peau d\u2019un h\u00e9ros de Bande dessin\u00e9e\u00a0\u00bb.\n\n\n\nLes \u00e9l\u00e8ves ont pu d\u00e9couvrir cette ville impr\u00e9gn\u00e9e de l\u2019univers BD\u00a0! Du nom des rues aux enseignes des magasins, en passant par l\u2019habillage des autobus tout est fait pour vous mettre dans l\u2019ambiance.\n\n\n\nAu programme de cette journ\u00e9e\u00a0:\n\n\n\n\nVisite du mus\u00e9e de la Bande dessin\u00e9e et de la librairie.\n\n\n\nAtelier\u00a0: \u00ab\u00a0Cr\u00e9er son propre h\u00e9ros\u00a0\u00bb anim\u00e9 par un illustrateur.\n\n\n\nCircuit des murs peints au c\u0153ur de la ville.\n\n\n\n\nCe projet se poursuivra prochainement avec l\u2019exposition sur \u00ab\u00a0Tintin\u00a0\u00bb au bassin des lumi\u00e8res puis un s\u00e9jour p\u00e9dagogique \u00e0 Bruxelles.\n\n\n\n\n\n\n\n\n\n\n\n\n\n\n\n\n\n\n\n\n\n\n\n\n\n\n\n\n\n\n\nVisite \u00e0 Sarlat !par C. SOULADIE28\/06\/2023\nJeudi 22 juin 2023 : quelques images d&rsquo;une journ\u00e9e \u00e0 la d\u00e9couverte de la ville de Sarlat en Dordogne, pays d&rsquo;art et d\u2019histoire, avec les \u00e9l\u00e8ves des 5eme Acajou et S\u00e9quoia, point d&rsquo;orgue d&rsquo;un projet linguistique, historique et artistique autour des soci\u00e9t\u00e9s moyen\u00e2geuses fran\u00e7aises du IX si\u00e8cle.\n\n\n\n\n\n\n\n\n\n\n\n\n\n\n\n\n\nSortie \u00e0 l&rsquo;abbaye de la Sauve-Majeurepar C. LE PARQUIC23\/06\/2023\nMardi 20 juin les 5e Olivier sont all\u00e9s visiter l\u2019abbaye de la Sauve-Majeure situ\u00e9e dans l\u2019Entre-deux-mers. Nous avons d\u00e9couvert l\u2019architecture du Moyen-\u00c2ge et nous avons tout particuli\u00e8rement \u00e9tudi\u00e9 les chapiteaux sculpt\u00e9s.\n\n\n\nDans l\u2019apr\u00e8s-midi nous sommes partis \u00e0 Cr\u00e9on qui est une bastide m\u00e9di\u00e9vale.\n\n\n\nMalgr\u00e9 la pluie nous avons pass\u00e9 une bonne journ\u00e9e\u00a0!!!\u00a0<\/span><span style=\"margin-left:3px; max-height:2.8em\" class=\"line_limit\"> [...]<\/span><\/a><span class=\"custom_fields\">\n<!-- WPLP Unknown field: Custom_Fields -->\n<\/span><a href=\"https:\/\/vtest1.college-lapierre.fr\/?page_id=8950\"  class=\"read-more\">Lire la suite\u2026<\/a><\/div><\/div><\/div><\/div><div class=\"swiper-slide\" style=\"\"><div class=\"insideframe\"><div id=\"wplp_box_top_8883_8948\" class=\"wpcu-front-box top equalHeightImg\" ><div class=\"wplp-box-item\"><a href=\"https:\/\/vtest1.college-lapierre.fr\/?page_id=8948\"  class=\"thumbnail\"><span class=\"img_cropper\" style=\"margin-right:4px;margin-bottom:4px;max-width:100%;\"><img decoding=\"async\" src=\"https:\/\/vtest1.college-lapierre.fr\/wp-content\/plugins\/wp-latest-posts\/img\/default-image.svg\" style=\"aspect-ratio:4\/3;\" srcset=\"\" alt=\"Math\u00e9matiques\"  class=\"swiper-lazy wplp_default\" \/><div class=\"swiper-lazy-preloader\"><\/div><\/span><\/a><a href=\"https:\/\/vtest1.college-lapierre.fr\/?page_id=8948\"  class=\"title\">Math\u00e9matiques<\/a><\/div><\/div><div id=\"wplp_box_left_8883_8948\" class=\"wpcu-front-box left wpcu-custom-position\" ><div class=\"wplp-box-item\"><\/div><\/div><div id=\"wplp_box_right_8883_8948\" class=\"wpcu-front-box right wpcu-custom-position\" ><div class=\"wplp-box-item\"><\/div><\/div><div id=\"wplp_box_bottom_8883_8948\" class=\"wpcu-front-box bottom \" ><div class=\"wplp-box-item\"><a href=\"https:\/\/vtest1.college-lapierre.fr\/?page_id=8948\"  class=\"author\">PJ CABANEL<\/a><a href=\"https:\/\/vtest1.college-lapierre.fr\/?page_id=8948\"  class=\"date\">juillet 13, 2023<\/a><div class=\"category\"><a href=\"https:\/\/vtest1.college-lapierre.fr\/?cat=43\" title=\"View all posts in Math\u00e9matiques\">Math\u00e9matiques<\/a><\/div><a href=\"https:\/\/vtest1.college-lapierre.fr\/?page_id=8948\"  class=\"text\"><span style=\"max-height:2.8em\" class=\"line_limit\">ORIENTATION : ressources vid\u00e9os\nSemaine du 23 au 27 mars 2026\u00a0: l\u2019Education aux M\u00e9dias et \u00e0 l\u2019Information (EMI) \u00e0 l\u2019honneur au Coll\u00e8ge Lapierre\nM\u00e9daille d&rsquo;argent au championnat acad\u00e9mique !\nRadio Lapierre : Jean nous parle de la nouvelle cour !\nLes 3e Dune simulent leur proc\u00e8s au tribunal de Bordeaux<\/span><span style=\"margin-left:3px; max-height:2.8em\" class=\"line_limit\"> [...]<\/span><\/a><span class=\"custom_fields\">\n<!-- WPLP Unknown field: Custom_Fields -->\n<\/span><a href=\"https:\/\/vtest1.college-lapierre.fr\/?page_id=8948\"  class=\"read-more\">Lire la suite\u2026<\/a><\/div><\/div><\/div><\/div><div class=\"swiper-slide\" style=\"\"><div class=\"insideframe\"><div id=\"wplp_box_top_8883_8946\" class=\"wpcu-front-box top equalHeightImg\" ><div class=\"wplp-box-item\"><a href=\"https:\/\/vtest1.college-lapierre.fr\/?page_id=8946\"  class=\"thumbnail\"><span class=\"img_cropper\" style=\"margin-right:4px;margin-bottom:4px;max-width:100%;\"><img decoding=\"async\" src=\"https:\/\/vtest1.college-lapierre.fr\/wp-content\/plugins\/wp-latest-posts\/img\/default-image.svg\" style=\"aspect-ratio:4\/3;\" srcset=\"\" alt=\"Fran\u00e7ais\"  class=\"swiper-lazy wplp_default\" \/><div class=\"swiper-lazy-preloader\"><\/div><\/span><\/a><a href=\"https:\/\/vtest1.college-lapierre.fr\/?page_id=8946\"  class=\"title\">Fran\u00e7ais<\/a><\/div><\/div><div id=\"wplp_box_left_8883_8946\" class=\"wpcu-front-box left wpcu-custom-position\" ><div class=\"wplp-box-item\"><\/div><\/div><div id=\"wplp_box_right_8883_8946\" class=\"wpcu-front-box right wpcu-custom-position\" ><div class=\"wplp-box-item\"><\/div><\/div><div id=\"wplp_box_bottom_8883_8946\" class=\"wpcu-front-box bottom \" ><div class=\"wplp-box-item\"><a href=\"https:\/\/vtest1.college-lapierre.fr\/?page_id=8946\"  class=\"author\">PJ CABANEL<\/a><a href=\"https:\/\/vtest1.college-lapierre.fr\/?page_id=8946\"  class=\"date\">juillet 13, 2023<\/a><div class=\"category\"><a href=\"https:\/\/vtest1.college-lapierre.fr\/?cat=40\" title=\"View all posts in Fran\u00e7ais\">Fran\u00e7ais<\/a><\/div><a href=\"https:\/\/vtest1.college-lapierre.fr\/?page_id=8946\"  class=\"text\"><span style=\"max-height:2.8em\" class=\"line_limit\">Les 3e Dune simulent leur proc\u00e8s au tribunal de Bordeauxpar i.chaabane19\/01\/2026\nDans le cadre d&rsquo;un projet en partenariat avec l&rsquo;Ecole Nationale de la Magistrature, les \u00e9l\u00e8ves de la classe de 3e Dune ont travaill\u00e9, en cours de fran\u00e7ais, sur le roman la Vague de Todd Strasser et sur la Seconde guerre mondiale, en cours d&rsquo;histoire. Au cours de diff\u00e9rents ateliers, ils ont d\u00e9couvert le monde de la justice, puis ils ont imagin\u00e9 le proc\u00e8s d&rsquo;un des personnages du roman et l&rsquo;ont \u00e9crit. Aujourd&rsquo;hui, ils ont eu la chance de simuler leur proc\u00e8s dans une des salles du tribunal en forme \u00ab\u00a0d\u2019\u0153uf\u00a0\u00bb et ont endoss\u00e9 la robe de magistrat ou le r\u00f4le de m\u00e9decin l\u00e9giste, de t\u00e9moin, d&rsquo;accus\u00e9&#8230;Ils ont jou\u00e9 leur r\u00f4le avec investissement et plaisir. Verdict : ils peuvent \u00eatre fiers de l&rsquo;aboutissement de leur travail. \n\n\n\n\n\nD\u00e9couvrir les arts de la sc\u00e8ne : les 6\u00b0MCCOOL rencontrent la danse contemporainepar JC. COURDE16\/10\/2025\nLa semaine derni\u00e8re, les \u00e9l\u00e8ves de 6\u00b0MCCOOL ont pu rencontrer Janice B\u00e9lieu, danseuse professionnelle et soliste du spectacle \u00ab\u00a0Rites de passage\u00a0\u00bb, jou\u00e9 \u00e0 Brassens-Camus vendredi 10 octobre. Deux ateliers ont permis aux \u00e9l\u00e8ves de d\u00e9couvrir la pratique hip-hop de Janice B\u00e9lieu (\u00e9chauffements, mouvements, cr\u00e9ation d&rsquo;une chor\u00e9 de groupe) ce qui a bien pr\u00e9par\u00e9 nos \u00e9l\u00e8ves au spectacle. \n\n\n\n\n\n\n\nPendant une heure, assis en rond autour d&rsquo;un octogone figur\u00e9 sur le sol, les enfants de 6\u00b0MCCOOL et le public lormontais ont d\u00e9couvert un spectacle intense que Sylvie Balestra, la chor\u00e9graphe, a imagin\u00e9 comme un \u00ab\u00a0parcours que m\u00e8ne une soliste \u00e0 la recherche du seuil, du passage de son enfance d\u00e9j\u00e0 derri\u00e8re elle vers le monde adulte encore inaccessible.\u00a0\u00bb\n\n\n\nRites de passage \u00a9Compagnie Sylex_Nad\u00e8ge Le Lezec\n\n\n\nUne exp\u00e9rience forte et nouvelle pour les \u00e9l\u00e8ves et pour les profs qui nous a amen\u00e9 \u00e0 r\u00e9fl\u00e9chir sur ce passage si particulier qu&rsquo;est l&rsquo;adolescence tout en nous \u00e9merveillant des multiples trouvailles chor\u00e9graphiques cr\u00e9\u00e9es par la compagnie Sylex. \n\n\n\n\n\n\n\nhttps:\/\/sylex.fr\/fr\/creations\/rites-de-passage-ethnobrut\/\n\n\n\n\n\nSemaine du collectif : 06 au 10 octobre 2025par PJ CABANEL02\/10\/2025\n\n\nRallye Citoyen &#8211; Camp de Sougepar PJ CABANEL16\/05\/2025\nJeudi 15\/05\/2025, 12 \u00e9l\u00e8ves de 3e du coll\u00e8ge LAPIERRE se sont retrouv\u00e9s \u00e0 6h du matin \u00e0 la station de tramway de La Butini\u00e8re pour participer au Rallye citoyen au Camp de Souge (Camp militaire de l&rsquo;arm\u00e9e de Terre situ\u00e9 \u00e0 Martignas sur Jalles).\n\n\n\nLes \u00e9l\u00e8ves ont vaillamment d\u00e9fendu les couleurs du coll\u00e8ge sur 14 stands tout au long de la journ\u00e9e.\n\n\n\nNous pouvons \u00eatre fiers de l&rsquo;engagement, la solidarit\u00e9, l&rsquo;esprit d&rsquo;\u00e9quipe dont ils ont fait preuve.\n\n\n\n\n\n\n\nMobilisant aussi bien leur culture g\u00e9n\u00e9ralise que leur physique, ils ont su s&rsquo;organiser rapidement dans les diff\u00e9rentes activit\u00e9s propos\u00e9es. Ils ont donn\u00e9 une belle image du coll\u00e8ge.\n\n\n\n\n\n\n\n\n\n\n\n\n\n\n\n\n\n\n\n\n\n\n\n\n\n\n\n\n\n\n\nEncore un succ\u00e8s pour le march\u00e9 aux livres gratuits !par JC. COURDE01\/12\/2024\nMardi 26 novembre, dans l&rsquo;agora du coll\u00e8ge, la seconde \u00e9dition du march\u00e9 aux livres gratuits a fait le plein ! De nombreux \u00e9l\u00e8ves ont pu choisir un ou des livres parmi ceux r\u00e9colt\u00e9s : romans, mangas, BD, documentaires ou livre de cuisine&#8230;Il y en avait pour tous les go\u00fbts !\n\n\n\nDes \u00e9l\u00e8ves ravis d&rsquo;avoir des livres et un petit go\u00fbter : une exp\u00e9rience \u00e0 renouveler cette ann\u00e9e ? Une \u00e9dition printani\u00e8re ? \n\n\n\nSi dans vos biblioth\u00e8ques, des livres se plaignent de ne pas \u00eatre lus, apportez-les \u00e0 votre professeur.e de Fran\u00e7ais ou \u00e0 Mme Demouy, au CDI : ils serviront \u00e0 alimenter un autre march\u00e9 aux livres gratuits ! \n\n\n\nImage d&rsquo;archive du march\u00e9 de l&rsquo;an dernier. Les \u00e9l\u00e8ves \u00e9taient si nombreux cette ann\u00e9e que nous n&rsquo;avons pas eu le temps de prendre des photos !\n\n\n\n\n\nLes mascottes de Jeux de Lormont !par C. SOULADIE26\/06\/2024\n\nhttps:\/\/vimeo.com\/969195550?share=copy \nLiaison \u00e9cole-coll\u00e8ge, E.E. Condorcet, classe de Cm2-James Cook &#8211; 6eme Altius coll\u00e8ge G. Lapierre &#8211; Lormont.Pratique arts num\u00e9riques de modeling\/sculpting\/3D.Mai-juin 2024\n\nSuper h\u00e9ro\u00efnes-h\u00e9roes : from angoul\u00e8me to Brussels !par C. SOULADIE25\/06\/2024\n\nhttps:\/\/vimeo.com\/968241089?share=copy\nProjet EAC-anglais-arts plastiques-Fan\u00e7ais-histoire-EMC-mobilit\u00e9Classes de 5eme Raoni et Surfrider2023\/2024\n\nS\u00e9jour \u00e0 Bruxelles (avril 2024) : retour sur ce projet en interviewpar PJ CABANEL24\/05\/2024\n\n\n\n\n\n\n\n\n\n\n\n\n\n\nProjection des films de l&rsquo;Atelier Cin\u00e9ma mardi 21 mai 2024 \u00e0 18h30par PJ CABANEL03\/05\/2024\n\n\n\n\n\n\nS\u00e9jour \u00e0 Bruxelles, 5epar PJ CABANEL09\/04\/2024\nLes \u00e9l\u00e8ves et les personnels accompagnant le s\u00e9jour \u00e0 Bruxelles se sont retrouv\u00e9s ce mardi 09 avril 2024 vers 8h du matin \u00e0 la gare Saint Jean de Bordeaux pour d\u00e9marrer leur p\u00e9riple de 3 jours dans la capitale belge. Ils poursuivent et finalisent ainsi un projet interclasses et interdisciplinaire (fran\u00e7ais, anglais, arts-plastiques, histoire et g\u00e9ographie) autour de la bande dessin\u00e9e.\n\n\n\nPremi\u00e8re \u00e9tape : Bordeaux \/ Paris Montparnasse en TGV.\n\n\n\n\n\n\n\n\n\n1er march\u00e9 aux livres gratuits : le succ\u00e8s au rendez-vous !par i.chaabane01\/04\/2024\nLe 1er march\u00e9 aux livres gratuits, organis\u00e9 par les professeurs de fran\u00e7ais et la documentaliste, s\u2019est tenu mardi 26 mars de 16h30 \u00e0 17h30. Les \u00e9l\u00e8ves sont venus nombreux pour trouver leur bonheur parmi le grand choix propos\u00e9\u00a0: romans, BD, mangas, documentaires, livres de cuisine\u2026Ce moment convivial, accompagn\u00e9 d\u2019un go\u00fbter, a \u00e9t\u00e9 l\u2019occasion pour eux de feuilleter, d\u2019\u00e9changer entre eux ou avec les enseignants et de repartir avec de nouvelles lectures. Les \u00e9l\u00e8ves ont \u00e9t\u00e9 ravis de cette initiative et ont demand\u00e9 \u00e0 ce qu\u2019elle soit renouvel\u00e9e\u00a0:\n\n\n\n\u00ab\u00a0G\u00e9nial, beaucoup de livres de genres diff\u00e9rents\u00a0\u00bb, Ayate\n\n\n\n\u00ab\u00a0Beaucoup de monde et tr\u00e8s bonne id\u00e9e le go\u00fbter\u00a0\u00bb, K\u00e9lyna\n\n\n\n\u00ab\u00a0\u00c7a fait plaisir, surtout pour les personnes qui aiment lire et n\u2019ont pas beaucoup d\u2019argent\u00a0\u00bb Tyna\n\n\n\n\u00ab\u00a0C\u2019est incroyable, on d\u00e9couvre des livres qu\u2019on ne conna\u00eet pas\u00a0\u00bb C\u00e9sar.\n\n\n\n\u00a0\u00ab\u00a0Faudrait faire cela plus souvent\u00a0\u00bb Loujaine.\n\n\n\n\n\nAidez le projet S\u00e9jours \u00e0 Bruxelles : partagez le lien vers la Trousse \u00e0 projetspar PJ CABANEL23\/11\/2023\/*! elementor &#8211; v3.17.0 &#8211; 08-11-2023 *\/\n.elementor-widget-image{text-align:center}.elementor-widget-image a{display:inline-block}.elementor-widget-image a img[src$=\u00a0\u00bb.svg\u00a0\u00bb]{width:48px}.elementor-widget-image img{vertical-align:middle;display:inline-block}\t\t\t\t\t\t\t\t\t\t\t\t\t\t\t\t\t\t\t\t\t\t\t\t\t\t\t\n\t\t\nBonjour,\n\n\nParents, personnels, professeurs, \u00e9l\u00e8ves&#8230;\n\n\nVous pouvez nous aider pour financer le projet \u00ab\u00a0Dans la peau d&rsquo;une h\u00e9ro\u00efne\/d&rsquo;un h\u00e9ros de BD d&rsquo;Angoul\u00eame \u00e0 Bruxelles.\u00a0\u00bb\n\n\nLe projet a \u00e9t\u00e9 s\u00e9lectionn\u00e9 par La Trousse \u00e0 projets qui permet de lancer une cagnotte afin de financer des projets p\u00e9dagogiques ambitieux pour les \u00e9l\u00e8ves.\n\n\nGr\u00e2ce au lien suivant, les entreprises et les particuliers pourront donner de l&rsquo;argent pour ce projet et ainsi diminuer la participation pour les \u00e9l\u00e8ves.\n\n\nLes dons ouvrent droit \u00e0 une d\u00e9duction fiscale \u00e0 hauteur de :\n\n\n\n60% du don effectu\u00e9 pour les entreprises (un don de 100\u20ac ne co\u00fbtera que 40\u20ac),\n\n\n66% du don effectu\u00e9 pour les particuliers (un don de 100\u20ac ne co\u00fbtera que 36\u20ac).\n\n\n\nhttps:\/\/trousseaprojets.fr\/projet\/7477-dans-la-peau-d-une-heroine-d-un-heros-de-bd-d-angouleme-a-bruxelles\n\n\nNous vous remercions pour le partage le plus large possible autour de vous de ce lien (entreprises, familles, proches, etc) et sur vos r\u00e9seaux sociaux pr\u00e9f\u00e9r\u00e9s. Nous comptons sur vous pour r\u00e9ussir \u00e0 obtenir l&rsquo;objectif fix\u00e9 par l&rsquo;\u00e9quipe.\n\n\nPour toute information compl\u00e9mentaire, vous pouvez contacter le coll\u00e8ge Georges Lapierre (poste 4) ou nous \u00e9crire \u00e0 s.segpa@college-lapierre.fr\n\n\nPierre-Jean CABANEL\n\n\npour l&rsquo;\u00e9quipe du projet \u00ab\u00a0Dans la peau d&rsquo;une h\u00e9ro\u00efne\/d&rsquo;un h\u00e9ros de BD d&rsquo;Angoul\u00eame \u00e0 Bruxelles.\u00a0\u00bb\n\n\u00ab\u00a0Dans la peau d\u2019un h\u00e9ros de Bande dessin\u00e9e\u00a0\u00bb Etape 1\u00a0:\u00a0 Angoul\u00eamepar M.SCIPPA20\/10\/2023\nJeudi 19 Octobre 2023, les classes de 5\u00e8me RAONI et 5\u00e8me SURFRIDER se sont rendues \u00e0 Angoul\u00eame, dans le cadre du projet p\u00e9dagogique intitul\u00e9 \u00ab\u00a0De Angoul\u00eame \u00e0 Bruxelles, dans la peau d\u2019un h\u00e9ros de Bande dessin\u00e9e\u00a0\u00bb.\n\n\n\nLes \u00e9l\u00e8ves ont pu d\u00e9couvrir cette ville impr\u00e9gn\u00e9e de l\u2019univers BD\u00a0! Du nom des rues aux enseignes des magasins, en passant par l\u2019habillage des autobus tout est fait pour vous mettre dans l\u2019ambiance.\n\n\n\nAu programme de cette journ\u00e9e\u00a0:\n\n\n\n\nVisite du mus\u00e9e de la Bande dessin\u00e9e et de la librairie.\n\n\n\nAtelier\u00a0: \u00ab\u00a0Cr\u00e9er son propre h\u00e9ros\u00a0\u00bb anim\u00e9 par un illustrateur.\n\n\n\nCircuit des murs peints au c\u0153ur de la ville.\n\n\n\n\nCe projet se poursuivra prochainement avec l\u2019exposition sur \u00ab\u00a0Tintin\u00a0\u00bb au bassin des lumi\u00e8res puis un s\u00e9jour p\u00e9dagogique \u00e0 Bruxelles.\n\n\n\n\n\n\n\n\n\n\n\n\n\n\n\n\n\n\n\n\n\n\n\n\n\n\n\n\n\n\n\nVisite \u00e0 Sarlat !par C. SOULADIE28\/06\/2023\nJeudi 22 juin 2023 : quelques images d&rsquo;une journ\u00e9e \u00e0 la d\u00e9couverte de la ville de Sarlat en Dordogne, pays d&rsquo;art et d\u2019histoire, avec les \u00e9l\u00e8ves des 5eme Acajou et S\u00e9quoia, point d&rsquo;orgue d&rsquo;un projet linguistique, historique et artistique autour des soci\u00e9t\u00e9s moyen\u00e2geuses fran\u00e7aises du IX si\u00e8cle.\n\n\n\n\n\n\n\n\n\n\n\n\n\n\n\n\n\nJourn\u00e9e \u00e0 Paris 5 IPE \/ 5 ACAJOUpar M.SCIPPA16\/06\/2023\nLe jeudi 15 juin, les 5 IPE et 5 ACAJOU ont profit\u00e9 du prix du Public qu&rsquo;ils ont remport\u00e9s gr\u00e2ce \u00e0 leur vid\u00e9o \u00ab\u00a0De l&rsquo;autre c\u00f4t\u00e9 du mur\u00a0\u00bb : une journ\u00e9e \u00e0 Paris avec une d\u00e9couverte des monuments embl\u00e9matiques de la Capitale et une rencontre \u00e0 l&rsquo;Acad\u00e9mie Fran\u00e7aise (Institut de France) avec Monsieur Yves Qu\u00e9r\u00e9 (acad\u00e9miciens des Sciences, co-cr\u00e9ateur de \u00ab\u00a0La Main \u00e0 la p\u00e2te\u00a0\u00bb)\n\n\n\n\n\n\n\n\n\nFestiPREV 2023 : Emission de radiopar M.SCIPPA16\/05\/2023\nRetrouvez l&rsquo;interview des 5 ACAJOU et 5 IPE sur leur film \u00ab\u00a0de l&rsquo;autre c\u00f4t\u00e9 du mur\u00a0\u00bb.\n\n\n\nEmission enregistr\u00e9e lors de FestiPREV le jeudi 11 Mai 2023.\n\n\n\nMerci \u00e0 radio coll\u00e8ge !\n\n\n\n https:\/\/radiocollege.fr\/2023\/05\/15\/retrospective-festiprev-2023\/\n\n\n\n\n\n\n\n\n\n\n\n\n\nFESTIPREV, Prix du Publicpar M.SCIPPA12\/05\/2023\nPour nous soutenir, votez pour nous!!!!  Ca se passe par ici :\n\n\n\nhttps:\/\/docs.google.com\/forms\/d\/e\/1FAIpQLSdh1CEenukKPmGdvL5fMGXAkTRuxaRq0r6idTup5adHsnhcRw\/viewform \n\n\n\n\n\n\n\n\n\n\n\n\n\n\n\n\n\nFestiprev La Rochellepar M.SCIPPA12\/05\/2023\nRetour sur notre journ\u00e9e \u00e0 la Rochelle! \n\n\n\nLes 5 \u00e8me IPE et 5 \u00e8me ACAJOU ont pr\u00e9sent\u00e9 leur court m\u00e9trage contre le harc\u00e8lement \u00ab\u00a0De l&rsquo;autre c\u00f4t\u00e9 du Mur\u00a0\u00bb. Une belle aventure humaine avec des souvenirs plein la t\u00eate.\n\n\n\n\n\nDans le cadre du projet chevalerie en Fran\u00e7ais \/ EPS, les \u00e9l\u00e8ves de 5e Flamboyant ont pass\u00e9 la journ\u00e9e au ch\u00e2teau de Villandraut.par i.chaabane28\/04\/2023\nLe matin, la guide nous \u00a0a propos\u00e9 une visite riche en d\u00e9couvertes et nous avons explor\u00e9 le ch\u00e2teau de bas en haut\u00a0: salle du seigneur, salle de garde, chemin de ronde, escaliers en colima\u00e7on, cl\u00e9s de vo\u00fbte sculpt\u00e9es, latrines, cuisines avec \u00ab\u00a0potager\u00a0\u00bb (le four \u00e0 micro-ondes de l\u2019\u00e9poque). Nous aurions aim\u00e9 voir des armures mais ce ch\u00e2teau du 14e si\u00e8cle a \u00e9t\u00e9 vid\u00e9 de son mobilier et de ses charpentes au cours de l\u2019Histoire. \u00a0Puis nous avons \u00a0profit\u00e9 d\u2019un pique-nique convivial et d\u00e9gust\u00e9 les desserts pr\u00e9par\u00e9s par plusieurs \u00e9l\u00e8ves. A suivi \u00a0une pause \u00a0foot \u00a0appr\u00e9ci\u00e9e de toutes et tous. L\u2019apr\u00e8s-midi, nous avons pratiqu\u00e9 l\u2019escrime au pied du ch\u00e2teau, arbitrant et commentant en direct les duels. C\u2019\u00e9tait un bon moment. La comp\u00e9tition s\u2019est prolong\u00e9e jusque dans le bus avec les questions, charades et devinettes sur\u00a0 la chevalerie que nous avions pr\u00e9par\u00e9es en classe.<\/span><span style=\"margin-left:3px; max-height:2.8em\" class=\"line_limit\"> [...]<\/span><\/a><span class=\"custom_fields\">\n<!-- WPLP Unknown field: Custom_Fields -->\n<\/span><a href=\"https:\/\/vtest1.college-lapierre.fr\/?page_id=8946\"  class=\"read-more\">Lire la suite\u2026<\/a><\/div><\/div><\/div><\/div><div class=\"swiper-slide\" style=\"\"><div class=\"insideframe\"><div id=\"wplp_box_top_8883_8943\" class=\"wpcu-front-box top equalHeightImg\" ><div class=\"wplp-box-item\"><a href=\"https:\/\/vtest1.college-lapierre.fr\/?page_id=8943\"  class=\"thumbnail\"><span class=\"img_cropper\" style=\"margin-right:4px;margin-bottom:4px;max-width:100%;\"><img decoding=\"async\" src=\"https:\/\/vtest1.college-lapierre.fr\/wp-content\/plugins\/wp-latest-posts\/img\/default-image.svg\" style=\"aspect-ratio:4\/3;\" srcset=\"\" alt=\"Sciences &#038; Technologie\"  class=\"swiper-lazy wplp_default\" \/><div class=\"swiper-lazy-preloader\"><\/div><\/span><\/a><a href=\"https:\/\/vtest1.college-lapierre.fr\/?page_id=8943\"  class=\"title\">Sciences &#038; Technologie<\/a><\/div><\/div><div id=\"wplp_box_left_8883_8943\" class=\"wpcu-front-box left wpcu-custom-position\" ><div class=\"wplp-box-item\"><\/div><\/div><div id=\"wplp_box_right_8883_8943\" class=\"wpcu-front-box right wpcu-custom-position\" ><div class=\"wplp-box-item\"><\/div><\/div><div id=\"wplp_box_bottom_8883_8943\" class=\"wpcu-front-box bottom \" ><div class=\"wplp-box-item\"><a href=\"https:\/\/vtest1.college-lapierre.fr\/?page_id=8943\"  class=\"author\">PJ CABANEL<\/a><a href=\"https:\/\/vtest1.college-lapierre.fr\/?page_id=8943\"  class=\"date\">juillet 13, 2023<\/a><div class=\"category\"><a href=\"https:\/\/vtest1.college-lapierre.fr\/?cat=44\" title=\"View all posts in Sciences &amp; Technologie\">Sciences &amp; Technologie<\/a><\/div><a href=\"https:\/\/vtest1.college-lapierre.fr\/?page_id=8943\"  class=\"text\"><span style=\"max-height:2.8em\" class=\"line_limit\">ORIENTATION : ressources vid\u00e9os\nSemaine du 23 au 27 mars 2026\u00a0: l\u2019Education aux M\u00e9dias et \u00e0 l\u2019Information (EMI) \u00e0 l\u2019honneur au Coll\u00e8ge Lapierre\nM\u00e9daille d&rsquo;argent au championnat acad\u00e9mique !\nRadio Lapierre : Jean nous parle de la nouvelle cour !\nLes 3e Dune simulent leur proc\u00e8s au tribunal de Bordeaux<\/span><span style=\"margin-left:3px; max-height:2.8em\" class=\"line_limit\"> [...]<\/span><\/a><span class=\"custom_fields\">\n<!-- WPLP Unknown field: Custom_Fields -->\n<\/span><a href=\"https:\/\/vtest1.college-lapierre.fr\/?page_id=8943\"  class=\"read-more\">Lire la suite\u2026<\/a><\/div><\/div><\/div><\/div><div class=\"swiper-slide\" style=\"\"><div class=\"insideframe\"><div id=\"wplp_box_top_8883_8941\" class=\"wpcu-front-box top equalHeightImg\" ><div class=\"wplp-box-item\"><a href=\"https:\/\/vtest1.college-lapierre.fr\/?page_id=8941\"  class=\"thumbnail\"><span class=\"img_cropper\" style=\"margin-right:4px;margin-bottom:4px;max-width:100%;\"><img decoding=\"async\" src=\"https:\/\/vtest1.college-lapierre.fr\/wp-content\/plugins\/wp-latest-posts\/img\/default-image.svg\" style=\"aspect-ratio:4\/3;\" srcset=\"\" alt=\"Langues vivantes\"  class=\"swiper-lazy wplp_default\" \/><div class=\"swiper-lazy-preloader\"><\/div><\/span><\/a><a href=\"https:\/\/vtest1.college-lapierre.fr\/?page_id=8941\"  class=\"title\">Langues vivantes<\/a><\/div><\/div><div id=\"wplp_box_left_8883_8941\" class=\"wpcu-front-box left wpcu-custom-position\" ><div class=\"wplp-box-item\"><\/div><\/div><div id=\"wplp_box_right_8883_8941\" class=\"wpcu-front-box right wpcu-custom-position\" ><div class=\"wplp-box-item\"><\/div><\/div><div id=\"wplp_box_bottom_8883_8941\" class=\"wpcu-front-box bottom \" ><div class=\"wplp-box-item\"><a href=\"https:\/\/vtest1.college-lapierre.fr\/?page_id=8941\"  class=\"author\">PJ CABANEL<\/a><a href=\"https:\/\/vtest1.college-lapierre.fr\/?page_id=8941\"  class=\"date\">juillet 13, 2023<\/a><div class=\"category\"><a href=\"https:\/\/vtest1.college-lapierre.fr\/?cat=23\" title=\"View all posts in Langues vivantes\">Langues vivantes<\/a><\/div><a href=\"https:\/\/vtest1.college-lapierre.fr\/?page_id=8941\"  class=\"text\"><span style=\"max-height:2.8em\" class=\"line_limit\">ORIENTATION : ressources vid\u00e9os\nSemaine du 23 au 27 mars 2026\u00a0: l\u2019Education aux M\u00e9dias et \u00e0 l\u2019Information (EMI) \u00e0 l\u2019honneur au Coll\u00e8ge Lapierre\nM\u00e9daille d&rsquo;argent au championnat acad\u00e9mique !\nRadio Lapierre : Jean nous parle de la nouvelle cour !\nLes 3e Dune simulent leur proc\u00e8s au tribunal de Bordeaux<\/span><span style=\"margin-left:3px; max-height:2.8em\" class=\"line_limit\"> [...]<\/span><\/a><span class=\"custom_fields\">\n<!-- WPLP Unknown field: Custom_Fields -->\n<\/span><a href=\"https:\/\/vtest1.college-lapierre.fr\/?page_id=8941\"  class=\"read-more\">Lire la suite\u2026<\/a><\/div><\/div><\/div><\/div><div class=\"swiper-slide\" style=\"\"><div class=\"insideframe\"><div id=\"wplp_box_top_8883_8939\" class=\"wpcu-front-box top equalHeightImg\" ><div class=\"wplp-box-item\"><a href=\"https:\/\/vtest1.college-lapierre.fr\/?page_id=8939\"  class=\"thumbnail\"><span class=\"img_cropper\" style=\"margin-right:4px;margin-bottom:4px;max-width:100%;\"><img decoding=\"async\" src=\"https:\/\/vtest1.college-lapierre.fr\/wp-content\/plugins\/wp-latest-posts\/img\/default-image.svg\" style=\"aspect-ratio:4\/3;\" srcset=\"\" alt=\"EPS\"  class=\"swiper-lazy wplp_default\" \/><div class=\"swiper-lazy-preloader\"><\/div><\/span><\/a><a href=\"https:\/\/vtest1.college-lapierre.fr\/?page_id=8939\"  class=\"title\">EPS<\/a><\/div><\/div><div id=\"wplp_box_left_8883_8939\" class=\"wpcu-front-box left wpcu-custom-position\" ><div class=\"wplp-box-item\"><\/div><\/div><div id=\"wplp_box_right_8883_8939\" class=\"wpcu-front-box right wpcu-custom-position\" ><div class=\"wplp-box-item\"><\/div><\/div><div id=\"wplp_box_bottom_8883_8939\" class=\"wpcu-front-box bottom \" ><div class=\"wplp-box-item\"><a href=\"https:\/\/vtest1.college-lapierre.fr\/?page_id=8939\"  class=\"author\">PJ CABANEL<\/a><a href=\"https:\/\/vtest1.college-lapierre.fr\/?page_id=8939\"  class=\"date\">juillet 13, 2023<\/a><div class=\"category\"><a href=\"https:\/\/vtest1.college-lapierre.fr\/?cat=22\" title=\"View all posts in EPS\">EPS<\/a><\/div><a href=\"https:\/\/vtest1.college-lapierre.fr\/?page_id=8939\"  class=\"text\"><span style=\"max-height:2.8em\" class=\"line_limit\">Cross de Lormont pour les 5\u00e8mespar R. MARGAT30\/11\/2025\nCe vendredi 28 novembre avait lieu le traditionnel cross des 5\u00e8mes au bois fleuri. C&rsquo;est 3 modalit\u00e9s de course qui \u00e9taient propos\u00e9es cette ann\u00e9e aux \u00e9l\u00e8ves afin de permettre \u00e0 chacun de s&rsquo;\u00e9panouir dans ce moment convivial. Une forme inclusive pour les 5\u00e8mes Ursa Major et les 5\u00e8mes Vela avec l&rsquo;IME (institut m\u00e9dico-\u00e9ducatif) Chateau Terrien, une forme collaborative qui visait \u00e0 courir au m\u00eame rythme par \u00e9quipe de 4 \u00e0 5 \u00e9l\u00e8ves et une forme individuelle qui permettait aux comp\u00e9titeurs de rechercher la meilleure performance individuelle. Chaque \u00e9l\u00e8ve recevait, \u00e0 l&rsquo;issue de sa course, une collation et une m\u00e9daille. \n\n\n\nL&rsquo;\u00e9quipe EPS du coll\u00e8ge Lapierre remercie particuli\u00e8rement les organisateurs de la ville de Lormont pour ce moment chaleureux.\n\n\n\n\n\n\n\n\n\n\n\n\n\n\n\n\n\n\n\n\n\n\n\n\n\nD\u00e9couvrir les arts de la sc\u00e8ne : les 6\u00b0MCCOOL rencontrent la danse contemporainepar JC. COURDE16\/10\/2025\nLa semaine derni\u00e8re, les \u00e9l\u00e8ves de 6\u00b0MCCOOL ont pu rencontrer Janice B\u00e9lieu, danseuse professionnelle et soliste du spectacle \u00ab\u00a0Rites de passage\u00a0\u00bb, jou\u00e9 \u00e0 Brassens-Camus vendredi 10 octobre. Deux ateliers ont permis aux \u00e9l\u00e8ves de d\u00e9couvrir la pratique hip-hop de Janice B\u00e9lieu (\u00e9chauffements, mouvements, cr\u00e9ation d&rsquo;une chor\u00e9 de groupe) ce qui a bien pr\u00e9par\u00e9 nos \u00e9l\u00e8ves au spectacle. \n\n\n\n\n\n\n\nPendant une heure, assis en rond autour d&rsquo;un octogone figur\u00e9 sur le sol, les enfants de 6\u00b0MCCOOL et le public lormontais ont d\u00e9couvert un spectacle intense que Sylvie Balestra, la chor\u00e9graphe, a imagin\u00e9 comme un \u00ab\u00a0parcours que m\u00e8ne une soliste \u00e0 la recherche du seuil, du passage de son enfance d\u00e9j\u00e0 derri\u00e8re elle vers le monde adulte encore inaccessible.\u00a0\u00bb\n\n\n\nRites de passage \u00a9Compagnie Sylex_Nad\u00e8ge Le Lezec\n\n\n\nUne exp\u00e9rience forte et nouvelle pour les \u00e9l\u00e8ves et pour les profs qui nous a amen\u00e9 \u00e0 r\u00e9fl\u00e9chir sur ce passage si particulier qu&rsquo;est l&rsquo;adolescence tout en nous \u00e9merveillant des multiples trouvailles chor\u00e9graphiques cr\u00e9\u00e9es par la compagnie Sylex. \n\n\n\n\n\n\n\nhttps:\/\/sylex.fr\/fr\/creations\/rites-de-passage-ethnobrut\/\n\n\n\n\n\nSemaine du collectif : 06 au 10 octobre 2025par PJ CABANEL02\/10\/2025\n\n\nRallye Citoyen &#8211; Camp de Sougepar PJ CABANEL16\/05\/2025\nJeudi 15\/05\/2025, 12 \u00e9l\u00e8ves de 3e du coll\u00e8ge LAPIERRE se sont retrouv\u00e9s \u00e0 6h du matin \u00e0 la station de tramway de La Butini\u00e8re pour participer au Rallye citoyen au Camp de Souge (Camp militaire de l&rsquo;arm\u00e9e de Terre situ\u00e9 \u00e0 Martignas sur Jalles).\n\n\n\nLes \u00e9l\u00e8ves ont vaillamment d\u00e9fendu les couleurs du coll\u00e8ge sur 14 stands tout au long de la journ\u00e9e.\n\n\n\nNous pouvons \u00eatre fiers de l&rsquo;engagement, la solidarit\u00e9, l&rsquo;esprit d&rsquo;\u00e9quipe dont ils ont fait preuve.\n\n\n\n\n\n\n\nMobilisant aussi bien leur culture g\u00e9n\u00e9ralise que leur physique, ils ont su s&rsquo;organiser rapidement dans les diff\u00e9rentes activit\u00e9s propos\u00e9es. Ils ont donn\u00e9 une belle image du coll\u00e8ge.\n\n\n\n\n\n\n\n\n\n\n\n\n\n\n\n\n\n\n\n\n\n\n\n\n\n\n\n\n\n\n\nSortie sur le voilier \u00ab\u00a0le Fran\u00e7ais\u00a0\u00bb.par MATHILDE BACKMANN07\/10\/2024\nMercredi 2 octobre et vendredi 4 octobre, les classes de 4B\/D et 3B\/D ont particip\u00e9 \u00e0 une sortie scolaire sur le trois m\u00e2ts \u00a0\u00bb le Fran\u00e7ais\u00a0\u00bb.\n\n\n\nAu programme: des ateliers pour sensibiliser \u00e0 l&rsquo;\u00e9cologie sur le th\u00e8me des p\u00f4les (Arctique et Antarctique). Les \u00e9l\u00e8ves ont donc pris conscience de l&rsquo;int\u00e9r\u00eat et l&rsquo;importance des glaciers pour maintenir un \u00e9cosyst\u00e8me indispensable \u00e0 la vie sur terre.\n\n\n\nLe voilier \u00e9tait amarr\u00e9 sur les quais bordelais pendant une semaine \u00e0 c\u00f4t\u00e9 du pont de Pierre. \n\n\n\nLes 3e ont m\u00eame eu le privil\u00e8ge de s&rsquo;y rendre en v\u00e9lo.<\/span><span style=\"margin-left:3px; max-height:2.8em\" class=\"line_limit\"> [...]<\/span><\/a><span class=\"custom_fields\">\n<!-- WPLP Unknown field: Custom_Fields -->\n<\/span><a href=\"https:\/\/vtest1.college-lapierre.fr\/?page_id=8939\"  class=\"read-more\">Lire la suite\u2026<\/a><\/div><\/div><\/div><\/div><div class=\"swiper-slide\" style=\"\"><div class=\"insideframe\"><div id=\"wplp_box_top_8883_8935\" class=\"wpcu-front-box top equalHeightImg\" ><div class=\"wplp-box-item\"><a href=\"https:\/\/vtest1.college-lapierre.fr\/?page_id=8935\"  class=\"thumbnail\"><span class=\"img_cropper\" style=\"margin-right:4px;margin-bottom:4px;max-width:100%;\"><img decoding=\"async\" src=\"https:\/\/vtest1.college-lapierre.fr\/wp-content\/plugins\/wp-latest-posts\/img\/default-image.svg\" style=\"aspect-ratio:4\/3;\" srcset=\"\" alt=\"PARENTS D&rsquo;ELEVES\"  class=\"swiper-lazy wplp_default\" \/><div class=\"swiper-lazy-preloader\"><\/div><\/span><\/a><a href=\"https:\/\/vtest1.college-lapierre.fr\/?page_id=8935\"  class=\"title\">PARENTS D&rsquo;ELEVES<\/a><\/div><\/div><div id=\"wplp_box_left_8883_8935\" class=\"wpcu-front-box left wpcu-custom-position\" ><div class=\"wplp-box-item\"><\/div><\/div><div id=\"wplp_box_right_8883_8935\" class=\"wpcu-front-box right wpcu-custom-position\" ><div class=\"wplp-box-item\"><\/div><\/div><div id=\"wplp_box_bottom_8883_8935\" class=\"wpcu-front-box bottom \" ><div class=\"wplp-box-item\"><a href=\"https:\/\/vtest1.college-lapierre.fr\/?page_id=8935\"  class=\"author\">PJ CABANEL<\/a><a href=\"https:\/\/vtest1.college-lapierre.fr\/?page_id=8935\"  class=\"date\">juillet 13, 2023<\/a><div class=\"category\"><a href=\"https:\/\/vtest1.college-lapierre.fr\/?cat=24\" title=\"View all posts in PARENTS D'ELEVES\">PARENTS D'ELEVES<\/a><\/div><a href=\"https:\/\/vtest1.college-lapierre.fr\/?page_id=8935\"  class=\"text\"><span style=\"max-height:2.8em\" class=\"line_limit\">Vous trouverez ci-dessous l&rsquo;organigramme des repr\u00e9sentants des parents \u00e9lus au coll\u00e8ge Georges Lapierre pour l&rsquo;ann\u00e9e scolaire 2025-2026 :\n\n\n\norga_25-26_parents_elevesT\u00e9l\u00e9charger\n\n\n\nVous pouvez contacter la parents d&rsquo;\u00e9l\u00e8ves \u00e9lus du coll\u00e8ge \u00e0 l&rsquo;adresse courriel suivante :\n\n\n\nparentselus@college-lapierre.fr<\/span><span style=\"margin-left:3px; max-height:2.8em\" class=\"line_limit\"> [...]<\/span><\/a><span class=\"custom_fields\">\n<!-- WPLP Unknown field: Custom_Fields -->\n<\/span><a href=\"https:\/\/vtest1.college-lapierre.fr\/?page_id=8935\"  class=\"read-more\">Lire la suite\u2026<\/a><\/div><\/div><\/div><\/div><div class=\"swiper-slide\" style=\"\"><div class=\"insideframe\"><div id=\"wplp_box_top_8883_8913\" class=\"wpcu-front-box top equalHeightImg\" ><div class=\"wplp-box-item\"><a href=\"https:\/\/vtest1.college-lapierre.fr\/?page_id=8913\"  class=\"thumbnail\"><span class=\"img_cropper\" style=\"margin-right:4px;margin-bottom:4px;max-width:100%;\"><img decoding=\"async\" src=\"https:\/\/vtest1.college-lapierre.fr\/wp-content\/plugins\/wp-latest-posts\/img\/default-image.svg\" style=\"aspect-ratio:4\/3;\" srcset=\"\" alt=\"Education artistique\"  class=\"swiper-lazy wplp_default\" \/><div class=\"swiper-lazy-preloader\"><\/div><\/span><\/a><a href=\"https:\/\/vtest1.college-lapierre.fr\/?page_id=8913\"  class=\"title\">Education artistique<\/a><\/div><\/div><div id=\"wplp_box_left_8883_8913\" class=\"wpcu-front-box left wpcu-custom-position\" ><div class=\"wplp-box-item\"><\/div><\/div><div id=\"wplp_box_right_8883_8913\" class=\"wpcu-front-box right wpcu-custom-position\" ><div class=\"wplp-box-item\"><\/div><\/div><div id=\"wplp_box_bottom_8883_8913\" class=\"wpcu-front-box bottom \" ><div class=\"wplp-box-item\"><a href=\"https:\/\/vtest1.college-lapierre.fr\/?page_id=8913\"  class=\"author\">PJ CABANEL<\/a><a href=\"https:\/\/vtest1.college-lapierre.fr\/?page_id=8913\"  class=\"date\">juillet 13, 2023<\/a><div class=\"category\"><a href=\"https:\/\/vtest1.college-lapierre.fr\/?cat=39\" title=\"View all posts in Education artistique\">Education artistique<\/a><\/div><a href=\"https:\/\/vtest1.college-lapierre.fr\/?page_id=8913\"  class=\"text\"><span style=\"max-height:2.8em\" class=\"line_limit\">D\u00e9couvrir les arts de la sc\u00e8ne : les 6\u00b0MCCOOL rencontrent la danse contemporainepar JC. COURDE16\/10\/2025\nLa semaine derni\u00e8re, les \u00e9l\u00e8ves de 6\u00b0MCCOOL ont pu rencontrer Janice B\u00e9lieu, danseuse professionnelle et soliste du spectacle \u00ab\u00a0Rites de passage\u00a0\u00bb, jou\u00e9 \u00e0 Brassens-Camus vendredi 10 octobre. Deux ateliers ont permis aux \u00e9l\u00e8ves de d\u00e9couvrir la pratique hip-hop de Janice B\u00e9lieu (\u00e9chauffements, mouvements, cr\u00e9ation d&rsquo;une chor\u00e9 de groupe) ce qui a bien pr\u00e9par\u00e9 nos \u00e9l\u00e8ves au spectacle. \n\n\n\n\n\n\n\nPendant une heure, assis en rond autour d&rsquo;un octogone figur\u00e9 sur le sol, les enfants de 6\u00b0MCCOOL et le public lormontais ont d\u00e9couvert un spectacle intense que Sylvie Balestra, la chor\u00e9graphe, a imagin\u00e9 comme un \u00ab\u00a0parcours que m\u00e8ne une soliste \u00e0 la recherche du seuil, du passage de son enfance d\u00e9j\u00e0 derri\u00e8re elle vers le monde adulte encore inaccessible.\u00a0\u00bb\n\n\n\nRites de passage \u00a9Compagnie Sylex_Nad\u00e8ge Le Lezec\n\n\n\nUne exp\u00e9rience forte et nouvelle pour les \u00e9l\u00e8ves et pour les profs qui nous a amen\u00e9 \u00e0 r\u00e9fl\u00e9chir sur ce passage si particulier qu&rsquo;est l&rsquo;adolescence tout en nous \u00e9merveillant des multiples trouvailles chor\u00e9graphiques cr\u00e9\u00e9es par la compagnie Sylex. \n\n\n\n\n\n\n\nhttps:\/\/sylex.fr\/fr\/creations\/rites-de-passage-ethnobrut\/\n\n\n\n\n\nSemaine du collectif : 06 au 10 octobre 2025par PJ CABANEL02\/10\/2025\n\n\nModeling\/Sculpting 3Dpar C. SOULADIE07\/07\/2025\nArts plastiques num\u00e9riques, classes de 6eme et 4eme\n\n\n\n\n\nCourt-m\u00e9trage : \u00ab\u00a0Entre les mots et la mort\u00a0\u00bbpar C. SOULADIE30\/06\/2025\nPourquoi faire un film en arts plastiques ?\n\n\n\n\n\n\n\nEn 3e F,  les \u00e9l\u00e8ves ont particip\u00e9 \u00e0 toutes les \u00e9tapes de la r\u00e9alisation d&rsquo;un film : sc\u00e9nario, r\u00e9alisation, tournage, jeu d\u2019acteur, montage, synchronisation image\/son et travail sur la colorim\u00e9trie.\n\n\n\nLe projet s\u2019appuie sur l\u2019histoire de l\u2019art, avec l\u2019\u00e9tude du th\u00e8me de l\u2019horreur via F.W. Murnau.\n\n\n\nCela permet de travailler la cr\u00e9ation, la technique, l\u2019analyse d\u2019images et le travail en \u00e9quipe, tout en d\u00e9veloppant la cr\u00e9ativit\u00e9 et la communication visuelle.\n\nMa BD num\u00e9rique !par C. SOULADIE30\/06\/2025\nNarration visuelle, composition, expressivit\u00e9 collective : arts plastiques, 5eme A et D , 2025\n\n\n\n\n\n\n\n\n\n\n\n\n\nLiaison \u00e9cole-coll\u00e8ge 2025 : un monde v\u00e9g\u00e9tal-digital !par C. SOULADIE29\/06\/2025\n\n\nStreet Emotionspar C. SOULADIE22\/06\/2025\nEt toi comment tu te sens ?\n\n\n\nProjet 3e : Communication et \u00e9motions\/Street ArtTravail en arts plastiques et en anglais autour de la gestion des \u00e9motions et de la communication, avec la participation de l\u2019artiste muraliste ELEART pour la r\u00e9alisation de fresques.\n\n\n\nstreet art lapierreT\u00e9l\u00e9charger\n\n\n\n\n\nS\u00e9jour au Futuroscope, projet \u00e9ducation musicalepar PJ CABANEL16\/04\/2025\ndu 02 au 04 avril 2025\n\n\n\nSuivez les actualit\u00e9s du s\u00e9jour au Futuroscope gr\u00e2ce au blog :https:\/\/www.myatlas.com\/coussiratagnes\/chantons-au-futuroscope\n\nProjets Mix&rsquo;art 2025 : et toi comment tu te sens ?par C. SOULADIE29\/01\/2025\nLes \u00e9l\u00e8ves de classes 3eme A,B et D ont enti\u00e8rement pens\u00e9, con\u00e7u et finalis\u00e9 deux fresques de cinq m\u00e8tres de long sur un m\u00e8tre de large, sur le th\u00e8me de la \u00ab\u00a0gestion des \u00e9motions et de la communication\u00a0\u00bb, avec l&rsquo;artiste plasticienne-muraliste ELEART, en r\u00e9sidence quatre jours au coll\u00e8ge Georges Lapierre.\n\n\n\n Enjoy Street art !\n\n\n\n\n\n\n\n\nhttps:\/\/vimeo.com\/1051665914\n\n\n\n\n\nhttps:\/\/vimeo.com\/1051672192\n\n\n\n\nLes films sont r\u00e9alis\u00e9s par M\u00e9lanie SCIPPA.\n\nENGLISH FACILITY !par C. SOULADIE08\/09\/2024\nVacances apprenantes\n\n\n\n\nhttps:\/\/vimeo.com\/1004205433\n\n\n\n\nCapsule de savoir \u00ab\u00a0parler anglais\u00a0\u00bbAnglais \/ arts plastiques num\u00e9riquesAo\u00fbt 2024\n\n\n\n\n\nChoeur de l&rsquo;Op\u00e9ra national de Bordeauxpar A. RICQUEBOURG07\/09\/2024\nCette ann\u00e9e, le coll\u00e8ge a c\u00e9l\u00e9br\u00e9 la rentr\u00e9e en musique avec un partenaire d&rsquo;exception : le choeur de l&rsquo;Op\u00e9ra national de Bordeaux, dirig\u00e9 par Salvatore Caputo, chef de choeur qui s&rsquo;est produit sur les sc\u00e8nes les plus prestigieuses du monde (Buenos Aires, Naples, San Francisco, Saint-P\u00e9tersbourg, Hong Kong, Toronto, Tokyo, etc.).\n\n\n\n\n\n\n\nEnviron 250 \u00e9l\u00e8ves, accompagn\u00e9s de leurs professeurs, ont pu d\u00e9couvrir des extraits, tir\u00e9s du r\u00e9pertoire lyrique d&rsquo;Offenbach, dans un contexte privil\u00e9gi\u00e9.\n\n\n\n\n\n\n\nNous avons tous \u00e9t\u00e9 saisis par les voix du choeur : tant\u00f4t puissantes, tant\u00f4t cristallines. La clart\u00e9 des tessitures donne un relief particulier \u00e0 la polyphonie et contribue \u00e0 plonger les \u00e9l\u00e8ves dans un patrimoine musical inhabituel pour beaucoup. Toutefois, le professionnalisme n&rsquo;a pas \u00e9t\u00e9 le seul mot d&rsquo;ordre de cette prestation : la jovialit\u00e9 s&rsquo;est, elle aussi, introduite. \n\n\n\n\n\n\n\n\n\nSalvatore Caputo a naturellement fait participer le public, en invitant une \u00e9l\u00e8ve \u00e0 venir diriger le choeur&#8230; Un moment qu&rsquo;elle risque de ne pas oublier !  \n\n\n\n\n\n\n\nNous le remercions chaleureusement, ainsi que tous les artistes du choeur et le pianiste accompagnateur. Cet \u00e9v\u00e8nement exceptionnel n&rsquo;aurait pas vu le jour sans la participation du service \u00e0 l&rsquo;\u00e9ducation artistique et culturelle de l&rsquo;Op\u00e9ra national de Bordeaux, \u00e0 qui nous adressons notre sinc\u00e8re reconnaissance.\n\n\n\n\n\nLes ateliers d&rsquo;arts au coll\u00e8gepar C. SOULADIE29\/06\/2024\n\nhttps:\/\/vimeo.com\/971792779\nAtelier beaux-arts : dessin au fusain, pastel, sanguineAtelier arts num\u00e9riques ; modeling\/sculpting 3D, traitement de l&rsquo;image, IA, vid\u00e9o\n\nLes mascottes de Jeux de Lormont !par C. SOULADIE26\/06\/2024\n\nhttps:\/\/vimeo.com\/969195550?share=copy \nLiaison \u00e9cole-coll\u00e8ge, E.E. Condorcet, classe de Cm2-James Cook &#8211; 6eme Altius coll\u00e8ge G. Lapierre &#8211; Lormont.Pratique arts num\u00e9riques de modeling\/sculpting\/3D.Mai-juin 2024\n\nDes li\u00e8vres et des tortues : dessins anim\u00e9s !par C. SOULADIE26\/06\/2024\n\nhttps:\/\/vimeo.com\/969139000?share=copy \nLiaison \u00e9cole-coll\u00e8ge : E. E. Condorcet-Lormont- classe CM2-Murakami et 6e Woodkid &#8211; coll\u00e8ge G. Lapierre.Travail en arts plastiques num\u00e9riques, illustrations et mise en imageries num\u00e9riques par les \u00e9l\u00e8ves.Mai \/juin 2024\n\nSuper h\u00e9ro\u00efnes-h\u00e9roes : from angoul\u00e8me to Brussels !par C. SOULADIE25\/06\/2024\n\nhttps:\/\/vimeo.com\/968241089?share=copy\nProjet EAC-anglais-arts plastiques-Fan\u00e7ais-histoire-EMC-mobilit\u00e9Classes de 5eme Raoni et Surfrider2023\/2024\n\nDRACULARDE, ou l&rsquo;\u00e9galit\u00e9 femme-homme chez les vampires&#8230;.par C. SOULADIE19\/06\/2024\n\nhttps:\/\/vimeo.com\/962576388?share=copy\n\n\n\n\nCourt m\u00e9trage con\u00e7u et r\u00e9alis\u00e9 par les \u00e9l\u00e8ves des 3eme Kahlo et ParexcDirection de projet par les m\u00e9diateurs multim\u00e9dias \/Fablab M\u00e9diath\u00e8que du Bois Fleuri &#8211; LormontArts plastiques num\u00e9riques \/ fran\u00e7ais \/ EMCColl\u00e8ge G. Lapierre-Lormont-2024\n\nEscalade 2024 !par C. SOULADIE19\/06\/2024\n\nhttps:\/\/vimeo.com\/962554629?share=copy\nProjet \u00ab\u00a0Escalade en EPS\u00a0\u00bb , 3eme Kahlo et BocuseMise en image par les \u00e9l\u00e8ves : arts plastiques num\u00e9riques\n\nS\u00e9jour \u00e0 Bruxelles (avril 2024) : retour sur ce projet en interviewpar PJ CABANEL24\/05\/2024\n\n\n\n\n\n\n\n\n\n\n\n\n\n\nMix&rsquo;Art s&rsquo;expose !par C. SOULADIE12\/05\/2024\nLes productions de peintures-graffs des \u00e9l\u00e8ves des 6e Elis et Milliat sur le th\u00e8me de \u00ab\u00a0l&rsquo;\u00e9galit\u00e9 femme\/homme dans le sport\u00a0\u00bb ont \u00e9t\u00e9 expos\u00e9es au centre Brassens-Camus  \u00e0 Lormont, lors du Festival des Cultures Urbaines en avril 2024.\n\n\n\n\nhttps:\/\/vimeo.com\/943382131?share=copy\n\n\nProjection des films de l&rsquo;Atelier Cin\u00e9ma mardi 21 mai 2024 \u00e0 18h30par PJ CABANEL03\/05\/2024\n\n\n\n\n\n\nS\u00e9jour \u00e0 Bruxelles, 5epar PJ CABANEL09\/04\/2024\nLes \u00e9l\u00e8ves et les personnels accompagnant le s\u00e9jour \u00e0 Bruxelles se sont retrouv\u00e9s ce mardi 09 avril 2024 vers 8h du matin \u00e0 la gare Saint Jean de Bordeaux pour d\u00e9marrer leur p\u00e9riple de 3 jours dans la capitale belge. Ils poursuivent et finalisent ainsi un projet interclasses et interdisciplinaire (fran\u00e7ais, anglais, arts-plastiques, histoire et g\u00e9ographie) autour de la bande dessin\u00e9e.\n\n\n\nPremi\u00e8re \u00e9tape : Bordeaux \/ Paris Montparnasse en TGV.\n\n\n\n\n\n\n\n\n\nPoursuites insolites !!par C. SOULADIE20\/03\/2024\nArts plastiques num\u00e9riques, classes de 5eme \n\n\n\n\nhttps:\/\/vimeo.com\/925578600\nAnimations en volume\n\nMon avatar expressif !par C. SOULADIE28\/01\/2024\nArts plastiques-num\u00e9riques \n\n\n\n\n\nLa sixi\u00e8me COMANECI enregistre au studio !par A. RICQUEBOURG18\/12\/2023\/*! elementor &#8211; v3.18.0 &#8211; 20-12-2023 *\/\n.elementor-widget-image{text-align:center}.elementor-widget-image a{display:inline-block}.elementor-widget-image a img[src$=\u00a0\u00bb.svg\u00a0\u00bb]{width:48px}.elementor-widget-image img{vertical-align:middle;display:inline-block}\t\t\t\t\t\t\t\t\t\t\t\t\t\t\t\t\t\t\t\t\t\t\t\t\t\t\t\n\t\t\t\t\t\t\t\t\t\t\t\t\t\t\t\t\t\t\t\t\t\t\t\t\t\t\t\t\t\t\n\t\t\t\t\t\t\t\t\t\t\t\t\t\t\t\t\t\t\t\t\t\t\t\t\t\t\t\t\t\t\n\t\t\t\t\t\t\t\t\t\t\t\t\t\t\t\t\t\t\t\t\t\t\t\t\t\t\t\t\t\t\n\t\t\t\t\t\t\t\t\t\t\t\t\t\t\t\t\t\t\t\t\t\t\t\t\t\t\t\t\t\t\n\t\t\t\t\t\t\t\t\t\t\t\t\t\t\t\t\t\t\t\t\t\t\t\t\t\t\t\t\t\t\n\t\t\t\t\t\t\t\t\t\t\t\t\t\t\t\t\t\t\t\t\t\t\t\t\t\t\t\t\t\t\n\t\t\t\t\t\t\t\t\t\t\t\t\t\t\t\t\t\t\t\t\t\t\t\t\t\t\t\t\t\t\n\t\t\t\t\t\t\t\t\t\t\t\t\t\t\t\t\t\t\t\t\t\t\t\t\t\t\t\t\t\t\n\t\tNous remercions chaleureusement la cit\u00e9 \u00e9ducative de participer \u00e0 ce projet d&rsquo;envergure &#8211; dont qu&rsquo;une seule partie n&rsquo;est finie ! -, par le biais d&rsquo;acteurs locaux extr\u00eamement comp\u00e9tents (association Ricochet sonore) qui sollicitent des intervenants r\u00e9alisant un travail de tr\u00e8s grande qualit\u00e9 avec les \u00e9l\u00e8ves (\u00ab\u00a0Le sens du son\u00a0\u00bb, chapeaut\u00e9 par Simon Vergoz).Bravo, une fois de plus, aux \u00e9l\u00e8ves, qui ont d\u00e9ploy\u00e9 un investissement inalt\u00e9rable durant toute cette premi\u00e8re p\u00e9riode.\u00a0\u00a0\t\t\n\t\t\t\t\t\t\t\t\t\t\t\t\t\t\t\t\t\t\t\t\t\t\t\t\t\t\t\t\t\t\n\t\t\t\t\t\t\t\t\t\t\t\t\t\t\t\t\t\t\t\t\t\t\t\t\t\t\t\t\t\t\n\t\tNous avons h\u00e2te d&rsquo;entendre la version avec le mixage final et d&rsquo;amorcer la deuxi\u00e8me partie du projet : le clip !\nAidez le projet S\u00e9jours \u00e0 Bruxelles : partagez le lien vers la Trousse \u00e0 projetspar PJ CABANEL23\/11\/2023\/*! elementor &#8211; v3.17.0 &#8211; 08-11-2023 *\/\n.elementor-widget-image{text-align:center}.elementor-widget-image a{display:inline-block}.elementor-widget-image a img[src$=\u00a0\u00bb.svg\u00a0\u00bb]{width:48px}.elementor-widget-image img{vertical-align:middle;display:inline-block}\t\t\t\t\t\t\t\t\t\t\t\t\t\t\t\t\t\t\t\t\t\t\t\t\t\t\t\n\t\t\nBonjour,\n\n\nParents, personnels, professeurs, \u00e9l\u00e8ves&#8230;\n\n\nVous pouvez nous aider pour financer le projet \u00ab\u00a0Dans la peau d&rsquo;une h\u00e9ro\u00efne\/d&rsquo;un h\u00e9ros de BD d&rsquo;Angoul\u00eame \u00e0 Bruxelles.\u00a0\u00bb\n\n\nLe projet a \u00e9t\u00e9 s\u00e9lectionn\u00e9 par La Trousse \u00e0 projets qui permet de lancer une cagnotte afin de financer des projets p\u00e9dagogiques ambitieux pour les \u00e9l\u00e8ves.\n\n\nGr\u00e2ce au lien suivant, les entreprises et les particuliers pourront donner de l&rsquo;argent pour ce projet et ainsi diminuer la participation pour les \u00e9l\u00e8ves.\n\n\nLes dons ouvrent droit \u00e0 une d\u00e9duction fiscale \u00e0 hauteur de :\n\n\n\n60% du don effectu\u00e9 pour les entreprises (un don de 100\u20ac ne co\u00fbtera que 40\u20ac),\n\n\n66% du don effectu\u00e9 pour les particuliers (un don de 100\u20ac ne co\u00fbtera que 36\u20ac).\n\n\n\nhttps:\/\/trousseaprojets.fr\/projet\/7477-dans-la-peau-d-une-heroine-d-un-heros-de-bd-d-angouleme-a-bruxelles\n\n\nNous vous remercions pour le partage le plus large possible autour de vous de ce lien (entreprises, familles, proches, etc) et sur vos r\u00e9seaux sociaux pr\u00e9f\u00e9r\u00e9s. Nous comptons sur vous pour r\u00e9ussir \u00e0 obtenir l&rsquo;objectif fix\u00e9 par l&rsquo;\u00e9quipe.\n\n\nPour toute information compl\u00e9mentaire, vous pouvez contacter le coll\u00e8ge Georges Lapierre (poste 4) ou nous \u00e9crire \u00e0 s.segpa@college-lapierre.fr\n\n\nPierre-Jean CABANEL\n\n\npour l&rsquo;\u00e9quipe du projet \u00ab\u00a0Dans la peau d&rsquo;une h\u00e9ro\u00efne\/d&rsquo;un h\u00e9ros de BD d&rsquo;Angoul\u00eame \u00e0 Bruxelles.\u00a0\u00bb\n\nMix Art Jour 4 &#8211; Suite et fin du projetpar M.SCIPPA14\/11\/2023\n\n\nProjet Mix Art &#8211; Jour 3par M.SCIPPA10\/11\/2023\n\n\nProjet Mix Art &#8211; Jour 2par M.SCIPPA09\/11\/2023\n\nhttps:\/\/tube-action-educative.apps.education.fr\/w\/pXZXYEuj1WgJmzNTdYApBs\n\n\nProjet Mix Art &#8211; Jour 1par M.SCIPPA07\/11\/2023\n\n\n\u00ab\u00a0Dans la peau d\u2019un h\u00e9ros de Bande dessin\u00e9e\u00a0\u00bb Etape 1\u00a0:\u00a0 Angoul\u00eamepar M.SCIPPA20\/10\/2023\nJeudi 19 Octobre 2023, les classes de 5\u00e8me RAONI et 5\u00e8me SURFRIDER se sont rendues \u00e0 Angoul\u00eame, dans le cadre du projet p\u00e9dagogique intitul\u00e9 \u00ab\u00a0De Angoul\u00eame \u00e0 Bruxelles, dans la peau d\u2019un h\u00e9ros de Bande dessin\u00e9e\u00a0\u00bb.\n\n\n\nLes \u00e9l\u00e8ves ont pu d\u00e9couvrir cette ville impr\u00e9gn\u00e9e de l\u2019univers BD\u00a0! Du nom des rues aux enseignes des magasins, en passant par l\u2019habillage des autobus tout est fait pour vous mettre dans l\u2019ambiance.\n\n\n\nAu programme de cette journ\u00e9e\u00a0:\n\n\n\n\nVisite du mus\u00e9e de la Bande dessin\u00e9e et de la librairie.\n\n\n\nAtelier\u00a0: \u00ab\u00a0Cr\u00e9er son propre h\u00e9ros\u00a0\u00bb anim\u00e9 par un illustrateur.\n\n\n\nCircuit des murs peints au c\u0153ur de la ville.\n\n\n\n\nCe projet se poursuivra prochainement avec l\u2019exposition sur \u00ab\u00a0Tintin\u00a0\u00bb au bassin des lumi\u00e8res puis un s\u00e9jour p\u00e9dagogique \u00e0 Bruxelles.<\/span><span style=\"margin-left:3px; max-height:2.8em\" class=\"line_limit\"> [...]<\/span><\/a><span class=\"custom_fields\">\n<!-- WPLP Unknown field: Custom_Fields -->\n<\/span><a href=\"https:\/\/vtest1.college-lapierre.fr\/?page_id=8913\"  class=\"read-more\">Lire la suite\u2026<\/a><\/div><\/div><\/div><\/div><div class=\"swiper-slide\" style=\"\"><div class=\"insideframe\"><div id=\"wplp_box_top_8883_94\" class=\"wpcu-front-box top equalHeightImg\" ><div class=\"wplp-box-item\"><a href=\"https:\/\/vtest1.college-lapierre.fr\/?page_id=94\"  class=\"thumbnail\"><span class=\"img_cropper\" style=\"margin-right:4px;margin-bottom:4px;max-width:100%;\"><img decoding=\"async\" src=\"https:\/\/vtest1.college-lapierre.fr\/wp-content\/plugins\/wp-latest-posts\/img\/default-image.svg\" style=\"aspect-ratio:4\/3;\" srcset=\"\" alt=\"Mentions l\u00e9gales\"  class=\"swiper-lazy wplp_default\" \/><div class=\"swiper-lazy-preloader\"><\/div><\/span><\/a><a href=\"https:\/\/vtest1.college-lapierre.fr\/?page_id=94\"  class=\"title\">Mentions l\u00e9gales<\/a><\/div><\/div><div id=\"wplp_box_left_8883_94\" class=\"wpcu-front-box left wpcu-custom-position\" ><div class=\"wplp-box-item\"><\/div><\/div><div id=\"wplp_box_right_8883_94\" class=\"wpcu-front-box right wpcu-custom-position\" ><div class=\"wplp-box-item\"><\/div><\/div><div id=\"wplp_box_bottom_8883_94\" class=\"wpcu-front-box bottom \" ><div class=\"wplp-box-item\"><a href=\"https:\/\/vtest1.college-lapierre.fr\/?page_id=94\"  class=\"author\">PJ CABANEL<\/a><a href=\"https:\/\/vtest1.college-lapierre.fr\/?page_id=94\"  class=\"date\">d\u00e9cembre 23, 2022<\/a><a href=\"https:\/\/vtest1.college-lapierre.fr\/?page_id=94\"  class=\"text\"><span style=\"max-height:2.8em\" class=\"line_limit\">Identification de l\u2019\u00e9diteurColl\u00e8ge Georges LAPIERRE2, rue Pierre BROSSOLETTE33305 Lormont CedexStandard : 05 57 80 10 25\n\n\n\nDirecteur de la publication\u00ab Au sens de l\u2019article 93-2 de la loi n\u00b0 82-652 du 29 juillet 1982. \u00bbMonsieur Thi\u00e9bault KOCH, Chef d\u2019\u00e9tablissement.\n\n\n\nPrestataire d\u2019h\u00e9bergementNuxit \u2013 groupe Magic Online97-97 bis rue du G\u00e9n\u00e9ral Mangin38100 GRENOBLECourriel : support@phpnet.orgTel : (+33) 04 82 53 02 10Fax : (+33) 04 58 00 51 46https:\/\/www.nuxit.com\/\n\n\n\nTraitement des donn\u00e9es \u00e0 caract\u00e8re personnelcollege-lapierre.fr n\u2019a pas fait l\u2019objet d\u2019une d\u00e9claration \u00e0 la Commission Nationale de l\u2019Informatique et des Libert\u00e9s (CNIL).\n\n\n\nCookiesConform\u00e9ment aux dispositions de la loi n\u00b0 78-17 du 6 janvier 1978 relative \u00e0 l\u2019informatique, aux fichiers et aux libert\u00e9s, vous disposez d\u2019un droit d\u2019acc\u00e8s, de modification, de rectification et de suppression des donn\u00e9es qui vous concernent. Pour demander une modification, rectification ou suppression des donn\u00e9es vous concernant, il vous suffit d\u2019envoyer un courrier par voie \u00e9lectronique ou postale \u00e0 la DILA en justifiant de votre identit\u00e9.Prestataires :Site d\u00e9velopp\u00e9 au sein du coll\u00e8ge et mis \u00e0 jour par nos soins\n\n\n\nLogiciel utilis\u00e9&nbsp;:WordPress\n\n\n\nConditions d\u2019utilisation\u00a0:Ce site (https:\/\/college-lapierre.fr) est propos\u00e9 en diff\u00e9rents langages web (PHP, HTML5, Javascript, CSS\u2026) pour un meilleur confort d\u2019utilisation et un graphisme plus agr\u00e9able, nous vous recommandons de recourir \u00e0 des navigateurs modernes comme Edge, Safari, Firefox, Google Chrome, Op\u00e9ra, etc\u2026\n\n\n\nLe coll\u00e8ge Georges Lapierre met en \u0153uvre tous les moyens dont il dispose, pour assurer une information fiable et une mise \u00e0 jour fiable de son site internet. Toutefois, des erreurs ou omissions peuvent survenir. L\u2019internaute devra donc s\u2019assurer de l\u2019exactitude des informations, et signaler toutes modifications du site qu\u2019il jugerait utile. Le coll\u00e8ge Georges Lapierre n\u2019est en aucun cas responsable de l\u2019utilisation faite de ces informations, et de tout pr\u00e9judice direct ou indirect pouvant en d\u00e9couler.\n\n\n\nCookies\u00a0:Le site college-lapierre.fr est amen\u00e9 \u00e0 vous demander l\u2019acceptation des cookies pour des besoins de statistiques et d\u2019affichage. Un cookies est une information d\u00e9pos\u00e9e sur votre disque dur par le serveur du site que vous visitez. Il contient plusieurs donn\u00e9es qui sont stock\u00e9es sur votre ordinateur dans un simple fichier texte auquel un serveur acc\u00e8de pour lire et enregistrer des informations. Certaines parties de ce site ne peuvent \u00eatre fonctionnelles sans l\u2019acceptation de cookies.\n\n\n\nLiens hypertextes\u00a0:Le site internet college-lapierre.fr peut offrir des liens vers d\u2019autres sites internet ou d\u2019autres ressources disponibles sur Internet. Le coll\u00e8ge ne dispose d\u2019aucun moyen pour contr\u00f4ler les sites en connexion avec ses pages, et ne r\u00e9pond pas de la disponibilit\u00e9 de tels sites et sources externes ni ne la garantie. Il ne peut \u00eatre tenu pour responsable de tout dommage, de quelque nature que ce soit, r\u00e9sultant du contenu de ces sites ou sources externes, et notamment des informations, produits ou services qu\u2019ils proposent, ou de tout usage qui peut \u00eatre fait de ces \u00e9l\u00e9ments. Les risques li\u00e9s \u00e0 cette utilisation incombent pleinement \u00e0 l\u2019internaute, qui doit se conformer \u00e0 leurs conditions d\u2019utilisation.\n\n\n\nPropri\u00e9t\u00e9 intellectuelle\u00a0:\u00a0Tout site public ou priv\u00e9 est autoris\u00e9 \u00e0 \u00e9tablir, sans autorisation pr\u00e9alable, un lien vers les informations diffus\u00e9es sur college-lapierre.fr. En revanche, les pages du site ne doivent pas \u00eatre imbriqu\u00e9es \u00e0 l\u2019int\u00e9rieur des pages d\u2019un autre site.\n\n\n\nContact\u00a0:https:\/\/college-lapierre.fr\/nous-contacter\/<\/span><span style=\"margin-left:3px; max-height:2.8em\" class=\"line_limit\"> [...]<\/span><\/a><span class=\"custom_fields\">\n<!-- WPLP Unknown field: Custom_Fields -->\n<\/span><a href=\"https:\/\/vtest1.college-lapierre.fr\/?page_id=94\"  class=\"read-more\">Lire la suite\u2026<\/a><\/div><\/div><\/div><\/div><div class=\"swiper-slide\" style=\"\"><div class=\"insideframe\"><div id=\"wplp_box_top_8883_42\" class=\"wpcu-front-box top equalHeightImg\" ><div class=\"wplp-box-item\"><a href=\"https:\/\/vtest1.college-lapierre.fr\/?page_id=42\"  class=\"thumbnail\"><span class=\"img_cropper\" style=\"margin-right:4px;margin-bottom:4px;max-width:100%;\"><img decoding=\"async\" src=\"https:\/\/vtest1.college-lapierre.fr\/wp-content\/plugins\/wp-latest-posts\/img\/default-image.svg\" style=\"aspect-ratio:4\/3;\" srcset=\"\" alt=\"Pronote &#038; Services en ligne\"  class=\"swiper-lazy wplp_default\" \/><div class=\"swiper-lazy-preloader\"><\/div><\/span><\/a><a href=\"https:\/\/vtest1.college-lapierre.fr\/?page_id=42\"  class=\"title\">Pronote &#038; Services en ligne<\/a><\/div><\/div><div id=\"wplp_box_left_8883_42\" class=\"wpcu-front-box left wpcu-custom-position\" ><div class=\"wplp-box-item\"><\/div><\/div><div id=\"wplp_box_right_8883_42\" class=\"wpcu-front-box right wpcu-custom-position\" ><div class=\"wplp-box-item\"><\/div><\/div><div id=\"wplp_box_bottom_8883_42\" class=\"wpcu-front-box bottom \" ><div class=\"wplp-box-item\"><a href=\"https:\/\/vtest1.college-lapierre.fr\/?page_id=42\"  class=\"author\">PJ CABANEL<\/a><a href=\"https:\/\/vtest1.college-lapierre.fr\/?page_id=42\"  class=\"date\">d\u00e9cembre 23, 2022<\/a><a href=\"https:\/\/vtest1.college-lapierre.fr\/?page_id=42\"  class=\"text\"><span style=\"max-height:2.8em\" class=\"line_limit\">Connexion \u00e0 PRONOTE\n\n\n\nL&rsquo;application pour suivre la scolarit\u00e9 de votre enfant au coll\u00e8ge Lapierre : emploi du temps, devoirs, absences, \u00e9valuations, notes, discipline&#8230;\n\n\n\n\n\n\n\nVous pouvez installer l&rsquo;application Pronote sur votre t\u00e9l\u00e9phone pour suivre facilement toutes les informations concernant votre enfant et le coll\u00e8ge.\n\n\n\n\n\nAdresse PRONOTE fournie par l&rsquo;\u00e9tablissement : https:\/\/0331619f.index-education.net\/pronote\/\n\n\n\nConnexion \u00e0 EDUGAR\n\n\n\nL&rsquo;ENT (Espace Num\u00e9rique de Travail) du coll\u00e8ge : les \u00e9l\u00e8ves s&rsquo;y connectent pour acc\u00e9der \u00e0 certaines applications : PIX (\u00e9valuation des comp\u00e9tences num\u00e9riques), se pr\u00e9parer aux attestations de s\u00e9curit\u00e9 routi\u00e8re (ASSR1, ASSR2)\n\n\n\nConnexion \u00e0 EDUCONNECT\n\n\n\nUn compte unique pour les services num\u00e9riques des \u00e9coles et des \u00e9tablissements. Le compte \u00c9duConnect peut donner acc\u00e8s&nbsp;:\n\n\n\n\naux d\u00e9marches en ligne, comme la fiche de renseignements, la demande de bourse, etc&nbsp;;\n\n\n\n\u00e0 l\u2019espace num\u00e9rique de travail (ENT)&nbsp;;\n\n\n\nau livret scolaire\n\n\n\n\n\n\n\n\nTURBOSELF : restauration scolaire\n\n\n\nIl est d\u00e9sormais possible de recharger les cartes de restauration en ligne pour les personnels et les \u00e9l\u00e8ves non demi-pensionnaires qui mangent r\u00e9guli\u00e8rement au restaurant scolaire du coll\u00e8ge..\n\n\n\nAfin de limiter le traitement des esp\u00e8ces et ch\u00e8ques, je vous demanderai de privil\u00e9gier ce processus.\n\n\n\nPour cela, il faut suivre les \u00e9tapes simples suivantes :\n\n\n\n1. La premi\u00e8re fois,&nbsp; il vous faut cr\u00e9er votre compte Turboself via le lien ci-dessous (moins de 30 secondes requises) :\n\n\n\n\n&#8211; soit via l&rsquo;application en scannant le QR code ci-joint&nbsp; (m\u00e9thode plus simple). Le QR code sera aussi affich\u00e9 en salle des personnels.\n\n\n\n\n\n\n\n&#8211; soit via le lien internet en recopiant le lien suivant dans votre barre de recherche :\n\n\n\n\nhttps:\/\/espacenumerique.turbo-self.com\/Connexion.aspx?id=5062\n\n\n\n\n\n2. Sous&nbsp; 48h maximum, vous recevrez un mail de confirmation et pourrez alors recharger votre carte r\u00e9guli\u00e8rement.\n\n\n\nSi besoin, n&rsquo;h\u00e9sitez pas \u00e0 vous rapprocher vous du secr\u00e9tariat de gestion qui pourra vous aider.<\/span><span style=\"margin-left:3px; max-height:2.8em\" class=\"line_limit\"> [...]<\/span><\/a><span class=\"custom_fields\">\n<!-- WPLP Unknown field: Custom_Fields -->\n<\/span><a href=\"https:\/\/vtest1.college-lapierre.fr\/?page_id=42\"  class=\"read-more\">Lire la suite\u2026<\/a><\/div><\/div><\/div><\/div><div class=\"swiper-slide\" style=\"\"><div class=\"insideframe\"><div id=\"wplp_box_top_8883_40\" class=\"wpcu-front-box top equalHeightImg\" ><div class=\"wplp-box-item\"><a href=\"https:\/\/vtest1.college-lapierre.fr\/?page_id=40\"  class=\"thumbnail\"><span class=\"img_cropper\" style=\"margin-right:4px;margin-bottom:4px;max-width:100%;\"><img decoding=\"async\" src=\"https:\/\/vtest1.college-lapierre.fr\/wp-content\/plugins\/wp-latest-posts\/img\/default-image.svg\" style=\"aspect-ratio:4\/3;\" srcset=\"\" alt=\"ULIS\"  class=\"swiper-lazy wplp_default\" \/><div class=\"swiper-lazy-preloader\"><\/div><\/span><\/a><a href=\"https:\/\/vtest1.college-lapierre.fr\/?page_id=40\"  class=\"title\">ULIS<\/a><\/div><\/div><div id=\"wplp_box_left_8883_40\" class=\"wpcu-front-box left wpcu-custom-position\" ><div class=\"wplp-box-item\"><\/div><\/div><div id=\"wplp_box_right_8883_40\" class=\"wpcu-front-box right wpcu-custom-position\" ><div class=\"wplp-box-item\"><\/div><\/div><div id=\"wplp_box_bottom_8883_40\" class=\"wpcu-front-box bottom \" ><div class=\"wplp-box-item\"><a href=\"https:\/\/vtest1.college-lapierre.fr\/?page_id=40\"  class=\"author\">PJ CABANEL<\/a><a href=\"https:\/\/vtest1.college-lapierre.fr\/?page_id=40\"  class=\"date\">d\u00e9cembre 23, 2022<\/a><a href=\"https:\/\/vtest1.college-lapierre.fr\/?page_id=40\"  class=\"text\"><span style=\"max-height:2.8em\" class=\"line_limit\">Vous trouverez ici les articles concernant l&rsquo;ULIS\n\n\nFournitures ULISpar PJ CABANEL21\/06\/2024<\/span><span style=\"margin-left:3px; max-height:2.8em\" class=\"line_limit\"> [...]<\/span><\/a><span class=\"custom_fields\">\n<!-- WPLP Unknown field: Custom_Fields -->\n<\/span><a href=\"https:\/\/vtest1.college-lapierre.fr\/?page_id=40\"  class=\"read-more\">Lire la suite\u2026<\/a><\/div><\/div><\/div><\/div><div class=\"swiper-slide\" style=\"\"><div class=\"insideframe\"><div id=\"wplp_box_top_8883_38\" class=\"wpcu-front-box top equalHeightImg\" ><div class=\"wplp-box-item\"><a href=\"https:\/\/vtest1.college-lapierre.fr\/?page_id=38\"  class=\"thumbnail\"><span class=\"img_cropper\" style=\"margin-right:4px;margin-bottom:4px;max-width:100%;\"><img decoding=\"async\" src=\"https:\/\/vtest1.college-lapierre.fr\/wp-content\/plugins\/wp-latest-posts\/img\/default-image.svg\" style=\"aspect-ratio:4\/3;\" srcset=\"\" alt=\"SEGPA\"  class=\"swiper-lazy wplp_default\" \/><div class=\"swiper-lazy-preloader\"><\/div><\/span><\/a><a href=\"https:\/\/vtest1.college-lapierre.fr\/?page_id=38\"  class=\"title\">SEGPA<\/a><\/div><\/div><div id=\"wplp_box_left_8883_38\" class=\"wpcu-front-box left wpcu-custom-position\" ><div class=\"wplp-box-item\"><\/div><\/div><div id=\"wplp_box_right_8883_38\" class=\"wpcu-front-box right wpcu-custom-position\" ><div class=\"wplp-box-item\"><\/div><\/div><div id=\"wplp_box_bottom_8883_38\" class=\"wpcu-front-box bottom \" ><div class=\"wplp-box-item\"><a href=\"https:\/\/vtest1.college-lapierre.fr\/?page_id=38\"  class=\"author\">PJ CABANEL<\/a><a href=\"https:\/\/vtest1.college-lapierre.fr\/?page_id=38\"  class=\"date\">d\u00e9cembre 23, 2022<\/a><div class=\"category\"><a href=\"https:\/\/vtest1.college-lapierre.fr\/?cat=19\" title=\"View all posts in SEGPA\">SEGPA<\/a><\/div><a href=\"https:\/\/vtest1.college-lapierre.fr\/?page_id=38\"  class=\"text\"><span style=\"max-height:2.8em\" class=\"line_limit\">TAXE D&rsquo;APPRENTISAGE\n\n\n\nVous trouverez ici les articles concernant la SEGPA\n\n\nORIENTATION : ressources vid\u00e9ospar PJ CABANEL31\/03\/2026Vous trouverez sur cette cha\u00eene de nombreuses vid\u00e9os sur les formations : https:\/\/tube-action-educative.apps.education.fr\/c\/orientation_college_georges.lapierre\/videos\nSemaine du collectif : 06 au 10 octobre 2025par PJ CABANEL02\/10\/2025\nRentr\u00e9e 2025par PJ CABANEL10\/07\/2025Listes des fournitures (2025-2026) : classes g\u00e9n\u00e9rales Listes des fournitures (2025-2026) : classes SEGPA\nFournitures scolaires 3e SEGPApar PJ CABANEL08\/07\/2025\nFournitures scolaires 4e SEGPApar PJ CABANEL08\/07\/2025<\/span><span style=\"margin-left:3px; max-height:2.8em\" class=\"line_limit\"> [...]<\/span><\/a><span class=\"custom_fields\">\n<!-- WPLP Unknown field: Custom_Fields -->\n<\/span><a href=\"https:\/\/vtest1.college-lapierre.fr\/?page_id=38\"  class=\"read-more\">Lire la suite\u2026<\/a><\/div><\/div><\/div><\/div><div class=\"swiper-slide\" style=\"\"><div class=\"insideframe\"><div id=\"wplp_box_top_8883_36\" class=\"wpcu-front-box top equalHeightImg\" ><div class=\"wplp-box-item\"><a href=\"https:\/\/vtest1.college-lapierre.fr\/?page_id=36\"  class=\"thumbnail\"><span class=\"img_cropper\" style=\"margin-right:4px;margin-bottom:4px;max-width:100%;\"><img decoding=\"async\" src=\"https:\/\/vtest1.college-lapierre.fr\/wp-content\/uploads\/2025\/11\/Orga-Lapierre-25-26-300x212.jpg\" style=\"aspect-ratio:4\/3;\" srcset=\"\" alt=\"LE COLLEGE\" class=\"swiper-lazy wplp_thumb\" \/><div class=\"swiper-lazy-preloader\"><\/div><\/span><\/a><a href=\"https:\/\/vtest1.college-lapierre.fr\/?page_id=36\"  class=\"title\">LE COLLEGE<\/a><\/div><\/div><div id=\"wplp_box_left_8883_36\" class=\"wpcu-front-box left wpcu-custom-position\" ><div class=\"wplp-box-item\"><\/div><\/div><div id=\"wplp_box_right_8883_36\" class=\"wpcu-front-box right wpcu-custom-position\" ><div class=\"wplp-box-item\"><\/div><\/div><div id=\"wplp_box_bottom_8883_36\" class=\"wpcu-front-box bottom \" ><div class=\"wplp-box-item\"><a href=\"https:\/\/vtest1.college-lapierre.fr\/?page_id=36\"  class=\"author\">PJ CABANEL<\/a><a href=\"https:\/\/vtest1.college-lapierre.fr\/?page_id=36\"  class=\"date\">d\u00e9cembre 23, 2022<\/a><div class=\"category\"><a href=\"https:\/\/vtest1.college-lapierre.fr\/?cat=12\" title=\"View all posts in LE COLLEGE\">LE COLLEGE<\/a><\/div><a href=\"https:\/\/vtest1.college-lapierre.fr\/?page_id=36\"  class=\"text\"><span style=\"max-height:2.8em\" class=\"line_limit\">Organigramme du coll\u00e8ge 2025-2026\n\n\n\n\n\n\n\nA la rentr\u00e9e 2025, il y a 26 classes au coll\u00e8ge Georges LAPIERRE :\n\n\n\n\n7 classes de 3e dont 2 classes de 3e SEGPA,\n\n\n\n6 classes de 4e dont 2 classes de 4e SEGPA,\n\n\n\n6 classes de 5e dont 1 classe de 5e SEGPA,\n\n\n\n7 classes de 6e dont 1 classe de 6e SEGPA.\n\n\n\n\nLe coll\u00e8ge dispose d&rsquo;une SEGPA pour accompagner les difficult\u00e9s scolaires des \u00e9l\u00e8ves et d&rsquo;un dispositif ULIS.\n\n\n\nLe projet d&rsquo;\u00e9tablissement\n\n\n\nprojet etablissement juin 25_compressedT\u00e9l\u00e9charger\n\n\n\nTAXE D&rsquo;APPRENTISAGE<\/span><span style=\"margin-left:3px; max-height:2.8em\" class=\"line_limit\"> [...]<\/span><\/a><span class=\"custom_fields\">\n<!-- WPLP Unknown field: Custom_Fields -->\n<\/span><a href=\"https:\/\/vtest1.college-lapierre.fr\/?page_id=36\"  class=\"read-more\">Lire la suite\u2026<\/a><\/div><\/div><\/div><\/div><div class=\"swiper-slide\" style=\"\"><div class=\"insideframe\"><div id=\"wplp_box_top_8883_34\" class=\"wpcu-front-box top equalHeightImg\" ><div class=\"wplp-box-item\"><a href=\"https:\/\/vtest1.college-lapierre.fr\/?page_id=34\"  class=\"thumbnail\"><span class=\"img_cropper\" style=\"margin-right:4px;margin-bottom:4px;max-width:100%;\"><img decoding=\"async\" src=\"https:\/\/vtest1.college-lapierre.fr\/wp-content\/plugins\/wp-latest-posts\/img\/default-image.svg\" style=\"aspect-ratio:4\/3;\" srcset=\"\" alt=\"FSE : Foyer Socio-Educatif\"  class=\"swiper-lazy wplp_default\" \/><div class=\"swiper-lazy-preloader\"><\/div><\/span><\/a><a href=\"https:\/\/vtest1.college-lapierre.fr\/?page_id=34\"  class=\"title\">FSE : Foyer Socio-Educatif<\/a><\/div><\/div><div id=\"wplp_box_left_8883_34\" class=\"wpcu-front-box left wpcu-custom-position\" ><div class=\"wplp-box-item\"><\/div><\/div><div id=\"wplp_box_right_8883_34\" class=\"wpcu-front-box right wpcu-custom-position\" ><div class=\"wplp-box-item\"><\/div><\/div><div id=\"wplp_box_bottom_8883_34\" class=\"wpcu-front-box bottom \" ><div class=\"wplp-box-item\"><a href=\"https:\/\/vtest1.college-lapierre.fr\/?page_id=34\"  class=\"author\">PJ CABANEL<\/a><a href=\"https:\/\/vtest1.college-lapierre.fr\/?page_id=34\"  class=\"date\">d\u00e9cembre 23, 2022<\/a><a href=\"https:\/\/vtest1.college-lapierre.fr\/?page_id=34\"  class=\"text\"><span style=\"max-height:2.8em\" class=\"line_limit\">Le Foyer Socio-\u00c9ducatif est une association Loi 1901 ouverte \u00e0 tous les \u00e9l\u00e8ves et adultes du Coll\u00e8ge Lapierre.\n\n\n\nLES OBJECTIFS DU FSE&nbsp;: \n\n\n\nToutes les actions financ\u00e9es par le FSE visent \u00e0 am\u00e9liorer la qualit\u00e9 de vie des \u00e9l\u00e8ves au quotidien&nbsp;:\n\n\n\n\nAcheter le mat\u00e9riel n\u00e9cessaire au fonctionnement des clubs entre 12H30 et 13H30\n\n\n\nFinancer des animations. (tournoi de baby foot\u2026)\n\n\n\nParticiper au financement des sorties, voyages scolaires et autres actions p\u00e9dagogiques\n\n\n\nContribuer au fonctionnement d\u2019un espace de d\u00e9tente \u00e9quip\u00e9 de jeux et de baby-foot\n\n\n\n\nLE BUDGET DU FSE&nbsp;:\n\n\n\nLe FSE dispose &nbsp;d\u2019un budget qui lui est propre.&nbsp; Les actions qu\u2019il soutient sont donc financ\u00e9es par :\n\n\n\n\nLes cotisations des \u00e9l\u00e8ves et des adultes de l\u2019\u00e9tablissement,\n\n\n\nLes ventes et actions diverses (vente des photos de classes, tombola, etc.),\n\n\n\nLes subventions accord\u00e9es par la Mairie de Lormont,\n\n\n\nLes dons.\n\n\n\n\nMONTANT DES COTISATIONS&nbsp;:\n\n\n\n\n\u00c9L\u00c8VES&nbsp;: 5,00 \u20ac\n\n\n\nADULTES&nbsp;: 5,00\u20ac ou plus (5\u20ac minimum, contribution libre au-del\u00e0)\n\n\n\n\n\n\n\n\nLes bulletins d\u2019adh\u00e9sion \u00ab&nbsp;papier&nbsp;\u00bb seront \u00e0 remettre avec le paiement ch\u00e8que ou esp\u00e8ces \u00e0 la rentr\u00e9e au bureau du DACS, b\u00e2timent D, 1er \u00e9tage.\n\n\n\n\n\n\nVente de sweat \u00e0 capuche du coll\u00e8gepar PJ CABANEL07\/11\/2025\nComme vous \u00eates nombreux \u00e0 nous l&rsquo;avoir demand\u00e9, le pull du coll\u00e8ge fait son grand retour pour l&rsquo;ann\u00e9e 2025-2026 !Cette ann\u00e9e, il sera de couleur Bordeaux comme sur l&rsquo;image ci-dessous. Le prix est toujours le m\u00eame : 26 euros.Les b\u00e9n\u00e9fices de cette vente de pulls sont vers\u00e9s au FSE qui aide \u00e0 financer les divers projets et s\u00e9jours scolaires (apr\u00e8s-midi Halloween pour les 6\u00e8mes, Bal de fin d&rsquo;ann\u00e9e des 3\u00e8mes, participation aaux s\u00e9jours en Irlande,organisation du march\u00e9 de No\u00ebl, etc\u2026).\u00a0Pour le commander, la proc\u00e9dure est la m\u00eame que les ann\u00e9es pass\u00e9es. Il faut faire une pr\u00e9-commande sur le site Helloasso par le lien ou le formulaire qui suivent :\n\n\n\nPr\u00e9-commande sweat-bordeaux-college-lapierre-2025-26\n\n\n\n\n\n\n\nPensez \u00e0 bien rentrer le nom et la taille de l&rsquo;\u00e9l\u00e8ve pour qui vous commandez. Attention, ils taillent plut\u00f4t grand. Une fois que nous aurons suffisamment de pr\u00e9-commandes, nous passerons une commande group\u00e9e et les pulls seront livr\u00e9s au coll\u00e8ge et distribu\u00e9s \u00e0 vos enfants.\u00a0Quand vous passez votre pr\u00e9-commande sur le site de Helloasso, vous pouvez modifier le don fait \u00e0 Helloasso.\u00a0Enfin, il reste quelques pulls bleu marine de l&rsquo;ann\u00e9e derni\u00e8re, si vous souhaitez en avoir un, vous pouvez vous rapprocher de Mme Barbazan (attention toutes les tailles ne sont pas disponibles).\u00a0Merci \u00e0 tous pour votre soutien,\u00a0Mme Barbazan, pour le FSE du Coll\u00e8ge Lapierre.\n\n\n\n\n\nVente des chocolats pour No\u00ebl 2025 !par PJ CABANEL07\/10\/2025\nBonjour \u00e0 tous,\u00a0C&rsquo;est le retour de la vente des chocolats pour No\u00ebl 2025 !Cette ann\u00e9e, ce sont tous les \u00e9l\u00e8ves de 4\u00e8me qui seront en charge de vendre les chocolats. Certainsont d\u00e9j\u00e0 re\u00e7us les catalogues et des bons de commandes et ne vont pas tarder \u00e0 venir vous solliciter.Comme l&rsquo;ann\u00e9e derni\u00e8re, vous pourrez commander soit:\u00a0 \u00a0 \u00a0 \u00a0 \u00a0 \u00a0 \u00a0 \u00a0&#8211; en remplissant un bon de commande papier ( paiement par ch\u00e8que \u00e0 l&rsquo;ordre du FSEColl\u00e8ge Lapierre\u00a0 ou paiement en esp\u00e8ces, avec l&rsquo;appoint, les \u00e9l\u00e8ves n&rsquo;ont pas de monnaie pour fairele change)\u00a0\u00a0\u00a0 \u00a0 \u00a0 \u00a0 \u00a0 \u00a0 \u00a0 &#8211; en commandant directement sur le site asso.initiatives. fr\u00a0 ( rentrer le code YNUVIH)\u00a0(paiement en carte bancaire) en cliquant sur le lien suivant\u00a0 https:\/\/asso.initiatives.fr\/boutique\u00a0Pour rappel : les b\u00e9n\u00e9fices de la vente sont vers\u00e9s au Foyer Socio-\u00e9ducatif du coll\u00e8ge pour financerles divers projets et notamment le s\u00e9jour en Irlande de cette ann\u00e9e scolaire.\u00a0Alors, avis aux gourmands, faites vous plaisir ou faites plaisir \u00e0 vos familles et amis en leur offrantdes chocolats ! Pour ceux qui travaillent dans des entreprises, n&rsquo;h\u00e9sitez pas \u00e0 en parler \u00e0 vosemployeurs ou comit\u00e9s d&rsquo;entreprises.\u00a0Nous vous remercions pour votre g\u00e9n\u00e9rosit\u00e9 et votre aide.\u00a0L&rsquo;\u00e9quipe du S\u00e9jour en Irlande.\n\n\n\nhttps:\/\/asso.initiatives.fr\/boutique\n\n\n\nCode : YNUVIH\n\n\n\n\n\nFSE : adh\u00e9sions 2025-2026par PJ CABANEL02\/10\/2025\n\n\n\n\nVous n&rsquo;avez peut-\u00eatre pas adh\u00e9r\u00e9 au FSE du coll\u00e8ge LAPIERRE lors de l&rsquo;inscription ou de la r\u00e9-inscription de votre enfant. Il n&rsquo;est pas encore trop tard : les adh\u00e9sions au FSE sont encore ouvertes.\n\n\n\n\n\n\n\n\n\n\n\nLOTO du FSE, 10 juin \u00e0 18 h.par F. SOUBIRAN19\/05\/2025\nVenez tenter votre chance le MARDI 10 JUIN \u00e0 partir de 18 h au coll\u00e8ge. Le FSE organise un loto pour aider au financement de tous les projets de l&rsquo;\u00e9tablissement . Nous vous attendons, de nombreux lots sont \u00e0 gagner ! Sur place, vous trouverez de quoi boire et vous restaurer.\n\n\n\n\n\nS\u00e9jour au Futuroscope, projet \u00e9ducation musicalepar PJ CABANEL16\/04\/2025\ndu 02 au 04 avril 2025\n\n\n\nSuivez les actualit\u00e9s du s\u00e9jour au Futuroscope gr\u00e2ce au blog :https:\/\/www.myatlas.com\/coussiratagnes\/chantons-au-futuroscope\n\nFSE INFORMATIONSpar PJ CABANEL04\/04\/2025\n-la vente du sac du coll\u00e8ge LAPIERRE (ici)-adh\u00e9rer au FSE du coll\u00e8ge LAPIERRE (formulaire d&rsquo;adh\u00e9sion ici)-le sweat du coll\u00e8ge est en vente (pr\u00e9-commande ici)\n\n\n\n\n\nS\u00e9jour en Irlandepar PJ CABANEL19\/03\/2025\ndu 19 au 23 mars 2025Suivez les actualit\u00e9s du s\u00e9jour en Irlande gr\u00e2ce au blog :https:\/\/www.myatlas.com\/manonnicolas64\/let-s-go-to-monaghan\n\nMarch\u00e9 de No\u00ebl : 10 d\u00e9cembre 2024par PJ CABANEL22\/11\/2024\nBonjour,\n\n\n\nCette ann\u00e9e encore, le coll\u00e8ge et le FSE organise un march\u00e9 de No\u00ebl.\n\n\n\nIl  se tiendra le mardi 10 d\u00e9cembre 2024 \u00e0 partir de 17h30 au coll\u00e8ge Lapierre.\n\n\n\nNous vous accueillerons sur de nombreux stands pour un moment festif et convivial.\n\n\n\nLes recettes de la soir\u00e9e permettront de financer activit\u00e9s, projets s\u00e9jours, etc. \n\n\n\n\n\nCommandes Photos scolairespar PJ CABANEL19\/11\/2024\nBonjour,\u00a0Il est encore possible de \u00a0commander les photos scolaires jusqu&rsquo;au\u00a01er d\u00e9cembre 2024 pour b\u00e9n\u00e9ficier de la livraison avant No\u00ebl gratuite.BON DE COMMANDE papierPour toute demande de renseignement, vous pouvez appeler M.CABANEL (05 57 80 10 25, touche 4) ou \u00e9crire \u00e0 : fse@college-lapierre.fr\u00a0Vous pouvez \u00e9galement venir \u00e0 l&rsquo;accueil du coll\u00e8ge pour effectuer votre commande avec l&rsquo;aide deSophie BELLAVIA.\u00a0Si vous avez d\u00e9j\u00e0 effectu\u00e9 votre commande, ne tenez pas compte de ce message.La fiche avec un code personnalis\u00e9 pour commander les photos en ligne a \u00e9t\u00e9 distribu\u00e9e aux \u00e9l\u00e8ves du coll\u00e8ge avant les vacances etelle vous a aussi \u00e9t\u00e9 envoy\u00e9e par mail pendant les vacances sur les adresses renseign\u00e9es dans Pronote.L&rsquo;objet du courriel est : \u00ab\u00a0Code Commandes Photos (FSE Coll\u00e8ge LAPIERE)\u00a0\u00bb ; il a \u00e9t\u00e9 envoy\u00e9 avec l&rsquo;adresse fse@college-lapierre.fr.\u00a0Vous pouvez effectuer vos commandes sur internet jusqu&rsquo;au 01 d\u00e9cembre 2024 pour b\u00e9n\u00e9ficier des frais d&rsquo;envoi gratuits et de la livraisonavant No\u00ebl :\u00a0MODE D&rsquo;EMPLOI :1) Scannez le QR Code de la ficheouRendez-vous sur le site Photostore avec le lien suivant (https:\/\/photostore.maclasse.photo\/) et\u00a0entrez le code d&rsquo;acc\u00e8s inscrit la fiche distribu\u00e9e \u00e0 chaque \u00e9l\u00e8ve.\u00a02) Entrez votre adresse courriel (mail).\u00a03) S\u00e9lectionnez la pochette et\/ou les photos, les objets, etc que vous souhaitez commander.\u00a04) Choisissez votre mode de paiement. Privil\u00e9giez le paiement en ligne qui \u00e9vite \u00e0 votre enfant d&rsquo;apporter de l&rsquo;argent au coll\u00e8ge.\n\n\n\n\nPaiement en ligne par CB (la commande est directement valid\u00e9e.)ou-Autre moyen de paiement (voir images ci-dessous) :\n\n\n\nPaiement par ch\u00e8que (libell\u00e9 \u00e0 l&rsquo;ordre \u00ab\u00a0FSE Coll\u00e8ge Georges LAPIERRE\u00a0\u00bb) ou en esp\u00e8ces (la commande est en attente et sera valid\u00e9e lors de la remise du ch\u00e8que ou des esp\u00e8ces \u00e0 :Sophie BELLAVIA \u00e0 la loge d&rsquo;accueil du coll\u00e8ge,M. CABANEL, b\u00e2timent D, 1er \u00e9tage, bureau du Directeur SEGPA.\u00a0Le FSE propose des actions et des activit\u00e9s au coll\u00e8ge et il aide \u00e0 diminuer le co\u00fbt de nombreux projets.\u00a0Chaque ann\u00e9e, la vente des photos est le revenu le plus important de l&rsquo;association.\u00a0Nous vous remercions pour votre soutien et nous comptons sur vous pour permettre de faciliter cette ann\u00e9e encore les projets pour les \u00e9l\u00e8ves.\u00a0Cordialement,\u00a0\u00a0PJ CABANELPr\u00e9sident du FSE du coll\u00e8ge\n\n\n\n\n01-Cliquer sur Autre moyen de paiement :\n\n\n\n\n\n\n\n02-Choisir Ch\u00e8ques ou Esp\u00e8ces d\u00e9pos\u00e9s \u00e0 l&rsquo;\u00e9tablissement :\n\n\n\n\n\n\n\n03-Cocher les conditions :\n\n\n\n\n\nVENTE DE CHOCOLATSpar PJ CABANEL19\/11\/2024\n\n\n\n\nBonjour \u00e0 tous,\u00a0Pour rappel, la vente des chocolats se termine demain mardi 19 Novembre, pour les commandes avec bons de commande papiers(paiements esp\u00e8ces ou ch\u00e8ques)Pour les commandes via la boutique en ligne, avec paiement en CB, vous pourrez encore commander jusqu&rsquo;au Mercredi 20 Novembre 2024.La livraison se fait au coll\u00e8ge et ce sont les \u00e9l\u00e8ves vendeurs qui r\u00e9cup\u00e8rent les commandes pour vous les apporter.Lien de la boutique en ligne, code d&rsquo;acc\u00e8s : WYAPYHhttps:\/\/asso.initiatives.fr\/boutique?utm_source=etiquette-cat-chocolat&amp;utm_medium=qrcode&amp;utm_campaign=chocolat&amp;utm_content=WYAPYH\u00a0\u00a0Nous vous rappelons que les b\u00e9n\u00e9fices de cette vente serviront \u00e0 financer les projets et s\u00e9jours de vos enfants.\u00a0\u00a0En vous remerciant,\u00a0Mme BARBAZAN\n\nNOUVEAUTE Rentr\u00e9e 2024 : Achetez le nouveau sweat \u00e0 capuche BLEU du coll\u00e8ge Georges Lapierrepar Pierre-Jean CABANEL15\/11\/2024\nVENTE SWEAT A CAPUCHE !\n\n\n\nCOLLEGE GEORGES LAPIERRE !\n\n\n\nChers coll\u00e9giens, parents, partenaires, membres du personnel du coll\u00e8ge Georges Lapierre,\n\n\n\nNouveaut\u00e9 pour la rentr\u00e9e 2024-2025\u00a0: un nouveau sweat \u00e0 capuche avec le logo du coll\u00e8ge est d\u00e9sormais disponible et \u00e0 la vente.\n\n\n\nCouleur : bleu marine\u00a0 \/ Logo : blanc\n\n\n\nPassez votre commande sur le site Helloasso suivant\u00a0(https:\/\/www.helloasso.com\/associations\/foyer-socio-educatif-college-georges-lapierre\/paiements\/sweat-a-capuche-bleu-college-lapierre-2) et vous le r\u00e9ceptionnerez d\u00e9but 2025.\n\n\n\nLes ventes seront encaiss\u00e9es par le FSE (Foyer socio-\u00e9ducatif) et les b\u00e9n\u00e9fices seront utilis\u00e9s pour financer des projets et des s\u00e9jours.\n\n\n\nAu moment du paiement, vous pouvez modifier \u00ab\u00a0Votre contribution au fonctionnement de HelloAsso\u00a0\u00bb. Cliquez sur Modifier puis cocher\u00a0: \u00ab\u00a0Je ne souhaite pas soutenir HelloAsso \u00bb.\n\n\n\nMerci \u00e0 tous\u00a0!\n\n\n\n\n\nSAC AVEC CORDON DU COLLEGE LAPIERREpar PJ CABANEL17\/09\/2024\nVous pouvez gr\u00e2ce au formulaire ci-dessous acheter les nouveaux sacs frapp\u00e9s du logo du coll\u00e8ge.\n\n\n\n\n\n\n\n\n\nInscriptions FSE ann\u00e9e scolaire 2024-2025par Pierre-Jean CABANEL09\/09\/2024\nLa campagne d&rsquo;adh\u00e9sion au Foyer Socio Educatif du coll\u00e8ge pour l&rsquo;ann\u00e9e 2024-2025 a d\u00e9but\u00e9.\n\n\n\nComme l&rsquo;ann\u00e9e derni\u00e8re, vous pouvez effectuer cette adh\u00e9sion en ligne en passant par le site Helloasso.com gr\u00e2ce au bouton ci-dessous :\n\n\n\n\n\n\n\nAdh\u00e9sion \u00e9l\u00e8ve : 5\u20ac par \u00e9l\u00e8ve.\n\n\n\nAdh\u00e9sion adultes : adh\u00e9sion libre \u00e0 partir de 5\u20ac.\n\n\n\nPossibilit\u00e9 d&rsquo;effectuer des dons au FSE du coll\u00e8ge Georges Lapierre au moment de l&rsquo;adh\u00e9sion.\n\n\n\nIMPORTANT :\n\n\n\nA l\u2019\u00e9tape 4, avant le paiement, vous pouvez modifier \u00ab\u00a0Votre contribution au fonctionnement de HelloAsso\u00a0\u00bb.\n\n\n\nCliquez sur Modifier puis cocher\u00a0:\n\n\n\n\u00ab\u00a0Je ne souhaite pas soutenir HelloAsso \u00bb\n\n\n\n\n\n\n\n\n\n\n\n\n\n\n\nLe Foyer Socio \u00c9ducatif est une association Loi 1901 ouverte \u00e0 tous les \u00e9l\u00e8ves et adultes du Coll\u00e8ge Lapierre.\n\n\n\nLES OBJECTIFS DU FSE\u00a0:\n\n\n\nToutes les actions financ\u00e9es par le FSE visent \u00e0 am\u00e9liorer la qualit\u00e9 de vie des \u00e9l\u00e8ves au quotidien\u00a0et d\u00e9velopper les projets pour les \u00e9l\u00e8ves :\n\n\n\n\nAcheter le mat\u00e9riel n\u00e9cessaire au fonctionnement des clubs entre 12H30 et 13H25\n\n\n\nFinancer des animations (tournois de baby foot, tennis de table\u2026)\n\n\n\nParticiper au financement des sorties, voyages scolaires et autres actions p\u00e9dagogiques\n\n\n\nContribuer\u00a0au fonctionnement d\u2019un espace de d\u00e9tente \u00e9quip\u00e9 de jeux et de baby-foot.\n\n\n\n\nLE BUDGET DU FSE\u00a0:\n\n\n\nLe FSE dispose \u00a0d\u2019un budget qui lui est propre.\u00a0 Les actions qu\u2019il soutient sont donc financ\u00e9es par :\n\n\n\n\nLes cotisations des \u00e9l\u00e8ves et des adultes de l\u2019\u00e9tablissement\n\n\n\nLes ventes et actions diverses (vente des photos de classes, tombola, etc.)\n\n\n\nLes subventions accord\u00e9es par la Mairie de Lormont.\n\n\n\nLes dons.\n\n\nNOUVEAUTE Rentr\u00e9e 2023 : Achetez le sweat \u00e0 capuche du coll\u00e8ge Georges Lapierrepar Pierre-Jean CABANEL17\/10\/2023\nRUPTURE DE STOCK !\n\n\n\nVENTE INTERROMPUE !\n\n\n\nChers coll\u00e9giens, parents, partenaires, membres du personnel du coll\u00e8ge Georges Lapierre,\n\n\n\nPetite nouveaut\u00e9 pour la rentr\u00e9e 2023-2024\u00a0: un sweat \u00e0 capuche avec un logo du coll\u00e8ge est d\u00e9sormais disponible et \u00e0 la vente.\n\n\n\nCouleur : gris chin\u00e9\u00a0 \/ Logo : noir\n\n\n\nPassez votre commande sur le site Helloasso suivant\u00a0(https:\/\/www.helloasso.com\/associations\/foyer-socio-educatif-college-georges-lapierre\/paiements\/sweat-a-capuche-lapierre) et vous le r\u00e9ceptionnerez \u00e0 votre retour au coll\u00e8ge au mois de Septembre.\n\n\n\nLes ventes seront encaiss\u00e9es par le FSE (Foyer socio-\u00e9ducatif) et les b\u00e9n\u00e9fices seront revers\u00e9s \u00e0 l\u2019organisation du s\u00e9jour en Irlande.\n\n\n\nAu moment du paiement, vous pouvez modifier \u00ab\u00a0Votre contribution au fonctionnement de HelloAsso\u00a0\u00bb. Cliquez sur Modifier puis cocher\u00a0: \u00ab\u00a0Je ne souhaite pas soutenir HelloAsso \u00bb.\n\n\n\nMerci \u00e0 tous\u00a0!\n\n\n\n\n\nInscriptions FSE ann\u00e9e scolaire 2023-2024par Pierre-Jean CABANEL26\/06\/2023\nLa campagne d&rsquo;adh\u00e9sion au Foyer Socio Educatif du coll\u00e8ge pour l&rsquo;ann\u00e9e 2023-2024 a d\u00e9but\u00e9.\n\n\n\nA partir de cette ann\u00e9e, vous pouvez effectuer cette adh\u00e9sion en ligne en passant par le site Helloasso.com gr\u00e2ce au bouton ci-dessous :\n\n\n\n\n\n\n\nIMPORTANT :\n\n\n\nSi vous inscrivez 2 enfants, pour payer 8\u20ac au lieu de 10\u20ac, tapez le code de r\u00e9duction : REDUC2ELEV\n\n\n\nSi vous inscrivez 3 enfants, pour payer 10\u20ac au lieu de 15\u20ac, tapez le code de r\u00e9duction : REDUC3ELEV\n\n\n\nA l\u2019\u00e9tape 4, avant le paiement, vous pouvez modifier \u00ab\u00a0Votre contribution au fonctionnement de HelloAsso\u00a0\u00bb.\n\n\n\nCliquez sur Modifier puis cocher\u00a0:\n\n\n\n\u00ab\u00a0Je ne souhaite pas soutenir HelloAsso \u00bb\n\n\n\n\n\n\n\nLe Foyer Socio \u00c9ducatif est une association Loi 1901 ouverte \u00e0 tous les \u00e9l\u00e8ves et adultes du Coll\u00e8ge Lapierre.\n\n\n\nLES OBJECTIFS DU FSE\u00a0:\n\n\n\nToutes les actions financ\u00e9es par le FSE visent \u00e0 am\u00e9liorer la qualit\u00e9 de vie des \u00e9l\u00e8ves au quotidien\u00a0et d\u00e9velopper les projets pour les \u00e9l\u00e8ves :\n\n\n\n\nAcheter le mat\u00e9riel n\u00e9cessaire au fonctionnement des clubs entre 12H30 et 13H25\n\n\n\nFinancer des animations (tournois de baby foot, tennis de table\u2026)\n\n\n\nParticiper au financement des sorties, voyages scolaires et autres actions p\u00e9dagogiques\n\n\n\nContribuer\u00a0au fonctionnement d\u2019un espace de d\u00e9tente \u00e9quip\u00e9 de jeux et de baby-foot.\n\n\n\n\nLE BUDGET DU FSE\u00a0:\n\n\n\nLe FSE dispose \u00a0d\u2019un budget qui lui est propre.\u00a0 Les actions qu\u2019il soutient sont donc financ\u00e9es par :\n\n\n\n\nLes cotisations des \u00e9l\u00e8ves et des adultes de l\u2019\u00e9tablissement\n\n\n\nLes ventes et actions diverses (vente des photos de classes, tombola, etc.)\n\n\n\nLes subventions accord\u00e9es par la Mairie de Lormont.\n\n\n\nLes dons.\n\n\n\n\n\n\nInscriptions FSE ann\u00e9e scolaire 2023-2024par PJ CABANEL26\/06\/2023\nLa campagne d&rsquo;adh\u00e9sion au Foyer Socio Educatif du coll\u00e8ge pour l&rsquo;ann\u00e9e 2023-2024 a d\u00e9but\u00e9.\n\n\n\nA partir de cette ann\u00e9e, vous pouvez effectuer cette adh\u00e9sion en ligne en passant par le site Helloasso.com gr\u00e2ce au bouton ci-dessous :\n\n\n\n\n\n\n\nIMPORTANT :\n\n\n\nSi vous inscrivez 2 enfants, pour payer 8\u20ac au lieu de 10\u20ac, tapez le code de r\u00e9duction : REDUC2ELEV\n\n\n\nSi vous inscrivez 3 enfants, pour payer 10\u20ac au lieu de 15\u20ac, tapez le code de r\u00e9duction : REDUC3ELEV\n\n\n\nA l\u2019\u00e9tape 4, avant le paiement, vous pouvez modifier \u00ab\u00a0Votre contribution au fonctionnement de HelloAsso\u00a0\u00bb.\n\n\n\nCliquez sur Modifier puis cocher\u00a0:\n\n\n\n\u00ab\u00a0Je ne souhaite pas soutenir HelloAsso \u00bb\n\n\n\n\n\n\n\nLe Foyer Socio \u00c9ducatif est une association Loi 1901 ouverte \u00e0 tous les \u00e9l\u00e8ves et adultes du Coll\u00e8ge Lapierre.\n\n\n\nLES OBJECTIFS DU FSE\u00a0:\n\n\n\nToutes les actions financ\u00e9es par le FSE visent \u00e0 am\u00e9liorer la qualit\u00e9 de vie des \u00e9l\u00e8ves au quotidien\u00a0et d\u00e9velopper les projets pour les \u00e9l\u00e8ves :\n\n\n\n\nAcheter le mat\u00e9riel n\u00e9cessaire au fonctionnement des clubs entre 12H30 et 13H25\n\n\n\nFinancer des animations (tournois de baby foot, tennis de table\u2026)\n\n\n\nParticiper au financement des sorties, voyages scolaires et autres actions p\u00e9dagogiques\n\n\n\nContribuer\u00a0au fonctionnement d\u2019un espace de d\u00e9tente \u00e9quip\u00e9 de jeux et de baby-foot.\n\n\n\n\nLE BUDGET DU FSE\u00a0:\n\n\n\nLe FSE dispose \u00a0d\u2019un budget qui lui est propre.\u00a0 Les actions qu\u2019il soutient sont donc financ\u00e9es par :\n\n\n\n\nLes cotisations des \u00e9l\u00e8ves et des adultes de l\u2019\u00e9tablissement\n\n\n\nLes ventes et actions diverses (vente des photos de classes, tombola, etc.)\n\n\n\nLes subventions accord\u00e9es par la Mairie de Lormont.\n\n\n\nLes dons.\n\n\n\n\n\n\nF\u00eate des coll\u00e9giennes et coll\u00e9giens 2023 &#8211;              Projet Membranepar M.SCIPPA13\/06\/2023\nRetour sur la journ\u00e9e du Jeudi 8 Juin au Parc Palmer. \n\n\n\nLes \u00e9l\u00e8ves ont particip\u00e9 \u00e0 la F\u00eate des coll\u00e9giennes et coll\u00e9giens avec le \u00ab\u00a0Projet Membrane\u00a0\u00bb de la Cie Entre-Nous. La danse et la musique ont permis de rassembler des \u00e9l\u00e8ves du coll\u00e8ge G.Lapierre et du Coll\u00e8ge Montaigne. \n\n\n\nUn beau moment de partage et des souvenirs pleins la t\u00eate !\n\n\n\n\nhttps:\/\/tube-action-educative.apps.education.fr\/w\/5QCi4LQgXkysWaJoFJwS9P\n\n\n\n\n(cliquez sur la photo suivante pour acc\u00e9der \u00e0 la vid\u00e9o en plein \u00e9cran)<\/span><span style=\"margin-left:3px; max-height:2.8em\" class=\"line_limit\"> [...]<\/span><\/a><span class=\"custom_fields\">\n<!-- WPLP Unknown field: Custom_Fields -->\n<\/span><a href=\"https:\/\/vtest1.college-lapierre.fr\/?page_id=34\"  class=\"read-more\">Lire la suite\u2026<\/a><\/div><\/div><\/div><\/div><div class=\"swiper-slide\" style=\"\"><div class=\"insideframe\"><div id=\"wplp_box_top_8883_32\" class=\"wpcu-front-box top equalHeightImg\" ><div class=\"wplp-box-item\"><a href=\"https:\/\/vtest1.college-lapierre.fr\/?page_id=32\"  class=\"thumbnail\"><span class=\"img_cropper\" style=\"margin-right:4px;margin-bottom:4px;max-width:100%;\"><img decoding=\"async\" src=\"https:\/\/vtest1.college-lapierre.fr\/wp-content\/plugins\/wp-latest-posts\/img\/default-image.svg\" style=\"aspect-ratio:4\/3;\" srcset=\"\" alt=\"UNSS : Association sportive\"  class=\"swiper-lazy wplp_default\" \/><div class=\"swiper-lazy-preloader\"><\/div><\/span><\/a><a href=\"https:\/\/vtest1.college-lapierre.fr\/?page_id=32\"  class=\"title\">UNSS : Association sportive<\/a><\/div><\/div><div id=\"wplp_box_left_8883_32\" class=\"wpcu-front-box left wpcu-custom-position\" ><div class=\"wplp-box-item\"><\/div><\/div><div id=\"wplp_box_right_8883_32\" class=\"wpcu-front-box right wpcu-custom-position\" ><div class=\"wplp-box-item\"><\/div><\/div><div id=\"wplp_box_bottom_8883_32\" class=\"wpcu-front-box bottom \" ><div class=\"wplp-box-item\"><a href=\"https:\/\/vtest1.college-lapierre.fr\/?page_id=32\"  class=\"author\">PJ CABANEL<\/a><a href=\"https:\/\/vtest1.college-lapierre.fr\/?page_id=32\"  class=\"date\">d\u00e9cembre 23, 2022<\/a><div class=\"category\"><a href=\"https:\/\/vtest1.college-lapierre.fr\/?cat=20\" title=\"View all posts in UNSS\">UNSS<\/a><\/div><a href=\"https:\/\/vtest1.college-lapierre.fr\/?page_id=32\"  class=\"text\"><span style=\"max-height:2.8em\" class=\"line_limit\">Vous trouverez ici les articles concernant l&rsquo;ULIS\n\n\nM\u00e9daille d&rsquo;argent au championnat acad\u00e9mique !par MATHILDE BACKMANN16\/03\/2026\nMercredi 11 mars 2026, l&rsquo;\u00e9quipe de l&rsquo;association sportive du coll\u00e8ge Lapierre s&rsquo;est hiss\u00e9e \u00e0 la 2e place du podium du championnat acad\u00e9mique de VTT  ! A une place de partir aux championnats de France ! \n\n\n\nIls ont affront\u00e9 des \u00e9quipes venant de Gironde, de Dordogne, du Lot et Garonne, des Landes et des Pyr\u00e9n\u00e9es Atlantiques. \n\n\n\nL&rsquo;\u00e9quipe \u00e9tait compos\u00e9e de Cl\u00e9mence, Camille, Bogdan, Gabin et notre jeune officielle Wynellia ! \n\n\n\nUn immense bravo aux \u00e9l\u00e8ves qui ont donn\u00e9 leur maximum et ont repr\u00e9sent\u00e9 fi\u00e8rement le coll\u00e8ge ! Ils sont reboost\u00e9s pour l&rsquo;ann\u00e9e prochaine et ont \u00e0 c\u0153ur de se qualifier pour les championnats de France ! \n\n\n\nRendez vous en 2027&#8230;\n\n\n\n\n\n\n\n\n\n\n\n\n\n\n\n\n\n\n\n\n\n\n\n\n\n\n\n\n\n\n\n\n\n\n\n\n\n\n\n\n\n\n\nASSOCIATION SPORTIVEpar MATHILDE BACKMANN07\/10\/2024\nVoici le programme des activit\u00e9s 2024-2025\n\n\n\n\n\n\n\n\n\n\n\n\n\n\n\n\n\nMatin\u00e9e de l&rsquo;Association sportivepar MATHILDE BACKMANN07\/10\/2024\nA l&rsquo;occasion de la journ\u00e9e nationale du sport scolaire, les \u00e9l\u00e8ves de 6e ont particip\u00e9 \u00e0 une matin\u00e9e sportive le 18 septembre dernier.\n\n\n\nAinsi, ils ont pu d\u00e9couvrir les diff\u00e9rentes activit\u00e9s sportives propos\u00e9es par les enseignants d&rsquo;EPS au sein de l&rsquo;association sportive du coll\u00e8ge ! \n\n\n\nUne matin\u00e9e festive et int\u00e9grative pour nos 6e qui pour beaucoup, ont d\u00e9cid\u00e9 de s&rsquo;inscrire \u00e0 l&rsquo;association par la suite. \n\n\n\nPour rappel: licence seule: 20 euros, licence + t-shirt: 30 euros.\n\n\n\nActicit\u00e9s: Tennis de table, basket, VTT, natation, Step.\n\n\n\n\n\nS\u00e9jour de l&rsquo;association sportive !par MATHILDE BACKMANN10\/06\/2024\nDu 21 au 24 mai 2024, 40 \u00e9l\u00e8ves de l&rsquo;association sportive du coll\u00e8ge Lapierre ont particip\u00e9 \u00e0 un s\u00e9jour sportif au centre UCPA de Bombannes ! Au programme, 4h de sport par jour : surf et voile ! En plus de ces deux activit\u00e9s, ils ont pu s&rsquo;initier \u00e0 la p\u00eache, faire des parties de p\u00e9tanque, tennis, tennis de table, basket, beach volley et&#8230; danser lors de la boum du jeudi soir ! Organis\u00e9 par les enseignants d&rsquo;EPS ce s\u00e9jour \u00e9tait propos\u00e9 aux \u00e9l\u00e8ves engag\u00e9s tout au long de l&rsquo;ann\u00e9e au sein de l&rsquo;association sportive. D\u00e9passement de soi, partage, plaisir, d\u00e9couverte&#8230; un s\u00e9jour r\u00e9ussi !\n\n\n\n\n\nUne belle m\u00e9daille de bronze en VTTpar L. FOURGUET21\/03\/2022Premi\u00e8re comp\u00e9tition de VTT de niveau d\u00e9partemental pour les \u00e9l\u00e8ves de l&rsquo;AS ce mercredi 16 mars 2022.\nAu terme d&rsquo;une belle et dense journ\u00e9e, l&rsquo;\u00e9quipe de Sirine Saib, Jihanne Benmendil, Evan Cassiau et Lucas Clinet De Molas ont eu la joie de monter sur la troisi\u00e8me marche du podium !  F\u00e9licitations \u00e0 eux!\nBravo \u00e9galement \u00e0 l&rsquo;\u00e9quipe de Adena Agregag, Hamza Bounekcha, Mady Traore et Aymen Smaha qui ont repr\u00e9sent\u00e9 avec fiert\u00e9 le coll\u00e8ge Lapierre.\nUn grand merci \u00e0 nos 4 jeunes officiels qui ont tenu leur r\u00f4le avec beaucoup de s\u00e9rieux : Gabrielle Mousseau, Marwa Zahi, Andreea Anchidin et Andria Ninidze.\nUne belle m\u00e9daille de bronze en VTTpar L. FOURGUET17\/03\/2022Premi\u00e8re comp\u00e9tition de VTT de niveau d\u00e9partemental pour les \u00e9l\u00e8ves de l&rsquo;AS ce mercredi 16 mars 2022.\nAu terme d&rsquo;une belle et dense journ\u00e9e, l&rsquo;\u00e9quipe de Sirine Saib, Jihanne Benmendil, Evan Cassiau et Lucas Clinet De Molas ont eu la joie de monter sur la troisi\u00e8me marche du podium !  F\u00e9licitations \u00e0 eux!\nBravo \u00e9galement \u00e0 l&rsquo;\u00e9quipe de Adena Agregag, Hamza Bounekcha, Mady Traore et Aymen Smaha qui ont repr\u00e9sent\u00e9 avec fiert\u00e9 le coll\u00e8ge Lapierre.\nUn grand merci \u00e0 nos 4 jeunes officiels qui ont tenu leur r\u00f4le avec beaucoup de s\u00e9rieux : Gabrielle Mousseau, Marwa Zahi, Andreea Anchidin et Andria Ninidze.<\/span><span style=\"margin-left:3px; max-height:2.8em\" class=\"line_limit\"> [...]<\/span><\/a><span class=\"custom_fields\">\n<!-- WPLP Unknown field: Custom_Fields -->\n<\/span><a href=\"https:\/\/vtest1.college-lapierre.fr\/?page_id=32\"  class=\"read-more\">Lire la suite\u2026<\/a><\/div><\/div><\/div><\/div><div class=\"swiper-slide\" style=\"\"><div class=\"insideframe\"><div id=\"wplp_box_top_8883_26\" class=\"wpcu-front-box top equalHeightImg\" ><div class=\"wplp-box-item\"><a href=\"https:\/\/vtest1.college-lapierre.fr\/?page_id=26\"  class=\"thumbnail\"><span class=\"img_cropper\" style=\"margin-right:4px;margin-bottom:4px;max-width:100%;\"><img decoding=\"async\" src=\"https:\/\/vtest1.college-lapierre.fr\/wp-content\/plugins\/wp-latest-posts\/img\/default-image.svg\" style=\"aspect-ratio:4\/3;\" srcset=\"\" alt=\"ACTUALITES : les derniers articles publi\u00e9s\"  class=\"swiper-lazy wplp_default\" \/><div class=\"swiper-lazy-preloader\"><\/div><\/span><\/a><a href=\"https:\/\/vtest1.college-lapierre.fr\/?page_id=26\"  class=\"title\">ACTUALITES : les derniers articles publi\u00e9s<\/a><\/div><\/div><div id=\"wplp_box_left_8883_26\" class=\"wpcu-front-box left wpcu-custom-position\" ><div class=\"wplp-box-item\"><\/div><\/div><div id=\"wplp_box_right_8883_26\" class=\"wpcu-front-box right wpcu-custom-position\" ><div class=\"wplp-box-item\"><\/div><\/div><div id=\"wplp_box_bottom_8883_26\" class=\"wpcu-front-box bottom \" ><div class=\"wplp-box-item\"><a href=\"https:\/\/vtest1.college-lapierre.fr\/?page_id=26\"  class=\"author\">PJ CABANEL<\/a><a href=\"https:\/\/vtest1.college-lapierre.fr\/?page_id=26\"  class=\"date\">d\u00e9cembre 23, 2022<\/a><a href=\"https:\/\/vtest1.college-lapierre.fr\/?page_id=26\"  class=\"text\"><span style=\"max-height:2.8em\" class=\"line_limit\">ORIENTATION : ressources vid\u00e9ospar PJ CABANEL31\/03\/2026Vous trouverez sur cette cha\u00eene de nombreuses vid\u00e9os sur les formations : https:\/\/tube-action-educative.apps.education.fr\/c\/orientation_college_georges.lapierre\/videos\nSemaine du 23 au 27 mars 2026\u00a0: l\u2019Education aux M\u00e9dias et \u00e0 l\u2019Information (EMI) \u00e0 l\u2019honneur au Coll\u00e8ge Lapierrepar DEMOUY NATHALIE20\/03\/2026Au programme : une exposition, des ateliers et une immersion dans le monde de la presse et des m\u00e9dias. Exposition : \u00ab\u00a0Tous Migrants\u00a0\u00bb \u2013 Cartooning for Peace L&rsquo;un des moments forts de cette semaine sera l\u2019exposition \u00ab\u00a0Tous Migrants\u00a0\u00bb propos\u00e9e par Cartooning for Peace. Cette exposition artistique et engag\u00e9e met en lumi\u00e8re \u00e0 travers le dessin de presse la question des migrations. Une autre fa\u00e7on de r\u00e9fl\u00e9chir aux grands enjeux du&#8230;Read More &ldquo;Semaine du 23 au 27 mars 2026\u00a0: l\u2019Education aux M\u00e9dias et \u00e0 l\u2019Information (EMI) \u00e0 l\u2019honneur au Coll\u00e8ge Lapierre&rdquo; &raquo;\nM\u00e9daille d&rsquo;argent au championnat acad\u00e9mique !par MATHILDE BACKMANN16\/03\/2026Mercredi 11 mars 2026, l&rsquo;\u00e9quipe de l&rsquo;association sportive du coll\u00e8ge Lapierre s&rsquo;est hiss\u00e9e \u00e0 la 2e place du podium du championnat acad\u00e9mique de VTT ! A une place de partir aux championnats de France ! Ils ont affront\u00e9 des \u00e9quipes venant de Gironde, de Dordogne, du Lot et Garonne, des Landes et des Pyr\u00e9n\u00e9es Atlantiques. L&rsquo;\u00e9quipe \u00e9tait compos\u00e9e de Cl\u00e9mence, Camille, Bogdan, Gabin et notre jeune officielle Wynellia ! Un&#8230;Read More &ldquo;M\u00e9daille d&rsquo;argent au championnat acad\u00e9mique !&rdquo; &raquo;\nRadio Lapierre : Jean nous parle de la nouvelle cour !par JC. COURDE24\/02\/2026\nLes 3e Dune simulent leur proc\u00e8s au tribunal de Bordeauxpar i.chaabane19\/01\/2026Dans le cadre d&rsquo;un projet en partenariat avec l&rsquo;Ecole Nationale de la Magistrature, les \u00e9l\u00e8ves de la classe de 3e Dune ont travaill\u00e9, en cours de fran\u00e7ais, sur le roman la Vague de Todd Strasser et sur la Seconde guerre mondiale, en cours d&rsquo;histoire. Au cours de diff\u00e9rents ateliers, ils ont d\u00e9couvert le monde de la justice, puis ils ont imagin\u00e9 le proc\u00e8s d&rsquo;un des personnages du roman et l&rsquo;ont&#8230;Read More &ldquo;Les 3e Dune simulent leur proc\u00e8s au tribunal de Bordeaux&rdquo; &raquo;<\/span><span style=\"margin-left:3px; max-height:2.8em\" class=\"line_limit\"> [...]<\/span><\/a><span class=\"custom_fields\">\n<!-- WPLP Unknown field: Custom_Fields -->\n<\/span><a href=\"https:\/\/vtest1.college-lapierre.fr\/?page_id=26\"  class=\"read-more\">Lire la suite\u2026<\/a><\/div><\/div><\/div><\/div><div class=\"swiper-slide\" style=\"\"><div class=\"insideframe\"><div id=\"wplp_box_top_8883_24\" class=\"wpcu-front-box top equalHeightImg\" ><div class=\"wplp-box-item\"><a href=\"https:\/\/vtest1.college-lapierre.fr\/?page_id=24\"  class=\"thumbnail\"><span class=\"img_cropper\" style=\"margin-right:4px;margin-bottom:4px;max-width:100%;\"><img decoding=\"async\" src=\"https:\/\/vtest1.college-lapierre.fr\/wp-content\/plugins\/wp-latest-posts\/img\/default-image.svg\" style=\"aspect-ratio:4\/3;\" srcset=\"\" alt=\"PEDAGOGIE\"  class=\"swiper-lazy wplp_default\" \/><div class=\"swiper-lazy-preloader\"><\/div><\/span><\/a><a href=\"https:\/\/vtest1.college-lapierre.fr\/?page_id=24\"  class=\"title\">PEDAGOGIE<\/a><\/div><\/div><div id=\"wplp_box_left_8883_24\" class=\"wpcu-front-box left wpcu-custom-position\" ><div class=\"wplp-box-item\"><\/div><\/div><div id=\"wplp_box_right_8883_24\" class=\"wpcu-front-box right wpcu-custom-position\" ><div class=\"wplp-box-item\"><\/div><\/div><div id=\"wplp_box_bottom_8883_24\" class=\"wpcu-front-box bottom \" ><div class=\"wplp-box-item\"><a href=\"https:\/\/vtest1.college-lapierre.fr\/?page_id=24\"  class=\"author\">PJ CABANEL<\/a><a href=\"https:\/\/vtest1.college-lapierre.fr\/?page_id=24\"  class=\"date\">d\u00e9cembre 23, 2022<\/a><div class=\"category\"><a href=\"https:\/\/vtest1.college-lapierre.fr\/?cat=38\" title=\"View all posts in PEDAGOGIE\">PEDAGOGIE<\/a><\/div><a href=\"https:\/\/vtest1.college-lapierre.fr\/?page_id=24\"  class=\"text\"><span style=\"max-height:2.8em\" class=\"line_limit\">Evaluations nationales 6e\n\n\n\nEvaluations nationales 4e<\/span><span style=\"margin-left:3px; max-height:2.8em\" class=\"line_limit\"> [...]<\/span><\/a><span class=\"custom_fields\">\n<!-- WPLP Unknown field: Custom_Fields -->\n<\/span><a href=\"https:\/\/vtest1.college-lapierre.fr\/?page_id=24\"  class=\"read-more\">Lire la suite\u2026<\/a><\/div><\/div><\/div><\/div><div class=\"swiper-slide\" style=\"\"><div class=\"insideframe\"><div id=\"wplp_box_top_8883_22\" class=\"wpcu-front-box top equalHeightImg\" ><div class=\"wplp-box-item\"><a href=\"https:\/\/vtest1.college-lapierre.fr\/?page_id=22\"  class=\"thumbnail\"><span class=\"img_cropper\" style=\"margin-right:4px;margin-bottom:4px;max-width:100%;\"><img decoding=\"async\" src=\"https:\/\/vtest1.college-lapierre.fr\/wp-content\/plugins\/wp-latest-posts\/img\/default-image.svg\" style=\"aspect-ratio:4\/3;\" srcset=\"\" alt=\"VIE DE L&rsquo;ELEVE\"  class=\"swiper-lazy wplp_default\" \/><div class=\"swiper-lazy-preloader\"><\/div><\/span><\/a><a href=\"https:\/\/vtest1.college-lapierre.fr\/?page_id=22\"  class=\"title\">VIE DE L&rsquo;ELEVE<\/a><\/div><\/div><div id=\"wplp_box_left_8883_22\" class=\"wpcu-front-box left wpcu-custom-position\" ><div class=\"wplp-box-item\"><\/div><\/div><div id=\"wplp_box_right_8883_22\" class=\"wpcu-front-box right wpcu-custom-position\" ><div class=\"wplp-box-item\"><\/div><\/div><div id=\"wplp_box_bottom_8883_22\" class=\"wpcu-front-box bottom \" ><div class=\"wplp-box-item\"><a href=\"https:\/\/vtest1.college-lapierre.fr\/?page_id=22\"  class=\"author\">PJ CABANEL<\/a><a href=\"https:\/\/vtest1.college-lapierre.fr\/?page_id=22\"  class=\"date\">d\u00e9cembre 23, 2022<\/a><div class=\"category\"><a href=\"https:\/\/vtest1.college-lapierre.fr\/?cat=55\" title=\"View all posts in 8h-18h\">8h-18h<\/a> \/ <a href=\"https:\/\/vtest1.college-lapierre.fr\/?cat=8\" title=\"View all posts in FSE\">FSE<\/a> \/ <a href=\"https:\/\/vtest1.college-lapierre.fr\/?cat=20\" title=\"View all posts in UNSS\">UNSS<\/a> \/ <a href=\"https:\/\/vtest1.college-lapierre.fr\/?cat=4\" title=\"View all posts in VIE DE L'ELEVE\">VIE DE L'ELEVE<\/a> \/ <a href=\"https:\/\/vtest1.college-lapierre.fr\/?cat=53\" title=\"View all posts in Vie Scolaire\">Vie Scolaire<\/a><\/div><a href=\"https:\/\/vtest1.college-lapierre.fr\/?page_id=22\"  class=\"text\"><span style=\"max-height:2.8em\" class=\"line_limit\">Les activit\u00e9s du 8h-18h : clubs, activit\u00e9s, UNSS (2025-2026)\n\n\n\n\n\n\n\n\n\n\nORIENTATION : ressources vid\u00e9os\nVente de sweat \u00e0 capuche du coll\u00e8ge\nVente des chocolats pour No\u00ebl 2025 !\nFSE : adh\u00e9sions 2025-2026\n5e VELA: devenir un groupe classe et d\u00e9velopper la coh\u00e9sion!<\/span><span style=\"margin-left:3px; max-height:2.8em\" class=\"line_limit\"> [...]<\/span><\/a><span class=\"custom_fields\">\n<!-- WPLP Unknown field: Custom_Fields -->\n<\/span><a href=\"https:\/\/vtest1.college-lapierre.fr\/?page_id=22\"  class=\"read-more\">Lire la suite\u2026<\/a><\/div><\/div><\/div><\/div><div class=\"swiper-slide\" style=\"\"><div class=\"insideframe\"><div id=\"wplp_box_top_8883_2\" class=\"wpcu-front-box top equalHeightImg\" ><div class=\"wplp-box-item\"><a href=\"https:\/\/vtest1.college-lapierre.fr\/\"  class=\"thumbnail\"><span class=\"img_cropper\" style=\"margin-right:4px;margin-bottom:4px;max-width:100%;\"><img decoding=\"async\" src=\"https:\/\/vtest1.college-lapierre.fr\/wp-content\/uploads\/2026\/04\/fromages-300x164.png\" style=\"aspect-ratio:4\/3;\" srcset=\"\" alt=\"ACCUEIL\" class=\"swiper-lazy wplp_thumb\" \/><div class=\"swiper-lazy-preloader\"><\/div><\/span><\/a><a href=\"https:\/\/vtest1.college-lapierre.fr\/\"  class=\"title\">ACCUEIL<\/a><\/div><\/div><div id=\"wplp_box_left_8883_2\" class=\"wpcu-front-box left wpcu-custom-position\" ><div class=\"wplp-box-item\"><\/div><\/div><div id=\"wplp_box_right_8883_2\" class=\"wpcu-front-box right wpcu-custom-position\" ><div class=\"wplp-box-item\"><\/div><\/div><div id=\"wplp_box_bottom_8883_2\" class=\"wpcu-front-box bottom \" ><div class=\"wplp-box-item\"><a href=\"https:\/\/vtest1.college-lapierre.fr\/\"  class=\"author\">PJ CABANEL<\/a><a href=\"https:\/\/vtest1.college-lapierre.fr\/\"  class=\"date\">d\u00e9cembre 22, 2022<\/a><div class=\"category\"><a href=\"https:\/\/vtest1.college-lapierre.fr\/?cat=115\" title=\"View all posts in A LA UNE\">A LA UNE<\/a><\/div><a href=\"https:\/\/vtest1.college-lapierre.fr\/\"  class=\"text\"><span style=\"max-height:2.8em\" class=\"line_limit\">Bienvenue sur le site du Coll\u00e8ge Georges LAPIERRE.\n\n\n\n\n\n\n\n\n\n\n\nS\u00e9jour \u00e0 Londres\n\n\n\n19\/04 au 25\/04\/2026\n\n\n\nVous pouvez suivre le s\u00e9jour des \u00e9l\u00e8ves sur le blog suivant :\n\n\n\nhttps:\/\/www.myatlas.com\/manonnicolas64\/lets-go-to-london\n\n\n\n\n\n\n\n\n\n\n\nRestaurant scolaire\n\n\n\nLes menus du restaurant scolaire sont d\u00e9sormais actualis\u00e9s sur Pronote\n\n\n\nJEUDI 30 AVRIL 2026\n\n\n\nD\u00e9gustation de fromages\n\n\n\nUn fromager viendra faire d\u00e9couvrir plusieurs fromages aux \u00e9l\u00e8ves.\n\n\n\n\n\n\n\nPropos\u00e9e \u00e0 tous les \u00e9l\u00e8ves demi-pensionnaires et les personnels d\u00e9jeunant avec ticket au restaurant scolaire ce jour-l\u00e0.\n\n\n\n\n\n\n\n\n\n\n\n\n\n\n\n\n\n\n\n\n\n\nA l&rsquo;honneur, sur le site internet du d\u00e9partement et dans Gironde Mag\n\n\n\n\n\n\n\n\n\n\n\n\n\n\nCONNEXIONS : Pronote, EduconnectPour toute difficult\u00e9 de connexion \u00e0 votre compte Pronote, Educonnect ou celui de votre enfant, vous pouvez nous envoyer un mail \u00e0 : connexion@college-lapierre.frMerci d&rsquo;indiquer vos NOM et Pr\u00e9nom ainsi que ceux de votre enfant.\n\n\n\n\n\n\n\nActualit\u00e9s : Les derniers articles du blog\n\n\nORIENTATION : ressources vid\u00e9ospar PJ CABANEL31\/03\/2026Vous trouverez sur cette cha\u00eene de nombreuses vid\u00e9os sur les formations : https:\/\/tube-action-educative.apps.education.fr\/c\/orientation_college_georges.lapierre\/videos\nSemaine du 23 au 27 mars 2026\u00a0: l\u2019Education aux M\u00e9dias et \u00e0 l\u2019Information (EMI) \u00e0 l\u2019honneur au Coll\u00e8ge Lapierrepar DEMOUY NATHALIE20\/03\/2026Au programme : une exposition, des ateliers et une immersion dans le monde de la presse et des m\u00e9dias. Exposition : \u00ab\u00a0Tous Migrants\u00a0\u00bb \u2013 Cartooning&#8230;Read More &ldquo;Semaine du 23 au 27 mars 2026\u00a0: l\u2019Education aux M\u00e9dias et \u00e0 l\u2019Information (EMI) \u00e0 l\u2019honneur au Coll\u00e8ge Lapierre&rdquo; &raquo;\nM\u00e9daille d&rsquo;argent au championnat acad\u00e9mique !par MATHILDE BACKMANN16\/03\/2026Mercredi 11 mars 2026, l&rsquo;\u00e9quipe de l&rsquo;association sportive du coll\u00e8ge Lapierre s&rsquo;est hiss\u00e9e \u00e0 la 2e place du podium du championnat acad\u00e9mique de VTT !&#8230;Read More &ldquo;M\u00e9daille d&rsquo;argent au championnat acad\u00e9mique !&rdquo; &raquo;\nRadio Lapierre : Jean nous parle de la nouvelle cour !par JC. COURDE24\/02\/2026\nLes 3e Dune simulent leur proc\u00e8s au tribunal de Bordeauxpar i.chaabane19\/01\/2026Dans le cadre d&rsquo;un projet en partenariat avec l&rsquo;Ecole Nationale de la Magistrature, les \u00e9l\u00e8ves de la classe de 3e Dune ont travaill\u00e9, en cours&#8230;Read More &ldquo;Les 3e Dune simulent leur proc\u00e8s au tribunal de Bordeaux&rdquo; &raquo;\nMenus semaine du 23\/02\/2026par PJ CABANEL08\/01\/2026\n\n\n\n\n\n\n\nDispositif 8h-18h\n\n\n\n\n\n\n\n\n\n\n\nLutte contre le harc\u00e8lement scolaire\n\n\n\n\n\n\n\n\n\n\n\n        \n            \n                                                    \n                                \n\n                                        \n                        Logo CLG LapierreLe logo du coll\u00e8geCLG Lapierre (entr\u00e9e)L&rsquo;entr\u00e9e du coll\u00e8geGeorges LAPIERREGeorges LAPIERREvie-de leleveIMG-1487-1IMG-1502csm_4_882a2a4ff2IMG20230615115148-2Photo-Paris-groupe-Tour-EiffelIMG-20230526-WA0021IMG-20230524-WA0005IMG-20230524-WA0001DSC00621image0IMG_23141a4d3f5c-096a-4581-9b16-ba53ae208cbf516cb69e-8ad7-43f6-b154-0564e1ef7e73IMG-0432-1IMG-0410-1IMG-3757-1IMG-3988IMG-3057-1IMG-3061IMG-01672024-05-03-32024-05-03-2Tarifs-flyer-restauration-scolaire-au-01-avril-2024_1Bruxelles-1-20240409logo-SOLTeAimage                    \n\n                                    \n            \n        \n        \n\n\n\n\n\n\nPr\u00e9sentation de coll\u00e8ge :\n\n\n\nLe coll\u00e8ge Georges LAPIERRE est class\u00e9 en REP + (R\u00e9seau d&rsquo;Education Prioritaire renforc\u00e9) et b\u00e9n\u00e9ficie des moyens des REP +.\n\n\n\nUNE EQUIPE DYNAMIQUE ET INVESTIE :\n\n\n\nL\u2019\u00e9quipe du coll\u00e8ge :&nbsp;ORGANIGRAMME\n\n\n\nDE NOMBREUX DISPOSITIFS SP\u00c9CIFIQUES ET PROJETS D&rsquo;ACCOMPAGNEMENT SCOLAIRE :\n\n\n\nLe coll\u00e8ge dispose de classes d\u2019enseignement g\u00e9n\u00e9ral, d&rsquo;un dispositif ULIS, d&rsquo;une SEGPA, de l&rsquo;option anglais (LCE), d&rsquo;un accueil des judoka du \u00ab\u00a0p\u00f4le espoir\u00a0\u00bb, du parcours excellence, d&rsquo;un projet radio, d&rsquo;un potager, etc.\n\n\n\nDes associations accompagnent la vie des \u00e9l\u00e8ves et les projets : le Foyer Socio Educatif (FSE), l&rsquo;Association sportive (UNSS), l&rsquo;Association des parents d\u2019\u00e9l\u00e8ves.\n\n\n\nUN COLLEGE ANCR\u00c9 DANS LE TERRITOIRE ET OUVERT SUR L&rsquo;EXT\u00c9RIEUR :\n\n\n\nNous travaillons avec de nombreux partenaires : le D\u00e9partement de la Gironde, la Mairie de Lormont, le Programme de R\u00e9ussite Educative (PRE), la Cit\u00e9 \u00e9ducative de Lormont et de nombreuses autres associations (TELEMAQUE, AJHaG, etc).\n\n\n\nLe coll\u00e8ge est engag\u00e9 dans la validation de plusieurs labels de l&rsquo;Education nationale :E3D (\u00c9tablissement en D\u00e9marche globale de D\u00e9veloppement Durable),Egalit\u00e9 filles\/gar\u00e7ons,pHARe (programme de lutte contre le harc\u00e8lement).\n\n\n\nRENTREE 2025Toutes les fournitures classes par classes\n\n\n\n\n\n\n\n\n\n\n\n\n\nMentions l\u00e9gales<\/span><span style=\"margin-left:3px; max-height:2.8em\" class=\"line_limit\"> [...]<\/span><\/a><span class=\"custom_fields\">\n<!-- WPLP Unknown field: Custom_Fields -->\n<\/span><a href=\"https:\/\/vtest1.college-lapierre.fr\/\"  class=\"read-more\">Lire la suite\u2026<\/a><\/div><\/div><\/div><\/div><\/div><div class=\"swiper-button-next\"><\/div><div class=\"swiper-button-prev\"><\/div><div class=\"swiper-pagination\"><\/div><\/div><\/div>\n","protected":false},"excerpt":{"rendered":"<p>Evaluations nationales 6e Evaluations nationales 4e<\/p>\n","protected":false},"author":2,"featured_media":0,"parent":0,"menu_order":0,"comment_status":"closed","ping_status":"closed","template":"","meta":{"footnotes":""},"categories":[38],"tags":[],"class_list":["post-24","page","type-page","status-publish","hentry","category-pedagogie"],"_links":{"self":[{"href":"https:\/\/vtest1.college-lapierre.fr\/index.php?rest_route=\/wp\/v2\/pages\/24","targetHints":{"allow":["GET"]}}],"collection":[{"href":"https:\/\/vtest1.college-lapierre.fr\/index.php?rest_route=\/wp\/v2\/pages"}],"about":[{"href":"https:\/\/vtest1.college-lapierre.fr\/index.php?rest_route=\/wp\/v2\/types\/page"}],"author":[{"embeddable":true,"href":"https:\/\/vtest1.college-lapierre.fr\/index.php?rest_route=\/wp\/v2\/users\/2"}],"replies":[{"embeddable":true,"href":"https:\/\/vtest1.college-lapierre.fr\/index.php?rest_route=%2Fwp%2Fv2%2Fcomments&post=24"}],"version-history":[{"count":6,"href":"https:\/\/vtest1.college-lapierre.fr\/index.php?rest_route=\/wp\/v2\/pages\/24\/revisions"}],"predecessor-version":[{"id":10038,"href":"https:\/\/vtest1.college-lapierre.fr\/index.php?rest_route=\/wp\/v2\/pages\/24\/revisions\/10038"}],"wp:attachment":[{"href":"https:\/\/vtest1.college-lapierre.fr\/index.php?rest_route=%2Fwp%2Fv2%2Fmedia&parent=24"}],"wp:term":[{"taxonomy":"category","embeddable":true,"href":"https:\/\/vtest1.college-lapierre.fr\/index.php?rest_route=%2Fwp%2Fv2%2Fcategories&post=24"},{"taxonomy":"post_tag","embeddable":true,"href":"https:\/\/vtest1.college-lapierre.fr\/index.php?rest_route=%2Fwp%2Fv2%2Ftags&post=24"}],"curies":[{"name":"wp","href":"https:\/\/api.w.org\/{rel}","templated":true}]}}