{"id":32,"date":"2022-12-23T14:55:17","date_gmt":"2022-12-23T14:55:17","guid":{"rendered":"https:\/\/vtest1.college-lapierre.fr\/?page_id=32"},"modified":"2025-09-23T11:59:30","modified_gmt":"2025-09-23T09:59:30","slug":"association-sportive-unss","status":"publish","type":"page","link":"https:\/\/vtest1.college-lapierre.fr\/?page_id=32","title":{"rendered":"UNSS : Association sportive"},"content":{"rendered":"\n<figure class=\"wp-block-pullquote has-border-color has-black-border-color has-pale-cyan-blue-background-color has-background has-small-font-size\" style=\"border-width:3px;border-radius:60px;font-style:normal;font-weight:800\"><blockquote><p>Vous trouverez ici les articles concernant l&rsquo;ULIS<\/p><\/blockquote><\/figure>\n\n\n<ul class=\"wp-block-latest-posts__list is-grid columns-3 has-dates has-author wp-block-latest-posts\"><li><div class=\"wp-block-latest-posts__featured-image\"><a href=\"https:\/\/vtest1.college-lapierre.fr\/?p=11847\" aria-label=\"M\u00e9daille d&rsquo;argent au championnat acad\u00e9mique !\"><img loading=\"lazy\" decoding=\"async\" width=\"150\" height=\"150\" src=\"https:\/\/vtest1.college-lapierre.fr\/wp-content\/uploads\/2026\/03\/WhatsApp-Image-2026-03-16-at-10.15.12-150x150.jpeg\" class=\"attachment-thumbnail size-thumbnail wp-post-image\" alt=\"\" style=\"\" \/><\/a><\/div><a class=\"wp-block-latest-posts__post-title\" href=\"https:\/\/vtest1.college-lapierre.fr\/?p=11847\">M\u00e9daille d&rsquo;argent au championnat acad\u00e9mique !<\/a><div class=\"wp-block-latest-posts__post-author\">par MATHILDE BACKMANN<\/div><time datetime=\"2026-03-16T11:46:05+02:00\" class=\"wp-block-latest-posts__post-date\">16\/03\/2026<\/time><div class=\"wp-block-latest-posts__post-full-content\"><!-- wp:paragraph -->\n<p>Mercredi 11 mars 2026, l&rsquo;\u00e9quipe de l&rsquo;association sportive du coll\u00e8ge Lapierre s&rsquo;est hiss\u00e9e \u00e0 la 2e place du podium du championnat acad\u00e9mique de VTT  ! <strong>A une place de partir aux championnats de France<\/strong> ! <\/p>\n<!-- \/wp:paragraph -->\n\n<!-- wp:paragraph -->\n<p>Ils ont affront\u00e9 des \u00e9quipes venant de Gironde, de Dordogne, du Lot et Garonne, des Landes et des Pyr\u00e9n\u00e9es Atlantiques. <\/p>\n<!-- \/wp:paragraph -->\n\n<!-- wp:paragraph -->\n<p>L&rsquo;\u00e9quipe \u00e9tait compos\u00e9e de Cl\u00e9mence, Camille, Bogdan, Gabin et notre jeune officielle Wynellia ! <\/p>\n<!-- \/wp:paragraph -->\n\n<!-- wp:paragraph -->\n<p>Un immense bravo aux \u00e9l\u00e8ves qui ont donn\u00e9 leur maximum et ont repr\u00e9sent\u00e9 fi\u00e8rement le coll\u00e8ge ! Ils sont reboost\u00e9s pour l&rsquo;ann\u00e9e prochaine et ont \u00e0 c\u0153ur de se qualifier pour les championnats de France ! <\/p>\n<!-- \/wp:paragraph -->\n\n<!-- wp:paragraph -->\n<p>Rendez vous en 2027&#8230;<\/p>\n<!-- \/wp:paragraph -->\n\n<!-- wp:gallery {\"linkTo\":\"none\"} -->\n<figure class=\"wp-block-gallery has-nested-images columns-default is-cropped\"><!-- wp:image {\"id\":11857,\"sizeSlug\":\"large\",\"linkDestination\":\"none\"} -->\n<figure class=\"wp-block-image size-large\"><img loading=\"lazy\" decoding=\"async\" width=\"1024\" height=\"576\" src=\"https:\/\/vtest1.college-lapierre.fr\/wp-content\/uploads\/2026\/03\/WhatsApp-Image-2026-03-16-at-10.39.55-1024x576.jpeg\" alt=\"\" class=\"wp-image-11857\" srcset=\"https:\/\/vtest1.college-lapierre.fr\/wp-content\/uploads\/2026\/03\/WhatsApp-Image-2026-03-16-at-10.39.55-1024x576.jpeg 1024w, https:\/\/vtest1.college-lapierre.fr\/wp-content\/uploads\/2026\/03\/WhatsApp-Image-2026-03-16-at-10.39.55-300x169.jpeg 300w, https:\/\/vtest1.college-lapierre.fr\/wp-content\/uploads\/2026\/03\/WhatsApp-Image-2026-03-16-at-10.39.55-768x432.jpeg 768w, https:\/\/vtest1.college-lapierre.fr\/wp-content\/uploads\/2026\/03\/WhatsApp-Image-2026-03-16-at-10.39.55-1536x864.jpeg 1536w, https:\/\/vtest1.college-lapierre.fr\/wp-content\/uploads\/2026\/03\/WhatsApp-Image-2026-03-16-at-10.39.55.jpeg 2016w\" sizes=\"auto, (max-width: 1024px) 100vw, 1024px\" \/><\/figure>\n<!-- \/wp:image -->\n\n<!-- wp:image {\"id\":11856,\"sizeSlug\":\"large\",\"linkDestination\":\"none\"} -->\n<figure class=\"wp-block-image size-large\"><img loading=\"lazy\" decoding=\"async\" width=\"576\" height=\"1024\" src=\"https:\/\/vtest1.college-lapierre.fr\/wp-content\/uploads\/2026\/03\/WhatsApp-Image-2026-03-16-at-10.38.37-576x1024.jpeg\" alt=\"\" class=\"wp-image-11856\" srcset=\"https:\/\/vtest1.college-lapierre.fr\/wp-content\/uploads\/2026\/03\/WhatsApp-Image-2026-03-16-at-10.38.37-576x1024.jpeg 576w, https:\/\/vtest1.college-lapierre.fr\/wp-content\/uploads\/2026\/03\/WhatsApp-Image-2026-03-16-at-10.38.37-169x300.jpeg 169w, https:\/\/vtest1.college-lapierre.fr\/wp-content\/uploads\/2026\/03\/WhatsApp-Image-2026-03-16-at-10.38.37-768x1365.jpeg 768w, https:\/\/vtest1.college-lapierre.fr\/wp-content\/uploads\/2026\/03\/WhatsApp-Image-2026-03-16-at-10.38.37-864x1536.jpeg 864w, https:\/\/vtest1.college-lapierre.fr\/wp-content\/uploads\/2026\/03\/WhatsApp-Image-2026-03-16-at-10.38.37.jpeg 1134w\" sizes=\"auto, (max-width: 576px) 100vw, 576px\" \/><\/figure>\n<!-- \/wp:image -->\n\n<!-- wp:image {\"id\":11855,\"sizeSlug\":\"large\",\"linkDestination\":\"none\"} -->\n<figure class=\"wp-block-image size-large\"><img loading=\"lazy\" decoding=\"async\" width=\"1024\" height=\"576\" src=\"https:\/\/vtest1.college-lapierre.fr\/wp-content\/uploads\/2026\/03\/WhatsApp-Image-2026-03-16-at-10.38.17-1024x576.jpeg\" alt=\"\" class=\"wp-image-11855\" srcset=\"https:\/\/vtest1.college-lapierre.fr\/wp-content\/uploads\/2026\/03\/WhatsApp-Image-2026-03-16-at-10.38.17-1024x576.jpeg 1024w, https:\/\/vtest1.college-lapierre.fr\/wp-content\/uploads\/2026\/03\/WhatsApp-Image-2026-03-16-at-10.38.17-300x169.jpeg 300w, https:\/\/vtest1.college-lapierre.fr\/wp-content\/uploads\/2026\/03\/WhatsApp-Image-2026-03-16-at-10.38.17-768x432.jpeg 768w, https:\/\/vtest1.college-lapierre.fr\/wp-content\/uploads\/2026\/03\/WhatsApp-Image-2026-03-16-at-10.38.17-1536x864.jpeg 1536w, https:\/\/vtest1.college-lapierre.fr\/wp-content\/uploads\/2026\/03\/WhatsApp-Image-2026-03-16-at-10.38.17.jpeg 2016w\" sizes=\"auto, (max-width: 1024px) 100vw, 1024px\" \/><\/figure>\n<!-- \/wp:image -->\n\n<!-- wp:image {\"id\":11853,\"sizeSlug\":\"large\",\"linkDestination\":\"none\"} -->\n<figure class=\"wp-block-image size-large\"><img loading=\"lazy\" decoding=\"async\" width=\"1024\" height=\"576\" src=\"https:\/\/vtest1.college-lapierre.fr\/wp-content\/uploads\/2026\/03\/WhatsApp-Image-2026-03-16-at-10.15.02-1024x576.jpeg\" alt=\"\" class=\"wp-image-11853\" srcset=\"https:\/\/vtest1.college-lapierre.fr\/wp-content\/uploads\/2026\/03\/WhatsApp-Image-2026-03-16-at-10.15.02-1024x576.jpeg 1024w, https:\/\/vtest1.college-lapierre.fr\/wp-content\/uploads\/2026\/03\/WhatsApp-Image-2026-03-16-at-10.15.02-300x169.jpeg 300w, https:\/\/vtest1.college-lapierre.fr\/wp-content\/uploads\/2026\/03\/WhatsApp-Image-2026-03-16-at-10.15.02-768x432.jpeg 768w, https:\/\/vtest1.college-lapierre.fr\/wp-content\/uploads\/2026\/03\/WhatsApp-Image-2026-03-16-at-10.15.02-1536x864.jpeg 1536w, https:\/\/vtest1.college-lapierre.fr\/wp-content\/uploads\/2026\/03\/WhatsApp-Image-2026-03-16-at-10.15.02.jpeg 1600w\" sizes=\"auto, (max-width: 1024px) 100vw, 1024px\" \/><\/figure>\n<!-- \/wp:image -->\n\n<!-- wp:image {\"id\":11852,\"sizeSlug\":\"large\",\"linkDestination\":\"none\"} -->\n<figure class=\"wp-block-image size-large\"><img loading=\"lazy\" decoding=\"async\" width=\"1024\" height=\"576\" src=\"https:\/\/vtest1.college-lapierre.fr\/wp-content\/uploads\/2026\/03\/WhatsApp-Image-2026-03-16-at-10.15.01-1024x576.jpeg\" alt=\"\" class=\"wp-image-11852\" srcset=\"https:\/\/vtest1.college-lapierre.fr\/wp-content\/uploads\/2026\/03\/WhatsApp-Image-2026-03-16-at-10.15.01-1024x576.jpeg 1024w, https:\/\/vtest1.college-lapierre.fr\/wp-content\/uploads\/2026\/03\/WhatsApp-Image-2026-03-16-at-10.15.01-300x169.jpeg 300w, https:\/\/vtest1.college-lapierre.fr\/wp-content\/uploads\/2026\/03\/WhatsApp-Image-2026-03-16-at-10.15.01-768x432.jpeg 768w, https:\/\/vtest1.college-lapierre.fr\/wp-content\/uploads\/2026\/03\/WhatsApp-Image-2026-03-16-at-10.15.01-1536x864.jpeg 1536w, https:\/\/vtest1.college-lapierre.fr\/wp-content\/uploads\/2026\/03\/WhatsApp-Image-2026-03-16-at-10.15.01.jpeg 2016w\" sizes=\"auto, (max-width: 1024px) 100vw, 1024px\" \/><\/figure>\n<!-- \/wp:image -->\n\n<!-- wp:image {\"id\":11851,\"sizeSlug\":\"large\",\"linkDestination\":\"none\"} -->\n<figure class=\"wp-block-image size-large\"><img loading=\"lazy\" decoding=\"async\" width=\"1024\" height=\"576\" src=\"https:\/\/vtest1.college-lapierre.fr\/wp-content\/uploads\/2026\/03\/Camille-1024x576.jpeg\" alt=\"\" class=\"wp-image-11851\" srcset=\"https:\/\/vtest1.college-lapierre.fr\/wp-content\/uploads\/2026\/03\/Camille-1024x576.jpeg 1024w, https:\/\/vtest1.college-lapierre.fr\/wp-content\/uploads\/2026\/03\/Camille-300x169.jpeg 300w, https:\/\/vtest1.college-lapierre.fr\/wp-content\/uploads\/2026\/03\/Camille-768x432.jpeg 768w, https:\/\/vtest1.college-lapierre.fr\/wp-content\/uploads\/2026\/03\/Camille-1536x864.jpeg 1536w, https:\/\/vtest1.college-lapierre.fr\/wp-content\/uploads\/2026\/03\/Camille.jpeg 2016w\" sizes=\"auto, (max-width: 1024px) 100vw, 1024px\" \/><\/figure>\n<!-- \/wp:image -->\n\n<!-- wp:image {\"id\":11850,\"sizeSlug\":\"large\",\"linkDestination\":\"none\"} -->\n<figure class=\"wp-block-image size-large\"><img loading=\"lazy\" decoding=\"async\" width=\"1024\" height=\"576\" src=\"https:\/\/vtest1.college-lapierre.fr\/wp-content\/uploads\/2026\/03\/Bogdan-1024x576.jpeg\" alt=\"\" class=\"wp-image-11850\" srcset=\"https:\/\/vtest1.college-lapierre.fr\/wp-content\/uploads\/2026\/03\/Bogdan-1024x576.jpeg 1024w, https:\/\/vtest1.college-lapierre.fr\/wp-content\/uploads\/2026\/03\/Bogdan-300x169.jpeg 300w, https:\/\/vtest1.college-lapierre.fr\/wp-content\/uploads\/2026\/03\/Bogdan-768x432.jpeg 768w, https:\/\/vtest1.college-lapierre.fr\/wp-content\/uploads\/2026\/03\/Bogdan-1536x864.jpeg 1536w, https:\/\/vtest1.college-lapierre.fr\/wp-content\/uploads\/2026\/03\/Bogdan.jpeg 2016w\" sizes=\"auto, (max-width: 1024px) 100vw, 1024px\" \/><\/figure>\n<!-- \/wp:image -->\n\n<!-- wp:image {\"id\":11849,\"sizeSlug\":\"large\",\"linkDestination\":\"none\"} -->\n<figure class=\"wp-block-image size-large\"><img loading=\"lazy\" decoding=\"async\" width=\"1024\" height=\"576\" src=\"https:\/\/vtest1.college-lapierre.fr\/wp-content\/uploads\/2026\/03\/as-1024x576.jpeg\" alt=\"\" class=\"wp-image-11849\" srcset=\"https:\/\/vtest1.college-lapierre.fr\/wp-content\/uploads\/2026\/03\/as-1024x576.jpeg 1024w, https:\/\/vtest1.college-lapierre.fr\/wp-content\/uploads\/2026\/03\/as-300x169.jpeg 300w, https:\/\/vtest1.college-lapierre.fr\/wp-content\/uploads\/2026\/03\/as-768x432.jpeg 768w, https:\/\/vtest1.college-lapierre.fr\/wp-content\/uploads\/2026\/03\/as-1536x864.jpeg 1536w, https:\/\/vtest1.college-lapierre.fr\/wp-content\/uploads\/2026\/03\/as.jpeg 2016w\" sizes=\"auto, (max-width: 1024px) 100vw, 1024px\" \/><\/figure>\n<!-- \/wp:image -->\n\n<!-- wp:image {\"id\":11848,\"sizeSlug\":\"large\",\"linkDestination\":\"none\"} -->\n<figure class=\"wp-block-image size-large\"><img loading=\"lazy\" decoding=\"async\" width=\"1024\" height=\"576\" src=\"https:\/\/vtest1.college-lapierre.fr\/wp-content\/uploads\/2026\/03\/as-1-1024x576.jpeg\" alt=\"\" class=\"wp-image-11848\" srcset=\"https:\/\/vtest1.college-lapierre.fr\/wp-content\/uploads\/2026\/03\/as-1-1024x576.jpeg 1024w, https:\/\/vtest1.college-lapierre.fr\/wp-content\/uploads\/2026\/03\/as-1-300x169.jpeg 300w, https:\/\/vtest1.college-lapierre.fr\/wp-content\/uploads\/2026\/03\/as-1-768x432.jpeg 768w, https:\/\/vtest1.college-lapierre.fr\/wp-content\/uploads\/2026\/03\/as-1-1536x864.jpeg 1536w, https:\/\/vtest1.college-lapierre.fr\/wp-content\/uploads\/2026\/03\/as-1.jpeg 2016w\" sizes=\"auto, (max-width: 1024px) 100vw, 1024px\" \/><\/figure>\n<!-- \/wp:image --><\/figure>\n<!-- \/wp:gallery -->\n\n<!-- wp:paragraph -->\n<p><\/p>\n<!-- \/wp:paragraph --><\/div><\/li>\n<li><div class=\"wp-block-latest-posts__featured-image\"><a href=\"https:\/\/vtest1.college-lapierre.fr\/?p=10888\" aria-label=\"ASSOCIATION SPORTIVE\"><img loading=\"lazy\" decoding=\"async\" width=\"150\" height=\"150\" src=\"https:\/\/vtest1.college-lapierre.fr\/wp-content\/uploads\/2024\/10\/Affiche-AS-2024-2025-150x150.png\" class=\"attachment-thumbnail size-thumbnail wp-post-image\" alt=\"\" style=\"\" \/><\/a><\/div><a class=\"wp-block-latest-posts__post-title\" href=\"https:\/\/vtest1.college-lapierre.fr\/?p=10888\">ASSOCIATION SPORTIVE<\/a><div class=\"wp-block-latest-posts__post-author\">par MATHILDE BACKMANN<\/div><time datetime=\"2024-10-07T13:31:17+02:00\" class=\"wp-block-latest-posts__post-date\">07\/10\/2024<\/time><div class=\"wp-block-latest-posts__post-full-content\"><!-- wp:paragraph -->\n<p>Voici le programme des activit\u00e9s 2024-2025<\/p>\n<!-- \/wp:paragraph -->\n\n<!-- wp:paragraph -->\n<p><\/p>\n<!-- \/wp:paragraph -->\n\n<!-- wp:image {\"id\":10883,\"sizeSlug\":\"large\",\"linkDestination\":\"none\"} -->\n<figure class=\"wp-block-image size-large\"><img loading=\"lazy\" decoding=\"async\" width=\"724\" height=\"1024\" src=\"https:\/\/vtest1.college-lapierre.fr\/wp-content\/uploads\/2024\/10\/Affiche-t-shirt-AS-1-724x1024.png\" alt=\"\" class=\"wp-image-10883\" srcset=\"https:\/\/vtest1.college-lapierre.fr\/wp-content\/uploads\/2024\/10\/Affiche-t-shirt-AS-1-724x1024.png 724w, https:\/\/vtest1.college-lapierre.fr\/wp-content\/uploads\/2024\/10\/Affiche-t-shirt-AS-1-212x300.png 212w, https:\/\/vtest1.college-lapierre.fr\/wp-content\/uploads\/2024\/10\/Affiche-t-shirt-AS-1-768x1086.png 768w, https:\/\/vtest1.college-lapierre.fr\/wp-content\/uploads\/2024\/10\/Affiche-t-shirt-AS-1-1086x1536.png 1086w, https:\/\/vtest1.college-lapierre.fr\/wp-content\/uploads\/2024\/10\/Affiche-t-shirt-AS-1-1448x2048.png 1448w, https:\/\/vtest1.college-lapierre.fr\/wp-content\/uploads\/2024\/10\/Affiche-t-shirt-AS-1.png 1587w\" sizes=\"auto, (max-width: 724px) 100vw, 724px\" \/><\/figure>\n<!-- \/wp:image -->\n\n<!-- wp:image {\"id\":10885,\"sizeSlug\":\"large\",\"linkDestination\":\"none\"} -->\n<figure class=\"wp-block-image size-large\"><img loading=\"lazy\" decoding=\"async\" width=\"724\" height=\"1024\" src=\"https:\/\/vtest1.college-lapierre.fr\/wp-content\/uploads\/2024\/10\/Fiche-AS-2024-2025-1-724x1024.png\" alt=\"\" class=\"wp-image-10885\" srcset=\"https:\/\/vtest1.college-lapierre.fr\/wp-content\/uploads\/2024\/10\/Fiche-AS-2024-2025-1-724x1024.png 724w, https:\/\/vtest1.college-lapierre.fr\/wp-content\/uploads\/2024\/10\/Fiche-AS-2024-2025-1-212x300.png 212w, https:\/\/vtest1.college-lapierre.fr\/wp-content\/uploads\/2024\/10\/Fiche-AS-2024-2025-1-768x1086.png 768w, https:\/\/vtest1.college-lapierre.fr\/wp-content\/uploads\/2024\/10\/Fiche-AS-2024-2025-1-1086x1536.png 1086w, https:\/\/vtest1.college-lapierre.fr\/wp-content\/uploads\/2024\/10\/Fiche-AS-2024-2025-1.png 1414w\" sizes=\"auto, (max-width: 724px) 100vw, 724px\" \/><\/figure>\n<!-- \/wp:image -->\n\n<!-- wp:image {\"id\":10884,\"sizeSlug\":\"large\",\"linkDestination\":\"none\"} -->\n<figure class=\"wp-block-image size-large\"><img loading=\"lazy\" decoding=\"async\" width=\"724\" height=\"1024\" src=\"https:\/\/vtest1.college-lapierre.fr\/wp-content\/uploads\/2024\/10\/Fiche-AS-2024-2025-recto-1-724x1024.png\" alt=\"\" class=\"wp-image-10884\" srcset=\"https:\/\/vtest1.college-lapierre.fr\/wp-content\/uploads\/2024\/10\/Fiche-AS-2024-2025-recto-1-724x1024.png 724w, https:\/\/vtest1.college-lapierre.fr\/wp-content\/uploads\/2024\/10\/Fiche-AS-2024-2025-recto-1-212x300.png 212w, https:\/\/vtest1.college-lapierre.fr\/wp-content\/uploads\/2024\/10\/Fiche-AS-2024-2025-recto-1-768x1086.png 768w, https:\/\/vtest1.college-lapierre.fr\/wp-content\/uploads\/2024\/10\/Fiche-AS-2024-2025-recto-1-1086x1536.png 1086w, https:\/\/vtest1.college-lapierre.fr\/wp-content\/uploads\/2024\/10\/Fiche-AS-2024-2025-recto-1.png 1414w\" sizes=\"auto, (max-width: 724px) 100vw, 724px\" \/><\/figure>\n<!-- \/wp:image --><\/div><\/li>\n<li><div class=\"wp-block-latest-posts__featured-image\"><a href=\"https:\/\/vtest1.college-lapierre.fr\/?p=10873\" aria-label=\"Matin\u00e9e de l&rsquo;Association sportive\"><img loading=\"lazy\" decoding=\"async\" width=\"150\" height=\"150\" src=\"https:\/\/vtest1.college-lapierre.fr\/wp-content\/uploads\/2024\/10\/ASSOCIATION-SPORTIVE-150x150.png\" class=\"attachment-thumbnail size-thumbnail wp-post-image\" alt=\"\" style=\"\" srcset=\"https:\/\/vtest1.college-lapierre.fr\/wp-content\/uploads\/2024\/10\/ASSOCIATION-SPORTIVE-150x150.png 150w, https:\/\/vtest1.college-lapierre.fr\/wp-content\/uploads\/2024\/10\/ASSOCIATION-SPORTIVE-300x300.png 300w, https:\/\/vtest1.college-lapierre.fr\/wp-content\/uploads\/2024\/10\/ASSOCIATION-SPORTIVE.png 500w\" sizes=\"auto, (max-width: 150px) 100vw, 150px\" \/><\/a><\/div><a class=\"wp-block-latest-posts__post-title\" href=\"https:\/\/vtest1.college-lapierre.fr\/?p=10873\">Matin\u00e9e de l&rsquo;Association sportive<\/a><div class=\"wp-block-latest-posts__post-author\">par MATHILDE BACKMANN<\/div><time datetime=\"2024-10-07T13:26:46+02:00\" class=\"wp-block-latest-posts__post-date\">07\/10\/2024<\/time><div class=\"wp-block-latest-posts__post-full-content\"><!-- wp:paragraph -->\n<p>A l&rsquo;occasion de la journ\u00e9e nationale du sport scolaire, les \u00e9l\u00e8ves de 6e ont particip\u00e9 \u00e0 une matin\u00e9e sportive le 18 septembre dernier.<\/p>\n<!-- \/wp:paragraph -->\n\n<!-- wp:paragraph -->\n<p>Ainsi, ils ont pu d\u00e9couvrir les diff\u00e9rentes activit\u00e9s sportives propos\u00e9es par les enseignants d&rsquo;EPS au sein de l&rsquo;association sportive du coll\u00e8ge ! <\/p>\n<!-- \/wp:paragraph -->\n\n<!-- wp:paragraph -->\n<p>Une matin\u00e9e festive et int\u00e9grative pour nos 6e qui pour beaucoup, ont d\u00e9cid\u00e9 de s&rsquo;inscrire \u00e0 l&rsquo;association par la suite. <\/p>\n<!-- \/wp:paragraph -->\n\n<!-- wp:paragraph -->\n<p>Pour rappel: licence seule: 20 euros, licence + t-shirt: 30 euros.<\/p>\n<!-- \/wp:paragraph -->\n\n<!-- wp:paragraph -->\n<p>Acticit\u00e9s: Tennis de table, basket, VTT, natation, Step.<\/p>\n<!-- \/wp:paragraph -->\n\n<!-- wp:image {\"id\":10874,\"sizeSlug\":\"full\",\"linkDestination\":\"none\"} -->\n<figure class=\"wp-block-image size-full\"><img loading=\"lazy\" decoding=\"async\" width=\"500\" height=\"500\" src=\"https:\/\/vtest1.college-lapierre.fr\/wp-content\/uploads\/2024\/10\/ASSOCIATION-SPORTIVE.png\" alt=\"\" class=\"wp-image-10874\" srcset=\"https:\/\/vtest1.college-lapierre.fr\/wp-content\/uploads\/2024\/10\/ASSOCIATION-SPORTIVE.png 500w, https:\/\/vtest1.college-lapierre.fr\/wp-content\/uploads\/2024\/10\/ASSOCIATION-SPORTIVE-300x300.png 300w, https:\/\/vtest1.college-lapierre.fr\/wp-content\/uploads\/2024\/10\/ASSOCIATION-SPORTIVE-150x150.png 150w\" sizes=\"auto, (max-width: 500px) 100vw, 500px\" \/><\/figure>\n<!-- \/wp:image --><\/div><\/li>\n<li><div class=\"wp-block-latest-posts__featured-image\"><a href=\"https:\/\/vtest1.college-lapierre.fr\/?p=10533\" aria-label=\"S\u00e9jour de l&rsquo;association sportive !\"><img loading=\"lazy\" decoding=\"async\" width=\"150\" height=\"150\" src=\"https:\/\/vtest1.college-lapierre.fr\/wp-content\/uploads\/2024\/06\/PXL_20240523_121410337-150x150.jpg\" class=\"attachment-thumbnail size-thumbnail wp-post-image\" alt=\"\" style=\"\" \/><\/a><\/div><a class=\"wp-block-latest-posts__post-title\" href=\"https:\/\/vtest1.college-lapierre.fr\/?p=10533\">S\u00e9jour de l&rsquo;association sportive !<\/a><div class=\"wp-block-latest-posts__post-author\">par MATHILDE BACKMANN<\/div><time datetime=\"2024-06-10T10:32:27+02:00\" class=\"wp-block-latest-posts__post-date\">10\/06\/2024<\/time><div class=\"wp-block-latest-posts__post-full-content\"><!-- wp:paragraph -->\n<p>Du 21 au 24 mai 2024, 40 \u00e9l\u00e8ves de l&rsquo;association sportive du coll\u00e8ge Lapierre ont particip\u00e9 \u00e0 un s\u00e9jour sportif au centre UCPA de Bombannes ! Au programme, 4h de sport par jour : surf et voile ! En plus de ces deux activit\u00e9s, ils ont pu s&rsquo;initier \u00e0 la p\u00eache, faire des parties de p\u00e9tanque, tennis, tennis de table, basket, beach volley et&#8230; danser lors de la boum du jeudi soir ! <br>Organis\u00e9 par les enseignants d&rsquo;EPS ce s\u00e9jour \u00e9tait propos\u00e9 aux \u00e9l\u00e8ves engag\u00e9s tout au long de l&rsquo;ann\u00e9e au sein de l&rsquo;association sportive. D\u00e9passement de soi, partage, plaisir, d\u00e9couverte&#8230; un s\u00e9jour r\u00e9ussi !<\/p>\n<!-- \/wp:paragraph -->\n\n<!-- wp:image {\"id\":10536,\"width\":\"840px\",\"height\":\"auto\",\"sizeSlug\":\"large\",\"linkDestination\":\"none\"} -->\n<figure class=\"wp-block-image size-large is-resized\"><img loading=\"lazy\" decoding=\"async\" width=\"1024\" height=\"768\" src=\"https:\/\/vtest1.college-lapierre.fr\/wp-content\/uploads\/2024\/06\/IMG-20240525-WA0000-1024x768.jpg\" alt=\"\" class=\"wp-image-10536\" style=\"width:840px;height:auto\" srcset=\"https:\/\/vtest1.college-lapierre.fr\/wp-content\/uploads\/2024\/06\/IMG-20240525-WA0000-1024x768.jpg 1024w, https:\/\/vtest1.college-lapierre.fr\/wp-content\/uploads\/2024\/06\/IMG-20240525-WA0000-300x225.jpg 300w, https:\/\/vtest1.college-lapierre.fr\/wp-content\/uploads\/2024\/06\/IMG-20240525-WA0000-768x576.jpg 768w, https:\/\/vtest1.college-lapierre.fr\/wp-content\/uploads\/2024\/06\/IMG-20240525-WA0000-1536x1152.jpg 1536w, https:\/\/vtest1.college-lapierre.fr\/wp-content\/uploads\/2024\/06\/IMG-20240525-WA0000.jpg 1600w\" sizes=\"auto, (max-width: 1024px) 100vw, 1024px\" \/><\/figure>\n<!-- \/wp:image --><\/div><\/li>\n<li><a class=\"wp-block-latest-posts__post-title\" href=\"https:\/\/vtest1.college-lapierre.fr\/?p=8008\">Une belle m\u00e9daille de bronze en VTT<\/a><div class=\"wp-block-latest-posts__post-author\">par L. FOURGUET<\/div><time datetime=\"2022-03-21T11:03:56+02:00\" class=\"wp-block-latest-posts__post-date\">21\/03\/2022<\/time><div class=\"wp-block-latest-posts__post-full-content\">Premi\u00e8re comp\u00e9tition de VTT de niveau d\u00e9partemental pour les \u00e9l\u00e8ves de l&rsquo;AS ce mercredi 16 mars 2022.\nAu terme d&rsquo;une belle et dense journ\u00e9e, l&rsquo;\u00e9quipe de Sirine Saib, Jihanne Benmendil, Evan Cassiau et Lucas Clinet De Molas ont eu la joie de monter sur la troisi\u00e8me marche du podium !  F\u00e9licitations \u00e0 eux!\nBravo \u00e9galement \u00e0 l&rsquo;\u00e9quipe de Adena Agregag, Hamza Bounekcha, Mady Traore et Aymen Smaha qui ont repr\u00e9sent\u00e9 avec fiert\u00e9 le coll\u00e8ge Lapierre.\nUn grand merci \u00e0 nos 4 jeunes officiels qui ont tenu leur r\u00f4le avec beaucoup de s\u00e9rieux : Gabrielle Mousseau, Marwa Zahi, Andreea Anchidin et Andria Ninidze.<\/div><\/li>\n<li><div class=\"wp-block-latest-posts__featured-image\"><a href=\"https:\/\/vtest1.college-lapierre.fr\/?p=7973\" aria-label=\"Une belle m\u00e9daille de bronze en VTT\"><\/a><\/div><a class=\"wp-block-latest-posts__post-title\" href=\"https:\/\/vtest1.college-lapierre.fr\/?p=7973\">Une belle m\u00e9daille de bronze en VTT<\/a><div class=\"wp-block-latest-posts__post-author\">par L. FOURGUET<\/div><time datetime=\"2022-03-17T22:31:22+02:00\" class=\"wp-block-latest-posts__post-date\">17\/03\/2022<\/time><div class=\"wp-block-latest-posts__post-full-content\">Premi\u00e8re comp\u00e9tition de VTT de niveau d\u00e9partemental pour les \u00e9l\u00e8ves de l&rsquo;AS ce mercredi 16 mars 2022.\nAu terme d&rsquo;une belle et dense journ\u00e9e, l&rsquo;\u00e9quipe de Sirine Saib, Jihanne Benmendil, Evan Cassiau et Lucas Clinet De Molas ont eu la joie de monter sur la troisi\u00e8me marche du podium !  F\u00e9licitations \u00e0 eux!\nBravo \u00e9galement \u00e0 l&rsquo;\u00e9quipe de Adena Agregag, Hamza Bounekcha, Mady Traore et Aymen Smaha qui ont repr\u00e9sent\u00e9 avec fiert\u00e9 le coll\u00e8ge Lapierre.\nUn grand merci \u00e0 nos 4 jeunes officiels qui ont tenu leur r\u00f4le avec beaucoup de s\u00e9rieux : Gabrielle Mousseau, Marwa Zahi, Andreea Anchidin et Andria Ninidze.<\/div><\/li>\n<\/ul>","protected":false},"excerpt":{"rendered":"","protected":false},"author":2,"featured_media":0,"parent":22,"menu_order":0,"comment_status":"closed","ping_status":"closed","template":"","meta":{"footnotes":""},"categories":[20],"tags":[],"class_list":["post-32","page","type-page","status-publish","hentry","category-unss"],"_links":{"self":[{"href":"https:\/\/vtest1.college-lapierre.fr\/index.php?rest_route=\/wp\/v2\/pages\/32","targetHints":{"allow":["GET"]}}],"collection":[{"href":"https:\/\/vtest1.college-lapierre.fr\/index.php?rest_route=\/wp\/v2\/pages"}],"about":[{"href":"https:\/\/vtest1.college-lapierre.fr\/index.php?rest_route=\/wp\/v2\/types\/page"}],"author":[{"embeddable":true,"href":"https:\/\/vtest1.college-lapierre.fr\/index.php?rest_route=\/wp\/v2\/users\/2"}],"replies":[{"embeddable":true,"href":"https:\/\/vtest1.college-lapierre.fr\/index.php?rest_route=%2Fwp%2Fv2%2Fcomments&post=32"}],"version-history":[{"count":8,"href":"https:\/\/vtest1.college-lapierre.fr\/index.php?rest_route=\/wp\/v2\/pages\/32\/revisions"}],"predecessor-version":[{"id":11489,"href":"https:\/\/vtest1.college-lapierre.fr\/index.php?rest_route=\/wp\/v2\/pages\/32\/revisions\/11489"}],"up":[{"embeddable":true,"href":"https:\/\/vtest1.college-lapierre.fr\/index.php?rest_route=\/wp\/v2\/pages\/22"}],"wp:attachment":[{"href":"https:\/\/vtest1.college-lapierre.fr\/index.php?rest_route=%2Fwp%2Fv2%2Fmedia&parent=32"}],"wp:term":[{"taxonomy":"category","embeddable":true,"href":"https:\/\/vtest1.college-lapierre.fr\/index.php?rest_route=%2Fwp%2Fv2%2Fcategories&post=32"},{"taxonomy":"post_tag","embeddable":true,"href":"https:\/\/vtest1.college-lapierre.fr\/index.php?rest_route=%2Fwp%2Fv2%2Ftags&post=32"}],"curies":[{"name":"wp","href":"https:\/\/api.w.org\/{rel}","templated":true}]}}