{"id":34,"date":"2022-12-23T14:55:44","date_gmt":"2022-12-23T14:55:44","guid":{"rendered":"https:\/\/vtest1.college-lapierre.fr\/?page_id=34"},"modified":"2025-09-23T12:00:35","modified_gmt":"2025-09-23T10:00:35","slug":"foyer-socio-educatif-fse","status":"publish","type":"page","link":"https:\/\/vtest1.college-lapierre.fr\/?page_id=34","title":{"rendered":"FSE : Foyer Socio-Educatif"},"content":{"rendered":"\n<p>Le Foyer Socio-\u00c9ducatif est une association Loi 1901 ouverte \u00e0 tous les \u00e9l\u00e8ves et adultes du Coll\u00e8ge Lapierre.<\/p>\n\n\n\n<p><strong><u>LES OBJECTIFS DU FSE&nbsp;:<\/u><\/strong> <\/p>\n\n\n\n<p>Toutes les actions financ\u00e9es par le FSE visent \u00e0 <strong><em>am\u00e9liorer la qualit\u00e9 de vie des \u00e9l\u00e8ves au quotidien<\/em><\/strong>&nbsp;:<\/p>\n\n\n\n<ul class=\"wp-block-list\">\n<li>Acheter le mat\u00e9riel n\u00e9cessaire au fonctionnement des clubs entre 12H30 et 13H30<\/li>\n\n\n\n<li>Financer des animations. (tournoi de baby foot\u2026)<\/li>\n\n\n\n<li>Participer au financement des sorties, voyages scolaires et autres actions p\u00e9dagogiques<\/li>\n\n\n\n<li>Contribuer au fonctionnement d\u2019un espace de d\u00e9tente \u00e9quip\u00e9 de jeux et de baby-foot<\/li>\n<\/ul>\n\n\n\n<p><strong><u>LE BUDGET DU FSE&nbsp;:<\/u><\/strong><\/p>\n\n\n\n<p>Le FSE dispose &nbsp;d\u2019un budget qui lui est propre.&nbsp; Les actions qu\u2019il soutient sont donc financ\u00e9es par :<\/p>\n\n\n\n<ul class=\"wp-block-list\">\n<li>Les <strong><em>cotisations<\/em><\/strong> des \u00e9l\u00e8ves et des adultes de l\u2019\u00e9tablissement,<\/li>\n\n\n\n<li>Les <strong><em>ventes<\/em><\/strong> et actions diverses (vente des photos de classes, tombola, etc.),<\/li>\n\n\n\n<li>Les <strong><em>subventions<\/em><\/strong> accord\u00e9es par la Mairie de Lormont,<\/li>\n\n\n\n<li>Les <strong><em>dons<\/em><\/strong>.<\/li>\n<\/ul>\n\n\n\n<p><strong><u>MONTANT DES COTISATIONS&nbsp;:<\/u><\/strong><\/p>\n\n\n\n<ul class=\"wp-block-list\">\n<li><strong>\u00c9L\u00c8VES&nbsp;: 5,00 \u20ac<\/strong><\/li>\n\n\n\n<li><strong>ADULTES&nbsp;: 5,00\u20ac ou plus (5\u20ac minimum, contribution libre au-del\u00e0)<\/strong><\/li>\n<\/ul>\n\n\n\n<hr class=\"wp-block-separator has-alpha-channel-opacity\"\/>\n\n\n\n<p><strong>Les bulletins d\u2019adh\u00e9sion \u00ab&nbsp;papier&nbsp;\u00bb seront \u00e0 remettre avec le paiement ch\u00e8que ou esp\u00e8ces \u00e0 la rentr\u00e9e au bureau du DACS, b\u00e2timent D, 1<sup>er<\/sup><\/strong> <strong>\u00e9tage.<\/strong><\/p>\n\n\n\n<hr class=\"wp-block-separator has-alpha-channel-opacity\"\/>\n\n\n<ul class=\"wp-block-latest-posts__list has-dates has-author wp-block-latest-posts\"><li><div class=\"wp-block-latest-posts__featured-image\"><a href=\"https:\/\/vtest1.college-lapierre.fr\/?p=11627\" aria-label=\"Vente de sweat \u00e0 capuche du coll\u00e8ge\"><img loading=\"lazy\" decoding=\"async\" width=\"150\" height=\"150\" src=\"https:\/\/vtest1.college-lapierre.fr\/wp-content\/uploads\/2025\/11\/SWEAT-simul-bordeaux--150x150.jpg\" class=\"attachment-thumbnail size-thumbnail wp-post-image\" alt=\"\" style=\"\" \/><\/a><\/div><a class=\"wp-block-latest-posts__post-title\" href=\"https:\/\/vtest1.college-lapierre.fr\/?p=11627\">Vente de sweat \u00e0 capuche du coll\u00e8ge<\/a><div class=\"wp-block-latest-posts__post-author\">par PJ CABANEL<\/div><time datetime=\"2025-11-07T10:41:01+02:00\" class=\"wp-block-latest-posts__post-date\">07\/11\/2025<\/time><div class=\"wp-block-latest-posts__post-full-content\"><!-- wp:paragraph {\"style\":{\"elements\":{\"link\":{\"color\":{\"text\":\"var:preset|color|black\"}}}},\"textColor\":\"black\"} -->\n<p class=\"has-black-color has-text-color has-link-color\">Comme vous \u00eates nombreux \u00e0 nous l&rsquo;avoir demand\u00e9, le <strong>pull du coll\u00e8ge fait son grand retour<\/strong> pour l&rsquo;ann\u00e9e 2025-2026 !<br><strong>Cette ann\u00e9e, il sera de<\/strong> <strong>couleur Bordeaux<\/strong> comme sur l&rsquo;image ci-dessous. Le prix est toujours le m\u00eame : <strong>26 euros<\/strong>.<br>Les b\u00e9n\u00e9fices de cette vente de pulls sont vers\u00e9s au FSE qui aide \u00e0 financer les divers projets et s\u00e9jours scolaires (apr\u00e8s-midi Halloween pour les 6\u00e8mes, Bal de fin d&rsquo;ann\u00e9e des 3\u00e8mes, participation aaux s\u00e9jours en Irlande,organisation du march\u00e9 de No\u00ebl, etc\u2026).<br>\u00a0<br>Pour le commander, la proc\u00e9dure est la m\u00eame que les ann\u00e9es pass\u00e9es. Il faut faire une pr\u00e9-commande sur le site Helloasso par le lien ou le formulaire qui suivent :<\/p>\n<!-- \/wp:paragraph -->\n\n<!-- wp:paragraph {\"style\":{\"elements\":{\"link\":{\"color\":{\"text\":\"var:preset|color|black\"}}}},\"textColor\":\"black\"} -->\n<p class=\"has-black-color has-text-color has-link-color\"><a href=\"https:\/\/www.helloasso.com\/associations\/foyer-socio-educatif-college-georges-lapierre\/paiements\/sweat-a-capuche-bordeaux-college-lapierre-2025-26\">Pr\u00e9-commande sweat-bordeaux-college-lapierre-2025-26<\/a><\/p>\n<!-- \/wp:paragraph -->\n\n<!-- wp:html -->\n\n<!-- \/wp:html -->\n\n<!-- wp:paragraph {\"style\":{\"elements\":{\"link\":{\"color\":{\"text\":\"var:preset|color|black\"}}}},\"textColor\":\"black\"} -->\n<p class=\"has-black-color has-text-color has-link-color\">Pensez \u00e0 bien rentrer le <strong>nom<\/strong> et la <strong>taille<\/strong> de l&rsquo;\u00e9l\u00e8ve pour qui vous commandez. Attention, ils taillent plut\u00f4t grand. Une fois que nous aurons suffisamment de pr\u00e9-commandes, nous passerons une commande group\u00e9e et les pulls seront livr\u00e9s au coll\u00e8ge et distribu\u00e9s \u00e0 vos enfants.<br>\u00a0<br><strong>Quand vous passez votre pr\u00e9-commande sur le site de Helloasso, vous pouvez modifier le don fait \u00e0 Helloasso.<\/strong><br>\u00a0<br>Enfin, il reste quelques pulls bleu marine de l&rsquo;ann\u00e9e derni\u00e8re, si vous souhaitez en avoir un, vous pouvez vous rapprocher de Mme Barbazan (attention toutes les tailles ne sont pas disponibles).<br>\u00a0<br>Merci \u00e0 tous pour votre soutien,<br>\u00a0<br>Mme Barbazan, pour le FSE du Coll\u00e8ge Lapierre.<\/p>\n<!-- \/wp:paragraph -->\n\n<!-- wp:image {\"id\":11628,\"sizeSlug\":\"full\",\"linkDestination\":\"media\",\"align\":\"center\"} -->\n<figure class=\"wp-block-image aligncenter size-full\"><a href=\"https:\/\/vtest1.college-lapierre.fr\/wp-content\/uploads\/2025\/11\/SWEAT-simul-bordeaux-.jpg\"><img loading=\"lazy\" decoding=\"async\" width=\"430\" height=\"661\" src=\"https:\/\/vtest1.college-lapierre.fr\/wp-content\/uploads\/2025\/11\/SWEAT-simul-bordeaux-.jpg\" alt=\"\" class=\"wp-image-11628\" srcset=\"https:\/\/vtest1.college-lapierre.fr\/wp-content\/uploads\/2025\/11\/SWEAT-simul-bordeaux-.jpg 430w, https:\/\/vtest1.college-lapierre.fr\/wp-content\/uploads\/2025\/11\/SWEAT-simul-bordeaux--195x300.jpg 195w\" sizes=\"auto, (max-width: 430px) 100vw, 430px\" \/><\/a><\/figure>\n<!-- \/wp:image --><\/div><\/li>\n<li><div class=\"wp-block-latest-posts__featured-image\"><a href=\"https:\/\/vtest1.college-lapierre.fr\/?p=11569\" aria-label=\"Vente des chocolats pour No\u00ebl 2025 !\"><img loading=\"lazy\" decoding=\"async\" width=\"150\" height=\"150\" src=\"https:\/\/vtest1.college-lapierre.fr\/wp-content\/uploads\/2025\/10\/pre-vente-chocolats-150x150.jpg\" class=\"attachment-thumbnail size-thumbnail wp-post-image\" alt=\"\" style=\"\" \/><\/a><\/div><a class=\"wp-block-latest-posts__post-title\" href=\"https:\/\/vtest1.college-lapierre.fr\/?p=11569\">Vente des chocolats pour No\u00ebl 2025 !<\/a><div class=\"wp-block-latest-posts__post-author\">par PJ CABANEL<\/div><time datetime=\"2025-10-07T09:02:46+02:00\" class=\"wp-block-latest-posts__post-date\">07\/10\/2025<\/time><div class=\"wp-block-latest-posts__post-full-content\"><!-- wp:paragraph -->\n<p>Bonjour \u00e0 tous,<br>\u00a0<br>C&rsquo;est le retour de la vente des chocolats pour No\u00ebl 2025 !<br>Cette ann\u00e9e, ce sont tous les \u00e9l\u00e8ves de 4\u00e8me qui seront en charge de vendre les chocolats. Certains<br>ont d\u00e9j\u00e0 re\u00e7us les catalogues et des bons de commandes et ne vont pas tarder \u00e0 venir vous solliciter.<br>Comme l&rsquo;ann\u00e9e derni\u00e8re, vous pourrez commander soit:<br>\u00a0 \u00a0 \u00a0 \u00a0 \u00a0 \u00a0 \u00a0 \u00a0&#8211; en remplissant un bon de commande papier ( <strong>paiement par ch\u00e8que \u00e0 l&rsquo;ordre du FSE<br>Coll\u00e8ge Lapierre<\/strong>\u00a0 ou <strong>paiement en esp\u00e8ces, avec l&rsquo;appoint<\/strong>, les \u00e9l\u00e8ves n&rsquo;ont pas de monnaie pour faire<br>le change)\u00a0\u00a0<br>\u00a0 \u00a0 \u00a0 \u00a0 \u00a0 \u00a0 \u00a0 &#8211; <strong>en commandant directement sur le site asso.initiatives. fr<\/strong>\u00a0 ( rentrer le code <strong>YNUVIH<\/strong>)\u00a0<br>(paiement en carte bancaire) en cliquant sur le lien suivant\u00a0 <a href=\"https:\/\/asso.initiatives.fr\/boutique\">https:\/\/asso.initiatives.fr\/boutique<\/a><br>\u00a0<br><span style=\"text-decoration: underline\">Pour rappel :<\/span> les b\u00e9n\u00e9fices de la vente sont vers\u00e9s au <strong>Foyer Socio-\u00e9ducatif du coll\u00e8ge<\/strong> pour financer<br><strong>les divers projets<\/strong> et notamment <strong><span style=\"text-decoration: underline\">le s\u00e9jour en Irlande de cette ann\u00e9e scolaire<\/span><\/strong>.<br>\u00a0<br>Alors, avis aux gourmands, faites vous plaisir ou faites plaisir \u00e0 vos familles et amis en leur offrant<br>des chocolats ! Pour ceux qui travaillent dans des entreprises, n&rsquo;h\u00e9sitez pas \u00e0 en parler \u00e0 vos<br>employeurs ou comit\u00e9s d&rsquo;entreprises.<br>\u00a0<br>Nous vous remercions pour votre g\u00e9n\u00e9rosit\u00e9 et votre aide.<br>\u00a0<br>L&rsquo;\u00e9quipe du S\u00e9jour en Irlande.<\/p>\n<!-- \/wp:paragraph -->\n\n<!-- wp:paragraph {\"fontSize\":\"large\"} -->\n<p class=\"has-large-font-size\"><a href=\"https:\/\/asso.initiatives.fr\/boutique\"><strong>https:\/\/asso.initiatives.fr\/boutique<\/strong><\/a><\/p>\n<!-- \/wp:paragraph -->\n\n<!-- wp:paragraph {\"fontSize\":\"large\"} -->\n<p class=\"has-large-font-size\">Code : <strong>YNUVIH<\/strong><\/p>\n<!-- \/wp:paragraph -->\n\n<!-- wp:image {\"id\":11570,\"sizeSlug\":\"full\",\"linkDestination\":\"none\"} -->\n<figure class=\"wp-block-image size-full\"><img loading=\"lazy\" decoding=\"async\" width=\"550\" height=\"270\" src=\"https:\/\/vtest1.college-lapierre.fr\/wp-content\/uploads\/2025\/10\/ccm-etape-4.jpg\" alt=\"\" class=\"wp-image-11570\" srcset=\"https:\/\/vtest1.college-lapierre.fr\/wp-content\/uploads\/2025\/10\/ccm-etape-4.jpg 550w, https:\/\/vtest1.college-lapierre.fr\/wp-content\/uploads\/2025\/10\/ccm-etape-4-300x147.jpg 300w\" sizes=\"auto, (max-width: 550px) 100vw, 550px\" \/><\/figure>\n<!-- \/wp:image --><\/div><\/li>\n<li><div class=\"wp-block-latest-posts__featured-image\"><a href=\"https:\/\/vtest1.college-lapierre.fr\/?p=11534\" aria-label=\"FSE : adh\u00e9sions 2025-2026\"><img loading=\"lazy\" decoding=\"async\" width=\"150\" height=\"150\" src=\"https:\/\/vtest1.college-lapierre.fr\/wp-content\/uploads\/2023\/07\/Logo-FSE-150x150.png\" class=\"attachment-thumbnail size-thumbnail wp-post-image\" alt=\"\" style=\"\" srcset=\"https:\/\/vtest1.college-lapierre.fr\/wp-content\/uploads\/2023\/07\/Logo-FSE-150x150.png 150w, https:\/\/vtest1.college-lapierre.fr\/wp-content\/uploads\/2023\/07\/Logo-FSE.png 200w\" sizes=\"auto, (max-width: 150px) 100vw, 150px\" \/><\/a><\/div><a class=\"wp-block-latest-posts__post-title\" href=\"https:\/\/vtest1.college-lapierre.fr\/?p=11534\">FSE : adh\u00e9sions 2025-2026<\/a><div class=\"wp-block-latest-posts__post-author\">par PJ CABANEL<\/div><time datetime=\"2025-10-02T19:34:39+02:00\" class=\"wp-block-latest-posts__post-date\">02\/10\/2025<\/time><div class=\"wp-block-latest-posts__post-full-content\"><!-- wp:image {\"id\":9073,\"sizeSlug\":\"full\",\"linkDestination\":\"none\"} -->\n<figure class=\"wp-block-image size-full\"><img loading=\"lazy\" decoding=\"async\" width=\"200\" height=\"200\" src=\"https:\/\/vtest1.college-lapierre.fr\/wp-content\/uploads\/2023\/07\/Logo-FSE.png\" alt=\"\" class=\"wp-image-9073\" srcset=\"https:\/\/vtest1.college-lapierre.fr\/wp-content\/uploads\/2023\/07\/Logo-FSE.png 200w, https:\/\/vtest1.college-lapierre.fr\/wp-content\/uploads\/2023\/07\/Logo-FSE-150x150.png 150w\" sizes=\"auto, (max-width: 200px) 100vw, 200px\" \/><\/figure>\n<!-- \/wp:image -->\n\n<!-- wp:paragraph -->\n<p>Vous n&rsquo;avez peut-\u00eatre pas adh\u00e9r\u00e9 au FSE du coll\u00e8ge LAPIERRE lors de l&rsquo;inscription ou de la r\u00e9-inscription de votre enfant. Il n&rsquo;est pas encore trop tard : les adh\u00e9sions au FSE sont encore ouvertes.<\/p>\n<!-- \/wp:paragraph -->\n\n<!-- wp:embed \/-->\n\n<!-- wp:code -->\n<pre id=\"haWidget\" class=\"wp-block-code\"><code><\/code><\/pre>\n<!-- \/wp:code -->\n\n<!-- wp:paragraph -->\n<p><\/p>\n<!-- \/wp:paragraph --><\/div><\/li>\n<li><div class=\"wp-block-latest-posts__featured-image\"><a href=\"https:\/\/vtest1.college-lapierre.fr\/?p=11344\" aria-label=\"LOTO du FSE, 10 juin \u00e0 18 h.\"><img loading=\"lazy\" decoding=\"async\" width=\"150\" height=\"150\" src=\"https:\/\/vtest1.college-lapierre.fr\/wp-content\/uploads\/2025\/05\/Affiche-LOTO-150x150.png\" class=\"attachment-thumbnail size-thumbnail wp-post-image\" alt=\"\" style=\"\" \/><\/a><\/div><a class=\"wp-block-latest-posts__post-title\" href=\"https:\/\/vtest1.college-lapierre.fr\/?p=11344\">LOTO du FSE, 10 juin \u00e0 18 h.<\/a><div class=\"wp-block-latest-posts__post-author\">par F. SOUBIRAN<\/div><time datetime=\"2025-05-19T21:10:42+02:00\" class=\"wp-block-latest-posts__post-date\">19\/05\/2025<\/time><div class=\"wp-block-latest-posts__post-full-content\"><!-- wp:paragraph -->\n<p><strong>Venez tenter votre chance le MARDI 10 JUIN \u00e0 partir de 18 h au coll\u00e8ge. Le FSE organise un loto pour aider au financement de tous les projets de l&rsquo;\u00e9tablissement . Nous vous attendons, de nombreux lots sont \u00e0 gagner !<\/strong> <strong>Sur place, vous trouverez de quoi boire et vous restaurer.<\/strong><\/p>\n<!-- \/wp:paragraph -->\n\n<!-- wp:image {\"id\":11351,\"sizeSlug\":\"large\",\"linkDestination\":\"none\"} -->\n<figure class=\"wp-block-image size-large\"><img loading=\"lazy\" decoding=\"async\" width=\"724\" height=\"1024\" src=\"https:\/\/vtest1.college-lapierre.fr\/wp-content\/uploads\/2025\/05\/Affiche-LOTO-724x1024.png\" alt=\"\" class=\"wp-image-11351\" srcset=\"https:\/\/vtest1.college-lapierre.fr\/wp-content\/uploads\/2025\/05\/Affiche-LOTO-724x1024.png 724w, https:\/\/vtest1.college-lapierre.fr\/wp-content\/uploads\/2025\/05\/Affiche-LOTO-212x300.png 212w, https:\/\/vtest1.college-lapierre.fr\/wp-content\/uploads\/2025\/05\/Affiche-LOTO-768x1086.png 768w, https:\/\/vtest1.college-lapierre.fr\/wp-content\/uploads\/2025\/05\/Affiche-LOTO-1086x1536.png 1086w, https:\/\/vtest1.college-lapierre.fr\/wp-content\/uploads\/2025\/05\/Affiche-LOTO.png 1414w\" sizes=\"auto, (max-width: 724px) 100vw, 724px\" \/><\/figure>\n<!-- \/wp:image --><\/div><\/li>\n<li><div class=\"wp-block-latest-posts__featured-image\"><a href=\"https:\/\/vtest1.college-lapierre.fr\/?p=11318\" aria-label=\"S\u00e9jour au Futuroscope, projet \u00e9ducation musicale\"><img loading=\"lazy\" decoding=\"async\" width=\"150\" height=\"150\" src=\"https:\/\/vtest1.college-lapierre.fr\/wp-content\/uploads\/2025\/05\/67ee6edd3d6ff930d6fj-150x150.jpg\" class=\"attachment-thumbnail size-thumbnail wp-post-image\" alt=\"\" style=\"\" \/><\/a><\/div><a class=\"wp-block-latest-posts__post-title\" href=\"https:\/\/vtest1.college-lapierre.fr\/?p=11318\">S\u00e9jour au Futuroscope, projet \u00e9ducation musicale<\/a><div class=\"wp-block-latest-posts__post-author\">par PJ CABANEL<\/div><time datetime=\"2025-04-16T12:40:00+02:00\" class=\"wp-block-latest-posts__post-date\">16\/04\/2025<\/time><div class=\"wp-block-latest-posts__post-full-content\"><!-- wp:paragraph -->\n<p><strong>du 02 au 04 avril 2025<\/strong><\/p>\n<!-- \/wp:paragraph -->\n\n<!-- wp:paragraph -->\n<p>Suivez les actualit\u00e9s du s\u00e9jour au Futuroscope gr\u00e2ce au blog :<br><a href=\"https:\/\/www.myatlas.com\/coussiratagnes\/chantons-au-futuroscope\" target=\"_blank\" rel=\"noreferrer noopener\">https:\/\/www.myatlas.com\/coussiratagnes\/chantons-au-futuroscope<\/a><\/p>\n<!-- \/wp:paragraph --><\/div><\/li>\n<li><a class=\"wp-block-latest-posts__post-title\" href=\"https:\/\/vtest1.college-lapierre.fr\/?p=11257\">FSE INFORMATIONS<\/a><div class=\"wp-block-latest-posts__post-author\">par PJ CABANEL<\/div><time datetime=\"2025-04-04T16:03:45+02:00\" class=\"wp-block-latest-posts__post-date\">04\/04\/2025<\/time><div class=\"wp-block-latest-posts__post-full-content\"><!-- wp:paragraph -->\n<p><br>-la vente du sac du coll\u00e8ge LAPIERRE (<a href=\"https:\/\/vtest1.college-lapierre.fr\/?p=10827\" target=\"_blank\" rel=\"noreferrer noopener\">ici<\/a>)<br>-adh\u00e9rer au FSE du coll\u00e8ge LAPIERRE (<a href=\"https:\/\/vtest1.college-lapierre.fr\/?p=10804\" target=\"_blank\" rel=\"noreferrer noopener\">formulaire d&rsquo;adh\u00e9sion ici<\/a>)<br>-le sweat du coll\u00e8ge est en vente (<a href=\"https:\/\/vtest1.college-lapierre.fr\/?p=10943\" target=\"_blank\" rel=\"noreferrer noopener\">pr\u00e9-commande ici<\/a>)<\/p>\n<!-- \/wp:paragraph -->\n\n<!-- wp:image {\"id\":10946,\"sizeSlug\":\"full\",\"linkDestination\":\"none\"} -->\n<figure class=\"wp-block-image size-full\"><img loading=\"lazy\" decoding=\"async\" width=\"463\" height=\"621\" src=\"https:\/\/vtest1.college-lapierre.fr\/wp-content\/uploads\/2024\/11\/Sweat-bleu-marine-1.jpg\" alt=\"\" class=\"wp-image-10946\" srcset=\"https:\/\/vtest1.college-lapierre.fr\/wp-content\/uploads\/2024\/11\/Sweat-bleu-marine-1.jpg 463w, https:\/\/vtest1.college-lapierre.fr\/wp-content\/uploads\/2024\/11\/Sweat-bleu-marine-1-224x300.jpg 224w\" sizes=\"auto, (max-width: 463px) 100vw, 463px\" \/><\/figure>\n<!-- \/wp:image --><\/div><\/li>\n<li><div class=\"wp-block-latest-posts__featured-image\"><a href=\"https:\/\/vtest1.college-lapierre.fr\/?p=11323\" aria-label=\"S\u00e9jour en Irlande\"><img loading=\"lazy\" decoding=\"async\" width=\"150\" height=\"150\" src=\"https:\/\/vtest1.college-lapierre.fr\/wp-content\/uploads\/2025\/05\/67dc087c2a0ad415bdcj-150x150.jpg\" class=\"attachment-thumbnail size-thumbnail wp-post-image\" alt=\"\" style=\"\" \/><\/a><\/div><a class=\"wp-block-latest-posts__post-title\" href=\"https:\/\/vtest1.college-lapierre.fr\/?p=11323\">S\u00e9jour en Irlande<\/a><div class=\"wp-block-latest-posts__post-author\">par PJ CABANEL<\/div><time datetime=\"2025-03-19T16:39:00+02:00\" class=\"wp-block-latest-posts__post-date\">19\/03\/2025<\/time><div class=\"wp-block-latest-posts__post-full-content\"><!-- wp:paragraph -->\n<p><strong>du 19 au 23 mars 2025<\/strong><br>Suivez les actualit\u00e9s du s\u00e9jour en Irlande gr\u00e2ce au blog :<br><a href=\"https:\/\/www.myatlas.com\/manonnicolas64\/let-s-go-to-monaghan\">https:\/\/www.myatlas.com\/manonnicolas64\/let-s-go-to-monaghan<\/a><\/p>\n<!-- \/wp:paragraph --><\/div><\/li>\n<li><div class=\"wp-block-latest-posts__featured-image\"><a href=\"https:\/\/vtest1.college-lapierre.fr\/?p=10987\" aria-label=\"March\u00e9 de No\u00ebl : 10 d\u00e9cembre 2024\"><img loading=\"lazy\" decoding=\"async\" width=\"150\" height=\"150\" src=\"https:\/\/vtest1.college-lapierre.fr\/wp-content\/uploads\/2024\/11\/MDN-2024-25-affiche-150x150.jpg\" class=\"attachment-thumbnail size-thumbnail wp-post-image\" alt=\"\" style=\"\" \/><\/a><\/div><a class=\"wp-block-latest-posts__post-title\" href=\"https:\/\/vtest1.college-lapierre.fr\/?p=10987\">March\u00e9 de No\u00ebl : 10 d\u00e9cembre 2024<\/a><div class=\"wp-block-latest-posts__post-author\">par PJ CABANEL<\/div><time datetime=\"2024-11-22T10:00:43+02:00\" class=\"wp-block-latest-posts__post-date\">22\/11\/2024<\/time><div class=\"wp-block-latest-posts__post-full-content\"><!-- wp:paragraph -->\n<p>Bonjour,<\/p>\n<!-- \/wp:paragraph -->\n\n<!-- wp:paragraph -->\n<p>Cette ann\u00e9e encore, le coll\u00e8ge et le FSE organise un march\u00e9 de No\u00ebl.<\/p>\n<!-- \/wp:paragraph -->\n\n<!-- wp:paragraph -->\n<p>Il  se tiendra le mardi 10 d\u00e9cembre 2024 \u00e0 partir de 17h30 au coll\u00e8ge Lapierre.<\/p>\n<!-- \/wp:paragraph -->\n\n<!-- wp:paragraph -->\n<p>Nous vous accueillerons sur de nombreux stands pour un moment festif et convivial.<\/p>\n<!-- \/wp:paragraph -->\n\n<!-- wp:paragraph -->\n<p>Les recettes de la soir\u00e9e permettront de financer activit\u00e9s, projets s\u00e9jours, etc. <\/p>\n<!-- \/wp:paragraph -->\n\n<!-- wp:image {\"id\":10988,\"sizeSlug\":\"large\",\"linkDestination\":\"none\"} -->\n<figure class=\"wp-block-image size-large\"><img loading=\"lazy\" decoding=\"async\" width=\"768\" height=\"1024\" src=\"https:\/\/vtest1.college-lapierre.fr\/wp-content\/uploads\/2024\/11\/MDN-2024-25-affiche-768x1024.jpg\" alt=\"\" class=\"wp-image-10988\" srcset=\"https:\/\/vtest1.college-lapierre.fr\/wp-content\/uploads\/2024\/11\/MDN-2024-25-affiche-768x1024.jpg 768w, https:\/\/vtest1.college-lapierre.fr\/wp-content\/uploads\/2024\/11\/MDN-2024-25-affiche-225x300.jpg 225w, https:\/\/vtest1.college-lapierre.fr\/wp-content\/uploads\/2024\/11\/MDN-2024-25-affiche-rotated.jpg 1024w\" sizes=\"auto, (max-width: 768px) 100vw, 768px\" \/><\/figure>\n<!-- \/wp:image --><\/div><\/li>\n<li><a class=\"wp-block-latest-posts__post-title\" href=\"https:\/\/vtest1.college-lapierre.fr\/?p=10962\">Commandes Photos scolaires<\/a><div class=\"wp-block-latest-posts__post-author\">par PJ CABANEL<\/div><time datetime=\"2024-11-19T12:28:53+02:00\" class=\"wp-block-latest-posts__post-date\">19\/11\/2024<\/time><div class=\"wp-block-latest-posts__post-full-content\"><!-- wp:paragraph -->\n<p>Bonjour,<br>\u00a0<br>Il est encore possible de \u00a0commander les photos scolaires jusqu&rsquo;au\u00a01er d\u00e9cembre 2024 pour b\u00e9n\u00e9ficier de la livraison avant No\u00ebl gratuite.<br><strong><a href=\"https:\/\/vtest1.college-lapierre.fr\/wp-content\/uploads\/2024\/11\/Photos-Bon-de-commande-2024-25-1.pdf\" target=\"_blank\" rel=\"noreferrer noopener\">BON DE COMMANDE papier<\/a><\/strong><br>Pour toute demande de renseignement, vous pouvez appeler M.CABANEL (05 57 80 10 25, touche 4) ou \u00e9crire \u00e0 : fse@college-lapierre.fr<br>\u00a0<br><strong>Vous pouvez \u00e9galement venir \u00e0 l&rsquo;accueil du coll\u00e8ge pour effectuer votre commande avec l&rsquo;aide de<br>Sophie BELLAVIA.<\/strong><br>\u00a0<br><strong>Si vous avez d\u00e9j\u00e0 effectu\u00e9 votre commande, ne tenez pas compte de ce message.<\/strong><br>La fiche avec un code personnalis\u00e9 pour commander les photos en ligne a \u00e9t\u00e9 distribu\u00e9e aux \u00e9l\u00e8ves du coll\u00e8ge avant les vacances et<br>elle vous a aussi \u00e9t\u00e9 envoy\u00e9e par mail pendant les vacances sur les adresses renseign\u00e9es dans Pronote.<br>L&rsquo;objet du courriel est : \u00ab\u00a0<strong>Code Commandes Photos (FSE Coll\u00e8ge LAPIERE<\/strong>)\u00a0\u00bb ; <strong>il a \u00e9t\u00e9 envoy\u00e9 avec l&rsquo;adresse fse@college-lapierre.fr.<\/strong><br>\u00a0<br>Vous pouvez effectuer vos commandes sur internet jusqu&rsquo;au 01 d\u00e9cembre 2024 pour b\u00e9n\u00e9ficier des frais d&rsquo;envoi gratuits et de la livraison<br>avant No\u00ebl :<br>\u00a0<br><strong>MODE D&rsquo;EMPLOI :<\/strong><br>1) Scannez le QR Code de la fiche<br>ou<br>Rendez-vous sur le site Photostore avec le lien suivant (https:\/\/photostore.maclasse.photo\/) et\u00a0entrez le code d&rsquo;acc\u00e8s inscrit la fiche distribu\u00e9e \u00e0 chaque \u00e9l\u00e8ve.<br>\u00a0<br>2) Entrez votre adresse courriel (mail).<br>\u00a0<br>3) S\u00e9lectionnez la pochette et\/ou les photos, les objets, etc que vous souhaitez commander.<br>\u00a0<br>4) Choisissez votre mode de paiement. Privil\u00e9giez le paiement en ligne qui \u00e9vite \u00e0 votre enfant d&rsquo;apporter de l&rsquo;argent au coll\u00e8ge.<\/p>\n<!-- \/wp:paragraph -->\n\n<!-- wp:list -->\n<ul class=\"wp-block-list\"><!-- wp:list-item -->\n<li>Paiement en ligne par CB (la commande est directement valid\u00e9e.)<br>ou<br>-Autre moyen de paiement (<strong>voir images ci-dessous<\/strong>) :<\/li>\n<!-- \/wp:list-item -->\n\n<!-- wp:list-item -->\n<li>Paiement par ch\u00e8que (libell\u00e9 \u00e0 l&rsquo;ordre \u00ab\u00a0FSE Coll\u00e8ge Georges LAPIERRE\u00a0\u00bb) ou en esp\u00e8ces (la commande est en attente et sera valid\u00e9e lors de la remise du ch\u00e8que ou des esp\u00e8ces \u00e0 :<br><strong>Sophie BELLAVIA \u00e0 la loge d&rsquo;accueil du coll\u00e8ge,<br>M. CABANEL, b\u00e2timent D, 1er \u00e9tage, bureau du Directeur SEGPA.<\/strong><br>\u00a0<br>Le FSE propose des actions et des activit\u00e9s au coll\u00e8ge et il aide \u00e0 diminuer le co\u00fbt de nombreux projets.<br>\u00a0<br>Chaque ann\u00e9e, la vente des photos est le revenu le plus important de l&rsquo;association.\u00a0<br>Nous vous remercions pour votre soutien et nous comptons sur vous pour permettre de faciliter cette ann\u00e9e encore les projets pour les \u00e9l\u00e8ves.<br>\u00a0<br>Cordialement,\u00a0<br>\u00a0<br>PJ CABANEL<br>Pr\u00e9sident du FSE du coll\u00e8ge<br><\/li>\n<!-- \/wp:list-item --><\/ul>\n<!-- \/wp:list -->\n\n<!-- wp:paragraph -->\n<p>01-Cliquer sur Autre moyen de paiement :<\/p>\n<!-- \/wp:paragraph -->\n\n<!-- wp:image {\"id\":10963,\"sizeSlug\":\"large\",\"linkDestination\":\"none\"} -->\n<figure class=\"wp-block-image size-large\"><img loading=\"lazy\" decoding=\"async\" width=\"1024\" height=\"605\" src=\"https:\/\/vtest1.college-lapierre.fr\/wp-content\/uploads\/2024\/11\/01-Cliquer-sur-Autre-moyen-de-paiement-1024x605.png\" alt=\"\" class=\"wp-image-10963\" srcset=\"https:\/\/vtest1.college-lapierre.fr\/wp-content\/uploads\/2024\/11\/01-Cliquer-sur-Autre-moyen-de-paiement-1024x605.png 1024w, https:\/\/vtest1.college-lapierre.fr\/wp-content\/uploads\/2024\/11\/01-Cliquer-sur-Autre-moyen-de-paiement-300x177.png 300w, https:\/\/vtest1.college-lapierre.fr\/wp-content\/uploads\/2024\/11\/01-Cliquer-sur-Autre-moyen-de-paiement-768x453.png 768w, https:\/\/vtest1.college-lapierre.fr\/wp-content\/uploads\/2024\/11\/01-Cliquer-sur-Autre-moyen-de-paiement.png 1450w\" sizes=\"auto, (max-width: 1024px) 100vw, 1024px\" \/><\/figure>\n<!-- \/wp:image -->\n\n<!-- wp:paragraph -->\n<p>02-Choisir Ch\u00e8ques ou Esp\u00e8ces d\u00e9pos\u00e9s \u00e0 l&rsquo;\u00e9tablissement :<\/p>\n<!-- \/wp:paragraph -->\n\n<!-- wp:image {\"id\":10964,\"sizeSlug\":\"large\",\"linkDestination\":\"none\"} -->\n<figure class=\"wp-block-image size-large\"><img loading=\"lazy\" decoding=\"async\" width=\"1024\" height=\"585\" src=\"https:\/\/vtest1.college-lapierre.fr\/wp-content\/uploads\/2024\/11\/02-Choisir-Cheques-ou-Especes-deposes-a-letablissement-1024x585.png\" alt=\"\" class=\"wp-image-10964\" srcset=\"https:\/\/vtest1.college-lapierre.fr\/wp-content\/uploads\/2024\/11\/02-Choisir-Cheques-ou-Especes-deposes-a-letablissement-1024x585.png 1024w, https:\/\/vtest1.college-lapierre.fr\/wp-content\/uploads\/2024\/11\/02-Choisir-Cheques-ou-Especes-deposes-a-letablissement-300x171.png 300w, https:\/\/vtest1.college-lapierre.fr\/wp-content\/uploads\/2024\/11\/02-Choisir-Cheques-ou-Especes-deposes-a-letablissement-768x439.png 768w, https:\/\/vtest1.college-lapierre.fr\/wp-content\/uploads\/2024\/11\/02-Choisir-Cheques-ou-Especes-deposes-a-letablissement.png 1473w\" sizes=\"auto, (max-width: 1024px) 100vw, 1024px\" \/><\/figure>\n<!-- \/wp:image -->\n\n<!-- wp:paragraph -->\n<p>03-Cocher les conditions :<\/p>\n<!-- \/wp:paragraph -->\n\n<!-- wp:image {\"id\":10965,\"sizeSlug\":\"large\",\"linkDestination\":\"none\"} -->\n<figure class=\"wp-block-image size-large\"><img loading=\"lazy\" decoding=\"async\" width=\"1024\" height=\"583\" src=\"https:\/\/vtest1.college-lapierre.fr\/wp-content\/uploads\/2024\/11\/03-Cocher-les-conditions-1024x583.png\" alt=\"\" class=\"wp-image-10965\" srcset=\"https:\/\/vtest1.college-lapierre.fr\/wp-content\/uploads\/2024\/11\/03-Cocher-les-conditions-1024x583.png 1024w, https:\/\/vtest1.college-lapierre.fr\/wp-content\/uploads\/2024\/11\/03-Cocher-les-conditions-300x171.png 300w, https:\/\/vtest1.college-lapierre.fr\/wp-content\/uploads\/2024\/11\/03-Cocher-les-conditions-768x437.png 768w, https:\/\/vtest1.college-lapierre.fr\/wp-content\/uploads\/2024\/11\/03-Cocher-les-conditions.png 1451w\" sizes=\"auto, (max-width: 1024px) 100vw, 1024px\" \/><\/figure>\n<!-- \/wp:image --><\/div><\/li>\n<li><div class=\"wp-block-latest-posts__featured-image\"><a href=\"https:\/\/vtest1.college-lapierre.fr\/?p=10955\" aria-label=\"VENTE DE CHOCOLATS\"><img loading=\"lazy\" decoding=\"async\" width=\"150\" height=\"150\" src=\"https:\/\/vtest1.college-lapierre.fr\/wp-content\/uploads\/2024\/11\/Chocolats-150x150.jpg\" class=\"attachment-thumbnail size-thumbnail wp-post-image\" alt=\"\" style=\"\" \/><\/a><\/div><a class=\"wp-block-latest-posts__post-title\" href=\"https:\/\/vtest1.college-lapierre.fr\/?p=10955\">VENTE DE CHOCOLATS<\/a><div class=\"wp-block-latest-posts__post-author\">par PJ CABANEL<\/div><time datetime=\"2024-11-19T12:08:42+02:00\" class=\"wp-block-latest-posts__post-date\">19\/11\/2024<\/time><div class=\"wp-block-latest-posts__post-full-content\"><!-- wp:image {\"id\":10958,\"sizeSlug\":\"full\",\"linkDestination\":\"none\"} -->\n<figure class=\"wp-block-image size-full\"><img loading=\"lazy\" decoding=\"async\" width=\"560\" height=\"473\" src=\"https:\/\/vtest1.college-lapierre.fr\/wp-content\/uploads\/2024\/11\/Chocolats.jpg\" alt=\"\" class=\"wp-image-10958\" srcset=\"https:\/\/vtest1.college-lapierre.fr\/wp-content\/uploads\/2024\/11\/Chocolats.jpg 560w, https:\/\/vtest1.college-lapierre.fr\/wp-content\/uploads\/2024\/11\/Chocolats-300x253.jpg 300w\" sizes=\"auto, (max-width: 560px) 100vw, 560px\" \/><\/figure>\n<!-- \/wp:image -->\n\n<!-- wp:paragraph -->\n<p>Bonjour \u00e0 tous,<br>\u00a0<br>Pour rappel, la vente des chocolats se termine demain mardi 19 Novembre, pour les commandes avec bons de commande papiers<br>(paiements esp\u00e8ces ou ch\u00e8ques)<br>Pour les commandes via la boutique en ligne, avec paiement en CB, vous pourrez encore commander <strong>jusqu&rsquo;au Mercredi 20 Novembre 2024.<\/strong><br>La livraison se fait au coll\u00e8ge et ce sont les \u00e9l\u00e8ves vendeurs qui r\u00e9cup\u00e8rent les commandes pour vous les apporter.<br>Lien de la boutique en ligne, <strong>code d&rsquo;acc\u00e8s<\/strong> : <strong>WYAPYH<\/strong><br><a href=\"https:\/\/asso.initiatives.fr\/boutique?utm_source=etiquette-cat-chocolat&amp;utm_medium=qrcode&amp;utm_campaign=cho colat&amp;utm_content=WYAPYH\" target=\"_blank\" rel=\"noreferrer noopener\">https:\/\/asso.initiatives.fr\/boutique?utm_source=etiquette-cat-chocolat&amp;utm_medium=qrcode&amp;utm_campaign=cho<br>colat&amp;utm_content=WYAPYH<\/a><br>\u00a0\u00a0<br>Nous vous rappelons que les b\u00e9n\u00e9fices de cette vente serviront \u00e0 financer les projets et s\u00e9jours de vos enfants.<br>\u00a0<br>\u00a0En vous remerciant,<br>\u00a0<br>Mme BARBAZAN<\/p>\n<!-- \/wp:paragraph --><\/div><\/li>\n<li><div class=\"wp-block-latest-posts__featured-image\"><a href=\"https:\/\/vtest1.college-lapierre.fr\/?p=10943\" aria-label=\"NOUVEAUTE Rentr\u00e9e 2024 : Achetez le nouveau sweat \u00e0 capuche BLEU du coll\u00e8ge Georges Lapierre\"><img loading=\"lazy\" decoding=\"async\" width=\"150\" height=\"150\" src=\"https:\/\/vtest1.college-lapierre.fr\/wp-content\/uploads\/2024\/11\/Sweat-bleu-marine-1-150x150.jpg\" class=\"attachment-thumbnail size-thumbnail wp-post-image\" alt=\"\" style=\"\" \/><\/a><\/div><a class=\"wp-block-latest-posts__post-title\" href=\"https:\/\/vtest1.college-lapierre.fr\/?p=10943\">NOUVEAUTE Rentr\u00e9e 2024 : Achetez le nouveau sweat \u00e0 capuche BLEU du coll\u00e8ge Georges Lapierre<\/a><div class=\"wp-block-latest-posts__post-author\">par Pierre-Jean CABANEL<\/div><time datetime=\"2024-11-15T18:17:43+02:00\" class=\"wp-block-latest-posts__post-date\">15\/11\/2024<\/time><div class=\"wp-block-latest-posts__post-full-content\"><!-- wp:paragraph {\"style\":{\"elements\":{\"link\":{\"color\":{\"text\":\"var:preset|color|luminous-vivid-amber\"}}}},\"backgroundColor\":\"vivid-cyan-blue\",\"textColor\":\"luminous-vivid-amber\",\"fontSize\":\"x-large\"} -->\n<p class=\"has-luminous-vivid-amber-color has-vivid-cyan-blue-background-color has-text-color has-background has-link-color has-x-large-font-size\">VENTE SWEAT A CAPUCHE !<\/p>\n<!-- \/wp:paragraph -->\n\n<!-- wp:paragraph {\"style\":{\"elements\":{\"link\":{\"color\":{\"text\":\"var:preset|color|luminous-vivid-amber\"}}}},\"backgroundColor\":\"vivid-cyan-blue\",\"textColor\":\"luminous-vivid-amber\",\"fontSize\":\"x-large\"} -->\n<p class=\"has-luminous-vivid-amber-color has-vivid-cyan-blue-background-color has-text-color has-background has-link-color has-x-large-font-size\">COLLEGE GEORGES LAPIERRE !<\/p>\n<!-- \/wp:paragraph -->\n\n<!-- wp:paragraph -->\n<p>Chers coll\u00e9giens, parents, partenaires, membres du personnel du coll\u00e8ge Georges Lapierre,<\/p>\n<!-- \/wp:paragraph -->\n\n<!-- wp:paragraph -->\n<p>Nouveaut\u00e9 pour la rentr\u00e9e 2024-2025\u00a0: un nouveau sweat \u00e0 capuche avec le logo du coll\u00e8ge est d\u00e9sormais disponible et \u00e0 la vente.<\/p>\n<!-- \/wp:paragraph -->\n\n<!-- wp:paragraph -->\n<p><strong>Couleur : bleu marine\u00a0 \/ Logo : blanc<\/strong><\/p>\n<!-- \/wp:paragraph -->\n\n<!-- wp:paragraph -->\n<p>Passez votre commande sur le site Helloasso suivant\u00a0(<a href=\"https:\/\/www.helloasso.com\/associations\/foyer-socio-educatif-college-georges-lapierre\/paiements\/sweat-a-capuche-bleu-college-lapierre-2\">https:\/\/www.helloasso.com\/associations\/foyer-socio-educatif-college-georges-lapierre\/paiements\/sweat-a-capuche-bleu-college-lapierre-2<\/a>) et vous le r\u00e9ceptionnerez d\u00e9but 2025.<\/p>\n<!-- \/wp:paragraph -->\n\n<!-- wp:paragraph -->\n<p>Les ventes seront encaiss\u00e9es par le FSE (Foyer socio-\u00e9ducatif) et les b\u00e9n\u00e9fices seront utilis\u00e9s pour financer des projets et des s\u00e9jours.<\/p>\n<!-- \/wp:paragraph -->\n\n<!-- wp:paragraph -->\n<p><strong>Au moment du paiement, vous pouvez modifier \u00ab\u00a0Votre contribution au fonctionnement de HelloAsso\u00a0\u00bb<\/strong>. <strong>Cliquez sur Modifier puis cocher\u00a0:<\/strong> <strong>\u00ab\u00a0Je ne souhaite pas soutenir HelloAsso \u00bb<\/strong>.<\/p>\n<!-- \/wp:paragraph -->\n\n<!-- wp:paragraph -->\n<p>Merci \u00e0 tous\u00a0!<\/p>\n<!-- \/wp:paragraph -->\n\n<!-- wp:image {\"id\":10945,\"sizeSlug\":\"full\",\"linkDestination\":\"media\",\"align\":\"center\"} -->\n<figure class=\"wp-block-image aligncenter size-full\"><a href=\"https:\/\/vtest1.college-lapierre.fr\/wp-content\/uploads\/2024\/11\/Sweat-bleu-marine.jpg\"><img loading=\"lazy\" decoding=\"async\" width=\"463\" height=\"621\" src=\"https:\/\/vtest1.college-lapierre.fr\/wp-content\/uploads\/2024\/11\/Sweat-bleu-marine.jpg\" alt=\"\" class=\"wp-image-10945\" srcset=\"https:\/\/vtest1.college-lapierre.fr\/wp-content\/uploads\/2024\/11\/Sweat-bleu-marine.jpg 463w, https:\/\/vtest1.college-lapierre.fr\/wp-content\/uploads\/2024\/11\/Sweat-bleu-marine-224x300.jpg 224w\" sizes=\"auto, (max-width: 463px) 100vw, 463px\" \/><\/a><\/figure>\n<!-- \/wp:image --><\/div><\/li>\n<li><div class=\"wp-block-latest-posts__featured-image\"><a href=\"https:\/\/vtest1.college-lapierre.fr\/?p=10827\" aria-label=\"SAC AVEC CORDON DU COLLEGE LAPIERRE\"><img loading=\"lazy\" decoding=\"async\" width=\"150\" height=\"150\" src=\"https:\/\/vtest1.college-lapierre.fr\/wp-content\/uploads\/2024\/09\/Sac-avec-cordons-CLG-Lapierre-150x150.jpg\" class=\"attachment-thumbnail size-thumbnail wp-post-image\" alt=\"\" style=\"\" \/><\/a><\/div><a class=\"wp-block-latest-posts__post-title\" href=\"https:\/\/vtest1.college-lapierre.fr\/?p=10827\">SAC AVEC CORDON DU COLLEGE LAPIERRE<\/a><div class=\"wp-block-latest-posts__post-author\">par PJ CABANEL<\/div><time datetime=\"2024-09-17T13:14:58+02:00\" class=\"wp-block-latest-posts__post-date\">17\/09\/2024<\/time><div class=\"wp-block-latest-posts__post-full-content\"><!-- wp:paragraph -->\n<p>Vous pouvez gr\u00e2ce au formulaire ci-dessous acheter les nouveaux sacs frapp\u00e9s du logo du coll\u00e8ge.<\/p>\n<!-- \/wp:paragraph -->\n\n<!-- wp:image {\"id\":10831,\"sizeSlug\":\"large\",\"linkDestination\":\"none\"} -->\n<figure class=\"wp-block-image size-large\"><img loading=\"lazy\" decoding=\"async\" width=\"745\" height=\"1024\" src=\"https:\/\/vtest1.college-lapierre.fr\/wp-content\/uploads\/2024\/09\/Sac-avec-cordons-CLG-Lapierre-745x1024.jpg\" alt=\"\" class=\"wp-image-10831\" srcset=\"https:\/\/vtest1.college-lapierre.fr\/wp-content\/uploads\/2024\/09\/Sac-avec-cordons-CLG-Lapierre-745x1024.jpg 745w, https:\/\/vtest1.college-lapierre.fr\/wp-content\/uploads\/2024\/09\/Sac-avec-cordons-CLG-Lapierre-218x300.jpg 218w, https:\/\/vtest1.college-lapierre.fr\/wp-content\/uploads\/2024\/09\/Sac-avec-cordons-CLG-Lapierre-768x1055.jpg 768w, https:\/\/vtest1.college-lapierre.fr\/wp-content\/uploads\/2024\/09\/Sac-avec-cordons-CLG-Lapierre-1118x1536.jpg 1118w, https:\/\/vtest1.college-lapierre.fr\/wp-content\/uploads\/2024\/09\/Sac-avec-cordons-CLG-Lapierre-1491x2048.jpg 1491w, https:\/\/vtest1.college-lapierre.fr\/wp-content\/uploads\/2024\/09\/Sac-avec-cordons-CLG-Lapierre.jpg 1785w\" sizes=\"auto, (max-width: 745px) 100vw, 745px\" \/><\/figure>\n<!-- \/wp:image -->\n\n<!-- wp:html -->\n\n<!-- \/wp:html --><\/div><\/li>\n<li><div class=\"wp-block-latest-posts__featured-image\"><a href=\"https:\/\/vtest1.college-lapierre.fr\/?p=10804\" aria-label=\"Inscriptions FSE ann\u00e9e scolaire 2024-2025\"><img loading=\"lazy\" decoding=\"async\" width=\"150\" height=\"150\" src=\"https:\/\/vtest1.college-lapierre.fr\/wp-content\/uploads\/2023\/06\/Logo-FSE-150x150.png\" class=\"attachment-thumbnail size-thumbnail wp-post-image\" alt=\"\" style=\"\" srcset=\"https:\/\/vtest1.college-lapierre.fr\/wp-content\/uploads\/2023\/06\/Logo-FSE-150x150.png 150w, https:\/\/vtest1.college-lapierre.fr\/wp-content\/uploads\/2023\/06\/Logo-FSE.png 200w\" sizes=\"auto, (max-width: 150px) 100vw, 150px\" \/><\/a><\/div><a class=\"wp-block-latest-posts__post-title\" href=\"https:\/\/vtest1.college-lapierre.fr\/?p=10804\">Inscriptions FSE ann\u00e9e scolaire 2024-2025<\/a><div class=\"wp-block-latest-posts__post-author\">par Pierre-Jean CABANEL<\/div><time datetime=\"2024-09-09T19:34:21+02:00\" class=\"wp-block-latest-posts__post-date\">09\/09\/2024<\/time><div class=\"wp-block-latest-posts__post-full-content\"><!-- wp:paragraph -->\n<p>La campagne d&rsquo;adh\u00e9sion au Foyer Socio Educatif du coll\u00e8ge pour l&rsquo;ann\u00e9e 2024-2025 a d\u00e9but\u00e9.<\/p>\n<!-- \/wp:paragraph -->\n\n<!-- wp:paragraph -->\n<p>Comme l&rsquo;ann\u00e9e derni\u00e8re, vous pouvez effectuer cette adh\u00e9sion en ligne en passant par le site <strong><em>Helloasso.com<\/em><\/strong> gr\u00e2ce au bouton ci-dessous :<\/p>\n<!-- \/wp:paragraph -->\n\n<!-- wp:html -->\n\n<!-- \/wp:html -->\n\n<!-- wp:paragraph -->\n<p>Adh\u00e9sion \u00e9l\u00e8ve : 5\u20ac par \u00e9l\u00e8ve.<\/p>\n<!-- \/wp:paragraph -->\n\n<!-- wp:paragraph -->\n<p>Adh\u00e9sion adultes : adh\u00e9sion libre \u00e0 partir de 5\u20ac.<\/p>\n<!-- \/wp:paragraph -->\n\n<!-- wp:paragraph -->\n<p>Possibilit\u00e9 d&rsquo;effectuer des dons au FSE du coll\u00e8ge Georges Lapierre au moment de l&rsquo;adh\u00e9sion.<\/p>\n<!-- \/wp:paragraph -->\n\n<!-- wp:paragraph -->\n<p><em><strong>IMPORTANT :<\/strong><\/em><\/p>\n<!-- \/wp:paragraph -->\n\n<!-- wp:paragraph -->\n<p><strong>A l\u2019\u00e9tape 4, avant le paiement, vous pouvez modifier \u00ab\u00a0Votre contribution au fonctionnement de HelloAsso\u00a0\u00bb.<\/strong><\/p>\n<!-- \/wp:paragraph -->\n\n<!-- wp:paragraph {\"style\":{\"elements\":{\"link\":{\"color\":{\"text\":\"var:preset|color|black\"}}}},\"backgroundColor\":\"luminous-vivid-amber\",\"textColor\":\"black\"} -->\n<p class=\"has-black-color has-luminous-vivid-amber-background-color has-text-color has-background has-link-color\"><strong>Cliquez sur Modifier puis cocher\u00a0:<\/strong><\/p>\n<!-- \/wp:paragraph -->\n\n<!-- wp:paragraph {\"style\":{\"elements\":{\"link\":{\"color\":{\"text\":\"var:preset|color|black\"}}}},\"backgroundColor\":\"vivid-red\",\"textColor\":\"black\"} -->\n<p class=\"has-black-color has-vivid-red-background-color has-text-color has-background has-link-color\"><strong>\u00ab\u00a0Je ne souhaite pas soutenir HelloAsso \u00bb<\/strong><\/p>\n<!-- \/wp:paragraph -->\n\n<!-- wp:separator -->\n<hr class=\"wp-block-separator has-alpha-channel-opacity\" \/>\n<!-- \/wp:separator -->\n\n<!-- wp:html -->\n\n<!-- \/wp:html -->\n\n<!-- wp:separator -->\n<hr class=\"wp-block-separator has-alpha-channel-opacity\" \/>\n<!-- \/wp:separator -->\n\n<!-- wp:paragraph -->\n<p><strong>Le Foyer Socio \u00c9ducatif est une association Loi 1901 ouverte \u00e0 tous les \u00e9l\u00e8ves et adultes du Coll\u00e8ge Lapierre.<\/strong><\/p>\n<!-- \/wp:paragraph -->\n\n<!-- wp:paragraph -->\n<p><strong><u>LES OBJECTIFS DU FSE\u00a0:<\/u><\/strong><\/p>\n<!-- \/wp:paragraph -->\n\n<!-- wp:paragraph -->\n<p>Toutes les actions financ\u00e9es par le FSE visent \u00e0 <em><strong>am\u00e9liorer la qualit\u00e9 de vie des \u00e9l\u00e8ves au quotidien<\/strong><\/em>\u00a0et <strong><em>d\u00e9velopper les projets pour les \u00e9l\u00e8ves<\/em><\/strong> :<\/p>\n<!-- \/wp:paragraph -->\n\n<!-- wp:list -->\n<ul class=\"wp-block-list\"><!-- wp:list-item -->\n<li>Acheter le mat\u00e9riel n\u00e9cessaire au fonctionnement des clubs entre 12H30 et 13H25<\/li>\n<!-- \/wp:list-item -->\n\n<!-- wp:list-item -->\n<li>Financer des animations (tournois de baby foot, tennis de table\u2026)<\/li>\n<!-- \/wp:list-item -->\n\n<!-- wp:list-item -->\n<li>Participer au financement des sorties, voyages scolaires et autres actions p\u00e9dagogiques<\/li>\n<!-- \/wp:list-item -->\n\n<!-- wp:list-item -->\n<li>Contribuer\u00a0au fonctionnement d\u2019un espace de d\u00e9tente \u00e9quip\u00e9 de jeux et de baby-foot.<\/li>\n<!-- \/wp:list-item --><\/ul>\n<!-- \/wp:list -->\n\n<!-- wp:paragraph -->\n<p><strong><u>LE BUDGET DU FSE\u00a0:<\/u><\/strong><\/p>\n<!-- \/wp:paragraph -->\n\n<!-- wp:paragraph -->\n<p>Le FSE dispose \u00a0d\u2019un budget qui lui est propre.\u00a0 Les actions qu\u2019il soutient sont donc financ\u00e9es par :<\/p>\n<!-- \/wp:paragraph -->\n\n<!-- wp:list -->\n<ul class=\"wp-block-list\"><!-- wp:list-item -->\n<li>Les <em><strong>cotisations<\/strong><\/em> des \u00e9l\u00e8ves et des adultes de l\u2019\u00e9tablissement<\/li>\n<!-- \/wp:list-item -->\n\n<!-- wp:list-item -->\n<li>Les <em><strong>ventes<\/strong><\/em> et actions diverses (vente des photos de classes, tombola, etc.)<\/li>\n<!-- \/wp:list-item -->\n\n<!-- wp:list-item -->\n<li>Les <em><strong>subventions<\/strong><\/em> accord\u00e9es par la Mairie de Lormont.<\/li>\n<!-- \/wp:list-item -->\n\n<!-- wp:list-item -->\n<li>Les <em><strong>dons.<\/strong><\/em><\/li>\n<!-- \/wp:list-item --><\/ul>\n<!-- \/wp:list --><\/div><\/li>\n<li><div class=\"wp-block-latest-posts__featured-image\"><a href=\"https:\/\/vtest1.college-lapierre.fr\/?p=8848\" aria-label=\"NOUVEAUTE Rentr\u00e9e 2023 : Achetez le sweat \u00e0 capuche du coll\u00e8ge Georges Lapierre\"><img loading=\"lazy\" decoding=\"async\" width=\"150\" height=\"150\" src=\"https:\/\/vtest1.college-lapierre.fr\/wp-content\/uploads\/2023\/06\/PULL-VERSION-DEFINITIVE-150x150.png\" class=\"attachment-thumbnail size-thumbnail wp-post-image\" alt=\"\" style=\"\" \/><\/a><\/div><a class=\"wp-block-latest-posts__post-title\" href=\"https:\/\/vtest1.college-lapierre.fr\/?p=8848\">NOUVEAUTE Rentr\u00e9e 2023 : Achetez le sweat \u00e0 capuche du coll\u00e8ge Georges Lapierre<\/a><div class=\"wp-block-latest-posts__post-author\">par Pierre-Jean CABANEL<\/div><time datetime=\"2023-10-17T12:00:21+02:00\" class=\"wp-block-latest-posts__post-date\">17\/10\/2023<\/time><div class=\"wp-block-latest-posts__post-full-content\"><!-- wp:paragraph {\"style\":{\"elements\":{\"link\":{\"color\":{\"text\":\"var:preset|color|vivid-red\"}}}},\"backgroundColor\":\"vivid-cyan-blue\",\"textColor\":\"vivid-red\",\"fontSize\":\"x-large\"} -->\n<p class=\"has-vivid-red-color has-vivid-cyan-blue-background-color has-text-color has-background has-link-color has-x-large-font-size\">RUPTURE DE STOCK !<\/p>\n<!-- \/wp:paragraph -->\n\n<!-- wp:paragraph {\"style\":{\"elements\":{\"link\":{\"color\":{\"text\":\"var:preset|color|vivid-red\"}}}},\"backgroundColor\":\"vivid-cyan-blue\",\"textColor\":\"vivid-red\",\"fontSize\":\"x-large\"} -->\n<p class=\"has-vivid-red-color has-vivid-cyan-blue-background-color has-text-color has-background has-link-color has-x-large-font-size\">VENTE INTERROMPUE !<\/p>\n<!-- \/wp:paragraph -->\n\n<!-- wp:paragraph -->\n<p>Chers coll\u00e9giens, parents, partenaires, membres du personnel du coll\u00e8ge Georges Lapierre,<\/p>\n<!-- \/wp:paragraph -->\n\n<!-- wp:paragraph -->\n<p>Petite nouveaut\u00e9 pour la rentr\u00e9e 2023-2024\u00a0: un sweat \u00e0 capuche avec un logo du coll\u00e8ge est d\u00e9sormais disponible et \u00e0 la vente.<\/p>\n<!-- \/wp:paragraph -->\n\n<!-- wp:paragraph -->\n<p><strong>Couleur : gris chin\u00e9\u00a0 \/ Logo : noir<\/strong><\/p>\n<!-- \/wp:paragraph -->\n\n<!-- wp:paragraph -->\n<p>Passez votre commande sur le site Helloasso suivant\u00a0(<a rel=\"noreferrer noopener\" href=\"https:\/\/www.helloasso.com\/associations\/foyer-socio-educatif-college-georges-lapierre\/paiements\/sweat-a-capuche-lapierre\" data-type=\"URL\" data-id=\"https:\/\/www.helloasso.com\/associations\/foyer-socio-educatif-college-georges-lapierre\/paiements\/sweat-a-capuche-lapierre\" target=\"_blank\">https:\/\/www.helloasso.com\/associations\/foyer-socio-educatif-college-georges-lapierre\/paiements\/sweat-a-capuche-lapierre<\/a>) et vous le r\u00e9ceptionnerez \u00e0 votre retour au coll\u00e8ge au mois de Septembre.<\/p>\n<!-- \/wp:paragraph -->\n\n<!-- wp:paragraph -->\n<p>Les ventes seront encaiss\u00e9es par le FSE (Foyer socio-\u00e9ducatif) et les b\u00e9n\u00e9fices seront revers\u00e9s \u00e0 l\u2019organisation du s\u00e9jour en Irlande.<\/p>\n<!-- \/wp:paragraph -->\n\n<!-- wp:paragraph -->\n<p><strong>Au moment du paiement, vous pouvez modifier \u00ab\u00a0Votre contribution au fonctionnement de HelloAsso\u00a0\u00bb<\/strong>. <strong>Cliquez sur Modifier puis cocher\u00a0:<\/strong> <strong>\u00ab\u00a0Je ne souhaite pas soutenir HelloAsso \u00bb<\/strong>.<\/p>\n<!-- \/wp:paragraph -->\n\n<!-- wp:paragraph -->\n<p>Merci \u00e0 tous\u00a0!<\/p>\n<!-- \/wp:paragraph -->\n\n<!-- wp:image {\"align\":\"center\",\"id\":8849,\"sizeSlug\":\"full\",\"linkDestination\":\"media\"} -->\n<figure class=\"wp-block-image aligncenter size-full\"><a href=\"https:\/\/vtest1.college-lapierre.fr\/wp-content\/uploads\/2023\/06\/PULL-VERSION-DEFINITIVE.png\"><img decoding=\"async\" src=\"https:\/\/vtest1.college-lapierre.fr\/wp-content\/uploads\/2023\/06\/PULL-VERSION-DEFINITIVE.png\" alt=\"\" class=\"wp-image-8849\" \/><\/a><\/figure>\n<!-- \/wp:image --><\/div><\/li>\n<li><div class=\"wp-block-latest-posts__featured-image\"><a href=\"https:\/\/vtest1.college-lapierre.fr\/?p=8789\" aria-label=\"Inscriptions FSE ann\u00e9e scolaire 2023-2024\"><img loading=\"lazy\" decoding=\"async\" width=\"150\" height=\"150\" src=\"https:\/\/vtest1.college-lapierre.fr\/wp-content\/uploads\/2023\/06\/Logo-FSE-150x150.png\" class=\"attachment-thumbnail size-thumbnail wp-post-image\" alt=\"\" style=\"\" srcset=\"https:\/\/vtest1.college-lapierre.fr\/wp-content\/uploads\/2023\/06\/Logo-FSE-150x150.png 150w, https:\/\/vtest1.college-lapierre.fr\/wp-content\/uploads\/2023\/06\/Logo-FSE.png 200w\" sizes=\"auto, (max-width: 150px) 100vw, 150px\" \/><\/a><\/div><a class=\"wp-block-latest-posts__post-title\" href=\"https:\/\/vtest1.college-lapierre.fr\/?p=8789\">Inscriptions FSE ann\u00e9e scolaire 2023-2024<\/a><div class=\"wp-block-latest-posts__post-author\">par Pierre-Jean CABANEL<\/div><time datetime=\"2023-06-26T13:25:01+02:00\" class=\"wp-block-latest-posts__post-date\">26\/06\/2023<\/time><div class=\"wp-block-latest-posts__post-full-content\"><!-- wp:paragraph -->\n<p>La campagne d&rsquo;adh\u00e9sion au Foyer Socio Educatif du coll\u00e8ge pour l&rsquo;ann\u00e9e 2023-2024 a d\u00e9but\u00e9.<\/p>\n<!-- \/wp:paragraph -->\n\n<!-- wp:paragraph -->\n<p>A partir de cette ann\u00e9e, vous pouvez effectuer cette adh\u00e9sion en ligne en passant par le site <strong><em>Helloasso.com<\/em><\/strong> gr\u00e2ce au bouton ci-dessous :<\/p>\n<!-- \/wp:paragraph -->\n\n<!-- wp:html -->\n\n<!-- \/wp:html -->\n\n<!-- wp:paragraph -->\n<p><em><strong>IMPORTANT :<\/strong><\/em><\/p>\n<!-- \/wp:paragraph -->\n\n<!-- wp:paragraph -->\n<p><strong><u>Si vous inscrivez 2 enfants, pour payer 8\u20ac au lieu de 10\u20ac, tapez le code de r\u00e9duction :<\/u> REDUC2ELEV<\/strong><\/p>\n<!-- \/wp:paragraph -->\n\n<!-- wp:paragraph -->\n<p><strong><u>Si vous inscrivez 3 enfants, pour payer 10\u20ac au lieu de 15\u20ac, tapez le code de r\u00e9duction :<\/u> REDUC3ELEV<\/strong><\/p>\n<!-- \/wp:paragraph -->\n\n<!-- wp:paragraph -->\n<p><strong>A l\u2019\u00e9tape 4, avant le paiement, vous pouvez modifier \u00ab\u00a0Votre contribution au fonctionnement de HelloAsso\u00a0\u00bb.<\/strong><\/p>\n<!-- \/wp:paragraph -->\n\n<!-- wp:paragraph -->\n<p><strong>Cliquez sur Modifier puis cocher\u00a0:<\/strong><\/p>\n<!-- \/wp:paragraph -->\n\n<!-- wp:paragraph -->\n<p><strong>\u00ab\u00a0Je ne souhaite pas soutenir HelloAsso \u00bb<\/strong><\/p>\n<!-- \/wp:paragraph -->\n\n<!-- wp:separator -->\n<hr class=\"wp-block-separator has-alpha-channel-opacity\" \/>\n<!-- \/wp:separator -->\n\n<!-- wp:paragraph -->\n<p><strong>Le Foyer Socio \u00c9ducatif est une association Loi 1901 ouverte \u00e0 tous les \u00e9l\u00e8ves et adultes du Coll\u00e8ge Lapierre.<\/strong><\/p>\n<!-- \/wp:paragraph -->\n\n<!-- wp:paragraph -->\n<p><strong><u>LES OBJECTIFS DU FSE\u00a0:<\/u><\/strong><\/p>\n<!-- \/wp:paragraph -->\n\n<!-- wp:paragraph -->\n<p>Toutes les actions financ\u00e9es par le FSE visent \u00e0 <em><strong>am\u00e9liorer la qualit\u00e9 de vie des \u00e9l\u00e8ves au quotidien<\/strong><\/em>\u00a0et <strong><em>d\u00e9velopper les projets pour les \u00e9l\u00e8ves<\/em><\/strong> :<\/p>\n<!-- \/wp:paragraph -->\n\n<!-- wp:list -->\n<ul><!-- wp:list-item -->\n<li>Acheter le mat\u00e9riel n\u00e9cessaire au fonctionnement des clubs entre 12H30 et 13H25<\/li>\n<!-- \/wp:list-item -->\n\n<!-- wp:list-item -->\n<li>Financer des animations (tournois de baby foot, tennis de table\u2026)<\/li>\n<!-- \/wp:list-item -->\n\n<!-- wp:list-item -->\n<li>Participer au financement des sorties, voyages scolaires et autres actions p\u00e9dagogiques<\/li>\n<!-- \/wp:list-item -->\n\n<!-- wp:list-item -->\n<li>Contribuer\u00a0au fonctionnement d\u2019un espace de d\u00e9tente \u00e9quip\u00e9 de jeux et de baby-foot.<\/li>\n<!-- \/wp:list-item --><\/ul>\n<!-- \/wp:list -->\n\n<!-- wp:paragraph -->\n<p><strong><u>LE BUDGET DU FSE\u00a0:<\/u><\/strong><\/p>\n<!-- \/wp:paragraph -->\n\n<!-- wp:paragraph -->\n<p>Le FSE dispose \u00a0d\u2019un budget qui lui est propre.\u00a0 Les actions qu\u2019il soutient sont donc financ\u00e9es par :<\/p>\n<!-- \/wp:paragraph -->\n\n<!-- wp:list -->\n<ul><!-- wp:list-item -->\n<li>Les <em><strong>cotisations<\/strong><\/em> des \u00e9l\u00e8ves et des adultes de l\u2019\u00e9tablissement<\/li>\n<!-- \/wp:list-item -->\n\n<!-- wp:list-item -->\n<li>Les <em><strong>ventes<\/strong><\/em> et actions diverses (vente des photos de classes, tombola, etc.)<\/li>\n<!-- \/wp:list-item -->\n\n<!-- wp:list-item -->\n<li>Les <em><strong>subventions<\/strong><\/em> accord\u00e9es par la Mairie de Lormont.<\/li>\n<!-- \/wp:list-item -->\n\n<!-- wp:list-item -->\n<li>Les <em><strong>dons.<\/strong><\/em><\/li>\n<!-- \/wp:list-item -->\n\n<!-- wp:list-item -->\n<li><\/li>\n<!-- \/wp:list-item --><\/ul>\n<!-- \/wp:list --><\/div><\/li>\n<li><div class=\"wp-block-latest-posts__featured-image\"><a href=\"https:\/\/vtest1.college-lapierre.fr\/?p=9950\" aria-label=\"Inscriptions FSE ann\u00e9e scolaire 2023-2024\"><img loading=\"lazy\" decoding=\"async\" width=\"150\" height=\"150\" src=\"https:\/\/vtest1.college-lapierre.fr\/wp-content\/uploads\/2023\/06\/Logo-FSE-150x150.png\" class=\"attachment-thumbnail size-thumbnail wp-post-image\" alt=\"\" style=\"\" srcset=\"https:\/\/vtest1.college-lapierre.fr\/wp-content\/uploads\/2023\/06\/Logo-FSE-150x150.png 150w, https:\/\/vtest1.college-lapierre.fr\/wp-content\/uploads\/2023\/06\/Logo-FSE.png 200w\" sizes=\"auto, (max-width: 150px) 100vw, 150px\" \/><\/a><\/div><a class=\"wp-block-latest-posts__post-title\" href=\"https:\/\/vtest1.college-lapierre.fr\/?p=9950\">Inscriptions FSE ann\u00e9e scolaire 2023-2024<\/a><div class=\"wp-block-latest-posts__post-author\">par PJ CABANEL<\/div><time datetime=\"2023-06-26T13:25:01+02:00\" class=\"wp-block-latest-posts__post-date\">26\/06\/2023<\/time><div class=\"wp-block-latest-posts__post-full-content\"><!-- wp:paragraph -->\n<p>La campagne d&rsquo;adh\u00e9sion au Foyer Socio Educatif du coll\u00e8ge pour l&rsquo;ann\u00e9e 2023-2024 a d\u00e9but\u00e9.<\/p>\n<!-- \/wp:paragraph -->\n\n<!-- wp:paragraph -->\n<p>A partir de cette ann\u00e9e, vous pouvez effectuer cette adh\u00e9sion en ligne en passant par le site <strong><em>Helloasso.com<\/em><\/strong> gr\u00e2ce au bouton ci-dessous :<\/p>\n<!-- \/wp:paragraph -->\n\n<!-- wp:html -->\n\n<!-- \/wp:html -->\n\n<!-- wp:paragraph -->\n<p><em><strong>IMPORTANT :<\/strong><\/em><\/p>\n<!-- \/wp:paragraph -->\n\n<!-- wp:paragraph -->\n<p><strong><u>Si vous inscrivez 2 enfants, pour payer 8\u20ac au lieu de 10\u20ac, tapez le code de r\u00e9duction :<\/u> REDUC2ELEV<\/strong><\/p>\n<!-- \/wp:paragraph -->\n\n<!-- wp:paragraph -->\n<p><strong><u>Si vous inscrivez 3 enfants, pour payer 10\u20ac au lieu de 15\u20ac, tapez le code de r\u00e9duction :<\/u> REDUC3ELEV<\/strong><\/p>\n<!-- \/wp:paragraph -->\n\n<!-- wp:paragraph -->\n<p><strong>A l\u2019\u00e9tape 4, avant le paiement, vous pouvez modifier \u00ab\u00a0Votre contribution au fonctionnement de HelloAsso\u00a0\u00bb.<\/strong><\/p>\n<!-- \/wp:paragraph -->\n\n<!-- wp:paragraph -->\n<p><strong>Cliquez sur Modifier puis cocher\u00a0:<\/strong><\/p>\n<!-- \/wp:paragraph -->\n\n<!-- wp:paragraph -->\n<p><strong>\u00ab\u00a0Je ne souhaite pas soutenir HelloAsso \u00bb<\/strong><\/p>\n<!-- \/wp:paragraph -->\n\n<!-- wp:separator -->\n<hr class=\"wp-block-separator has-alpha-channel-opacity\" \/>\n<!-- \/wp:separator -->\n\n<!-- wp:paragraph -->\n<p><strong>Le Foyer Socio \u00c9ducatif est une association Loi 1901 ouverte \u00e0 tous les \u00e9l\u00e8ves et adultes du Coll\u00e8ge Lapierre.<\/strong><\/p>\n<!-- \/wp:paragraph -->\n\n<!-- wp:paragraph -->\n<p><strong><u>LES OBJECTIFS DU FSE\u00a0:<\/u><\/strong><\/p>\n<!-- \/wp:paragraph -->\n\n<!-- wp:paragraph -->\n<p>Toutes les actions financ\u00e9es par le FSE visent \u00e0 <em><strong>am\u00e9liorer la qualit\u00e9 de vie des \u00e9l\u00e8ves au quotidien<\/strong><\/em>\u00a0et <strong><em>d\u00e9velopper les projets pour les \u00e9l\u00e8ves<\/em><\/strong> :<\/p>\n<!-- \/wp:paragraph -->\n\n<!-- wp:list -->\n<ul><!-- wp:list-item -->\n<li>Acheter le mat\u00e9riel n\u00e9cessaire au fonctionnement des clubs entre 12H30 et 13H25<\/li>\n<!-- \/wp:list-item -->\n\n<!-- wp:list-item -->\n<li>Financer des animations (tournois de baby foot, tennis de table\u2026)<\/li>\n<!-- \/wp:list-item -->\n\n<!-- wp:list-item -->\n<li>Participer au financement des sorties, voyages scolaires et autres actions p\u00e9dagogiques<\/li>\n<!-- \/wp:list-item -->\n\n<!-- wp:list-item -->\n<li>Contribuer\u00a0au fonctionnement d\u2019un espace de d\u00e9tente \u00e9quip\u00e9 de jeux et de baby-foot.<\/li>\n<!-- \/wp:list-item --><\/ul>\n<!-- \/wp:list -->\n\n<!-- wp:paragraph -->\n<p><strong><u>LE BUDGET DU FSE\u00a0:<\/u><\/strong><\/p>\n<!-- \/wp:paragraph -->\n\n<!-- wp:paragraph -->\n<p>Le FSE dispose \u00a0d\u2019un budget qui lui est propre.\u00a0 Les actions qu\u2019il soutient sont donc financ\u00e9es par :<\/p>\n<!-- \/wp:paragraph -->\n\n<!-- wp:list -->\n<ul><!-- wp:list-item -->\n<li>Les <em><strong>cotisations<\/strong><\/em> des \u00e9l\u00e8ves et des adultes de l\u2019\u00e9tablissement<\/li>\n<!-- \/wp:list-item -->\n\n<!-- wp:list-item -->\n<li>Les <em><strong>ventes<\/strong><\/em> et actions diverses (vente des photos de classes, tombola, etc.)<\/li>\n<!-- \/wp:list-item -->\n\n<!-- wp:list-item -->\n<li>Les <em><strong>subventions<\/strong><\/em> accord\u00e9es par la Mairie de Lormont.<\/li>\n<!-- \/wp:list-item -->\n\n<!-- wp:list-item -->\n<li>Les <em><strong>dons.<\/strong><\/em><\/li>\n<!-- \/wp:list-item -->\n\n<!-- wp:list-item -->\n<li><\/li>\n<!-- \/wp:list-item --><\/ul>\n<!-- \/wp:list --><\/div><\/li>\n<li><a class=\"wp-block-latest-posts__post-title\" href=\"https:\/\/vtest1.college-lapierre.fr\/?p=8743\">F\u00eate des coll\u00e9giennes et coll\u00e9giens 2023 &#8211;              Projet Membrane<\/a><div class=\"wp-block-latest-posts__post-author\">par M.SCIPPA<\/div><time datetime=\"2023-06-13T08:20:15+02:00\" class=\"wp-block-latest-posts__post-date\">13\/06\/2023<\/time><div class=\"wp-block-latest-posts__post-full-content\"><!-- wp:paragraph -->\n<p>Retour sur la journ\u00e9e du Jeudi 8 Juin au Parc Palmer. <\/p>\n<!-- \/wp:paragraph -->\n\n<!-- wp:paragraph -->\n<p>Les \u00e9l\u00e8ves ont particip\u00e9 \u00e0 la F\u00eate des coll\u00e9giennes et coll\u00e9giens avec le \u00ab\u00a0Projet Membrane\u00a0\u00bb de la Cie Entre-Nous. La danse et la musique ont permis de rassembler des \u00e9l\u00e8ves du coll\u00e8ge G.Lapierre et du Coll\u00e8ge Montaigne. <\/p>\n<!-- \/wp:paragraph -->\n\n<!-- wp:paragraph -->\n<p>Un beau moment de partage et des souvenirs pleins la t\u00eate !<\/p>\n<!-- \/wp:paragraph -->\n\n<!-- wp:embed {\"url\":\"https:\/\/tube-action-educative.apps.education.fr\/w\/5QCi4LQgXkysWaJoFJwS9P\",\"type\":\"wp-embed\",\"providerNameSlug\":\"peertube\"} -->\n<figure class=\"wp-block-embed is-type-wp-embed is-provider-peertube wp-block-embed-peertube\"><div class=\"wp-block-embed__wrapper\">\nhttps:\/\/tube-action-educative.apps.education.fr\/w\/5QCi4LQgXkysWaJoFJwS9P\n<\/div><\/figure>\n<!-- \/wp:embed -->\n\n<!-- wp:paragraph -->\n<p><em><strong>(cliquez sur la photo suivante pour acc\u00e9der \u00e0 la vid\u00e9o en plein \u00e9cran)<\/strong><\/em><\/p>\n<!-- \/wp:paragraph -->\n\n<!-- wp:image {\"id\":8754,\"sizeSlug\":\"large\",\"linkDestination\":\"custom\"} -->\n<figure class=\"wp-block-image size-large\"><a href=\"https:\/\/tube-action-educative.apps.education.fr\/w\/5QCi4LQgXkysWaJoFJwS9P\" target=\"_blank\" rel=\"noreferrer noopener\"><img decoding=\"async\" src=\"http:\/\/www.college-lapierre.fr\/wp-content\/uploads\/2023\/06\/IMG_20230608_090422-768x1024.jpg\" alt=\"\" class=\"wp-image-8754\" \/><\/a><\/figure>\n<!-- \/wp:image --><\/div><\/li>\n<\/ul>","protected":false},"excerpt":{"rendered":"<p>Le Foyer Socio-\u00c9ducatif est une association Loi 1901 ouverte \u00e0 tous les \u00e9l\u00e8ves et adultes du Coll\u00e8ge Lapierre. LES OBJECTIFS DU FSE&nbsp;: Toutes les actions financ\u00e9es par le FSE visent \u00e0 am\u00e9liorer la qualit\u00e9 de vie des \u00e9l\u00e8ves au quotidien&nbsp;: LE BUDGET DU FSE&nbsp;: Le FSE dispose &nbsp;d\u2019un budget qui lui est propre.&nbsp; Les actions&#8230;<\/p>\n<p class=\"more-link-wrap\"><a href=\"https:\/\/vtest1.college-lapierre.fr\/?page_id=34\" class=\"more-link\">Read More<span class=\"screen-reader-text\"> &ldquo;FSE : Foyer Socio-Educatif&rdquo;<\/span> &raquo;<\/a><\/p>\n","protected":false},"author":2,"featured_media":0,"parent":22,"menu_order":0,"comment_status":"closed","ping_status":"closed","template":"","meta":{"footnotes":""},"categories":[],"tags":[],"class_list":["post-34","page","type-page","status-publish","hentry"],"_links":{"self":[{"href":"https:\/\/vtest1.college-lapierre.fr\/index.php?rest_route=\/wp\/v2\/pages\/34","targetHints":{"allow":["GET"]}}],"collection":[{"href":"https:\/\/vtest1.college-lapierre.fr\/index.php?rest_route=\/wp\/v2\/pages"}],"about":[{"href":"https:\/\/vtest1.college-lapierre.fr\/index.php?rest_route=\/wp\/v2\/types\/page"}],"author":[{"embeddable":true,"href":"https:\/\/vtest1.college-lapierre.fr\/index.php?rest_route=\/wp\/v2\/users\/2"}],"replies":[{"embeddable":true,"href":"https:\/\/vtest1.college-lapierre.fr\/index.php?rest_route=%2Fwp%2Fv2%2Fcomments&post=34"}],"version-history":[{"count":17,"href":"https:\/\/vtest1.college-lapierre.fr\/index.php?rest_route=\/wp\/v2\/pages\/34\/revisions"}],"predecessor-version":[{"id":11490,"href":"https:\/\/vtest1.college-lapierre.fr\/index.php?rest_route=\/wp\/v2\/pages\/34\/revisions\/11490"}],"up":[{"embeddable":true,"href":"https:\/\/vtest1.college-lapierre.fr\/index.php?rest_route=\/wp\/v2\/pages\/22"}],"wp:attachment":[{"href":"https:\/\/vtest1.college-lapierre.fr\/index.php?rest_route=%2Fwp%2Fv2%2Fmedia&parent=34"}],"wp:term":[{"taxonomy":"category","embeddable":true,"href":"https:\/\/vtest1.college-lapierre.fr\/index.php?rest_route=%2Fwp%2Fv2%2Fcategories&post=34"},{"taxonomy":"post_tag","embeddable":true,"href":"https:\/\/vtest1.college-lapierre.fr\/index.php?rest_route=%2Fwp%2Fv2%2Ftags&post=34"}],"curies":[{"name":"wp","href":"https:\/\/api.w.org\/{rel}","templated":true}]}}