{"id":8913,"date":"2023-07-13T07:47:24","date_gmt":"2023-07-13T07:47:24","guid":{"rendered":"https:\/\/vtest1.college-lapierre.fr\/?page_id=8913"},"modified":"2024-09-01T17:03:51","modified_gmt":"2024-09-01T15:03:51","slug":"arts-plastiques","status":"publish","type":"page","link":"https:\/\/vtest1.college-lapierre.fr\/?page_id=8913","title":{"rendered":"Education artistique"},"content":{"rendered":"<ul class=\"wp-block-latest-posts__list has-dates has-author wp-block-latest-posts\"><li><a class=\"wp-block-latest-posts__post-title\" href=\"https:\/\/vtest1.college-lapierre.fr\/?p=11590\">D\u00e9couvrir les arts de la sc\u00e8ne : les 6\u00b0MCCOOL rencontrent la danse contemporaine<\/a><div class=\"wp-block-latest-posts__post-author\">par JC. COURDE<\/div><time datetime=\"2025-10-16T08:36:37+02:00\" class=\"wp-block-latest-posts__post-date\">16\/10\/2025<\/time><div class=\"wp-block-latest-posts__post-full-content\"><!-- wp:paragraph -->\n<p>La semaine derni\u00e8re, les \u00e9l\u00e8ves de 6\u00b0MCCOOL ont pu rencontrer Janice B\u00e9lieu, danseuse professionnelle et soliste du spectacle \u00ab\u00a0Rites de passage\u00a0\u00bb, jou\u00e9 \u00e0 Brassens-Camus vendredi 10 octobre. Deux ateliers ont permis aux \u00e9l\u00e8ves de d\u00e9couvrir la pratique hip-hop de Janice B\u00e9lieu (\u00e9chauffements, mouvements, cr\u00e9ation d&rsquo;une <em>chor\u00e9 <\/em>de groupe) ce qui a bien pr\u00e9par\u00e9 nos \u00e9l\u00e8ves au spectacle. <\/p>\n<!-- \/wp:paragraph -->\n\n<!-- wp:image {\"id\":11591,\"sizeSlug\":\"large\",\"linkDestination\":\"none\"} -->\n<figure class=\"wp-block-image size-large\"><img loading=\"lazy\" decoding=\"async\" width=\"1024\" height=\"461\" src=\"https:\/\/vtest1.college-lapierre.fr\/wp-content\/uploads\/2025\/10\/WhatsApp-Image-2025-10-15-at-19.49.59-1024x461.jpeg\" alt=\"\" class=\"wp-image-11591\" srcset=\"https:\/\/vtest1.college-lapierre.fr\/wp-content\/uploads\/2025\/10\/WhatsApp-Image-2025-10-15-at-19.49.59-1024x461.jpeg 1024w, https:\/\/vtest1.college-lapierre.fr\/wp-content\/uploads\/2025\/10\/WhatsApp-Image-2025-10-15-at-19.49.59-300x135.jpeg 300w, https:\/\/vtest1.college-lapierre.fr\/wp-content\/uploads\/2025\/10\/WhatsApp-Image-2025-10-15-at-19.49.59-768x346.jpeg 768w, https:\/\/vtest1.college-lapierre.fr\/wp-content\/uploads\/2025\/10\/WhatsApp-Image-2025-10-15-at-19.49.59-1536x691.jpeg 1536w, https:\/\/vtest1.college-lapierre.fr\/wp-content\/uploads\/2025\/10\/WhatsApp-Image-2025-10-15-at-19.49.59.jpeg 1600w\" sizes=\"auto, (max-width: 1024px) 100vw, 1024px\" \/><\/figure>\n<!-- \/wp:image -->\n\n<!-- wp:paragraph -->\n<p>Pendant une heure, assis en rond autour d&rsquo;un octogone figur\u00e9 sur le sol, les enfants de 6\u00b0MCCOOL et le public lormontais ont d\u00e9couvert un spectacle intense que Sylvie Balestra, la chor\u00e9graphe, a imagin\u00e9 comme un \u00ab\u00a0parcours que m\u00e8ne une soliste \u00e0 la recherche du seuil, du passage de son enfance d\u00e9j\u00e0 derri\u00e8re elle vers le monde adulte encore inaccessible.\u00a0\u00bb<\/p>\n<!-- \/wp:paragraph -->\n\n<!-- wp:image {\"id\":11592,\"sizeSlug\":\"full\",\"linkDestination\":\"none\"} -->\n<figure class=\"wp-block-image size-full\"><img loading=\"lazy\" decoding=\"async\" width=\"1024\" height=\"683\" src=\"https:\/\/vtest1.college-lapierre.fr\/wp-content\/uploads\/2025\/10\/Copie-de-Rites-de-passage-\u00a9Compagnie-Sylex_Nadege-Le-Lezec_18-copie-scaled-1.webp\" alt=\"\" class=\"wp-image-11592\" srcset=\"https:\/\/vtest1.college-lapierre.fr\/wp-content\/uploads\/2025\/10\/Copie-de-Rites-de-passage-\u00a9Compagnie-Sylex_Nadege-Le-Lezec_18-copie-scaled-1.webp 1024w, https:\/\/vtest1.college-lapierre.fr\/wp-content\/uploads\/2025\/10\/Copie-de-Rites-de-passage-\u00a9Compagnie-Sylex_Nadege-Le-Lezec_18-copie-scaled-1-300x200.webp 300w, https:\/\/vtest1.college-lapierre.fr\/wp-content\/uploads\/2025\/10\/Copie-de-Rites-de-passage-\u00a9Compagnie-Sylex_Nadege-Le-Lezec_18-copie-scaled-1-768x512.webp 768w\" sizes=\"auto, (max-width: 1024px) 100vw, 1024px\" \/><figcaption class=\"wp-element-caption\">Rites de passage \u00a9Compagnie Sylex_Nad\u00e8ge Le Lezec<\/figcaption><\/figure>\n<!-- \/wp:image -->\n\n<!-- wp:paragraph -->\n<p>Une exp\u00e9rience forte et nouvelle pour les \u00e9l\u00e8ves et pour les profs qui nous a amen\u00e9 \u00e0 r\u00e9fl\u00e9chir sur ce passage si particulier qu&rsquo;est l&rsquo;adolescence tout en nous \u00e9merveillant des multiples trouvailles chor\u00e9graphiques cr\u00e9\u00e9es par la compagnie Sylex. <\/p>\n<!-- \/wp:paragraph -->\n\n<!-- wp:paragraph -->\n<p><\/p>\n<!-- \/wp:paragraph -->\n\n<!-- wp:paragraph -->\n<p><a href=\"https:\/\/sylex.fr\/fr\/creations\/rites-de-passage-ethnobrut\/\" data-type=\"link\" data-id=\"https:\/\/sylex.fr\/fr\/creations\/rites-de-passage-ethnobrut\/\">https:\/\/sylex.fr\/fr\/creations\/rites-de-passage-ethnobrut\/<\/a><\/p>\n<!-- \/wp:paragraph -->\n\n<!-- wp:paragraph -->\n<p><\/p>\n<!-- \/wp:paragraph --><\/div><\/li>\n<li><div class=\"wp-block-latest-posts__featured-image\"><img loading=\"lazy\" decoding=\"async\" width=\"150\" height=\"150\" src=\"https:\/\/vtest1.college-lapierre.fr\/wp-content\/uploads\/2025\/10\/Semaine-du-collectif-150x150.png\" class=\"attachment-thumbnail size-thumbnail wp-post-image\" alt=\"\" style=\"\" \/><\/div><a class=\"wp-block-latest-posts__post-title\" href=\"https:\/\/vtest1.college-lapierre.fr\/?p=11531\">Semaine du collectif : 06 au 10 octobre 2025<\/a><div class=\"wp-block-latest-posts__post-author\">par PJ CABANEL<\/div><time datetime=\"2025-10-02T17:06:56+02:00\" class=\"wp-block-latest-posts__post-date\">02\/10\/2025<\/time><div class=\"wp-block-latest-posts__post-full-content\"><!-- wp:image {\"id\":11532,\"sizeSlug\":\"large\",\"linkDestination\":\"none\"} -->\n<figure class=\"wp-block-image size-large\"><img loading=\"lazy\" decoding=\"async\" width=\"1024\" height=\"724\" src=\"https:\/\/vtest1.college-lapierre.fr\/wp-content\/uploads\/2025\/10\/Semaine-du-collectif-1024x724.png\" alt=\"\" class=\"wp-image-11532\" srcset=\"https:\/\/vtest1.college-lapierre.fr\/wp-content\/uploads\/2025\/10\/Semaine-du-collectif-1024x724.png 1024w, https:\/\/vtest1.college-lapierre.fr\/wp-content\/uploads\/2025\/10\/Semaine-du-collectif-300x212.png 300w, https:\/\/vtest1.college-lapierre.fr\/wp-content\/uploads\/2025\/10\/Semaine-du-collectif-768x543.png 768w, https:\/\/vtest1.college-lapierre.fr\/wp-content\/uploads\/2025\/10\/Semaine-du-collectif-1536x1086.png 1536w, https:\/\/vtest1.college-lapierre.fr\/wp-content\/uploads\/2025\/10\/Semaine-du-collectif-2048x1448.png 2048w\" sizes=\"auto, (max-width: 1024px) 100vw, 1024px\" \/><\/figure>\n<!-- \/wp:image --><\/div><\/li>\n<li><div class=\"wp-block-latest-posts__featured-image\"><img loading=\"lazy\" decoding=\"async\" width=\"150\" height=\"150\" src=\"https:\/\/vtest1.college-lapierre.fr\/wp-content\/uploads\/2025\/07\/adele-hanna-150x150.png\" class=\"attachment-thumbnail size-thumbnail wp-post-image\" alt=\"\" style=\"\" \/><\/div><a class=\"wp-block-latest-posts__post-title\" href=\"https:\/\/vtest1.college-lapierre.fr\/?p=11384\">Modeling\/Sculpting 3D<\/a><div class=\"wp-block-latest-posts__post-author\">par C. SOULADIE<\/div><time datetime=\"2025-07-07T21:51:05+02:00\" class=\"wp-block-latest-posts__post-date\">07\/07\/2025<\/time><div class=\"wp-block-latest-posts__post-full-content\"><!-- wp:paragraph -->\n<p>Arts plastiques num\u00e9riques, classes de 6eme et 4eme<\/p>\n<!-- \/wp:paragraph -->\n\n<!-- wp:video {\"id\":11385} -->\n<figure class=\"wp-block-video\"><video controls poster=\"https:\/\/vtest1.college-lapierre.fr\/wp-content\/uploads\/2025\/07\/adele-hanna.png\" src=\"https:\/\/vtest1.college-lapierre.fr\/wp-content\/uploads\/2025\/07\/ModelingSculpting-3D.mp4\"><\/video><\/figure>\n<!-- \/wp:video --><\/div><\/li>\n<li><a class=\"wp-block-latest-posts__post-title\" href=\"https:\/\/vtest1.college-lapierre.fr\/?p=11376\">Court-m\u00e9trage : \u00ab\u00a0Entre les mots et la mort\u00a0\u00bb<\/a><div class=\"wp-block-latest-posts__post-author\">par C. SOULADIE<\/div><time datetime=\"2025-06-30T22:25:07+02:00\" class=\"wp-block-latest-posts__post-date\">30\/06\/2025<\/time><div class=\"wp-block-latest-posts__post-full-content\"><!-- wp:paragraph -->\n<p><strong>Pourquoi faire un film en arts plastiques ?<\/strong><\/p>\n<!-- \/wp:paragraph -->\n\n<!-- wp:video {\"id\":11377} -->\n<figure class=\"wp-block-video\"><video controls poster=\"https:\/\/vtest1.college-lapierre.fr\/wp-content\/uploads\/2025\/06\/Amira-Copie.jpg\" src=\"https:\/\/vtest1.college-lapierre.fr\/wp-content\/uploads\/2025\/06\/Entre-Les-Mots-Et-La-Mort-1.mp4\"><\/video><\/figure>\n<!-- \/wp:video -->\n\n<!-- wp:paragraph -->\n<p>En 3e F,  les \u00e9l\u00e8ves ont particip\u00e9 \u00e0 toutes les \u00e9tapes de la r\u00e9alisation d&rsquo;un film : sc\u00e9nario, r\u00e9alisation, tournage, jeu d\u2019acteur, montage, synchronisation image\/son et travail sur la colorim\u00e9trie.<\/p>\n<!-- \/wp:paragraph -->\n\n<!-- wp:paragraph -->\n<p>Le projet s\u2019appuie sur l\u2019histoire de l\u2019art, avec l\u2019\u00e9tude du th\u00e8me de l\u2019horreur via F.W. Murnau.<\/p>\n<!-- \/wp:paragraph -->\n\n<!-- wp:paragraph -->\n<p>Cela permet de travailler la cr\u00e9ation, la technique, l\u2019analyse d\u2019images et le travail en \u00e9quipe, tout en d\u00e9veloppant la cr\u00e9ativit\u00e9 et la communication visuelle.<\/p>\n<!-- \/wp:paragraph --><\/div><\/li>\n<li><a class=\"wp-block-latest-posts__post-title\" href=\"https:\/\/vtest1.college-lapierre.fr\/?p=11368\">Ma BD num\u00e9rique !<\/a><div class=\"wp-block-latest-posts__post-author\">par C. SOULADIE<\/div><time datetime=\"2025-06-30T21:52:12+02:00\" class=\"wp-block-latest-posts__post-date\">30\/06\/2025<\/time><div class=\"wp-block-latest-posts__post-full-content\"><!-- wp:paragraph -->\n<p><em><strong>Narration visuelle, composition, expressivit\u00e9 collective<\/strong><\/em> : arts plastiques, 5eme A et D , 2025<\/p>\n<!-- \/wp:paragraph -->\n\n<!-- wp:paragraph -->\n<p><\/p>\n<!-- \/wp:paragraph -->\n\n<!-- wp:paragraph -->\n<p><\/p>\n<!-- \/wp:paragraph -->\n\n<!-- wp:video {\"id\":11369} -->\n<figure class=\"wp-block-video\"><video controls src=\"https:\/\/vtest1.college-lapierre.fr\/wp-content\/uploads\/2025\/06\/Ma-BD-numerique1.mp4\"><\/video><\/figure>\n<!-- \/wp:video --><\/div><\/li>\n<li><a class=\"wp-block-latest-posts__post-title\" href=\"https:\/\/vtest1.college-lapierre.fr\/?p=11361\">Liaison \u00e9cole-coll\u00e8ge 2025 : un monde v\u00e9g\u00e9tal-digital !<\/a><div class=\"wp-block-latest-posts__post-author\">par C. SOULADIE<\/div><time datetime=\"2025-06-29T21:37:22+02:00\" class=\"wp-block-latest-posts__post-date\">29\/06\/2025<\/time><div class=\"wp-block-latest-posts__post-full-content\"><!-- wp:video {\"id\":11363} -->\n<figure class=\"wp-block-video\"><video controls poster=\"https:\/\/vtest1.college-lapierre.fr\/wp-content\/uploads\/2025\/06\/h.png\" src=\"https:\/\/vtest1.college-lapierre.fr\/wp-content\/uploads\/2025\/06\/Creation-dun-monde-vegetal-digital-extraordinaire-en-3D-Votre-mission-imaginez-et-creez-un-monde-floral-extraordinaire-qui-transforme-notre-environnement-en-un-univers-unique-.mp4\"><\/video><\/figure>\n<!-- \/wp:video --><\/div><\/li>\n<li><div class=\"wp-block-latest-posts__featured-image\"><img loading=\"lazy\" decoding=\"async\" width=\"150\" height=\"150\" src=\"https:\/\/vtest1.college-lapierre.fr\/wp-content\/uploads\/2025\/06\/IMG_2234-150x150.jpg\" class=\"attachment-thumbnail size-thumbnail wp-post-image\" alt=\"\" style=\"\" \/><\/div><a class=\"wp-block-latest-posts__post-title\" href=\"https:\/\/vtest1.college-lapierre.fr\/?p=11356\">Street Emotions<\/a><div class=\"wp-block-latest-posts__post-author\">par C. SOULADIE<\/div><time datetime=\"2025-06-22T22:12:27+02:00\" class=\"wp-block-latest-posts__post-date\">22\/06\/2025<\/time><div class=\"wp-block-latest-posts__post-full-content\"><!-- wp:paragraph -->\n<p><strong><em>Et toi comment tu te sens ?<\/em><\/strong><\/p>\n<!-- \/wp:paragraph -->\n\n<!-- wp:paragraph -->\n<p><strong>Projet 3e : Communication et \u00e9motions\/Street Art<\/strong><br>Travail en arts plastiques et en anglais autour de la gestion des \u00e9motions et de la communication, avec la participation de l\u2019artiste muraliste <strong>ELEART<\/strong> pour la r\u00e9alisation de fresques.<\/p>\n<!-- \/wp:paragraph -->\n\n<!-- wp:file {\"id\":11358,\"href\":\"https:\/\/vtest1.college-lapierre.fr\/wp-content\/uploads\/2025\/06\/street-art-lapierre-1.pdf\",\"displayPreview\":true} -->\n<div class=\"wp-block-file\"><object class=\"wp-block-file__embed\" data=\"https:\/\/vtest1.college-lapierre.fr\/wp-content\/uploads\/2025\/06\/street-art-lapierre-1.pdf\" type=\"application\/pdf\" style=\"width:100%;height:600px\" aria-label=\"street art lapierre\"><\/object><a id=\"wp-block-file--media-a6782646-4fc9-4f33-a19b-643d7daea403\" href=\"https:\/\/vtest1.college-lapierre.fr\/wp-content\/uploads\/2025\/06\/street-art-lapierre-1.pdf\">street art lapierre<\/a><a href=\"https:\/\/vtest1.college-lapierre.fr\/wp-content\/uploads\/2025\/06\/street-art-lapierre-1.pdf\" class=\"wp-block-file__button wp-element-button\" download aria-describedby=\"wp-block-file--media-a6782646-4fc9-4f33-a19b-643d7daea403\">T\u00e9l\u00e9charger<\/a><\/div>\n<!-- \/wp:file -->\n\n<!-- wp:paragraph -->\n<p><\/p>\n<!-- \/wp:paragraph --><\/div><\/li>\n<li><div class=\"wp-block-latest-posts__featured-image\"><img loading=\"lazy\" decoding=\"async\" width=\"150\" height=\"150\" src=\"https:\/\/vtest1.college-lapierre.fr\/wp-content\/uploads\/2025\/05\/67ee6edd3d6ff930d6fj-150x150.jpg\" class=\"attachment-thumbnail size-thumbnail wp-post-image\" alt=\"\" style=\"\" \/><\/div><a class=\"wp-block-latest-posts__post-title\" href=\"https:\/\/vtest1.college-lapierre.fr\/?p=11318\">S\u00e9jour au Futuroscope, projet \u00e9ducation musicale<\/a><div class=\"wp-block-latest-posts__post-author\">par PJ CABANEL<\/div><time datetime=\"2025-04-16T12:40:00+02:00\" class=\"wp-block-latest-posts__post-date\">16\/04\/2025<\/time><div class=\"wp-block-latest-posts__post-full-content\"><!-- wp:paragraph -->\n<p><strong>du 02 au 04 avril 2025<\/strong><\/p>\n<!-- \/wp:paragraph -->\n\n<!-- wp:paragraph -->\n<p>Suivez les actualit\u00e9s du s\u00e9jour au Futuroscope gr\u00e2ce au blog :<br><a href=\"https:\/\/www.myatlas.com\/coussiratagnes\/chantons-au-futuroscope\" target=\"_blank\" rel=\"noreferrer noopener\">https:\/\/www.myatlas.com\/coussiratagnes\/chantons-au-futuroscope<\/a><\/p>\n<!-- \/wp:paragraph --><\/div><\/li>\n<li><div class=\"wp-block-latest-posts__featured-image\"><img loading=\"lazy\" decoding=\"async\" width=\"150\" height=\"150\" src=\"https:\/\/vtest1.college-lapierre.fr\/wp-content\/uploads\/2025\/01\/IMG_1748-1-150x150.jpg\" class=\"attachment-thumbnail size-thumbnail wp-post-image\" alt=\"\" style=\"\" \/><\/div><a class=\"wp-block-latest-posts__post-title\" href=\"https:\/\/vtest1.college-lapierre.fr\/?p=11151\">Projets Mix&rsquo;art 2025 : et toi comment tu te sens ?<\/a><div class=\"wp-block-latest-posts__post-author\">par C. SOULADIE<\/div><time datetime=\"2025-01-29T22:43:40+02:00\" class=\"wp-block-latest-posts__post-date\">29\/01\/2025<\/time><div class=\"wp-block-latest-posts__post-full-content\"><!-- wp:paragraph {\"fontSize\":\"medium\"} -->\n<p class=\"has-medium-font-size\">Les \u00e9l\u00e8ves de classes 3eme A,B et D ont enti\u00e8rement pens\u00e9, con\u00e7u et finalis\u00e9 deux fresques de cinq m\u00e8tres de long sur un m\u00e8tre de large, sur le th\u00e8me de la \u00ab\u00a0gestion des \u00e9motions et de la communication\u00a0\u00bb, avec l&rsquo;artiste plasticienne-muraliste ELEART, en r\u00e9sidence quatre jours au coll\u00e8ge Georges Lapierre.<\/p>\n<!-- \/wp:paragraph -->\n\n<!-- wp:paragraph {\"fontSize\":\"medium\"} -->\n<p class=\"has-medium-font-size\"> Enjoy Street art !<\/p>\n<!-- \/wp:paragraph -->\n\n<!-- wp:paragraph -->\n<p><\/p>\n<!-- \/wp:paragraph -->\n\n<!-- wp:embed {\"url\":\"https:\/\/vimeo.com\/1051665914\",\"type\":\"video\",\"providerNameSlug\":\"vimeo\",\"responsive\":true} -->\n<figure class=\"wp-block-embed is-type-video is-provider-vimeo wp-block-embed-vimeo\"><div class=\"wp-block-embed__wrapper\">\nhttps:\/\/vimeo.com\/1051665914\n<\/div><\/figure>\n<!-- \/wp:embed -->\n\n<!-- wp:embed {\"url\":\"https:\/\/vimeo.com\/1051672192\",\"type\":\"video\",\"providerNameSlug\":\"vimeo\",\"responsive\":true,\"className\":\"wp-embed-aspect-9-16 wp-has-aspect-ratio\"} -->\n<figure class=\"wp-block-embed is-type-video is-provider-vimeo wp-block-embed-vimeo wp-embed-aspect-9-16 wp-has-aspect-ratio\"><div class=\"wp-block-embed__wrapper\">\nhttps:\/\/vimeo.com\/1051672192\n<\/div><\/figure>\n<!-- \/wp:embed -->\n\n<!-- wp:paragraph -->\n<p>Les films sont r\u00e9alis\u00e9s par M\u00e9lanie SCIPPA.<\/p>\n<!-- \/wp:paragraph --><\/div><\/li>\n<li><a class=\"wp-block-latest-posts__post-title\" href=\"https:\/\/vtest1.college-lapierre.fr\/?p=10801\">ENGLISH FACILITY !<\/a><div class=\"wp-block-latest-posts__post-author\">par C. SOULADIE<\/div><time datetime=\"2024-09-08T15:20:21+02:00\" class=\"wp-block-latest-posts__post-date\">08\/09\/2024<\/time><div class=\"wp-block-latest-posts__post-full-content\"><!-- wp:paragraph -->\n<p>Vacances apprenantes<\/p>\n<!-- \/wp:paragraph -->\n\n<!-- wp:embed {\"url\":\"https:\/\/vimeo.com\/1004205433\",\"type\":\"video\",\"providerNameSlug\":\"vimeo\",\"responsive\":true,\"className\":\"wp-embed-aspect-16-9 wp-has-aspect-ratio\"} -->\n<figure class=\"wp-block-embed is-type-video is-provider-vimeo wp-block-embed-vimeo wp-embed-aspect-16-9 wp-has-aspect-ratio\"><div class=\"wp-block-embed__wrapper\">\nhttps:\/\/vimeo.com\/1004205433\n<\/div><\/figure>\n<!-- \/wp:embed -->\n\n<!-- wp:paragraph -->\n<p>Capsule de savoir \u00ab\u00a0parler anglais\u00a0\u00bb<br>Anglais \/ arts plastiques num\u00e9riques<br>Ao\u00fbt 2024<\/p>\n<!-- \/wp:paragraph -->\n\n<!-- wp:paragraph -->\n<p><\/p>\n<!-- \/wp:paragraph --><\/div><\/li>\n<li><div class=\"wp-block-latest-posts__featured-image\"><img loading=\"lazy\" decoding=\"async\" width=\"150\" height=\"150\" src=\"https:\/\/vtest1.college-lapierre.fr\/wp-content\/uploads\/2024\/09\/Choeur-de-haut-150x150.jpg\" class=\"attachment-thumbnail size-thumbnail wp-post-image\" alt=\"\" style=\"\" \/><\/div><a class=\"wp-block-latest-posts__post-title\" href=\"https:\/\/vtest1.college-lapierre.fr\/?p=10791\">Choeur de l&rsquo;Op\u00e9ra national de Bordeaux<\/a><div class=\"wp-block-latest-posts__post-author\">par A. RICQUEBOURG<\/div><time datetime=\"2024-09-07T15:09:05+02:00\" class=\"wp-block-latest-posts__post-date\">07\/09\/2024<\/time><div class=\"wp-block-latest-posts__post-full-content\"><!-- wp:paragraph -->\n<p>Cette ann\u00e9e, le coll\u00e8ge a c\u00e9l\u00e9br\u00e9 la rentr\u00e9e en musique avec un partenaire d&rsquo;exception : le choeur de l&rsquo;Op\u00e9ra national de Bordeaux, dirig\u00e9 par Salvatore Caputo, chef de choeur qui s&rsquo;est produit sur les sc\u00e8nes les plus prestigieuses du monde (Buenos Aires, Naples, San Francisco, Saint-P\u00e9tersbourg, Hong Kong, Toronto, Tokyo, etc.).<br><\/p>\n<!-- \/wp:paragraph -->\n\n<!-- wp:image {\"id\":10792,\"sizeSlug\":\"large\",\"linkDestination\":\"none\"} -->\n<figure class=\"wp-block-image size-large\"><img loading=\"lazy\" decoding=\"async\" width=\"1024\" height=\"478\" src=\"https:\/\/vtest1.college-lapierre.fr\/wp-content\/uploads\/2024\/09\/Choeur-de-haut-1024x478.jpg\" alt=\"\" class=\"wp-image-10792\" srcset=\"https:\/\/vtest1.college-lapierre.fr\/wp-content\/uploads\/2024\/09\/Choeur-de-haut-1024x478.jpg 1024w, https:\/\/vtest1.college-lapierre.fr\/wp-content\/uploads\/2024\/09\/Choeur-de-haut-300x140.jpg 300w, https:\/\/vtest1.college-lapierre.fr\/wp-content\/uploads\/2024\/09\/Choeur-de-haut-768x359.jpg 768w, https:\/\/vtest1.college-lapierre.fr\/wp-content\/uploads\/2024\/09\/Choeur-de-haut-1536x717.jpg 1536w, https:\/\/vtest1.college-lapierre.fr\/wp-content\/uploads\/2024\/09\/Choeur-de-haut.jpg 2000w\" sizes=\"auto, (max-width: 1024px) 100vw, 1024px\" \/><\/figure>\n<!-- \/wp:image -->\n\n<!-- wp:paragraph -->\n<p>Environ 250 \u00e9l\u00e8ves, accompagn\u00e9s de leurs professeurs, ont pu d\u00e9couvrir des extraits, tir\u00e9s du r\u00e9pertoire lyrique d&rsquo;Offenbach, dans un contexte privil\u00e9gi\u00e9.<br><\/p>\n<!-- \/wp:paragraph -->\n\n<!-- wp:video {\"id\":10793} -->\n<figure class=\"wp-block-video\"><video controls src=\"https:\/\/vtest1.college-lapierre.fr\/wp-content\/uploads\/2024\/09\/Video-de-haut.mov\"><\/video><\/figure>\n<!-- \/wp:video -->\n\n<!-- wp:paragraph -->\n<p>Nous avons tous \u00e9t\u00e9 saisis par les voix du choeur : tant\u00f4t puissantes, tant\u00f4t cristallines. La clart\u00e9 des tessitures donne un relief particulier \u00e0 la polyphonie et contribue \u00e0 plonger les \u00e9l\u00e8ves dans un patrimoine musical inhabituel pour beaucoup. <br>Toutefois, le professionnalisme n&rsquo;a pas \u00e9t\u00e9 le seul mot d&rsquo;ordre de cette prestation : la jovialit\u00e9 s&rsquo;est, elle aussi, introduite. <br><\/p>\n<!-- \/wp:paragraph -->\n\n<!-- wp:gallery {\"linkTo\":\"none\"} -->\n<figure class=\"wp-block-gallery has-nested-images columns-default is-cropped\"><!-- wp:image {\"id\":10794,\"sizeSlug\":\"large\",\"linkDestination\":\"none\"} -->\n<figure class=\"wp-block-image size-large\"><img loading=\"lazy\" decoding=\"async\" width=\"1024\" height=\"478\" src=\"https:\/\/vtest1.college-lapierre.fr\/wp-content\/uploads\/2024\/09\/Eleve-cheffe-de-choeur-1024x478.jpg\" alt=\"\" class=\"wp-image-10794\" srcset=\"https:\/\/vtest1.college-lapierre.fr\/wp-content\/uploads\/2024\/09\/Eleve-cheffe-de-choeur-1024x478.jpg 1024w, https:\/\/vtest1.college-lapierre.fr\/wp-content\/uploads\/2024\/09\/Eleve-cheffe-de-choeur-300x140.jpg 300w, https:\/\/vtest1.college-lapierre.fr\/wp-content\/uploads\/2024\/09\/Eleve-cheffe-de-choeur-768x359.jpg 768w, https:\/\/vtest1.college-lapierre.fr\/wp-content\/uploads\/2024\/09\/Eleve-cheffe-de-choeur-1536x717.jpg 1536w, https:\/\/vtest1.college-lapierre.fr\/wp-content\/uploads\/2024\/09\/Eleve-cheffe-de-choeur.jpg 2000w\" sizes=\"auto, (max-width: 1024px) 100vw, 1024px\" \/><\/figure>\n<!-- \/wp:image --><\/figure>\n<!-- \/wp:gallery -->\n\n<!-- wp:paragraph -->\n<p>Salvatore Caputo a naturellement fait participer le public, en invitant une \u00e9l\u00e8ve \u00e0 venir diriger le choeur&#8230; Un moment qu&rsquo;elle risque de ne pas oublier !  <br><\/p>\n<!-- \/wp:paragraph -->\n\n<!-- wp:video {\"id\":10795} -->\n<figure class=\"wp-block-video\"><video controls src=\"https:\/\/vtest1.college-lapierre.fr\/wp-content\/uploads\/2024\/09\/Video-cheffe-de-choeur.mov\"><\/video><\/figure>\n<!-- \/wp:video -->\n\n<!-- wp:paragraph -->\n<p>Nous le remercions chaleureusement, ainsi que tous les artistes du choeur et le pianiste accompagnateur. Cet \u00e9v\u00e8nement exceptionnel n&rsquo;aurait pas vu le jour sans la participation du service \u00e0 l&rsquo;\u00e9ducation artistique et culturelle de l&rsquo;Op\u00e9ra national de Bordeaux, \u00e0 qui nous adressons notre sinc\u00e8re reconnaissance.<\/p>\n<!-- \/wp:paragraph -->\n\n<!-- wp:paragraph -->\n<p><\/p>\n<!-- \/wp:paragraph --><\/div><\/li>\n<li><a class=\"wp-block-latest-posts__post-title\" href=\"https:\/\/vtest1.college-lapierre.fr\/?p=10667\">Les ateliers d&rsquo;arts au coll\u00e8ge<\/a><div class=\"wp-block-latest-posts__post-author\">par C. SOULADIE<\/div><time datetime=\"2024-06-29T23:27:16+02:00\" class=\"wp-block-latest-posts__post-date\">29\/06\/2024<\/time><div class=\"wp-block-latest-posts__post-full-content\"><!-- wp:embed {\"url\":\"https:\/\/vimeo.com\/971792779\",\"type\":\"video\",\"providerNameSlug\":\"vimeo\",\"responsive\":true,\"className\":\"wp-embed-aspect-16-9 wp-has-aspect-ratio\"} -->\n<figure class=\"wp-block-embed is-type-video is-provider-vimeo wp-block-embed-vimeo wp-embed-aspect-16-9 wp-has-aspect-ratio\"><div class=\"wp-block-embed__wrapper\">\nhttps:\/\/vimeo.com\/971792779\n<\/div><figcaption class=\"wp-element-caption\"><strong>Atelier beaux-arts : dessin au fusain, pastel, sanguine<br>Atelier arts num\u00e9riques ; modeling\/sculpting 3D, traitement de l&rsquo;image, IA, vid\u00e9o<\/strong><\/figcaption><\/figure>\n<!-- \/wp:embed --><\/div><\/li>\n<li><a class=\"wp-block-latest-posts__post-title\" href=\"https:\/\/vtest1.college-lapierre.fr\/?p=10658\">Les mascottes de Jeux de Lormont !<\/a><div class=\"wp-block-latest-posts__post-author\">par C. SOULADIE<\/div><time datetime=\"2024-06-26T21:50:36+02:00\" class=\"wp-block-latest-posts__post-date\">26\/06\/2024<\/time><div class=\"wp-block-latest-posts__post-full-content\"><!-- wp:embed {\"url\":\"https:\/\/vimeo.com\/969195550?share=copy \",\"type\":\"video\",\"providerNameSlug\":\"vimeo\",\"responsive\":true,\"className\":\"wp-embed-aspect-16-9 wp-has-aspect-ratio\"} -->\n<figure class=\"wp-block-embed is-type-video is-provider-vimeo wp-block-embed-vimeo wp-embed-aspect-16-9 wp-has-aspect-ratio\"><div class=\"wp-block-embed__wrapper\">\nhttps:\/\/vimeo.com\/969195550?share=copy \n<\/div><figcaption class=\"wp-element-caption\"><strong>Liaison \u00e9cole-coll\u00e8ge, E.E. Condorcet, classe de Cm2-James Cook &#8211; 6eme Altius coll\u00e8ge G. Lapierre &#8211; Lormont.<br>Pratique arts num\u00e9riques de modeling\/sculpting\/3D.<br>Mai-juin 2024<\/strong><\/figcaption><\/figure>\n<!-- \/wp:embed --><\/div><\/li>\n<li><a class=\"wp-block-latest-posts__post-title\" href=\"https:\/\/vtest1.college-lapierre.fr\/?p=10656\">Des li\u00e8vres et des tortues : dessins anim\u00e9s !<\/a><div class=\"wp-block-latest-posts__post-author\">par C. SOULADIE<\/div><time datetime=\"2024-06-26T20:48:36+02:00\" class=\"wp-block-latest-posts__post-date\">26\/06\/2024<\/time><div class=\"wp-block-latest-posts__post-full-content\"><!-- wp:embed {\"url\":\"https:\/\/vimeo.com\/969139000?share=copy \",\"type\":\"video\",\"providerNameSlug\":\"vimeo\",\"responsive\":true,\"className\":\"wp-embed-aspect-16-9 wp-has-aspect-ratio\"} -->\n<figure class=\"wp-block-embed is-type-video is-provider-vimeo wp-block-embed-vimeo wp-embed-aspect-16-9 wp-has-aspect-ratio\"><div class=\"wp-block-embed__wrapper\">\nhttps:\/\/vimeo.com\/969139000?share=copy \n<\/div><figcaption class=\"wp-element-caption\"><strong>Liaison \u00e9cole-coll\u00e8ge : E. E. Condorcet-Lormont- classe CM2-Murakami et 6e Woodkid &#8211; coll\u00e8ge G. Lapierre.<br>Travail en arts plastiques num\u00e9riques, illustrations et mise en imageries num\u00e9riques par les \u00e9l\u00e8ves.<br>Mai \/juin 2024<\/strong><\/figcaption><\/figure>\n<!-- \/wp:embed --><\/div><\/li>\n<li><a class=\"wp-block-latest-posts__post-title\" href=\"https:\/\/vtest1.college-lapierre.fr\/?p=10652\">Super h\u00e9ro\u00efnes-h\u00e9roes : from angoul\u00e8me to Brussels !<\/a><div class=\"wp-block-latest-posts__post-author\">par C. SOULADIE<\/div><time datetime=\"2024-06-25T22:17:25+02:00\" class=\"wp-block-latest-posts__post-date\">25\/06\/2024<\/time><div class=\"wp-block-latest-posts__post-full-content\"><!-- wp:embed {\"url\":\"https:\/\/vimeo.com\/968241089?share=copy\",\"type\":\"video\",\"providerNameSlug\":\"vimeo\",\"responsive\":true,\"className\":\"wp-embed-aspect-16-9 wp-has-aspect-ratio\"} -->\n<figure class=\"wp-block-embed is-type-video is-provider-vimeo wp-block-embed-vimeo wp-embed-aspect-16-9 wp-has-aspect-ratio\"><div class=\"wp-block-embed__wrapper\">\nhttps:\/\/vimeo.com\/968241089?share=copy\n<\/div><figcaption class=\"wp-element-caption\">Projet EAC-anglais-arts plastiques-Fan\u00e7ais-histoire-EMC-mobilit\u00e9<br>Classes de 5eme Raoni et Surfrider<br>2023\/2024<\/figcaption><\/figure>\n<!-- \/wp:embed --><\/div><\/li>\n<li><a class=\"wp-block-latest-posts__post-title\" href=\"https:\/\/vtest1.college-lapierre.fr\/?p=10572\">DRACULARDE, ou l&rsquo;\u00e9galit\u00e9 femme-homme chez les vampires&#8230;.<\/a><div class=\"wp-block-latest-posts__post-author\">par C. SOULADIE<\/div><time datetime=\"2024-06-19T22:10:51+02:00\" class=\"wp-block-latest-posts__post-date\">19\/06\/2024<\/time><div class=\"wp-block-latest-posts__post-full-content\"><!-- wp:embed {\"url\":\"https:\/\/vimeo.com\/962576388?share=copy\",\"type\":\"video\",\"providerNameSlug\":\"vimeo\",\"responsive\":true,\"className\":\"wp-embed-aspect-16-9 wp-has-aspect-ratio\"} -->\n<figure class=\"wp-block-embed is-type-video is-provider-vimeo wp-block-embed-vimeo wp-embed-aspect-16-9 wp-has-aspect-ratio\"><div class=\"wp-block-embed__wrapper\">\nhttps:\/\/vimeo.com\/962576388?share=copy\n<\/div><\/figure>\n<!-- \/wp:embed -->\n\n<!-- wp:paragraph -->\n<p><strong>Court m\u00e9trage con\u00e7u et r\u00e9alis\u00e9 par les \u00e9l\u00e8ves des 3eme Kahlo et Parexc<br>Direction de projet par les m\u00e9diateurs multim\u00e9dias \/Fablab M\u00e9diath\u00e8que du Bois Fleuri &#8211; Lormont<br>Arts plastiques num\u00e9riques \/ fran\u00e7ais \/ EMC<br>Coll\u00e8ge G. Lapierre-Lormont-2024<\/strong><\/p>\n<!-- \/wp:paragraph --><\/div><\/li>\n<li><a class=\"wp-block-latest-posts__post-title\" href=\"https:\/\/vtest1.college-lapierre.fr\/?p=10560\">Escalade 2024 !<\/a><div class=\"wp-block-latest-posts__post-author\">par C. SOULADIE<\/div><time datetime=\"2024-06-19T21:24:43+02:00\" class=\"wp-block-latest-posts__post-date\">19\/06\/2024<\/time><div class=\"wp-block-latest-posts__post-full-content\"><!-- wp:embed {\"url\":\"https:\/\/vimeo.com\/962554629?share=copy\",\"type\":\"video\",\"providerNameSlug\":\"vimeo\",\"responsive\":true,\"className\":\"wp-embed-aspect-16-9 wp-has-aspect-ratio\"} -->\n<figure class=\"wp-block-embed is-type-video is-provider-vimeo wp-block-embed-vimeo wp-embed-aspect-16-9 wp-has-aspect-ratio\"><div class=\"wp-block-embed__wrapper\">\nhttps:\/\/vimeo.com\/962554629?share=copy\n<\/div><figcaption class=\"wp-element-caption\"><strong>Projet \u00ab\u00a0Escalade en EPS\u00a0\u00bb , 3eme Kahlo et Bocuse<br>Mise en image par les \u00e9l\u00e8ves : arts plastiques num\u00e9riques<\/strong><\/figcaption><\/figure>\n<!-- \/wp:embed --><\/div><\/li>\n<li><div class=\"wp-block-latest-posts__featured-image\"><img loading=\"lazy\" decoding=\"async\" width=\"150\" height=\"150\" src=\"https:\/\/vtest1.college-lapierre.fr\/wp-content\/uploads\/2024\/05\/radio-image2-1-150x150.jpg\" class=\"attachment-thumbnail size-thumbnail wp-post-image\" alt=\"\" style=\"\" \/><\/div><a class=\"wp-block-latest-posts__post-title\" href=\"https:\/\/vtest1.college-lapierre.fr\/?p=10466\">S\u00e9jour \u00e0 Bruxelles (avril 2024) : retour sur ce projet en interview<\/a><div class=\"wp-block-latest-posts__post-author\">par PJ CABANEL<\/div><time datetime=\"2024-05-24T08:40:29+02:00\" class=\"wp-block-latest-posts__post-date\">24\/05\/2024<\/time><div class=\"wp-block-latest-posts__post-full-content\"><!-- wp:image {\"id\":10431,\"sizeSlug\":\"full\",\"linkDestination\":\"none\"} -->\n<figure class=\"wp-block-image size-full\"><img loading=\"lazy\" decoding=\"async\" width=\"990\" height=\"707\" src=\"https:\/\/vtest1.college-lapierre.fr\/wp-content\/uploads\/2024\/05\/radio-image2-1.jpg\" alt=\"\" class=\"wp-image-10431\" srcset=\"https:\/\/vtest1.college-lapierre.fr\/wp-content\/uploads\/2024\/05\/radio-image2-1.jpg 990w, https:\/\/vtest1.college-lapierre.fr\/wp-content\/uploads\/2024\/05\/radio-image2-1-300x214.jpg 300w, https:\/\/vtest1.college-lapierre.fr\/wp-content\/uploads\/2024\/05\/radio-image2-1-768x548.jpg 768w\" sizes=\"auto, (max-width: 990px) 100vw, 990px\" \/><\/figure>\n<!-- \/wp:image -->\n\n<!-- wp:audio {\"id\":10507} -->\n<figure class=\"wp-block-audio\"><audio controls src=\"https:\/\/vtest1.college-lapierre.fr\/wp-content\/uploads\/2024\/06\/Mila-et-Orlina-interrogent-Valentine-et-Amirie0406.wav\"><\/audio><\/figure>\n<!-- \/wp:audio -->\n\n<!-- wp:image {\"id\":10402,\"sizeSlug\":\"large\",\"linkDestination\":\"none\"} -->\n<figure class=\"wp-block-image size-large\"><img loading=\"lazy\" decoding=\"async\" width=\"1024\" height=\"614\" src=\"https:\/\/vtest1.college-lapierre.fr\/wp-content\/uploads\/2024\/04\/Grand_Place_Bruselas_2-1024x614.jpg\" alt=\"\" class=\"wp-image-10402\" srcset=\"https:\/\/vtest1.college-lapierre.fr\/wp-content\/uploads\/2024\/04\/Grand_Place_Bruselas_2-1024x614.jpg 1024w, https:\/\/vtest1.college-lapierre.fr\/wp-content\/uploads\/2024\/04\/Grand_Place_Bruselas_2-300x180.jpg 300w, https:\/\/vtest1.college-lapierre.fr\/wp-content\/uploads\/2024\/04\/Grand_Place_Bruselas_2-768x461.jpg 768w, https:\/\/vtest1.college-lapierre.fr\/wp-content\/uploads\/2024\/04\/Grand_Place_Bruselas_2.jpg 1200w\" sizes=\"auto, (max-width: 1024px) 100vw, 1024px\" \/><\/figure>\n<!-- \/wp:image -->\n\n<!-- wp:image {\"id\":10401,\"sizeSlug\":\"large\",\"linkDestination\":\"none\"} -->\n<figure class=\"wp-block-image size-large\"><img loading=\"lazy\" decoding=\"async\" width=\"1024\" height=\"768\" src=\"https:\/\/vtest1.college-lapierre.fr\/wp-content\/uploads\/2024\/04\/Bruxelles-1-20240409-1024x768.jpeg\" alt=\"\" class=\"wp-image-10401\" srcset=\"https:\/\/vtest1.college-lapierre.fr\/wp-content\/uploads\/2024\/04\/Bruxelles-1-20240409-1024x768.jpeg 1024w, https:\/\/vtest1.college-lapierre.fr\/wp-content\/uploads\/2024\/04\/Bruxelles-1-20240409-300x225.jpeg 300w, https:\/\/vtest1.college-lapierre.fr\/wp-content\/uploads\/2024\/04\/Bruxelles-1-20240409-768x576.jpeg 768w, https:\/\/vtest1.college-lapierre.fr\/wp-content\/uploads\/2024\/04\/Bruxelles-1-20240409-1536x1152.jpeg 1536w, https:\/\/vtest1.college-lapierre.fr\/wp-content\/uploads\/2024\/04\/Bruxelles-1-20240409.jpeg 1600w\" sizes=\"auto, (max-width: 1024px) 100vw, 1024px\" \/><\/figure>\n<!-- \/wp:image --><\/div><\/li>\n<li><a class=\"wp-block-latest-posts__post-title\" href=\"https:\/\/vtest1.college-lapierre.fr\/?p=10461\">Mix&rsquo;Art s&rsquo;expose !<\/a><div class=\"wp-block-latest-posts__post-author\">par C. SOULADIE<\/div><time datetime=\"2024-05-12T20:48:44+02:00\" class=\"wp-block-latest-posts__post-date\">12\/05\/2024<\/time><div class=\"wp-block-latest-posts__post-full-content\"><!-- wp:paragraph -->\n<p>Les productions de peintures-graffs des \u00e9l\u00e8ves des 6e Elis et Milliat sur le th\u00e8me de \u00ab\u00a0l&rsquo;\u00e9galit\u00e9 femme\/homme dans le sport\u00a0\u00bb ont \u00e9t\u00e9 expos\u00e9es au centre Brassens-Camus  \u00e0 Lormont, lors du Festival des Cultures Urbaines en avril 2024.<\/p>\n<!-- \/wp:paragraph -->\n\n<!-- wp:embed {\"url\":\"https:\/\/vimeo.com\/943382131?share=copy\",\"type\":\"video\",\"providerNameSlug\":\"vimeo\",\"responsive\":true,\"className\":\"wp-embed-aspect-16-9 wp-has-aspect-ratio\"} -->\n<figure class=\"wp-block-embed is-type-video is-provider-vimeo wp-block-embed-vimeo wp-embed-aspect-16-9 wp-has-aspect-ratio\"><div class=\"wp-block-embed__wrapper\">\nhttps:\/\/vimeo.com\/943382131?share=copy\n<\/div><\/figure>\n<!-- \/wp:embed --><\/div><\/li>\n<li><div class=\"wp-block-latest-posts__featured-image\"><img loading=\"lazy\" decoding=\"async\" width=\"150\" height=\"150\" src=\"https:\/\/vtest1.college-lapierre.fr\/wp-content\/uploads\/2024\/05\/2024-05-03-2-150x150.png\" class=\"attachment-thumbnail size-thumbnail wp-post-image\" alt=\"\" style=\"\" \/><\/div><a class=\"wp-block-latest-posts__post-title\" href=\"https:\/\/vtest1.college-lapierre.fr\/?p=10456\">Projection des films de l&rsquo;Atelier Cin\u00e9ma mardi 21 mai 2024 \u00e0 18h30<\/a><div class=\"wp-block-latest-posts__post-author\">par PJ CABANEL<\/div><time datetime=\"2024-05-03T08:51:50+02:00\" class=\"wp-block-latest-posts__post-date\">03\/05\/2024<\/time><div class=\"wp-block-latest-posts__post-full-content\"><!-- wp:image {\"id\":10457,\"sizeSlug\":\"full\",\"linkDestination\":\"none\"} -->\n<figure class=\"wp-block-image size-full\"><img loading=\"lazy\" decoding=\"async\" width=\"600\" height=\"911\" src=\"https:\/\/vtest1.college-lapierre.fr\/wp-content\/uploads\/2024\/05\/2024-05-03-2.png\" alt=\"\" class=\"wp-image-10457\" srcset=\"https:\/\/vtest1.college-lapierre.fr\/wp-content\/uploads\/2024\/05\/2024-05-03-2.png 600w, https:\/\/vtest1.college-lapierre.fr\/wp-content\/uploads\/2024\/05\/2024-05-03-2-198x300.png 198w\" sizes=\"auto, (max-width: 600px) 100vw, 600px\" \/><\/figure>\n<!-- \/wp:image -->\n\n<!-- wp:image {\"id\":10458,\"sizeSlug\":\"full\",\"linkDestination\":\"none\"} -->\n<figure class=\"wp-block-image size-full\"><img loading=\"lazy\" decoding=\"async\" width=\"645\" height=\"917\" src=\"https:\/\/vtest1.college-lapierre.fr\/wp-content\/uploads\/2024\/05\/2024-05-03-3.png\" alt=\"\" class=\"wp-image-10458\" srcset=\"https:\/\/vtest1.college-lapierre.fr\/wp-content\/uploads\/2024\/05\/2024-05-03-3.png 645w, https:\/\/vtest1.college-lapierre.fr\/wp-content\/uploads\/2024\/05\/2024-05-03-3-211x300.png 211w\" sizes=\"auto, (max-width: 645px) 100vw, 645px\" \/><\/figure>\n<!-- \/wp:image --><\/div><\/li>\n<li><div class=\"wp-block-latest-posts__featured-image\"><img loading=\"lazy\" decoding=\"async\" width=\"150\" height=\"150\" src=\"https:\/\/vtest1.college-lapierre.fr\/wp-content\/uploads\/2024\/04\/Grand_Place_Bruselas_2-150x150.jpg\" class=\"attachment-thumbnail size-thumbnail wp-post-image\" alt=\"\" style=\"\" \/><\/div><a class=\"wp-block-latest-posts__post-title\" href=\"https:\/\/vtest1.college-lapierre.fr\/?p=10400\">S\u00e9jour \u00e0 Bruxelles, 5e<\/a><div class=\"wp-block-latest-posts__post-author\">par PJ CABANEL<\/div><time datetime=\"2024-04-09T12:20:29+02:00\" class=\"wp-block-latest-posts__post-date\">09\/04\/2024<\/time><div class=\"wp-block-latest-posts__post-full-content\"><!-- wp:paragraph -->\n<p>Les \u00e9l\u00e8ves et les personnels accompagnant le s\u00e9jour \u00e0 Bruxelles se sont retrouv\u00e9s ce mardi 09 avril 2024 vers 8h du matin \u00e0 la gare Saint Jean de Bordeaux pour d\u00e9marrer leur p\u00e9riple de 3 jours dans la capitale belge. Ils poursuivent et finalisent ainsi un projet interclasses et interdisciplinaire (fran\u00e7ais, anglais, arts-plastiques, histoire et g\u00e9ographie) autour de la bande dessin\u00e9e.<\/p>\n<!-- \/wp:paragraph -->\n\n<!-- wp:paragraph -->\n<p><span style=\"text-decoration: underline\">Premi\u00e8re \u00e9tape : Bordeaux \/ Paris Montparnasse en TGV.<\/span><\/p>\n<!-- \/wp:paragraph -->\n\n<!-- wp:image {\"id\":10401,\"sizeSlug\":\"large\",\"linkDestination\":\"none\"} -->\n<figure class=\"wp-block-image size-large\"><img loading=\"lazy\" decoding=\"async\" width=\"1024\" height=\"768\" src=\"https:\/\/vtest1.college-lapierre.fr\/wp-content\/uploads\/2024\/04\/Bruxelles-1-20240409-1024x768.jpeg\" alt=\"\" class=\"wp-image-10401\" srcset=\"https:\/\/vtest1.college-lapierre.fr\/wp-content\/uploads\/2024\/04\/Bruxelles-1-20240409-1024x768.jpeg 1024w, https:\/\/vtest1.college-lapierre.fr\/wp-content\/uploads\/2024\/04\/Bruxelles-1-20240409-300x225.jpeg 300w, https:\/\/vtest1.college-lapierre.fr\/wp-content\/uploads\/2024\/04\/Bruxelles-1-20240409-768x576.jpeg 768w, https:\/\/vtest1.college-lapierre.fr\/wp-content\/uploads\/2024\/04\/Bruxelles-1-20240409-1536x1152.jpeg 1536w, https:\/\/vtest1.college-lapierre.fr\/wp-content\/uploads\/2024\/04\/Bruxelles-1-20240409.jpeg 1600w\" sizes=\"auto, (max-width: 1024px) 100vw, 1024px\" \/><\/figure>\n<!-- \/wp:image -->\n\n<!-- wp:video {\"id\":10404} -->\n<figure class=\"wp-block-video\"><video controls src=\"https:\/\/vtest1.college-lapierre.fr\/wp-content\/uploads\/2024\/04\/Bruxeles-01-VID-20240409-WA0000.mp4\"><\/video><\/figure>\n<!-- \/wp:video --><\/div><\/li>\n<li><a class=\"wp-block-latest-posts__post-title\" href=\"https:\/\/vtest1.college-lapierre.fr\/?p=10370\">Poursuites insolites !!<\/a><div class=\"wp-block-latest-posts__post-author\">par C. SOULADIE<\/div><time datetime=\"2024-03-20T22:54:02+02:00\" class=\"wp-block-latest-posts__post-date\">20\/03\/2024<\/time><div class=\"wp-block-latest-posts__post-full-content\"><!-- wp:paragraph -->\n<p>Arts plastiques num\u00e9riques, classes de 5eme <\/p>\n<!-- \/wp:paragraph -->\n\n<!-- wp:embed {\"url\":\"https:\/\/vimeo.com\/925578600\",\"type\":\"video\",\"providerNameSlug\":\"vimeo\",\"responsive\":true,\"className\":\"wp-embed-aspect-16-9 wp-has-aspect-ratio\"} -->\n<figure class=\"wp-block-embed is-type-video is-provider-vimeo wp-block-embed-vimeo wp-embed-aspect-16-9 wp-has-aspect-ratio\"><div class=\"wp-block-embed__wrapper\">\nhttps:\/\/vimeo.com\/925578600\n<\/div><figcaption class=\"wp-element-caption\">Animations en volume<\/figcaption><\/figure>\n<!-- \/wp:embed --><\/div><\/li>\n<li><a class=\"wp-block-latest-posts__post-title\" href=\"https:\/\/vtest1.college-lapierre.fr\/?p=10322\">Mon avatar expressif !<\/a><div class=\"wp-block-latest-posts__post-author\">par C. SOULADIE<\/div><time datetime=\"2024-01-28T22:51:53+02:00\" class=\"wp-block-latest-posts__post-date\">28\/01\/2024<\/time><div class=\"wp-block-latest-posts__post-full-content\"><!-- wp:paragraph -->\n<p>Arts plastiques-num\u00e9riques <\/p>\n<!-- \/wp:paragraph -->\n\n<!-- wp:video {\"id\":10324} -->\n<figure class=\"wp-block-video\"><video controls poster=\"https:\/\/vtest1.college-lapierre.fr\/wp-content\/uploads\/2024\/01\/Capture-1.jpg\" src=\"https:\/\/vtest1.college-lapierre.fr\/wp-content\/uploads\/2024\/01\/2024-01-28-1.m4v\"><\/video><\/figure>\n<!-- \/wp:video --><\/div><\/li>\n<li><div class=\"wp-block-latest-posts__featured-image\"><img loading=\"lazy\" decoding=\"async\" width=\"150\" height=\"150\" src=\"https:\/\/vtest1.college-lapierre.fr\/wp-content\/uploads\/2023\/12\/IMG_2526-150x150.jpeg\" class=\"attachment-thumbnail size-thumbnail wp-post-image\" alt=\"\" style=\"\" \/><\/div><a class=\"wp-block-latest-posts__post-title\" href=\"https:\/\/vtest1.college-lapierre.fr\/?p=10229\">La sixi\u00e8me COMANECI enregistre au studio !<\/a><div class=\"wp-block-latest-posts__post-author\">par A. RICQUEBOURG<\/div><time datetime=\"2023-12-18T20:41:09+02:00\" class=\"wp-block-latest-posts__post-date\">18\/12\/2023<\/time><div class=\"wp-block-latest-posts__post-full-content\">\/*! elementor &#8211; v3.18.0 &#8211; 20-12-2023 *\/\n.elementor-widget-image{text-align:center}.elementor-widget-image a{display:inline-block}.elementor-widget-image a img[src$=\u00a0\u00bb.svg\u00a0\u00bb]{width:48px}.elementor-widget-image img{vertical-align:middle;display:inline-block}\t\t\t\t\t\t\t\t\t\t\t\t<img loading=\"lazy\" decoding=\"async\" width=\"650\" height=\"867\" src=\"https:\/\/vtest1.college-lapierre.fr\/wp-content\/uploads\/2023\/12\/IMG_2514-768x1024.jpeg\" alt=\"\" \/>\t\t\t\t\t\t\t\t\t\t\t\t\t\t\t\n\t\t\t\t\t\t\t\t\t\t\t\t\t\t\t<img loading=\"lazy\" decoding=\"async\" width=\"650\" height=\"867\" src=\"https:\/\/vtest1.college-lapierre.fr\/wp-content\/uploads\/2023\/12\/IMG_2515-768x1024.jpeg\" alt=\"\" \/>\t\t\t\t\t\t\t\t\t\t\t\t\t\t\t\n\t\t\t\t\t\t\t\t\t\t\t\t\t\t\t<img loading=\"lazy\" decoding=\"async\" width=\"650\" height=\"867\" src=\"https:\/\/vtest1.college-lapierre.fr\/wp-content\/uploads\/2023\/12\/IMG_2516-768x1024.jpeg\" alt=\"\" \/>\t\t\t\t\t\t\t\t\t\t\t\t\t\t\t\n\t\t\t\t\t\t\t\t\t\t\t\t\t\t\t<img loading=\"lazy\" decoding=\"async\" width=\"650\" height=\"867\" src=\"https:\/\/vtest1.college-lapierre.fr\/wp-content\/uploads\/2023\/12\/IMG_2518-768x1024.jpeg\" alt=\"\" \/>\t\t\t\t\t\t\t\t\t\t\t\t\t\t\t\n\t\t\t\t\t\t\t\t\t\t\t\t\t\t\t<img loading=\"lazy\" decoding=\"async\" width=\"650\" height=\"867\" src=\"https:\/\/vtest1.college-lapierre.fr\/wp-content\/uploads\/2023\/12\/IMG_2520-768x1024.jpeg\" alt=\"\" \/>\t\t\t\t\t\t\t\t\t\t\t\t\t\t\t\n\t\t\t\t\t\t\t\t\t\t\t\t\t\t\t<img loading=\"lazy\" decoding=\"async\" width=\"376\" height=\"1024\" src=\"https:\/\/vtest1.college-lapierre.fr\/wp-content\/uploads\/2023\/12\/IMG_2521-376x1024.jpeg\" alt=\"\" \/>\t\t\t\t\t\t\t\t\t\t\t\t\t\t\t\n\t\t\t\t\t\t\t\t\t\t\t\t\t\t\t<img loading=\"lazy\" decoding=\"async\" width=\"650\" height=\"867\" src=\"https:\/\/vtest1.college-lapierre.fr\/wp-content\/uploads\/2023\/12\/IMG_2522-768x1024.jpeg\" alt=\"\" \/>\t\t\t\t\t\t\t\t\t\t\t\t\t\t\t\n\t\t\t\t\t\t\t\t\t\t\t\t\t\t\t<img loading=\"lazy\" decoding=\"async\" width=\"650\" height=\"867\" src=\"https:\/\/vtest1.college-lapierre.fr\/wp-content\/uploads\/2023\/12\/IMG_2523-768x1024.jpeg\" alt=\"\" \/>\t\t\t\t\t\t\t\t\t\t\t\t\t\t\t\n\t\t\t\t\t\t\t\t\t\t\t\t\t\t\t<img loading=\"lazy\" decoding=\"async\" width=\"650\" height=\"867\" src=\"https:\/\/vtest1.college-lapierre.fr\/wp-content\/uploads\/2023\/12\/IMG_2524-768x1024.jpeg\" alt=\"\" \/>\t\t\t\t\t\t\t\t\t\t\t\t\t\t\t\n\t\t<p>Nous remercions chaleureusement la cit\u00e9 \u00e9ducative de participer \u00e0 ce projet d&rsquo;envergure &#8211; dont qu&rsquo;une seule partie n&rsquo;est finie ! -, par le biais d&rsquo;acteurs locaux extr\u00eamement comp\u00e9tents (association Ricochet sonore) qui sollicitent des intervenants r\u00e9alisant un travail de tr\u00e8s grande qualit\u00e9 avec les \u00e9l\u00e8ves (\u00ab\u00a0Le sens du son\u00a0\u00bb, chapeaut\u00e9 par Simon Vergoz).<br \/>Bravo, une fois de plus, aux \u00e9l\u00e8ves, qui ont d\u00e9ploy\u00e9 un investissement inalt\u00e9rable durant toute cette premi\u00e8re p\u00e9riode.\u00a0<\/p><p>\u00a0<\/p>\t\t\n\t\t\t\t\t\t\t\t\t\t\t\t\t\t\t<img loading=\"lazy\" decoding=\"async\" width=\"650\" height=\"867\" src=\"https:\/\/vtest1.college-lapierre.fr\/wp-content\/uploads\/2023\/12\/IMG_2512-768x1024.jpeg\" alt=\"\" \/>\t\t\t\t\t\t\t\t\t\t\t\t\t\t\t\n\t\t\t\t\t\t\t\t\t\t\t\t\t\t\t<img loading=\"lazy\" decoding=\"async\" width=\"650\" height=\"867\" src=\"https:\/\/vtest1.college-lapierre.fr\/wp-content\/uploads\/2023\/12\/IMG_2526-768x1024.jpeg\" alt=\"\" \/>\t\t\t\t\t\t\t\t\t\t\t\t\t\t\t\n\t\t<p>Nous avons h\u00e2te d&rsquo;entendre la version avec le mixage final et d&rsquo;amorcer la deuxi\u00e8me partie du projet : le clip !<\/p><\/div><\/li>\n<li><a class=\"wp-block-latest-posts__post-title\" href=\"https:\/\/vtest1.college-lapierre.fr\/?p=10113\">Aidez le projet S\u00e9jours \u00e0 Bruxelles : partagez le lien vers la Trousse \u00e0 projets<\/a><div class=\"wp-block-latest-posts__post-author\">par PJ CABANEL<\/div><time datetime=\"2023-11-23T21:20:46+02:00\" class=\"wp-block-latest-posts__post-date\">23\/11\/2023<\/time><div class=\"wp-block-latest-posts__post-full-content\">\/*! elementor &#8211; v3.17.0 &#8211; 08-11-2023 *\/\n.elementor-widget-image{text-align:center}.elementor-widget-image a{display:inline-block}.elementor-widget-image a img[src$=\u00a0\u00bb.svg\u00a0\u00bb]{width:48px}.elementor-widget-image img{vertical-align:middle;display:inline-block}\t\t\t\t\t\t\t\t\t\t\t\t<img loading=\"lazy\" decoding=\"async\" width=\"650\" height=\"360\" src=\"https:\/\/vtest1.college-lapierre.fr\/wp-content\/uploads\/2023\/11\/11028343.webp\" alt=\"\" \/>\t\t\t\t\t\t\t\t\t\t\t\t\t\t\t\n\t\t<!-- wp:paragraph -->\n<p>Bonjour,<\/p>\n<!-- \/wp:paragraph -->\n<!-- wp:paragraph -->\n<p>Parents, personnels, professeurs, \u00e9l\u00e8ves&#8230;<\/p>\n<!-- \/wp:paragraph -->\n<!-- wp:paragraph -->\n<p><strong>Vous pouvez nous aider<\/strong> pour financer le projet \u00ab\u00a0<strong><em>Dans la peau d&rsquo;une h\u00e9ro\u00efne\/d&rsquo;un h\u00e9ros de BD d&rsquo;Angoul\u00eame \u00e0 Bruxelles<\/em><\/strong>.\u00a0\u00bb<\/p>\n<!-- \/wp:paragraph -->\n<!-- wp:paragraph -->\n<p>Le projet a \u00e9t\u00e9 s\u00e9lectionn\u00e9 par <strong>La Trousse \u00e0 projets<\/strong> qui permet de lancer une cagnotte afin de financer des projets p\u00e9dagogiques ambitieux pour les \u00e9l\u00e8ves.<\/p>\n<!-- \/wp:paragraph -->\n<!-- wp:paragraph -->\n<p>Gr\u00e2ce au lien suivant, les entreprises et les particuliers pourront donner de l&rsquo;argent pour ce projet et ainsi diminuer la participation pour les \u00e9l\u00e8ves.<\/p>\n<!-- \/wp:paragraph -->\n<!-- wp:paragraph -->\n<p><strong>Les dons ouvrent droit \u00e0 une d\u00e9duction fiscale \u00e0 hauteur de :<\/strong><\/p>\n<!-- \/wp:paragraph -->\n<!-- wp:list -->\n<ul><!-- wp:list-item -->\n<li><strong>60% du don effectu\u00e9 pour les entreprises (un don de 100\u20ac ne co\u00fbtera que 40\u20ac),<\/strong><\/li>\n<!-- \/wp:list-item -->\n<!-- wp:list-item -->\n<li><strong>66% du don effectu\u00e9 pour les particuliers (un don de 100\u20ac ne co\u00fbtera que 36\u20ac).<\/strong><\/li>\n<!-- \/wp:list-item --><\/ul>\n<!-- \/wp:list -->\n<!-- wp:paragraph -->\n<p><a href=\"https:\/\/trousseaprojets.fr\/projet\/7477-dans-la-peau-d-une-heroine-d-un-heros-de-bd-d-angouleme-a-bruxelles\">https:\/\/trousseaprojets.fr\/projet\/7477-dans-la-peau-d-une-heroine-d-un-heros-de-bd-d-angouleme-a-bruxelles<\/a><\/p>\n<!-- \/wp:paragraph -->\n<!-- wp:paragraph -->\n<p>Nous vous remercions pour le partage le plus large possible autour de vous de ce lien (entreprises, familles, proches, etc) et sur vos r\u00e9seaux sociaux pr\u00e9f\u00e9r\u00e9s. Nous comptons sur vous pour r\u00e9ussir \u00e0 obtenir l&rsquo;objectif fix\u00e9 par l&rsquo;\u00e9quipe.<\/p>\n<!-- \/wp:paragraph -->\n<!-- wp:paragraph -->\n<p>Pour toute information compl\u00e9mentaire, vous pouvez contacter le coll\u00e8ge Georges Lapierre (poste 4) ou nous \u00e9crire \u00e0 <a href=\"mailto:s.segpa@college-lapierre.fr\">s.segpa@college-lapierre.fr<\/a><\/p>\n<!-- \/wp:paragraph -->\n<!-- wp:paragraph -->\n<p>Pierre-Jean CABANEL<\/p>\n<!-- \/wp:paragraph -->\n<!-- wp:paragraph -->\n<p>pour l&rsquo;\u00e9quipe du projet \u00ab\u00a0<strong><em>Dans la peau d&rsquo;une h\u00e9ro\u00efne\/d&rsquo;un h\u00e9ros de BD d&rsquo;Angoul\u00eame \u00e0 Bruxelles<\/em><\/strong>.\u00a0\u00bb<\/p>\n<!-- \/wp:paragraph --><\/div><\/li>\n<li><a class=\"wp-block-latest-posts__post-title\" href=\"https:\/\/vtest1.college-lapierre.fr\/?p=10085\">Mix Art Jour 4 &#8211; Suite et fin du projet<\/a><div class=\"wp-block-latest-posts__post-author\">par M.SCIPPA<\/div><time datetime=\"2023-11-14T16:28:47+02:00\" class=\"wp-block-latest-posts__post-date\">14\/11\/2023<\/time><div class=\"wp-block-latest-posts__post-full-content\"><!-- wp:video {\"id\":10086} -->\n<figure class=\"wp-block-video\"><video controls src=\"https:\/\/vtest1.college-lapierre.fr\/wp-content\/uploads\/2023\/11\/mix-Art-jour-4.mp4\"><\/video><\/figure>\n<!-- \/wp:video --><\/div><\/li>\n<li><a class=\"wp-block-latest-posts__post-title\" href=\"https:\/\/vtest1.college-lapierre.fr\/?p=10070\">Projet Mix Art &#8211; Jour 3<\/a><div class=\"wp-block-latest-posts__post-author\">par M.SCIPPA<\/div><time datetime=\"2023-11-10T09:39:40+02:00\" class=\"wp-block-latest-posts__post-date\">10\/11\/2023<\/time><div class=\"wp-block-latest-posts__post-full-content\"><!-- wp:video {\"id\":10071} -->\n<figure class=\"wp-block-video\"><video controls src=\"https:\/\/vtest1.college-lapierre.fr\/wp-content\/uploads\/2023\/11\/Mix-Art-Jour-3.mp4\"><\/video><\/figure>\n<!-- \/wp:video --><\/div><\/li>\n<li><a class=\"wp-block-latest-posts__post-title\" href=\"https:\/\/vtest1.college-lapierre.fr\/?p=10046\">Projet Mix Art &#8211; Jour 2<\/a><div class=\"wp-block-latest-posts__post-author\">par M.SCIPPA<\/div><time datetime=\"2023-11-09T14:41:51+02:00\" class=\"wp-block-latest-posts__post-date\">09\/11\/2023<\/time><div class=\"wp-block-latest-posts__post-full-content\"><!-- wp:embed {\"url\":\"https:\/\/tube-action-educative.apps.education.fr\/w\/pXZXYEuj1WgJmzNTdYApBs\",\"type\":\"wp-embed\",\"providerNameSlug\":\"peertube\"} -->\n<figure class=\"wp-block-embed is-type-wp-embed is-provider-peertube wp-block-embed-peertube\"><div class=\"wp-block-embed__wrapper\">\nhttps:\/\/tube-action-educative.apps.education.fr\/w\/pXZXYEuj1WgJmzNTdYApBs\n<\/div><\/figure>\n<!-- \/wp:embed --><\/div><\/li>\n<li><a class=\"wp-block-latest-posts__post-title\" href=\"https:\/\/vtest1.college-lapierre.fr\/?p=10025\">Projet Mix Art &#8211; Jour 1<\/a><div class=\"wp-block-latest-posts__post-author\">par M.SCIPPA<\/div><time datetime=\"2023-11-07T18:08:56+02:00\" class=\"wp-block-latest-posts__post-date\">07\/11\/2023<\/time><div class=\"wp-block-latest-posts__post-full-content\"><!-- wp:video {\"id\":10026} -->\n<figure class=\"wp-block-video\"><video controls src=\"https:\/\/vtest1.college-lapierre.fr\/wp-content\/uploads\/2023\/11\/Mix-Art-JOur-1.mp4\"><\/video><\/figure>\n<!-- \/wp:video --><\/div><\/li>\n<li><a class=\"wp-block-latest-posts__post-title\" href=\"https:\/\/vtest1.college-lapierre.fr\/?p=9970\">\u00ab\u00a0Dans la peau d\u2019un h\u00e9ros de Bande dessin\u00e9e\u00a0\u00bb Etape 1\u00a0:\u00a0 Angoul\u00eame<\/a><div class=\"wp-block-latest-posts__post-author\">par M.SCIPPA<\/div><time datetime=\"2023-10-20T14:14:39+02:00\" class=\"wp-block-latest-posts__post-date\">20\/10\/2023<\/time><div class=\"wp-block-latest-posts__post-full-content\"><!-- wp:paragraph -->\n<p>Jeudi 19 Octobre 2023, les classes de 5<sup>\u00e8me<\/sup> RAONI et 5<sup>\u00e8me<\/sup> SURFRIDER se sont rendues \u00e0 Angoul\u00eame, dans le cadre du projet p\u00e9dagogique intitul\u00e9 \u00ab\u00a0De Angoul\u00eame \u00e0 Bruxelles, dans la peau d\u2019un h\u00e9ros de Bande dessin\u00e9e\u00a0\u00bb.<\/p>\n<!-- \/wp:paragraph -->\n\n<!-- wp:paragraph -->\n<p>Les \u00e9l\u00e8ves ont pu d\u00e9couvrir cette ville impr\u00e9gn\u00e9e de l\u2019univers BD\u00a0! Du nom des rues aux enseignes des magasins, en passant par l\u2019habillage des autobus tout est fait pour vous mettre dans l\u2019ambiance.<\/p>\n<!-- \/wp:paragraph -->\n\n<!-- wp:paragraph -->\n<p>Au programme de cette journ\u00e9e\u00a0:<\/p>\n<!-- \/wp:paragraph -->\n\n<!-- wp:list -->\n<ul><!-- wp:list-item -->\n<li>Visite du mus\u00e9e de la Bande dessin\u00e9e et de la librairie.<\/li>\n<!-- \/wp:list-item -->\n\n<!-- wp:list-item -->\n<li>Atelier\u00a0: \u00ab\u00a0Cr\u00e9er son propre h\u00e9ros\u00a0\u00bb anim\u00e9 par un illustrateur.<\/li>\n<!-- \/wp:list-item -->\n\n<!-- wp:list-item -->\n<li>Circuit des murs peints au c\u0153ur de la ville.<\/li>\n<!-- \/wp:list-item --><\/ul>\n<!-- \/wp:list -->\n\n<!-- wp:paragraph -->\n<p>Ce projet se poursuivra prochainement avec l\u2019exposition sur \u00ab\u00a0Tintin\u00a0\u00bb au bassin des lumi\u00e8res puis un s\u00e9jour p\u00e9dagogique \u00e0 Bruxelles.<\/p>\n<!-- \/wp:paragraph -->\n\n<!-- wp:gallery {\"linkTo\":\"none\"} -->\n<figure class=\"wp-block-gallery has-nested-images columns-default is-cropped\"><!-- wp:image {\"id\":9974,\"sizeSlug\":\"large\",\"linkDestination\":\"none\"} -->\n<figure class=\"wp-block-image size-large\"><img loading=\"lazy\" decoding=\"async\" width=\"768\" height=\"1024\" src=\"https:\/\/vtest1.college-lapierre.fr\/wp-content\/uploads\/2023\/10\/IMG_20231019_092804-768x1024.jpg\" alt=\"\" class=\"wp-image-9974\" srcset=\"https:\/\/vtest1.college-lapierre.fr\/wp-content\/uploads\/2023\/10\/IMG_20231019_092804-768x1024.jpg 768w, https:\/\/vtest1.college-lapierre.fr\/wp-content\/uploads\/2023\/10\/IMG_20231019_092804-225x300.jpg 225w, https:\/\/vtest1.college-lapierre.fr\/wp-content\/uploads\/2023\/10\/IMG_20231019_092804-1152x1536.jpg 1152w, https:\/\/vtest1.college-lapierre.fr\/wp-content\/uploads\/2023\/10\/IMG_20231019_092804-1536x2048.jpg 1536w, https:\/\/vtest1.college-lapierre.fr\/wp-content\/uploads\/2023\/10\/IMG_20231019_092804-scaled.jpg 1920w\" sizes=\"auto, (max-width: 768px) 100vw, 768px\" \/><\/figure>\n<!-- \/wp:image -->\n\n<!-- wp:image {\"id\":9976,\"sizeSlug\":\"large\",\"linkDestination\":\"none\"} -->\n<figure class=\"wp-block-image size-large\"><img loading=\"lazy\" decoding=\"async\" width=\"768\" height=\"1024\" src=\"https:\/\/vtest1.college-lapierre.fr\/wp-content\/uploads\/2023\/10\/IMG_20231019_092910-768x1024.jpg\" alt=\"\" class=\"wp-image-9976\" srcset=\"https:\/\/vtest1.college-lapierre.fr\/wp-content\/uploads\/2023\/10\/IMG_20231019_092910-768x1024.jpg 768w, https:\/\/vtest1.college-lapierre.fr\/wp-content\/uploads\/2023\/10\/IMG_20231019_092910-225x300.jpg 225w, https:\/\/vtest1.college-lapierre.fr\/wp-content\/uploads\/2023\/10\/IMG_20231019_092910-1152x1536.jpg 1152w, https:\/\/vtest1.college-lapierre.fr\/wp-content\/uploads\/2023\/10\/IMG_20231019_092910-1536x2048.jpg 1536w, https:\/\/vtest1.college-lapierre.fr\/wp-content\/uploads\/2023\/10\/IMG_20231019_092910-scaled.jpg 1920w\" sizes=\"auto, (max-width: 768px) 100vw, 768px\" \/><\/figure>\n<!-- \/wp:image -->\n\n<!-- wp:image {\"id\":9975,\"sizeSlug\":\"large\",\"linkDestination\":\"none\"} -->\n<figure class=\"wp-block-image size-large\"><img loading=\"lazy\" decoding=\"async\" width=\"768\" height=\"1024\" src=\"https:\/\/vtest1.college-lapierre.fr\/wp-content\/uploads\/2023\/10\/IMG_20231019_120658-768x1024.jpg\" alt=\"\" class=\"wp-image-9975\" srcset=\"https:\/\/vtest1.college-lapierre.fr\/wp-content\/uploads\/2023\/10\/IMG_20231019_120658-768x1024.jpg 768w, https:\/\/vtest1.college-lapierre.fr\/wp-content\/uploads\/2023\/10\/IMG_20231019_120658-225x300.jpg 225w, https:\/\/vtest1.college-lapierre.fr\/wp-content\/uploads\/2023\/10\/IMG_20231019_120658-1152x1536.jpg 1152w, https:\/\/vtest1.college-lapierre.fr\/wp-content\/uploads\/2023\/10\/IMG_20231019_120658-1536x2048.jpg 1536w, https:\/\/vtest1.college-lapierre.fr\/wp-content\/uploads\/2023\/10\/IMG_20231019_120658-scaled.jpg 1920w\" sizes=\"auto, (max-width: 768px) 100vw, 768px\" \/><\/figure>\n<!-- \/wp:image -->\n\n<!-- wp:image {\"id\":9972,\"sizeSlug\":\"large\",\"linkDestination\":\"none\"} -->\n<figure class=\"wp-block-image size-large\"><img loading=\"lazy\" decoding=\"async\" width=\"768\" height=\"1024\" src=\"https:\/\/vtest1.college-lapierre.fr\/wp-content\/uploads\/2023\/10\/IMG-20231019-WA0021.jpg\" alt=\"\" class=\"wp-image-9972\" srcset=\"https:\/\/vtest1.college-lapierre.fr\/wp-content\/uploads\/2023\/10\/IMG-20231019-WA0021.jpg 768w, https:\/\/vtest1.college-lapierre.fr\/wp-content\/uploads\/2023\/10\/IMG-20231019-WA0021-225x300.jpg 225w\" sizes=\"auto, (max-width: 768px) 100vw, 768px\" \/><\/figure>\n<!-- \/wp:image -->\n\n<!-- wp:image {\"id\":9971,\"sizeSlug\":\"large\",\"linkDestination\":\"none\"} -->\n<figure class=\"wp-block-image size-large\"><img loading=\"lazy\" decoding=\"async\" width=\"1024\" height=\"768\" src=\"https:\/\/vtest1.college-lapierre.fr\/wp-content\/uploads\/2023\/10\/IMG-20231019-WA0023.jpg\" alt=\"\" class=\"wp-image-9971\" srcset=\"https:\/\/vtest1.college-lapierre.fr\/wp-content\/uploads\/2023\/10\/IMG-20231019-WA0023.jpg 1024w, https:\/\/vtest1.college-lapierre.fr\/wp-content\/uploads\/2023\/10\/IMG-20231019-WA0023-300x225.jpg 300w, https:\/\/vtest1.college-lapierre.fr\/wp-content\/uploads\/2023\/10\/IMG-20231019-WA0023-768x576.jpg 768w\" sizes=\"auto, (max-width: 1024px) 100vw, 1024px\" \/><\/figure>\n<!-- \/wp:image -->\n\n<!-- wp:image {\"id\":9973,\"sizeSlug\":\"large\",\"linkDestination\":\"none\"} -->\n<figure class=\"wp-block-image size-large\"><img loading=\"lazy\" decoding=\"async\" width=\"768\" height=\"1024\" src=\"https:\/\/vtest1.college-lapierre.fr\/wp-content\/uploads\/2023\/10\/IMG-20231019-WA0026.jpg\" alt=\"\" class=\"wp-image-9973\" srcset=\"https:\/\/vtest1.college-lapierre.fr\/wp-content\/uploads\/2023\/10\/IMG-20231019-WA0026.jpg 768w, https:\/\/vtest1.college-lapierre.fr\/wp-content\/uploads\/2023\/10\/IMG-20231019-WA0026-225x300.jpg 225w\" sizes=\"auto, (max-width: 768px) 100vw, 768px\" \/><\/figure>\n<!-- \/wp:image -->\n\n<!-- wp:image {\"id\":9977,\"sizeSlug\":\"large\",\"linkDestination\":\"none\"} -->\n<figure class=\"wp-block-image size-large\"><img loading=\"lazy\" decoding=\"async\" width=\"1024\" height=\"768\" src=\"https:\/\/vtest1.college-lapierre.fr\/wp-content\/uploads\/2023\/10\/IMG-20231019-WA0009-1024x768.jpg\" alt=\"\" class=\"wp-image-9977\" srcset=\"https:\/\/vtest1.college-lapierre.fr\/wp-content\/uploads\/2023\/10\/IMG-20231019-WA0009-1024x768.jpg 1024w, https:\/\/vtest1.college-lapierre.fr\/wp-content\/uploads\/2023\/10\/IMG-20231019-WA0009-300x225.jpg 300w, https:\/\/vtest1.college-lapierre.fr\/wp-content\/uploads\/2023\/10\/IMG-20231019-WA0009-768x576.jpg 768w, https:\/\/vtest1.college-lapierre.fr\/wp-content\/uploads\/2023\/10\/IMG-20231019-WA0009-1536x1152.jpg 1536w, https:\/\/vtest1.college-lapierre.fr\/wp-content\/uploads\/2023\/10\/IMG-20231019-WA0009.jpg 2016w\" sizes=\"auto, (max-width: 1024px) 100vw, 1024px\" \/><\/figure>\n<!-- \/wp:image --><\/figure>\n<!-- \/wp:gallery --><\/div><\/li>\n<\/ul>","protected":false},"excerpt":{"rendered":"","protected":false},"author":2,"featured_media":0,"parent":24,"menu_order":-1,"comment_status":"closed","ping_status":"closed","template":"page-templates\/large.php","meta":{"footnotes":""},"categories":[39],"tags":[],"class_list":["post-8913","page","type-page","status-publish","hentry","category-education-artistique"],"_links":{"self":[{"href":"https:\/\/vtest1.college-lapierre.fr\/index.php?rest_route=\/wp\/v2\/pages\/8913","targetHints":{"allow":["GET"]}}],"collection":[{"href":"https:\/\/vtest1.college-lapierre.fr\/index.php?rest_route=\/wp\/v2\/pages"}],"about":[{"href":"https:\/\/vtest1.college-lapierre.fr\/index.php?rest_route=\/wp\/v2\/types\/page"}],"author":[{"embeddable":true,"href":"https:\/\/vtest1.college-lapierre.fr\/index.php?rest_route=\/wp\/v2\/users\/2"}],"replies":[{"embeddable":true,"href":"https:\/\/vtest1.college-lapierre.fr\/index.php?rest_route=%2Fwp%2Fv2%2Fcomments&post=8913"}],"version-history":[{"count":6,"href":"https:\/\/vtest1.college-lapierre.fr\/index.php?rest_route=\/wp\/v2\/pages\/8913\/revisions"}],"predecessor-version":[{"id":10735,"href":"https:\/\/vtest1.college-lapierre.fr\/index.php?rest_route=\/wp\/v2\/pages\/8913\/revisions\/10735"}],"up":[{"embeddable":true,"href":"https:\/\/vtest1.college-lapierre.fr\/index.php?rest_route=\/wp\/v2\/pages\/24"}],"wp:attachment":[{"href":"https:\/\/vtest1.college-lapierre.fr\/index.php?rest_route=%2Fwp%2Fv2%2Fmedia&parent=8913"}],"wp:term":[{"taxonomy":"category","embeddable":true,"href":"https:\/\/vtest1.college-lapierre.fr\/index.php?rest_route=%2Fwp%2Fv2%2Fcategories&post=8913"},{"taxonomy":"post_tag","embeddable":true,"href":"https:\/\/vtest1.college-lapierre.fr\/index.php?rest_route=%2Fwp%2Fv2%2Ftags&post=8913"}],"curies":[{"name":"wp","href":"https:\/\/api.w.org\/{rel}","templated":true}]}}