{"id":8941,"date":"2023-07-13T08:51:52","date_gmt":"2023-07-13T08:51:52","guid":{"rendered":"https:\/\/vtest1.college-lapierre.fr\/?page_id=8941"},"modified":"2024-09-01T16:59:00","modified_gmt":"2024-09-01T14:59:00","slug":"langues-vivantes","status":"publish","type":"page","link":"https:\/\/vtest1.college-lapierre.fr\/?page_id=8941","title":{"rendered":"Langues vivantes"},"content":{"rendered":"<ul class=\"wp-block-latest-posts__list has-dates has-author wp-block-latest-posts\"><li><div class=\"wp-block-latest-posts__featured-image\"><img loading=\"lazy\" decoding=\"async\" width=\"150\" height=\"150\" src=\"https:\/\/vtest1.college-lapierre.fr\/wp-content\/uploads\/2025\/11\/IMG_20251130_101654-150x150.jpg\" class=\"attachment-thumbnail size-thumbnail wp-post-image\" alt=\"\" style=\"\" \/><\/div><a class=\"wp-block-latest-posts__post-title\" href=\"https:\/\/vtest1.college-lapierre.fr\/?p=11715\">El\u00e8ves? &#8230; v\u00e9ritables acteurs plut\u00f4t!<\/a><div class=\"wp-block-latest-posts__post-author\">par A.CIRIGNANO<\/div><time datetime=\"2025-11-30T14:08:32+02:00\" class=\"wp-block-latest-posts__post-date\">30\/11\/2025<\/time><div class=\"wp-block-latest-posts__post-full-content\"><!-- wp:paragraph -->\n<p>Il est temps de vous r\u00e9v\u00e9ler le talent de nos \u00e9l\u00e8ves! Impliqu\u00e9s et parfois m\u00eame habit\u00e9s par leurs r\u00f4les, c&rsquo;est en langue espagnole que je leur demande de donner le meilleurs d&rsquo;eux-m\u00eames! <\/p>\n<!-- \/wp:paragraph -->\n\n<!-- wp:paragraph -->\n<p>Ici vous trouverez quelques clich\u00e9s de travaux de 5e et de 3e. Les premiers, grands d\u00e9butants, se sont pr\u00eat\u00e9s au jeu du rendez-vous chez l&rsquo;ophtalmologue. Ils ont mis du coeur \u00e0 leur premi\u00e8re repr\u00e9sentation, gagnant en assurance \u00e0 chaque phrase! Quel plaisir de les voir fiers de pouvoir cr\u00e9er et jouer un entretien entre un m\u00e9decin et son patient si t\u00f4t dans leur d\u00e9couverte de la langue! <\/p>\n<!-- \/wp:paragraph -->\n\n<!-- wp:image {\"id\":11717,\"sizeSlug\":\"large\",\"linkDestination\":\"none\"} -->\n<figure class=\"wp-block-image size-large\"><img loading=\"lazy\" decoding=\"async\" width=\"768\" height=\"1024\" src=\"https:\/\/vtest1.college-lapierre.fr\/wp-content\/uploads\/2025\/11\/IMG_20251130_102037-768x1024.jpg\" alt=\"\" class=\"wp-image-11717\" srcset=\"https:\/\/vtest1.college-lapierre.fr\/wp-content\/uploads\/2025\/11\/IMG_20251130_102037-768x1024.jpg 768w, https:\/\/vtest1.college-lapierre.fr\/wp-content\/uploads\/2025\/11\/IMG_20251130_102037-225x300.jpg 225w, https:\/\/vtest1.college-lapierre.fr\/wp-content\/uploads\/2025\/11\/IMG_20251130_102037-1152x1536.jpg 1152w, https:\/\/vtest1.college-lapierre.fr\/wp-content\/uploads\/2025\/11\/IMG_20251130_102037-1536x2048.jpg 1536w, https:\/\/vtest1.college-lapierre.fr\/wp-content\/uploads\/2025\/11\/IMG_20251130_102037-scaled.jpg 1920w\" sizes=\"auto, (max-width: 768px) 100vw, 768px\" \/><\/figure>\n<!-- \/wp:image -->\n\n<!-- wp:image {\"id\":11718,\"sizeSlug\":\"large\",\"linkDestination\":\"none\"} -->\n<figure class=\"wp-block-image size-large\"><img loading=\"lazy\" decoding=\"async\" width=\"768\" height=\"1024\" src=\"https:\/\/vtest1.college-lapierre.fr\/wp-content\/uploads\/2025\/11\/IMG_20251130_101607-768x1024.jpg\" alt=\"\" class=\"wp-image-11718\" srcset=\"https:\/\/vtest1.college-lapierre.fr\/wp-content\/uploads\/2025\/11\/IMG_20251130_101607-768x1024.jpg 768w, https:\/\/vtest1.college-lapierre.fr\/wp-content\/uploads\/2025\/11\/IMG_20251130_101607-225x300.jpg 225w, https:\/\/vtest1.college-lapierre.fr\/wp-content\/uploads\/2025\/11\/IMG_20251130_101607-1152x1536.jpg 1152w, https:\/\/vtest1.college-lapierre.fr\/wp-content\/uploads\/2025\/11\/IMG_20251130_101607-1536x2048.jpg 1536w, https:\/\/vtest1.college-lapierre.fr\/wp-content\/uploads\/2025\/11\/IMG_20251130_101607-scaled.jpg 1920w\" sizes=\"auto, (max-width: 768px) 100vw, 768px\" \/><\/figure>\n<!-- \/wp:image -->\n\n<!-- wp:image {\"id\":11719,\"sizeSlug\":\"large\",\"linkDestination\":\"none\"} -->\n<figure class=\"wp-block-image size-large\"><img loading=\"lazy\" decoding=\"async\" width=\"768\" height=\"1024\" src=\"https:\/\/vtest1.college-lapierre.fr\/wp-content\/uploads\/2025\/11\/IMG_20251130_101807-768x1024.jpg\" alt=\"\" class=\"wp-image-11719\" srcset=\"https:\/\/vtest1.college-lapierre.fr\/wp-content\/uploads\/2025\/11\/IMG_20251130_101807-768x1024.jpg 768w, https:\/\/vtest1.college-lapierre.fr\/wp-content\/uploads\/2025\/11\/IMG_20251130_101807-225x300.jpg 225w, https:\/\/vtest1.college-lapierre.fr\/wp-content\/uploads\/2025\/11\/IMG_20251130_101807-1152x1536.jpg 1152w, https:\/\/vtest1.college-lapierre.fr\/wp-content\/uploads\/2025\/11\/IMG_20251130_101807-1536x2048.jpg 1536w, https:\/\/vtest1.college-lapierre.fr\/wp-content\/uploads\/2025\/11\/IMG_20251130_101807-scaled.jpg 1920w\" sizes=\"auto, (max-width: 768px) 100vw, 768px\" \/><\/figure>\n<!-- \/wp:image -->\n\n<!-- wp:paragraph -->\n<p>Les plus grands quant \u00e0 eux, apr\u00e8s avoir travaill\u00e9 sur les sportifs, ont propos\u00e9 des interviews entre un journaliste et un sportif de haut niveau. Les questions\/r\u00e9ponses ont \u00e9t\u00e9 cr\u00e9\u00e9es en bin\u00f4me et ils ont ensuite \u00e9t\u00e9 \u00e9valu\u00e9s sur leurs productions et leur jeu d&rsquo;acteurs. <\/p>\n<!-- \/wp:paragraph -->\n\n<!-- wp:image {\"id\":11720,\"sizeSlug\":\"large\",\"linkDestination\":\"none\"} -->\n<figure class=\"wp-block-image size-large\"><img loading=\"lazy\" decoding=\"async\" width=\"1024\" height=\"768\" src=\"https:\/\/vtest1.college-lapierre.fr\/wp-content\/uploads\/2025\/11\/IMG_20251130_101718-1024x768.jpg\" alt=\"\" class=\"wp-image-11720\" srcset=\"https:\/\/vtest1.college-lapierre.fr\/wp-content\/uploads\/2025\/11\/IMG_20251130_101718-1024x768.jpg 1024w, https:\/\/vtest1.college-lapierre.fr\/wp-content\/uploads\/2025\/11\/IMG_20251130_101718-300x225.jpg 300w, https:\/\/vtest1.college-lapierre.fr\/wp-content\/uploads\/2025\/11\/IMG_20251130_101718-768x576.jpg 768w, https:\/\/vtest1.college-lapierre.fr\/wp-content\/uploads\/2025\/11\/IMG_20251130_101718-1536x1152.jpg 1536w, https:\/\/vtest1.college-lapierre.fr\/wp-content\/uploads\/2025\/11\/IMG_20251130_101718-2048x1536.jpg 2048w\" sizes=\"auto, (max-width: 1024px) 100vw, 1024px\" \/><\/figure>\n<!-- \/wp:image -->\n\n<!-- wp:image {\"id\":11721,\"sizeSlug\":\"large\",\"linkDestination\":\"none\"} -->\n<figure class=\"wp-block-image size-large\"><img loading=\"lazy\" decoding=\"async\" width=\"1024\" height=\"768\" src=\"https:\/\/vtest1.college-lapierre.fr\/wp-content\/uploads\/2025\/11\/IMG_20251130_130413-1024x768.jpg\" alt=\"\" class=\"wp-image-11721\" srcset=\"https:\/\/vtest1.college-lapierre.fr\/wp-content\/uploads\/2025\/11\/IMG_20251130_130413-1024x768.jpg 1024w, https:\/\/vtest1.college-lapierre.fr\/wp-content\/uploads\/2025\/11\/IMG_20251130_130413-300x225.jpg 300w, https:\/\/vtest1.college-lapierre.fr\/wp-content\/uploads\/2025\/11\/IMG_20251130_130413-768x576.jpg 768w, https:\/\/vtest1.college-lapierre.fr\/wp-content\/uploads\/2025\/11\/IMG_20251130_130413-1536x1152.jpg 1536w, https:\/\/vtest1.college-lapierre.fr\/wp-content\/uploads\/2025\/11\/IMG_20251130_130413-2048x1536.jpg 2048w\" sizes=\"auto, (max-width: 1024px) 100vw, 1024px\" \/><\/figure>\n<!-- \/wp:image -->\n\n<!-- wp:paragraph -->\n<p>De jolis moments partag\u00e9s et qui prouvent qu&rsquo;ils sont capables de grandes choses! <\/p>\n<!-- \/wp:paragraph -->\n\n<!-- wp:paragraph -->\n<p><\/p>\n<!-- \/wp:paragraph --><\/div><\/li>\n<li><div class=\"wp-block-latest-posts__featured-image\"><img loading=\"lazy\" decoding=\"async\" width=\"150\" height=\"150\" src=\"https:\/\/vtest1.college-lapierre.fr\/wp-content\/uploads\/2025\/11\/IMG20251017113951-150x150.jpg\" class=\"attachment-thumbnail size-thumbnail wp-post-image\" alt=\"\" style=\"\" \/><\/div><a class=\"wp-block-latest-posts__post-title\" href=\"https:\/\/vtest1.college-lapierre.fr\/?p=11696\">D\u00eda de los muertos<\/a><div class=\"wp-block-latest-posts__post-author\">par A.CIRIGNANO<\/div><time datetime=\"2025-11-30T13:46:13+02:00\" class=\"wp-block-latest-posts__post-date\">30\/11\/2025<\/time><div class=\"wp-block-latest-posts__post-full-content\"><!-- wp:paragraph -->\n<p>L&rsquo;automne est rythm\u00e9 par la tradition mexicaine de \u00ab\u00a0d\u00eda de los muertos\u00a0\u00bb dans le couloir des salles d&rsquo;espagnol du coll\u00e8ge Lapierre! <\/p>\n<!-- \/wp:paragraph -->\n\n<!-- wp:image {\"id\":11702,\"sizeSlug\":\"large\",\"linkDestination\":\"none\"} -->\n<figure class=\"wp-block-image size-large\"><img loading=\"lazy\" decoding=\"async\" width=\"768\" height=\"1024\" src=\"https:\/\/vtest1.college-lapierre.fr\/wp-content\/uploads\/2025\/11\/IMG20251017114004-768x1024.jpg\" alt=\"\" class=\"wp-image-11702\" srcset=\"https:\/\/vtest1.college-lapierre.fr\/wp-content\/uploads\/2025\/11\/IMG20251017114004-768x1024.jpg 768w, https:\/\/vtest1.college-lapierre.fr\/wp-content\/uploads\/2025\/11\/IMG20251017114004-225x300.jpg 225w, https:\/\/vtest1.college-lapierre.fr\/wp-content\/uploads\/2025\/11\/IMG20251017114004-1152x1536.jpg 1152w, https:\/\/vtest1.college-lapierre.fr\/wp-content\/uploads\/2025\/11\/IMG20251017114004-1536x2048.jpg 1536w, https:\/\/vtest1.college-lapierre.fr\/wp-content\/uploads\/2025\/11\/IMG20251017114004-scaled.jpg 1920w\" sizes=\"auto, (max-width: 768px) 100vw, 768px\" \/><\/figure>\n<!-- \/wp:image -->\n\n<!-- wp:image {\"id\":11699,\"sizeSlug\":\"large\",\"linkDestination\":\"none\"} -->\n<figure class=\"wp-block-image size-large\"><img loading=\"lazy\" decoding=\"async\" width=\"768\" height=\"1024\" src=\"https:\/\/vtest1.college-lapierre.fr\/wp-content\/uploads\/2025\/11\/IMG20251016095103-768x1024.jpg\" alt=\"\" class=\"wp-image-11699\" srcset=\"https:\/\/vtest1.college-lapierre.fr\/wp-content\/uploads\/2025\/11\/IMG20251016095103-768x1024.jpg 768w, https:\/\/vtest1.college-lapierre.fr\/wp-content\/uploads\/2025\/11\/IMG20251016095103-225x300.jpg 225w, https:\/\/vtest1.college-lapierre.fr\/wp-content\/uploads\/2025\/11\/IMG20251016095103-1152x1536.jpg 1152w, https:\/\/vtest1.college-lapierre.fr\/wp-content\/uploads\/2025\/11\/IMG20251016095103-1536x2048.jpg 1536w, https:\/\/vtest1.college-lapierre.fr\/wp-content\/uploads\/2025\/11\/IMG20251016095103-scaled.jpg 1920w\" sizes=\"auto, (max-width: 768px) 100vw, 768px\" \/><\/figure>\n<!-- \/wp:image -->\n\n<!-- wp:paragraph -->\n<p>Couloir et salles d\u00e9cor\u00e9s, s\u00e9quences compl\u00e8tes ou point culturel, tous les niveaux vivent quelques semaines au rythme de cette tradition que tous connaissent d\u00e9sormais notamment gr\u00e2ce au film d&rsquo;animation Coco. <\/p>\n<!-- \/wp:paragraph -->\n\n<!-- wp:image {\"id\":11700,\"sizeSlug\":\"large\",\"linkDestination\":\"none\"} -->\n<figure class=\"wp-block-image size-large\"><img loading=\"lazy\" decoding=\"async\" width=\"768\" height=\"1024\" src=\"https:\/\/vtest1.college-lapierre.fr\/wp-content\/uploads\/2025\/11\/IMG20251017075309-768x1024.jpg\" alt=\"\" class=\"wp-image-11700\" srcset=\"https:\/\/vtest1.college-lapierre.fr\/wp-content\/uploads\/2025\/11\/IMG20251017075309-768x1024.jpg 768w, https:\/\/vtest1.college-lapierre.fr\/wp-content\/uploads\/2025\/11\/IMG20251017075309-225x300.jpg 225w, https:\/\/vtest1.college-lapierre.fr\/wp-content\/uploads\/2025\/11\/IMG20251017075309-1152x1536.jpg 1152w, https:\/\/vtest1.college-lapierre.fr\/wp-content\/uploads\/2025\/11\/IMG20251017075309-1536x2048.jpg 1536w, https:\/\/vtest1.college-lapierre.fr\/wp-content\/uploads\/2025\/11\/IMG20251017075309-scaled.jpg 1920w\" sizes=\"auto, (max-width: 768px) 100vw, 768px\" \/><\/figure>\n<!-- \/wp:image -->\n\n<!-- wp:paragraph -->\n<p>Une immersion dans la culture et la tradition mexicaine que les \u00e9l\u00e8ves appr\u00e9cient. Cette ann\u00e9e, un repas mexicain a \u00e9t\u00e9 propos\u00e9 \u00e0 la cantine suivi d&rsquo;une projection de courts m\u00e9trages. <\/p>\n<!-- \/wp:paragraph -->\n\n<!-- wp:image {\"id\":11698,\"sizeSlug\":\"large\",\"linkDestination\":\"none\"} -->\n<figure class=\"wp-block-image size-large\"><img loading=\"lazy\" decoding=\"async\" width=\"768\" height=\"1024\" src=\"https:\/\/vtest1.college-lapierre.fr\/wp-content\/uploads\/2025\/11\/IMG20251016095037-768x1024.jpg\" alt=\"\" class=\"wp-image-11698\" srcset=\"https:\/\/vtest1.college-lapierre.fr\/wp-content\/uploads\/2025\/11\/IMG20251016095037-768x1024.jpg 768w, https:\/\/vtest1.college-lapierre.fr\/wp-content\/uploads\/2025\/11\/IMG20251016095037-225x300.jpg 225w, https:\/\/vtest1.college-lapierre.fr\/wp-content\/uploads\/2025\/11\/IMG20251016095037-1152x1536.jpg 1152w, https:\/\/vtest1.college-lapierre.fr\/wp-content\/uploads\/2025\/11\/IMG20251016095037-1536x2048.jpg 1536w, https:\/\/vtest1.college-lapierre.fr\/wp-content\/uploads\/2025\/11\/IMG20251016095037-scaled.jpg 1920w\" sizes=\"auto, (max-width: 768px) 100vw, 768px\" \/><\/figure>\n<!-- \/wp:image -->\n\n<!-- wp:paragraph -->\n<p>En classe, selon les niveaux, un travail a \u00e9t\u00e9 r\u00e9alis\u00e9 autour de la bande annonce de coco, d&rsquo;une chanson, de mots crois\u00e9s, de visionnage du d\u00e9fil\u00e9 ou encore d&rsquo;une s\u00e9quence d\u00e9di\u00e9e en 3e pour offrir une approche plus d\u00e9taill\u00e9e et plus ambitieuse de cette f\u00eate. <\/p>\n<!-- \/wp:paragraph -->\n\n<!-- wp:image {\"id\":11697,\"sizeSlug\":\"large\",\"linkDestination\":\"none\"} -->\n<figure class=\"wp-block-image size-large\"><img loading=\"lazy\" decoding=\"async\" width=\"768\" height=\"1024\" src=\"https:\/\/vtest1.college-lapierre.fr\/wp-content\/uploads\/2025\/11\/IMG20251016095022-768x1024.jpg\" alt=\"\" class=\"wp-image-11697\" srcset=\"https:\/\/vtest1.college-lapierre.fr\/wp-content\/uploads\/2025\/11\/IMG20251016095022-768x1024.jpg 768w, https:\/\/vtest1.college-lapierre.fr\/wp-content\/uploads\/2025\/11\/IMG20251016095022-225x300.jpg 225w, https:\/\/vtest1.college-lapierre.fr\/wp-content\/uploads\/2025\/11\/IMG20251016095022-1152x1536.jpg 1152w, https:\/\/vtest1.college-lapierre.fr\/wp-content\/uploads\/2025\/11\/IMG20251016095022-1536x2048.jpg 1536w, https:\/\/vtest1.college-lapierre.fr\/wp-content\/uploads\/2025\/11\/IMG20251016095022-scaled.jpg 1920w\" sizes=\"auto, (max-width: 768px) 100vw, 768px\" \/><\/figure>\n<!-- \/wp:image -->\n\n<!-- wp:image {\"id\":11710,\"sizeSlug\":\"large\",\"linkDestination\":\"none\"} -->\n<figure class=\"wp-block-image size-large\"><img loading=\"lazy\" decoding=\"async\" width=\"1024\" height=\"768\" src=\"https:\/\/vtest1.college-lapierre.fr\/wp-content\/uploads\/2025\/11\/IMG20251017075300-1024x768.jpg\" alt=\"\" class=\"wp-image-11710\" srcset=\"https:\/\/vtest1.college-lapierre.fr\/wp-content\/uploads\/2025\/11\/IMG20251017075300-1024x768.jpg 1024w, https:\/\/vtest1.college-lapierre.fr\/wp-content\/uploads\/2025\/11\/IMG20251017075300-300x225.jpg 300w, https:\/\/vtest1.college-lapierre.fr\/wp-content\/uploads\/2025\/11\/IMG20251017075300-768x576.jpg 768w, https:\/\/vtest1.college-lapierre.fr\/wp-content\/uploads\/2025\/11\/IMG20251017075300-1536x1152.jpg 1536w, https:\/\/vtest1.college-lapierre.fr\/wp-content\/uploads\/2025\/11\/IMG20251017075300-2048x1536.jpg 2048w\" sizes=\"auto, (max-width: 1024px) 100vw, 1024px\" \/><\/figure>\n<!-- \/wp:image -->\n\n<!-- wp:paragraph -->\n<p>Les 3e ont ainsi pu travailler sur les diff\u00e9rents aspects de cette tradition mais \u00e9galement \u00e9tudier comment elle s&rsquo;exporte \u00e0 travers le monde. <\/p>\n<!-- \/wp:paragraph -->\n\n<!-- wp:image {\"id\":11701,\"sizeSlug\":\"large\",\"linkDestination\":\"none\"} -->\n<figure class=\"wp-block-image size-large\"><img loading=\"lazy\" decoding=\"async\" width=\"1024\" height=\"768\" src=\"https:\/\/vtest1.college-lapierre.fr\/wp-content\/uploads\/2025\/11\/IMG20251017113907-1024x768.jpg\" alt=\"\" class=\"wp-image-11701\" srcset=\"https:\/\/vtest1.college-lapierre.fr\/wp-content\/uploads\/2025\/11\/IMG20251017113907-1024x768.jpg 1024w, https:\/\/vtest1.college-lapierre.fr\/wp-content\/uploads\/2025\/11\/IMG20251017113907-300x225.jpg 300w, https:\/\/vtest1.college-lapierre.fr\/wp-content\/uploads\/2025\/11\/IMG20251017113907-768x576.jpg 768w, https:\/\/vtest1.college-lapierre.fr\/wp-content\/uploads\/2025\/11\/IMG20251017113907-1536x1152.jpg 1536w, https:\/\/vtest1.college-lapierre.fr\/wp-content\/uploads\/2025\/11\/IMG20251017113907-2048x1536.jpg 2048w\" sizes=\"auto, (max-width: 1024px) 100vw, 1024px\" \/><\/figure>\n<!-- \/wp:image -->\n\n<!-- wp:paragraph -->\n<p>Ils ont \u00e9galement pu r\u00e9aliser un autel selon ce qu&rsquo;ils avaient appris en classe, en cr\u00e9ant le \u00ab\u00a0papel picado\u00a0\u00bb, les fleurs, certains objets&#8230;de quoi amener encore plus de couleurs dans la salle! <\/p>\n<!-- \/wp:paragraph -->\n\n<!-- wp:image {\"id\":11707,\"sizeSlug\":\"large\",\"linkDestination\":\"none\"} -->\n<figure class=\"wp-block-image size-large\"><img loading=\"lazy\" decoding=\"async\" width=\"768\" height=\"1024\" src=\"https:\/\/vtest1.college-lapierre.fr\/wp-content\/uploads\/2025\/11\/IMG20251112112927-768x1024.jpg\" alt=\"\" class=\"wp-image-11707\" srcset=\"https:\/\/vtest1.college-lapierre.fr\/wp-content\/uploads\/2025\/11\/IMG20251112112927-768x1024.jpg 768w, https:\/\/vtest1.college-lapierre.fr\/wp-content\/uploads\/2025\/11\/IMG20251112112927-225x300.jpg 225w, https:\/\/vtest1.college-lapierre.fr\/wp-content\/uploads\/2025\/11\/IMG20251112112927-1152x1536.jpg 1152w, https:\/\/vtest1.college-lapierre.fr\/wp-content\/uploads\/2025\/11\/IMG20251112112927-1536x2048.jpg 1536w, https:\/\/vtest1.college-lapierre.fr\/wp-content\/uploads\/2025\/11\/IMG20251112112927-scaled.jpg 1920w\" sizes=\"auto, (max-width: 768px) 100vw, 768px\" \/><\/figure>\n<!-- \/wp:image -->\n\n<!-- wp:image {\"id\":11705,\"sizeSlug\":\"large\",\"linkDestination\":\"none\"} -->\n<figure class=\"wp-block-image size-large\"><img loading=\"lazy\" decoding=\"async\" width=\"768\" height=\"1024\" src=\"https:\/\/vtest1.college-lapierre.fr\/wp-content\/uploads\/2025\/11\/IMG20251112105026-768x1024.jpg\" alt=\"\" class=\"wp-image-11705\" srcset=\"https:\/\/vtest1.college-lapierre.fr\/wp-content\/uploads\/2025\/11\/IMG20251112105026-768x1024.jpg 768w, https:\/\/vtest1.college-lapierre.fr\/wp-content\/uploads\/2025\/11\/IMG20251112105026-225x300.jpg 225w, https:\/\/vtest1.college-lapierre.fr\/wp-content\/uploads\/2025\/11\/IMG20251112105026-1152x1536.jpg 1152w, https:\/\/vtest1.college-lapierre.fr\/wp-content\/uploads\/2025\/11\/IMG20251112105026-1536x2048.jpg 1536w, https:\/\/vtest1.college-lapierre.fr\/wp-content\/uploads\/2025\/11\/IMG20251112105026-scaled.jpg 1920w\" sizes=\"auto, (max-width: 768px) 100vw, 768px\" \/><\/figure>\n<!-- \/wp:image -->\n\n<!-- wp:image {\"id\":11704,\"sizeSlug\":\"large\",\"linkDestination\":\"none\"} -->\n<figure class=\"wp-block-image size-large\"><img loading=\"lazy\" decoding=\"async\" width=\"768\" height=\"1024\" src=\"https:\/\/vtest1.college-lapierre.fr\/wp-content\/uploads\/2025\/11\/IMG20251112105039-768x1024.jpg\" alt=\"\" class=\"wp-image-11704\" srcset=\"https:\/\/vtest1.college-lapierre.fr\/wp-content\/uploads\/2025\/11\/IMG20251112105039-768x1024.jpg 768w, https:\/\/vtest1.college-lapierre.fr\/wp-content\/uploads\/2025\/11\/IMG20251112105039-225x300.jpg 225w, https:\/\/vtest1.college-lapierre.fr\/wp-content\/uploads\/2025\/11\/IMG20251112105039-1152x1536.jpg 1152w, https:\/\/vtest1.college-lapierre.fr\/wp-content\/uploads\/2025\/11\/IMG20251112105039-1536x2048.jpg 1536w, https:\/\/vtest1.college-lapierre.fr\/wp-content\/uploads\/2025\/11\/IMG20251112105039-scaled.jpg 1920w\" sizes=\"auto, (max-width: 768px) 100vw, 768px\" \/><\/figure>\n<!-- \/wp:image -->\n\n<!-- wp:paragraph -->\n<p>Reconnue \u00ab\u00a0patrimonio cultural inmaterial de la humanidad\u00a0\u00bb, cette tradition alliant les cultures pr\u00e9colombiennes et espagnole est devenue un incontournable de nos salles de classe! <\/p>\n<!-- \/wp:paragraph -->\n\n<!-- wp:image {\"id\":11708,\"sizeSlug\":\"large\",\"linkDestination\":\"none\"} -->\n<figure class=\"wp-block-image size-large\"><img loading=\"lazy\" decoding=\"async\" width=\"768\" height=\"1024\" src=\"https:\/\/vtest1.college-lapierre.fr\/wp-content\/uploads\/2025\/11\/IMG20251125153105-768x1024.jpg\" alt=\"\" class=\"wp-image-11708\" srcset=\"https:\/\/vtest1.college-lapierre.fr\/wp-content\/uploads\/2025\/11\/IMG20251125153105-768x1024.jpg 768w, https:\/\/vtest1.college-lapierre.fr\/wp-content\/uploads\/2025\/11\/IMG20251125153105-225x300.jpg 225w, https:\/\/vtest1.college-lapierre.fr\/wp-content\/uploads\/2025\/11\/IMG20251125153105-1152x1536.jpg 1152w, https:\/\/vtest1.college-lapierre.fr\/wp-content\/uploads\/2025\/11\/IMG20251125153105-1536x2048.jpg 1536w, https:\/\/vtest1.college-lapierre.fr\/wp-content\/uploads\/2025\/11\/IMG20251125153105-scaled.jpg 1920w\" sizes=\"auto, (max-width: 768px) 100vw, 768px\" \/><\/figure>\n<!-- \/wp:image -->\n\n<!-- wp:image {\"id\":11711,\"sizeSlug\":\"large\",\"linkDestination\":\"none\"} -->\n<figure class=\"wp-block-image size-large\"><img loading=\"lazy\" decoding=\"async\" width=\"768\" height=\"1024\" src=\"https:\/\/vtest1.college-lapierre.fr\/wp-content\/uploads\/2025\/11\/IMG20251125153111-768x1024.jpg\" alt=\"\" class=\"wp-image-11711\" srcset=\"https:\/\/vtest1.college-lapierre.fr\/wp-content\/uploads\/2025\/11\/IMG20251125153111-768x1024.jpg 768w, https:\/\/vtest1.college-lapierre.fr\/wp-content\/uploads\/2025\/11\/IMG20251125153111-225x300.jpg 225w, https:\/\/vtest1.college-lapierre.fr\/wp-content\/uploads\/2025\/11\/IMG20251125153111-1152x1536.jpg 1152w, https:\/\/vtest1.college-lapierre.fr\/wp-content\/uploads\/2025\/11\/IMG20251125153111-1536x2048.jpg 1536w, https:\/\/vtest1.college-lapierre.fr\/wp-content\/uploads\/2025\/11\/IMG20251125153111-scaled.jpg 1920w\" sizes=\"auto, (max-width: 768px) 100vw, 768px\" \/><\/figure>\n<!-- \/wp:image --><\/div><\/li>\n<li><div class=\"wp-block-latest-posts__featured-image\"><img loading=\"lazy\" decoding=\"async\" width=\"150\" height=\"150\" src=\"https:\/\/vtest1.college-lapierre.fr\/wp-content\/uploads\/2025\/10\/IMG_20251013_174142-150x150.jpg\" class=\"attachment-thumbnail size-thumbnail wp-post-image\" alt=\"\" style=\"\" \/><\/div><a class=\"wp-block-latest-posts__post-title\" href=\"https:\/\/vtest1.college-lapierre.fr\/?p=11586\">D\u00eda de la hispanidad<\/a><div class=\"wp-block-latest-posts__post-author\">par A.CIRIGNANO<\/div><time datetime=\"2025-10-19T09:19:20+02:00\" class=\"wp-block-latest-posts__post-date\">19\/10\/2025<\/time><div class=\"wp-block-latest-posts__post-full-content\"><!-- wp:paragraph -->\n<p>Ce lundi 13 octobre, l&rsquo;\u00e9quipe d&rsquo;espagnol a propos\u00e9 une journ\u00e9e \u00e0 th\u00e8me au coll\u00e8ge! <\/p>\n<!-- \/wp:paragraph -->\n\n<!-- wp:image {\"id\":11613,\"sizeSlug\":\"large\",\"linkDestination\":\"none\"} -->\n<figure class=\"wp-block-image size-large\"><img loading=\"lazy\" decoding=\"async\" width=\"1024\" height=\"768\" src=\"https:\/\/vtest1.college-lapierre.fr\/wp-content\/uploads\/2025\/10\/IMG20251011084814-1024x768.jpg\" alt=\"\" class=\"wp-image-11613\" srcset=\"https:\/\/vtest1.college-lapierre.fr\/wp-content\/uploads\/2025\/10\/IMG20251011084814-1024x768.jpg 1024w, https:\/\/vtest1.college-lapierre.fr\/wp-content\/uploads\/2025\/10\/IMG20251011084814-300x225.jpg 300w, https:\/\/vtest1.college-lapierre.fr\/wp-content\/uploads\/2025\/10\/IMG20251011084814-768x576.jpg 768w, https:\/\/vtest1.college-lapierre.fr\/wp-content\/uploads\/2025\/10\/IMG20251011084814-1536x1152.jpg 1536w, https:\/\/vtest1.college-lapierre.fr\/wp-content\/uploads\/2025\/10\/IMG20251011084814-2048x1536.jpg 2048w\" sizes=\"auto, (max-width: 1024px) 100vw, 1024px\" \/><\/figure>\n<!-- \/wp:image -->\n\n<!-- wp:paragraph -->\n<p>Le 12 octobre est le  jour de la f\u00eate nationale espagnole. Il est \u00e9galement c\u00e9l\u00e9br\u00e9 dans l&rsquo;ensemble du monde hispanique puisque la date correspond \u00e0 la \u00ab\u00a0d\u00e9couverte\u00a0\u00bb de l&rsquo;Am\u00e9rique par Christophe Colomb.  L&rsquo;occasion \u00e9tait toute trouv\u00e9e pour cette journ\u00e9e!<\/p>\n<!-- \/wp:paragraph -->\n\n<!-- wp:image {\"id\":11610,\"sizeSlug\":\"large\",\"linkDestination\":\"none\"} -->\n<figure class=\"wp-block-image size-large\"><img loading=\"lazy\" decoding=\"async\" width=\"1024\" height=\"768\" src=\"https:\/\/vtest1.college-lapierre.fr\/wp-content\/uploads\/2025\/10\/IMG20251016094138-1024x768.jpg\" alt=\"\" class=\"wp-image-11610\" srcset=\"https:\/\/vtest1.college-lapierre.fr\/wp-content\/uploads\/2025\/10\/IMG20251016094138-1024x768.jpg 1024w, https:\/\/vtest1.college-lapierre.fr\/wp-content\/uploads\/2025\/10\/IMG20251016094138-300x225.jpg 300w, https:\/\/vtest1.college-lapierre.fr\/wp-content\/uploads\/2025\/10\/IMG20251016094138-768x576.jpg 768w, https:\/\/vtest1.college-lapierre.fr\/wp-content\/uploads\/2025\/10\/IMG20251016094138-1536x1152.jpg 1536w, https:\/\/vtest1.college-lapierre.fr\/wp-content\/uploads\/2025\/10\/IMG20251016094138-2048x1536.jpg 2048w\" sizes=\"auto, (max-width: 1024px) 100vw, 1024px\" \/><figcaption class=\"wp-element-caption\">Le couloir des salles d&rsquo;espagnol d\u00e9cor\u00e9 pour l&rsquo;occasion<\/figcaption><\/figure>\n<!-- \/wp:image -->\n\n<!-- wp:image {\"id\":11611,\"sizeSlug\":\"large\",\"linkDestination\":\"none\"} -->\n<figure class=\"wp-block-image size-large\"><img loading=\"lazy\" decoding=\"async\" width=\"768\" height=\"1024\" src=\"https:\/\/vtest1.college-lapierre.fr\/wp-content\/uploads\/2025\/10\/IMG20251016094127-768x1024.jpg\" alt=\"\" class=\"wp-image-11611\" srcset=\"https:\/\/vtest1.college-lapierre.fr\/wp-content\/uploads\/2025\/10\/IMG20251016094127-768x1024.jpg 768w, https:\/\/vtest1.college-lapierre.fr\/wp-content\/uploads\/2025\/10\/IMG20251016094127-225x300.jpg 225w, https:\/\/vtest1.college-lapierre.fr\/wp-content\/uploads\/2025\/10\/IMG20251016094127-1152x1536.jpg 1152w, https:\/\/vtest1.college-lapierre.fr\/wp-content\/uploads\/2025\/10\/IMG20251016094127-1536x2048.jpg 1536w, https:\/\/vtest1.college-lapierre.fr\/wp-content\/uploads\/2025\/10\/IMG20251016094127-scaled.jpg 1920w\" sizes=\"auto, (max-width: 768px) 100vw, 768px\" \/><\/figure>\n<!-- \/wp:image -->\n\n<!-- wp:image {\"id\":11612,\"sizeSlug\":\"large\",\"linkDestination\":\"none\"} -->\n<figure class=\"wp-block-image size-large\"><img loading=\"lazy\" decoding=\"async\" width=\"591\" height=\"1024\" src=\"https:\/\/vtest1.college-lapierre.fr\/wp-content\/uploads\/2025\/10\/IMG_20251013_174114-591x1024.jpg\" alt=\"\" class=\"wp-image-11612\" srcset=\"https:\/\/vtest1.college-lapierre.fr\/wp-content\/uploads\/2025\/10\/IMG_20251013_174114-591x1024.jpg 591w, https:\/\/vtest1.college-lapierre.fr\/wp-content\/uploads\/2025\/10\/IMG_20251013_174114-173x300.jpg 173w, https:\/\/vtest1.college-lapierre.fr\/wp-content\/uploads\/2025\/10\/IMG_20251013_174114-768x1330.jpg 768w, https:\/\/vtest1.college-lapierre.fr\/wp-content\/uploads\/2025\/10\/IMG_20251013_174114-887x1536.jpg 887w, https:\/\/vtest1.college-lapierre.fr\/wp-content\/uploads\/2025\/10\/IMG_20251013_174114-1183x2048.jpg 1183w, https:\/\/vtest1.college-lapierre.fr\/wp-content\/uploads\/2025\/10\/IMG_20251013_174114.jpg 1226w\" sizes=\"auto, (max-width: 591px) 100vw, 591px\" \/><\/figure>\n<!-- \/wp:image -->\n\n<!-- wp:paragraph -->\n<p>Il a \u00e9t\u00e9 propos\u00e9 aux \u00e9l\u00e8ves comme aux adultes de venir avec une touche de couleur rouge et\/ou jaune en r\u00e9f\u00e9rence au drapeau espagnol. De nombreux professeurs et \u00e9l\u00e8ves ont jou\u00e9 le jeu, de la fleur discr\u00e8te dans les cheveux \u00e0 la tenue compl\u00e8te&#8230;Un grand merci pour cet engagement color\u00e9! <\/p>\n<!-- \/wp:paragraph -->\n\n<!-- wp:image {\"id\":11617,\"sizeSlug\":\"large\",\"linkDestination\":\"none\"} -->\n<figure class=\"wp-block-image size-large\"><img loading=\"lazy\" decoding=\"async\" width=\"768\" height=\"1024\" src=\"https:\/\/vtest1.college-lapierre.fr\/wp-content\/uploads\/2025\/10\/IMG_20251019_085515-768x1024.jpg\" alt=\"\" class=\"wp-image-11617\" srcset=\"https:\/\/vtest1.college-lapierre.fr\/wp-content\/uploads\/2025\/10\/IMG_20251019_085515-768x1024.jpg 768w, https:\/\/vtest1.college-lapierre.fr\/wp-content\/uploads\/2025\/10\/IMG_20251019_085515-225x300.jpg 225w, https:\/\/vtest1.college-lapierre.fr\/wp-content\/uploads\/2025\/10\/IMG_20251019_085515-1152x1536.jpg 1152w, https:\/\/vtest1.college-lapierre.fr\/wp-content\/uploads\/2025\/10\/IMG_20251019_085515-1536x2048.jpg 1536w, https:\/\/vtest1.college-lapierre.fr\/wp-content\/uploads\/2025\/10\/IMG_20251019_085515-scaled.jpg 1920w\" sizes=\"auto, (max-width: 768px) 100vw, 768px\" \/><figcaption class=\"wp-element-caption\">La danseuse de flamenco, symbole de l&rsquo;Espagnole, version prof et \u00e9l\u00e8ve! <\/figcaption><\/figure>\n<!-- \/wp:image -->\n\n<!-- wp:image {\"id\":11620,\"width\":\"652px\",\"sizeSlug\":\"large\",\"linkDestination\":\"none\"} -->\n<figure class=\"wp-block-image size-large is-resized\"><img loading=\"lazy\" decoding=\"async\" width=\"301\" height=\"1024\" src=\"https:\/\/vtest1.college-lapierre.fr\/wp-content\/uploads\/2025\/10\/IMG_20251013_075251-301x1024.jpg\" alt=\"\" class=\"wp-image-11620\" style=\"width:652px\" srcset=\"https:\/\/vtest1.college-lapierre.fr\/wp-content\/uploads\/2025\/10\/IMG_20251013_075251-301x1024.jpg 301w, https:\/\/vtest1.college-lapierre.fr\/wp-content\/uploads\/2025\/10\/IMG_20251013_075251-88x300.jpg 88w, https:\/\/vtest1.college-lapierre.fr\/wp-content\/uploads\/2025\/10\/IMG_20251013_075251-768x2614.jpg 768w, https:\/\/vtest1.college-lapierre.fr\/wp-content\/uploads\/2025\/10\/IMG_20251013_075251-451x1536.jpg 451w, https:\/\/vtest1.college-lapierre.fr\/wp-content\/uploads\/2025\/10\/IMG_20251013_075251-602x2048.jpg 602w, https:\/\/vtest1.college-lapierre.fr\/wp-content\/uploads\/2025\/10\/IMG_20251013_075251-scaled.jpg 752w\" sizes=\"auto, (max-width: 301px) 100vw, 301px\" \/><\/figure>\n<!-- \/wp:image -->\n\n<!-- wp:image {\"id\":11598,\"sizeSlug\":\"large\",\"linkDestination\":\"none\"} -->\n<figure class=\"wp-block-image size-large\"><img loading=\"lazy\" decoding=\"async\" width=\"768\" height=\"1024\" src=\"https:\/\/vtest1.college-lapierre.fr\/wp-content\/uploads\/2025\/10\/IMG_20251013_173815-768x1024.jpg\" alt=\"\" class=\"wp-image-11598\" srcset=\"https:\/\/vtest1.college-lapierre.fr\/wp-content\/uploads\/2025\/10\/IMG_20251013_173815-768x1024.jpg 768w, https:\/\/vtest1.college-lapierre.fr\/wp-content\/uploads\/2025\/10\/IMG_20251013_173815-225x300.jpg 225w, https:\/\/vtest1.college-lapierre.fr\/wp-content\/uploads\/2025\/10\/IMG_20251013_173815-1152x1536.jpg 1152w, https:\/\/vtest1.college-lapierre.fr\/wp-content\/uploads\/2025\/10\/IMG_20251013_173815-1536x2048.jpg 1536w, https:\/\/vtest1.college-lapierre.fr\/wp-content\/uploads\/2025\/10\/IMG_20251013_173815-scaled.jpg 1920w\" sizes=\"auto, (max-width: 768px) 100vw, 768px\" \/><figcaption class=\"wp-element-caption\">Une participation des adultes comme des \u00e9l\u00e8ves! <\/figcaption><\/figure>\n<!-- \/wp:image -->\n\n<!-- wp:paragraph -->\n<p>Les \u00e9l\u00e8ves ont pu s&rsquo;essayer \u00e0 un rallye culturel. A l&rsquo;aide des affiches positionn\u00e9es dans le coll\u00e8ge, ils avaient un quiz \u00e0 remplir pour en apprendre davantage sur l&rsquo;Histoire de la colonisation et le rayonnement de l&rsquo;espagnol. De nombreux volontaires ont rendu leurs fiches en \u00e9change d&rsquo;une petite r\u00e9compense! <\/p>\n<!-- \/wp:paragraph -->\n\n<!-- wp:image {\"id\":11608,\"sizeSlug\":\"large\",\"linkDestination\":\"none\"} -->\n<figure class=\"wp-block-image size-large\"><img loading=\"lazy\" decoding=\"async\" width=\"768\" height=\"1024\" src=\"https:\/\/vtest1.college-lapierre.fr\/wp-content\/uploads\/2025\/10\/IMG20251016100107-768x1024.jpg\" alt=\"\" class=\"wp-image-11608\" srcset=\"https:\/\/vtest1.college-lapierre.fr\/wp-content\/uploads\/2025\/10\/IMG20251016100107-768x1024.jpg 768w, https:\/\/vtest1.college-lapierre.fr\/wp-content\/uploads\/2025\/10\/IMG20251016100107-225x300.jpg 225w, https:\/\/vtest1.college-lapierre.fr\/wp-content\/uploads\/2025\/10\/IMG20251016100107-1152x1536.jpg 1152w, https:\/\/vtest1.college-lapierre.fr\/wp-content\/uploads\/2025\/10\/IMG20251016100107-1536x2048.jpg 1536w, https:\/\/vtest1.college-lapierre.fr\/wp-content\/uploads\/2025\/10\/IMG20251016100107-scaled.jpg 1920w\" sizes=\"auto, (max-width: 768px) 100vw, 768px\" \/><\/figure>\n<!-- \/wp:image -->\n\n<!-- wp:paragraph -->\n<p>Sur la pause m\u00e9ridienne, des ateliers jeux ont \u00e9t\u00e9 propos\u00e9s sur fond musical et au rythme de la \u00ab\u00a0musique des jeunes\u00a0\u00bb comme nous l&rsquo;a fait remarquer une \u00e9l\u00e8ve de 5e! M\u00eame la sonnerie a retenti en espagnol ce lundi! <\/p>\n<!-- \/wp:paragraph -->\n\n<!-- wp:image {\"id\":11603,\"sizeSlug\":\"large\",\"linkDestination\":\"none\"} -->\n<figure class=\"wp-block-image size-large\"><img loading=\"lazy\" decoding=\"async\" width=\"768\" height=\"1024\" src=\"https:\/\/vtest1.college-lapierre.fr\/wp-content\/uploads\/2025\/10\/IMG_20251013_174427-768x1024.jpg\" alt=\"\" class=\"wp-image-11603\" srcset=\"https:\/\/vtest1.college-lapierre.fr\/wp-content\/uploads\/2025\/10\/IMG_20251013_174427-768x1024.jpg 768w, https:\/\/vtest1.college-lapierre.fr\/wp-content\/uploads\/2025\/10\/IMG_20251013_174427-225x300.jpg 225w, https:\/\/vtest1.college-lapierre.fr\/wp-content\/uploads\/2025\/10\/IMG_20251013_174427-1152x1536.jpg 1152w, https:\/\/vtest1.college-lapierre.fr\/wp-content\/uploads\/2025\/10\/IMG_20251013_174427-1536x2048.jpg 1536w, https:\/\/vtest1.college-lapierre.fr\/wp-content\/uploads\/2025\/10\/IMG_20251013_174427-scaled.jpg 1920w\" sizes=\"auto, (max-width: 768px) 100vw, 768px\" \/><\/figure>\n<!-- \/wp:image -->\n\n<!-- wp:paragraph -->\n<p> M\u00e9mory, dobble, puzzle, chants&#8230;des activit\u00e9s ludiques qui ont rencontr\u00e9 un franc succ\u00e8s. Bravo et merci aux \u00e9l\u00e8ves volontaires qui ont tenu les stands. Merci \u00e0 tous les participants d&rsquo;avoir respect\u00e9 le mat\u00e9riel, les r\u00e8gles et le principe. C&rsquo;est une belle r\u00e9ussite qui donne envie de recommencer!<\/p>\n<!-- \/wp:paragraph -->\n\n<!-- wp:image {\"id\":11602,\"sizeSlug\":\"large\",\"linkDestination\":\"none\"} -->\n<figure class=\"wp-block-image size-large\"><img loading=\"lazy\" decoding=\"async\" width=\"768\" height=\"1024\" src=\"https:\/\/vtest1.college-lapierre.fr\/wp-content\/uploads\/2025\/10\/IMG_20251013_173855-768x1024.jpg\" alt=\"\" class=\"wp-image-11602\" srcset=\"https:\/\/vtest1.college-lapierre.fr\/wp-content\/uploads\/2025\/10\/IMG_20251013_173855-768x1024.jpg 768w, https:\/\/vtest1.college-lapierre.fr\/wp-content\/uploads\/2025\/10\/IMG_20251013_173855-225x300.jpg 225w, https:\/\/vtest1.college-lapierre.fr\/wp-content\/uploads\/2025\/10\/IMG_20251013_173855-1152x1536.jpg 1152w, https:\/\/vtest1.college-lapierre.fr\/wp-content\/uploads\/2025\/10\/IMG_20251013_173855-1536x2048.jpg 1536w, https:\/\/vtest1.college-lapierre.fr\/wp-content\/uploads\/2025\/10\/IMG_20251013_173855-scaled.jpg 1920w\" sizes=\"auto, (max-width: 768px) 100vw, 768px\" \/><figcaption class=\"wp-element-caption\">Atelier m\u00e9mory \u00ab\u00a0los transportes\u00a0\u00bb<\/figcaption><\/figure>\n<!-- \/wp:image -->\n\n<!-- wp:image {\"id\":11601,\"sizeSlug\":\"large\",\"linkDestination\":\"none\"} -->\n<figure class=\"wp-block-image size-large\"><img loading=\"lazy\" decoding=\"async\" width=\"821\" height=\"1024\" src=\"https:\/\/vtest1.college-lapierre.fr\/wp-content\/uploads\/2025\/10\/IMG_20251013_174523-821x1024.jpg\" alt=\"\" class=\"wp-image-11601\" srcset=\"https:\/\/vtest1.college-lapierre.fr\/wp-content\/uploads\/2025\/10\/IMG_20251013_174523-821x1024.jpg 821w, https:\/\/vtest1.college-lapierre.fr\/wp-content\/uploads\/2025\/10\/IMG_20251013_174523-240x300.jpg 240w, https:\/\/vtest1.college-lapierre.fr\/wp-content\/uploads\/2025\/10\/IMG_20251013_174523-768x958.jpg 768w, https:\/\/vtest1.college-lapierre.fr\/wp-content\/uploads\/2025\/10\/IMG_20251013_174523-1231x1536.jpg 1231w, https:\/\/vtest1.college-lapierre.fr\/wp-content\/uploads\/2025\/10\/IMG_20251013_174523-1641x2048.jpg 1641w\" sizes=\"auto, (max-width: 821px) 100vw, 821px\" \/><figcaption class=\"wp-element-caption\">R\u00e9vision ludique: le vocabulaire de la ferme (la granja)<\/figcaption><\/figure>\n<!-- \/wp:image -->\n\n<!-- wp:image {\"id\":11599,\"sizeSlug\":\"large\",\"linkDestination\":\"none\"} -->\n<figure class=\"wp-block-image size-large\"><img loading=\"lazy\" decoding=\"async\" width=\"768\" height=\"1024\" src=\"https:\/\/vtest1.college-lapierre.fr\/wp-content\/uploads\/2025\/10\/IMG20251013130926-768x1024.jpg\" alt=\"\" class=\"wp-image-11599\" srcset=\"https:\/\/vtest1.college-lapierre.fr\/wp-content\/uploads\/2025\/10\/IMG20251013130926-768x1024.jpg 768w, https:\/\/vtest1.college-lapierre.fr\/wp-content\/uploads\/2025\/10\/IMG20251013130926-225x300.jpg 225w, https:\/\/vtest1.college-lapierre.fr\/wp-content\/uploads\/2025\/10\/IMG20251013130926-1152x1536.jpg 1152w, https:\/\/vtest1.college-lapierre.fr\/wp-content\/uploads\/2025\/10\/IMG20251013130926-1536x2048.jpg 1536w, https:\/\/vtest1.college-lapierre.fr\/wp-content\/uploads\/2025\/10\/IMG20251013130926-scaled.jpg 1920w\" sizes=\"auto, (max-width: 768px) 100vw, 768px\" \/><\/figure>\n<!-- \/wp:image -->\n\n<!-- wp:image {\"id\":11597,\"sizeSlug\":\"large\",\"linkDestination\":\"none\"} -->\n<figure class=\"wp-block-image size-large\"><img loading=\"lazy\" decoding=\"async\" width=\"768\" height=\"1024\" src=\"https:\/\/vtest1.college-lapierre.fr\/wp-content\/uploads\/2025\/10\/IMG20251013130107-768x1024.jpg\" alt=\"\" class=\"wp-image-11597\" srcset=\"https:\/\/vtest1.college-lapierre.fr\/wp-content\/uploads\/2025\/10\/IMG20251013130107-768x1024.jpg 768w, https:\/\/vtest1.college-lapierre.fr\/wp-content\/uploads\/2025\/10\/IMG20251013130107-225x300.jpg 225w, https:\/\/vtest1.college-lapierre.fr\/wp-content\/uploads\/2025\/10\/IMG20251013130107-1152x1536.jpg 1152w, https:\/\/vtest1.college-lapierre.fr\/wp-content\/uploads\/2025\/10\/IMG20251013130107-1536x2048.jpg 1536w, https:\/\/vtest1.college-lapierre.fr\/wp-content\/uploads\/2025\/10\/IMG20251013130107-scaled.jpg 1920w\" sizes=\"auto, (max-width: 768px) 100vw, 768px\" \/><figcaption class=\"wp-element-caption\">Atelier puzzle: Retrouve les autonomies espagnoles!<\/figcaption><\/figure>\n<!-- \/wp:image -->\n\n<!-- wp:paragraph -->\n<p>Les coll\u00e8gues ont mis leur savoir et leur talent au service de cette journ\u00e9e, certains avec guitare et voix, d&rsquo;autres en incluant une th\u00e9matique hispanique dans leurs cours. En classe par exemple, les latinistes ont fait des ponts entre les deux langues, en espagnol, ils ont pu visionner les c\u00e9l\u00e9brations  de la veille \u00e0 Madrid ou encore faire de petites activit\u00e9s telles que les coloriages magiques (5E, apprentissage des couleurs) ou des mots m\u00eal\u00e9s sur le th\u00e8me de la \u00ab\u00a0conquista\u00a0\u00bb et de la \u00ab\u00a0hispanidad\u00a0\u00bb, voir l&rsquo;exposition plac\u00e9e \u00e0 l&rsquo;agora&#8230;<\/p>\n<!-- \/wp:paragraph -->\n\n<!-- wp:image {\"id\":11600,\"sizeSlug\":\"large\",\"linkDestination\":\"none\"} -->\n<figure class=\"wp-block-image size-large\"><img loading=\"lazy\" decoding=\"async\" width=\"1024\" height=\"768\" src=\"https:\/\/vtest1.college-lapierre.fr\/wp-content\/uploads\/2025\/10\/IMG_20251013_173711-1024x768.jpg\" alt=\"\" class=\"wp-image-11600\" srcset=\"https:\/\/vtest1.college-lapierre.fr\/wp-content\/uploads\/2025\/10\/IMG_20251013_173711-1024x768.jpg 1024w, https:\/\/vtest1.college-lapierre.fr\/wp-content\/uploads\/2025\/10\/IMG_20251013_173711-300x225.jpg 300w, https:\/\/vtest1.college-lapierre.fr\/wp-content\/uploads\/2025\/10\/IMG_20251013_173711-768x576.jpg 768w, https:\/\/vtest1.college-lapierre.fr\/wp-content\/uploads\/2025\/10\/IMG_20251013_173711-1536x1152.jpg 1536w, https:\/\/vtest1.college-lapierre.fr\/wp-content\/uploads\/2025\/10\/IMG_20251013_173711-2048x1536.jpg 2048w\" sizes=\"auto, (max-width: 1024px) 100vw, 1024px\" \/><figcaption class=\"wp-element-caption\">A cantar! quand le prof d&rsquo;anglais chante espagnol! \ud83d\ude0b <\/figcaption><\/figure>\n<!-- \/wp:image -->\n\n<!-- wp:image {\"id\":11619,\"sizeSlug\":\"large\",\"linkDestination\":\"none\"} -->\n<figure class=\"wp-block-image size-large\"><img loading=\"lazy\" decoding=\"async\" width=\"1024\" height=\"460\" src=\"https:\/\/vtest1.college-lapierre.fr\/wp-content\/uploads\/2025\/10\/IMG_20251019_090000-1024x460.jpg\" alt=\"\" class=\"wp-image-11619\" srcset=\"https:\/\/vtest1.college-lapierre.fr\/wp-content\/uploads\/2025\/10\/IMG_20251019_090000-1024x460.jpg 1024w, https:\/\/vtest1.college-lapierre.fr\/wp-content\/uploads\/2025\/10\/IMG_20251019_090000-300x135.jpg 300w, https:\/\/vtest1.college-lapierre.fr\/wp-content\/uploads\/2025\/10\/IMG_20251019_090000-768x345.jpg 768w, https:\/\/vtest1.college-lapierre.fr\/wp-content\/uploads\/2025\/10\/IMG_20251019_090000-1536x691.jpg 1536w, https:\/\/vtest1.college-lapierre.fr\/wp-content\/uploads\/2025\/10\/IMG_20251019_090000-2048x921.jpg 2048w\" sizes=\"auto, (max-width: 1024px) 100vw, 1024px\" \/><\/figure>\n<!-- \/wp:image -->\n\n<!-- wp:image {\"id\":11609,\"sizeSlug\":\"large\",\"linkDestination\":\"none\"} -->\n<figure class=\"wp-block-image size-large\"><img loading=\"lazy\" decoding=\"async\" width=\"768\" height=\"1024\" src=\"https:\/\/vtest1.college-lapierre.fr\/wp-content\/uploads\/2025\/10\/IMG20251016095142-768x1024.jpg\" alt=\"\" class=\"wp-image-11609\" srcset=\"https:\/\/vtest1.college-lapierre.fr\/wp-content\/uploads\/2025\/10\/IMG20251016095142-768x1024.jpg 768w, https:\/\/vtest1.college-lapierre.fr\/wp-content\/uploads\/2025\/10\/IMG20251016095142-225x300.jpg 225w, https:\/\/vtest1.college-lapierre.fr\/wp-content\/uploads\/2025\/10\/IMG20251016095142-1152x1536.jpg 1152w, https:\/\/vtest1.college-lapierre.fr\/wp-content\/uploads\/2025\/10\/IMG20251016095142-1536x2048.jpg 1536w, https:\/\/vtest1.college-lapierre.fr\/wp-content\/uploads\/2025\/10\/IMG20251016095142-scaled.jpg 1920w\" sizes=\"auto, (max-width: 768px) 100vw, 768px\" \/><figcaption class=\"wp-element-caption\">Exposition culturelle dans l&rsquo;agora<\/figcaption><\/figure>\n<!-- \/wp:image -->\n\n<!-- wp:paragraph -->\n<p>Le chef et son \u00e9quipe nous ont r\u00e9gal\u00e9s avec un excellent menu, tr\u00e8s bien cuisin\u00e9 et servi avec le sourire et des personnels et une cantine largement dans le th\u00e8me! (calots, d\u00e9co, nappes&#8230;)<\/p>\n<!-- \/wp:paragraph -->\n\n<!-- wp:image {\"id\":11614,\"sizeSlug\":\"large\",\"linkDestination\":\"none\"} -->\n<figure class=\"wp-block-image size-large\"><img loading=\"lazy\" decoding=\"async\" width=\"1024\" height=\"768\" src=\"https:\/\/vtest1.college-lapierre.fr\/wp-content\/uploads\/2025\/10\/IMG20251011084822-1024x768.jpg\" alt=\"\" class=\"wp-image-11614\" srcset=\"https:\/\/vtest1.college-lapierre.fr\/wp-content\/uploads\/2025\/10\/IMG20251011084822-1024x768.jpg 1024w, https:\/\/vtest1.college-lapierre.fr\/wp-content\/uploads\/2025\/10\/IMG20251011084822-300x225.jpg 300w, https:\/\/vtest1.college-lapierre.fr\/wp-content\/uploads\/2025\/10\/IMG20251011084822-768x576.jpg 768w, https:\/\/vtest1.college-lapierre.fr\/wp-content\/uploads\/2025\/10\/IMG20251011084822-1536x1152.jpg 1536w, https:\/\/vtest1.college-lapierre.fr\/wp-content\/uploads\/2025\/10\/IMG20251011084822-2048x1536.jpg 2048w\" sizes=\"auto, (max-width: 1024px) 100vw, 1024px\" \/><\/figure>\n<!-- \/wp:image -->\n\n<!-- wp:image {\"id\":11616,\"sizeSlug\":\"large\",\"linkDestination\":\"none\"} -->\n<figure class=\"wp-block-image size-large\"><img loading=\"lazy\" decoding=\"async\" width=\"768\" height=\"1024\" src=\"https:\/\/vtest1.college-lapierre.fr\/wp-content\/uploads\/2025\/10\/IMG20251011084836-768x1024.jpg\" alt=\"\" class=\"wp-image-11616\" srcset=\"https:\/\/vtest1.college-lapierre.fr\/wp-content\/uploads\/2025\/10\/IMG20251011084836-768x1024.jpg 768w, https:\/\/vtest1.college-lapierre.fr\/wp-content\/uploads\/2025\/10\/IMG20251011084836-225x300.jpg 225w, https:\/\/vtest1.college-lapierre.fr\/wp-content\/uploads\/2025\/10\/IMG20251011084836-1152x1536.jpg 1152w, https:\/\/vtest1.college-lapierre.fr\/wp-content\/uploads\/2025\/10\/IMG20251011084836-1536x2048.jpg 1536w, https:\/\/vtest1.college-lapierre.fr\/wp-content\/uploads\/2025\/10\/IMG20251011084836-scaled.jpg 1920w\" sizes=\"auto, (max-width: 768px) 100vw, 768px\" \/><\/figure>\n<!-- \/wp:image -->\n\n<!-- wp:gallery {\"linkTo\":\"none\"} -->\n<figure class=\"wp-block-gallery has-nested-images columns-default is-cropped\"><!-- wp:image {\"id\":11605,\"sizeSlug\":\"large\",\"linkDestination\":\"none\"} -->\n<figure class=\"wp-block-image size-large\"><img loading=\"lazy\" decoding=\"async\" width=\"768\" height=\"1024\" src=\"https:\/\/vtest1.college-lapierre.fr\/wp-content\/uploads\/2025\/10\/IMG20251013120051-768x1024.jpg\" alt=\"\" class=\"wp-image-11605\" srcset=\"https:\/\/vtest1.college-lapierre.fr\/wp-content\/uploads\/2025\/10\/IMG20251013120051-768x1024.jpg 768w, https:\/\/vtest1.college-lapierre.fr\/wp-content\/uploads\/2025\/10\/IMG20251013120051-225x300.jpg 225w, https:\/\/vtest1.college-lapierre.fr\/wp-content\/uploads\/2025\/10\/IMG20251013120051-1152x1536.jpg 1152w, https:\/\/vtest1.college-lapierre.fr\/wp-content\/uploads\/2025\/10\/IMG20251013120051-1536x2048.jpg 1536w, https:\/\/vtest1.college-lapierre.fr\/wp-content\/uploads\/2025\/10\/IMG20251013120051-scaled.jpg 1920w\" sizes=\"auto, (max-width: 768px) 100vw, 768px\" \/><\/figure>\n<!-- \/wp:image --><\/figure>\n<!-- \/wp:gallery -->\n\n<!-- wp:image {\"id\":11606,\"sizeSlug\":\"large\",\"linkDestination\":\"none\"} -->\n<figure class=\"wp-block-image size-large\"><img loading=\"lazy\" decoding=\"async\" width=\"768\" height=\"1024\" src=\"https:\/\/vtest1.college-lapierre.fr\/wp-content\/uploads\/2025\/10\/IMG20251013121326-768x1024.jpg\" alt=\"\" class=\"wp-image-11606\" srcset=\"https:\/\/vtest1.college-lapierre.fr\/wp-content\/uploads\/2025\/10\/IMG20251013121326-768x1024.jpg 768w, https:\/\/vtest1.college-lapierre.fr\/wp-content\/uploads\/2025\/10\/IMG20251013121326-225x300.jpg 225w, https:\/\/vtest1.college-lapierre.fr\/wp-content\/uploads\/2025\/10\/IMG20251013121326-1152x1536.jpg 1152w, https:\/\/vtest1.college-lapierre.fr\/wp-content\/uploads\/2025\/10\/IMG20251013121326-1536x2048.jpg 1536w, https:\/\/vtest1.college-lapierre.fr\/wp-content\/uploads\/2025\/10\/IMG20251013121326-scaled.jpg 1920w\" sizes=\"auto, (max-width: 768px) 100vw, 768px\" \/><\/figure>\n<!-- \/wp:image -->\n\n<!-- wp:image {\"id\":11607,\"sizeSlug\":\"large\",\"linkDestination\":\"none\"} -->\n<figure class=\"wp-block-image size-large\"><img loading=\"lazy\" decoding=\"async\" width=\"768\" height=\"1024\" src=\"https:\/\/vtest1.college-lapierre.fr\/wp-content\/uploads\/2025\/10\/IMG_20251013_174043-768x1024.jpg\" alt=\"\" class=\"wp-image-11607\" srcset=\"https:\/\/vtest1.college-lapierre.fr\/wp-content\/uploads\/2025\/10\/IMG_20251013_174043-768x1024.jpg 768w, https:\/\/vtest1.college-lapierre.fr\/wp-content\/uploads\/2025\/10\/IMG_20251013_174043-225x300.jpg 225w, https:\/\/vtest1.college-lapierre.fr\/wp-content\/uploads\/2025\/10\/IMG_20251013_174043-1152x1536.jpg 1152w, https:\/\/vtest1.college-lapierre.fr\/wp-content\/uploads\/2025\/10\/IMG_20251013_174043-1536x2048.jpg 1536w, https:\/\/vtest1.college-lapierre.fr\/wp-content\/uploads\/2025\/10\/IMG_20251013_174043-scaled.jpg 1920w\" sizes=\"auto, (max-width: 768px) 100vw, 768px\" \/><figcaption class=\"wp-element-caption\">Tapas, paella et cr\u00e8me catalane pour r\u00e9galer petits et grands! <\/figcaption><\/figure>\n<!-- \/wp:image -->\n\n<!-- wp:gallery {\"linkTo\":\"none\"} -->\n<figure class=\"wp-block-gallery has-nested-images columns-default is-cropped\"><!-- wp:image {\"id\":11624,\"sizeSlug\":\"large\",\"linkDestination\":\"none\"} -->\n<figure class=\"wp-block-image size-large\"><img loading=\"lazy\" decoding=\"async\" width=\"768\" height=\"1024\" src=\"https:\/\/vtest1.college-lapierre.fr\/wp-content\/uploads\/2025\/10\/IMG_20251019_085826-1-768x1024.jpg\" alt=\"\" class=\"wp-image-11624\" srcset=\"https:\/\/vtest1.college-lapierre.fr\/wp-content\/uploads\/2025\/10\/IMG_20251019_085826-1-768x1024.jpg 768w, https:\/\/vtest1.college-lapierre.fr\/wp-content\/uploads\/2025\/10\/IMG_20251019_085826-1-225x300.jpg 225w, https:\/\/vtest1.college-lapierre.fr\/wp-content\/uploads\/2025\/10\/IMG_20251019_085826-1-1152x1536.jpg 1152w, https:\/\/vtest1.college-lapierre.fr\/wp-content\/uploads\/2025\/10\/IMG_20251019_085826-1.jpg 1536w\" sizes=\"auto, (max-width: 768px) 100vw, 768px\" \/><\/figure>\n<!-- \/wp:image --><\/figure>\n<!-- \/wp:gallery -->\n\n<!-- wp:paragraph -->\n<p>Une premi\u00e8re \u00e9dition r\u00e9ussie gr\u00e2ce \u00e0 l&rsquo;engagement de tous! Un grand merci! <\/p>\n<!-- \/wp:paragraph -->\n\n<!-- wp:paragraph -->\n<p><\/p>\n<!-- \/wp:paragraph -->\n\n<!-- wp:paragraph -->\n<p><\/p>\n<!-- \/wp:paragraph -->\n\n<!-- wp:paragraph -->\n<p><\/p>\n<!-- \/wp:paragraph --><\/div><\/li>\n<li><div class=\"wp-block-latest-posts__featured-image\"><img loading=\"lazy\" decoding=\"async\" width=\"150\" height=\"150\" src=\"https:\/\/vtest1.college-lapierre.fr\/wp-content\/uploads\/2025\/10\/IMG20251007132506-1-150x150.jpg\" class=\"attachment-thumbnail size-thumbnail wp-post-image\" alt=\"\" style=\"\" \/><\/div><a class=\"wp-block-latest-posts__post-title\" href=\"https:\/\/vtest1.college-lapierre.fr\/?p=11580\">Les chuchoteurs sont arriv\u00e9s!<\/a><div class=\"wp-block-latest-posts__post-author\">par A.CIRIGNANO<\/div><time datetime=\"2025-10-11T07:47:07+02:00\" class=\"wp-block-latest-posts__post-date\">11\/10\/2025<\/time><div class=\"wp-block-latest-posts__post-full-content\"><!-- wp:paragraph -->\n<p>Petite nouveaut\u00e9 dans la salle 110 d&rsquo;espagnol! Les chuchoteurs sont arriv\u00e9s! Mais k\u00e9sako? <\/p>\n<!-- \/wp:paragraph -->\n\n<!-- wp:paragraph -->\n<p>Ils ressemblent \u00e0 de petits combin\u00e9s \u00e0 l&rsquo;ancienne. Ils permettent de s&rsquo;entendre de fa\u00e7on amplifi\u00e9e et facilitent la lecture \u00e0 haute voix! <\/p>\n<!-- \/wp:paragraph -->\n\n<!-- wp:image {\"id\":11581,\"sizeSlug\":\"large\",\"linkDestination\":\"none\"} -->\n<figure class=\"wp-block-image size-large\"><img loading=\"lazy\" decoding=\"async\" width=\"768\" height=\"1024\" src=\"https:\/\/vtest1.college-lapierre.fr\/wp-content\/uploads\/2025\/10\/IMG20251006174238-768x1024.jpg\" alt=\"\" class=\"wp-image-11581\" srcset=\"https:\/\/vtest1.college-lapierre.fr\/wp-content\/uploads\/2025\/10\/IMG20251006174238-768x1024.jpg 768w, https:\/\/vtest1.college-lapierre.fr\/wp-content\/uploads\/2025\/10\/IMG20251006174238-225x300.jpg 225w, https:\/\/vtest1.college-lapierre.fr\/wp-content\/uploads\/2025\/10\/IMG20251006174238-1152x1536.jpg 1152w, https:\/\/vtest1.college-lapierre.fr\/wp-content\/uploads\/2025\/10\/IMG20251006174238-1536x2048.jpg 1536w, https:\/\/vtest1.college-lapierre.fr\/wp-content\/uploads\/2025\/10\/IMG20251006174238-scaled.jpg 1920w\" sizes=\"auto, (max-width: 768px) 100vw, 768px\" \/><\/figure>\n<!-- \/wp:image -->\n\n<!-- wp:paragraph -->\n<p>Plut\u00f4t utilis\u00e9s en \u00e9l\u00e9mentaire lors de l&rsquo;apprentissage de la lecture, ils sont aussi les bienvenus en cours de langue, notamment pour les plus jeunes \u00e9l\u00e8ves qui d\u00e9couvrent les sonorit\u00e9s, la prononciation et donc la lecture en espagnol. <\/p>\n<!-- \/wp:paragraph -->\n\n<!-- wp:paragraph -->\n<p>Il est en effet conseill\u00e9 d&rsquo;oraliser la lecture pour bien comprendre. Mais en groupe, cela peut vite devenir bruyant! Un nouvel outil ludique donc, pour permettre \u00e0 tous de progresser! <\/p>\n<!-- \/wp:paragraph -->\n\n<!-- wp:image {\"id\":11582,\"sizeSlug\":\"large\",\"linkDestination\":\"none\"} -->\n<figure class=\"wp-block-image size-large\"><img loading=\"lazy\" decoding=\"async\" width=\"768\" height=\"1024\" src=\"https:\/\/vtest1.college-lapierre.fr\/wp-content\/uploads\/2025\/10\/IMG20251007132506-768x1024.jpg\" alt=\"\" class=\"wp-image-11582\" srcset=\"https:\/\/vtest1.college-lapierre.fr\/wp-content\/uploads\/2025\/10\/IMG20251007132506-768x1024.jpg 768w, https:\/\/vtest1.college-lapierre.fr\/wp-content\/uploads\/2025\/10\/IMG20251007132506-225x300.jpg 225w, https:\/\/vtest1.college-lapierre.fr\/wp-content\/uploads\/2025\/10\/IMG20251007132506-1152x1536.jpg 1152w, https:\/\/vtest1.college-lapierre.fr\/wp-content\/uploads\/2025\/10\/IMG20251007132506-1536x2048.jpg 1536w, https:\/\/vtest1.college-lapierre.fr\/wp-content\/uploads\/2025\/10\/IMG20251007132506-scaled.jpg 1920w\" sizes=\"auto, (max-width: 768px) 100vw, 768px\" \/><\/figure>\n<!-- \/wp:image -->\n\n<!-- wp:paragraph -->\n<p>La biblioth\u00e8que de classe rev\u00eat un nouvel attrait gr\u00e2ce \u00e0 ces petits bouts de rien color\u00e9s et \u00e0 cet exercice qui, en plus fait sourire les \u00e9l\u00e8ves! <\/p>\n<!-- \/wp:paragraph -->\n\n<!-- wp:paragraph -->\n<p>C&rsquo;est amusant de lire en chuchotant dans un appareil comme avant!<\/p>\n<!-- \/wp:paragraph -->\n\n<!-- wp:paragraph -->\n<p><\/p>\n<!-- \/wp:paragraph --><\/div><\/li>\n<li><div class=\"wp-block-latest-posts__featured-image\"><img loading=\"lazy\" decoding=\"async\" width=\"150\" height=\"150\" src=\"https:\/\/vtest1.college-lapierre.fr\/wp-content\/uploads\/2025\/10\/pre-vente-chocolats-150x150.jpg\" class=\"attachment-thumbnail size-thumbnail wp-post-image\" alt=\"\" style=\"\" \/><\/div><a class=\"wp-block-latest-posts__post-title\" href=\"https:\/\/vtest1.college-lapierre.fr\/?p=11569\">Vente des chocolats pour No\u00ebl 2025 !<\/a><div class=\"wp-block-latest-posts__post-author\">par PJ CABANEL<\/div><time datetime=\"2025-10-07T09:02:46+02:00\" class=\"wp-block-latest-posts__post-date\">07\/10\/2025<\/time><div class=\"wp-block-latest-posts__post-full-content\"><!-- wp:paragraph -->\n<p>Bonjour \u00e0 tous,<br>\u00a0<br>C&rsquo;est le retour de la vente des chocolats pour No\u00ebl 2025 !<br>Cette ann\u00e9e, ce sont tous les \u00e9l\u00e8ves de 4\u00e8me qui seront en charge de vendre les chocolats. Certains<br>ont d\u00e9j\u00e0 re\u00e7us les catalogues et des bons de commandes et ne vont pas tarder \u00e0 venir vous solliciter.<br>Comme l&rsquo;ann\u00e9e derni\u00e8re, vous pourrez commander soit:<br>\u00a0 \u00a0 \u00a0 \u00a0 \u00a0 \u00a0 \u00a0 \u00a0&#8211; en remplissant un bon de commande papier ( <strong>paiement par ch\u00e8que \u00e0 l&rsquo;ordre du FSE<br>Coll\u00e8ge Lapierre<\/strong>\u00a0 ou <strong>paiement en esp\u00e8ces, avec l&rsquo;appoint<\/strong>, les \u00e9l\u00e8ves n&rsquo;ont pas de monnaie pour faire<br>le change)\u00a0\u00a0<br>\u00a0 \u00a0 \u00a0 \u00a0 \u00a0 \u00a0 \u00a0 &#8211; <strong>en commandant directement sur le site asso.initiatives. fr<\/strong>\u00a0 ( rentrer le code <strong>YNUVIH<\/strong>)\u00a0<br>(paiement en carte bancaire) en cliquant sur le lien suivant\u00a0 <a href=\"https:\/\/asso.initiatives.fr\/boutique\">https:\/\/asso.initiatives.fr\/boutique<\/a><br>\u00a0<br><span style=\"text-decoration: underline\">Pour rappel :<\/span> les b\u00e9n\u00e9fices de la vente sont vers\u00e9s au <strong>Foyer Socio-\u00e9ducatif du coll\u00e8ge<\/strong> pour financer<br><strong>les divers projets<\/strong> et notamment <strong><span style=\"text-decoration: underline\">le s\u00e9jour en Irlande de cette ann\u00e9e scolaire<\/span><\/strong>.<br>\u00a0<br>Alors, avis aux gourmands, faites vous plaisir ou faites plaisir \u00e0 vos familles et amis en leur offrant<br>des chocolats ! Pour ceux qui travaillent dans des entreprises, n&rsquo;h\u00e9sitez pas \u00e0 en parler \u00e0 vos<br>employeurs ou comit\u00e9s d&rsquo;entreprises.<br>\u00a0<br>Nous vous remercions pour votre g\u00e9n\u00e9rosit\u00e9 et votre aide.<br>\u00a0<br>L&rsquo;\u00e9quipe du S\u00e9jour en Irlande.<\/p>\n<!-- \/wp:paragraph -->\n\n<!-- wp:paragraph {\"fontSize\":\"large\"} -->\n<p class=\"has-large-font-size\"><a href=\"https:\/\/asso.initiatives.fr\/boutique\"><strong>https:\/\/asso.initiatives.fr\/boutique<\/strong><\/a><\/p>\n<!-- \/wp:paragraph -->\n\n<!-- wp:paragraph {\"fontSize\":\"large\"} -->\n<p class=\"has-large-font-size\">Code : <strong>YNUVIH<\/strong><\/p>\n<!-- \/wp:paragraph -->\n\n<!-- wp:image {\"id\":11570,\"sizeSlug\":\"full\",\"linkDestination\":\"none\"} -->\n<figure class=\"wp-block-image size-full\"><img loading=\"lazy\" decoding=\"async\" width=\"550\" height=\"270\" src=\"https:\/\/vtest1.college-lapierre.fr\/wp-content\/uploads\/2025\/10\/ccm-etape-4.jpg\" alt=\"\" class=\"wp-image-11570\" srcset=\"https:\/\/vtest1.college-lapierre.fr\/wp-content\/uploads\/2025\/10\/ccm-etape-4.jpg 550w, https:\/\/vtest1.college-lapierre.fr\/wp-content\/uploads\/2025\/10\/ccm-etape-4-300x147.jpg 300w\" sizes=\"auto, (max-width: 550px) 100vw, 550px\" \/><\/figure>\n<!-- \/wp:image --><\/div><\/li>\n<li><div class=\"wp-block-latest-posts__featured-image\"><img loading=\"lazy\" decoding=\"async\" width=\"150\" height=\"150\" src=\"https:\/\/vtest1.college-lapierre.fr\/wp-content\/uploads\/2025\/10\/Semaine-du-collectif-150x150.png\" class=\"attachment-thumbnail size-thumbnail wp-post-image\" alt=\"\" style=\"\" \/><\/div><a class=\"wp-block-latest-posts__post-title\" href=\"https:\/\/vtest1.college-lapierre.fr\/?p=11531\">Semaine du collectif : 06 au 10 octobre 2025<\/a><div class=\"wp-block-latest-posts__post-author\">par PJ CABANEL<\/div><time datetime=\"2025-10-02T17:06:56+02:00\" class=\"wp-block-latest-posts__post-date\">02\/10\/2025<\/time><div class=\"wp-block-latest-posts__post-full-content\"><!-- wp:image {\"id\":11532,\"sizeSlug\":\"large\",\"linkDestination\":\"none\"} -->\n<figure class=\"wp-block-image size-large\"><img loading=\"lazy\" decoding=\"async\" width=\"1024\" height=\"724\" src=\"https:\/\/vtest1.college-lapierre.fr\/wp-content\/uploads\/2025\/10\/Semaine-du-collectif-1024x724.png\" alt=\"\" class=\"wp-image-11532\" srcset=\"https:\/\/vtest1.college-lapierre.fr\/wp-content\/uploads\/2025\/10\/Semaine-du-collectif-1024x724.png 1024w, https:\/\/vtest1.college-lapierre.fr\/wp-content\/uploads\/2025\/10\/Semaine-du-collectif-300x212.png 300w, https:\/\/vtest1.college-lapierre.fr\/wp-content\/uploads\/2025\/10\/Semaine-du-collectif-768x543.png 768w, https:\/\/vtest1.college-lapierre.fr\/wp-content\/uploads\/2025\/10\/Semaine-du-collectif-1536x1086.png 1536w, https:\/\/vtest1.college-lapierre.fr\/wp-content\/uploads\/2025\/10\/Semaine-du-collectif-2048x1448.png 2048w\" sizes=\"auto, (max-width: 1024px) 100vw, 1024px\" \/><\/figure>\n<!-- \/wp:image --><\/div><\/li>\n<li><div class=\"wp-block-latest-posts__featured-image\"><img loading=\"lazy\" decoding=\"async\" width=\"150\" height=\"150\" src=\"https:\/\/vtest1.college-lapierre.fr\/wp-content\/uploads\/2025\/09\/IMG_20250921_084622-150x150.jpg\" class=\"attachment-thumbnail size-thumbnail wp-post-image\" alt=\"\" style=\"\" \/><\/div><a class=\"wp-block-latest-posts__post-title\" href=\"https:\/\/vtest1.college-lapierre.fr\/?p=11509\">3e: Repasar &#8230; jugando. R\u00e9viser&#8230;en jouant!<\/a><div class=\"wp-block-latest-posts__post-author\">par A.CIRIGNANO<\/div><time datetime=\"2025-09-27T17:45:31+02:00\" class=\"wp-block-latest-posts__post-date\">27\/09\/2025<\/time><div class=\"wp-block-latest-posts__post-full-content\"><!-- wp:paragraph -->\n<p>La premi\u00e8re s\u00e9quence de 3e est consacr\u00e9e aux r\u00e9visions de l&rsquo;ann\u00e9e pr\u00e9c\u00e9dente pour une reprise en douceur! <\/p>\n<!-- \/wp:paragraph -->\n\n<!-- wp:paragraph -->\n<p>N\u00e9anmoins, le th\u00e8me choisi reste une nouveaut\u00e9 pour la plupart des \u00e9l\u00e8ves: le sport et les sportifs! <\/p>\n<!-- \/wp:paragraph -->\n\n<!-- wp:paragraph -->\n<p>Nous travaillons sur de nombreuses biographies de sportifs et apprenons \u00e9galement le vocabulaire li\u00e9 au sport! Pour assimiler mots et d\u00e9finitions, l&rsquo;heure de groupe a \u00e9t\u00e9 consacr\u00e9e \u00e0 des activit\u00e9s ludiques! De quoi les faire cogiter, chercher, s&rsquo;exprimer&#8230;<\/p>\n<!-- \/wp:paragraph -->\n\n<!-- wp:image {\"id\":11512,\"width\":\"621px\",\"height\":\"auto\",\"sizeSlug\":\"large\",\"linkDestination\":\"none\"} -->\n<figure class=\"wp-block-image size-large is-resized\"><img loading=\"lazy\" decoding=\"async\" width=\"768\" height=\"1024\" src=\"https:\/\/vtest1.college-lapierre.fr\/wp-content\/uploads\/2025\/09\/IMG_20250921_084504-768x1024.jpg\" alt=\"\" class=\"wp-image-11512\" style=\"width:621px;height:auto\" srcset=\"https:\/\/vtest1.college-lapierre.fr\/wp-content\/uploads\/2025\/09\/IMG_20250921_084504-768x1024.jpg 768w, https:\/\/vtest1.college-lapierre.fr\/wp-content\/uploads\/2025\/09\/IMG_20250921_084504-225x300.jpg 225w, https:\/\/vtest1.college-lapierre.fr\/wp-content\/uploads\/2025\/09\/IMG_20250921_084504-1152x1536.jpg 1152w, https:\/\/vtest1.college-lapierre.fr\/wp-content\/uploads\/2025\/09\/IMG_20250921_084504-1536x2048.jpg 1536w, https:\/\/vtest1.college-lapierre.fr\/wp-content\/uploads\/2025\/09\/IMG_20250921_084504-scaled.jpg 1920w\" sizes=\"auto, (max-width: 768px) 100vw, 768px\" \/><figcaption class=\"wp-element-caption\">Domino. On associe l&rsquo;image d&rsquo;un sport \u00e0 sa d\u00e9finition! <\/figcaption><\/figure>\n<!-- \/wp:image -->\n\n<!-- wp:image {\"id\":11513,\"width\":\"606px\",\"height\":\"auto\",\"sizeSlug\":\"large\",\"linkDestination\":\"none\"} -->\n<figure class=\"wp-block-image size-large is-resized\"><img loading=\"lazy\" decoding=\"async\" width=\"768\" height=\"1024\" src=\"https:\/\/vtest1.college-lapierre.fr\/wp-content\/uploads\/2025\/09\/IMG20250924113919-768x1024.jpg\" alt=\"\" class=\"wp-image-11513\" style=\"width:606px;height:auto\" srcset=\"https:\/\/vtest1.college-lapierre.fr\/wp-content\/uploads\/2025\/09\/IMG20250924113919-768x1024.jpg 768w, https:\/\/vtest1.college-lapierre.fr\/wp-content\/uploads\/2025\/09\/IMG20250924113919-225x300.jpg 225w, https:\/\/vtest1.college-lapierre.fr\/wp-content\/uploads\/2025\/09\/IMG20250924113919-1152x1536.jpg 1152w, https:\/\/vtest1.college-lapierre.fr\/wp-content\/uploads\/2025\/09\/IMG20250924113919-1536x2048.jpg 1536w, https:\/\/vtest1.college-lapierre.fr\/wp-content\/uploads\/2025\/09\/IMG20250924113919-scaled.jpg 1920w\" sizes=\"auto, (max-width: 768px) 100vw, 768px\" \/><\/figure>\n<!-- \/wp:image -->\n\n<!-- wp:paragraph -->\n<p>Les \u00e9l\u00e8ves sont pass\u00e9s d&rsquo;ateliers en ateliers pour travailler le sujet sous diff\u00e9rentes formes.<\/p>\n<!-- \/wp:paragraph -->\n\n<!-- wp:image {\"id\":11515,\"sizeSlug\":\"large\",\"linkDestination\":\"none\"} -->\n<figure class=\"wp-block-image size-large\"><img loading=\"lazy\" decoding=\"async\" width=\"768\" height=\"1024\" src=\"https:\/\/vtest1.college-lapierre.fr\/wp-content\/uploads\/2025\/09\/IMG20250924114125-768x1024.jpg\" alt=\"\" class=\"wp-image-11515\" srcset=\"https:\/\/vtest1.college-lapierre.fr\/wp-content\/uploads\/2025\/09\/IMG20250924114125-768x1024.jpg 768w, https:\/\/vtest1.college-lapierre.fr\/wp-content\/uploads\/2025\/09\/IMG20250924114125-225x300.jpg 225w, https:\/\/vtest1.college-lapierre.fr\/wp-content\/uploads\/2025\/09\/IMG20250924114125-1152x1536.jpg 1152w, https:\/\/vtest1.college-lapierre.fr\/wp-content\/uploads\/2025\/09\/IMG20250924114125-1536x2048.jpg 1536w, https:\/\/vtest1.college-lapierre.fr\/wp-content\/uploads\/2025\/09\/IMG20250924114125-scaled.jpg 1920w\" sizes=\"auto, (max-width: 768px) 100vw, 768px\" \/><figcaption class=\"wp-element-caption\">Expression orale! Quel sport suis-je? <\/figcaption><\/figure>\n<!-- \/wp:image -->\n\n<!-- wp:image {\"id\":11516,\"sizeSlug\":\"large\",\"linkDestination\":\"none\"} -->\n<figure class=\"wp-block-image size-large\"><img loading=\"lazy\" decoding=\"async\" width=\"768\" height=\"1024\" src=\"https:\/\/vtest1.college-lapierre.fr\/wp-content\/uploads\/2025\/09\/IMG_20250926_083441-1-768x1024.jpg\" alt=\"\" class=\"wp-image-11516\" srcset=\"https:\/\/vtest1.college-lapierre.fr\/wp-content\/uploads\/2025\/09\/IMG_20250926_083441-1-768x1024.jpg 768w, https:\/\/vtest1.college-lapierre.fr\/wp-content\/uploads\/2025\/09\/IMG_20250926_083441-1-225x300.jpg 225w, https:\/\/vtest1.college-lapierre.fr\/wp-content\/uploads\/2025\/09\/IMG_20250926_083441-1-1152x1536.jpg 1152w, https:\/\/vtest1.college-lapierre.fr\/wp-content\/uploads\/2025\/09\/IMG_20250926_083441-1-1536x2048.jpg 1536w, https:\/\/vtest1.college-lapierre.fr\/wp-content\/uploads\/2025\/09\/IMG_20250926_083441-1-scaled.jpg 1920w\" sizes=\"auto, (max-width: 768px) 100vw, 768px\" \/><figcaption class=\"wp-element-caption\">Chaque \u00e9l\u00e8ve doit deviner le sport qui lui a \u00e9t\u00e9 attribu\u00e9. C&rsquo;est parti pour d\u00e9couvrir des indices et d\u00e9lier les langues!<\/figcaption><\/figure>\n<!-- \/wp:image -->\n\n<!-- wp:paragraph -->\n<p>M\u00e9morisation, d\u00e9finition, questions&#8230;. sous couvert de divers jeux, les \u00e9l\u00e8ves ont d\u00fb mobiliser leurs connaissances lors de cette heure agr\u00e9able et l\u00e9g\u00e8re! <\/p>\n<!-- \/wp:paragraph -->\n\n<!-- wp:image {\"id\":11517,\"sizeSlug\":\"large\",\"linkDestination\":\"none\"} -->\n<figure class=\"wp-block-image size-large\"><img loading=\"lazy\" decoding=\"async\" width=\"768\" height=\"1024\" src=\"https:\/\/vtest1.college-lapierre.fr\/wp-content\/uploads\/2025\/09\/IMG_20250921_084723-768x1024.jpg\" alt=\"\" class=\"wp-image-11517\" srcset=\"https:\/\/vtest1.college-lapierre.fr\/wp-content\/uploads\/2025\/09\/IMG_20250921_084723-768x1024.jpg 768w, https:\/\/vtest1.college-lapierre.fr\/wp-content\/uploads\/2025\/09\/IMG_20250921_084723-225x300.jpg 225w, https:\/\/vtest1.college-lapierre.fr\/wp-content\/uploads\/2025\/09\/IMG_20250921_084723-1152x1536.jpg 1152w, https:\/\/vtest1.college-lapierre.fr\/wp-content\/uploads\/2025\/09\/IMG_20250921_084723-1536x2048.jpg 1536w, https:\/\/vtest1.college-lapierre.fr\/wp-content\/uploads\/2025\/09\/IMG_20250921_084723-scaled.jpg 1920w\" sizes=\"auto, (max-width: 768px) 100vw, 768px\" \/><figcaption class=\"wp-element-caption\">M\u00e9mory. On associe un sport et une image!<\/figcaption><\/figure>\n<!-- \/wp:image -->\n\n<!-- wp:image {\"id\":11518,\"sizeSlug\":\"large\",\"linkDestination\":\"none\"} -->\n<figure class=\"wp-block-image size-large\"><img loading=\"lazy\" decoding=\"async\" width=\"768\" height=\"1024\" src=\"https:\/\/vtest1.college-lapierre.fr\/wp-content\/uploads\/2025\/09\/IMG_20250924_113953-768x1024.jpg\" alt=\"\" class=\"wp-image-11518\" srcset=\"https:\/\/vtest1.college-lapierre.fr\/wp-content\/uploads\/2025\/09\/IMG_20250924_113953-768x1024.jpg 768w, https:\/\/vtest1.college-lapierre.fr\/wp-content\/uploads\/2025\/09\/IMG_20250924_113953-225x300.jpg 225w, https:\/\/vtest1.college-lapierre.fr\/wp-content\/uploads\/2025\/09\/IMG_20250924_113953-1152x1536.jpg 1152w, https:\/\/vtest1.college-lapierre.fr\/wp-content\/uploads\/2025\/09\/IMG_20250924_113953-1536x2048.jpg 1536w, https:\/\/vtest1.college-lapierre.fr\/wp-content\/uploads\/2025\/09\/IMG_20250924_113953-scaled.jpg 1920w\" sizes=\"auto, (max-width: 768px) 100vw, 768px\" \/><figcaption class=\"wp-element-caption\">M\u00e9moire. Ici on utilise les flashcards et on joue selon son niveau. On choisit un nombre de cartes \u00e0 m\u00e9moriser et le ma\u00eetre du jeu en retire une ou deux. Quel sport \u00e0 disparu?<\/figcaption><\/figure>\n<!-- \/wp:image -->\n\n<!-- wp:image {\"id\":11519,\"sizeSlug\":\"large\",\"linkDestination\":\"none\"} -->\n<figure class=\"wp-block-image size-large\"><img loading=\"lazy\" decoding=\"async\" width=\"768\" height=\"1024\" src=\"https:\/\/vtest1.college-lapierre.fr\/wp-content\/uploads\/2025\/09\/IMG_20250921_084622-768x1024.jpg\" alt=\"\" class=\"wp-image-11519\" srcset=\"https:\/\/vtest1.college-lapierre.fr\/wp-content\/uploads\/2025\/09\/IMG_20250921_084622-768x1024.jpg 768w, https:\/\/vtest1.college-lapierre.fr\/wp-content\/uploads\/2025\/09\/IMG_20250921_084622-225x300.jpg 225w, https:\/\/vtest1.college-lapierre.fr\/wp-content\/uploads\/2025\/09\/IMG_20250921_084622-1152x1536.jpg 1152w, https:\/\/vtest1.college-lapierre.fr\/wp-content\/uploads\/2025\/09\/IMG_20250921_084622-1536x2048.jpg 1536w, https:\/\/vtest1.college-lapierre.fr\/wp-content\/uploads\/2025\/09\/IMG_20250921_084622-scaled.jpg 1920w\" sizes=\"auto, (max-width: 768px) 100vw, 768px\" \/><figcaption class=\"wp-element-caption\">Toutes les m\u00e9ninges en action!<\/figcaption><\/figure>\n<!-- \/wp:image -->\n\n<!-- wp:paragraph {\"className\":\"3e\"} -->\n<p class=\"3e\">Quand r\u00e9viser est synonyme de jouer, l&rsquo;apprentissage est gagn\u00e9! <\/p>\n<!-- \/wp:paragraph --><\/div><\/li>\n<li><a class=\"wp-block-latest-posts__post-title\" href=\"https:\/\/vtest1.college-lapierre.fr\/?p=11381\">Who&rsquo;s hungry ?!<\/a><div class=\"wp-block-latest-posts__post-author\">par A. CURUTCHET<\/div><time datetime=\"2025-07-09T08:56:33+02:00\" class=\"wp-block-latest-posts__post-date\">09\/07\/2025<\/time><div class=\"wp-block-latest-posts__post-full-content\"><!-- wp:paragraph -->\n<p>Accompagn\u00e9s par Komal, notre assistante d&rsquo;anglais, les classes de 5eA et 5eC ont test\u00e9 pour vous une recette de n\u00e2an, pain traditionnel indien. Voici deux tutoriels faits par des \u00e9l\u00e8ves si vous voulez tester cette recette \u00e0 la maison pendant les vacances&#8230; enjoy !<\/p>\n<!-- \/wp:paragraph -->\n\n<!-- wp:video {\"id\":11411} -->\n<figure class=\"wp-block-video\"><video controls src=\"https:\/\/vtest1.college-lapierre.fr\/wp-content\/uploads\/2025\/07\/DIAMILATOU.mp4\"><\/video><\/figure>\n<!-- \/wp:video -->\n\n<!-- wp:video {\"id\":11412} -->\n<figure class=\"wp-block-video\"><video controls src=\"https:\/\/vtest1.college-lapierre.fr\/wp-content\/uploads\/2025\/07\/Zoe.mp4\"><\/video><\/figure>\n<!-- \/wp:video --><\/div><\/li>\n<li><div class=\"wp-block-latest-posts__featured-image\"><img loading=\"lazy\" decoding=\"async\" width=\"150\" height=\"150\" src=\"https:\/\/vtest1.college-lapierre.fr\/wp-content\/uploads\/2025\/06\/IMG_2234-150x150.jpg\" class=\"attachment-thumbnail size-thumbnail wp-post-image\" alt=\"\" style=\"\" \/><\/div><a class=\"wp-block-latest-posts__post-title\" href=\"https:\/\/vtest1.college-lapierre.fr\/?p=11356\">Street Emotions<\/a><div class=\"wp-block-latest-posts__post-author\">par C. SOULADIE<\/div><time datetime=\"2025-06-22T22:12:27+02:00\" class=\"wp-block-latest-posts__post-date\">22\/06\/2025<\/time><div class=\"wp-block-latest-posts__post-full-content\"><!-- wp:paragraph -->\n<p><strong><em>Et toi comment tu te sens ?<\/em><\/strong><\/p>\n<!-- \/wp:paragraph -->\n\n<!-- wp:paragraph -->\n<p><strong>Projet 3e : Communication et \u00e9motions\/Street Art<\/strong><br>Travail en arts plastiques et en anglais autour de la gestion des \u00e9motions et de la communication, avec la participation de l\u2019artiste muraliste <strong>ELEART<\/strong> pour la r\u00e9alisation de fresques.<\/p>\n<!-- \/wp:paragraph -->\n\n<!-- wp:file {\"id\":11358,\"href\":\"https:\/\/vtest1.college-lapierre.fr\/wp-content\/uploads\/2025\/06\/street-art-lapierre-1.pdf\",\"displayPreview\":true} -->\n<div class=\"wp-block-file\"><object class=\"wp-block-file__embed\" data=\"https:\/\/vtest1.college-lapierre.fr\/wp-content\/uploads\/2025\/06\/street-art-lapierre-1.pdf\" type=\"application\/pdf\" style=\"width:100%;height:600px\" aria-label=\"street art lapierre\"><\/object><a id=\"wp-block-file--media-a6782646-4fc9-4f33-a19b-643d7daea403\" href=\"https:\/\/vtest1.college-lapierre.fr\/wp-content\/uploads\/2025\/06\/street-art-lapierre-1.pdf\">street art lapierre<\/a><a href=\"https:\/\/vtest1.college-lapierre.fr\/wp-content\/uploads\/2025\/06\/street-art-lapierre-1.pdf\" class=\"wp-block-file__button wp-element-button\" download aria-describedby=\"wp-block-file--media-a6782646-4fc9-4f33-a19b-643d7daea403\">T\u00e9l\u00e9charger<\/a><\/div>\n<!-- \/wp:file -->\n\n<!-- wp:paragraph -->\n<p><\/p>\n<!-- \/wp:paragraph --><\/div><\/li>\n<li><div class=\"wp-block-latest-posts__featured-image\"><img loading=\"lazy\" decoding=\"async\" width=\"150\" height=\"150\" src=\"https:\/\/vtest1.college-lapierre.fr\/wp-content\/uploads\/2025\/05\/67dc087c2a0ad415bdcj-150x150.jpg\" class=\"attachment-thumbnail size-thumbnail wp-post-image\" alt=\"\" style=\"\" \/><\/div><a class=\"wp-block-latest-posts__post-title\" href=\"https:\/\/vtest1.college-lapierre.fr\/?p=11323\">S\u00e9jour en Irlande<\/a><div class=\"wp-block-latest-posts__post-author\">par PJ CABANEL<\/div><time datetime=\"2025-03-19T16:39:00+02:00\" class=\"wp-block-latest-posts__post-date\">19\/03\/2025<\/time><div class=\"wp-block-latest-posts__post-full-content\"><!-- wp:paragraph -->\n<p><strong>du 19 au 23 mars 2025<\/strong><br>Suivez les actualit\u00e9s du s\u00e9jour en Irlande gr\u00e2ce au blog :<br><a href=\"https:\/\/www.myatlas.com\/manonnicolas64\/let-s-go-to-monaghan\">https:\/\/www.myatlas.com\/manonnicolas64\/let-s-go-to-monaghan<\/a><\/p>\n<!-- \/wp:paragraph --><\/div><\/li>\n<li><div class=\"wp-block-latest-posts__featured-image\"><img loading=\"lazy\" decoding=\"async\" width=\"150\" height=\"150\" src=\"https:\/\/vtest1.college-lapierre.fr\/wp-content\/uploads\/2025\/02\/IMG20250206140115-150x150.jpg\" class=\"attachment-thumbnail size-thumbnail wp-post-image\" alt=\"\" style=\"\" \/><\/div><a class=\"wp-block-latest-posts__post-title\" href=\"https:\/\/vtest1.college-lapierre.fr\/?p=11202\">Jeux et jeux de r\u00f4les en espagnol!<\/a><div class=\"wp-block-latest-posts__post-author\">par A.CIRIGNANO<\/div><time datetime=\"2025-02-18T10:42:24+02:00\" class=\"wp-block-latest-posts__post-date\">18\/02\/2025<\/time><div class=\"wp-block-latest-posts__post-full-content\"><!-- wp:paragraph -->\n<p>Ces derniers mois ont \u00e9t\u00e9 riches en activit\u00e9s en cours d&rsquo;espagnol! Les \u00e9l\u00e8ves ont d\u00fb endosser des r\u00f4les diff\u00e9rents pour suivre les s\u00e9quences p\u00e9dagogiques propos\u00e9es! <\/p>\n<!-- \/wp:paragraph -->\n\n<!-- wp:paragraph -->\n<p>Ainsi les 5e se sont essay\u00e9s au r\u00f4le du professeur. A chaque d\u00e9but de cours, un \u00e9l\u00e8ve est venu faire le rituel. Faire l&rsquo;appel, demander la date, donner les consignes d&rsquo;installation n&rsquo;ont plus de secret pour eux! <\/p>\n<!-- \/wp:paragraph -->\n\n<!-- wp:image {\"id\":11204,\"sizeSlug\":\"large\",\"linkDestination\":\"none\"} -->\n<figure class=\"wp-block-image size-large\"><img loading=\"lazy\" decoding=\"async\" width=\"768\" height=\"1024\" src=\"https:\/\/vtest1.college-lapierre.fr\/wp-content\/uploads\/2025\/02\/IMG_20250218_072628-768x1024.jpg\" alt=\"\" class=\"wp-image-11204\" srcset=\"https:\/\/vtest1.college-lapierre.fr\/wp-content\/uploads\/2025\/02\/IMG_20250218_072628-768x1024.jpg 768w, https:\/\/vtest1.college-lapierre.fr\/wp-content\/uploads\/2025\/02\/IMG_20250218_072628-225x300.jpg 225w, https:\/\/vtest1.college-lapierre.fr\/wp-content\/uploads\/2025\/02\/IMG_20250218_072628-1152x1536.jpg 1152w, https:\/\/vtest1.college-lapierre.fr\/wp-content\/uploads\/2025\/02\/IMG_20250218_072628-1536x2048.jpg 1536w, https:\/\/vtest1.college-lapierre.fr\/wp-content\/uploads\/2025\/02\/IMG_20250218_072628-scaled.jpg 1920w\" sizes=\"auto, (max-width: 768px) 100vw, 768px\" \/><\/figure>\n<!-- \/wp:image -->\n\n<!-- wp:image {\"id\":11205,\"sizeSlug\":\"large\",\"linkDestination\":\"none\"} -->\n<figure class=\"wp-block-image size-large\"><img loading=\"lazy\" decoding=\"async\" width=\"768\" height=\"1024\" src=\"https:\/\/vtest1.college-lapierre.fr\/wp-content\/uploads\/2025\/02\/IMG_20250218_072850-768x1024.jpg\" alt=\"\" class=\"wp-image-11205\" srcset=\"https:\/\/vtest1.college-lapierre.fr\/wp-content\/uploads\/2025\/02\/IMG_20250218_072850-768x1024.jpg 768w, https:\/\/vtest1.college-lapierre.fr\/wp-content\/uploads\/2025\/02\/IMG_20250218_072850-225x300.jpg 225w, https:\/\/vtest1.college-lapierre.fr\/wp-content\/uploads\/2025\/02\/IMG_20250218_072850-1152x1536.jpg 1152w, https:\/\/vtest1.college-lapierre.fr\/wp-content\/uploads\/2025\/02\/IMG_20250218_072850-1536x2048.jpg 1536w, https:\/\/vtest1.college-lapierre.fr\/wp-content\/uploads\/2025\/02\/IMG_20250218_072850-scaled.jpg 1920w\" sizes=\"auto, (max-width: 768px) 100vw, 768px\" \/><\/figure>\n<!-- \/wp:image -->\n\n<!-- wp:paragraph -->\n<p>Professeurs comme \u00e9l\u00e8ves se sont toujours montr\u00e9s tr\u00e8s volontaires! <\/p>\n<!-- \/wp:paragraph -->\n\n<!-- wp:paragraph -->\n<p>Les 4e, quant \u00e0 eux, se sont retrouv\u00e9s dans la peau de clients et serveurs! Ils ont \u00e9crit puis jou\u00e9 ces moments de la vie quotidienne. Ch\u00e8res familles, si vous partez en vacances en Espagne, vos enfants seront en mesure de commander au restaurant!<\/p>\n<!-- \/wp:paragraph -->\n\n<!-- wp:image {\"id\":11206,\"sizeSlug\":\"large\",\"linkDestination\":\"none\"} -->\n<figure class=\"wp-block-image size-large\"><img loading=\"lazy\" decoding=\"async\" width=\"768\" height=\"1024\" src=\"https:\/\/vtest1.college-lapierre.fr\/wp-content\/uploads\/2025\/02\/IMG_20250218_072428-768x1024.jpg\" alt=\"\" class=\"wp-image-11206\" srcset=\"https:\/\/vtest1.college-lapierre.fr\/wp-content\/uploads\/2025\/02\/IMG_20250218_072428-768x1024.jpg 768w, https:\/\/vtest1.college-lapierre.fr\/wp-content\/uploads\/2025\/02\/IMG_20250218_072428-225x300.jpg 225w, https:\/\/vtest1.college-lapierre.fr\/wp-content\/uploads\/2025\/02\/IMG_20250218_072428-1152x1536.jpg 1152w, https:\/\/vtest1.college-lapierre.fr\/wp-content\/uploads\/2025\/02\/IMG_20250218_072428-1536x2048.jpg 1536w, https:\/\/vtest1.college-lapierre.fr\/wp-content\/uploads\/2025\/02\/IMG_20250218_072428-scaled.jpg 1920w\" sizes=\"auto, (max-width: 768px) 100vw, 768px\" \/><\/figure>\n<!-- \/wp:image -->\n\n<!-- wp:image {\"id\":11207,\"sizeSlug\":\"large\",\"linkDestination\":\"none\"} -->\n<figure class=\"wp-block-image size-large\"><img loading=\"lazy\" decoding=\"async\" width=\"768\" height=\"1024\" src=\"https:\/\/vtest1.college-lapierre.fr\/wp-content\/uploads\/2025\/02\/IMG_20250218_072452-768x1024.jpg\" alt=\"\" class=\"wp-image-11207\" srcset=\"https:\/\/vtest1.college-lapierre.fr\/wp-content\/uploads\/2025\/02\/IMG_20250218_072452-768x1024.jpg 768w, https:\/\/vtest1.college-lapierre.fr\/wp-content\/uploads\/2025\/02\/IMG_20250218_072452-225x300.jpg 225w, https:\/\/vtest1.college-lapierre.fr\/wp-content\/uploads\/2025\/02\/IMG_20250218_072452-1152x1536.jpg 1152w, https:\/\/vtest1.college-lapierre.fr\/wp-content\/uploads\/2025\/02\/IMG_20250218_072452-1536x2048.jpg 1536w, https:\/\/vtest1.college-lapierre.fr\/wp-content\/uploads\/2025\/02\/IMG_20250218_072452-scaled.jpg 1920w\" sizes=\"auto, (max-width: 768px) 100vw, 768px\" \/><figcaption class=\"wp-element-caption\">Oplus_0<\/figcaption><\/figure>\n<!-- \/wp:image -->\n\n<!-- wp:image {\"id\":11208,\"sizeSlug\":\"large\",\"linkDestination\":\"none\"} -->\n<figure class=\"wp-block-image size-large\"><img loading=\"lazy\" decoding=\"async\" width=\"768\" height=\"1024\" src=\"https:\/\/vtest1.college-lapierre.fr\/wp-content\/uploads\/2025\/02\/IMG_20250218_072512-768x1024.jpg\" alt=\"\" class=\"wp-image-11208\" srcset=\"https:\/\/vtest1.college-lapierre.fr\/wp-content\/uploads\/2025\/02\/IMG_20250218_072512-768x1024.jpg 768w, https:\/\/vtest1.college-lapierre.fr\/wp-content\/uploads\/2025\/02\/IMG_20250218_072512-225x300.jpg 225w, https:\/\/vtest1.college-lapierre.fr\/wp-content\/uploads\/2025\/02\/IMG_20250218_072512-1152x1536.jpg 1152w, https:\/\/vtest1.college-lapierre.fr\/wp-content\/uploads\/2025\/02\/IMG_20250218_072512-1536x2048.jpg 1536w, https:\/\/vtest1.college-lapierre.fr\/wp-content\/uploads\/2025\/02\/IMG_20250218_072512-scaled.jpg 1920w\" sizes=\"auto, (max-width: 768px) 100vw, 768px\" \/><\/figure>\n<!-- \/wp:image -->\n\n<!-- wp:paragraph -->\n<p>Dessins, cartes, dinette&#8230;certains bin\u00f4mes ont jou\u00e9 le jeu \u00e0 fond et je les en remercie!<\/p>\n<!-- \/wp:paragraph -->\n\n<!-- wp:paragraph -->\n<p>Nous avons \u00e9galement jou\u00e9 au loto pour apprendre les chiffres! Une activit\u00e9 qui a grandement f\u00e9d\u00e9r\u00e9 et qui a permis la m\u00e9morisation, la compr\u00e9hension et le travail de diction des nombres. <\/p>\n<!-- \/wp:paragraph -->\n\n<!-- wp:image {\"id\":11209,\"sizeSlug\":\"large\",\"linkDestination\":\"none\"} -->\n<figure class=\"wp-block-image size-large\"><img loading=\"lazy\" decoding=\"async\" width=\"768\" height=\"1024\" src=\"https:\/\/vtest1.college-lapierre.fr\/wp-content\/uploads\/2025\/02\/IMG20241127093144-768x1024.jpg\" alt=\"\" class=\"wp-image-11209\" srcset=\"https:\/\/vtest1.college-lapierre.fr\/wp-content\/uploads\/2025\/02\/IMG20241127093144-768x1024.jpg 768w, https:\/\/vtest1.college-lapierre.fr\/wp-content\/uploads\/2025\/02\/IMG20241127093144-225x300.jpg 225w, https:\/\/vtest1.college-lapierre.fr\/wp-content\/uploads\/2025\/02\/IMG20241127093144-1152x1536.jpg 1152w, https:\/\/vtest1.college-lapierre.fr\/wp-content\/uploads\/2025\/02\/IMG20241127093144-1536x2048.jpg 1536w, https:\/\/vtest1.college-lapierre.fr\/wp-content\/uploads\/2025\/02\/IMG20241127093144-scaled.jpg 1920w\" sizes=\"auto, (max-width: 768px) 100vw, 768px\" \/><\/figure>\n<!-- \/wp:image -->\n\n<!-- wp:image {\"id\":11210,\"sizeSlug\":\"large\",\"linkDestination\":\"none\"} -->\n<figure class=\"wp-block-image size-large\"><img loading=\"lazy\" decoding=\"async\" width=\"768\" height=\"1024\" src=\"https:\/\/vtest1.college-lapierre.fr\/wp-content\/uploads\/2025\/02\/IMG20241127093500-768x1024.jpg\" alt=\"\" class=\"wp-image-11210\" srcset=\"https:\/\/vtest1.college-lapierre.fr\/wp-content\/uploads\/2025\/02\/IMG20241127093500-768x1024.jpg 768w, https:\/\/vtest1.college-lapierre.fr\/wp-content\/uploads\/2025\/02\/IMG20241127093500-225x300.jpg 225w, https:\/\/vtest1.college-lapierre.fr\/wp-content\/uploads\/2025\/02\/IMG20241127093500-1152x1536.jpg 1152w, https:\/\/vtest1.college-lapierre.fr\/wp-content\/uploads\/2025\/02\/IMG20241127093500-1536x2048.jpg 1536w, https:\/\/vtest1.college-lapierre.fr\/wp-content\/uploads\/2025\/02\/IMG20241127093500-scaled.jpg 1920w\" sizes=\"auto, (max-width: 768px) 100vw, 768px\" \/><\/figure>\n<!-- \/wp:image -->\n\n<!-- wp:paragraph -->\n<p>Derni\u00e8rement, pour travailler sur la description physique, j&rsquo;ai invit\u00e9 les \u00e9l\u00e8ves de 5e \u00e0 venir jouer au tableau avec des \u00e9tiquettes. L&rsquo;id\u00e9e \u00e9tait de manipuler les mots (sujets, verbes, adjectifs) pour les aider \u00e0 d\u00e9crire une personne. Comme toujours, ils se montrent tr\u00e8s volontaires et viennent avec plaisir! <\/p>\n<!-- \/wp:paragraph -->\n\n<!-- wp:image {\"id\":11212,\"sizeSlug\":\"large\",\"linkDestination\":\"none\"} -->\n<figure class=\"wp-block-image size-large\"><img loading=\"lazy\" decoding=\"async\" width=\"768\" height=\"1024\" src=\"https:\/\/vtest1.college-lapierre.fr\/wp-content\/uploads\/2025\/02\/IMG20250205092752-768x1024.jpg\" alt=\"\" class=\"wp-image-11212\" srcset=\"https:\/\/vtest1.college-lapierre.fr\/wp-content\/uploads\/2025\/02\/IMG20250205092752-768x1024.jpg 768w, https:\/\/vtest1.college-lapierre.fr\/wp-content\/uploads\/2025\/02\/IMG20250205092752-225x300.jpg 225w, https:\/\/vtest1.college-lapierre.fr\/wp-content\/uploads\/2025\/02\/IMG20250205092752-1152x1536.jpg 1152w, https:\/\/vtest1.college-lapierre.fr\/wp-content\/uploads\/2025\/02\/IMG20250205092752-1536x2048.jpg 1536w, https:\/\/vtest1.college-lapierre.fr\/wp-content\/uploads\/2025\/02\/IMG20250205092752-scaled.jpg 1920w\" sizes=\"auto, (max-width: 768px) 100vw, 768px\" \/><\/figure>\n<!-- \/wp:image -->\n\n<!-- wp:paragraph -->\n<p>Cette semaine, nous jouerons les r\u00e9visions \u00e0 l&rsquo;aide de dominos, de dobble et de jeux de 7 familles! De quoi pr\u00e9parer l&rsquo;\u00e9valuation dans la bonne humeur! <\/p>\n<!-- \/wp:paragraph -->\n\n<!-- wp:image {\"id\":11211,\"sizeSlug\":\"large\",\"linkDestination\":\"none\"} -->\n<figure class=\"wp-block-image size-large\"><img loading=\"lazy\" decoding=\"async\" width=\"768\" height=\"1024\" src=\"https:\/\/vtest1.college-lapierre.fr\/wp-content\/uploads\/2025\/02\/IMG20250218093519-768x1024.jpg\" alt=\"\" class=\"wp-image-11211\" srcset=\"https:\/\/vtest1.college-lapierre.fr\/wp-content\/uploads\/2025\/02\/IMG20250218093519-768x1024.jpg 768w, https:\/\/vtest1.college-lapierre.fr\/wp-content\/uploads\/2025\/02\/IMG20250218093519-225x300.jpg 225w, https:\/\/vtest1.college-lapierre.fr\/wp-content\/uploads\/2025\/02\/IMG20250218093519-1152x1536.jpg 1152w, https:\/\/vtest1.college-lapierre.fr\/wp-content\/uploads\/2025\/02\/IMG20250218093519-1536x2048.jpg 1536w, https:\/\/vtest1.college-lapierre.fr\/wp-content\/uploads\/2025\/02\/IMG20250218093519-scaled.jpg 1920w\" sizes=\"auto, (max-width: 768px) 100vw, 768px\" \/><\/figure>\n<!-- \/wp:image --><\/div><\/li>\n<li><div class=\"wp-block-latest-posts__featured-image\"><img loading=\"lazy\" decoding=\"async\" width=\"150\" height=\"150\" src=\"https:\/\/vtest1.college-lapierre.fr\/wp-content\/uploads\/2025\/02\/Image1-150x150.png\" class=\"attachment-thumbnail size-thumbnail wp-post-image\" alt=\"\" style=\"\" \/><\/div><a class=\"wp-block-latest-posts__post-title\" href=\"https:\/\/vtest1.college-lapierre.fr\/?p=11179\">S\u00e9jour en Irlande 4e\/3e : aidez le projet !<\/a><div class=\"wp-block-latest-posts__post-author\">par A. CURUTCHET<\/div><time datetime=\"2025-02-13T12:46:42+02:00\" class=\"wp-block-latest-posts__post-date\">13\/02\/2025<\/time><div class=\"wp-block-latest-posts__post-full-content\"><!-- wp:paragraph {\"style\":{\"elements\":{\"link\":{\"color\":{\"text\":\"var:preset|color|black\"}}}},\"backgroundColor\":\"vivid-green-cyan\",\"textColor\":\"black\"} -->\n<p class=\"has-black-color has-vivid-green-cyan-background-color has-text-color has-background has-link-color\">Voici le lien vers notre cagnotte Trousse \u00e0 Projet : <br><a href=\"https:\/\/trousseaprojets.fr\/projet\/14912\">https:\/\/trousseaprojets.fr\/projet\/14912<\/a> <br>N&rsquo;h\u00e9sitez pas \u00e0 faire un don ou \u00e0 <strong>partager le lien<\/strong> dans votre entourage!<br><br>THANKS A MILLION !<br>Les \u00e9l\u00e8ves et l&rsquo;\u00e9quipe du s\u00e9jour<\/p>\n<!-- \/wp:paragraph -->\n\n<!-- wp:paragraph {\"style\":{\"elements\":{\"link\":{\"color\":{\"text\":\"var:preset|color|vivid-green-cyan\"}}}},\"textColor\":\"vivid-green-cyan\"} -->\n<p class=\"has-vivid-green-cyan-color has-text-color has-link-color\"><\/p>\n<!-- \/wp:paragraph -->\n\n<!-- wp:paragraph -->\n<p><\/p>\n<!-- \/wp:paragraph --><\/div><\/li>\n<li><div class=\"wp-block-latest-posts__featured-image\"><img loading=\"lazy\" decoding=\"async\" width=\"150\" height=\"150\" src=\"https:\/\/vtest1.college-lapierre.fr\/wp-content\/uploads\/2025\/02\/IMG20250110103444-1-150x150.jpg\" class=\"attachment-thumbnail size-thumbnail wp-post-image\" alt=\"\" style=\"\" \/><\/div><a class=\"wp-block-latest-posts__post-title\" href=\"https:\/\/vtest1.college-lapierre.fr\/?p=11158\">La classe flexible, se sentir bien en cours d&rsquo;espagnol!<\/a><div class=\"wp-block-latest-posts__post-author\">par A.CIRIGNANO<\/div><time datetime=\"2025-02-10T14:23:57+02:00\" class=\"wp-block-latest-posts__post-date\">10\/02\/2025<\/time><div class=\"wp-block-latest-posts__post-full-content\"><!-- wp:paragraph -->\n<p>Depuis le d\u00e9but de l&rsquo;ann\u00e9e, je propose en salle 110 des am\u00e9nagements dont les \u00e9l\u00e8ves peuvent se servir pour s&rsquo;approprier un peu plus le cours d&rsquo;espagnol et s&rsquo;y sentir bien. <\/p>\n<!-- \/wp:paragraph -->\n\n<!-- wp:paragraph -->\n<p>Ils peuvent ainsi s&rsquo;assoir sur des ballons, des coussins de yoga ou encore rester debout sur la table  haute. <\/p>\n<!-- \/wp:paragraph -->\n\n<!-- wp:image {\"id\":11159,\"width\":\"481px\",\"height\":\"auto\",\"sizeSlug\":\"large\",\"linkDestination\":\"none\"} -->\n<figure class=\"wp-block-image size-large is-resized\"><img loading=\"lazy\" decoding=\"async\" width=\"607\" height=\"1024\" src=\"https:\/\/vtest1.college-lapierre.fr\/wp-content\/uploads\/2025\/02\/IMG_20250210_130229-607x1024.jpg\" alt=\"\" class=\"wp-image-11159\" style=\"width:481px;height:auto\" srcset=\"https:\/\/vtest1.college-lapierre.fr\/wp-content\/uploads\/2025\/02\/IMG_20250210_130229-607x1024.jpg 607w, https:\/\/vtest1.college-lapierre.fr\/wp-content\/uploads\/2025\/02\/IMG_20250210_130229-178x300.jpg 178w, https:\/\/vtest1.college-lapierre.fr\/wp-content\/uploads\/2025\/02\/IMG_20250210_130229-768x1295.jpg 768w, https:\/\/vtest1.college-lapierre.fr\/wp-content\/uploads\/2025\/02\/IMG_20250210_130229-911x1536.jpg 911w, https:\/\/vtest1.college-lapierre.fr\/wp-content\/uploads\/2025\/02\/IMG_20250210_130229-1215x2048.jpg 1215w, https:\/\/vtest1.college-lapierre.fr\/wp-content\/uploads\/2025\/02\/IMG_20250210_130229-scaled.jpg 1519w\" sizes=\"auto, (max-width: 607px) 100vw, 607px\" \/><\/figure>\n<!-- \/wp:image -->\n\n<!-- wp:image {\"id\":11160,\"width\":\"840px\",\"height\":\"auto\",\"sizeSlug\":\"large\",\"linkDestination\":\"none\"} -->\n<figure class=\"wp-block-image size-large is-resized\"><img loading=\"lazy\" decoding=\"async\" width=\"486\" height=\"1024\" src=\"https:\/\/vtest1.college-lapierre.fr\/wp-content\/uploads\/2025\/02\/IMG_20250210_130209-486x1024.jpg\" alt=\"\" class=\"wp-image-11160\" style=\"width:840px;height:auto\" srcset=\"https:\/\/vtest1.college-lapierre.fr\/wp-content\/uploads\/2025\/02\/IMG_20250210_130209-486x1024.jpg 486w, https:\/\/vtest1.college-lapierre.fr\/wp-content\/uploads\/2025\/02\/IMG_20250210_130209-142x300.jpg 142w, https:\/\/vtest1.college-lapierre.fr\/wp-content\/uploads\/2025\/02\/IMG_20250210_130209-768x1618.jpg 768w, https:\/\/vtest1.college-lapierre.fr\/wp-content\/uploads\/2025\/02\/IMG_20250210_130209-729x1536.jpg 729w, https:\/\/vtest1.college-lapierre.fr\/wp-content\/uploads\/2025\/02\/IMG_20250210_130209-972x2048.jpg 972w, https:\/\/vtest1.college-lapierre.fr\/wp-content\/uploads\/2025\/02\/IMG_20250210_130209-scaled.jpg 1215w\" sizes=\"auto, (max-width: 486px) 100vw, 486px\" \/><\/figure>\n<!-- \/wp:image -->\n\n<!-- wp:paragraph -->\n<p>Ils peuvent \u00e9galement choisir un antistress \u00e0 manipuler. Ces dispositifs ne sont pas des jeux ou des jouets. Ils ont pour but de favoriser la concentration de l&rsquo;\u00e9l\u00e8ve. Les r\u00e8gles ont \u00e9t\u00e9 \u00e9tablies en d\u00e9but d&rsquo;ann\u00e9e et si elles ne sont pas respect\u00e9es, les objets sont retir\u00e9s. Les \u00e9l\u00e8ves les demandent r\u00e9guli\u00e8rement notamment lors des \u00e9valuations. <\/p>\n<!-- \/wp:paragraph -->\n\n<!-- wp:image {\"id\":11162,\"sizeSlug\":\"large\",\"linkDestination\":\"none\"} -->\n<figure class=\"wp-block-image size-large\"><img loading=\"lazy\" decoding=\"async\" width=\"768\" height=\"1024\" src=\"https:\/\/vtest1.college-lapierre.fr\/wp-content\/uploads\/2025\/02\/IMG20250110103429-768x1024.jpg\" alt=\"\" class=\"wp-image-11162\" srcset=\"https:\/\/vtest1.college-lapierre.fr\/wp-content\/uploads\/2025\/02\/IMG20250110103429-768x1024.jpg 768w, https:\/\/vtest1.college-lapierre.fr\/wp-content\/uploads\/2025\/02\/IMG20250110103429-225x300.jpg 225w, https:\/\/vtest1.college-lapierre.fr\/wp-content\/uploads\/2025\/02\/IMG20250110103429-1152x1536.jpg 1152w, https:\/\/vtest1.college-lapierre.fr\/wp-content\/uploads\/2025\/02\/IMG20250110103429-1536x2048.jpg 1536w, https:\/\/vtest1.college-lapierre.fr\/wp-content\/uploads\/2025\/02\/IMG20250110103429-scaled.jpg 1920w\" sizes=\"auto, (max-width: 768px) 100vw, 768px\" \/><\/figure>\n<!-- \/wp:image -->\n\n<!-- wp:image {\"id\":11163,\"sizeSlug\":\"large\",\"linkDestination\":\"none\"} -->\n<figure class=\"wp-block-image size-large\"><img loading=\"lazy\" decoding=\"async\" width=\"768\" height=\"1024\" src=\"https:\/\/vtest1.college-lapierre.fr\/wp-content\/uploads\/2025\/02\/IMG20250110103235-768x1024.jpg\" alt=\"\" class=\"wp-image-11163\" srcset=\"https:\/\/vtest1.college-lapierre.fr\/wp-content\/uploads\/2025\/02\/IMG20250110103235-768x1024.jpg 768w, https:\/\/vtest1.college-lapierre.fr\/wp-content\/uploads\/2025\/02\/IMG20250110103235-225x300.jpg 225w, https:\/\/vtest1.college-lapierre.fr\/wp-content\/uploads\/2025\/02\/IMG20250110103235-1152x1536.jpg 1152w, https:\/\/vtest1.college-lapierre.fr\/wp-content\/uploads\/2025\/02\/IMG20250110103235-1536x2048.jpg 1536w, https:\/\/vtest1.college-lapierre.fr\/wp-content\/uploads\/2025\/02\/IMG20250110103235-scaled.jpg 1920w\" sizes=\"auto, (max-width: 768px) 100vw, 768px\" \/><\/figure>\n<!-- \/wp:image -->\n\n<!-- wp:image {\"id\":11164,\"sizeSlug\":\"large\",\"linkDestination\":\"none\"} -->\n<figure class=\"wp-block-image size-large\"><img loading=\"lazy\" decoding=\"async\" width=\"768\" height=\"1024\" src=\"https:\/\/vtest1.college-lapierre.fr\/wp-content\/uploads\/2025\/02\/IMG20250110103444-1-768x1024.jpg\" alt=\"\" class=\"wp-image-11164\" srcset=\"https:\/\/vtest1.college-lapierre.fr\/wp-content\/uploads\/2025\/02\/IMG20250110103444-1-768x1024.jpg 768w, https:\/\/vtest1.college-lapierre.fr\/wp-content\/uploads\/2025\/02\/IMG20250110103444-1-225x300.jpg 225w, https:\/\/vtest1.college-lapierre.fr\/wp-content\/uploads\/2025\/02\/IMG20250110103444-1-1152x1536.jpg 1152w, https:\/\/vtest1.college-lapierre.fr\/wp-content\/uploads\/2025\/02\/IMG20250110103444-1-1536x2048.jpg 1536w, https:\/\/vtest1.college-lapierre.fr\/wp-content\/uploads\/2025\/02\/IMG20250110103444-1-scaled.jpg 1920w\" sizes=\"auto, (max-width: 768px) 100vw, 768px\" \/><\/figure>\n<!-- \/wp:image -->\n\n<!-- wp:paragraph -->\n<p>Pour parfaire ces dispositifs et pour inciter les \u00e9l\u00e8ves \u00e0 participer dans la langue cible, j&rsquo;ai dispos\u00e9 des sets de table pour les guider dans leur prise de parole. Ils y trouvent ainsi bon nombre de phrases, de consignes ou de questions qui permettent de demander un ballon, un coussin, un antistress&#8230;. <\/p>\n<!-- \/wp:paragraph -->\n\n<!-- wp:image {\"id\":11165,\"sizeSlug\":\"large\",\"linkDestination\":\"none\"} -->\n<figure class=\"wp-block-image size-large\"><img loading=\"lazy\" decoding=\"async\" width=\"768\" height=\"1024\" src=\"https:\/\/vtest1.college-lapierre.fr\/wp-content\/uploads\/2025\/02\/IMG20250131120357-768x1024.jpg\" alt=\"\" class=\"wp-image-11165\" srcset=\"https:\/\/vtest1.college-lapierre.fr\/wp-content\/uploads\/2025\/02\/IMG20250131120357-768x1024.jpg 768w, https:\/\/vtest1.college-lapierre.fr\/wp-content\/uploads\/2025\/02\/IMG20250131120357-225x300.jpg 225w, https:\/\/vtest1.college-lapierre.fr\/wp-content\/uploads\/2025\/02\/IMG20250131120357-1152x1536.jpg 1152w, https:\/\/vtest1.college-lapierre.fr\/wp-content\/uploads\/2025\/02\/IMG20250131120357-1536x2048.jpg 1536w, https:\/\/vtest1.college-lapierre.fr\/wp-content\/uploads\/2025\/02\/IMG20250131120357-scaled.jpg 1920w\" sizes=\"auto, (max-width: 768px) 100vw, 768px\" \/><\/figure>\n<!-- \/wp:image -->\n\n<!-- wp:paragraph -->\n<p>D&rsquo;autres dispositifs sont propos\u00e9s ou sont en passe de l&rsquo;\u00eatre. Un classeur d&rsquo;activit\u00e9s est \u00e0 la disposition des \u00e9l\u00e8ves ayant termin\u00e9 leur travail ; nous testerons prochainement l&rsquo;impact des mandalas sur les bavardages et la concentration en classe. <\/p>\n<!-- \/wp:paragraph -->\n\n<!-- wp:paragraph -->\n<p> La participation est encourag\u00e9e par la remise syst\u00e9matique d&rsquo;un jeton. En fin d&rsquo;heure, je fais l&rsquo;appel et les \u00e9l\u00e8ves annoncent le nombre de jetons cumul\u00e9s dans l&rsquo;heure (en espagnol). Cela permet d&rsquo;\u00e9tablir une note juste en fin de p\u00e9riode et de les motiver \u00e0 participer puisque le meilleur participant de chaque classe se voit r\u00e9compens\u00e9 (stylo, bracelet, carnet&#8230;). <\/p>\n<!-- \/wp:paragraph -->\n\n<!-- wp:image {\"id\":11166,\"sizeSlug\":\"large\",\"linkDestination\":\"none\"} -->\n<figure class=\"wp-block-image size-large\"><img loading=\"lazy\" decoding=\"async\" width=\"768\" height=\"1024\" src=\"https:\/\/vtest1.college-lapierre.fr\/wp-content\/uploads\/2025\/02\/IMG20250210131557-768x1024.jpg\" alt=\"\" class=\"wp-image-11166\" srcset=\"https:\/\/vtest1.college-lapierre.fr\/wp-content\/uploads\/2025\/02\/IMG20250210131557-768x1024.jpg 768w, https:\/\/vtest1.college-lapierre.fr\/wp-content\/uploads\/2025\/02\/IMG20250210131557-225x300.jpg 225w, https:\/\/vtest1.college-lapierre.fr\/wp-content\/uploads\/2025\/02\/IMG20250210131557-1152x1536.jpg 1152w, https:\/\/vtest1.college-lapierre.fr\/wp-content\/uploads\/2025\/02\/IMG20250210131557-1536x2048.jpg 1536w, https:\/\/vtest1.college-lapierre.fr\/wp-content\/uploads\/2025\/02\/IMG20250210131557-scaled.jpg 1920w\" sizes=\"auto, (max-width: 768px) 100vw, 768px\" \/><\/figure>\n<!-- \/wp:image -->\n\n<!-- wp:paragraph -->\n<p>Les \u00e9l\u00e8ves sont libres de se saisir ou non de ces dispositifs. J&rsquo;essaye d&rsquo;\u00eatre \u00e0 l&rsquo;\u00e9coute de leurs besoins pour leur offrir un cadre de travail le plus agr\u00e9able possible et le plus propice \u00e0 la concentration. <\/p>\n<!-- \/wp:paragraph -->\n\n<!-- wp:image {\"id\":11167,\"sizeSlug\":\"large\",\"linkDestination\":\"none\"} -->\n<figure class=\"wp-block-image size-large\"><img loading=\"lazy\" decoding=\"async\" width=\"768\" height=\"1024\" src=\"https:\/\/vtest1.college-lapierre.fr\/wp-content\/uploads\/2025\/02\/IMG_20250114_121444-768x1024.jpg\" alt=\"\" class=\"wp-image-11167\" srcset=\"https:\/\/vtest1.college-lapierre.fr\/wp-content\/uploads\/2025\/02\/IMG_20250114_121444-768x1024.jpg 768w, https:\/\/vtest1.college-lapierre.fr\/wp-content\/uploads\/2025\/02\/IMG_20250114_121444-225x300.jpg 225w, https:\/\/vtest1.college-lapierre.fr\/wp-content\/uploads\/2025\/02\/IMG_20250114_121444-1152x1536.jpg 1152w, https:\/\/vtest1.college-lapierre.fr\/wp-content\/uploads\/2025\/02\/IMG_20250114_121444-1536x2048.jpg 1536w, https:\/\/vtest1.college-lapierre.fr\/wp-content\/uploads\/2025\/02\/IMG_20250114_121444-scaled.jpg 1920w\" sizes=\"auto, (max-width: 768px) 100vw, 768px\" \/><\/figure>\n<!-- \/wp:image -->\n\n<!-- wp:paragraph -->\n<p>Globalement ils adh\u00e9rent \u00e0 la proposition m\u00eame s&rsquo;il faut rester vigilants aux d\u00e9gradations du mat\u00e9riel qui rendent les objets inutilisables. Chacun a son r\u00f4le \u00e0 jouer s&rsquo;il veut passer une heure sympathique! <\/p>\n<!-- \/wp:paragraph --><\/div><\/li>\n<li><div class=\"wp-block-latest-posts__featured-image\"><img loading=\"lazy\" decoding=\"async\" width=\"150\" height=\"150\" src=\"https:\/\/vtest1.college-lapierre.fr\/wp-content\/uploads\/2024\/12\/IMG20241202093544-1-150x150.jpg\" class=\"attachment-thumbnail size-thumbnail wp-post-image\" alt=\"\" style=\"\" \/><\/div><a class=\"wp-block-latest-posts__post-title\" href=\"https:\/\/vtest1.college-lapierre.fr\/?p=11029\">Las fiestas se invitan en el aula 110<\/a><div class=\"wp-block-latest-posts__post-author\">par A.CIRIGNANO<\/div><time datetime=\"2024-12-13T12:28:53+02:00\" class=\"wp-block-latest-posts__post-date\">13\/12\/2024<\/time><div class=\"wp-block-latest-posts__post-full-content\"><!-- wp:paragraph -->\n<p>La magie de No\u00ebl s&rsquo;est invit\u00e9e en salle 110! Par un beau matin de d\u00e9cembre, la f\u00eate des morts avait laiss\u00e9 place aux guirlandes, sapin, lumi\u00e8res et autres d\u00e9corations! Avec l&rsquo;aide des lutins volontaires, la d\u00e9coration a m\u00eame pu \u00eatre agr\u00e9ment\u00e9e de coloriages et messages festifs! Je les en remercie!<\/p>\n<!-- \/wp:paragraph -->\n\n<!-- wp:image {\"id\":11031,\"sizeSlug\":\"large\",\"linkDestination\":\"none\"} -->\n<figure class=\"wp-block-image size-large\"><img loading=\"lazy\" decoding=\"async\" width=\"768\" height=\"1024\" src=\"https:\/\/vtest1.college-lapierre.fr\/wp-content\/uploads\/2024\/12\/IMG20241202093020_BURST000_COVER-768x1024.jpg\" alt=\"\" class=\"wp-image-11031\" srcset=\"https:\/\/vtest1.college-lapierre.fr\/wp-content\/uploads\/2024\/12\/IMG20241202093020_BURST000_COVER-768x1024.jpg 768w, https:\/\/vtest1.college-lapierre.fr\/wp-content\/uploads\/2024\/12\/IMG20241202093020_BURST000_COVER-225x300.jpg 225w, https:\/\/vtest1.college-lapierre.fr\/wp-content\/uploads\/2024\/12\/IMG20241202093020_BURST000_COVER-1152x1536.jpg 1152w, https:\/\/vtest1.college-lapierre.fr\/wp-content\/uploads\/2024\/12\/IMG20241202093020_BURST000_COVER-1536x2048.jpg 1536w, https:\/\/vtest1.college-lapierre.fr\/wp-content\/uploads\/2024\/12\/IMG20241202093020_BURST000_COVER-scaled.jpg 1920w\" sizes=\"auto, (max-width: 768px) 100vw, 768px\" \/><\/figure>\n<!-- \/wp:image -->\n\n<!-- wp:paragraph -->\n<p>Outre la cr\u00e9ation d&rsquo;une ambiance chaleureuse et festive, nous avons pu aborder en classe les traditions de No\u00ebl en Espagne, d&rsquo;un point de vue culturel et apprendre du vocabulaire li\u00e9 \u00e0 la fin d&rsquo;ann\u00e9e, notamment gr\u00e2ce au calendrier de l&rsquo;avent qui nous d\u00e9voile chaque jour un mot, une expression, un virelangue ou un chant de no\u00ebl&#8230;<\/p>\n<!-- \/wp:paragraph -->\n\n<!-- wp:image {\"id\":11032,\"sizeSlug\":\"large\",\"linkDestination\":\"none\"} -->\n<figure class=\"wp-block-image size-large\"><img loading=\"lazy\" decoding=\"async\" width=\"768\" height=\"1024\" src=\"https:\/\/vtest1.college-lapierre.fr\/wp-content\/uploads\/2024\/12\/IMG20241202093044-768x1024.jpg\" alt=\"\" class=\"wp-image-11032\" srcset=\"https:\/\/vtest1.college-lapierre.fr\/wp-content\/uploads\/2024\/12\/IMG20241202093044-768x1024.jpg 768w, https:\/\/vtest1.college-lapierre.fr\/wp-content\/uploads\/2024\/12\/IMG20241202093044-225x300.jpg 225w, https:\/\/vtest1.college-lapierre.fr\/wp-content\/uploads\/2024\/12\/IMG20241202093044-1152x1536.jpg 1152w, https:\/\/vtest1.college-lapierre.fr\/wp-content\/uploads\/2024\/12\/IMG20241202093044-1536x2048.jpg 1536w, https:\/\/vtest1.college-lapierre.fr\/wp-content\/uploads\/2024\/12\/IMG20241202093044-scaled.jpg 1920w\" sizes=\"auto, (max-width: 768px) 100vw, 768px\" \/><\/figure>\n<!-- \/wp:image -->\n\n<!-- wp:image {\"id\":11033,\"sizeSlug\":\"large\",\"linkDestination\":\"none\"} -->\n<figure class=\"wp-block-image size-large\"><img loading=\"lazy\" decoding=\"async\" width=\"768\" height=\"1024\" src=\"https:\/\/vtest1.college-lapierre.fr\/wp-content\/uploads\/2024\/12\/IMG20241202092959-768x1024.jpg\" alt=\"\" class=\"wp-image-11033\" srcset=\"https:\/\/vtest1.college-lapierre.fr\/wp-content\/uploads\/2024\/12\/IMG20241202092959-768x1024.jpg 768w, https:\/\/vtest1.college-lapierre.fr\/wp-content\/uploads\/2024\/12\/IMG20241202092959-225x300.jpg 225w, https:\/\/vtest1.college-lapierre.fr\/wp-content\/uploads\/2024\/12\/IMG20241202092959-1152x1536.jpg 1152w, https:\/\/vtest1.college-lapierre.fr\/wp-content\/uploads\/2024\/12\/IMG20241202092959-1536x2048.jpg 1536w, https:\/\/vtest1.college-lapierre.fr\/wp-content\/uploads\/2024\/12\/IMG20241202092959-scaled.jpg 1920w\" sizes=\"auto, (max-width: 768px) 100vw, 768px\" \/><\/figure>\n<!-- \/wp:image -->\n\n<!-- wp:image {\"id\":11035,\"sizeSlug\":\"large\",\"linkDestination\":\"none\"} -->\n<figure class=\"wp-block-image size-large\"><img loading=\"lazy\" decoding=\"async\" width=\"768\" height=\"1024\" src=\"https:\/\/vtest1.college-lapierre.fr\/wp-content\/uploads\/2024\/12\/IMG20241202092950-768x1024.jpg\" alt=\"\" class=\"wp-image-11035\" srcset=\"https:\/\/vtest1.college-lapierre.fr\/wp-content\/uploads\/2024\/12\/IMG20241202092950-768x1024.jpg 768w, https:\/\/vtest1.college-lapierre.fr\/wp-content\/uploads\/2024\/12\/IMG20241202092950-225x300.jpg 225w, https:\/\/vtest1.college-lapierre.fr\/wp-content\/uploads\/2024\/12\/IMG20241202092950-1152x1536.jpg 1152w, https:\/\/vtest1.college-lapierre.fr\/wp-content\/uploads\/2024\/12\/IMG20241202092950-1536x2048.jpg 1536w, https:\/\/vtest1.college-lapierre.fr\/wp-content\/uploads\/2024\/12\/IMG20241202092950-scaled.jpg 1920w\" sizes=\"auto, (max-width: 768px) 100vw, 768px\" \/><\/figure>\n<!-- \/wp:image -->\n\n<!-- wp:paragraph -->\n<p><\/p>\n<!-- \/wp:paragraph -->\n\n<!-- wp:image {\"id\":11036,\"sizeSlug\":\"large\",\"linkDestination\":\"none\"} -->\n<figure class=\"wp-block-image size-large\"><img loading=\"lazy\" decoding=\"async\" width=\"768\" height=\"1024\" src=\"https:\/\/vtest1.college-lapierre.fr\/wp-content\/uploads\/2024\/12\/IMG20241202093010-768x1024.jpg\" alt=\"\" class=\"wp-image-11036\" srcset=\"https:\/\/vtest1.college-lapierre.fr\/wp-content\/uploads\/2024\/12\/IMG20241202093010-768x1024.jpg 768w, https:\/\/vtest1.college-lapierre.fr\/wp-content\/uploads\/2024\/12\/IMG20241202093010-225x300.jpg 225w, https:\/\/vtest1.college-lapierre.fr\/wp-content\/uploads\/2024\/12\/IMG20241202093010-1152x1536.jpg 1152w, https:\/\/vtest1.college-lapierre.fr\/wp-content\/uploads\/2024\/12\/IMG20241202093010-1536x2048.jpg 1536w, https:\/\/vtest1.college-lapierre.fr\/wp-content\/uploads\/2024\/12\/IMG20241202093010-scaled.jpg 1920w\" sizes=\"auto, (max-width: 768px) 100vw, 768px\" \/><\/figure>\n<!-- \/wp:image -->\n\n<!-- wp:image {\"id\":11037,\"sizeSlug\":\"large\",\"linkDestination\":\"none\"} -->\n<figure class=\"wp-block-image size-large\"><img loading=\"lazy\" decoding=\"async\" width=\"1024\" height=\"768\" src=\"https:\/\/vtest1.college-lapierre.fr\/wp-content\/uploads\/2024\/12\/IMG20241212112800-1024x768.jpg\" alt=\"\" class=\"wp-image-11037\" srcset=\"https:\/\/vtest1.college-lapierre.fr\/wp-content\/uploads\/2024\/12\/IMG20241212112800-1024x768.jpg 1024w, https:\/\/vtest1.college-lapierre.fr\/wp-content\/uploads\/2024\/12\/IMG20241212112800-300x225.jpg 300w, https:\/\/vtest1.college-lapierre.fr\/wp-content\/uploads\/2024\/12\/IMG20241212112800-768x576.jpg 768w, https:\/\/vtest1.college-lapierre.fr\/wp-content\/uploads\/2024\/12\/IMG20241212112800-1536x1152.jpg 1536w, https:\/\/vtest1.college-lapierre.fr\/wp-content\/uploads\/2024\/12\/IMG20241212112800-2048x1536.jpg 2048w\" sizes=\"auto, (max-width: 1024px) 100vw, 1024px\" \/><\/figure>\n<!-- \/wp:image --><\/div><\/li>\n<li><div class=\"wp-block-latest-posts__featured-image\"><img loading=\"lazy\" decoding=\"async\" width=\"150\" height=\"150\" src=\"https:\/\/vtest1.college-lapierre.fr\/wp-content\/uploads\/2024\/12\/IMG20241212120542-150x150.jpg\" class=\"attachment-thumbnail size-thumbnail wp-post-image\" alt=\"\" style=\"\" \/><\/div><a class=\"wp-block-latest-posts__post-title\" href=\"https:\/\/vtest1.college-lapierre.fr\/?p=11039\">T\u00e2che finale 3e<\/a><div class=\"wp-block-latest-posts__post-author\">par A.CIRIGNANO<\/div><time datetime=\"2024-12-12T13:09:57+02:00\" class=\"wp-block-latest-posts__post-date\">12\/12\/2024<\/time><div class=\"wp-block-latest-posts__post-full-content\"><!-- wp:paragraph -->\n<p>Tout au long du mois de novembre, les 3e ont travaill\u00e9 sur la tradition de la f\u00eate des morts mexicaine. <\/p>\n<!-- \/wp:paragraph -->\n\n<!-- wp:paragraph -->\n<p>Atypique, cette f\u00eate a la particularit\u00e9 de c\u00e9l\u00e9brer la mort de fa\u00e7on joyeuse et color\u00e9e. <\/p>\n<!-- \/wp:paragraph -->\n\n<!-- wp:image {\"id\":11040,\"sizeSlug\":\"large\",\"linkDestination\":\"none\"} -->\n<figure class=\"wp-block-image size-large\"><img loading=\"lazy\" decoding=\"async\" width=\"1024\" height=\"768\" src=\"https:\/\/vtest1.college-lapierre.fr\/wp-content\/uploads\/2024\/12\/IMG20241212115029-1024x768.jpg\" alt=\"\" class=\"wp-image-11040\" srcset=\"https:\/\/vtest1.college-lapierre.fr\/wp-content\/uploads\/2024\/12\/IMG20241212115029-1024x768.jpg 1024w, https:\/\/vtest1.college-lapierre.fr\/wp-content\/uploads\/2024\/12\/IMG20241212115029-300x225.jpg 300w, https:\/\/vtest1.college-lapierre.fr\/wp-content\/uploads\/2024\/12\/IMG20241212115029-768x576.jpg 768w, https:\/\/vtest1.college-lapierre.fr\/wp-content\/uploads\/2024\/12\/IMG20241212115029-1536x1152.jpg 1536w, https:\/\/vtest1.college-lapierre.fr\/wp-content\/uploads\/2024\/12\/IMG20241212115029-2048x1536.jpg 2048w\" sizes=\"auto, (max-width: 1024px) 100vw, 1024px\" \/><\/figure>\n<!-- \/wp:image -->\n\n<!-- wp:paragraph -->\n<p>Nous avons travaill\u00e9 en classe sur les diff\u00e9rentes c\u00e9l\u00e9brations existantes (les d\u00e9fil\u00e9s, les expositions, les all\u00e9gories, les alebrijes&#8230;) mais \u00e9galement sur la tradition plus familiale de monter des autels ou de d\u00e9corer les tombes. <\/p>\n<!-- \/wp:paragraph -->\n\n<!-- wp:image {\"id\":11045,\"sizeSlug\":\"large\",\"linkDestination\":\"none\"} -->\n<figure class=\"wp-block-image size-large\"><img loading=\"lazy\" decoding=\"async\" width=\"1024\" height=\"768\" src=\"https:\/\/vtest1.college-lapierre.fr\/wp-content\/uploads\/2024\/12\/IMG20241212115006-1024x768.jpg\" alt=\"\" class=\"wp-image-11045\" srcset=\"https:\/\/vtest1.college-lapierre.fr\/wp-content\/uploads\/2024\/12\/IMG20241212115006-1024x768.jpg 1024w, https:\/\/vtest1.college-lapierre.fr\/wp-content\/uploads\/2024\/12\/IMG20241212115006-300x225.jpg 300w, https:\/\/vtest1.college-lapierre.fr\/wp-content\/uploads\/2024\/12\/IMG20241212115006-768x576.jpg 768w, https:\/\/vtest1.college-lapierre.fr\/wp-content\/uploads\/2024\/12\/IMG20241212115006-1536x1152.jpg 1536w, https:\/\/vtest1.college-lapierre.fr\/wp-content\/uploads\/2024\/12\/IMG20241212115006-2048x1536.jpg 2048w\" sizes=\"auto, (max-width: 1024px) 100vw, 1024px\" \/><\/figure>\n<!-- \/wp:image -->\n\n<!-- wp:paragraph -->\n<p>L&rsquo;ouverture culturelle a bien plu aux \u00e9l\u00e8ves et ils se sont appropri\u00e9s le th\u00e8me avec ferveur comme le montrent leurs tr\u00e8s belles t\u00e2ches finales. <\/p>\n<!-- \/wp:paragraph -->\n\n<!-- wp:paragraph -->\n<p>Ils devaient r\u00e9aliser une affiche pr\u00e9sentant la f\u00eate et les retours sont tous tr\u00e8s positifs. Ils se sont vraiment investis pour ce devoir et il me tenait \u00e0 c\u0153ur de mettre en avant leurs r\u00e9alisations originales et color\u00e9es. Je me ferai une joie d&rsquo;afficher les productions dans la salle mais je vous laisse d\u00e9couvrir quelques travaux ci-apr\u00e8s. <\/p>\n<!-- \/wp:paragraph -->\n\n<!-- wp:image {\"id\":11042,\"sizeSlug\":\"large\",\"linkDestination\":\"none\"} -->\n<figure class=\"wp-block-image size-large\"><img loading=\"lazy\" decoding=\"async\" width=\"1024\" height=\"768\" src=\"https:\/\/vtest1.college-lapierre.fr\/wp-content\/uploads\/2024\/12\/IMG20241212115045-1-1024x768.jpg\" alt=\"\" class=\"wp-image-11042\" srcset=\"https:\/\/vtest1.college-lapierre.fr\/wp-content\/uploads\/2024\/12\/IMG20241212115045-1-1024x768.jpg 1024w, https:\/\/vtest1.college-lapierre.fr\/wp-content\/uploads\/2024\/12\/IMG20241212115045-1-300x225.jpg 300w, https:\/\/vtest1.college-lapierre.fr\/wp-content\/uploads\/2024\/12\/IMG20241212115045-1-768x576.jpg 768w, https:\/\/vtest1.college-lapierre.fr\/wp-content\/uploads\/2024\/12\/IMG20241212115045-1-1536x1152.jpg 1536w, https:\/\/vtest1.college-lapierre.fr\/wp-content\/uploads\/2024\/12\/IMG20241212115045-1-2048x1536.jpg 2048w\" sizes=\"auto, (max-width: 1024px) 100vw, 1024px\" \/><\/figure>\n<!-- \/wp:image -->\n\n<!-- wp:paragraph -->\n<p>Plusieurs \u00e9l\u00e8ves ont d&rsquo;ores et d\u00e9j\u00e0 d\u00e9cid\u00e9 de choisir de pr\u00e9senter ce th\u00e8me lors de leur oral de brevet. Nul doute qu&rsquo;ils sauront \u00eatre pertinents et convaincants tant ils se sont appropri\u00e9s le sujet! <\/p>\n<!-- \/wp:paragraph -->\n\n<!-- wp:image {\"id\":11044,\"sizeSlug\":\"large\",\"linkDestination\":\"none\"} -->\n<figure class=\"wp-block-image size-large\"><img loading=\"lazy\" decoding=\"async\" width=\"1024\" height=\"768\" src=\"https:\/\/vtest1.college-lapierre.fr\/wp-content\/uploads\/2024\/12\/IMG20241212115133-1-1024x768.jpg\" alt=\"\" class=\"wp-image-11044\" srcset=\"https:\/\/vtest1.college-lapierre.fr\/wp-content\/uploads\/2024\/12\/IMG20241212115133-1-1024x768.jpg 1024w, https:\/\/vtest1.college-lapierre.fr\/wp-content\/uploads\/2024\/12\/IMG20241212115133-1-300x225.jpg 300w, https:\/\/vtest1.college-lapierre.fr\/wp-content\/uploads\/2024\/12\/IMG20241212115133-1-768x576.jpg 768w, https:\/\/vtest1.college-lapierre.fr\/wp-content\/uploads\/2024\/12\/IMG20241212115133-1-1536x1152.jpg 1536w, https:\/\/vtest1.college-lapierre.fr\/wp-content\/uploads\/2024\/12\/IMG20241212115133-1-2048x1536.jpg 2048w\" sizes=\"auto, (max-width: 1024px) 100vw, 1024px\" \/><\/figure>\n<!-- \/wp:image -->\n\n<!-- wp:image {\"id\":11046,\"sizeSlug\":\"large\",\"linkDestination\":\"none\"} -->\n<figure class=\"wp-block-image size-large\"><img loading=\"lazy\" decoding=\"async\" width=\"1024\" height=\"768\" src=\"https:\/\/vtest1.college-lapierre.fr\/wp-content\/uploads\/2024\/12\/IMG20241212114950-1024x768.jpg\" alt=\"\" class=\"wp-image-11046\" srcset=\"https:\/\/vtest1.college-lapierre.fr\/wp-content\/uploads\/2024\/12\/IMG20241212114950-1024x768.jpg 1024w, https:\/\/vtest1.college-lapierre.fr\/wp-content\/uploads\/2024\/12\/IMG20241212114950-300x225.jpg 300w, https:\/\/vtest1.college-lapierre.fr\/wp-content\/uploads\/2024\/12\/IMG20241212114950-768x576.jpg 768w, https:\/\/vtest1.college-lapierre.fr\/wp-content\/uploads\/2024\/12\/IMG20241212114950-1536x1152.jpg 1536w, https:\/\/vtest1.college-lapierre.fr\/wp-content\/uploads\/2024\/12\/IMG20241212114950-2048x1536.jpg 2048w\" sizes=\"auto, (max-width: 1024px) 100vw, 1024px\" \/><\/figure>\n<!-- \/wp:image -->\n\n<!-- wp:image {\"id\":11047,\"sizeSlug\":\"large\",\"linkDestination\":\"none\"} -->\n<figure class=\"wp-block-image size-large\"><img loading=\"lazy\" decoding=\"async\" width=\"768\" height=\"1024\" src=\"https:\/\/vtest1.college-lapierre.fr\/wp-content\/uploads\/2024\/12\/IMG20241212120542-768x1024.jpg\" alt=\"\" class=\"wp-image-11047\" srcset=\"https:\/\/vtest1.college-lapierre.fr\/wp-content\/uploads\/2024\/12\/IMG20241212120542-768x1024.jpg 768w, https:\/\/vtest1.college-lapierre.fr\/wp-content\/uploads\/2024\/12\/IMG20241212120542-225x300.jpg 225w, https:\/\/vtest1.college-lapierre.fr\/wp-content\/uploads\/2024\/12\/IMG20241212120542-1152x1536.jpg 1152w, https:\/\/vtest1.college-lapierre.fr\/wp-content\/uploads\/2024\/12\/IMG20241212120542-1536x2048.jpg 1536w, https:\/\/vtest1.college-lapierre.fr\/wp-content\/uploads\/2024\/12\/IMG20241212120542-scaled.jpg 1920w\" sizes=\"auto, (max-width: 768px) 100vw, 768px\" \/><\/figure>\n<!-- \/wp:image --><\/div><\/li>\n<li><div class=\"wp-block-latest-posts__featured-image\"><img loading=\"lazy\" decoding=\"async\" width=\"150\" height=\"150\" src=\"https:\/\/vtest1.college-lapierre.fr\/wp-content\/uploads\/2024\/11\/Sweat-bleu-marine-1-150x150.jpg\" class=\"attachment-thumbnail size-thumbnail wp-post-image\" alt=\"\" style=\"\" \/><\/div><a class=\"wp-block-latest-posts__post-title\" href=\"https:\/\/vtest1.college-lapierre.fr\/?p=10943\">NOUVEAUTE Rentr\u00e9e 2024 : Achetez le nouveau sweat \u00e0 capuche BLEU du coll\u00e8ge Georges Lapierre<\/a><div class=\"wp-block-latest-posts__post-author\">par Pierre-Jean CABANEL<\/div><time datetime=\"2024-11-15T18:17:43+02:00\" class=\"wp-block-latest-posts__post-date\">15\/11\/2024<\/time><div class=\"wp-block-latest-posts__post-full-content\"><!-- wp:paragraph {\"style\":{\"elements\":{\"link\":{\"color\":{\"text\":\"var:preset|color|luminous-vivid-amber\"}}}},\"backgroundColor\":\"vivid-cyan-blue\",\"textColor\":\"luminous-vivid-amber\",\"fontSize\":\"x-large\"} -->\n<p class=\"has-luminous-vivid-amber-color has-vivid-cyan-blue-background-color has-text-color has-background has-link-color has-x-large-font-size\">VENTE SWEAT A CAPUCHE !<\/p>\n<!-- \/wp:paragraph -->\n\n<!-- wp:paragraph {\"style\":{\"elements\":{\"link\":{\"color\":{\"text\":\"var:preset|color|luminous-vivid-amber\"}}}},\"backgroundColor\":\"vivid-cyan-blue\",\"textColor\":\"luminous-vivid-amber\",\"fontSize\":\"x-large\"} -->\n<p class=\"has-luminous-vivid-amber-color has-vivid-cyan-blue-background-color has-text-color has-background has-link-color has-x-large-font-size\">COLLEGE GEORGES LAPIERRE !<\/p>\n<!-- \/wp:paragraph -->\n\n<!-- wp:paragraph -->\n<p>Chers coll\u00e9giens, parents, partenaires, membres du personnel du coll\u00e8ge Georges Lapierre,<\/p>\n<!-- \/wp:paragraph -->\n\n<!-- wp:paragraph -->\n<p>Nouveaut\u00e9 pour la rentr\u00e9e 2024-2025\u00a0: un nouveau sweat \u00e0 capuche avec le logo du coll\u00e8ge est d\u00e9sormais disponible et \u00e0 la vente.<\/p>\n<!-- \/wp:paragraph -->\n\n<!-- wp:paragraph -->\n<p><strong>Couleur : bleu marine\u00a0 \/ Logo : blanc<\/strong><\/p>\n<!-- \/wp:paragraph -->\n\n<!-- wp:paragraph -->\n<p>Passez votre commande sur le site Helloasso suivant\u00a0(<a href=\"https:\/\/www.helloasso.com\/associations\/foyer-socio-educatif-college-georges-lapierre\/paiements\/sweat-a-capuche-bleu-college-lapierre-2\">https:\/\/www.helloasso.com\/associations\/foyer-socio-educatif-college-georges-lapierre\/paiements\/sweat-a-capuche-bleu-college-lapierre-2<\/a>) et vous le r\u00e9ceptionnerez d\u00e9but 2025.<\/p>\n<!-- \/wp:paragraph -->\n\n<!-- wp:paragraph -->\n<p>Les ventes seront encaiss\u00e9es par le FSE (Foyer socio-\u00e9ducatif) et les b\u00e9n\u00e9fices seront utilis\u00e9s pour financer des projets et des s\u00e9jours.<\/p>\n<!-- \/wp:paragraph -->\n\n<!-- wp:paragraph -->\n<p><strong>Au moment du paiement, vous pouvez modifier \u00ab\u00a0Votre contribution au fonctionnement de HelloAsso\u00a0\u00bb<\/strong>. <strong>Cliquez sur Modifier puis cocher\u00a0:<\/strong> <strong>\u00ab\u00a0Je ne souhaite pas soutenir HelloAsso \u00bb<\/strong>.<\/p>\n<!-- \/wp:paragraph -->\n\n<!-- wp:paragraph -->\n<p>Merci \u00e0 tous\u00a0!<\/p>\n<!-- \/wp:paragraph -->\n\n<!-- wp:image {\"id\":10945,\"sizeSlug\":\"full\",\"linkDestination\":\"media\",\"align\":\"center\"} -->\n<figure class=\"wp-block-image aligncenter size-full\"><a href=\"https:\/\/vtest1.college-lapierre.fr\/wp-content\/uploads\/2024\/11\/Sweat-bleu-marine.jpg\"><img loading=\"lazy\" decoding=\"async\" width=\"463\" height=\"621\" src=\"https:\/\/vtest1.college-lapierre.fr\/wp-content\/uploads\/2024\/11\/Sweat-bleu-marine.jpg\" alt=\"\" class=\"wp-image-10945\" srcset=\"https:\/\/vtest1.college-lapierre.fr\/wp-content\/uploads\/2024\/11\/Sweat-bleu-marine.jpg 463w, https:\/\/vtest1.college-lapierre.fr\/wp-content\/uploads\/2024\/11\/Sweat-bleu-marine-224x300.jpg 224w\" sizes=\"auto, (max-width: 463px) 100vw, 463px\" \/><\/a><\/figure>\n<!-- \/wp:image --><\/div><\/li>\n<li><div class=\"wp-block-latest-posts__featured-image\"><img loading=\"lazy\" decoding=\"async\" width=\"150\" height=\"150\" src=\"https:\/\/vtest1.college-lapierre.fr\/wp-content\/uploads\/2024\/10\/IMG_20241019_085629-150x150.jpg\" class=\"attachment-thumbnail size-thumbnail wp-post-image\" alt=\"\" style=\"\" \/><\/div><a class=\"wp-block-latest-posts__post-title\" href=\"https:\/\/vtest1.college-lapierre.fr\/?p=10912\">La visita al oftalm\u00f3logo \ud83e\uddd1\u200d\u2695\ufe0f<\/a><div class=\"wp-block-latest-posts__post-author\">par A.CIRIGNANO<\/div><time datetime=\"2024-10-20T09:19:19+02:00\" class=\"wp-block-latest-posts__post-date\">20\/10\/2024<\/time><div class=\"wp-block-latest-posts__post-full-content\"><!-- wp:paragraph {\"style\":{\"elements\":{\"link\":{\"color\":{\"text\":\"var:preset|color|vivid-red\"}}}},\"textColor\":\"vivid-red\"} -->\n<p class=\"has-vivid-red-color has-text-color has-link-color\">Tout juste arriv\u00e9e dans l&rsquo;\u00e9tablissement, madame Cirignano avait tr\u00e8s envie de s&rsquo;assurer que ses \u00e9l\u00e8ves de 5e n&rsquo;avaient pas de probl\u00e8me de vue et pouvaient donc lire et copier les cours au tableau sans souci! \ud83d\ude09<\/p>\n<!-- \/wp:paragraph -->\n\n<!-- wp:paragraph {\"style\":{\"elements\":{\"link\":{\"color\":{\"text\":\"var:preset|color|luminous-vivid-amber\"}}}},\"textColor\":\"luminous-vivid-amber\"} -->\n<p class=\"has-luminous-vivid-amber-color has-text-color has-link-color\">Les \u00e9l\u00e8ves de 5eD, E et F se sont donc pr\u00eat\u00e9s au  jeu de la visite chez l&rsquo;ophtalmologue. Tant\u00f4t patients, tant\u00f4t praticiens, avec blouse\ud83e\udd7c , baguette et lunettes factices \ud83e\udd13, ils ont endoss\u00e9 dans la bonne humeur, mais tout de m\u00eame avec s\u00e9rieux, ces r\u00f4les qui ont permis \u00e0 leur professeur de les \u00e9valuer. <\/p>\n<!-- \/wp:paragraph -->\n\n<!-- wp:paragraph {\"style\":{\"elements\":{\"link\":{\"color\":{\"text\":\"var:preset|color|luminous-vivid-amber\"}}}},\"textColor\":\"luminous-vivid-amber\"} -->\n<p class=\"has-luminous-vivid-amber-color has-text-color has-link-color\">Activit\u00e9 propos\u00e9e en t\u00e2che finale de la toute premi\u00e8re s\u00e9quence, elle a mis en valeur les comp\u00e9tences acquises par ces d\u00e9butants en espagnol. Les \u00e9l\u00e8ves, totalement novices dans la langue, se sont montr\u00e9s s\u00e9rieux, investis et tr\u00e8s participatifs. Ils ont adh\u00e9r\u00e9 \u00e0 toutes les propositions d&rsquo;exercices et de jeux, s&rsquo;assurant ainsi un bon d\u00e9but d&rsquo;ann\u00e9e et de jolies notes d&rsquo;oral. Esp\u00e9rons qu&rsquo;ils continuent \u00e0 montrer leur s\u00e9rieux lors du passage \u00e0 l&rsquo;\u00e9crit tout en conservant leur dynamisme \u00e0 l&rsquo;oral. <\/p>\n<!-- \/wp:paragraph -->\n\n<!-- wp:paragraph {\"style\":{\"elements\":{\"link\":{\"color\":{\"text\":\"var:preset|color|vivid-red\"}}}},\"textColor\":\"vivid-red\"} -->\n<p class=\"has-vivid-red-color has-text-color has-link-color\">Saluer, demander des nouvelles de son patient, cr\u00e9er son dossier, s&rsquo;assurer que les lettres sont connues et bien prononc\u00e9es&#8230;Madame Cirignano est rassur\u00e9e sur la vue de ses \u00e9l\u00e8ves et tr\u00e8s fi\u00e8re de leurs apprentissages sur cette premi\u00e8re p\u00e9riode.  \u00a1Enhorabuena! F\u00e9licitations!<\/p>\n<!-- \/wp:paragraph -->\n\n<!-- wp:image {\"id\":10914,\"sizeSlug\":\"large\",\"linkDestination\":\"none\"} -->\n<figure class=\"wp-block-image size-large\"><img loading=\"lazy\" decoding=\"async\" width=\"1024\" height=\"988\" src=\"https:\/\/vtest1.college-lapierre.fr\/wp-content\/uploads\/2024\/10\/IMG_20241019_085758-1024x988.jpg\" alt=\"\" class=\"wp-image-10914\" srcset=\"https:\/\/vtest1.college-lapierre.fr\/wp-content\/uploads\/2024\/10\/IMG_20241019_085758-1024x988.jpg 1024w, https:\/\/vtest1.college-lapierre.fr\/wp-content\/uploads\/2024\/10\/IMG_20241019_085758-300x289.jpg 300w, https:\/\/vtest1.college-lapierre.fr\/wp-content\/uploads\/2024\/10\/IMG_20241019_085758-768x741.jpg 768w, https:\/\/vtest1.college-lapierre.fr\/wp-content\/uploads\/2024\/10\/IMG_20241019_085758-1536x1482.jpg 1536w, https:\/\/vtest1.college-lapierre.fr\/wp-content\/uploads\/2024\/10\/IMG_20241019_085758-2048x1976.jpg 2048w\" sizes=\"auto, (max-width: 1024px) 100vw, 1024px\" \/><\/figure>\n<!-- \/wp:image -->\n\n<!-- wp:image {\"id\":10916,\"sizeSlug\":\"large\",\"linkDestination\":\"none\"} -->\n<figure class=\"wp-block-image size-large\"><img loading=\"lazy\" decoding=\"async\" width=\"1024\" height=\"896\" src=\"https:\/\/vtest1.college-lapierre.fr\/wp-content\/uploads\/2024\/10\/IMG_20241019_090122-1024x896.jpg\" alt=\"\" class=\"wp-image-10916\" srcset=\"https:\/\/vtest1.college-lapierre.fr\/wp-content\/uploads\/2024\/10\/IMG_20241019_090122-1024x896.jpg 1024w, https:\/\/vtest1.college-lapierre.fr\/wp-content\/uploads\/2024\/10\/IMG_20241019_090122-300x263.jpg 300w, https:\/\/vtest1.college-lapierre.fr\/wp-content\/uploads\/2024\/10\/IMG_20241019_090122-768x672.jpg 768w, https:\/\/vtest1.college-lapierre.fr\/wp-content\/uploads\/2024\/10\/IMG_20241019_090122-1536x1344.jpg 1536w, https:\/\/vtest1.college-lapierre.fr\/wp-content\/uploads\/2024\/10\/IMG_20241019_090122-2048x1792.jpg 2048w\" sizes=\"auto, (max-width: 1024px) 100vw, 1024px\" \/><\/figure>\n<!-- \/wp:image -->\n\n<!-- wp:image {\"id\":10917,\"sizeSlug\":\"large\",\"linkDestination\":\"none\"} -->\n<figure class=\"wp-block-image size-large\"><img loading=\"lazy\" decoding=\"async\" width=\"768\" height=\"1024\" src=\"https:\/\/vtest1.college-lapierre.fr\/wp-content\/uploads\/2024\/10\/IMG20241010155732-768x1024.jpg\" alt=\"\" class=\"wp-image-10917\" srcset=\"https:\/\/vtest1.college-lapierre.fr\/wp-content\/uploads\/2024\/10\/IMG20241010155732-768x1024.jpg 768w, https:\/\/vtest1.college-lapierre.fr\/wp-content\/uploads\/2024\/10\/IMG20241010155732-225x300.jpg 225w, https:\/\/vtest1.college-lapierre.fr\/wp-content\/uploads\/2024\/10\/IMG20241010155732-1152x1536.jpg 1152w, https:\/\/vtest1.college-lapierre.fr\/wp-content\/uploads\/2024\/10\/IMG20241010155732-1536x2048.jpg 1536w, https:\/\/vtest1.college-lapierre.fr\/wp-content\/uploads\/2024\/10\/IMG20241010155732-scaled.jpg 1920w\" sizes=\"auto, (max-width: 768px) 100vw, 768px\" \/><\/figure>\n<!-- \/wp:image -->\n\n<!-- wp:image {\"id\":10918,\"sizeSlug\":\"large\",\"linkDestination\":\"none\"} -->\n<figure class=\"wp-block-image size-large\"><img loading=\"lazy\" decoding=\"async\" width=\"1024\" height=\"768\" src=\"https:\/\/vtest1.college-lapierre.fr\/wp-content\/uploads\/2024\/10\/IMG20241014092233-1024x768.jpg\" alt=\"\" class=\"wp-image-10918\" srcset=\"https:\/\/vtest1.college-lapierre.fr\/wp-content\/uploads\/2024\/10\/IMG20241014092233-1024x768.jpg 1024w, https:\/\/vtest1.college-lapierre.fr\/wp-content\/uploads\/2024\/10\/IMG20241014092233-300x225.jpg 300w, https:\/\/vtest1.college-lapierre.fr\/wp-content\/uploads\/2024\/10\/IMG20241014092233-768x576.jpg 768w, https:\/\/vtest1.college-lapierre.fr\/wp-content\/uploads\/2024\/10\/IMG20241014092233-1536x1152.jpg 1536w, https:\/\/vtest1.college-lapierre.fr\/wp-content\/uploads\/2024\/10\/IMG20241014092233-2048x1536.jpg 2048w\" sizes=\"auto, (max-width: 1024px) 100vw, 1024px\" \/><\/figure>\n<!-- \/wp:image -->\n\n<!-- wp:image {\"id\":10919,\"sizeSlug\":\"large\",\"linkDestination\":\"none\"} -->\n<figure class=\"wp-block-image size-large\"><img loading=\"lazy\" decoding=\"async\" width=\"1024\" height=\"370\" src=\"https:\/\/vtest1.college-lapierre.fr\/wp-content\/uploads\/2024\/10\/IMG_20241019_090031-1-1024x370.jpg\" alt=\"\" class=\"wp-image-10919\" srcset=\"https:\/\/vtest1.college-lapierre.fr\/wp-content\/uploads\/2024\/10\/IMG_20241019_090031-1-1024x370.jpg 1024w, https:\/\/vtest1.college-lapierre.fr\/wp-content\/uploads\/2024\/10\/IMG_20241019_090031-1-300x109.jpg 300w, https:\/\/vtest1.college-lapierre.fr\/wp-content\/uploads\/2024\/10\/IMG_20241019_090031-1-768x278.jpg 768w, https:\/\/vtest1.college-lapierre.fr\/wp-content\/uploads\/2024\/10\/IMG_20241019_090031-1-1536x556.jpg 1536w, https:\/\/vtest1.college-lapierre.fr\/wp-content\/uploads\/2024\/10\/IMG_20241019_090031-1-2048x741.jpg 2048w\" sizes=\"auto, (max-width: 1024px) 100vw, 1024px\" \/><\/figure>\n<!-- \/wp:image -->\n\n<!-- wp:image {\"id\":10920,\"sizeSlug\":\"large\",\"linkDestination\":\"none\"} -->\n<figure class=\"wp-block-image size-large\"><img loading=\"lazy\" decoding=\"async\" width=\"1024\" height=\"486\" src=\"https:\/\/vtest1.college-lapierre.fr\/wp-content\/uploads\/2024\/10\/IMG_20241019_085933-1024x486.jpg\" alt=\"\" class=\"wp-image-10920\" srcset=\"https:\/\/vtest1.college-lapierre.fr\/wp-content\/uploads\/2024\/10\/IMG_20241019_085933-1024x486.jpg 1024w, https:\/\/vtest1.college-lapierre.fr\/wp-content\/uploads\/2024\/10\/IMG_20241019_085933-300x142.jpg 300w, https:\/\/vtest1.college-lapierre.fr\/wp-content\/uploads\/2024\/10\/IMG_20241019_085933-768x364.jpg 768w, https:\/\/vtest1.college-lapierre.fr\/wp-content\/uploads\/2024\/10\/IMG_20241019_085933-1536x729.jpg 1536w, https:\/\/vtest1.college-lapierre.fr\/wp-content\/uploads\/2024\/10\/IMG_20241019_085933-2048x972.jpg 2048w\" sizes=\"auto, (max-width: 1024px) 100vw, 1024px\" \/><\/figure>\n<!-- \/wp:image --><\/div><\/li>\n<li><div class=\"wp-block-latest-posts__featured-image\"><img loading=\"lazy\" decoding=\"async\" width=\"150\" height=\"150\" src=\"https:\/\/vtest1.college-lapierre.fr\/wp-content\/uploads\/2024\/10\/IMG20241017160626-150x150.jpg\" class=\"attachment-thumbnail size-thumbnail wp-post-image\" alt=\"\" style=\"\" \/><\/div><a class=\"wp-block-latest-posts__post-title\" href=\"https:\/\/vtest1.college-lapierre.fr\/?p=10904\">D\u00eda de la hispanidad<\/a><div class=\"wp-block-latest-posts__post-author\">par A.CIRIGNANO<\/div><time datetime=\"2024-10-19T09:40:43+02:00\" class=\"wp-block-latest-posts__post-date\">19\/10\/2024<\/time><div class=\"wp-block-latest-posts__post-full-content\"><!-- wp:paragraph -->\n<p>En cette mi-octobre, un affichage d\u00e9di\u00e9 au \u00a0\u00bb <strong>d\u00eda de la hispanidad<\/strong>\u00a0\u00bb a \u00e9t\u00e9 mis en place dans l&rsquo;agora. <\/p>\n<!-- \/wp:paragraph -->\n\n<!-- wp:paragraph -->\n<p>Une ouverture \u00e0 la culture et \u00e0 l&rsquo;Histoire pour ce jour tant\u00f4t appel\u00e9 \u00ab\u00a0jour de l&rsquo;hispanit\u00e9\u00a0\u00bb en Espagne mais \u00e9galement \u00ab\u00a0jour de la diversit\u00e9 culturelle am\u00e9ricaine\u00a0\u00bb, \u00ab\u00a0jour de la d\u00e9couverte des deux mondes\u00a0\u00bb ou encore \u00ab\u00a0jour de la r\u00e9sistance indig\u00e8ne\u00a0\u00bb outre Atlantique. <\/p>\n<!-- \/wp:paragraph -->\n\n<!-- wp:paragraph -->\n<p>Cette date, f\u00eate nationale sur la p\u00e9ninsule, correspond \u00e0 la d\u00e9couverte de l&rsquo;Am\u00e9rique par Christophe Colomb le<strong> 12 octobre 1492<\/strong>. Elle est c\u00e9l\u00e9br\u00e9e dans tous les pays de langue hispanique sous diff\u00e9rentes formes. <\/p>\n<!-- \/wp:paragraph -->\n\n<!-- wp:paragraph -->\n<p>Controvers\u00e9, certains pays utilisent ce rendez-vous comm\u00e9moratif pour revendiquer les droits des peuples et faire reconnaitre les d\u00e9rives de la colonisation. <\/p>\n<!-- \/wp:paragraph -->\n\n<!-- wp:paragraph -->\n<p>Certaines classes ont pu d\u00e9couvrir, gr\u00e2ce \u00e0 leur implication, un bout d&rsquo;Histoire et les civilisations pr\u00e9colombiennes telles que<strong> les Mayas, les Incas et les Azt\u00e8ques<\/strong>. <\/p>\n<!-- \/wp:paragraph -->\n\n<!-- wp:paragraph -->\n<p>\u00c9quip\u00e9s de leur livret de questions, ils ont pu lire, d\u00e9couvrir et comprendre la vie des peuples avant l&rsquo;arriv\u00e9e des espagnols et en apprendre davantage sur la conqu\u00eate. <\/p>\n<!-- \/wp:paragraph -->\n\n<!-- wp:image {\"id\":10906,\"sizeSlug\":\"large\",\"linkDestination\":\"none\"} -->\n<figure class=\"wp-block-image size-large\"><img loading=\"lazy\" decoding=\"async\" width=\"1024\" height=\"768\" src=\"https:\/\/vtest1.college-lapierre.fr\/wp-content\/uploads\/2024\/10\/IMG20241017160530-1024x768.jpg\" alt=\"\" class=\"wp-image-10906\" srcset=\"https:\/\/vtest1.college-lapierre.fr\/wp-content\/uploads\/2024\/10\/IMG20241017160530-1024x768.jpg 1024w, https:\/\/vtest1.college-lapierre.fr\/wp-content\/uploads\/2024\/10\/IMG20241017160530-300x225.jpg 300w, https:\/\/vtest1.college-lapierre.fr\/wp-content\/uploads\/2024\/10\/IMG20241017160530-768x576.jpg 768w, https:\/\/vtest1.college-lapierre.fr\/wp-content\/uploads\/2024\/10\/IMG20241017160530-1536x1152.jpg 1536w, https:\/\/vtest1.college-lapierre.fr\/wp-content\/uploads\/2024\/10\/IMG20241017160530-2048x1536.jpg 2048w\" sizes=\"auto, (max-width: 1024px) 100vw, 1024px\" \/><\/figure>\n<!-- \/wp:image -->\n\n<!-- wp:image {\"id\":10907,\"sizeSlug\":\"large\",\"linkDestination\":\"none\"} -->\n<figure class=\"wp-block-image size-large\"><img loading=\"lazy\" decoding=\"async\" width=\"1024\" height=\"768\" src=\"https:\/\/vtest1.college-lapierre.fr\/wp-content\/uploads\/2024\/10\/IMG20241017160849-1024x768.jpg\" alt=\"\" class=\"wp-image-10907\" srcset=\"https:\/\/vtest1.college-lapierre.fr\/wp-content\/uploads\/2024\/10\/IMG20241017160849-1024x768.jpg 1024w, https:\/\/vtest1.college-lapierre.fr\/wp-content\/uploads\/2024\/10\/IMG20241017160849-300x225.jpg 300w, https:\/\/vtest1.college-lapierre.fr\/wp-content\/uploads\/2024\/10\/IMG20241017160849-768x576.jpg 768w, https:\/\/vtest1.college-lapierre.fr\/wp-content\/uploads\/2024\/10\/IMG20241017160849-1536x1152.jpg 1536w, https:\/\/vtest1.college-lapierre.fr\/wp-content\/uploads\/2024\/10\/IMG20241017160849-2048x1536.jpg 2048w\" sizes=\"auto, (max-width: 1024px) 100vw, 1024px\" \/><\/figure>\n<!-- \/wp:image --><\/div><\/li>\n<li><div class=\"wp-block-latest-posts__featured-image\"><img loading=\"lazy\" decoding=\"async\" width=\"150\" height=\"150\" src=\"https:\/\/vtest1.college-lapierre.fr\/wp-content\/uploads\/2024\/10\/IMG20241017174337-150x150.jpg\" class=\"attachment-thumbnail size-thumbnail wp-post-image\" alt=\"\" style=\"\" \/><\/div><a class=\"wp-block-latest-posts__post-title\" href=\"https:\/\/vtest1.college-lapierre.fr\/?p=10896\">D\u00eda de muertos<\/a><div class=\"wp-block-latest-posts__post-author\">par A.CIRIGNANO<\/div><time datetime=\"2024-10-17T19:23:52+02:00\" class=\"wp-block-latest-posts__post-date\">17\/10\/2024<\/time><div class=\"wp-block-latest-posts__post-full-content\"><!-- wp:paragraph -->\n<p>L&rsquo;\u00e9quipe d&rsquo;espagnol s&rsquo;est r\u00e9unie autour d&rsquo;un projet culturel qui a rassembl\u00e9 les \u00e9l\u00e8ves de tous les niveaux. <\/p>\n<!-- \/wp:paragraph -->\n\n<!-- wp:paragraph {\"style\":{\"elements\":{\"link\":{\"color\":{\"text\":\"var:preset|color|black\"}}}},\"textColor\":\"black\"} -->\n<p class=\"has-black-color has-text-color has-link-color\">C&rsquo;est la tradition mexicaine color\u00e9e et festive du \u00ab\u00a0<strong>d\u00eda de muertos<\/strong>\u00a0\u00bb que nous avons souhait\u00e9e mettre en avant pour ouvrir nos \u00e9l\u00e8ves \u00e0 la culture hispanique.<\/p>\n<!-- \/wp:paragraph -->\n\n<!-- wp:paragraph -->\n<p>Apr\u00e8s avoir d\u00e9couvert le th\u00e8me en classe autour de documents divers et vari\u00e9s, les \u00e9l\u00e8ves ont pu r\u00e9investir leurs connaissances et r\u00e9aliser \u00e0 leur tour un \u00ab\u00a0altar\u00a0\u00bb \u00e0 la m\u00e9moire de Frida Kahlo, peintre qui sera au programme de 3e. Un sujet dont ils pourront se saisir comme sujet d&rsquo;oral du DNB. <\/p>\n<!-- \/wp:paragraph -->\n\n<!-- wp:paragraph -->\n<p>Atelier papel picado, cr\u00e9ation de fleurs en papier, ils ont fait preuve de cr\u00e9ativit\u00e9 pour r\u00e9aliser ces autels hauts en couleurs!<\/p>\n<!-- \/wp:paragraph -->\n\n<!-- wp:paragraph -->\n<p>Les salles de cours et le couloir ont \u00e9galement \u00e9t\u00e9 d\u00e9cor\u00e9s pour la p\u00e9riode, faisant de nos salles de v\u00e9ritables espaces p\u00e9dagogiques o\u00f9 enseignants comme \u00e9l\u00e8ves prennent plaisir \u00e0 venir.                                                                                                                                      <\/p>\n<!-- \/wp:paragraph -->\n\n<!-- wp:image {\"id\":10899,\"sizeSlug\":\"large\",\"linkDestination\":\"none\"} -->\n<figure class=\"wp-block-image size-large\"><img loading=\"lazy\" decoding=\"async\" width=\"768\" height=\"1024\" src=\"https:\/\/vtest1.college-lapierre.fr\/wp-content\/uploads\/2024\/10\/IMG20241017174343-768x1024.jpg\" alt=\"\" class=\"wp-image-10899\" srcset=\"https:\/\/vtest1.college-lapierre.fr\/wp-content\/uploads\/2024\/10\/IMG20241017174343-768x1024.jpg 768w, https:\/\/vtest1.college-lapierre.fr\/wp-content\/uploads\/2024\/10\/IMG20241017174343-225x300.jpg 225w, https:\/\/vtest1.college-lapierre.fr\/wp-content\/uploads\/2024\/10\/IMG20241017174343-1152x1536.jpg 1152w, https:\/\/vtest1.college-lapierre.fr\/wp-content\/uploads\/2024\/10\/IMG20241017174343-1536x2048.jpg 1536w, https:\/\/vtest1.college-lapierre.fr\/wp-content\/uploads\/2024\/10\/IMG20241017174343-scaled.jpg 1920w\" sizes=\"auto, (max-width: 768px) 100vw, 768px\" \/><\/figure>\n<!-- \/wp:image -->\n\n<!-- wp:image {\"id\":10900,\"sizeSlug\":\"large\",\"linkDestination\":\"none\"} -->\n<figure class=\"wp-block-image size-large\"><img loading=\"lazy\" decoding=\"async\" width=\"1024\" height=\"768\" src=\"https:\/\/vtest1.college-lapierre.fr\/wp-content\/uploads\/2024\/10\/IMG20241017180543-1024x768.jpg\" alt=\"\" class=\"wp-image-10900\" srcset=\"https:\/\/vtest1.college-lapierre.fr\/wp-content\/uploads\/2024\/10\/IMG20241017180543-1024x768.jpg 1024w, https:\/\/vtest1.college-lapierre.fr\/wp-content\/uploads\/2024\/10\/IMG20241017180543-300x225.jpg 300w, https:\/\/vtest1.college-lapierre.fr\/wp-content\/uploads\/2024\/10\/IMG20241017180543-768x576.jpg 768w, https:\/\/vtest1.college-lapierre.fr\/wp-content\/uploads\/2024\/10\/IMG20241017180543-1536x1152.jpg 1536w, https:\/\/vtest1.college-lapierre.fr\/wp-content\/uploads\/2024\/10\/IMG20241017180543-2048x1536.jpg 2048w\" sizes=\"auto, (max-width: 1024px) 100vw, 1024px\" \/><\/figure>\n<!-- \/wp:image -->\n\n<!-- wp:image {\"id\":10901,\"sizeSlug\":\"large\",\"linkDestination\":\"none\",\"className\":\"is-style-default\"} -->\n<figure class=\"wp-block-image size-large is-style-default\"><img loading=\"lazy\" decoding=\"async\" width=\"768\" height=\"1024\" src=\"https:\/\/vtest1.college-lapierre.fr\/wp-content\/uploads\/2024\/10\/IMG20241017180602-768x1024.jpg\" alt=\"\" class=\"wp-image-10901\" srcset=\"https:\/\/vtest1.college-lapierre.fr\/wp-content\/uploads\/2024\/10\/IMG20241017180602-768x1024.jpg 768w, https:\/\/vtest1.college-lapierre.fr\/wp-content\/uploads\/2024\/10\/IMG20241017180602-225x300.jpg 225w, https:\/\/vtest1.college-lapierre.fr\/wp-content\/uploads\/2024\/10\/IMG20241017180602-1152x1536.jpg 1152w, https:\/\/vtest1.college-lapierre.fr\/wp-content\/uploads\/2024\/10\/IMG20241017180602-1536x2048.jpg 1536w, https:\/\/vtest1.college-lapierre.fr\/wp-content\/uploads\/2024\/10\/IMG20241017180602-scaled.jpg 1920w\" sizes=\"auto, (max-width: 768px) 100vw, 768px\" \/><\/figure>\n<!-- \/wp:image -->\n\n<!-- wp:image {\"id\":10993,\"sizeSlug\":\"large\",\"linkDestination\":\"none\"} -->\n<figure class=\"wp-block-image size-large\"><img loading=\"lazy\" decoding=\"async\" width=\"768\" height=\"1024\" src=\"https:\/\/vtest1.college-lapierre.fr\/wp-content\/uploads\/2024\/10\/IMG20241119135910-768x1024.jpg\" alt=\"\" class=\"wp-image-10993\" srcset=\"https:\/\/vtest1.college-lapierre.fr\/wp-content\/uploads\/2024\/10\/IMG20241119135910-768x1024.jpg 768w, https:\/\/vtest1.college-lapierre.fr\/wp-content\/uploads\/2024\/10\/IMG20241119135910-225x300.jpg 225w, https:\/\/vtest1.college-lapierre.fr\/wp-content\/uploads\/2024\/10\/IMG20241119135910-1152x1536.jpg 1152w, https:\/\/vtest1.college-lapierre.fr\/wp-content\/uploads\/2024\/10\/IMG20241119135910-1536x2048.jpg 1536w, https:\/\/vtest1.college-lapierre.fr\/wp-content\/uploads\/2024\/10\/IMG20241119135910-scaled.jpg 1920w\" sizes=\"auto, (max-width: 768px) 100vw, 768px\" \/><\/figure>\n<!-- \/wp:image -->\n\n<!-- wp:image {\"id\":10995,\"sizeSlug\":\"large\",\"linkDestination\":\"none\"} -->\n<figure class=\"wp-block-image size-large\"><img loading=\"lazy\" decoding=\"async\" width=\"1024\" height=\"768\" src=\"https:\/\/vtest1.college-lapierre.fr\/wp-content\/uploads\/2024\/10\/IMG20241119140000-1024x768.jpg\" alt=\"\" class=\"wp-image-10995\" srcset=\"https:\/\/vtest1.college-lapierre.fr\/wp-content\/uploads\/2024\/10\/IMG20241119140000-1024x768.jpg 1024w, https:\/\/vtest1.college-lapierre.fr\/wp-content\/uploads\/2024\/10\/IMG20241119140000-300x225.jpg 300w, https:\/\/vtest1.college-lapierre.fr\/wp-content\/uploads\/2024\/10\/IMG20241119140000-768x576.jpg 768w, https:\/\/vtest1.college-lapierre.fr\/wp-content\/uploads\/2024\/10\/IMG20241119140000-1536x1152.jpg 1536w, https:\/\/vtest1.college-lapierre.fr\/wp-content\/uploads\/2024\/10\/IMG20241119140000-2048x1536.jpg 2048w\" sizes=\"auto, (max-width: 1024px) 100vw, 1024px\" \/><\/figure>\n<!-- \/wp:image -->\n\n<!-- wp:image {\"id\":10994,\"sizeSlug\":\"large\",\"linkDestination\":\"none\"} -->\n<figure class=\"wp-block-image size-large\"><img loading=\"lazy\" decoding=\"async\" width=\"768\" height=\"1024\" src=\"https:\/\/vtest1.college-lapierre.fr\/wp-content\/uploads\/2024\/10\/IMG20241119140923-768x1024.jpg\" alt=\"\" class=\"wp-image-10994\" srcset=\"https:\/\/vtest1.college-lapierre.fr\/wp-content\/uploads\/2024\/10\/IMG20241119140923-768x1024.jpg 768w, https:\/\/vtest1.college-lapierre.fr\/wp-content\/uploads\/2024\/10\/IMG20241119140923-225x300.jpg 225w, https:\/\/vtest1.college-lapierre.fr\/wp-content\/uploads\/2024\/10\/IMG20241119140923-1152x1536.jpg 1152w, https:\/\/vtest1.college-lapierre.fr\/wp-content\/uploads\/2024\/10\/IMG20241119140923-1536x2048.jpg 1536w, https:\/\/vtest1.college-lapierre.fr\/wp-content\/uploads\/2024\/10\/IMG20241119140923-scaled.jpg 1920w\" sizes=\"auto, (max-width: 768px) 100vw, 768px\" \/><\/figure>\n<!-- \/wp:image -->\n\n<!-- wp:image {\"id\":10996,\"sizeSlug\":\"large\",\"linkDestination\":\"none\"} -->\n<figure class=\"wp-block-image size-large\"><img loading=\"lazy\" decoding=\"async\" width=\"1024\" height=\"768\" src=\"https:\/\/vtest1.college-lapierre.fr\/wp-content\/uploads\/2024\/10\/IMG20241119152626-1024x768.jpg\" alt=\"\" class=\"wp-image-10996\" srcset=\"https:\/\/vtest1.college-lapierre.fr\/wp-content\/uploads\/2024\/10\/IMG20241119152626-1024x768.jpg 1024w, https:\/\/vtest1.college-lapierre.fr\/wp-content\/uploads\/2024\/10\/IMG20241119152626-300x225.jpg 300w, https:\/\/vtest1.college-lapierre.fr\/wp-content\/uploads\/2024\/10\/IMG20241119152626-768x576.jpg 768w, https:\/\/vtest1.college-lapierre.fr\/wp-content\/uploads\/2024\/10\/IMG20241119152626-1536x1152.jpg 1536w, https:\/\/vtest1.college-lapierre.fr\/wp-content\/uploads\/2024\/10\/IMG20241119152626-2048x1536.jpg 2048w\" sizes=\"auto, (max-width: 1024px) 100vw, 1024px\" \/><\/figure>\n<!-- \/wp:image -->\n\n<!-- wp:image {\"id\":10997,\"sizeSlug\":\"large\",\"linkDestination\":\"none\"} -->\n<figure class=\"wp-block-image size-large\"><img loading=\"lazy\" decoding=\"async\" width=\"768\" height=\"1024\" src=\"https:\/\/vtest1.college-lapierre.fr\/wp-content\/uploads\/2024\/10\/IMG20241119152612-768x1024.jpg\" alt=\"\" class=\"wp-image-10997\" srcset=\"https:\/\/vtest1.college-lapierre.fr\/wp-content\/uploads\/2024\/10\/IMG20241119152612-768x1024.jpg 768w, https:\/\/vtest1.college-lapierre.fr\/wp-content\/uploads\/2024\/10\/IMG20241119152612-225x300.jpg 225w, https:\/\/vtest1.college-lapierre.fr\/wp-content\/uploads\/2024\/10\/IMG20241119152612-1152x1536.jpg 1152w, https:\/\/vtest1.college-lapierre.fr\/wp-content\/uploads\/2024\/10\/IMG20241119152612-1536x2048.jpg 1536w, https:\/\/vtest1.college-lapierre.fr\/wp-content\/uploads\/2024\/10\/IMG20241119152612-scaled.jpg 1920w\" sizes=\"auto, (max-width: 768px) 100vw, 768px\" \/><\/figure>\n<!-- \/wp:image -->\n\n<!-- wp:image {\"id\":10998,\"sizeSlug\":\"large\",\"linkDestination\":\"none\"} -->\n<figure class=\"wp-block-image size-large\"><img loading=\"lazy\" decoding=\"async\" width=\"768\" height=\"1024\" src=\"https:\/\/vtest1.college-lapierre.fr\/wp-content\/uploads\/2024\/10\/IMG20241119150202-768x1024.jpg\" alt=\"\" class=\"wp-image-10998\" srcset=\"https:\/\/vtest1.college-lapierre.fr\/wp-content\/uploads\/2024\/10\/IMG20241119150202-768x1024.jpg 768w, https:\/\/vtest1.college-lapierre.fr\/wp-content\/uploads\/2024\/10\/IMG20241119150202-225x300.jpg 225w, https:\/\/vtest1.college-lapierre.fr\/wp-content\/uploads\/2024\/10\/IMG20241119150202-1152x1536.jpg 1152w, https:\/\/vtest1.college-lapierre.fr\/wp-content\/uploads\/2024\/10\/IMG20241119150202-1536x2048.jpg 1536w, https:\/\/vtest1.college-lapierre.fr\/wp-content\/uploads\/2024\/10\/IMG20241119150202-scaled.jpg 1920w\" sizes=\"auto, (max-width: 768px) 100vw, 768px\" \/><\/figure>\n<!-- \/wp:image -->\n\n<!-- wp:image {\"id\":10999,\"sizeSlug\":\"large\",\"linkDestination\":\"none\"} -->\n<figure class=\"wp-block-image size-large\"><img loading=\"lazy\" decoding=\"async\" width=\"1024\" height=\"768\" src=\"https:\/\/vtest1.college-lapierre.fr\/wp-content\/uploads\/2024\/10\/IMG20241121163629-1024x768.jpg\" alt=\"\" class=\"wp-image-10999\" srcset=\"https:\/\/vtest1.college-lapierre.fr\/wp-content\/uploads\/2024\/10\/IMG20241121163629-1024x768.jpg 1024w, https:\/\/vtest1.college-lapierre.fr\/wp-content\/uploads\/2024\/10\/IMG20241121163629-300x225.jpg 300w, https:\/\/vtest1.college-lapierre.fr\/wp-content\/uploads\/2024\/10\/IMG20241121163629-768x576.jpg 768w, https:\/\/vtest1.college-lapierre.fr\/wp-content\/uploads\/2024\/10\/IMG20241121163629-1536x1152.jpg 1536w, https:\/\/vtest1.college-lapierre.fr\/wp-content\/uploads\/2024\/10\/IMG20241121163629-2048x1536.jpg 2048w\" sizes=\"auto, (max-width: 1024px) 100vw, 1024px\" \/><\/figure>\n<!-- \/wp:image --><\/div><\/li>\n<li><a class=\"wp-block-latest-posts__post-title\" href=\"https:\/\/vtest1.college-lapierre.fr\/?p=10841\">Our English Assistant for 2024-2025<\/a><div class=\"wp-block-latest-posts__post-author\">par G. PASTRANO<\/div><time datetime=\"2024-09-27T13:13:45+02:00\" class=\"wp-block-latest-posts__post-date\">27\/09\/2024<\/time><div class=\"wp-block-latest-posts__post-full-content\"><!-- wp:video {\"id\":10842} -->\n<figure class=\"wp-block-video\"><video controls src=\"https:\/\/vtest1.college-lapierre.fr\/wp-content\/uploads\/2024\/09\/1727343988018800.mp4\"><\/video><\/figure>\n<!-- \/wp:video --><\/div><\/li>\n<li><div class=\"wp-block-latest-posts__featured-image\"><img loading=\"lazy\" decoding=\"async\" width=\"150\" height=\"150\" src=\"https:\/\/vtest1.college-lapierre.fr\/wp-content\/uploads\/2023\/06\/Logo-FSE-150x150.png\" class=\"attachment-thumbnail size-thumbnail wp-post-image\" alt=\"\" style=\"\" srcset=\"https:\/\/vtest1.college-lapierre.fr\/wp-content\/uploads\/2023\/06\/Logo-FSE-150x150.png 150w, https:\/\/vtest1.college-lapierre.fr\/wp-content\/uploads\/2023\/06\/Logo-FSE.png 200w\" sizes=\"auto, (max-width: 150px) 100vw, 150px\" \/><\/div><a class=\"wp-block-latest-posts__post-title\" href=\"https:\/\/vtest1.college-lapierre.fr\/?p=10804\">Inscriptions FSE ann\u00e9e scolaire 2024-2025<\/a><div class=\"wp-block-latest-posts__post-author\">par Pierre-Jean CABANEL<\/div><time datetime=\"2024-09-09T19:34:21+02:00\" class=\"wp-block-latest-posts__post-date\">09\/09\/2024<\/time><div class=\"wp-block-latest-posts__post-full-content\"><!-- wp:paragraph -->\n<p>La campagne d&rsquo;adh\u00e9sion au Foyer Socio Educatif du coll\u00e8ge pour l&rsquo;ann\u00e9e 2024-2025 a d\u00e9but\u00e9.<\/p>\n<!-- \/wp:paragraph -->\n\n<!-- wp:paragraph -->\n<p>Comme l&rsquo;ann\u00e9e derni\u00e8re, vous pouvez effectuer cette adh\u00e9sion en ligne en passant par le site <strong><em>Helloasso.com<\/em><\/strong> gr\u00e2ce au bouton ci-dessous :<\/p>\n<!-- \/wp:paragraph -->\n\n<!-- wp:html -->\n\n<!-- \/wp:html -->\n\n<!-- wp:paragraph -->\n<p>Adh\u00e9sion \u00e9l\u00e8ve : 5\u20ac par \u00e9l\u00e8ve.<\/p>\n<!-- \/wp:paragraph -->\n\n<!-- wp:paragraph -->\n<p>Adh\u00e9sion adultes : adh\u00e9sion libre \u00e0 partir de 5\u20ac.<\/p>\n<!-- \/wp:paragraph -->\n\n<!-- wp:paragraph -->\n<p>Possibilit\u00e9 d&rsquo;effectuer des dons au FSE du coll\u00e8ge Georges Lapierre au moment de l&rsquo;adh\u00e9sion.<\/p>\n<!-- \/wp:paragraph -->\n\n<!-- wp:paragraph -->\n<p><em><strong>IMPORTANT :<\/strong><\/em><\/p>\n<!-- \/wp:paragraph -->\n\n<!-- wp:paragraph -->\n<p><strong>A l\u2019\u00e9tape 4, avant le paiement, vous pouvez modifier \u00ab\u00a0Votre contribution au fonctionnement de HelloAsso\u00a0\u00bb.<\/strong><\/p>\n<!-- \/wp:paragraph -->\n\n<!-- wp:paragraph {\"style\":{\"elements\":{\"link\":{\"color\":{\"text\":\"var:preset|color|black\"}}}},\"backgroundColor\":\"luminous-vivid-amber\",\"textColor\":\"black\"} -->\n<p class=\"has-black-color has-luminous-vivid-amber-background-color has-text-color has-background has-link-color\"><strong>Cliquez sur Modifier puis cocher\u00a0:<\/strong><\/p>\n<!-- \/wp:paragraph -->\n\n<!-- wp:paragraph {\"style\":{\"elements\":{\"link\":{\"color\":{\"text\":\"var:preset|color|black\"}}}},\"backgroundColor\":\"vivid-red\",\"textColor\":\"black\"} -->\n<p class=\"has-black-color has-vivid-red-background-color has-text-color has-background has-link-color\"><strong>\u00ab\u00a0Je ne souhaite pas soutenir HelloAsso \u00bb<\/strong><\/p>\n<!-- \/wp:paragraph -->\n\n<!-- wp:separator -->\n<hr class=\"wp-block-separator has-alpha-channel-opacity\" \/>\n<!-- \/wp:separator -->\n\n<!-- wp:html -->\n\n<!-- \/wp:html -->\n\n<!-- wp:separator -->\n<hr class=\"wp-block-separator has-alpha-channel-opacity\" \/>\n<!-- \/wp:separator -->\n\n<!-- wp:paragraph -->\n<p><strong>Le Foyer Socio \u00c9ducatif est une association Loi 1901 ouverte \u00e0 tous les \u00e9l\u00e8ves et adultes du Coll\u00e8ge Lapierre.<\/strong><\/p>\n<!-- \/wp:paragraph -->\n\n<!-- wp:paragraph -->\n<p><strong><u>LES OBJECTIFS DU FSE\u00a0:<\/u><\/strong><\/p>\n<!-- \/wp:paragraph -->\n\n<!-- wp:paragraph -->\n<p>Toutes les actions financ\u00e9es par le FSE visent \u00e0 <em><strong>am\u00e9liorer la qualit\u00e9 de vie des \u00e9l\u00e8ves au quotidien<\/strong><\/em>\u00a0et <strong><em>d\u00e9velopper les projets pour les \u00e9l\u00e8ves<\/em><\/strong> :<\/p>\n<!-- \/wp:paragraph -->\n\n<!-- wp:list -->\n<ul class=\"wp-block-list\"><!-- wp:list-item -->\n<li>Acheter le mat\u00e9riel n\u00e9cessaire au fonctionnement des clubs entre 12H30 et 13H25<\/li>\n<!-- \/wp:list-item -->\n\n<!-- wp:list-item -->\n<li>Financer des animations (tournois de baby foot, tennis de table\u2026)<\/li>\n<!-- \/wp:list-item -->\n\n<!-- wp:list-item -->\n<li>Participer au financement des sorties, voyages scolaires et autres actions p\u00e9dagogiques<\/li>\n<!-- \/wp:list-item -->\n\n<!-- wp:list-item -->\n<li>Contribuer\u00a0au fonctionnement d\u2019un espace de d\u00e9tente \u00e9quip\u00e9 de jeux et de baby-foot.<\/li>\n<!-- \/wp:list-item --><\/ul>\n<!-- \/wp:list -->\n\n<!-- wp:paragraph -->\n<p><strong><u>LE BUDGET DU FSE\u00a0:<\/u><\/strong><\/p>\n<!-- \/wp:paragraph -->\n\n<!-- wp:paragraph -->\n<p>Le FSE dispose \u00a0d\u2019un budget qui lui est propre.\u00a0 Les actions qu\u2019il soutient sont donc financ\u00e9es par :<\/p>\n<!-- \/wp:paragraph -->\n\n<!-- wp:list -->\n<ul class=\"wp-block-list\"><!-- wp:list-item -->\n<li>Les <em><strong>cotisations<\/strong><\/em> des \u00e9l\u00e8ves et des adultes de l\u2019\u00e9tablissement<\/li>\n<!-- \/wp:list-item -->\n\n<!-- wp:list-item -->\n<li>Les <em><strong>ventes<\/strong><\/em> et actions diverses (vente des photos de classes, tombola, etc.)<\/li>\n<!-- \/wp:list-item -->\n\n<!-- wp:list-item -->\n<li>Les <em><strong>subventions<\/strong><\/em> accord\u00e9es par la Mairie de Lormont.<\/li>\n<!-- \/wp:list-item -->\n\n<!-- wp:list-item -->\n<li>Les <em><strong>dons.<\/strong><\/em><\/li>\n<!-- \/wp:list-item --><\/ul>\n<!-- \/wp:list --><\/div><\/li>\n<li><a class=\"wp-block-latest-posts__post-title\" href=\"https:\/\/vtest1.college-lapierre.fr\/?p=10801\">ENGLISH FACILITY !<\/a><div class=\"wp-block-latest-posts__post-author\">par C. SOULADIE<\/div><time datetime=\"2024-09-08T15:20:21+02:00\" class=\"wp-block-latest-posts__post-date\">08\/09\/2024<\/time><div class=\"wp-block-latest-posts__post-full-content\"><!-- wp:paragraph -->\n<p>Vacances apprenantes<\/p>\n<!-- \/wp:paragraph -->\n\n<!-- wp:embed {\"url\":\"https:\/\/vimeo.com\/1004205433\",\"type\":\"video\",\"providerNameSlug\":\"vimeo\",\"responsive\":true,\"className\":\"wp-embed-aspect-16-9 wp-has-aspect-ratio\"} -->\n<figure class=\"wp-block-embed is-type-video is-provider-vimeo wp-block-embed-vimeo wp-embed-aspect-16-9 wp-has-aspect-ratio\"><div class=\"wp-block-embed__wrapper\">\nhttps:\/\/vimeo.com\/1004205433\n<\/div><\/figure>\n<!-- \/wp:embed -->\n\n<!-- wp:paragraph -->\n<p>Capsule de savoir \u00ab\u00a0parler anglais\u00a0\u00bb<br>Anglais \/ arts plastiques num\u00e9riques<br>Ao\u00fbt 2024<\/p>\n<!-- \/wp:paragraph -->\n\n<!-- wp:paragraph -->\n<p><\/p>\n<!-- \/wp:paragraph --><\/div><\/li>\n<li><a class=\"wp-block-latest-posts__post-title\" href=\"https:\/\/vtest1.college-lapierre.fr\/?p=10658\">Les mascottes de Jeux de Lormont !<\/a><div class=\"wp-block-latest-posts__post-author\">par C. SOULADIE<\/div><time datetime=\"2024-06-26T21:50:36+02:00\" class=\"wp-block-latest-posts__post-date\">26\/06\/2024<\/time><div class=\"wp-block-latest-posts__post-full-content\"><!-- wp:embed {\"url\":\"https:\/\/vimeo.com\/969195550?share=copy \",\"type\":\"video\",\"providerNameSlug\":\"vimeo\",\"responsive\":true,\"className\":\"wp-embed-aspect-16-9 wp-has-aspect-ratio\"} -->\n<figure class=\"wp-block-embed is-type-video is-provider-vimeo wp-block-embed-vimeo wp-embed-aspect-16-9 wp-has-aspect-ratio\"><div class=\"wp-block-embed__wrapper\">\nhttps:\/\/vimeo.com\/969195550?share=copy \n<\/div><figcaption class=\"wp-element-caption\"><strong>Liaison \u00e9cole-coll\u00e8ge, E.E. Condorcet, classe de Cm2-James Cook &#8211; 6eme Altius coll\u00e8ge G. Lapierre &#8211; Lormont.<br>Pratique arts num\u00e9riques de modeling\/sculpting\/3D.<br>Mai-juin 2024<\/strong><\/figcaption><\/figure>\n<!-- \/wp:embed --><\/div><\/li>\n<li><a class=\"wp-block-latest-posts__post-title\" href=\"https:\/\/vtest1.college-lapierre.fr\/?p=10652\">Super h\u00e9ro\u00efnes-h\u00e9roes : from angoul\u00e8me to Brussels !<\/a><div class=\"wp-block-latest-posts__post-author\">par C. SOULADIE<\/div><time datetime=\"2024-06-25T22:17:25+02:00\" class=\"wp-block-latest-posts__post-date\">25\/06\/2024<\/time><div class=\"wp-block-latest-posts__post-full-content\"><!-- wp:embed {\"url\":\"https:\/\/vimeo.com\/968241089?share=copy\",\"type\":\"video\",\"providerNameSlug\":\"vimeo\",\"responsive\":true,\"className\":\"wp-embed-aspect-16-9 wp-has-aspect-ratio\"} -->\n<figure class=\"wp-block-embed is-type-video is-provider-vimeo wp-block-embed-vimeo wp-embed-aspect-16-9 wp-has-aspect-ratio\"><div class=\"wp-block-embed__wrapper\">\nhttps:\/\/vimeo.com\/968241089?share=copy\n<\/div><figcaption class=\"wp-element-caption\">Projet EAC-anglais-arts plastiques-Fan\u00e7ais-histoire-EMC-mobilit\u00e9<br>Classes de 5eme Raoni et Surfrider<br>2023\/2024<\/figcaption><\/figure>\n<!-- \/wp:embed --><\/div><\/li>\n<li><div class=\"wp-block-latest-posts__featured-image\"><img loading=\"lazy\" decoding=\"async\" width=\"150\" height=\"150\" src=\"https:\/\/vtest1.college-lapierre.fr\/wp-content\/uploads\/2024\/05\/radio-image2-1-150x150.jpg\" class=\"attachment-thumbnail size-thumbnail wp-post-image\" alt=\"\" style=\"\" \/><\/div><a class=\"wp-block-latest-posts__post-title\" href=\"https:\/\/vtest1.college-lapierre.fr\/?p=10466\">S\u00e9jour \u00e0 Bruxelles (avril 2024) : retour sur ce projet en interview<\/a><div class=\"wp-block-latest-posts__post-author\">par PJ CABANEL<\/div><time datetime=\"2024-05-24T08:40:29+02:00\" class=\"wp-block-latest-posts__post-date\">24\/05\/2024<\/time><div class=\"wp-block-latest-posts__post-full-content\"><!-- wp:image {\"id\":10431,\"sizeSlug\":\"full\",\"linkDestination\":\"none\"} -->\n<figure class=\"wp-block-image size-full\"><img loading=\"lazy\" decoding=\"async\" width=\"990\" height=\"707\" src=\"https:\/\/vtest1.college-lapierre.fr\/wp-content\/uploads\/2024\/05\/radio-image2-1.jpg\" alt=\"\" class=\"wp-image-10431\" srcset=\"https:\/\/vtest1.college-lapierre.fr\/wp-content\/uploads\/2024\/05\/radio-image2-1.jpg 990w, https:\/\/vtest1.college-lapierre.fr\/wp-content\/uploads\/2024\/05\/radio-image2-1-300x214.jpg 300w, https:\/\/vtest1.college-lapierre.fr\/wp-content\/uploads\/2024\/05\/radio-image2-1-768x548.jpg 768w\" sizes=\"auto, (max-width: 990px) 100vw, 990px\" \/><\/figure>\n<!-- \/wp:image -->\n\n<!-- wp:audio {\"id\":10507} -->\n<figure class=\"wp-block-audio\"><audio controls src=\"https:\/\/vtest1.college-lapierre.fr\/wp-content\/uploads\/2024\/06\/Mila-et-Orlina-interrogent-Valentine-et-Amirie0406.wav\"><\/audio><\/figure>\n<!-- \/wp:audio -->\n\n<!-- wp:image {\"id\":10402,\"sizeSlug\":\"large\",\"linkDestination\":\"none\"} -->\n<figure class=\"wp-block-image size-large\"><img loading=\"lazy\" decoding=\"async\" width=\"1024\" height=\"614\" src=\"https:\/\/vtest1.college-lapierre.fr\/wp-content\/uploads\/2024\/04\/Grand_Place_Bruselas_2-1024x614.jpg\" alt=\"\" class=\"wp-image-10402\" srcset=\"https:\/\/vtest1.college-lapierre.fr\/wp-content\/uploads\/2024\/04\/Grand_Place_Bruselas_2-1024x614.jpg 1024w, https:\/\/vtest1.college-lapierre.fr\/wp-content\/uploads\/2024\/04\/Grand_Place_Bruselas_2-300x180.jpg 300w, https:\/\/vtest1.college-lapierre.fr\/wp-content\/uploads\/2024\/04\/Grand_Place_Bruselas_2-768x461.jpg 768w, https:\/\/vtest1.college-lapierre.fr\/wp-content\/uploads\/2024\/04\/Grand_Place_Bruselas_2.jpg 1200w\" sizes=\"auto, (max-width: 1024px) 100vw, 1024px\" \/><\/figure>\n<!-- \/wp:image -->\n\n<!-- wp:image {\"id\":10401,\"sizeSlug\":\"large\",\"linkDestination\":\"none\"} -->\n<figure class=\"wp-block-image size-large\"><img loading=\"lazy\" decoding=\"async\" width=\"1024\" height=\"768\" src=\"https:\/\/vtest1.college-lapierre.fr\/wp-content\/uploads\/2024\/04\/Bruxelles-1-20240409-1024x768.jpeg\" alt=\"\" class=\"wp-image-10401\" srcset=\"https:\/\/vtest1.college-lapierre.fr\/wp-content\/uploads\/2024\/04\/Bruxelles-1-20240409-1024x768.jpeg 1024w, https:\/\/vtest1.college-lapierre.fr\/wp-content\/uploads\/2024\/04\/Bruxelles-1-20240409-300x225.jpeg 300w, https:\/\/vtest1.college-lapierre.fr\/wp-content\/uploads\/2024\/04\/Bruxelles-1-20240409-768x576.jpeg 768w, https:\/\/vtest1.college-lapierre.fr\/wp-content\/uploads\/2024\/04\/Bruxelles-1-20240409-1536x1152.jpeg 1536w, https:\/\/vtest1.college-lapierre.fr\/wp-content\/uploads\/2024\/04\/Bruxelles-1-20240409.jpeg 1600w\" sizes=\"auto, (max-width: 1024px) 100vw, 1024px\" \/><\/figure>\n<!-- \/wp:image --><\/div><\/li>\n<li><div class=\"wp-block-latest-posts__featured-image\"><img loading=\"lazy\" decoding=\"async\" width=\"150\" height=\"150\" src=\"https:\/\/vtest1.college-lapierre.fr\/wp-content\/uploads\/2024\/04\/Grand_Place_Bruselas_2-150x150.jpg\" class=\"attachment-thumbnail size-thumbnail wp-post-image\" alt=\"\" style=\"\" \/><\/div><a class=\"wp-block-latest-posts__post-title\" href=\"https:\/\/vtest1.college-lapierre.fr\/?p=10400\">S\u00e9jour \u00e0 Bruxelles, 5e<\/a><div class=\"wp-block-latest-posts__post-author\">par PJ CABANEL<\/div><time datetime=\"2024-04-09T12:20:29+02:00\" class=\"wp-block-latest-posts__post-date\">09\/04\/2024<\/time><div class=\"wp-block-latest-posts__post-full-content\"><!-- wp:paragraph -->\n<p>Les \u00e9l\u00e8ves et les personnels accompagnant le s\u00e9jour \u00e0 Bruxelles se sont retrouv\u00e9s ce mardi 09 avril 2024 vers 8h du matin \u00e0 la gare Saint Jean de Bordeaux pour d\u00e9marrer leur p\u00e9riple de 3 jours dans la capitale belge. Ils poursuivent et finalisent ainsi un projet interclasses et interdisciplinaire (fran\u00e7ais, anglais, arts-plastiques, histoire et g\u00e9ographie) autour de la bande dessin\u00e9e.<\/p>\n<!-- \/wp:paragraph -->\n\n<!-- wp:paragraph -->\n<p><span style=\"text-decoration: underline\">Premi\u00e8re \u00e9tape : Bordeaux \/ Paris Montparnasse en TGV.<\/span><\/p>\n<!-- \/wp:paragraph -->\n\n<!-- wp:image {\"id\":10401,\"sizeSlug\":\"large\",\"linkDestination\":\"none\"} -->\n<figure class=\"wp-block-image size-large\"><img loading=\"lazy\" decoding=\"async\" width=\"1024\" height=\"768\" src=\"https:\/\/vtest1.college-lapierre.fr\/wp-content\/uploads\/2024\/04\/Bruxelles-1-20240409-1024x768.jpeg\" alt=\"\" class=\"wp-image-10401\" srcset=\"https:\/\/vtest1.college-lapierre.fr\/wp-content\/uploads\/2024\/04\/Bruxelles-1-20240409-1024x768.jpeg 1024w, https:\/\/vtest1.college-lapierre.fr\/wp-content\/uploads\/2024\/04\/Bruxelles-1-20240409-300x225.jpeg 300w, https:\/\/vtest1.college-lapierre.fr\/wp-content\/uploads\/2024\/04\/Bruxelles-1-20240409-768x576.jpeg 768w, https:\/\/vtest1.college-lapierre.fr\/wp-content\/uploads\/2024\/04\/Bruxelles-1-20240409-1536x1152.jpeg 1536w, https:\/\/vtest1.college-lapierre.fr\/wp-content\/uploads\/2024\/04\/Bruxelles-1-20240409.jpeg 1600w\" sizes=\"auto, (max-width: 1024px) 100vw, 1024px\" \/><\/figure>\n<!-- \/wp:image -->\n\n<!-- wp:video {\"id\":10404} -->\n<figure class=\"wp-block-video\"><video controls src=\"https:\/\/vtest1.college-lapierre.fr\/wp-content\/uploads\/2024\/04\/Bruxeles-01-VID-20240409-WA0000.mp4\"><\/video><\/figure>\n<!-- \/wp:video --><\/div><\/li>\n<li><div class=\"wp-block-latest-posts__featured-image\"><img loading=\"lazy\" decoding=\"async\" width=\"150\" height=\"150\" src=\"https:\/\/vtest1.college-lapierre.fr\/wp-content\/uploads\/2024\/03\/image-150x150.png\" class=\"attachment-thumbnail size-thumbnail wp-post-image\" alt=\"\" style=\"\" \/><\/div><a class=\"wp-block-latest-posts__post-title\" href=\"https:\/\/vtest1.college-lapierre.fr\/?p=10366\">S\u00e9jour \u00e0 Galway<\/a><div class=\"wp-block-latest-posts__post-author\">par PJ CABANEL<\/div><time datetime=\"2024-03-07T16:02:23+02:00\" class=\"wp-block-latest-posts__post-date\">07\/03\/2024<\/time><div class=\"wp-block-latest-posts__post-full-content\"><!-- wp:paragraph -->\n<p>Vous pouvez suivre le s\u00e9jour des \u00e9l\u00e8ves \u00e0 GALWAY gr\u00e2ce au lien suivant :<\/p>\n<!-- \/wp:paragraph -->\n\n<!-- wp:paragraph -->\n<p><a href=\"https:\/\/www.myatlas.com\/manonnicolas64\/let-s-go-to-galway\" target=\"_blank\" rel=\"noreferrer noopener\">https:\/\/www.myatlas.com\/manonnicolas64\/let-s-go-to-galway<\/a><\/p>\n<!-- \/wp:paragraph -->\n\n<!-- wp:image {\"id\":10367,\"sizeSlug\":\"large\",\"linkDestination\":\"none\"} -->\n<figure class=\"wp-block-image size-large\"><img loading=\"lazy\" decoding=\"async\" width=\"1024\" height=\"768\" src=\"https:\/\/vtest1.college-lapierre.fr\/wp-content\/uploads\/2024\/03\/image-1024x768.png\" alt=\"\" class=\"wp-image-10367\" srcset=\"https:\/\/vtest1.college-lapierre.fr\/wp-content\/uploads\/2024\/03\/image-1024x768.png 1024w, https:\/\/vtest1.college-lapierre.fr\/wp-content\/uploads\/2024\/03\/image-300x225.png 300w, https:\/\/vtest1.college-lapierre.fr\/wp-content\/uploads\/2024\/03\/image-768x576.png 768w, https:\/\/vtest1.college-lapierre.fr\/wp-content\/uploads\/2024\/03\/image-1536x1153.png 1536w, https:\/\/vtest1.college-lapierre.fr\/wp-content\/uploads\/2024\/03\/image-2048x1537.png 2048w\" sizes=\"auto, (max-width: 1024px) 100vw, 1024px\" \/><\/figure>\n<!-- \/wp:image --><\/div><\/li>\n<li><div class=\"wp-block-latest-posts__featured-image\"><img loading=\"lazy\" decoding=\"async\" width=\"150\" height=\"150\" src=\"https:\/\/vtest1.college-lapierre.fr\/wp-content\/uploads\/2023\/11\/MarcheNoel-1-150x150.png\" class=\"attachment-thumbnail size-thumbnail wp-post-image\" alt=\"\" style=\"\" \/><\/div><a class=\"wp-block-latest-posts__post-title\" href=\"https:\/\/vtest1.college-lapierre.fr\/?p=10148\">March\u00e9 de No\u00ebl &#8211; 12 d\u00e9cembre 2023<\/a><div class=\"wp-block-latest-posts__post-author\">par A. CURUTCHET<\/div><time datetime=\"2023-11-30T21:17:36+02:00\" class=\"wp-block-latest-posts__post-date\">30\/11\/2023<\/time><div class=\"wp-block-latest-posts__post-full-content\"><!-- wp:image {\"id\":10149,\"sizeSlug\":\"full\",\"linkDestination\":\"none\"} -->\n<figure class=\"wp-block-image size-full\"><img loading=\"lazy\" decoding=\"async\" width=\"455\" height=\"642\" src=\"https:\/\/vtest1.college-lapierre.fr\/wp-content\/uploads\/2023\/11\/MarcheNoel.png\" alt=\"\" class=\"wp-image-10149\" srcset=\"https:\/\/vtest1.college-lapierre.fr\/wp-content\/uploads\/2023\/11\/MarcheNoel.png 455w, https:\/\/vtest1.college-lapierre.fr\/wp-content\/uploads\/2023\/11\/MarcheNoel-213x300.png 213w\" sizes=\"auto, (max-width: 455px) 100vw, 455px\" \/><\/figure>\n<!-- \/wp:image --><\/div><\/li>\n<li><a class=\"wp-block-latest-posts__post-title\" href=\"https:\/\/vtest1.college-lapierre.fr\/?p=10113\">Aidez le projet S\u00e9jours \u00e0 Bruxelles : partagez le lien vers la Trousse \u00e0 projets<\/a><div class=\"wp-block-latest-posts__post-author\">par PJ CABANEL<\/div><time datetime=\"2023-11-23T21:20:46+02:00\" class=\"wp-block-latest-posts__post-date\">23\/11\/2023<\/time><div class=\"wp-block-latest-posts__post-full-content\">\/*! elementor &#8211; v3.17.0 &#8211; 08-11-2023 *\/\n.elementor-widget-image{text-align:center}.elementor-widget-image a{display:inline-block}.elementor-widget-image a img[src$=\u00a0\u00bb.svg\u00a0\u00bb]{width:48px}.elementor-widget-image img{vertical-align:middle;display:inline-block}\t\t\t\t\t\t\t\t\t\t\t\t<img loading=\"lazy\" decoding=\"async\" width=\"650\" height=\"360\" src=\"https:\/\/vtest1.college-lapierre.fr\/wp-content\/uploads\/2023\/11\/11028343.webp\" alt=\"\" \/>\t\t\t\t\t\t\t\t\t\t\t\t\t\t\t\n\t\t<!-- wp:paragraph -->\n<p>Bonjour,<\/p>\n<!-- \/wp:paragraph -->\n<!-- wp:paragraph -->\n<p>Parents, personnels, professeurs, \u00e9l\u00e8ves&#8230;<\/p>\n<!-- \/wp:paragraph -->\n<!-- wp:paragraph -->\n<p><strong>Vous pouvez nous aider<\/strong> pour financer le projet \u00ab\u00a0<strong><em>Dans la peau d&rsquo;une h\u00e9ro\u00efne\/d&rsquo;un h\u00e9ros de BD d&rsquo;Angoul\u00eame \u00e0 Bruxelles<\/em><\/strong>.\u00a0\u00bb<\/p>\n<!-- \/wp:paragraph -->\n<!-- wp:paragraph -->\n<p>Le projet a \u00e9t\u00e9 s\u00e9lectionn\u00e9 par <strong>La Trousse \u00e0 projets<\/strong> qui permet de lancer une cagnotte afin de financer des projets p\u00e9dagogiques ambitieux pour les \u00e9l\u00e8ves.<\/p>\n<!-- \/wp:paragraph -->\n<!-- wp:paragraph -->\n<p>Gr\u00e2ce au lien suivant, les entreprises et les particuliers pourront donner de l&rsquo;argent pour ce projet et ainsi diminuer la participation pour les \u00e9l\u00e8ves.<\/p>\n<!-- \/wp:paragraph -->\n<!-- wp:paragraph -->\n<p><strong>Les dons ouvrent droit \u00e0 une d\u00e9duction fiscale \u00e0 hauteur de :<\/strong><\/p>\n<!-- \/wp:paragraph -->\n<!-- wp:list -->\n<ul><!-- wp:list-item -->\n<li><strong>60% du don effectu\u00e9 pour les entreprises (un don de 100\u20ac ne co\u00fbtera que 40\u20ac),<\/strong><\/li>\n<!-- \/wp:list-item -->\n<!-- wp:list-item -->\n<li><strong>66% du don effectu\u00e9 pour les particuliers (un don de 100\u20ac ne co\u00fbtera que 36\u20ac).<\/strong><\/li>\n<!-- \/wp:list-item --><\/ul>\n<!-- \/wp:list -->\n<!-- wp:paragraph -->\n<p><a href=\"https:\/\/trousseaprojets.fr\/projet\/7477-dans-la-peau-d-une-heroine-d-un-heros-de-bd-d-angouleme-a-bruxelles\">https:\/\/trousseaprojets.fr\/projet\/7477-dans-la-peau-d-une-heroine-d-un-heros-de-bd-d-angouleme-a-bruxelles<\/a><\/p>\n<!-- \/wp:paragraph -->\n<!-- wp:paragraph -->\n<p>Nous vous remercions pour le partage le plus large possible autour de vous de ce lien (entreprises, familles, proches, etc) et sur vos r\u00e9seaux sociaux pr\u00e9f\u00e9r\u00e9s. Nous comptons sur vous pour r\u00e9ussir \u00e0 obtenir l&rsquo;objectif fix\u00e9 par l&rsquo;\u00e9quipe.<\/p>\n<!-- \/wp:paragraph -->\n<!-- wp:paragraph -->\n<p>Pour toute information compl\u00e9mentaire, vous pouvez contacter le coll\u00e8ge Georges Lapierre (poste 4) ou nous \u00e9crire \u00e0 <a href=\"mailto:s.segpa@college-lapierre.fr\">s.segpa@college-lapierre.fr<\/a><\/p>\n<!-- \/wp:paragraph -->\n<!-- wp:paragraph -->\n<p>Pierre-Jean CABANEL<\/p>\n<!-- \/wp:paragraph -->\n<!-- wp:paragraph -->\n<p>pour l&rsquo;\u00e9quipe du projet \u00ab\u00a0<strong><em>Dans la peau d&rsquo;une h\u00e9ro\u00efne\/d&rsquo;un h\u00e9ros de BD d&rsquo;Angoul\u00eame \u00e0 Bruxelles<\/em><\/strong>.\u00a0\u00bb<\/p>\n<!-- \/wp:paragraph --><\/div><\/li>\n<li><a class=\"wp-block-latest-posts__post-title\" href=\"https:\/\/vtest1.college-lapierre.fr\/?p=9970\">\u00ab\u00a0Dans la peau d\u2019un h\u00e9ros de Bande dessin\u00e9e\u00a0\u00bb Etape 1\u00a0:\u00a0 Angoul\u00eame<\/a><div class=\"wp-block-latest-posts__post-author\">par M.SCIPPA<\/div><time datetime=\"2023-10-20T14:14:39+02:00\" class=\"wp-block-latest-posts__post-date\">20\/10\/2023<\/time><div class=\"wp-block-latest-posts__post-full-content\"><!-- wp:paragraph -->\n<p>Jeudi 19 Octobre 2023, les classes de 5<sup>\u00e8me<\/sup> RAONI et 5<sup>\u00e8me<\/sup> SURFRIDER se sont rendues \u00e0 Angoul\u00eame, dans le cadre du projet p\u00e9dagogique intitul\u00e9 \u00ab\u00a0De Angoul\u00eame \u00e0 Bruxelles, dans la peau d\u2019un h\u00e9ros de Bande dessin\u00e9e\u00a0\u00bb.<\/p>\n<!-- \/wp:paragraph -->\n\n<!-- wp:paragraph -->\n<p>Les \u00e9l\u00e8ves ont pu d\u00e9couvrir cette ville impr\u00e9gn\u00e9e de l\u2019univers BD\u00a0! Du nom des rues aux enseignes des magasins, en passant par l\u2019habillage des autobus tout est fait pour vous mettre dans l\u2019ambiance.<\/p>\n<!-- \/wp:paragraph -->\n\n<!-- wp:paragraph -->\n<p>Au programme de cette journ\u00e9e\u00a0:<\/p>\n<!-- \/wp:paragraph -->\n\n<!-- wp:list -->\n<ul><!-- wp:list-item -->\n<li>Visite du mus\u00e9e de la Bande dessin\u00e9e et de la librairie.<\/li>\n<!-- \/wp:list-item -->\n\n<!-- wp:list-item -->\n<li>Atelier\u00a0: \u00ab\u00a0Cr\u00e9er son propre h\u00e9ros\u00a0\u00bb anim\u00e9 par un illustrateur.<\/li>\n<!-- \/wp:list-item -->\n\n<!-- wp:list-item -->\n<li>Circuit des murs peints au c\u0153ur de la ville.<\/li>\n<!-- \/wp:list-item --><\/ul>\n<!-- \/wp:list -->\n\n<!-- wp:paragraph -->\n<p>Ce projet se poursuivra prochainement avec l\u2019exposition sur \u00ab\u00a0Tintin\u00a0\u00bb au bassin des lumi\u00e8res puis un s\u00e9jour p\u00e9dagogique \u00e0 Bruxelles.<\/p>\n<!-- \/wp:paragraph -->\n\n<!-- wp:gallery {\"linkTo\":\"none\"} -->\n<figure class=\"wp-block-gallery has-nested-images columns-default is-cropped\"><!-- wp:image {\"id\":9974,\"sizeSlug\":\"large\",\"linkDestination\":\"none\"} -->\n<figure class=\"wp-block-image size-large\"><img loading=\"lazy\" decoding=\"async\" width=\"768\" height=\"1024\" src=\"https:\/\/vtest1.college-lapierre.fr\/wp-content\/uploads\/2023\/10\/IMG_20231019_092804-768x1024.jpg\" alt=\"\" class=\"wp-image-9974\" srcset=\"https:\/\/vtest1.college-lapierre.fr\/wp-content\/uploads\/2023\/10\/IMG_20231019_092804-768x1024.jpg 768w, https:\/\/vtest1.college-lapierre.fr\/wp-content\/uploads\/2023\/10\/IMG_20231019_092804-225x300.jpg 225w, https:\/\/vtest1.college-lapierre.fr\/wp-content\/uploads\/2023\/10\/IMG_20231019_092804-1152x1536.jpg 1152w, https:\/\/vtest1.college-lapierre.fr\/wp-content\/uploads\/2023\/10\/IMG_20231019_092804-1536x2048.jpg 1536w, https:\/\/vtest1.college-lapierre.fr\/wp-content\/uploads\/2023\/10\/IMG_20231019_092804-scaled.jpg 1920w\" sizes=\"auto, (max-width: 768px) 100vw, 768px\" \/><\/figure>\n<!-- \/wp:image -->\n\n<!-- wp:image {\"id\":9976,\"sizeSlug\":\"large\",\"linkDestination\":\"none\"} -->\n<figure class=\"wp-block-image size-large\"><img loading=\"lazy\" decoding=\"async\" width=\"768\" height=\"1024\" src=\"https:\/\/vtest1.college-lapierre.fr\/wp-content\/uploads\/2023\/10\/IMG_20231019_092910-768x1024.jpg\" alt=\"\" class=\"wp-image-9976\" srcset=\"https:\/\/vtest1.college-lapierre.fr\/wp-content\/uploads\/2023\/10\/IMG_20231019_092910-768x1024.jpg 768w, https:\/\/vtest1.college-lapierre.fr\/wp-content\/uploads\/2023\/10\/IMG_20231019_092910-225x300.jpg 225w, https:\/\/vtest1.college-lapierre.fr\/wp-content\/uploads\/2023\/10\/IMG_20231019_092910-1152x1536.jpg 1152w, https:\/\/vtest1.college-lapierre.fr\/wp-content\/uploads\/2023\/10\/IMG_20231019_092910-1536x2048.jpg 1536w, https:\/\/vtest1.college-lapierre.fr\/wp-content\/uploads\/2023\/10\/IMG_20231019_092910-scaled.jpg 1920w\" sizes=\"auto, (max-width: 768px) 100vw, 768px\" \/><\/figure>\n<!-- \/wp:image -->\n\n<!-- wp:image {\"id\":9975,\"sizeSlug\":\"large\",\"linkDestination\":\"none\"} -->\n<figure class=\"wp-block-image size-large\"><img loading=\"lazy\" decoding=\"async\" width=\"768\" height=\"1024\" src=\"https:\/\/vtest1.college-lapierre.fr\/wp-content\/uploads\/2023\/10\/IMG_20231019_120658-768x1024.jpg\" alt=\"\" class=\"wp-image-9975\" srcset=\"https:\/\/vtest1.college-lapierre.fr\/wp-content\/uploads\/2023\/10\/IMG_20231019_120658-768x1024.jpg 768w, https:\/\/vtest1.college-lapierre.fr\/wp-content\/uploads\/2023\/10\/IMG_20231019_120658-225x300.jpg 225w, https:\/\/vtest1.college-lapierre.fr\/wp-content\/uploads\/2023\/10\/IMG_20231019_120658-1152x1536.jpg 1152w, https:\/\/vtest1.college-lapierre.fr\/wp-content\/uploads\/2023\/10\/IMG_20231019_120658-1536x2048.jpg 1536w, https:\/\/vtest1.college-lapierre.fr\/wp-content\/uploads\/2023\/10\/IMG_20231019_120658-scaled.jpg 1920w\" sizes=\"auto, (max-width: 768px) 100vw, 768px\" \/><\/figure>\n<!-- \/wp:image -->\n\n<!-- wp:image {\"id\":9972,\"sizeSlug\":\"large\",\"linkDestination\":\"none\"} -->\n<figure class=\"wp-block-image size-large\"><img loading=\"lazy\" decoding=\"async\" width=\"768\" height=\"1024\" src=\"https:\/\/vtest1.college-lapierre.fr\/wp-content\/uploads\/2023\/10\/IMG-20231019-WA0021.jpg\" alt=\"\" class=\"wp-image-9972\" srcset=\"https:\/\/vtest1.college-lapierre.fr\/wp-content\/uploads\/2023\/10\/IMG-20231019-WA0021.jpg 768w, https:\/\/vtest1.college-lapierre.fr\/wp-content\/uploads\/2023\/10\/IMG-20231019-WA0021-225x300.jpg 225w\" sizes=\"auto, (max-width: 768px) 100vw, 768px\" \/><\/figure>\n<!-- \/wp:image -->\n\n<!-- wp:image {\"id\":9971,\"sizeSlug\":\"large\",\"linkDestination\":\"none\"} -->\n<figure class=\"wp-block-image size-large\"><img loading=\"lazy\" decoding=\"async\" width=\"1024\" height=\"768\" src=\"https:\/\/vtest1.college-lapierre.fr\/wp-content\/uploads\/2023\/10\/IMG-20231019-WA0023.jpg\" alt=\"\" class=\"wp-image-9971\" srcset=\"https:\/\/vtest1.college-lapierre.fr\/wp-content\/uploads\/2023\/10\/IMG-20231019-WA0023.jpg 1024w, https:\/\/vtest1.college-lapierre.fr\/wp-content\/uploads\/2023\/10\/IMG-20231019-WA0023-300x225.jpg 300w, https:\/\/vtest1.college-lapierre.fr\/wp-content\/uploads\/2023\/10\/IMG-20231019-WA0023-768x576.jpg 768w\" sizes=\"auto, (max-width: 1024px) 100vw, 1024px\" \/><\/figure>\n<!-- \/wp:image -->\n\n<!-- wp:image {\"id\":9973,\"sizeSlug\":\"large\",\"linkDestination\":\"none\"} -->\n<figure class=\"wp-block-image size-large\"><img loading=\"lazy\" decoding=\"async\" width=\"768\" height=\"1024\" src=\"https:\/\/vtest1.college-lapierre.fr\/wp-content\/uploads\/2023\/10\/IMG-20231019-WA0026.jpg\" alt=\"\" class=\"wp-image-9973\" srcset=\"https:\/\/vtest1.college-lapierre.fr\/wp-content\/uploads\/2023\/10\/IMG-20231019-WA0026.jpg 768w, https:\/\/vtest1.college-lapierre.fr\/wp-content\/uploads\/2023\/10\/IMG-20231019-WA0026-225x300.jpg 225w\" sizes=\"auto, (max-width: 768px) 100vw, 768px\" \/><\/figure>\n<!-- \/wp:image -->\n\n<!-- wp:image {\"id\":9977,\"sizeSlug\":\"large\",\"linkDestination\":\"none\"} -->\n<figure class=\"wp-block-image size-large\"><img loading=\"lazy\" decoding=\"async\" width=\"1024\" height=\"768\" src=\"https:\/\/vtest1.college-lapierre.fr\/wp-content\/uploads\/2023\/10\/IMG-20231019-WA0009-1024x768.jpg\" alt=\"\" class=\"wp-image-9977\" srcset=\"https:\/\/vtest1.college-lapierre.fr\/wp-content\/uploads\/2023\/10\/IMG-20231019-WA0009-1024x768.jpg 1024w, https:\/\/vtest1.college-lapierre.fr\/wp-content\/uploads\/2023\/10\/IMG-20231019-WA0009-300x225.jpg 300w, https:\/\/vtest1.college-lapierre.fr\/wp-content\/uploads\/2023\/10\/IMG-20231019-WA0009-768x576.jpg 768w, https:\/\/vtest1.college-lapierre.fr\/wp-content\/uploads\/2023\/10\/IMG-20231019-WA0009-1536x1152.jpg 1536w, https:\/\/vtest1.college-lapierre.fr\/wp-content\/uploads\/2023\/10\/IMG-20231019-WA0009.jpg 2016w\" sizes=\"auto, (max-width: 1024px) 100vw, 1024px\" \/><\/figure>\n<!-- \/wp:image --><\/figure>\n<!-- \/wp:gallery --><\/div><\/li>\n<\/ul>","protected":false},"excerpt":{"rendered":"","protected":false},"author":2,"featured_media":0,"parent":24,"menu_order":0,"comment_status":"closed","ping_status":"closed","template":"","meta":{"footnotes":""},"categories":[23],"tags":[],"class_list":["post-8941","page","type-page","status-publish","hentry","category-langues-vivante"],"_links":{"self":[{"href":"https:\/\/vtest1.college-lapierre.fr\/index.php?rest_route=\/wp\/v2\/pages\/8941","targetHints":{"allow":["GET"]}}],"collection":[{"href":"https:\/\/vtest1.college-lapierre.fr\/index.php?rest_route=\/wp\/v2\/pages"}],"about":[{"href":"https:\/\/vtest1.college-lapierre.fr\/index.php?rest_route=\/wp\/v2\/types\/page"}],"author":[{"embeddable":true,"href":"https:\/\/vtest1.college-lapierre.fr\/index.php?rest_route=\/wp\/v2\/users\/2"}],"replies":[{"embeddable":true,"href":"https:\/\/vtest1.college-lapierre.fr\/index.php?rest_route=%2Fwp%2Fv2%2Fcomments&post=8941"}],"version-history":[{"count":8,"href":"https:\/\/vtest1.college-lapierre.fr\/index.php?rest_route=\/wp\/v2\/pages\/8941\/revisions"}],"predecessor-version":[{"id":10743,"href":"https:\/\/vtest1.college-lapierre.fr\/index.php?rest_route=\/wp\/v2\/pages\/8941\/revisions\/10743"}],"up":[{"embeddable":true,"href":"https:\/\/vtest1.college-lapierre.fr\/index.php?rest_route=\/wp\/v2\/pages\/24"}],"wp:attachment":[{"href":"https:\/\/vtest1.college-lapierre.fr\/index.php?rest_route=%2Fwp%2Fv2%2Fmedia&parent=8941"}],"wp:term":[{"taxonomy":"category","embeddable":true,"href":"https:\/\/vtest1.college-lapierre.fr\/index.php?rest_route=%2Fwp%2Fv2%2Fcategories&post=8941"},{"taxonomy":"post_tag","embeddable":true,"href":"https:\/\/vtest1.college-lapierre.fr\/index.php?rest_route=%2Fwp%2Fv2%2Ftags&post=8941"}],"curies":[{"name":"wp","href":"https:\/\/api.w.org\/{rel}","templated":true}]}}