{"id":8946,"date":"2023-07-13T08:54:55","date_gmt":"2023-07-13T08:54:55","guid":{"rendered":"https:\/\/vtest1.college-lapierre.fr\/?page_id=8946"},"modified":"2024-09-01T16:55:56","modified_gmt":"2024-09-01T14:55:56","slug":"francais","status":"publish","type":"page","link":"https:\/\/vtest1.college-lapierre.fr\/?page_id=8946","title":{"rendered":"Fran\u00e7ais"},"content":{"rendered":"<ul class=\"wp-block-latest-posts__list has-dates has-author wp-block-latest-posts\"><li><div class=\"wp-block-latest-posts__featured-image\"><img loading=\"lazy\" decoding=\"async\" width=\"150\" height=\"150\" src=\"https:\/\/vtest1.college-lapierre.fr\/wp-content\/uploads\/2026\/01\/AF62D8C1-CABF-4A0D-8E3D-7F2CE516F549-150x150.jpg\" class=\"attachment-thumbnail size-thumbnail wp-post-image\" alt=\"\" style=\"\" \/><\/div><a class=\"wp-block-latest-posts__post-title\" href=\"https:\/\/vtest1.college-lapierre.fr\/?p=11830\">Les 3e Dune simulent leur proc\u00e8s au tribunal de Bordeaux<\/a><div class=\"wp-block-latest-posts__post-author\">par i.chaabane<\/div><time datetime=\"2026-01-19T15:54:50+02:00\" class=\"wp-block-latest-posts__post-date\">19\/01\/2026<\/time><div class=\"wp-block-latest-posts__post-full-content\"><!-- wp:paragraph -->\n<p>Dans le cadre d&rsquo;un projet en partenariat avec l&rsquo;Ecole Nationale de la Magistrature, les \u00e9l\u00e8ves de la classe de 3e Dune ont travaill\u00e9, en cours de fran\u00e7ais, sur le roman <em>la Vague<\/em> de Todd Strasser et sur la Seconde guerre mondiale, en cours d&rsquo;histoire. Au cours de diff\u00e9rents ateliers, ils ont d\u00e9couvert le monde de la justice, puis ils ont imagin\u00e9 le proc\u00e8s d&rsquo;un des personnages du roman et l&rsquo;ont \u00e9crit. <br>Aujourd&rsquo;hui, ils ont eu la chance de simuler leur proc\u00e8s dans une des salles du tribunal en forme \u00ab\u00a0d\u2019\u0153uf\u00a0\u00bb et ont endoss\u00e9 la robe de magistrat ou le r\u00f4le de m\u00e9decin l\u00e9giste, de t\u00e9moin, d&rsquo;accus\u00e9&#8230;Ils ont jou\u00e9 leur r\u00f4le avec investissement et plaisir. Verdict : ils peuvent \u00eatre fiers de l&rsquo;aboutissement de leur travail. <\/p>\n<!-- \/wp:paragraph -->\n\n<!-- wp:paragraph -->\n<p><\/p>\n<!-- \/wp:paragraph --><\/div><\/li>\n<li><a class=\"wp-block-latest-posts__post-title\" href=\"https:\/\/vtest1.college-lapierre.fr\/?p=11590\">D\u00e9couvrir les arts de la sc\u00e8ne : les 6\u00b0MCCOOL rencontrent la danse contemporaine<\/a><div class=\"wp-block-latest-posts__post-author\">par JC. COURDE<\/div><time datetime=\"2025-10-16T08:36:37+02:00\" class=\"wp-block-latest-posts__post-date\">16\/10\/2025<\/time><div class=\"wp-block-latest-posts__post-full-content\"><!-- wp:paragraph -->\n<p>La semaine derni\u00e8re, les \u00e9l\u00e8ves de 6\u00b0MCCOOL ont pu rencontrer Janice B\u00e9lieu, danseuse professionnelle et soliste du spectacle \u00ab\u00a0Rites de passage\u00a0\u00bb, jou\u00e9 \u00e0 Brassens-Camus vendredi 10 octobre. Deux ateliers ont permis aux \u00e9l\u00e8ves de d\u00e9couvrir la pratique hip-hop de Janice B\u00e9lieu (\u00e9chauffements, mouvements, cr\u00e9ation d&rsquo;une <em>chor\u00e9 <\/em>de groupe) ce qui a bien pr\u00e9par\u00e9 nos \u00e9l\u00e8ves au spectacle. <\/p>\n<!-- \/wp:paragraph -->\n\n<!-- wp:image {\"id\":11591,\"sizeSlug\":\"large\",\"linkDestination\":\"none\"} -->\n<figure class=\"wp-block-image size-large\"><img loading=\"lazy\" decoding=\"async\" width=\"1024\" height=\"461\" src=\"https:\/\/vtest1.college-lapierre.fr\/wp-content\/uploads\/2025\/10\/WhatsApp-Image-2025-10-15-at-19.49.59-1024x461.jpeg\" alt=\"\" class=\"wp-image-11591\" srcset=\"https:\/\/vtest1.college-lapierre.fr\/wp-content\/uploads\/2025\/10\/WhatsApp-Image-2025-10-15-at-19.49.59-1024x461.jpeg 1024w, https:\/\/vtest1.college-lapierre.fr\/wp-content\/uploads\/2025\/10\/WhatsApp-Image-2025-10-15-at-19.49.59-300x135.jpeg 300w, https:\/\/vtest1.college-lapierre.fr\/wp-content\/uploads\/2025\/10\/WhatsApp-Image-2025-10-15-at-19.49.59-768x346.jpeg 768w, https:\/\/vtest1.college-lapierre.fr\/wp-content\/uploads\/2025\/10\/WhatsApp-Image-2025-10-15-at-19.49.59-1536x691.jpeg 1536w, https:\/\/vtest1.college-lapierre.fr\/wp-content\/uploads\/2025\/10\/WhatsApp-Image-2025-10-15-at-19.49.59.jpeg 1600w\" sizes=\"auto, (max-width: 1024px) 100vw, 1024px\" \/><\/figure>\n<!-- \/wp:image -->\n\n<!-- wp:paragraph -->\n<p>Pendant une heure, assis en rond autour d&rsquo;un octogone figur\u00e9 sur le sol, les enfants de 6\u00b0MCCOOL et le public lormontais ont d\u00e9couvert un spectacle intense que Sylvie Balestra, la chor\u00e9graphe, a imagin\u00e9 comme un \u00ab\u00a0parcours que m\u00e8ne une soliste \u00e0 la recherche du seuil, du passage de son enfance d\u00e9j\u00e0 derri\u00e8re elle vers le monde adulte encore inaccessible.\u00a0\u00bb<\/p>\n<!-- \/wp:paragraph -->\n\n<!-- wp:image {\"id\":11592,\"sizeSlug\":\"full\",\"linkDestination\":\"none\"} -->\n<figure class=\"wp-block-image size-full\"><img loading=\"lazy\" decoding=\"async\" width=\"1024\" height=\"683\" src=\"https:\/\/vtest1.college-lapierre.fr\/wp-content\/uploads\/2025\/10\/Copie-de-Rites-de-passage-\u00a9Compagnie-Sylex_Nadege-Le-Lezec_18-copie-scaled-1.webp\" alt=\"\" class=\"wp-image-11592\" srcset=\"https:\/\/vtest1.college-lapierre.fr\/wp-content\/uploads\/2025\/10\/Copie-de-Rites-de-passage-\u00a9Compagnie-Sylex_Nadege-Le-Lezec_18-copie-scaled-1.webp 1024w, https:\/\/vtest1.college-lapierre.fr\/wp-content\/uploads\/2025\/10\/Copie-de-Rites-de-passage-\u00a9Compagnie-Sylex_Nadege-Le-Lezec_18-copie-scaled-1-300x200.webp 300w, https:\/\/vtest1.college-lapierre.fr\/wp-content\/uploads\/2025\/10\/Copie-de-Rites-de-passage-\u00a9Compagnie-Sylex_Nadege-Le-Lezec_18-copie-scaled-1-768x512.webp 768w\" sizes=\"auto, (max-width: 1024px) 100vw, 1024px\" \/><figcaption class=\"wp-element-caption\">Rites de passage \u00a9Compagnie Sylex_Nad\u00e8ge Le Lezec<\/figcaption><\/figure>\n<!-- \/wp:image -->\n\n<!-- wp:paragraph -->\n<p>Une exp\u00e9rience forte et nouvelle pour les \u00e9l\u00e8ves et pour les profs qui nous a amen\u00e9 \u00e0 r\u00e9fl\u00e9chir sur ce passage si particulier qu&rsquo;est l&rsquo;adolescence tout en nous \u00e9merveillant des multiples trouvailles chor\u00e9graphiques cr\u00e9\u00e9es par la compagnie Sylex. <\/p>\n<!-- \/wp:paragraph -->\n\n<!-- wp:paragraph -->\n<p><\/p>\n<!-- \/wp:paragraph -->\n\n<!-- wp:paragraph -->\n<p><a href=\"https:\/\/sylex.fr\/fr\/creations\/rites-de-passage-ethnobrut\/\" data-type=\"link\" data-id=\"https:\/\/sylex.fr\/fr\/creations\/rites-de-passage-ethnobrut\/\">https:\/\/sylex.fr\/fr\/creations\/rites-de-passage-ethnobrut\/<\/a><\/p>\n<!-- \/wp:paragraph -->\n\n<!-- wp:paragraph -->\n<p><\/p>\n<!-- \/wp:paragraph --><\/div><\/li>\n<li><div class=\"wp-block-latest-posts__featured-image\"><img loading=\"lazy\" decoding=\"async\" width=\"150\" height=\"150\" src=\"https:\/\/vtest1.college-lapierre.fr\/wp-content\/uploads\/2025\/10\/Semaine-du-collectif-150x150.png\" class=\"attachment-thumbnail size-thumbnail wp-post-image\" alt=\"\" style=\"\" \/><\/div><a class=\"wp-block-latest-posts__post-title\" href=\"https:\/\/vtest1.college-lapierre.fr\/?p=11531\">Semaine du collectif : 06 au 10 octobre 2025<\/a><div class=\"wp-block-latest-posts__post-author\">par PJ CABANEL<\/div><time datetime=\"2025-10-02T17:06:56+02:00\" class=\"wp-block-latest-posts__post-date\">02\/10\/2025<\/time><div class=\"wp-block-latest-posts__post-full-content\"><!-- wp:image {\"id\":11532,\"sizeSlug\":\"large\",\"linkDestination\":\"none\"} -->\n<figure class=\"wp-block-image size-large\"><img loading=\"lazy\" decoding=\"async\" width=\"1024\" height=\"724\" src=\"https:\/\/vtest1.college-lapierre.fr\/wp-content\/uploads\/2025\/10\/Semaine-du-collectif-1024x724.png\" alt=\"\" class=\"wp-image-11532\" srcset=\"https:\/\/vtest1.college-lapierre.fr\/wp-content\/uploads\/2025\/10\/Semaine-du-collectif-1024x724.png 1024w, https:\/\/vtest1.college-lapierre.fr\/wp-content\/uploads\/2025\/10\/Semaine-du-collectif-300x212.png 300w, https:\/\/vtest1.college-lapierre.fr\/wp-content\/uploads\/2025\/10\/Semaine-du-collectif-768x543.png 768w, https:\/\/vtest1.college-lapierre.fr\/wp-content\/uploads\/2025\/10\/Semaine-du-collectif-1536x1086.png 1536w, https:\/\/vtest1.college-lapierre.fr\/wp-content\/uploads\/2025\/10\/Semaine-du-collectif-2048x1448.png 2048w\" sizes=\"auto, (max-width: 1024px) 100vw, 1024px\" \/><\/figure>\n<!-- \/wp:image --><\/div><\/li>\n<li><div class=\"wp-block-latest-posts__featured-image\"><img loading=\"lazy\" decoding=\"async\" width=\"150\" height=\"150\" src=\"https:\/\/vtest1.college-lapierre.fr\/wp-content\/uploads\/2025\/05\/Visuel_Rallyes_2025_V5_1-150x150.jpg\" class=\"attachment-thumbnail size-thumbnail wp-post-image\" alt=\"\" style=\"\" \/><\/div><a class=\"wp-block-latest-posts__post-title\" href=\"https:\/\/vtest1.college-lapierre.fr\/?p=11295\">Rallye Citoyen &#8211; Camp de Souge<\/a><div class=\"wp-block-latest-posts__post-author\">par PJ CABANEL<\/div><time datetime=\"2025-05-16T10:54:21+02:00\" class=\"wp-block-latest-posts__post-date\">16\/05\/2025<\/time><div class=\"wp-block-latest-posts__post-full-content\"><!-- wp:paragraph -->\n<p><strong>Jeudi 15\/05\/2025<\/strong>, 12 \u00e9l\u00e8ves de 3e du coll\u00e8ge LAPIERRE se sont retrouv\u00e9s \u00e0 <strong>6h du matin<\/strong> \u00e0 la station de tramway de La Butini\u00e8re pour participer au <strong>Rallye citoyen au Camp de Souge<\/strong> (Camp militaire de l&rsquo;arm\u00e9e de Terre situ\u00e9 \u00e0 Martignas sur Jalles).<\/p>\n<!-- \/wp:paragraph -->\n\n<!-- wp:paragraph -->\n<p>Les \u00e9l\u00e8ves ont vaillamment d\u00e9fendu les couleurs du coll\u00e8ge sur 14 stands tout au long de la journ\u00e9e.<\/p>\n<!-- \/wp:paragraph -->\n\n<!-- wp:paragraph -->\n<p>Nous pouvons \u00eatre fiers de l&rsquo;<strong>engagement<\/strong>, la <strong>solidarit\u00e9<\/strong>, l&rsquo;<strong>esprit d&rsquo;\u00e9quipe<\/strong> dont ils ont fait preuve.<\/p>\n<!-- \/wp:paragraph -->\n\n<!-- wp:image {\"id\":11296,\"sizeSlug\":\"large\",\"linkDestination\":\"none\"} -->\n<figure class=\"wp-block-image size-large\"><img loading=\"lazy\" decoding=\"async\" width=\"768\" height=\"1024\" src=\"https:\/\/vtest1.college-lapierre.fr\/wp-content\/uploads\/2025\/05\/WhatsApp-Image-2025-05-15-at-18.29.00-768x1024.jpeg\" alt=\"\" class=\"wp-image-11296\" srcset=\"https:\/\/vtest1.college-lapierre.fr\/wp-content\/uploads\/2025\/05\/WhatsApp-Image-2025-05-15-at-18.29.00-768x1024.jpeg 768w, https:\/\/vtest1.college-lapierre.fr\/wp-content\/uploads\/2025\/05\/WhatsApp-Image-2025-05-15-at-18.29.00-225x300.jpeg 225w, https:\/\/vtest1.college-lapierre.fr\/wp-content\/uploads\/2025\/05\/WhatsApp-Image-2025-05-15-at-18.29.00-1152x1536.jpeg 1152w, https:\/\/vtest1.college-lapierre.fr\/wp-content\/uploads\/2025\/05\/WhatsApp-Image-2025-05-15-at-18.29.00.jpeg 1530w\" sizes=\"auto, (max-width: 768px) 100vw, 768px\" \/><\/figure>\n<!-- \/wp:image -->\n\n<!-- wp:paragraph -->\n<p>Mobilisant aussi bien leur culture g\u00e9n\u00e9ralise que leur physique, ils ont su s&rsquo;organiser rapidement dans les diff\u00e9rentes activit\u00e9s propos\u00e9es. Ils ont donn\u00e9 une belle image du coll\u00e8ge.<\/p>\n<!-- \/wp:paragraph -->\n\n<!-- wp:gallery {\"linkTo\":\"none\"} -->\n<figure class=\"wp-block-gallery has-nested-images columns-default is-cropped\"><!-- wp:image {\"id\":11298,\"sizeSlug\":\"large\",\"linkDestination\":\"none\"} -->\n<figure class=\"wp-block-image size-large\"><img loading=\"lazy\" decoding=\"async\" width=\"768\" height=\"1024\" src=\"https:\/\/vtest1.college-lapierre.fr\/wp-content\/uploads\/2025\/05\/WhatsApp-Image-2025-05-15-at-18.29.05-1-768x1024.jpeg\" alt=\"\" class=\"wp-image-11298\" srcset=\"https:\/\/vtest1.college-lapierre.fr\/wp-content\/uploads\/2025\/05\/WhatsApp-Image-2025-05-15-at-18.29.05-1-768x1024.jpeg 768w, https:\/\/vtest1.college-lapierre.fr\/wp-content\/uploads\/2025\/05\/WhatsApp-Image-2025-05-15-at-18.29.05-1-225x300.jpeg 225w, https:\/\/vtest1.college-lapierre.fr\/wp-content\/uploads\/2025\/05\/WhatsApp-Image-2025-05-15-at-18.29.05-1-1152x1536.jpeg 1152w, https:\/\/vtest1.college-lapierre.fr\/wp-content\/uploads\/2025\/05\/WhatsApp-Image-2025-05-15-at-18.29.05-1.jpeg 1530w\" sizes=\"auto, (max-width: 768px) 100vw, 768px\" \/><\/figure>\n<!-- \/wp:image -->\n\n<!-- wp:image {\"id\":11299,\"sizeSlug\":\"large\",\"linkDestination\":\"none\"} -->\n<figure class=\"wp-block-image size-large\"><img loading=\"lazy\" decoding=\"async\" width=\"768\" height=\"1024\" src=\"https:\/\/vtest1.college-lapierre.fr\/wp-content\/uploads\/2025\/05\/WhatsApp-Image-2025-05-15-at-18.29.07-768x1024.jpeg\" alt=\"\" class=\"wp-image-11299\" srcset=\"https:\/\/vtest1.college-lapierre.fr\/wp-content\/uploads\/2025\/05\/WhatsApp-Image-2025-05-15-at-18.29.07-768x1024.jpeg 768w, https:\/\/vtest1.college-lapierre.fr\/wp-content\/uploads\/2025\/05\/WhatsApp-Image-2025-05-15-at-18.29.07-225x300.jpeg 225w, https:\/\/vtest1.college-lapierre.fr\/wp-content\/uploads\/2025\/05\/WhatsApp-Image-2025-05-15-at-18.29.07-1152x1536.jpeg 1152w, https:\/\/vtest1.college-lapierre.fr\/wp-content\/uploads\/2025\/05\/WhatsApp-Image-2025-05-15-at-18.29.07.jpeg 1530w\" sizes=\"auto, (max-width: 768px) 100vw, 768px\" \/><\/figure>\n<!-- \/wp:image -->\n\n<!-- wp:image {\"id\":11301,\"sizeSlug\":\"large\",\"linkDestination\":\"none\"} -->\n<figure class=\"wp-block-image size-large\"><img loading=\"lazy\" decoding=\"async\" width=\"768\" height=\"1024\" src=\"https:\/\/vtest1.college-lapierre.fr\/wp-content\/uploads\/2025\/05\/WhatsApp-Image-2025-05-15-at-18.29.08-1-768x1024.jpeg\" alt=\"\" class=\"wp-image-11301\" srcset=\"https:\/\/vtest1.college-lapierre.fr\/wp-content\/uploads\/2025\/05\/WhatsApp-Image-2025-05-15-at-18.29.08-1-768x1024.jpeg 768w, https:\/\/vtest1.college-lapierre.fr\/wp-content\/uploads\/2025\/05\/WhatsApp-Image-2025-05-15-at-18.29.08-1-225x300.jpeg 225w, https:\/\/vtest1.college-lapierre.fr\/wp-content\/uploads\/2025\/05\/WhatsApp-Image-2025-05-15-at-18.29.08-1-1152x1536.jpeg 1152w, https:\/\/vtest1.college-lapierre.fr\/wp-content\/uploads\/2025\/05\/WhatsApp-Image-2025-05-15-at-18.29.08-1.jpeg 1530w\" sizes=\"auto, (max-width: 768px) 100vw, 768px\" \/><\/figure>\n<!-- \/wp:image -->\n\n<!-- wp:image {\"id\":11300,\"sizeSlug\":\"large\",\"linkDestination\":\"none\"} -->\n<figure class=\"wp-block-image size-large\"><img loading=\"lazy\" decoding=\"async\" width=\"768\" height=\"1024\" src=\"https:\/\/vtest1.college-lapierre.fr\/wp-content\/uploads\/2025\/05\/WhatsApp-Image-2025-05-15-at-18.29.08-768x1024.jpeg\" alt=\"\" class=\"wp-image-11300\" srcset=\"https:\/\/vtest1.college-lapierre.fr\/wp-content\/uploads\/2025\/05\/WhatsApp-Image-2025-05-15-at-18.29.08-768x1024.jpeg 768w, https:\/\/vtest1.college-lapierre.fr\/wp-content\/uploads\/2025\/05\/WhatsApp-Image-2025-05-15-at-18.29.08-225x300.jpeg 225w, https:\/\/vtest1.college-lapierre.fr\/wp-content\/uploads\/2025\/05\/WhatsApp-Image-2025-05-15-at-18.29.08-1152x1536.jpeg 1152w, https:\/\/vtest1.college-lapierre.fr\/wp-content\/uploads\/2025\/05\/WhatsApp-Image-2025-05-15-at-18.29.08.jpeg 1530w\" sizes=\"auto, (max-width: 768px) 100vw, 768px\" \/><\/figure>\n<!-- \/wp:image -->\n\n<!-- wp:image {\"id\":11302,\"sizeSlug\":\"large\",\"linkDestination\":\"none\"} -->\n<figure class=\"wp-block-image size-large\"><img loading=\"lazy\" decoding=\"async\" width=\"768\" height=\"1024\" src=\"https:\/\/vtest1.college-lapierre.fr\/wp-content\/uploads\/2025\/05\/WhatsApp-Image-2025-05-15-at-18.29.09-1-768x1024.jpeg\" alt=\"\" class=\"wp-image-11302\" srcset=\"https:\/\/vtest1.college-lapierre.fr\/wp-content\/uploads\/2025\/05\/WhatsApp-Image-2025-05-15-at-18.29.09-1-768x1024.jpeg 768w, https:\/\/vtest1.college-lapierre.fr\/wp-content\/uploads\/2025\/05\/WhatsApp-Image-2025-05-15-at-18.29.09-1-225x300.jpeg 225w, https:\/\/vtest1.college-lapierre.fr\/wp-content\/uploads\/2025\/05\/WhatsApp-Image-2025-05-15-at-18.29.09-1-1152x1536.jpeg 1152w, https:\/\/vtest1.college-lapierre.fr\/wp-content\/uploads\/2025\/05\/WhatsApp-Image-2025-05-15-at-18.29.09-1.jpeg 1530w\" sizes=\"auto, (max-width: 768px) 100vw, 768px\" \/><\/figure>\n<!-- \/wp:image -->\n\n<!-- wp:image {\"id\":11303,\"sizeSlug\":\"large\",\"linkDestination\":\"none\"} -->\n<figure class=\"wp-block-image size-large\"><img loading=\"lazy\" decoding=\"async\" width=\"768\" height=\"1024\" src=\"https:\/\/vtest1.college-lapierre.fr\/wp-content\/uploads\/2025\/05\/WhatsApp-Image-2025-05-15-at-18.29.09-768x1024.jpeg\" alt=\"\" class=\"wp-image-11303\" srcset=\"https:\/\/vtest1.college-lapierre.fr\/wp-content\/uploads\/2025\/05\/WhatsApp-Image-2025-05-15-at-18.29.09-768x1024.jpeg 768w, https:\/\/vtest1.college-lapierre.fr\/wp-content\/uploads\/2025\/05\/WhatsApp-Image-2025-05-15-at-18.29.09-225x300.jpeg 225w, https:\/\/vtest1.college-lapierre.fr\/wp-content\/uploads\/2025\/05\/WhatsApp-Image-2025-05-15-at-18.29.09-1152x1536.jpeg 1152w, https:\/\/vtest1.college-lapierre.fr\/wp-content\/uploads\/2025\/05\/WhatsApp-Image-2025-05-15-at-18.29.09.jpeg 1530w\" sizes=\"auto, (max-width: 768px) 100vw, 768px\" \/><\/figure>\n<!-- \/wp:image --><\/figure>\n<!-- \/wp:gallery -->\n\n<!-- wp:image {\"id\":11297,\"sizeSlug\":\"large\",\"linkDestination\":\"none\"} -->\n<figure class=\"wp-block-image size-large\"><img loading=\"lazy\" decoding=\"async\" width=\"734\" height=\"1024\" src=\"https:\/\/vtest1.college-lapierre.fr\/wp-content\/uploads\/2025\/05\/Visuel_Rallyes_2025_V5_1-734x1024.jpg\" alt=\"\" class=\"wp-image-11297\" srcset=\"https:\/\/vtest1.college-lapierre.fr\/wp-content\/uploads\/2025\/05\/Visuel_Rallyes_2025_V5_1-734x1024.jpg 734w, https:\/\/vtest1.college-lapierre.fr\/wp-content\/uploads\/2025\/05\/Visuel_Rallyes_2025_V5_1-215x300.jpg 215w, https:\/\/vtest1.college-lapierre.fr\/wp-content\/uploads\/2025\/05\/Visuel_Rallyes_2025_V5_1-768x1072.jpg 768w, https:\/\/vtest1.college-lapierre.fr\/wp-content\/uploads\/2025\/05\/Visuel_Rallyes_2025_V5_1.jpg 793w\" sizes=\"auto, (max-width: 734px) 100vw, 734px\" \/><\/figure>\n<!-- \/wp:image --><\/div><\/li>\n<li><div class=\"wp-block-latest-posts__featured-image\"><img loading=\"lazy\" decoding=\"async\" width=\"150\" height=\"150\" src=\"https:\/\/vtest1.college-lapierre.fr\/wp-content\/uploads\/2024\/12\/Trouve-ton-livre-_pages-to-jpg-0001-150x150.jpg\" class=\"attachment-thumbnail size-thumbnail wp-post-image\" alt=\"\" style=\"\" \/><\/div><a class=\"wp-block-latest-posts__post-title\" href=\"https:\/\/vtest1.college-lapierre.fr\/?p=11006\">Encore un succ\u00e8s pour le march\u00e9 aux livres gratuits !<\/a><div class=\"wp-block-latest-posts__post-author\">par JC. COURDE<\/div><time datetime=\"2024-12-01T19:04:34+02:00\" class=\"wp-block-latest-posts__post-date\">01\/12\/2024<\/time><div class=\"wp-block-latest-posts__post-full-content\"><!-- wp:paragraph -->\n<p>Mardi 26 novembre, dans l&rsquo;agora du coll\u00e8ge, la seconde \u00e9dition du march\u00e9 aux livres gratuits a fait le plein ! De nombreux \u00e9l\u00e8ves ont pu choisir un ou des livres parmi ceux r\u00e9colt\u00e9s : romans, mangas, BD, documentaires ou livre de cuisine&#8230;Il y en avait pour tous les go\u00fbts !<\/p>\n<!-- \/wp:paragraph -->\n\n<!-- wp:paragraph -->\n<p>Des \u00e9l\u00e8ves ravis d&rsquo;avoir des livres et un petit go\u00fbter : une exp\u00e9rience \u00e0 renouveler cette ann\u00e9e ? Une \u00e9dition printani\u00e8re ? <\/p>\n<!-- \/wp:paragraph -->\n\n<!-- wp:paragraph -->\n<p>Si dans vos biblioth\u00e8ques, des livres se plaignent de ne pas \u00eatre lus, apportez-les \u00e0 votre professeur.e de Fran\u00e7ais ou \u00e0 Mme Demouy, au CDI : ils serviront \u00e0 alimenter un autre march\u00e9 aux livres gratuits ! <\/p>\n<!-- \/wp:paragraph -->\n\n<!-- wp:image {\"id\":11007,\"sizeSlug\":\"large\",\"linkDestination\":\"none\"} -->\n<figure class=\"wp-block-image size-large\"><img loading=\"lazy\" decoding=\"async\" width=\"1024\" height=\"768\" src=\"https:\/\/vtest1.college-lapierre.fr\/wp-content\/uploads\/2024\/12\/photo-marche-aux-livres-1024x768.jpg\" alt=\"\" class=\"wp-image-11007\" srcset=\"https:\/\/vtest1.college-lapierre.fr\/wp-content\/uploads\/2024\/12\/photo-marche-aux-livres-1024x768.jpg 1024w, https:\/\/vtest1.college-lapierre.fr\/wp-content\/uploads\/2024\/12\/photo-marche-aux-livres-300x225.jpg 300w, https:\/\/vtest1.college-lapierre.fr\/wp-content\/uploads\/2024\/12\/photo-marche-aux-livres-768x576.jpg 768w, https:\/\/vtest1.college-lapierre.fr\/wp-content\/uploads\/2024\/12\/photo-marche-aux-livres.jpg 1500w\" sizes=\"auto, (max-width: 1024px) 100vw, 1024px\" \/><figcaption class=\"wp-element-caption\">Image d&rsquo;archive du march\u00e9 de l&rsquo;an dernier. Les \u00e9l\u00e8ves \u00e9taient si nombreux cette ann\u00e9e que nous n&rsquo;avons pas eu le temps de prendre des photos !<\/figcaption><\/figure>\n<!-- \/wp:image -->\n\n<!-- wp:paragraph -->\n<p><\/p>\n<!-- \/wp:paragraph --><\/div><\/li>\n<li><a class=\"wp-block-latest-posts__post-title\" href=\"https:\/\/vtest1.college-lapierre.fr\/?p=10658\">Les mascottes de Jeux de Lormont !<\/a><div class=\"wp-block-latest-posts__post-author\">par C. SOULADIE<\/div><time datetime=\"2024-06-26T21:50:36+02:00\" class=\"wp-block-latest-posts__post-date\">26\/06\/2024<\/time><div class=\"wp-block-latest-posts__post-full-content\"><!-- wp:embed {\"url\":\"https:\/\/vimeo.com\/969195550?share=copy \",\"type\":\"video\",\"providerNameSlug\":\"vimeo\",\"responsive\":true,\"className\":\"wp-embed-aspect-16-9 wp-has-aspect-ratio\"} -->\n<figure class=\"wp-block-embed is-type-video is-provider-vimeo wp-block-embed-vimeo wp-embed-aspect-16-9 wp-has-aspect-ratio\"><div class=\"wp-block-embed__wrapper\">\nhttps:\/\/vimeo.com\/969195550?share=copy \n<\/div><figcaption class=\"wp-element-caption\"><strong>Liaison \u00e9cole-coll\u00e8ge, E.E. Condorcet, classe de Cm2-James Cook &#8211; 6eme Altius coll\u00e8ge G. Lapierre &#8211; Lormont.<br>Pratique arts num\u00e9riques de modeling\/sculpting\/3D.<br>Mai-juin 2024<\/strong><\/figcaption><\/figure>\n<!-- \/wp:embed --><\/div><\/li>\n<li><a class=\"wp-block-latest-posts__post-title\" href=\"https:\/\/vtest1.college-lapierre.fr\/?p=10652\">Super h\u00e9ro\u00efnes-h\u00e9roes : from angoul\u00e8me to Brussels !<\/a><div class=\"wp-block-latest-posts__post-author\">par C. SOULADIE<\/div><time datetime=\"2024-06-25T22:17:25+02:00\" class=\"wp-block-latest-posts__post-date\">25\/06\/2024<\/time><div class=\"wp-block-latest-posts__post-full-content\"><!-- wp:embed {\"url\":\"https:\/\/vimeo.com\/968241089?share=copy\",\"type\":\"video\",\"providerNameSlug\":\"vimeo\",\"responsive\":true,\"className\":\"wp-embed-aspect-16-9 wp-has-aspect-ratio\"} -->\n<figure class=\"wp-block-embed is-type-video is-provider-vimeo wp-block-embed-vimeo wp-embed-aspect-16-9 wp-has-aspect-ratio\"><div class=\"wp-block-embed__wrapper\">\nhttps:\/\/vimeo.com\/968241089?share=copy\n<\/div><figcaption class=\"wp-element-caption\">Projet EAC-anglais-arts plastiques-Fan\u00e7ais-histoire-EMC-mobilit\u00e9<br>Classes de 5eme Raoni et Surfrider<br>2023\/2024<\/figcaption><\/figure>\n<!-- \/wp:embed --><\/div><\/li>\n<li><div class=\"wp-block-latest-posts__featured-image\"><img loading=\"lazy\" decoding=\"async\" width=\"150\" height=\"150\" src=\"https:\/\/vtest1.college-lapierre.fr\/wp-content\/uploads\/2024\/05\/radio-image2-1-150x150.jpg\" class=\"attachment-thumbnail size-thumbnail wp-post-image\" alt=\"\" style=\"\" \/><\/div><a class=\"wp-block-latest-posts__post-title\" href=\"https:\/\/vtest1.college-lapierre.fr\/?p=10466\">S\u00e9jour \u00e0 Bruxelles (avril 2024) : retour sur ce projet en interview<\/a><div class=\"wp-block-latest-posts__post-author\">par PJ CABANEL<\/div><time datetime=\"2024-05-24T08:40:29+02:00\" class=\"wp-block-latest-posts__post-date\">24\/05\/2024<\/time><div class=\"wp-block-latest-posts__post-full-content\"><!-- wp:image {\"id\":10431,\"sizeSlug\":\"full\",\"linkDestination\":\"none\"} -->\n<figure class=\"wp-block-image size-full\"><img loading=\"lazy\" decoding=\"async\" width=\"990\" height=\"707\" src=\"https:\/\/vtest1.college-lapierre.fr\/wp-content\/uploads\/2024\/05\/radio-image2-1.jpg\" alt=\"\" class=\"wp-image-10431\" srcset=\"https:\/\/vtest1.college-lapierre.fr\/wp-content\/uploads\/2024\/05\/radio-image2-1.jpg 990w, https:\/\/vtest1.college-lapierre.fr\/wp-content\/uploads\/2024\/05\/radio-image2-1-300x214.jpg 300w, https:\/\/vtest1.college-lapierre.fr\/wp-content\/uploads\/2024\/05\/radio-image2-1-768x548.jpg 768w\" sizes=\"auto, (max-width: 990px) 100vw, 990px\" \/><\/figure>\n<!-- \/wp:image -->\n\n<!-- wp:audio {\"id\":10507} -->\n<figure class=\"wp-block-audio\"><audio controls src=\"https:\/\/vtest1.college-lapierre.fr\/wp-content\/uploads\/2024\/06\/Mila-et-Orlina-interrogent-Valentine-et-Amirie0406.wav\"><\/audio><\/figure>\n<!-- \/wp:audio -->\n\n<!-- wp:image {\"id\":10402,\"sizeSlug\":\"large\",\"linkDestination\":\"none\"} -->\n<figure class=\"wp-block-image size-large\"><img loading=\"lazy\" decoding=\"async\" width=\"1024\" height=\"614\" src=\"https:\/\/vtest1.college-lapierre.fr\/wp-content\/uploads\/2024\/04\/Grand_Place_Bruselas_2-1024x614.jpg\" alt=\"\" class=\"wp-image-10402\" srcset=\"https:\/\/vtest1.college-lapierre.fr\/wp-content\/uploads\/2024\/04\/Grand_Place_Bruselas_2-1024x614.jpg 1024w, https:\/\/vtest1.college-lapierre.fr\/wp-content\/uploads\/2024\/04\/Grand_Place_Bruselas_2-300x180.jpg 300w, https:\/\/vtest1.college-lapierre.fr\/wp-content\/uploads\/2024\/04\/Grand_Place_Bruselas_2-768x461.jpg 768w, https:\/\/vtest1.college-lapierre.fr\/wp-content\/uploads\/2024\/04\/Grand_Place_Bruselas_2.jpg 1200w\" sizes=\"auto, (max-width: 1024px) 100vw, 1024px\" \/><\/figure>\n<!-- \/wp:image -->\n\n<!-- wp:image {\"id\":10401,\"sizeSlug\":\"large\",\"linkDestination\":\"none\"} -->\n<figure class=\"wp-block-image size-large\"><img loading=\"lazy\" decoding=\"async\" width=\"1024\" height=\"768\" src=\"https:\/\/vtest1.college-lapierre.fr\/wp-content\/uploads\/2024\/04\/Bruxelles-1-20240409-1024x768.jpeg\" alt=\"\" class=\"wp-image-10401\" srcset=\"https:\/\/vtest1.college-lapierre.fr\/wp-content\/uploads\/2024\/04\/Bruxelles-1-20240409-1024x768.jpeg 1024w, https:\/\/vtest1.college-lapierre.fr\/wp-content\/uploads\/2024\/04\/Bruxelles-1-20240409-300x225.jpeg 300w, https:\/\/vtest1.college-lapierre.fr\/wp-content\/uploads\/2024\/04\/Bruxelles-1-20240409-768x576.jpeg 768w, https:\/\/vtest1.college-lapierre.fr\/wp-content\/uploads\/2024\/04\/Bruxelles-1-20240409-1536x1152.jpeg 1536w, https:\/\/vtest1.college-lapierre.fr\/wp-content\/uploads\/2024\/04\/Bruxelles-1-20240409.jpeg 1600w\" sizes=\"auto, (max-width: 1024px) 100vw, 1024px\" \/><\/figure>\n<!-- \/wp:image --><\/div><\/li>\n<li><div class=\"wp-block-latest-posts__featured-image\"><img loading=\"lazy\" decoding=\"async\" width=\"150\" height=\"150\" src=\"https:\/\/vtest1.college-lapierre.fr\/wp-content\/uploads\/2024\/05\/2024-05-03-2-150x150.png\" class=\"attachment-thumbnail size-thumbnail wp-post-image\" alt=\"\" style=\"\" \/><\/div><a class=\"wp-block-latest-posts__post-title\" href=\"https:\/\/vtest1.college-lapierre.fr\/?p=10456\">Projection des films de l&rsquo;Atelier Cin\u00e9ma mardi 21 mai 2024 \u00e0 18h30<\/a><div class=\"wp-block-latest-posts__post-author\">par PJ CABANEL<\/div><time datetime=\"2024-05-03T08:51:50+02:00\" class=\"wp-block-latest-posts__post-date\">03\/05\/2024<\/time><div class=\"wp-block-latest-posts__post-full-content\"><!-- wp:image {\"id\":10457,\"sizeSlug\":\"full\",\"linkDestination\":\"none\"} -->\n<figure class=\"wp-block-image size-full\"><img loading=\"lazy\" decoding=\"async\" width=\"600\" height=\"911\" src=\"https:\/\/vtest1.college-lapierre.fr\/wp-content\/uploads\/2024\/05\/2024-05-03-2.png\" alt=\"\" class=\"wp-image-10457\" srcset=\"https:\/\/vtest1.college-lapierre.fr\/wp-content\/uploads\/2024\/05\/2024-05-03-2.png 600w, https:\/\/vtest1.college-lapierre.fr\/wp-content\/uploads\/2024\/05\/2024-05-03-2-198x300.png 198w\" sizes=\"auto, (max-width: 600px) 100vw, 600px\" \/><\/figure>\n<!-- \/wp:image -->\n\n<!-- wp:image {\"id\":10458,\"sizeSlug\":\"full\",\"linkDestination\":\"none\"} -->\n<figure class=\"wp-block-image size-full\"><img loading=\"lazy\" decoding=\"async\" width=\"645\" height=\"917\" src=\"https:\/\/vtest1.college-lapierre.fr\/wp-content\/uploads\/2024\/05\/2024-05-03-3.png\" alt=\"\" class=\"wp-image-10458\" srcset=\"https:\/\/vtest1.college-lapierre.fr\/wp-content\/uploads\/2024\/05\/2024-05-03-3.png 645w, https:\/\/vtest1.college-lapierre.fr\/wp-content\/uploads\/2024\/05\/2024-05-03-3-211x300.png 211w\" sizes=\"auto, (max-width: 645px) 100vw, 645px\" \/><\/figure>\n<!-- \/wp:image --><\/div><\/li>\n<li><div class=\"wp-block-latest-posts__featured-image\"><img loading=\"lazy\" decoding=\"async\" width=\"150\" height=\"150\" src=\"https:\/\/vtest1.college-lapierre.fr\/wp-content\/uploads\/2024\/04\/Grand_Place_Bruselas_2-150x150.jpg\" class=\"attachment-thumbnail size-thumbnail wp-post-image\" alt=\"\" style=\"\" \/><\/div><a class=\"wp-block-latest-posts__post-title\" href=\"https:\/\/vtest1.college-lapierre.fr\/?p=10400\">S\u00e9jour \u00e0 Bruxelles, 5e<\/a><div class=\"wp-block-latest-posts__post-author\">par PJ CABANEL<\/div><time datetime=\"2024-04-09T12:20:29+02:00\" class=\"wp-block-latest-posts__post-date\">09\/04\/2024<\/time><div class=\"wp-block-latest-posts__post-full-content\"><!-- wp:paragraph -->\n<p>Les \u00e9l\u00e8ves et les personnels accompagnant le s\u00e9jour \u00e0 Bruxelles se sont retrouv\u00e9s ce mardi 09 avril 2024 vers 8h du matin \u00e0 la gare Saint Jean de Bordeaux pour d\u00e9marrer leur p\u00e9riple de 3 jours dans la capitale belge. Ils poursuivent et finalisent ainsi un projet interclasses et interdisciplinaire (fran\u00e7ais, anglais, arts-plastiques, histoire et g\u00e9ographie) autour de la bande dessin\u00e9e.<\/p>\n<!-- \/wp:paragraph -->\n\n<!-- wp:paragraph -->\n<p><span style=\"text-decoration: underline\">Premi\u00e8re \u00e9tape : Bordeaux \/ Paris Montparnasse en TGV.<\/span><\/p>\n<!-- \/wp:paragraph -->\n\n<!-- wp:image {\"id\":10401,\"sizeSlug\":\"large\",\"linkDestination\":\"none\"} -->\n<figure class=\"wp-block-image size-large\"><img loading=\"lazy\" decoding=\"async\" width=\"1024\" height=\"768\" src=\"https:\/\/vtest1.college-lapierre.fr\/wp-content\/uploads\/2024\/04\/Bruxelles-1-20240409-1024x768.jpeg\" alt=\"\" class=\"wp-image-10401\" srcset=\"https:\/\/vtest1.college-lapierre.fr\/wp-content\/uploads\/2024\/04\/Bruxelles-1-20240409-1024x768.jpeg 1024w, https:\/\/vtest1.college-lapierre.fr\/wp-content\/uploads\/2024\/04\/Bruxelles-1-20240409-300x225.jpeg 300w, https:\/\/vtest1.college-lapierre.fr\/wp-content\/uploads\/2024\/04\/Bruxelles-1-20240409-768x576.jpeg 768w, https:\/\/vtest1.college-lapierre.fr\/wp-content\/uploads\/2024\/04\/Bruxelles-1-20240409-1536x1152.jpeg 1536w, https:\/\/vtest1.college-lapierre.fr\/wp-content\/uploads\/2024\/04\/Bruxelles-1-20240409.jpeg 1600w\" sizes=\"auto, (max-width: 1024px) 100vw, 1024px\" \/><\/figure>\n<!-- \/wp:image -->\n\n<!-- wp:video {\"id\":10404} -->\n<figure class=\"wp-block-video\"><video controls src=\"https:\/\/vtest1.college-lapierre.fr\/wp-content\/uploads\/2024\/04\/Bruxeles-01-VID-20240409-WA0000.mp4\"><\/video><\/figure>\n<!-- \/wp:video --><\/div><\/li>\n<li><div class=\"wp-block-latest-posts__featured-image\"><img loading=\"lazy\" decoding=\"async\" width=\"150\" height=\"150\" src=\"https:\/\/vtest1.college-lapierre.fr\/wp-content\/uploads\/2024\/04\/photo-marche-livres-150x150.jpg\" class=\"attachment-thumbnail size-thumbnail wp-post-image\" alt=\"\" style=\"\" \/><\/div><a class=\"wp-block-latest-posts__post-title\" href=\"https:\/\/vtest1.college-lapierre.fr\/?p=10410\">1er march\u00e9 aux livres gratuits : le succ\u00e8s au rendez-vous !<\/a><div class=\"wp-block-latest-posts__post-author\">par i.chaabane<\/div><time datetime=\"2024-04-01T11:30:54+02:00\" class=\"wp-block-latest-posts__post-date\">01\/04\/2024<\/time><div class=\"wp-block-latest-posts__post-full-content\"><!-- wp:paragraph -->\n<p>Le 1<sup>er<\/sup> march\u00e9 aux livres gratuits, organis\u00e9 par les professeurs de fran\u00e7ais et la documentaliste, s\u2019est tenu mardi 26 mars de 16h30 \u00e0 17h30. Les \u00e9l\u00e8ves sont venus nombreux pour trouver leur bonheur parmi le grand choix propos\u00e9\u00a0: romans, BD, mangas, documentaires, livres de cuisine\u2026Ce moment convivial, accompagn\u00e9 d\u2019un go\u00fbter, a \u00e9t\u00e9 l\u2019occasion pour eux de feuilleter, d\u2019\u00e9changer entre eux ou avec les enseignants et de repartir avec de nouvelles lectures. Les \u00e9l\u00e8ves ont \u00e9t\u00e9 ravis de cette initiative et ont demand\u00e9 \u00e0 ce qu\u2019elle soit renouvel\u00e9e\u00a0:<\/p>\n<!-- \/wp:paragraph -->\n\n<!-- wp:paragraph -->\n<p>\u00ab\u00a0<em>G\u00e9nial, beaucoup de livres de genres diff\u00e9rents<\/em>\u00a0\u00bb, Ayate<\/p>\n<!-- \/wp:paragraph -->\n\n<!-- wp:paragraph -->\n<p>\u00ab\u00a0<em>Beaucoup de monde et tr\u00e8s bonne id\u00e9e le go\u00fbter<\/em>\u00a0\u00bb, K\u00e9lyna<\/p>\n<!-- \/wp:paragraph -->\n\n<!-- wp:paragraph -->\n<p>\u00ab\u00a0<em>\u00c7a fait plaisir, surtout pour les personnes qui aiment lire et n\u2019ont pas beaucoup d\u2019argent<\/em>\u00a0\u00bb Tyna<\/p>\n<!-- \/wp:paragraph -->\n\n<!-- wp:paragraph -->\n<p>\u00ab\u00a0<em>C\u2019est incroyable, on d\u00e9couvre des livres qu\u2019on ne conna\u00eet pas<\/em>\u00a0\u00bb C\u00e9sar.<\/p>\n<!-- \/wp:paragraph -->\n\n<!-- wp:paragraph -->\n<p>\u00a0<strong>\u00ab\u00a0<\/strong><em>Faudrait faire cela plus souvent<\/em>\u00a0\u00bb Loujaine<strong>.<\/strong><\/p>\n<!-- \/wp:paragraph -->\n\n<!-- wp:image {\"id\":10383,\"sizeSlug\":\"large\",\"linkDestination\":\"none\"} -->\n<figure class=\"wp-block-image size-large\"><img loading=\"lazy\" decoding=\"async\" width=\"1024\" height=\"658\" src=\"https:\/\/vtest1.college-lapierre.fr\/wp-content\/uploads\/2024\/04\/photo-marche-livres-1024x658.jpg\" alt=\"\" class=\"wp-image-10383\" srcset=\"https:\/\/vtest1.college-lapierre.fr\/wp-content\/uploads\/2024\/04\/photo-marche-livres-1024x658.jpg 1024w, https:\/\/vtest1.college-lapierre.fr\/wp-content\/uploads\/2024\/04\/photo-marche-livres-300x193.jpg 300w, https:\/\/vtest1.college-lapierre.fr\/wp-content\/uploads\/2024\/04\/photo-marche-livres-768x493.jpg 768w, https:\/\/vtest1.college-lapierre.fr\/wp-content\/uploads\/2024\/04\/photo-marche-livres-1536x987.jpg 1536w, https:\/\/vtest1.college-lapierre.fr\/wp-content\/uploads\/2024\/04\/photo-marche-livres-2048x1316.jpg 2048w\" sizes=\"auto, (max-width: 1024px) 100vw, 1024px\" \/><\/figure>\n<!-- \/wp:image --><\/div><\/li>\n<li><a class=\"wp-block-latest-posts__post-title\" href=\"https:\/\/vtest1.college-lapierre.fr\/?p=10113\">Aidez le projet S\u00e9jours \u00e0 Bruxelles : partagez le lien vers la Trousse \u00e0 projets<\/a><div class=\"wp-block-latest-posts__post-author\">par PJ CABANEL<\/div><time datetime=\"2023-11-23T21:20:46+02:00\" class=\"wp-block-latest-posts__post-date\">23\/11\/2023<\/time><div class=\"wp-block-latest-posts__post-full-content\">\/*! elementor &#8211; v3.17.0 &#8211; 08-11-2023 *\/\n.elementor-widget-image{text-align:center}.elementor-widget-image a{display:inline-block}.elementor-widget-image a img[src$=\u00a0\u00bb.svg\u00a0\u00bb]{width:48px}.elementor-widget-image img{vertical-align:middle;display:inline-block}\t\t\t\t\t\t\t\t\t\t\t\t<img loading=\"lazy\" decoding=\"async\" width=\"650\" height=\"360\" src=\"https:\/\/vtest1.college-lapierre.fr\/wp-content\/uploads\/2023\/11\/11028343.webp\" alt=\"\" \/>\t\t\t\t\t\t\t\t\t\t\t\t\t\t\t\n\t\t<!-- wp:paragraph -->\n<p>Bonjour,<\/p>\n<!-- \/wp:paragraph -->\n<!-- wp:paragraph -->\n<p>Parents, personnels, professeurs, \u00e9l\u00e8ves&#8230;<\/p>\n<!-- \/wp:paragraph -->\n<!-- wp:paragraph -->\n<p><strong>Vous pouvez nous aider<\/strong> pour financer le projet \u00ab\u00a0<strong><em>Dans la peau d&rsquo;une h\u00e9ro\u00efne\/d&rsquo;un h\u00e9ros de BD d&rsquo;Angoul\u00eame \u00e0 Bruxelles<\/em><\/strong>.\u00a0\u00bb<\/p>\n<!-- \/wp:paragraph -->\n<!-- wp:paragraph -->\n<p>Le projet a \u00e9t\u00e9 s\u00e9lectionn\u00e9 par <strong>La Trousse \u00e0 projets<\/strong> qui permet de lancer une cagnotte afin de financer des projets p\u00e9dagogiques ambitieux pour les \u00e9l\u00e8ves.<\/p>\n<!-- \/wp:paragraph -->\n<!-- wp:paragraph -->\n<p>Gr\u00e2ce au lien suivant, les entreprises et les particuliers pourront donner de l&rsquo;argent pour ce projet et ainsi diminuer la participation pour les \u00e9l\u00e8ves.<\/p>\n<!-- \/wp:paragraph -->\n<!-- wp:paragraph -->\n<p><strong>Les dons ouvrent droit \u00e0 une d\u00e9duction fiscale \u00e0 hauteur de :<\/strong><\/p>\n<!-- \/wp:paragraph -->\n<!-- wp:list -->\n<ul><!-- wp:list-item -->\n<li><strong>60% du don effectu\u00e9 pour les entreprises (un don de 100\u20ac ne co\u00fbtera que 40\u20ac),<\/strong><\/li>\n<!-- \/wp:list-item -->\n<!-- wp:list-item -->\n<li><strong>66% du don effectu\u00e9 pour les particuliers (un don de 100\u20ac ne co\u00fbtera que 36\u20ac).<\/strong><\/li>\n<!-- \/wp:list-item --><\/ul>\n<!-- \/wp:list -->\n<!-- wp:paragraph -->\n<p><a href=\"https:\/\/trousseaprojets.fr\/projet\/7477-dans-la-peau-d-une-heroine-d-un-heros-de-bd-d-angouleme-a-bruxelles\">https:\/\/trousseaprojets.fr\/projet\/7477-dans-la-peau-d-une-heroine-d-un-heros-de-bd-d-angouleme-a-bruxelles<\/a><\/p>\n<!-- \/wp:paragraph -->\n<!-- wp:paragraph -->\n<p>Nous vous remercions pour le partage le plus large possible autour de vous de ce lien (entreprises, familles, proches, etc) et sur vos r\u00e9seaux sociaux pr\u00e9f\u00e9r\u00e9s. Nous comptons sur vous pour r\u00e9ussir \u00e0 obtenir l&rsquo;objectif fix\u00e9 par l&rsquo;\u00e9quipe.<\/p>\n<!-- \/wp:paragraph -->\n<!-- wp:paragraph -->\n<p>Pour toute information compl\u00e9mentaire, vous pouvez contacter le coll\u00e8ge Georges Lapierre (poste 4) ou nous \u00e9crire \u00e0 <a href=\"mailto:s.segpa@college-lapierre.fr\">s.segpa@college-lapierre.fr<\/a><\/p>\n<!-- \/wp:paragraph -->\n<!-- wp:paragraph -->\n<p>Pierre-Jean CABANEL<\/p>\n<!-- \/wp:paragraph -->\n<!-- wp:paragraph -->\n<p>pour l&rsquo;\u00e9quipe du projet \u00ab\u00a0<strong><em>Dans la peau d&rsquo;une h\u00e9ro\u00efne\/d&rsquo;un h\u00e9ros de BD d&rsquo;Angoul\u00eame \u00e0 Bruxelles<\/em><\/strong>.\u00a0\u00bb<\/p>\n<!-- \/wp:paragraph --><\/div><\/li>\n<li><a class=\"wp-block-latest-posts__post-title\" href=\"https:\/\/vtest1.college-lapierre.fr\/?p=9970\">\u00ab\u00a0Dans la peau d\u2019un h\u00e9ros de Bande dessin\u00e9e\u00a0\u00bb Etape 1\u00a0:\u00a0 Angoul\u00eame<\/a><div class=\"wp-block-latest-posts__post-author\">par M.SCIPPA<\/div><time datetime=\"2023-10-20T14:14:39+02:00\" class=\"wp-block-latest-posts__post-date\">20\/10\/2023<\/time><div class=\"wp-block-latest-posts__post-full-content\"><!-- wp:paragraph -->\n<p>Jeudi 19 Octobre 2023, les classes de 5<sup>\u00e8me<\/sup> RAONI et 5<sup>\u00e8me<\/sup> SURFRIDER se sont rendues \u00e0 Angoul\u00eame, dans le cadre du projet p\u00e9dagogique intitul\u00e9 \u00ab\u00a0De Angoul\u00eame \u00e0 Bruxelles, dans la peau d\u2019un h\u00e9ros de Bande dessin\u00e9e\u00a0\u00bb.<\/p>\n<!-- \/wp:paragraph -->\n\n<!-- wp:paragraph -->\n<p>Les \u00e9l\u00e8ves ont pu d\u00e9couvrir cette ville impr\u00e9gn\u00e9e de l\u2019univers BD\u00a0! Du nom des rues aux enseignes des magasins, en passant par l\u2019habillage des autobus tout est fait pour vous mettre dans l\u2019ambiance.<\/p>\n<!-- \/wp:paragraph -->\n\n<!-- wp:paragraph -->\n<p>Au programme de cette journ\u00e9e\u00a0:<\/p>\n<!-- \/wp:paragraph -->\n\n<!-- wp:list -->\n<ul><!-- wp:list-item -->\n<li>Visite du mus\u00e9e de la Bande dessin\u00e9e et de la librairie.<\/li>\n<!-- \/wp:list-item -->\n\n<!-- wp:list-item -->\n<li>Atelier\u00a0: \u00ab\u00a0Cr\u00e9er son propre h\u00e9ros\u00a0\u00bb anim\u00e9 par un illustrateur.<\/li>\n<!-- \/wp:list-item -->\n\n<!-- wp:list-item -->\n<li>Circuit des murs peints au c\u0153ur de la ville.<\/li>\n<!-- \/wp:list-item --><\/ul>\n<!-- \/wp:list -->\n\n<!-- wp:paragraph -->\n<p>Ce projet se poursuivra prochainement avec l\u2019exposition sur \u00ab\u00a0Tintin\u00a0\u00bb au bassin des lumi\u00e8res puis un s\u00e9jour p\u00e9dagogique \u00e0 Bruxelles.<\/p>\n<!-- \/wp:paragraph -->\n\n<!-- wp:gallery {\"linkTo\":\"none\"} -->\n<figure class=\"wp-block-gallery has-nested-images columns-default is-cropped\"><!-- wp:image {\"id\":9974,\"sizeSlug\":\"large\",\"linkDestination\":\"none\"} -->\n<figure class=\"wp-block-image size-large\"><img loading=\"lazy\" decoding=\"async\" width=\"768\" height=\"1024\" src=\"https:\/\/vtest1.college-lapierre.fr\/wp-content\/uploads\/2023\/10\/IMG_20231019_092804-768x1024.jpg\" alt=\"\" class=\"wp-image-9974\" srcset=\"https:\/\/vtest1.college-lapierre.fr\/wp-content\/uploads\/2023\/10\/IMG_20231019_092804-768x1024.jpg 768w, https:\/\/vtest1.college-lapierre.fr\/wp-content\/uploads\/2023\/10\/IMG_20231019_092804-225x300.jpg 225w, https:\/\/vtest1.college-lapierre.fr\/wp-content\/uploads\/2023\/10\/IMG_20231019_092804-1152x1536.jpg 1152w, https:\/\/vtest1.college-lapierre.fr\/wp-content\/uploads\/2023\/10\/IMG_20231019_092804-1536x2048.jpg 1536w, https:\/\/vtest1.college-lapierre.fr\/wp-content\/uploads\/2023\/10\/IMG_20231019_092804-scaled.jpg 1920w\" sizes=\"auto, (max-width: 768px) 100vw, 768px\" \/><\/figure>\n<!-- \/wp:image -->\n\n<!-- wp:image {\"id\":9976,\"sizeSlug\":\"large\",\"linkDestination\":\"none\"} -->\n<figure class=\"wp-block-image size-large\"><img loading=\"lazy\" decoding=\"async\" width=\"768\" height=\"1024\" src=\"https:\/\/vtest1.college-lapierre.fr\/wp-content\/uploads\/2023\/10\/IMG_20231019_092910-768x1024.jpg\" alt=\"\" class=\"wp-image-9976\" srcset=\"https:\/\/vtest1.college-lapierre.fr\/wp-content\/uploads\/2023\/10\/IMG_20231019_092910-768x1024.jpg 768w, https:\/\/vtest1.college-lapierre.fr\/wp-content\/uploads\/2023\/10\/IMG_20231019_092910-225x300.jpg 225w, https:\/\/vtest1.college-lapierre.fr\/wp-content\/uploads\/2023\/10\/IMG_20231019_092910-1152x1536.jpg 1152w, https:\/\/vtest1.college-lapierre.fr\/wp-content\/uploads\/2023\/10\/IMG_20231019_092910-1536x2048.jpg 1536w, https:\/\/vtest1.college-lapierre.fr\/wp-content\/uploads\/2023\/10\/IMG_20231019_092910-scaled.jpg 1920w\" sizes=\"auto, (max-width: 768px) 100vw, 768px\" \/><\/figure>\n<!-- \/wp:image -->\n\n<!-- wp:image {\"id\":9975,\"sizeSlug\":\"large\",\"linkDestination\":\"none\"} -->\n<figure class=\"wp-block-image size-large\"><img loading=\"lazy\" decoding=\"async\" width=\"768\" height=\"1024\" src=\"https:\/\/vtest1.college-lapierre.fr\/wp-content\/uploads\/2023\/10\/IMG_20231019_120658-768x1024.jpg\" alt=\"\" class=\"wp-image-9975\" srcset=\"https:\/\/vtest1.college-lapierre.fr\/wp-content\/uploads\/2023\/10\/IMG_20231019_120658-768x1024.jpg 768w, https:\/\/vtest1.college-lapierre.fr\/wp-content\/uploads\/2023\/10\/IMG_20231019_120658-225x300.jpg 225w, https:\/\/vtest1.college-lapierre.fr\/wp-content\/uploads\/2023\/10\/IMG_20231019_120658-1152x1536.jpg 1152w, https:\/\/vtest1.college-lapierre.fr\/wp-content\/uploads\/2023\/10\/IMG_20231019_120658-1536x2048.jpg 1536w, https:\/\/vtest1.college-lapierre.fr\/wp-content\/uploads\/2023\/10\/IMG_20231019_120658-scaled.jpg 1920w\" sizes=\"auto, (max-width: 768px) 100vw, 768px\" \/><\/figure>\n<!-- \/wp:image -->\n\n<!-- wp:image {\"id\":9972,\"sizeSlug\":\"large\",\"linkDestination\":\"none\"} -->\n<figure class=\"wp-block-image size-large\"><img loading=\"lazy\" decoding=\"async\" width=\"768\" height=\"1024\" src=\"https:\/\/vtest1.college-lapierre.fr\/wp-content\/uploads\/2023\/10\/IMG-20231019-WA0021.jpg\" alt=\"\" class=\"wp-image-9972\" srcset=\"https:\/\/vtest1.college-lapierre.fr\/wp-content\/uploads\/2023\/10\/IMG-20231019-WA0021.jpg 768w, https:\/\/vtest1.college-lapierre.fr\/wp-content\/uploads\/2023\/10\/IMG-20231019-WA0021-225x300.jpg 225w\" sizes=\"auto, (max-width: 768px) 100vw, 768px\" \/><\/figure>\n<!-- \/wp:image -->\n\n<!-- wp:image {\"id\":9971,\"sizeSlug\":\"large\",\"linkDestination\":\"none\"} -->\n<figure class=\"wp-block-image size-large\"><img loading=\"lazy\" decoding=\"async\" width=\"1024\" height=\"768\" src=\"https:\/\/vtest1.college-lapierre.fr\/wp-content\/uploads\/2023\/10\/IMG-20231019-WA0023.jpg\" alt=\"\" class=\"wp-image-9971\" srcset=\"https:\/\/vtest1.college-lapierre.fr\/wp-content\/uploads\/2023\/10\/IMG-20231019-WA0023.jpg 1024w, https:\/\/vtest1.college-lapierre.fr\/wp-content\/uploads\/2023\/10\/IMG-20231019-WA0023-300x225.jpg 300w, https:\/\/vtest1.college-lapierre.fr\/wp-content\/uploads\/2023\/10\/IMG-20231019-WA0023-768x576.jpg 768w\" sizes=\"auto, (max-width: 1024px) 100vw, 1024px\" \/><\/figure>\n<!-- \/wp:image -->\n\n<!-- wp:image {\"id\":9973,\"sizeSlug\":\"large\",\"linkDestination\":\"none\"} -->\n<figure class=\"wp-block-image size-large\"><img loading=\"lazy\" decoding=\"async\" width=\"768\" height=\"1024\" src=\"https:\/\/vtest1.college-lapierre.fr\/wp-content\/uploads\/2023\/10\/IMG-20231019-WA0026.jpg\" alt=\"\" class=\"wp-image-9973\" srcset=\"https:\/\/vtest1.college-lapierre.fr\/wp-content\/uploads\/2023\/10\/IMG-20231019-WA0026.jpg 768w, https:\/\/vtest1.college-lapierre.fr\/wp-content\/uploads\/2023\/10\/IMG-20231019-WA0026-225x300.jpg 225w\" sizes=\"auto, (max-width: 768px) 100vw, 768px\" \/><\/figure>\n<!-- \/wp:image -->\n\n<!-- wp:image {\"id\":9977,\"sizeSlug\":\"large\",\"linkDestination\":\"none\"} -->\n<figure class=\"wp-block-image size-large\"><img loading=\"lazy\" decoding=\"async\" width=\"1024\" height=\"768\" src=\"https:\/\/vtest1.college-lapierre.fr\/wp-content\/uploads\/2023\/10\/IMG-20231019-WA0009-1024x768.jpg\" alt=\"\" class=\"wp-image-9977\" srcset=\"https:\/\/vtest1.college-lapierre.fr\/wp-content\/uploads\/2023\/10\/IMG-20231019-WA0009-1024x768.jpg 1024w, https:\/\/vtest1.college-lapierre.fr\/wp-content\/uploads\/2023\/10\/IMG-20231019-WA0009-300x225.jpg 300w, https:\/\/vtest1.college-lapierre.fr\/wp-content\/uploads\/2023\/10\/IMG-20231019-WA0009-768x576.jpg 768w, https:\/\/vtest1.college-lapierre.fr\/wp-content\/uploads\/2023\/10\/IMG-20231019-WA0009-1536x1152.jpg 1536w, https:\/\/vtest1.college-lapierre.fr\/wp-content\/uploads\/2023\/10\/IMG-20231019-WA0009.jpg 2016w\" sizes=\"auto, (max-width: 1024px) 100vw, 1024px\" \/><\/figure>\n<!-- \/wp:image --><\/figure>\n<!-- \/wp:gallery --><\/div><\/li>\n<li><a class=\"wp-block-latest-posts__post-title\" href=\"https:\/\/vtest1.college-lapierre.fr\/?p=8834\">Visite \u00e0 Sarlat !<\/a><div class=\"wp-block-latest-posts__post-author\">par C. SOULADIE<\/div><time datetime=\"2023-06-28T21:11:13+02:00\" class=\"wp-block-latest-posts__post-date\">28\/06\/2023<\/time><div class=\"wp-block-latest-posts__post-full-content\"><!-- wp:paragraph -->\n<p>Jeudi 22 juin 2023 : quelques images d&rsquo;une journ\u00e9e \u00e0 la d\u00e9couverte de la ville de Sarlat en Dordogne, pays d&rsquo;art et d\u2019histoire, avec les \u00e9l\u00e8ves des 5eme Acajou et S\u00e9quoia, point d&rsquo;orgue d&rsquo;un projet linguistique, historique et artistique autour des soci\u00e9t\u00e9s moyen\u00e2geuses fran\u00e7aises du IX si\u00e8cle.<\/p>\n<!-- \/wp:paragraph -->\n\n<!-- wp:image {\"id\":8841,\"sizeSlug\":\"full\",\"linkDestination\":\"media\"} -->\n<figure class=\"wp-block-image size-full\"><a href=\"https:\/\/vtest1.college-lapierre.fr\/wp-content\/uploads\/2023\/06\/20230622_1401091.jpg\"><img loading=\"lazy\" decoding=\"async\" width=\"680\" height=\"907\" src=\"https:\/\/vtest1.college-lapierre.fr\/wp-content\/uploads\/2023\/06\/20230622_1401091.jpg\" alt=\"\" class=\"wp-image-8841\" srcset=\"https:\/\/vtest1.college-lapierre.fr\/wp-content\/uploads\/2023\/06\/20230622_1401091.jpg 680w, https:\/\/vtest1.college-lapierre.fr\/wp-content\/uploads\/2023\/06\/20230622_1401091-225x300.jpg 225w\" sizes=\"auto, (max-width: 680px) 100vw, 680px\" \/><\/a><\/figure>\n<!-- \/wp:image -->\n\n<!-- wp:columns -->\n<div class=\"wp-block-columns\"><!-- wp:column {\"width\":\"100%\"} -->\n<div class=\"wp-block-column\" style=\"flex-basis:100%\"><!-- wp:image {\"id\":8840,\"sizeSlug\":\"full\",\"linkDestination\":\"media\"} -->\n<figure class=\"wp-block-image size-full\"><a href=\"https:\/\/vtest1.college-lapierre.fr\/wp-content\/uploads\/2023\/06\/20230622_14485311.jpg\"><img loading=\"lazy\" decoding=\"async\" width=\"945\" height=\"709\" src=\"https:\/\/vtest1.college-lapierre.fr\/wp-content\/uploads\/2023\/06\/20230622_14485311.jpg\" alt=\"\" class=\"wp-image-8840\" srcset=\"https:\/\/vtest1.college-lapierre.fr\/wp-content\/uploads\/2023\/06\/20230622_14485311.jpg 945w, https:\/\/vtest1.college-lapierre.fr\/wp-content\/uploads\/2023\/06\/20230622_14485311-300x225.jpg 300w, https:\/\/vtest1.college-lapierre.fr\/wp-content\/uploads\/2023\/06\/20230622_14485311-768x576.jpg 768w\" sizes=\"auto, (max-width: 945px) 100vw, 945px\" \/><\/a><\/figure>\n<!-- \/wp:image --><\/div>\n<!-- \/wp:column --><\/div>\n<!-- \/wp:columns -->\n\n<!-- wp:image {\"id\":8842,\"sizeSlug\":\"full\",\"linkDestination\":\"media\"} -->\n<figure class=\"wp-block-image size-full\"><a href=\"https:\/\/vtest1.college-lapierre.fr\/wp-content\/uploads\/2023\/06\/20230622_1550561.jpg\"><img loading=\"lazy\" decoding=\"async\" width=\"638\" height=\"850\" src=\"https:\/\/vtest1.college-lapierre.fr\/wp-content\/uploads\/2023\/06\/20230622_1550561.jpg\" alt=\"\" class=\"wp-image-8842\" srcset=\"https:\/\/vtest1.college-lapierre.fr\/wp-content\/uploads\/2023\/06\/20230622_1550561.jpg 638w, https:\/\/vtest1.college-lapierre.fr\/wp-content\/uploads\/2023\/06\/20230622_1550561-225x300.jpg 225w\" sizes=\"auto, (max-width: 638px) 100vw, 638px\" \/><\/a><\/figure>\n<!-- \/wp:image --><\/div><\/li>\n<li><a class=\"wp-block-latest-posts__post-title\" href=\"https:\/\/vtest1.college-lapierre.fr\/?p=8758\">Journ\u00e9e \u00e0 Paris 5 IPE \/ 5 ACAJOU<\/a><div class=\"wp-block-latest-posts__post-author\">par M.SCIPPA<\/div><time datetime=\"2023-06-16T14:37:28+02:00\" class=\"wp-block-latest-posts__post-date\">16\/06\/2023<\/time><div class=\"wp-block-latest-posts__post-full-content\"><!-- wp:paragraph -->\n<p>Le jeudi 15 juin, les 5 IPE et 5 ACAJOU ont profit\u00e9 du prix du Public qu&rsquo;ils ont remport\u00e9s gr\u00e2ce \u00e0 leur vid\u00e9o \u00ab\u00a0De l&rsquo;autre c\u00f4t\u00e9 du mur\u00a0\u00bb : une journ\u00e9e \u00e0 Paris avec une d\u00e9couverte des monuments embl\u00e9matiques de la Capitale et une rencontre \u00e0 l&rsquo;Acad\u00e9mie Fran\u00e7aise (Institut de France) avec Monsieur Yves Qu\u00e9r\u00e9 (acad\u00e9miciens des Sciences, co-cr\u00e9ateur de \u00ab\u00a0La Main \u00e0 la p\u00e2te\u00a0\u00bb)<\/p>\n<!-- \/wp:paragraph -->\n\n<!-- wp:image {\"id\":8759,\"sizeSlug\":\"large\",\"linkDestination\":\"media\"} -->\n<figure class=\"wp-block-image size-large\"><a href=\"https:\/\/vtest1.college-lapierre.fr\/wp-content\/uploads\/2023\/06\/Photo-Paris-groupe-Tour-Eiffel-scaled-1.jpg\"><img decoding=\"async\" src=\"http:\/\/www.college-lapierre.fr\/wp-content\/uploads\/2023\/06\/Photo-Paris-groupe-Tour-Eiffel-1024x869.jpg\" alt=\"\" class=\"wp-image-8759\" \/><\/a><\/figure>\n<!-- \/wp:image -->\n\n<!-- wp:image {\"id\":8763,\"sizeSlug\":\"large\",\"linkDestination\":\"media\"} -->\n<figure class=\"wp-block-image size-large\"><a href=\"https:\/\/vtest1.college-lapierre.fr\/wp-content\/uploads\/2023\/06\/IMG20230615115148-2-scaled-1.jpg\"><img decoding=\"async\" src=\"http:\/\/www.college-lapierre.fr\/wp-content\/uploads\/2023\/06\/IMG20230615115148-2-1024x884.jpg\" alt=\"\" class=\"wp-image-8763\" \/><\/a><\/figure>\n<!-- \/wp:image --><\/div><\/li>\n<li><a class=\"wp-block-latest-posts__post-title\" href=\"https:\/\/vtest1.college-lapierre.fr\/?p=8658\">FestiPREV 2023 : Emission de radio<\/a><div class=\"wp-block-latest-posts__post-author\">par M.SCIPPA<\/div><time datetime=\"2023-05-16T10:59:13+02:00\" class=\"wp-block-latest-posts__post-date\">16\/05\/2023<\/time><div class=\"wp-block-latest-posts__post-full-content\"><!-- wp:paragraph -->\n<p>Retrouvez l&rsquo;interview des 5 ACAJOU et 5 IPE sur leur film \u00ab\u00a0de l&rsquo;autre c\u00f4t\u00e9 du mur\u00a0\u00bb.<\/p>\n<!-- \/wp:paragraph -->\n\n<!-- wp:paragraph -->\n<p>Emission enregistr\u00e9e lors de FestiPREV le jeudi 11 Mai 2023.<\/p>\n<!-- \/wp:paragraph -->\n\n<!-- wp:paragraph -->\n<p>Merci \u00e0 radio coll\u00e8ge !<\/p>\n<!-- \/wp:paragraph -->\n\n<!-- wp:paragraph -->\n<p> <a href=\"https:\/\/radiocollege.fr\/2023\/05\/15\/retrospective-festiprev-2023\/\">https:\/\/radiocollege.fr\/2023\/05\/15\/retrospective-festiprev-2023\/<\/a><\/p>\n<!-- \/wp:paragraph -->\n\n<!-- wp:paragraph -->\n<p><\/p>\n<!-- \/wp:paragraph -->\n\n<!-- wp:paragraph -->\n<p><\/p>\n<!-- \/wp:paragraph -->\n\n<!-- wp:image {\"id\":8660,\"sizeSlug\":\"full\",\"linkDestination\":\"media\"} -->\n<figure class=\"wp-block-image size-full\"><a href=\"https:\/\/vtest1.college-lapierre.fr\/wp-content\/uploads\/2023\/05\/230511-FESTIPREV-05-LORMONT-De-lautre-cote-du-mur-e1684105091404-768x418-1.jpg\"><img loading=\"lazy\" decoding=\"async\" width=\"768\" height=\"418\" src=\"https:\/\/vtest1.college-lapierre.fr\/wp-content\/uploads\/2023\/05\/230511-FESTIPREV-05-LORMONT-De-lautre-cote-du-mur-e1684105091404-768x418-1.jpg\" alt=\"\" class=\"wp-image-8660\" srcset=\"https:\/\/vtest1.college-lapierre.fr\/wp-content\/uploads\/2023\/05\/230511-FESTIPREV-05-LORMONT-De-lautre-cote-du-mur-e1684105091404-768x418-1.jpg 768w, https:\/\/vtest1.college-lapierre.fr\/wp-content\/uploads\/2023\/05\/230511-FESTIPREV-05-LORMONT-De-lautre-cote-du-mur-e1684105091404-768x418-1-300x163.jpg 300w\" sizes=\"auto, (max-width: 768px) 100vw, 768px\" \/><\/a><\/figure>\n<!-- \/wp:image --><\/div><\/li>\n<li><a class=\"wp-block-latest-posts__post-title\" href=\"https:\/\/vtest1.college-lapierre.fr\/?p=8633\">FESTIPREV, Prix du Public<\/a><div class=\"wp-block-latest-posts__post-author\">par M.SCIPPA<\/div><time datetime=\"2023-05-12T14:30:50+02:00\" class=\"wp-block-latest-posts__post-date\">12\/05\/2023<\/time><div class=\"wp-block-latest-posts__post-full-content\"><!-- wp:paragraph -->\n<p>Pour nous soutenir, votez pour nous!!!!  Ca se passe par ici :<\/p>\n<!-- \/wp:paragraph -->\n\n<!-- wp:paragraph -->\n<p><a href=\"https:\/\/docs.google.com\/forms\/d\/e\/1FAIpQLSdh1CEenukKPmGdvL5fMGXAkTRuxaRq0r6idTup5adHsnhcRw\/viewform\">https:\/\/docs.google.com\/forms\/d\/e\/1FAIpQLSdh1CEenukKPmGdvL5fMGXAkTRuxaRq0r6idTup5adHsnhcRw\/viewform<\/a> <\/p>\n<!-- \/wp:paragraph -->\n\n<!-- wp:paragraph -->\n<p><\/p>\n<!-- \/wp:paragraph -->\n\n<!-- wp:paragraph -->\n<p><\/p>\n<!-- \/wp:paragraph -->\n\n<!-- wp:paragraph -->\n<p><\/p>\n<!-- \/wp:paragraph -->\n\n<!-- wp:video {\"id\":8634} -->\n<figure class=\"wp-block-video\"><video controls src=\"https:\/\/vtest1.college-lapierre.fr\/wp-content\/uploads\/2023\/05\/VID_20230511_104359.mp4\"><\/video><\/figure>\n<!-- \/wp:video --><\/div><\/li>\n<li><a class=\"wp-block-latest-posts__post-title\" href=\"https:\/\/vtest1.college-lapierre.fr\/?p=8630\">Festiprev La Rochelle<\/a><div class=\"wp-block-latest-posts__post-author\">par M.SCIPPA<\/div><time datetime=\"2023-05-12T14:29:03+02:00\" class=\"wp-block-latest-posts__post-date\">12\/05\/2023<\/time><div class=\"wp-block-latest-posts__post-full-content\"><!-- wp:paragraph -->\n<p>Retour sur notre journ\u00e9e \u00e0 la Rochelle! <\/p>\n<!-- \/wp:paragraph -->\n\n<!-- wp:paragraph -->\n<p>Les 5 \u00e8me IPE et 5 \u00e8me ACAJOU ont pr\u00e9sent\u00e9 leur court m\u00e9trage contre le harc\u00e8lement \u00ab\u00a0De l&rsquo;autre c\u00f4t\u00e9 du Mur\u00a0\u00bb. Une belle aventure humaine avec des souvenirs plein la t\u00eate.<\/p>\n<!-- \/wp:paragraph -->\n\n<!-- wp:video {\"id\":8631} -->\n<figure class=\"wp-block-video\"><video controls src=\"https:\/\/vtest1.college-lapierre.fr\/wp-content\/uploads\/2023\/05\/lv_0_20230512151114.mp4\"><\/video><\/figure>\n<!-- \/wp:video --><\/div><\/li>\n<li><a class=\"wp-block-latest-posts__post-title\" href=\"https:\/\/vtest1.college-lapierre.fr\/?p=8589\">Dans le cadre du projet chevalerie en Fran\u00e7ais \/ EPS, les \u00e9l\u00e8ves de 5e Flamboyant ont pass\u00e9 la journ\u00e9e au ch\u00e2teau de Villandraut.<\/a><div class=\"wp-block-latest-posts__post-author\">par i.chaabane<\/div><time datetime=\"2023-04-28T08:34:26+02:00\" class=\"wp-block-latest-posts__post-date\">28\/04\/2023<\/time><div class=\"wp-block-latest-posts__post-full-content\"><!-- wp:paragraph -->\n<p>Le matin, la guide nous \u00a0a propos\u00e9 une visite riche en d\u00e9couvertes et nous avons explor\u00e9 le ch\u00e2teau de bas en haut\u00a0: salle du seigneur, salle de garde, chemin de ronde, escaliers en colima\u00e7on, cl\u00e9s de vo\u00fbte sculpt\u00e9es, latrines, cuisines avec \u00ab\u00a0potager\u00a0\u00bb (le four \u00e0 micro-ondes de l\u2019\u00e9poque). Nous aurions aim\u00e9 voir des armures mais ce ch\u00e2teau du 14<sup>e<\/sup> si\u00e8cle a \u00e9t\u00e9 vid\u00e9 de son mobilier et de ses charpentes au cours de l\u2019Histoire. \u00a0Puis nous avons \u00a0profit\u00e9 d\u2019un pique-nique convivial et d\u00e9gust\u00e9 les desserts pr\u00e9par\u00e9s par plusieurs \u00e9l\u00e8ves. A suivi \u00a0une pause \u00a0foot \u00a0appr\u00e9ci\u00e9e de toutes et tous. L\u2019apr\u00e8s-midi, nous avons pratiqu\u00e9 l\u2019escrime au pied du ch\u00e2teau, arbitrant et commentant en direct les duels. C\u2019\u00e9tait un bon moment. La comp\u00e9tition s\u2019est prolong\u00e9e jusque dans le bus avec les questions, charades et devinettes sur\u00a0 la chevalerie que nous avions pr\u00e9par\u00e9es en classe.<\/p>\n<!-- \/wp:paragraph -->\n\n<!-- wp:image {\"id\":8590,\"sizeSlug\":\"large\",\"linkDestination\":\"media\"} -->\n<figure class=\"wp-block-image size-large\"><a href=\"https:\/\/vtest1.college-lapierre.fr\/wp-content\/uploads\/2023\/04\/IMG_3037-scaled-1.jpg\"><img decoding=\"async\" src=\"http:\/\/www.college-lapierre.fr\/wp-content\/uploads\/2023\/04\/IMG_3037-768x1024.jpg\" alt=\"\" class=\"wp-image-8590\" \/><\/a><\/figure>\n<!-- \/wp:image -->\n\n<!-- wp:image {\"id\":8591,\"sizeSlug\":\"large\",\"linkDestination\":\"media\"} -->\n<figure class=\"wp-block-image size-large\"><a href=\"https:\/\/vtest1.college-lapierre.fr\/wp-content\/uploads\/2023\/04\/IMG_3042-scaled-1.jpg\"><img decoding=\"async\" src=\"http:\/\/www.college-lapierre.fr\/wp-content\/uploads\/2023\/04\/IMG_3042-1024x768.jpg\" alt=\"\" class=\"wp-image-8591\" \/><\/a><\/figure>\n<!-- \/wp:image -->\n\n<!-- wp:image {\"id\":8592,\"sizeSlug\":\"large\",\"linkDestination\":\"media\"} -->\n<figure class=\"wp-block-image size-large\"><a href=\"https:\/\/vtest1.college-lapierre.fr\/wp-content\/uploads\/2023\/04\/IMG_3043-scaled-1.jpg\"><img decoding=\"async\" src=\"http:\/\/www.college-lapierre.fr\/wp-content\/uploads\/2023\/04\/IMG_3043-1024x768.jpg\" alt=\"\" class=\"wp-image-8592\" \/><\/a><\/figure>\n<!-- \/wp:image -->\n\n<!-- wp:image {\"id\":8593,\"sizeSlug\":\"large\",\"linkDestination\":\"media\"} -->\n<figure class=\"wp-block-image size-large\"><a href=\"https:\/\/vtest1.college-lapierre.fr\/wp-content\/uploads\/2023\/04\/IMG_3051-scaled-1.jpg\"><img decoding=\"async\" src=\"http:\/\/www.college-lapierre.fr\/wp-content\/uploads\/2023\/04\/IMG_3051-1024x768.jpg\" alt=\"\" class=\"wp-image-8593\" \/><\/a><\/figure>\n<!-- \/wp:image --><\/div><\/li>\n<\/ul>","protected":false},"excerpt":{"rendered":"","protected":false},"author":2,"featured_media":0,"parent":24,"menu_order":0,"comment_status":"closed","ping_status":"closed","template":"","meta":{"footnotes":""},"categories":[40],"tags":[],"class_list":["post-8946","page","type-page","status-publish","hentry","category-francais"],"_links":{"self":[{"href":"https:\/\/vtest1.college-lapierre.fr\/index.php?rest_route=\/wp\/v2\/pages\/8946","targetHints":{"allow":["GET"]}}],"collection":[{"href":"https:\/\/vtest1.college-lapierre.fr\/index.php?rest_route=\/wp\/v2\/pages"}],"about":[{"href":"https:\/\/vtest1.college-lapierre.fr\/index.php?rest_route=\/wp\/v2\/types\/page"}],"author":[{"embeddable":true,"href":"https:\/\/vtest1.college-lapierre.fr\/index.php?rest_route=\/wp\/v2\/users\/2"}],"replies":[{"embeddable":true,"href":"https:\/\/vtest1.college-lapierre.fr\/index.php?rest_route=%2Fwp%2Fv2%2Fcomments&post=8946"}],"version-history":[{"count":4,"href":"https:\/\/vtest1.college-lapierre.fr\/index.php?rest_route=\/wp\/v2\/pages\/8946\/revisions"}],"predecessor-version":[{"id":10736,"href":"https:\/\/vtest1.college-lapierre.fr\/index.php?rest_route=\/wp\/v2\/pages\/8946\/revisions\/10736"}],"up":[{"embeddable":true,"href":"https:\/\/vtest1.college-lapierre.fr\/index.php?rest_route=\/wp\/v2\/pages\/24"}],"wp:attachment":[{"href":"https:\/\/vtest1.college-lapierre.fr\/index.php?rest_route=%2Fwp%2Fv2%2Fmedia&parent=8946"}],"wp:term":[{"taxonomy":"category","embeddable":true,"href":"https:\/\/vtest1.college-lapierre.fr\/index.php?rest_route=%2Fwp%2Fv2%2Fcategories&post=8946"},{"taxonomy":"post_tag","embeddable":true,"href":"https:\/\/vtest1.college-lapierre.fr\/index.php?rest_route=%2Fwp%2Fv2%2Ftags&post=8946"}],"curies":[{"name":"wp","href":"https:\/\/api.w.org\/{rel}","templated":true}]}}