{"id":8950,"date":"2023-07-13T08:57:08","date_gmt":"2023-07-13T08:57:08","guid":{"rendered":"https:\/\/vtest1.college-lapierre.fr\/?page_id=8950"},"modified":"2024-09-01T16:57:09","modified_gmt":"2024-09-01T14:57:09","slug":"histoire-geographie-emc","status":"publish","type":"page","link":"https:\/\/vtest1.college-lapierre.fr\/?page_id=8950","title":{"rendered":"Histoire\/G\u00e9ographie\/EMC"},"content":{"rendered":"<ul class=\"wp-block-latest-posts__list has-dates has-author wp-block-latest-posts\"><li><div class=\"wp-block-latest-posts__featured-image\"><img loading=\"lazy\" decoding=\"async\" width=\"150\" height=\"150\" src=\"https:\/\/vtest1.college-lapierre.fr\/wp-content\/uploads\/2025\/10\/Semaine-du-collectif-150x150.png\" class=\"attachment-thumbnail size-thumbnail wp-post-image\" alt=\"\" style=\"\" \/><\/div><a class=\"wp-block-latest-posts__post-title\" href=\"https:\/\/vtest1.college-lapierre.fr\/?p=11531\">Semaine du collectif : 06 au 10 octobre 2025<\/a><div class=\"wp-block-latest-posts__post-author\">par PJ CABANEL<\/div><time datetime=\"2025-10-02T17:06:56+02:00\" class=\"wp-block-latest-posts__post-date\">02\/10\/2025<\/time><div class=\"wp-block-latest-posts__post-full-content\"><!-- wp:image {\"id\":11532,\"sizeSlug\":\"large\",\"linkDestination\":\"none\"} -->\n<figure class=\"wp-block-image size-large\"><img loading=\"lazy\" decoding=\"async\" width=\"1024\" height=\"724\" src=\"https:\/\/vtest1.college-lapierre.fr\/wp-content\/uploads\/2025\/10\/Semaine-du-collectif-1024x724.png\" alt=\"\" class=\"wp-image-11532\" srcset=\"https:\/\/vtest1.college-lapierre.fr\/wp-content\/uploads\/2025\/10\/Semaine-du-collectif-1024x724.png 1024w, https:\/\/vtest1.college-lapierre.fr\/wp-content\/uploads\/2025\/10\/Semaine-du-collectif-300x212.png 300w, https:\/\/vtest1.college-lapierre.fr\/wp-content\/uploads\/2025\/10\/Semaine-du-collectif-768x543.png 768w, https:\/\/vtest1.college-lapierre.fr\/wp-content\/uploads\/2025\/10\/Semaine-du-collectif-1536x1086.png 1536w, https:\/\/vtest1.college-lapierre.fr\/wp-content\/uploads\/2025\/10\/Semaine-du-collectif-2048x1448.png 2048w\" sizes=\"auto, (max-width: 1024px) 100vw, 1024px\" \/><\/figure>\n<!-- \/wp:image --><\/div><\/li>\n<li><div class=\"wp-block-latest-posts__featured-image\"><img loading=\"lazy\" decoding=\"async\" width=\"150\" height=\"150\" src=\"https:\/\/vtest1.college-lapierre.fr\/wp-content\/uploads\/2025\/05\/Visuel_Rallyes_2025_V5_1-150x150.jpg\" class=\"attachment-thumbnail size-thumbnail wp-post-image\" alt=\"\" style=\"\" \/><\/div><a class=\"wp-block-latest-posts__post-title\" href=\"https:\/\/vtest1.college-lapierre.fr\/?p=11295\">Rallye Citoyen &#8211; Camp de Souge<\/a><div class=\"wp-block-latest-posts__post-author\">par PJ CABANEL<\/div><time datetime=\"2025-05-16T10:54:21+02:00\" class=\"wp-block-latest-posts__post-date\">16\/05\/2025<\/time><div class=\"wp-block-latest-posts__post-full-content\"><!-- wp:paragraph -->\n<p><strong>Jeudi 15\/05\/2025<\/strong>, 12 \u00e9l\u00e8ves de 3e du coll\u00e8ge LAPIERRE se sont retrouv\u00e9s \u00e0 <strong>6h du matin<\/strong> \u00e0 la station de tramway de La Butini\u00e8re pour participer au <strong>Rallye citoyen au Camp de Souge<\/strong> (Camp militaire de l&rsquo;arm\u00e9e de Terre situ\u00e9 \u00e0 Martignas sur Jalles).<\/p>\n<!-- \/wp:paragraph -->\n\n<!-- wp:paragraph -->\n<p>Les \u00e9l\u00e8ves ont vaillamment d\u00e9fendu les couleurs du coll\u00e8ge sur 14 stands tout au long de la journ\u00e9e.<\/p>\n<!-- \/wp:paragraph -->\n\n<!-- wp:paragraph -->\n<p>Nous pouvons \u00eatre fiers de l&rsquo;<strong>engagement<\/strong>, la <strong>solidarit\u00e9<\/strong>, l&rsquo;<strong>esprit d&rsquo;\u00e9quipe<\/strong> dont ils ont fait preuve.<\/p>\n<!-- \/wp:paragraph -->\n\n<!-- wp:image {\"id\":11296,\"sizeSlug\":\"large\",\"linkDestination\":\"none\"} -->\n<figure class=\"wp-block-image size-large\"><img loading=\"lazy\" decoding=\"async\" width=\"768\" height=\"1024\" src=\"https:\/\/vtest1.college-lapierre.fr\/wp-content\/uploads\/2025\/05\/WhatsApp-Image-2025-05-15-at-18.29.00-768x1024.jpeg\" alt=\"\" class=\"wp-image-11296\" srcset=\"https:\/\/vtest1.college-lapierre.fr\/wp-content\/uploads\/2025\/05\/WhatsApp-Image-2025-05-15-at-18.29.00-768x1024.jpeg 768w, https:\/\/vtest1.college-lapierre.fr\/wp-content\/uploads\/2025\/05\/WhatsApp-Image-2025-05-15-at-18.29.00-225x300.jpeg 225w, https:\/\/vtest1.college-lapierre.fr\/wp-content\/uploads\/2025\/05\/WhatsApp-Image-2025-05-15-at-18.29.00-1152x1536.jpeg 1152w, https:\/\/vtest1.college-lapierre.fr\/wp-content\/uploads\/2025\/05\/WhatsApp-Image-2025-05-15-at-18.29.00.jpeg 1530w\" sizes=\"auto, (max-width: 768px) 100vw, 768px\" \/><\/figure>\n<!-- \/wp:image -->\n\n<!-- wp:paragraph -->\n<p>Mobilisant aussi bien leur culture g\u00e9n\u00e9ralise que leur physique, ils ont su s&rsquo;organiser rapidement dans les diff\u00e9rentes activit\u00e9s propos\u00e9es. Ils ont donn\u00e9 une belle image du coll\u00e8ge.<\/p>\n<!-- \/wp:paragraph -->\n\n<!-- wp:gallery {\"linkTo\":\"none\"} -->\n<figure class=\"wp-block-gallery has-nested-images columns-default is-cropped\"><!-- wp:image {\"id\":11298,\"sizeSlug\":\"large\",\"linkDestination\":\"none\"} -->\n<figure class=\"wp-block-image size-large\"><img loading=\"lazy\" decoding=\"async\" width=\"768\" height=\"1024\" src=\"https:\/\/vtest1.college-lapierre.fr\/wp-content\/uploads\/2025\/05\/WhatsApp-Image-2025-05-15-at-18.29.05-1-768x1024.jpeg\" alt=\"\" class=\"wp-image-11298\" srcset=\"https:\/\/vtest1.college-lapierre.fr\/wp-content\/uploads\/2025\/05\/WhatsApp-Image-2025-05-15-at-18.29.05-1-768x1024.jpeg 768w, https:\/\/vtest1.college-lapierre.fr\/wp-content\/uploads\/2025\/05\/WhatsApp-Image-2025-05-15-at-18.29.05-1-225x300.jpeg 225w, https:\/\/vtest1.college-lapierre.fr\/wp-content\/uploads\/2025\/05\/WhatsApp-Image-2025-05-15-at-18.29.05-1-1152x1536.jpeg 1152w, https:\/\/vtest1.college-lapierre.fr\/wp-content\/uploads\/2025\/05\/WhatsApp-Image-2025-05-15-at-18.29.05-1.jpeg 1530w\" sizes=\"auto, (max-width: 768px) 100vw, 768px\" \/><\/figure>\n<!-- \/wp:image -->\n\n<!-- wp:image {\"id\":11299,\"sizeSlug\":\"large\",\"linkDestination\":\"none\"} -->\n<figure class=\"wp-block-image size-large\"><img loading=\"lazy\" decoding=\"async\" width=\"768\" height=\"1024\" src=\"https:\/\/vtest1.college-lapierre.fr\/wp-content\/uploads\/2025\/05\/WhatsApp-Image-2025-05-15-at-18.29.07-768x1024.jpeg\" alt=\"\" class=\"wp-image-11299\" srcset=\"https:\/\/vtest1.college-lapierre.fr\/wp-content\/uploads\/2025\/05\/WhatsApp-Image-2025-05-15-at-18.29.07-768x1024.jpeg 768w, https:\/\/vtest1.college-lapierre.fr\/wp-content\/uploads\/2025\/05\/WhatsApp-Image-2025-05-15-at-18.29.07-225x300.jpeg 225w, https:\/\/vtest1.college-lapierre.fr\/wp-content\/uploads\/2025\/05\/WhatsApp-Image-2025-05-15-at-18.29.07-1152x1536.jpeg 1152w, https:\/\/vtest1.college-lapierre.fr\/wp-content\/uploads\/2025\/05\/WhatsApp-Image-2025-05-15-at-18.29.07.jpeg 1530w\" sizes=\"auto, (max-width: 768px) 100vw, 768px\" \/><\/figure>\n<!-- \/wp:image -->\n\n<!-- wp:image {\"id\":11301,\"sizeSlug\":\"large\",\"linkDestination\":\"none\"} -->\n<figure class=\"wp-block-image size-large\"><img loading=\"lazy\" decoding=\"async\" width=\"768\" height=\"1024\" src=\"https:\/\/vtest1.college-lapierre.fr\/wp-content\/uploads\/2025\/05\/WhatsApp-Image-2025-05-15-at-18.29.08-1-768x1024.jpeg\" alt=\"\" class=\"wp-image-11301\" srcset=\"https:\/\/vtest1.college-lapierre.fr\/wp-content\/uploads\/2025\/05\/WhatsApp-Image-2025-05-15-at-18.29.08-1-768x1024.jpeg 768w, https:\/\/vtest1.college-lapierre.fr\/wp-content\/uploads\/2025\/05\/WhatsApp-Image-2025-05-15-at-18.29.08-1-225x300.jpeg 225w, https:\/\/vtest1.college-lapierre.fr\/wp-content\/uploads\/2025\/05\/WhatsApp-Image-2025-05-15-at-18.29.08-1-1152x1536.jpeg 1152w, https:\/\/vtest1.college-lapierre.fr\/wp-content\/uploads\/2025\/05\/WhatsApp-Image-2025-05-15-at-18.29.08-1.jpeg 1530w\" sizes=\"auto, (max-width: 768px) 100vw, 768px\" \/><\/figure>\n<!-- \/wp:image -->\n\n<!-- wp:image {\"id\":11300,\"sizeSlug\":\"large\",\"linkDestination\":\"none\"} -->\n<figure class=\"wp-block-image size-large\"><img loading=\"lazy\" decoding=\"async\" width=\"768\" height=\"1024\" src=\"https:\/\/vtest1.college-lapierre.fr\/wp-content\/uploads\/2025\/05\/WhatsApp-Image-2025-05-15-at-18.29.08-768x1024.jpeg\" alt=\"\" class=\"wp-image-11300\" srcset=\"https:\/\/vtest1.college-lapierre.fr\/wp-content\/uploads\/2025\/05\/WhatsApp-Image-2025-05-15-at-18.29.08-768x1024.jpeg 768w, https:\/\/vtest1.college-lapierre.fr\/wp-content\/uploads\/2025\/05\/WhatsApp-Image-2025-05-15-at-18.29.08-225x300.jpeg 225w, https:\/\/vtest1.college-lapierre.fr\/wp-content\/uploads\/2025\/05\/WhatsApp-Image-2025-05-15-at-18.29.08-1152x1536.jpeg 1152w, https:\/\/vtest1.college-lapierre.fr\/wp-content\/uploads\/2025\/05\/WhatsApp-Image-2025-05-15-at-18.29.08.jpeg 1530w\" sizes=\"auto, (max-width: 768px) 100vw, 768px\" \/><\/figure>\n<!-- \/wp:image -->\n\n<!-- wp:image {\"id\":11302,\"sizeSlug\":\"large\",\"linkDestination\":\"none\"} -->\n<figure class=\"wp-block-image size-large\"><img loading=\"lazy\" decoding=\"async\" width=\"768\" height=\"1024\" src=\"https:\/\/vtest1.college-lapierre.fr\/wp-content\/uploads\/2025\/05\/WhatsApp-Image-2025-05-15-at-18.29.09-1-768x1024.jpeg\" alt=\"\" class=\"wp-image-11302\" srcset=\"https:\/\/vtest1.college-lapierre.fr\/wp-content\/uploads\/2025\/05\/WhatsApp-Image-2025-05-15-at-18.29.09-1-768x1024.jpeg 768w, https:\/\/vtest1.college-lapierre.fr\/wp-content\/uploads\/2025\/05\/WhatsApp-Image-2025-05-15-at-18.29.09-1-225x300.jpeg 225w, https:\/\/vtest1.college-lapierre.fr\/wp-content\/uploads\/2025\/05\/WhatsApp-Image-2025-05-15-at-18.29.09-1-1152x1536.jpeg 1152w, https:\/\/vtest1.college-lapierre.fr\/wp-content\/uploads\/2025\/05\/WhatsApp-Image-2025-05-15-at-18.29.09-1.jpeg 1530w\" sizes=\"auto, (max-width: 768px) 100vw, 768px\" \/><\/figure>\n<!-- \/wp:image -->\n\n<!-- wp:image {\"id\":11303,\"sizeSlug\":\"large\",\"linkDestination\":\"none\"} -->\n<figure class=\"wp-block-image size-large\"><img loading=\"lazy\" decoding=\"async\" width=\"768\" height=\"1024\" src=\"https:\/\/vtest1.college-lapierre.fr\/wp-content\/uploads\/2025\/05\/WhatsApp-Image-2025-05-15-at-18.29.09-768x1024.jpeg\" alt=\"\" class=\"wp-image-11303\" srcset=\"https:\/\/vtest1.college-lapierre.fr\/wp-content\/uploads\/2025\/05\/WhatsApp-Image-2025-05-15-at-18.29.09-768x1024.jpeg 768w, https:\/\/vtest1.college-lapierre.fr\/wp-content\/uploads\/2025\/05\/WhatsApp-Image-2025-05-15-at-18.29.09-225x300.jpeg 225w, https:\/\/vtest1.college-lapierre.fr\/wp-content\/uploads\/2025\/05\/WhatsApp-Image-2025-05-15-at-18.29.09-1152x1536.jpeg 1152w, https:\/\/vtest1.college-lapierre.fr\/wp-content\/uploads\/2025\/05\/WhatsApp-Image-2025-05-15-at-18.29.09.jpeg 1530w\" sizes=\"auto, (max-width: 768px) 100vw, 768px\" \/><\/figure>\n<!-- \/wp:image --><\/figure>\n<!-- \/wp:gallery -->\n\n<!-- wp:image {\"id\":11297,\"sizeSlug\":\"large\",\"linkDestination\":\"none\"} -->\n<figure class=\"wp-block-image size-large\"><img loading=\"lazy\" decoding=\"async\" width=\"734\" height=\"1024\" src=\"https:\/\/vtest1.college-lapierre.fr\/wp-content\/uploads\/2025\/05\/Visuel_Rallyes_2025_V5_1-734x1024.jpg\" alt=\"\" class=\"wp-image-11297\" srcset=\"https:\/\/vtest1.college-lapierre.fr\/wp-content\/uploads\/2025\/05\/Visuel_Rallyes_2025_V5_1-734x1024.jpg 734w, https:\/\/vtest1.college-lapierre.fr\/wp-content\/uploads\/2025\/05\/Visuel_Rallyes_2025_V5_1-215x300.jpg 215w, https:\/\/vtest1.college-lapierre.fr\/wp-content\/uploads\/2025\/05\/Visuel_Rallyes_2025_V5_1-768x1072.jpg 768w, https:\/\/vtest1.college-lapierre.fr\/wp-content\/uploads\/2025\/05\/Visuel_Rallyes_2025_V5_1.jpg 793w\" sizes=\"auto, (max-width: 734px) 100vw, 734px\" \/><\/figure>\n<!-- \/wp:image --><\/div><\/li>\n<li><a class=\"wp-block-latest-posts__post-title\" href=\"https:\/\/vtest1.college-lapierre.fr\/?p=11229\">Spectacle Hwessi(n) Royales 14\/03<\/a><div class=\"wp-block-latest-posts__post-author\">par L. RUFFINO<\/div><time datetime=\"2025-03-14T14:55:46+02:00\" class=\"wp-block-latest-posts__post-date\">14\/03\/2025<\/time><div class=\"wp-block-latest-posts__post-full-content\"><!-- wp:paragraph -->\n<p>Des \u00e9l\u00e8ves de 4\u00e8me et de 3\u00e8me ont eu la chance d&rsquo;assister \u00e0 un spectacle de la Compagnie R\u00e9sonnances : une mise \u00e0 l&rsquo;honneur de femmes puissantes du B\u00e9nin. <\/p>\n<!-- \/wp:paragraph -->\n\n<!-- wp:image {\"id\":11230,\"sizeSlug\":\"large\",\"linkDestination\":\"none\"} -->\n<figure class=\"wp-block-image size-large\"><img loading=\"lazy\" decoding=\"async\" width=\"868\" height=\"1024\" src=\"https:\/\/vtest1.college-lapierre.fr\/wp-content\/uploads\/2025\/03\/IMG_6557-868x1024.jpeg\" alt=\"\" class=\"wp-image-11230\" srcset=\"https:\/\/vtest1.college-lapierre.fr\/wp-content\/uploads\/2025\/03\/IMG_6557-868x1024.jpeg 868w, https:\/\/vtest1.college-lapierre.fr\/wp-content\/uploads\/2025\/03\/IMG_6557-254x300.jpeg 254w, https:\/\/vtest1.college-lapierre.fr\/wp-content\/uploads\/2025\/03\/IMG_6557-768x906.jpeg 768w, https:\/\/vtest1.college-lapierre.fr\/wp-content\/uploads\/2025\/03\/IMG_6557.jpeg 1179w\" sizes=\"auto, (max-width: 868px) 100vw, 868px\" \/><\/figure>\n<!-- \/wp:image -->\n\n<!-- wp:paragraph -->\n<p>Quelques paroles d&rsquo;\u00e9l\u00e8ves \u00e0 la fin du spectacle : <\/p>\n<!-- \/wp:paragraph -->\n\n<!-- wp:paragraph -->\n<p>\u00ab\u00a0J&rsquo;ai ressenti de l&rsquo;admiration parce qu&rsquo;elle se met en danger, parce que c&rsquo;est une femme immigr\u00e9e et noire qui prend la parole pour d\u00e9noncer, s&rsquo;exprimer et mettre en avant son pays d&rsquo;origine le B\u00e9nin et d&rsquo;autres femmes\u00a0\u00bb In\u00e8s <\/p>\n<!-- \/wp:paragraph -->\n\n<!-- wp:paragraph -->\n<p>\u00ab\u00a0J&rsquo;ai ressenti de la curiosit\u00e9 parce que c&rsquo;\u00e9tait nouveau pour moi ce genre de spectacle\u00a0\u00bb Mehdi <\/p>\n<!-- \/wp:paragraph -->\n\n<!-- wp:paragraph -->\n<p>\u00ab\u00a0J&rsquo;ai retenu une le\u00e7on de vie. A un moment, le guitariste a dit qu&rsquo;il fallait prendre son r\u00eave comme un projet et tout donner pour le r\u00e9ussir. C&rsquo;est \u00e0 ce moment-l\u00e0 que j&rsquo;ai compris que chaque r\u00eave, chaque projet est r\u00e9alisable\u00a0\u00bb Antonin <\/p>\n<!-- \/wp:paragraph -->\n\n<!-- wp:paragraph -->\n<p>\u00ab\u00a0L&rsquo;artiste nous a parl\u00e9 des amazones, des gardes du corps du roi. Quand l&rsquo;arm\u00e9e masculine perdait les combats, elles prenaient leur place et gagnaient tous les combats. Ce sont des figures inspirantes\u00a0\u00bb Sana <\/p>\n<!-- \/wp:paragraph --><\/div><\/li>\n<li><a class=\"wp-block-latest-posts__post-title\" href=\"https:\/\/vtest1.college-lapierre.fr\/?p=11224\">Renommons les salles de classe au f\u00e9minin<\/a><div class=\"wp-block-latest-posts__post-author\">par L. RUFFINO<\/div><time datetime=\"2025-03-12T11:01:12+02:00\" class=\"wp-block-latest-posts__post-date\">12\/03\/2025<\/time><div class=\"wp-block-latest-posts__post-full-content\"><!-- wp:paragraph -->\n<p>Pour la semaine des droits des femmes, nous avons d\u00e9cid\u00e9 de mettre \u00e0 l&rsquo;honneur un certain nombre de femmes inspirantes. <\/p>\n<!-- \/wp:paragraph -->\n\n<!-- wp:paragraph -->\n<p>Nous avons renomm\u00e9 symboliquement chaque classe par une figure f\u00e9minine.\u00a0C&rsquo;est l&rsquo;occasion de d\u00e9couvrir le parcours de femmes politiques, scientifiques, militantes, exploratrices, sportives, autrices.  L\u2019objectif est de combattre ensemble l\u2019invisibilisation des femmes dans notre histoire et dans l\u2019espace public.<br><\/p>\n<!-- \/wp:paragraph -->\n\n<!-- wp:image {\"id\":11227,\"sizeSlug\":\"large\",\"linkDestination\":\"none\"} -->\n<figure class=\"wp-block-image size-large\"><img loading=\"lazy\" decoding=\"async\" width=\"819\" height=\"1024\" src=\"https:\/\/vtest1.college-lapierre.fr\/wp-content\/uploads\/2025\/03\/Publication-Instagram-Journee-Des-droits-des-femmes-citation-minimaliste-colore-1-819x1024.png\" alt=\"\" class=\"wp-image-11227\" srcset=\"https:\/\/vtest1.college-lapierre.fr\/wp-content\/uploads\/2025\/03\/Publication-Instagram-Journee-Des-droits-des-femmes-citation-minimaliste-colore-1-819x1024.png 819w, https:\/\/vtest1.college-lapierre.fr\/wp-content\/uploads\/2025\/03\/Publication-Instagram-Journee-Des-droits-des-femmes-citation-minimaliste-colore-1-240x300.png 240w, https:\/\/vtest1.college-lapierre.fr\/wp-content\/uploads\/2025\/03\/Publication-Instagram-Journee-Des-droits-des-femmes-citation-minimaliste-colore-1-768x960.png 768w, https:\/\/vtest1.college-lapierre.fr\/wp-content\/uploads\/2025\/03\/Publication-Instagram-Journee-Des-droits-des-femmes-citation-minimaliste-colore-1.png 1080w\" sizes=\"auto, (max-width: 819px) 100vw, 819px\" \/><\/figure>\n<!-- \/wp:image --><\/div><\/li>\n<li><a class=\"wp-block-latest-posts__post-title\" href=\"https:\/\/vtest1.college-lapierre.fr\/?p=10652\">Super h\u00e9ro\u00efnes-h\u00e9roes : from angoul\u00e8me to Brussels !<\/a><div class=\"wp-block-latest-posts__post-author\">par C. SOULADIE<\/div><time datetime=\"2024-06-25T22:17:25+02:00\" class=\"wp-block-latest-posts__post-date\">25\/06\/2024<\/time><div class=\"wp-block-latest-posts__post-full-content\"><!-- wp:embed {\"url\":\"https:\/\/vimeo.com\/968241089?share=copy\",\"type\":\"video\",\"providerNameSlug\":\"vimeo\",\"responsive\":true,\"className\":\"wp-embed-aspect-16-9 wp-has-aspect-ratio\"} -->\n<figure class=\"wp-block-embed is-type-video is-provider-vimeo wp-block-embed-vimeo wp-embed-aspect-16-9 wp-has-aspect-ratio\"><div class=\"wp-block-embed__wrapper\">\nhttps:\/\/vimeo.com\/968241089?share=copy\n<\/div><figcaption class=\"wp-element-caption\">Projet EAC-anglais-arts plastiques-Fan\u00e7ais-histoire-EMC-mobilit\u00e9<br>Classes de 5eme Raoni et Surfrider<br>2023\/2024<\/figcaption><\/figure>\n<!-- \/wp:embed --><\/div><\/li>\n<li><a class=\"wp-block-latest-posts__post-title\" href=\"https:\/\/vtest1.college-lapierre.fr\/?p=10544\">La brigade anti-sexistes pirate la sonnerie<\/a><div class=\"wp-block-latest-posts__post-author\">par L. RUFFINO<\/div><time datetime=\"2024-06-13T16:13:42+02:00\" class=\"wp-block-latest-posts__post-date\">13\/06\/2024<\/time><div class=\"wp-block-latest-posts__post-full-content\"><!-- wp:paragraph -->\n<p>Vendredi 14 juin, la sonnerie du coll\u00e8ge sera modifi\u00e9e &#8230; ouvrez-vos oreilles &#8230; <\/p>\n<!-- \/wp:paragraph -->\n\n<!-- wp:audio {\"id\":10545} -->\n<figure class=\"wp-block-audio\"><audio controls src=\"https:\/\/vtest1.college-lapierre.fr\/wp-content\/uploads\/2024\/06\/8h_1.Annonce-piratage-sonnerie.mp3\"><\/audio><\/figure>\n<!-- \/wp:audio -->\n\n<!-- wp:audio {\"id\":10546} -->\n<figure class=\"wp-block-audio\"><audio controls src=\"https:\/\/vtest1.college-lapierre.fr\/wp-content\/uploads\/2024\/06\/9h_2.Vetements.mp3\"><\/audio><\/figure>\n<!-- \/wp:audio -->\n\n<!-- wp:audio {\"id\":10547} -->\n<figure class=\"wp-block-audio\"><audio controls src=\"https:\/\/vtest1.college-lapierre.fr\/wp-content\/uploads\/2024\/06\/10h_3.-inegalites-salariales.mp3\"><\/audio><\/figure>\n<!-- \/wp:audio -->\n\n<!-- wp:audio {\"id\":10548} -->\n<figure class=\"wp-block-audio\"><audio controls src=\"https:\/\/vtest1.college-lapierre.fr\/wp-content\/uploads\/2024\/06\/11h_4.les-metiers.mp3\"><\/audio><\/figure>\n<!-- \/wp:audio -->\n\n<!-- wp:audio {\"id\":10549} -->\n<figure class=\"wp-block-audio\"><audio controls src=\"https:\/\/vtest1.college-lapierre.fr\/wp-content\/uploads\/2024\/06\/12h_5.-sonnerie-garcons-violents.mp3\"><\/audio><\/figure>\n<!-- \/wp:audio -->\n\n<!-- wp:audio {\"id\":10550} -->\n<figure class=\"wp-block-audio\"><audio controls src=\"https:\/\/vtest1.college-lapierre.fr\/wp-content\/uploads\/2024\/06\/13h30_6.-sonnerie-femmes-dans-lhistoire.mp3\"><\/audio><\/figure>\n<!-- \/wp:audio -->\n\n<!-- wp:audio {\"id\":10551} -->\n<figure class=\"wp-block-audio\"><audio controls src=\"https:\/\/vtest1.college-lapierre.fr\/wp-content\/uploads\/2024\/06\/14h30_7.Amities-sonnerie.mp3\"><\/audio><\/figure>\n<!-- \/wp:audio -->\n\n<!-- wp:audio {\"id\":10552} -->\n<figure class=\"wp-block-audio\"><audio controls src=\"https:\/\/vtest1.college-lapierre.fr\/wp-content\/uploads\/2024\/06\/15h30_8.adelphite.mp3\"><\/audio><\/figure>\n<!-- \/wp:audio --><\/div><\/li>\n<li><a class=\"wp-block-latest-posts__post-title\" href=\"https:\/\/vtest1.college-lapierre.fr\/?p=10522\">Bravo aux 4\u00e8me Pizan<\/a><div class=\"wp-block-latest-posts__post-author\">par L. RUFFINO<\/div><time datetime=\"2024-06-04T17:41:47+02:00\" class=\"wp-block-latest-posts__post-date\">04\/06\/2024<\/time><div class=\"wp-block-latest-posts__post-full-content\"><!-- wp:paragraph -->\n<p>Les 4\u00e8me Pizan ont r\u00e9alis\u00e9 cette ann\u00e9e un court-m\u00e9trage \u00ab\u00a0Libre et sans fers\u00a0\u00bb pour participer au concours la flamme de l\u2019\u00e9galit\u00e9. Ils sont les laur\u00e9ats de l\u2019acad\u00e9mie de Bordeaux dans la cat\u00e9gorie coll\u00e8ge. Les \u00e9l\u00e8ves ont re\u00e7u leur prix aujourd\u2019hui. <br>Bravo pour leur travail et leur implication ! <br><\/p>\n<!-- \/wp:paragraph -->\n\n<!-- wp:gallery {\"linkTo\":\"none\"} -->\n<figure class=\"wp-block-gallery has-nested-images columns-default is-cropped\"><!-- wp:image {\"id\":10524,\"sizeSlug\":\"large\",\"linkDestination\":\"none\"} -->\n<figure class=\"wp-block-image size-large\"><img loading=\"lazy\" decoding=\"async\" width=\"1024\" height=\"768\" src=\"https:\/\/vtest1.college-lapierre.fr\/wp-content\/uploads\/2024\/06\/IMG_3855-1024x768.jpeg\" alt=\"\" class=\"wp-image-10524\" srcset=\"https:\/\/vtest1.college-lapierre.fr\/wp-content\/uploads\/2024\/06\/IMG_3855-1024x768.jpeg 1024w, https:\/\/vtest1.college-lapierre.fr\/wp-content\/uploads\/2024\/06\/IMG_3855-300x225.jpeg 300w, https:\/\/vtest1.college-lapierre.fr\/wp-content\/uploads\/2024\/06\/IMG_3855-768x576.jpeg 768w, https:\/\/vtest1.college-lapierre.fr\/wp-content\/uploads\/2024\/06\/IMG_3855-1536x1152.jpeg 1536w, https:\/\/vtest1.college-lapierre.fr\/wp-content\/uploads\/2024\/06\/IMG_3855-2048x1536.jpeg 2048w\" sizes=\"auto, (max-width: 1024px) 100vw, 1024px\" \/><\/figure>\n<!-- \/wp:image --><\/figure>\n<!-- \/wp:gallery -->\n\n<!-- wp:image {\"id\":10525,\"sizeSlug\":\"large\",\"linkDestination\":\"none\"} -->\n<figure class=\"wp-block-image size-large\"><img loading=\"lazy\" decoding=\"async\" width=\"1024\" height=\"768\" src=\"https:\/\/vtest1.college-lapierre.fr\/wp-content\/uploads\/2024\/06\/IMG_3853-1-1024x768.jpeg\" alt=\"\" class=\"wp-image-10525\" srcset=\"https:\/\/vtest1.college-lapierre.fr\/wp-content\/uploads\/2024\/06\/IMG_3853-1-1024x768.jpeg 1024w, https:\/\/vtest1.college-lapierre.fr\/wp-content\/uploads\/2024\/06\/IMG_3853-1-300x225.jpeg 300w, https:\/\/vtest1.college-lapierre.fr\/wp-content\/uploads\/2024\/06\/IMG_3853-1-768x576.jpeg 768w, https:\/\/vtest1.college-lapierre.fr\/wp-content\/uploads\/2024\/06\/IMG_3853-1-1536x1152.jpeg 1536w, https:\/\/vtest1.college-lapierre.fr\/wp-content\/uploads\/2024\/06\/IMG_3853-1-2048x1536.jpeg 2048w\" sizes=\"auto, (max-width: 1024px) 100vw, 1024px\" \/><\/figure>\n<!-- \/wp:image --><\/div><\/li>\n<li><div class=\"wp-block-latest-posts__featured-image\"><img loading=\"lazy\" decoding=\"async\" width=\"150\" height=\"150\" src=\"https:\/\/vtest1.college-lapierre.fr\/wp-content\/uploads\/2024\/05\/radio-image2-1-150x150.jpg\" class=\"attachment-thumbnail size-thumbnail wp-post-image\" alt=\"\" style=\"\" \/><\/div><a class=\"wp-block-latest-posts__post-title\" href=\"https:\/\/vtest1.college-lapierre.fr\/?p=10466\">S\u00e9jour \u00e0 Bruxelles (avril 2024) : retour sur ce projet en interview<\/a><div class=\"wp-block-latest-posts__post-author\">par PJ CABANEL<\/div><time datetime=\"2024-05-24T08:40:29+02:00\" class=\"wp-block-latest-posts__post-date\">24\/05\/2024<\/time><div class=\"wp-block-latest-posts__post-full-content\"><!-- wp:image {\"id\":10431,\"sizeSlug\":\"full\",\"linkDestination\":\"none\"} -->\n<figure class=\"wp-block-image size-full\"><img loading=\"lazy\" decoding=\"async\" width=\"990\" height=\"707\" src=\"https:\/\/vtest1.college-lapierre.fr\/wp-content\/uploads\/2024\/05\/radio-image2-1.jpg\" alt=\"\" class=\"wp-image-10431\" srcset=\"https:\/\/vtest1.college-lapierre.fr\/wp-content\/uploads\/2024\/05\/radio-image2-1.jpg 990w, https:\/\/vtest1.college-lapierre.fr\/wp-content\/uploads\/2024\/05\/radio-image2-1-300x214.jpg 300w, https:\/\/vtest1.college-lapierre.fr\/wp-content\/uploads\/2024\/05\/radio-image2-1-768x548.jpg 768w\" sizes=\"auto, (max-width: 990px) 100vw, 990px\" \/><\/figure>\n<!-- \/wp:image -->\n\n<!-- wp:audio {\"id\":10507} -->\n<figure class=\"wp-block-audio\"><audio controls src=\"https:\/\/vtest1.college-lapierre.fr\/wp-content\/uploads\/2024\/06\/Mila-et-Orlina-interrogent-Valentine-et-Amirie0406.wav\"><\/audio><\/figure>\n<!-- \/wp:audio -->\n\n<!-- wp:image {\"id\":10402,\"sizeSlug\":\"large\",\"linkDestination\":\"none\"} -->\n<figure class=\"wp-block-image size-large\"><img loading=\"lazy\" decoding=\"async\" width=\"1024\" height=\"614\" src=\"https:\/\/vtest1.college-lapierre.fr\/wp-content\/uploads\/2024\/04\/Grand_Place_Bruselas_2-1024x614.jpg\" alt=\"\" class=\"wp-image-10402\" srcset=\"https:\/\/vtest1.college-lapierre.fr\/wp-content\/uploads\/2024\/04\/Grand_Place_Bruselas_2-1024x614.jpg 1024w, https:\/\/vtest1.college-lapierre.fr\/wp-content\/uploads\/2024\/04\/Grand_Place_Bruselas_2-300x180.jpg 300w, https:\/\/vtest1.college-lapierre.fr\/wp-content\/uploads\/2024\/04\/Grand_Place_Bruselas_2-768x461.jpg 768w, https:\/\/vtest1.college-lapierre.fr\/wp-content\/uploads\/2024\/04\/Grand_Place_Bruselas_2.jpg 1200w\" sizes=\"auto, (max-width: 1024px) 100vw, 1024px\" \/><\/figure>\n<!-- \/wp:image -->\n\n<!-- wp:image {\"id\":10401,\"sizeSlug\":\"large\",\"linkDestination\":\"none\"} -->\n<figure class=\"wp-block-image size-large\"><img loading=\"lazy\" decoding=\"async\" width=\"1024\" height=\"768\" src=\"https:\/\/vtest1.college-lapierre.fr\/wp-content\/uploads\/2024\/04\/Bruxelles-1-20240409-1024x768.jpeg\" alt=\"\" class=\"wp-image-10401\" srcset=\"https:\/\/vtest1.college-lapierre.fr\/wp-content\/uploads\/2024\/04\/Bruxelles-1-20240409-1024x768.jpeg 1024w, https:\/\/vtest1.college-lapierre.fr\/wp-content\/uploads\/2024\/04\/Bruxelles-1-20240409-300x225.jpeg 300w, https:\/\/vtest1.college-lapierre.fr\/wp-content\/uploads\/2024\/04\/Bruxelles-1-20240409-768x576.jpeg 768w, https:\/\/vtest1.college-lapierre.fr\/wp-content\/uploads\/2024\/04\/Bruxelles-1-20240409-1536x1152.jpeg 1536w, https:\/\/vtest1.college-lapierre.fr\/wp-content\/uploads\/2024\/04\/Bruxelles-1-20240409.jpeg 1600w\" sizes=\"auto, (max-width: 1024px) 100vw, 1024px\" \/><\/figure>\n<!-- \/wp:image --><\/div><\/li>\n<li><div class=\"wp-block-latest-posts__featured-image\"><img loading=\"lazy\" decoding=\"async\" width=\"150\" height=\"150\" src=\"https:\/\/vtest1.college-lapierre.fr\/wp-content\/uploads\/2024\/04\/Grand_Place_Bruselas_2-150x150.jpg\" class=\"attachment-thumbnail size-thumbnail wp-post-image\" alt=\"\" style=\"\" \/><\/div><a class=\"wp-block-latest-posts__post-title\" href=\"https:\/\/vtest1.college-lapierre.fr\/?p=10400\">S\u00e9jour \u00e0 Bruxelles, 5e<\/a><div class=\"wp-block-latest-posts__post-author\">par PJ CABANEL<\/div><time datetime=\"2024-04-09T12:20:29+02:00\" class=\"wp-block-latest-posts__post-date\">09\/04\/2024<\/time><div class=\"wp-block-latest-posts__post-full-content\"><!-- wp:paragraph -->\n<p>Les \u00e9l\u00e8ves et les personnels accompagnant le s\u00e9jour \u00e0 Bruxelles se sont retrouv\u00e9s ce mardi 09 avril 2024 vers 8h du matin \u00e0 la gare Saint Jean de Bordeaux pour d\u00e9marrer leur p\u00e9riple de 3 jours dans la capitale belge. Ils poursuivent et finalisent ainsi un projet interclasses et interdisciplinaire (fran\u00e7ais, anglais, arts-plastiques, histoire et g\u00e9ographie) autour de la bande dessin\u00e9e.<\/p>\n<!-- \/wp:paragraph -->\n\n<!-- wp:paragraph -->\n<p><span style=\"text-decoration: underline\">Premi\u00e8re \u00e9tape : Bordeaux \/ Paris Montparnasse en TGV.<\/span><\/p>\n<!-- \/wp:paragraph -->\n\n<!-- wp:image {\"id\":10401,\"sizeSlug\":\"large\",\"linkDestination\":\"none\"} -->\n<figure class=\"wp-block-image size-large\"><img loading=\"lazy\" decoding=\"async\" width=\"1024\" height=\"768\" src=\"https:\/\/vtest1.college-lapierre.fr\/wp-content\/uploads\/2024\/04\/Bruxelles-1-20240409-1024x768.jpeg\" alt=\"\" class=\"wp-image-10401\" srcset=\"https:\/\/vtest1.college-lapierre.fr\/wp-content\/uploads\/2024\/04\/Bruxelles-1-20240409-1024x768.jpeg 1024w, https:\/\/vtest1.college-lapierre.fr\/wp-content\/uploads\/2024\/04\/Bruxelles-1-20240409-300x225.jpeg 300w, https:\/\/vtest1.college-lapierre.fr\/wp-content\/uploads\/2024\/04\/Bruxelles-1-20240409-768x576.jpeg 768w, https:\/\/vtest1.college-lapierre.fr\/wp-content\/uploads\/2024\/04\/Bruxelles-1-20240409-1536x1152.jpeg 1536w, https:\/\/vtest1.college-lapierre.fr\/wp-content\/uploads\/2024\/04\/Bruxelles-1-20240409.jpeg 1600w\" sizes=\"auto, (max-width: 1024px) 100vw, 1024px\" \/><\/figure>\n<!-- \/wp:image -->\n\n<!-- wp:video {\"id\":10404} -->\n<figure class=\"wp-block-video\"><video controls src=\"https:\/\/vtest1.college-lapierre.fr\/wp-content\/uploads\/2024\/04\/Bruxeles-01-VID-20240409-WA0000.mp4\"><\/video><\/figure>\n<!-- \/wp:video --><\/div><\/li>\n<li><a class=\"wp-block-latest-posts__post-title\" href=\"https:\/\/vtest1.college-lapierre.fr\/?p=10113\">Aidez le projet S\u00e9jours \u00e0 Bruxelles : partagez le lien vers la Trousse \u00e0 projets<\/a><div class=\"wp-block-latest-posts__post-author\">par PJ CABANEL<\/div><time datetime=\"2023-11-23T21:20:46+02:00\" class=\"wp-block-latest-posts__post-date\">23\/11\/2023<\/time><div class=\"wp-block-latest-posts__post-full-content\">\/*! elementor &#8211; v3.17.0 &#8211; 08-11-2023 *\/\n.elementor-widget-image{text-align:center}.elementor-widget-image a{display:inline-block}.elementor-widget-image a img[src$=\u00a0\u00bb.svg\u00a0\u00bb]{width:48px}.elementor-widget-image img{vertical-align:middle;display:inline-block}\t\t\t\t\t\t\t\t\t\t\t\t<img loading=\"lazy\" decoding=\"async\" width=\"650\" height=\"360\" src=\"https:\/\/vtest1.college-lapierre.fr\/wp-content\/uploads\/2023\/11\/11028343.webp\" alt=\"\" \/>\t\t\t\t\t\t\t\t\t\t\t\t\t\t\t\n\t\t<!-- wp:paragraph -->\n<p>Bonjour,<\/p>\n<!-- \/wp:paragraph -->\n<!-- wp:paragraph -->\n<p>Parents, personnels, professeurs, \u00e9l\u00e8ves&#8230;<\/p>\n<!-- \/wp:paragraph -->\n<!-- wp:paragraph -->\n<p><strong>Vous pouvez nous aider<\/strong> pour financer le projet \u00ab\u00a0<strong><em>Dans la peau d&rsquo;une h\u00e9ro\u00efne\/d&rsquo;un h\u00e9ros de BD d&rsquo;Angoul\u00eame \u00e0 Bruxelles<\/em><\/strong>.\u00a0\u00bb<\/p>\n<!-- \/wp:paragraph -->\n<!-- wp:paragraph -->\n<p>Le projet a \u00e9t\u00e9 s\u00e9lectionn\u00e9 par <strong>La Trousse \u00e0 projets<\/strong> qui permet de lancer une cagnotte afin de financer des projets p\u00e9dagogiques ambitieux pour les \u00e9l\u00e8ves.<\/p>\n<!-- \/wp:paragraph -->\n<!-- wp:paragraph -->\n<p>Gr\u00e2ce au lien suivant, les entreprises et les particuliers pourront donner de l&rsquo;argent pour ce projet et ainsi diminuer la participation pour les \u00e9l\u00e8ves.<\/p>\n<!-- \/wp:paragraph -->\n<!-- wp:paragraph -->\n<p><strong>Les dons ouvrent droit \u00e0 une d\u00e9duction fiscale \u00e0 hauteur de :<\/strong><\/p>\n<!-- \/wp:paragraph -->\n<!-- wp:list -->\n<ul><!-- wp:list-item -->\n<li><strong>60% du don effectu\u00e9 pour les entreprises (un don de 100\u20ac ne co\u00fbtera que 40\u20ac),<\/strong><\/li>\n<!-- \/wp:list-item -->\n<!-- wp:list-item -->\n<li><strong>66% du don effectu\u00e9 pour les particuliers (un don de 100\u20ac ne co\u00fbtera que 36\u20ac).<\/strong><\/li>\n<!-- \/wp:list-item --><\/ul>\n<!-- \/wp:list -->\n<!-- wp:paragraph -->\n<p><a href=\"https:\/\/trousseaprojets.fr\/projet\/7477-dans-la-peau-d-une-heroine-d-un-heros-de-bd-d-angouleme-a-bruxelles\">https:\/\/trousseaprojets.fr\/projet\/7477-dans-la-peau-d-une-heroine-d-un-heros-de-bd-d-angouleme-a-bruxelles<\/a><\/p>\n<!-- \/wp:paragraph -->\n<!-- wp:paragraph -->\n<p>Nous vous remercions pour le partage le plus large possible autour de vous de ce lien (entreprises, familles, proches, etc) et sur vos r\u00e9seaux sociaux pr\u00e9f\u00e9r\u00e9s. Nous comptons sur vous pour r\u00e9ussir \u00e0 obtenir l&rsquo;objectif fix\u00e9 par l&rsquo;\u00e9quipe.<\/p>\n<!-- \/wp:paragraph -->\n<!-- wp:paragraph -->\n<p>Pour toute information compl\u00e9mentaire, vous pouvez contacter le coll\u00e8ge Georges Lapierre (poste 4) ou nous \u00e9crire \u00e0 <a href=\"mailto:s.segpa@college-lapierre.fr\">s.segpa@college-lapierre.fr<\/a><\/p>\n<!-- \/wp:paragraph -->\n<!-- wp:paragraph -->\n<p>Pierre-Jean CABANEL<\/p>\n<!-- \/wp:paragraph -->\n<!-- wp:paragraph -->\n<p>pour l&rsquo;\u00e9quipe du projet \u00ab\u00a0<strong><em>Dans la peau d&rsquo;une h\u00e9ro\u00efne\/d&rsquo;un h\u00e9ros de BD d&rsquo;Angoul\u00eame \u00e0 Bruxelles<\/em><\/strong>.\u00a0\u00bb<\/p>\n<!-- \/wp:paragraph --><\/div><\/li>\n<li><a class=\"wp-block-latest-posts__post-title\" href=\"https:\/\/vtest1.college-lapierre.fr\/?p=10085\">Mix Art Jour 4 &#8211; Suite et fin du projet<\/a><div class=\"wp-block-latest-posts__post-author\">par M.SCIPPA<\/div><time datetime=\"2023-11-14T16:28:47+02:00\" class=\"wp-block-latest-posts__post-date\">14\/11\/2023<\/time><div class=\"wp-block-latest-posts__post-full-content\"><!-- wp:video {\"id\":10086} -->\n<figure class=\"wp-block-video\"><video controls src=\"https:\/\/vtest1.college-lapierre.fr\/wp-content\/uploads\/2023\/11\/mix-Art-jour-4.mp4\"><\/video><\/figure>\n<!-- \/wp:video --><\/div><\/li>\n<li><a class=\"wp-block-latest-posts__post-title\" href=\"https:\/\/vtest1.college-lapierre.fr\/?p=10070\">Projet Mix Art &#8211; Jour 3<\/a><div class=\"wp-block-latest-posts__post-author\">par M.SCIPPA<\/div><time datetime=\"2023-11-10T09:39:40+02:00\" class=\"wp-block-latest-posts__post-date\">10\/11\/2023<\/time><div class=\"wp-block-latest-posts__post-full-content\"><!-- wp:video {\"id\":10071} -->\n<figure class=\"wp-block-video\"><video controls src=\"https:\/\/vtest1.college-lapierre.fr\/wp-content\/uploads\/2023\/11\/Mix-Art-Jour-3.mp4\"><\/video><\/figure>\n<!-- \/wp:video --><\/div><\/li>\n<li><a class=\"wp-block-latest-posts__post-title\" href=\"https:\/\/vtest1.college-lapierre.fr\/?p=10046\">Projet Mix Art &#8211; Jour 2<\/a><div class=\"wp-block-latest-posts__post-author\">par M.SCIPPA<\/div><time datetime=\"2023-11-09T14:41:51+02:00\" class=\"wp-block-latest-posts__post-date\">09\/11\/2023<\/time><div class=\"wp-block-latest-posts__post-full-content\"><!-- wp:embed {\"url\":\"https:\/\/tube-action-educative.apps.education.fr\/w\/pXZXYEuj1WgJmzNTdYApBs\",\"type\":\"wp-embed\",\"providerNameSlug\":\"peertube\"} -->\n<figure class=\"wp-block-embed is-type-wp-embed is-provider-peertube wp-block-embed-peertube\"><div class=\"wp-block-embed__wrapper\">\nhttps:\/\/tube-action-educative.apps.education.fr\/w\/pXZXYEuj1WgJmzNTdYApBs\n<\/div><\/figure>\n<!-- \/wp:embed --><\/div><\/li>\n<li><a class=\"wp-block-latest-posts__post-title\" href=\"https:\/\/vtest1.college-lapierre.fr\/?p=10025\">Projet Mix Art &#8211; Jour 1<\/a><div class=\"wp-block-latest-posts__post-author\">par M.SCIPPA<\/div><time datetime=\"2023-11-07T18:08:56+02:00\" class=\"wp-block-latest-posts__post-date\">07\/11\/2023<\/time><div class=\"wp-block-latest-posts__post-full-content\"><!-- wp:video {\"id\":10026} -->\n<figure class=\"wp-block-video\"><video controls src=\"https:\/\/vtest1.college-lapierre.fr\/wp-content\/uploads\/2023\/11\/Mix-Art-JOur-1.mp4\"><\/video><\/figure>\n<!-- \/wp:video --><\/div><\/li>\n<li><a class=\"wp-block-latest-posts__post-title\" href=\"https:\/\/vtest1.college-lapierre.fr\/?p=9970\">\u00ab\u00a0Dans la peau d\u2019un h\u00e9ros de Bande dessin\u00e9e\u00a0\u00bb Etape 1\u00a0:\u00a0 Angoul\u00eame<\/a><div class=\"wp-block-latest-posts__post-author\">par M.SCIPPA<\/div><time datetime=\"2023-10-20T14:14:39+02:00\" class=\"wp-block-latest-posts__post-date\">20\/10\/2023<\/time><div class=\"wp-block-latest-posts__post-full-content\"><!-- wp:paragraph -->\n<p>Jeudi 19 Octobre 2023, les classes de 5<sup>\u00e8me<\/sup> RAONI et 5<sup>\u00e8me<\/sup> SURFRIDER se sont rendues \u00e0 Angoul\u00eame, dans le cadre du projet p\u00e9dagogique intitul\u00e9 \u00ab\u00a0De Angoul\u00eame \u00e0 Bruxelles, dans la peau d\u2019un h\u00e9ros de Bande dessin\u00e9e\u00a0\u00bb.<\/p>\n<!-- \/wp:paragraph -->\n\n<!-- wp:paragraph -->\n<p>Les \u00e9l\u00e8ves ont pu d\u00e9couvrir cette ville impr\u00e9gn\u00e9e de l\u2019univers BD\u00a0! Du nom des rues aux enseignes des magasins, en passant par l\u2019habillage des autobus tout est fait pour vous mettre dans l\u2019ambiance.<\/p>\n<!-- \/wp:paragraph -->\n\n<!-- wp:paragraph -->\n<p>Au programme de cette journ\u00e9e\u00a0:<\/p>\n<!-- \/wp:paragraph -->\n\n<!-- wp:list -->\n<ul><!-- wp:list-item -->\n<li>Visite du mus\u00e9e de la Bande dessin\u00e9e et de la librairie.<\/li>\n<!-- \/wp:list-item -->\n\n<!-- wp:list-item -->\n<li>Atelier\u00a0: \u00ab\u00a0Cr\u00e9er son propre h\u00e9ros\u00a0\u00bb anim\u00e9 par un illustrateur.<\/li>\n<!-- \/wp:list-item -->\n\n<!-- wp:list-item -->\n<li>Circuit des murs peints au c\u0153ur de la ville.<\/li>\n<!-- \/wp:list-item --><\/ul>\n<!-- \/wp:list -->\n\n<!-- wp:paragraph -->\n<p>Ce projet se poursuivra prochainement avec l\u2019exposition sur \u00ab\u00a0Tintin\u00a0\u00bb au bassin des lumi\u00e8res puis un s\u00e9jour p\u00e9dagogique \u00e0 Bruxelles.<\/p>\n<!-- \/wp:paragraph -->\n\n<!-- wp:gallery {\"linkTo\":\"none\"} -->\n<figure class=\"wp-block-gallery has-nested-images columns-default is-cropped\"><!-- wp:image {\"id\":9974,\"sizeSlug\":\"large\",\"linkDestination\":\"none\"} -->\n<figure class=\"wp-block-image size-large\"><img loading=\"lazy\" decoding=\"async\" width=\"768\" height=\"1024\" src=\"https:\/\/vtest1.college-lapierre.fr\/wp-content\/uploads\/2023\/10\/IMG_20231019_092804-768x1024.jpg\" alt=\"\" class=\"wp-image-9974\" srcset=\"https:\/\/vtest1.college-lapierre.fr\/wp-content\/uploads\/2023\/10\/IMG_20231019_092804-768x1024.jpg 768w, https:\/\/vtest1.college-lapierre.fr\/wp-content\/uploads\/2023\/10\/IMG_20231019_092804-225x300.jpg 225w, https:\/\/vtest1.college-lapierre.fr\/wp-content\/uploads\/2023\/10\/IMG_20231019_092804-1152x1536.jpg 1152w, https:\/\/vtest1.college-lapierre.fr\/wp-content\/uploads\/2023\/10\/IMG_20231019_092804-1536x2048.jpg 1536w, https:\/\/vtest1.college-lapierre.fr\/wp-content\/uploads\/2023\/10\/IMG_20231019_092804-scaled.jpg 1920w\" sizes=\"auto, (max-width: 768px) 100vw, 768px\" \/><\/figure>\n<!-- \/wp:image -->\n\n<!-- wp:image {\"id\":9976,\"sizeSlug\":\"large\",\"linkDestination\":\"none\"} -->\n<figure class=\"wp-block-image size-large\"><img loading=\"lazy\" decoding=\"async\" width=\"768\" height=\"1024\" src=\"https:\/\/vtest1.college-lapierre.fr\/wp-content\/uploads\/2023\/10\/IMG_20231019_092910-768x1024.jpg\" alt=\"\" class=\"wp-image-9976\" srcset=\"https:\/\/vtest1.college-lapierre.fr\/wp-content\/uploads\/2023\/10\/IMG_20231019_092910-768x1024.jpg 768w, https:\/\/vtest1.college-lapierre.fr\/wp-content\/uploads\/2023\/10\/IMG_20231019_092910-225x300.jpg 225w, https:\/\/vtest1.college-lapierre.fr\/wp-content\/uploads\/2023\/10\/IMG_20231019_092910-1152x1536.jpg 1152w, https:\/\/vtest1.college-lapierre.fr\/wp-content\/uploads\/2023\/10\/IMG_20231019_092910-1536x2048.jpg 1536w, https:\/\/vtest1.college-lapierre.fr\/wp-content\/uploads\/2023\/10\/IMG_20231019_092910-scaled.jpg 1920w\" sizes=\"auto, (max-width: 768px) 100vw, 768px\" \/><\/figure>\n<!-- \/wp:image -->\n\n<!-- wp:image {\"id\":9975,\"sizeSlug\":\"large\",\"linkDestination\":\"none\"} -->\n<figure class=\"wp-block-image size-large\"><img loading=\"lazy\" decoding=\"async\" width=\"768\" height=\"1024\" src=\"https:\/\/vtest1.college-lapierre.fr\/wp-content\/uploads\/2023\/10\/IMG_20231019_120658-768x1024.jpg\" alt=\"\" class=\"wp-image-9975\" srcset=\"https:\/\/vtest1.college-lapierre.fr\/wp-content\/uploads\/2023\/10\/IMG_20231019_120658-768x1024.jpg 768w, https:\/\/vtest1.college-lapierre.fr\/wp-content\/uploads\/2023\/10\/IMG_20231019_120658-225x300.jpg 225w, https:\/\/vtest1.college-lapierre.fr\/wp-content\/uploads\/2023\/10\/IMG_20231019_120658-1152x1536.jpg 1152w, https:\/\/vtest1.college-lapierre.fr\/wp-content\/uploads\/2023\/10\/IMG_20231019_120658-1536x2048.jpg 1536w, https:\/\/vtest1.college-lapierre.fr\/wp-content\/uploads\/2023\/10\/IMG_20231019_120658-scaled.jpg 1920w\" sizes=\"auto, (max-width: 768px) 100vw, 768px\" \/><\/figure>\n<!-- \/wp:image -->\n\n<!-- wp:image {\"id\":9972,\"sizeSlug\":\"large\",\"linkDestination\":\"none\"} -->\n<figure class=\"wp-block-image size-large\"><img loading=\"lazy\" decoding=\"async\" width=\"768\" height=\"1024\" src=\"https:\/\/vtest1.college-lapierre.fr\/wp-content\/uploads\/2023\/10\/IMG-20231019-WA0021.jpg\" alt=\"\" class=\"wp-image-9972\" srcset=\"https:\/\/vtest1.college-lapierre.fr\/wp-content\/uploads\/2023\/10\/IMG-20231019-WA0021.jpg 768w, https:\/\/vtest1.college-lapierre.fr\/wp-content\/uploads\/2023\/10\/IMG-20231019-WA0021-225x300.jpg 225w\" sizes=\"auto, (max-width: 768px) 100vw, 768px\" \/><\/figure>\n<!-- \/wp:image -->\n\n<!-- wp:image {\"id\":9971,\"sizeSlug\":\"large\",\"linkDestination\":\"none\"} -->\n<figure class=\"wp-block-image size-large\"><img loading=\"lazy\" decoding=\"async\" width=\"1024\" height=\"768\" src=\"https:\/\/vtest1.college-lapierre.fr\/wp-content\/uploads\/2023\/10\/IMG-20231019-WA0023.jpg\" alt=\"\" class=\"wp-image-9971\" srcset=\"https:\/\/vtest1.college-lapierre.fr\/wp-content\/uploads\/2023\/10\/IMG-20231019-WA0023.jpg 1024w, https:\/\/vtest1.college-lapierre.fr\/wp-content\/uploads\/2023\/10\/IMG-20231019-WA0023-300x225.jpg 300w, https:\/\/vtest1.college-lapierre.fr\/wp-content\/uploads\/2023\/10\/IMG-20231019-WA0023-768x576.jpg 768w\" sizes=\"auto, (max-width: 1024px) 100vw, 1024px\" \/><\/figure>\n<!-- \/wp:image -->\n\n<!-- wp:image {\"id\":9973,\"sizeSlug\":\"large\",\"linkDestination\":\"none\"} -->\n<figure class=\"wp-block-image size-large\"><img loading=\"lazy\" decoding=\"async\" width=\"768\" height=\"1024\" src=\"https:\/\/vtest1.college-lapierre.fr\/wp-content\/uploads\/2023\/10\/IMG-20231019-WA0026.jpg\" alt=\"\" class=\"wp-image-9973\" srcset=\"https:\/\/vtest1.college-lapierre.fr\/wp-content\/uploads\/2023\/10\/IMG-20231019-WA0026.jpg 768w, https:\/\/vtest1.college-lapierre.fr\/wp-content\/uploads\/2023\/10\/IMG-20231019-WA0026-225x300.jpg 225w\" sizes=\"auto, (max-width: 768px) 100vw, 768px\" \/><\/figure>\n<!-- \/wp:image -->\n\n<!-- wp:image {\"id\":9977,\"sizeSlug\":\"large\",\"linkDestination\":\"none\"} -->\n<figure class=\"wp-block-image size-large\"><img loading=\"lazy\" decoding=\"async\" width=\"1024\" height=\"768\" src=\"https:\/\/vtest1.college-lapierre.fr\/wp-content\/uploads\/2023\/10\/IMG-20231019-WA0009-1024x768.jpg\" alt=\"\" class=\"wp-image-9977\" srcset=\"https:\/\/vtest1.college-lapierre.fr\/wp-content\/uploads\/2023\/10\/IMG-20231019-WA0009-1024x768.jpg 1024w, https:\/\/vtest1.college-lapierre.fr\/wp-content\/uploads\/2023\/10\/IMG-20231019-WA0009-300x225.jpg 300w, https:\/\/vtest1.college-lapierre.fr\/wp-content\/uploads\/2023\/10\/IMG-20231019-WA0009-768x576.jpg 768w, https:\/\/vtest1.college-lapierre.fr\/wp-content\/uploads\/2023\/10\/IMG-20231019-WA0009-1536x1152.jpg 1536w, https:\/\/vtest1.college-lapierre.fr\/wp-content\/uploads\/2023\/10\/IMG-20231019-WA0009.jpg 2016w\" sizes=\"auto, (max-width: 1024px) 100vw, 1024px\" \/><\/figure>\n<!-- \/wp:image --><\/figure>\n<!-- \/wp:gallery --><\/div><\/li>\n<li><a class=\"wp-block-latest-posts__post-title\" href=\"https:\/\/vtest1.college-lapierre.fr\/?p=8834\">Visite \u00e0 Sarlat !<\/a><div class=\"wp-block-latest-posts__post-author\">par C. SOULADIE<\/div><time datetime=\"2023-06-28T21:11:13+02:00\" class=\"wp-block-latest-posts__post-date\">28\/06\/2023<\/time><div class=\"wp-block-latest-posts__post-full-content\"><!-- wp:paragraph -->\n<p>Jeudi 22 juin 2023 : quelques images d&rsquo;une journ\u00e9e \u00e0 la d\u00e9couverte de la ville de Sarlat en Dordogne, pays d&rsquo;art et d\u2019histoire, avec les \u00e9l\u00e8ves des 5eme Acajou et S\u00e9quoia, point d&rsquo;orgue d&rsquo;un projet linguistique, historique et artistique autour des soci\u00e9t\u00e9s moyen\u00e2geuses fran\u00e7aises du IX si\u00e8cle.<\/p>\n<!-- \/wp:paragraph -->\n\n<!-- wp:image {\"id\":8841,\"sizeSlug\":\"full\",\"linkDestination\":\"media\"} -->\n<figure class=\"wp-block-image size-full\"><a href=\"https:\/\/vtest1.college-lapierre.fr\/wp-content\/uploads\/2023\/06\/20230622_1401091.jpg\"><img loading=\"lazy\" decoding=\"async\" width=\"680\" height=\"907\" src=\"https:\/\/vtest1.college-lapierre.fr\/wp-content\/uploads\/2023\/06\/20230622_1401091.jpg\" alt=\"\" class=\"wp-image-8841\" srcset=\"https:\/\/vtest1.college-lapierre.fr\/wp-content\/uploads\/2023\/06\/20230622_1401091.jpg 680w, https:\/\/vtest1.college-lapierre.fr\/wp-content\/uploads\/2023\/06\/20230622_1401091-225x300.jpg 225w\" sizes=\"auto, (max-width: 680px) 100vw, 680px\" \/><\/a><\/figure>\n<!-- \/wp:image -->\n\n<!-- wp:columns -->\n<div class=\"wp-block-columns\"><!-- wp:column {\"width\":\"100%\"} -->\n<div class=\"wp-block-column\" style=\"flex-basis:100%\"><!-- wp:image {\"id\":8840,\"sizeSlug\":\"full\",\"linkDestination\":\"media\"} -->\n<figure class=\"wp-block-image size-full\"><a href=\"https:\/\/vtest1.college-lapierre.fr\/wp-content\/uploads\/2023\/06\/20230622_14485311.jpg\"><img loading=\"lazy\" decoding=\"async\" width=\"945\" height=\"709\" src=\"https:\/\/vtest1.college-lapierre.fr\/wp-content\/uploads\/2023\/06\/20230622_14485311.jpg\" alt=\"\" class=\"wp-image-8840\" srcset=\"https:\/\/vtest1.college-lapierre.fr\/wp-content\/uploads\/2023\/06\/20230622_14485311.jpg 945w, https:\/\/vtest1.college-lapierre.fr\/wp-content\/uploads\/2023\/06\/20230622_14485311-300x225.jpg 300w, https:\/\/vtest1.college-lapierre.fr\/wp-content\/uploads\/2023\/06\/20230622_14485311-768x576.jpg 768w\" sizes=\"auto, (max-width: 945px) 100vw, 945px\" \/><\/a><\/figure>\n<!-- \/wp:image --><\/div>\n<!-- \/wp:column --><\/div>\n<!-- \/wp:columns -->\n\n<!-- wp:image {\"id\":8842,\"sizeSlug\":\"full\",\"linkDestination\":\"media\"} -->\n<figure class=\"wp-block-image size-full\"><a href=\"https:\/\/vtest1.college-lapierre.fr\/wp-content\/uploads\/2023\/06\/20230622_1550561.jpg\"><img loading=\"lazy\" decoding=\"async\" width=\"638\" height=\"850\" src=\"https:\/\/vtest1.college-lapierre.fr\/wp-content\/uploads\/2023\/06\/20230622_1550561.jpg\" alt=\"\" class=\"wp-image-8842\" srcset=\"https:\/\/vtest1.college-lapierre.fr\/wp-content\/uploads\/2023\/06\/20230622_1550561.jpg 638w, https:\/\/vtest1.college-lapierre.fr\/wp-content\/uploads\/2023\/06\/20230622_1550561-225x300.jpg 225w\" sizes=\"auto, (max-width: 638px) 100vw, 638px\" \/><\/a><\/figure>\n<!-- \/wp:image --><\/div><\/li>\n<li><a class=\"wp-block-latest-posts__post-title\" href=\"https:\/\/vtest1.college-lapierre.fr\/?p=8771\">Sortie \u00e0 l&rsquo;abbaye de la Sauve-Majeure<\/a><div class=\"wp-block-latest-posts__post-author\">par C. LE PARQUIC<\/div><time datetime=\"2023-06-23T10:30:18+02:00\" class=\"wp-block-latest-posts__post-date\">23\/06\/2023<\/time><div class=\"wp-block-latest-posts__post-full-content\"><!-- wp:paragraph -->\n<p>Mardi 20 juin les 5<sup>e<\/sup> Olivier sont all\u00e9s visiter l\u2019abbaye de la Sauve-Majeure situ\u00e9e dans l\u2019Entre-deux-mers. Nous avons d\u00e9couvert l\u2019architecture du Moyen-\u00c2ge et nous avons tout particuli\u00e8rement \u00e9tudi\u00e9 les chapiteaux sculpt\u00e9s.<\/p>\n<!-- \/wp:paragraph -->\n\n<!-- wp:paragraph -->\n<p>Dans l\u2019apr\u00e8s-midi nous sommes partis \u00e0 Cr\u00e9on qui est une bastide m\u00e9di\u00e9vale.<\/p>\n<!-- \/wp:paragraph -->\n\n<!-- wp:paragraph -->\n<p>Malgr\u00e9 la pluie nous avons pass\u00e9 une bonne journ\u00e9e\u00a0!!!\u00a0<\/p>\n<!-- \/wp:paragraph -->\n\n<!-- wp:gallery {\"linkTo\":\"file\"} -->\n<figure class=\"wp-block-gallery has-nested-images columns-default is-cropped\"><!-- wp:image {\"id\":8774,\"sizeSlug\":\"large\",\"linkDestination\":\"media\"} -->\n<figure class=\"wp-block-image size-large\"><a href=\"https:\/\/vtest1.college-lapierre.fr\/wp-content\/uploads\/2023\/06\/IMG_7013.jpeg\"><img loading=\"lazy\" decoding=\"async\" width=\"768\" height=\"1024\" src=\"https:\/\/vtest1.college-lapierre.fr\/wp-content\/uploads\/2023\/06\/IMG_7013-768x1024.jpeg\" alt=\"\" class=\"wp-image-8774\" srcset=\"https:\/\/vtest1.college-lapierre.fr\/wp-content\/uploads\/2023\/06\/IMG_7013-768x1024.jpeg 768w, https:\/\/vtest1.college-lapierre.fr\/wp-content\/uploads\/2023\/06\/IMG_7013-225x300.jpeg 225w, https:\/\/vtest1.college-lapierre.fr\/wp-content\/uploads\/2023\/06\/IMG_7013-1152x1536.jpeg 1152w, https:\/\/vtest1.college-lapierre.fr\/wp-content\/uploads\/2023\/06\/IMG_7013.jpeg 1536w\" sizes=\"auto, (max-width: 768px) 100vw, 768px\" \/><\/a><\/figure>\n<!-- \/wp:image -->\n\n<!-- wp:image {\"id\":8777,\"sizeSlug\":\"large\",\"linkDestination\":\"media\"} -->\n<figure class=\"wp-block-image size-large\"><a href=\"https:\/\/vtest1.college-lapierre.fr\/wp-content\/uploads\/2023\/06\/IMG_7015.jpeg\"><img loading=\"lazy\" decoding=\"async\" width=\"1024\" height=\"768\" src=\"https:\/\/vtest1.college-lapierre.fr\/wp-content\/uploads\/2023\/06\/IMG_7015-1024x768.jpeg\" alt=\"\" class=\"wp-image-8777\" srcset=\"https:\/\/vtest1.college-lapierre.fr\/wp-content\/uploads\/2023\/06\/IMG_7015-1024x768.jpeg 1024w, https:\/\/vtest1.college-lapierre.fr\/wp-content\/uploads\/2023\/06\/IMG_7015-300x225.jpeg 300w, https:\/\/vtest1.college-lapierre.fr\/wp-content\/uploads\/2023\/06\/IMG_7015-768x576.jpeg 768w, https:\/\/vtest1.college-lapierre.fr\/wp-content\/uploads\/2023\/06\/IMG_7015-1536x1152.jpeg 1536w, https:\/\/vtest1.college-lapierre.fr\/wp-content\/uploads\/2023\/06\/IMG_7015.jpeg 2048w\" sizes=\"auto, (max-width: 1024px) 100vw, 1024px\" \/><\/a><\/figure>\n<!-- \/wp:image -->\n\n<!-- wp:image {\"id\":8773,\"sizeSlug\":\"large\",\"linkDestination\":\"media\"} -->\n<figure class=\"wp-block-image size-large\"><a href=\"https:\/\/vtest1.college-lapierre.fr\/wp-content\/uploads\/2023\/06\/IMG_7017.jpeg\"><img loading=\"lazy\" decoding=\"async\" width=\"768\" height=\"1024\" src=\"https:\/\/vtest1.college-lapierre.fr\/wp-content\/uploads\/2023\/06\/IMG_7017-768x1024.jpeg\" alt=\"\" class=\"wp-image-8773\" srcset=\"https:\/\/vtest1.college-lapierre.fr\/wp-content\/uploads\/2023\/06\/IMG_7017-768x1024.jpeg 768w, https:\/\/vtest1.college-lapierre.fr\/wp-content\/uploads\/2023\/06\/IMG_7017-225x300.jpeg 225w, https:\/\/vtest1.college-lapierre.fr\/wp-content\/uploads\/2023\/06\/IMG_7017-1152x1536.jpeg 1152w, https:\/\/vtest1.college-lapierre.fr\/wp-content\/uploads\/2023\/06\/IMG_7017.jpeg 1536w\" sizes=\"auto, (max-width: 768px) 100vw, 768px\" \/><\/a><\/figure>\n<!-- \/wp:image -->\n\n<!-- wp:image {\"id\":8778,\"sizeSlug\":\"large\",\"linkDestination\":\"media\"} -->\n<figure class=\"wp-block-image size-large\"><a href=\"https:\/\/vtest1.college-lapierre.fr\/wp-content\/uploads\/2023\/06\/IMG_7021.jpeg\"><img loading=\"lazy\" decoding=\"async\" width=\"768\" height=\"1024\" src=\"https:\/\/vtest1.college-lapierre.fr\/wp-content\/uploads\/2023\/06\/IMG_7021-768x1024.jpeg\" alt=\"\" class=\"wp-image-8778\" srcset=\"https:\/\/vtest1.college-lapierre.fr\/wp-content\/uploads\/2023\/06\/IMG_7021-768x1024.jpeg 768w, https:\/\/vtest1.college-lapierre.fr\/wp-content\/uploads\/2023\/06\/IMG_7021-225x300.jpeg 225w, https:\/\/vtest1.college-lapierre.fr\/wp-content\/uploads\/2023\/06\/IMG_7021-1152x1536.jpeg 1152w, https:\/\/vtest1.college-lapierre.fr\/wp-content\/uploads\/2023\/06\/IMG_7021.jpeg 1536w\" sizes=\"auto, (max-width: 768px) 100vw, 768px\" \/><\/a><\/figure>\n<!-- \/wp:image -->\n\n<!-- wp:image {\"id\":8775,\"sizeSlug\":\"large\",\"linkDestination\":\"media\"} -->\n<figure class=\"wp-block-image size-large\"><a href=\"https:\/\/vtest1.college-lapierre.fr\/wp-content\/uploads\/2023\/06\/IMG_7023.jpeg\"><img loading=\"lazy\" decoding=\"async\" width=\"768\" height=\"1024\" src=\"https:\/\/vtest1.college-lapierre.fr\/wp-content\/uploads\/2023\/06\/IMG_7023-768x1024.jpeg\" alt=\"\" class=\"wp-image-8775\" srcset=\"https:\/\/vtest1.college-lapierre.fr\/wp-content\/uploads\/2023\/06\/IMG_7023-768x1024.jpeg 768w, https:\/\/vtest1.college-lapierre.fr\/wp-content\/uploads\/2023\/06\/IMG_7023-225x300.jpeg 225w, https:\/\/vtest1.college-lapierre.fr\/wp-content\/uploads\/2023\/06\/IMG_7023-1152x1536.jpeg 1152w, https:\/\/vtest1.college-lapierre.fr\/wp-content\/uploads\/2023\/06\/IMG_7023.jpeg 1536w\" sizes=\"auto, (max-width: 768px) 100vw, 768px\" \/><\/a><\/figure>\n<!-- \/wp:image -->\n\n<!-- wp:image {\"id\":8776,\"sizeSlug\":\"large\",\"linkDestination\":\"media\"} -->\n<figure class=\"wp-block-image size-large\"><a href=\"https:\/\/vtest1.college-lapierre.fr\/wp-content\/uploads\/2023\/06\/IMG_7024.jpeg\"><img loading=\"lazy\" decoding=\"async\" width=\"768\" height=\"1024\" src=\"https:\/\/vtest1.college-lapierre.fr\/wp-content\/uploads\/2023\/06\/IMG_7024-768x1024.jpeg\" alt=\"\" class=\"wp-image-8776\" srcset=\"https:\/\/vtest1.college-lapierre.fr\/wp-content\/uploads\/2023\/06\/IMG_7024-768x1024.jpeg 768w, https:\/\/vtest1.college-lapierre.fr\/wp-content\/uploads\/2023\/06\/IMG_7024-225x300.jpeg 225w, https:\/\/vtest1.college-lapierre.fr\/wp-content\/uploads\/2023\/06\/IMG_7024-1152x1536.jpeg 1152w, https:\/\/vtest1.college-lapierre.fr\/wp-content\/uploads\/2023\/06\/IMG_7024.jpeg 1536w\" sizes=\"auto, (max-width: 768px) 100vw, 768px\" \/><\/a><\/figure>\n<!-- \/wp:image -->\n\n<!-- wp:image {\"id\":8779,\"sizeSlug\":\"large\",\"linkDestination\":\"media\"} -->\n<figure class=\"wp-block-image size-large\"><a href=\"https:\/\/vtest1.college-lapierre.fr\/wp-content\/uploads\/2023\/06\/IMG_7027.jpeg\"><img loading=\"lazy\" decoding=\"async\" width=\"1024\" height=\"768\" src=\"https:\/\/vtest1.college-lapierre.fr\/wp-content\/uploads\/2023\/06\/IMG_7027-1024x768.jpeg\" alt=\"\" class=\"wp-image-8779\" srcset=\"https:\/\/vtest1.college-lapierre.fr\/wp-content\/uploads\/2023\/06\/IMG_7027-1024x768.jpeg 1024w, https:\/\/vtest1.college-lapierre.fr\/wp-content\/uploads\/2023\/06\/IMG_7027-300x225.jpeg 300w, https:\/\/vtest1.college-lapierre.fr\/wp-content\/uploads\/2023\/06\/IMG_7027-768x576.jpeg 768w, https:\/\/vtest1.college-lapierre.fr\/wp-content\/uploads\/2023\/06\/IMG_7027-1536x1152.jpeg 1536w, https:\/\/vtest1.college-lapierre.fr\/wp-content\/uploads\/2023\/06\/IMG_7027.jpeg 2048w\" sizes=\"auto, (max-width: 1024px) 100vw, 1024px\" \/><\/a><\/figure>\n<!-- \/wp:image -->\n\n<!-- wp:image {\"id\":8780,\"sizeSlug\":\"large\",\"linkDestination\":\"media\"} -->\n<figure class=\"wp-block-image size-large\"><a href=\"https:\/\/vtest1.college-lapierre.fr\/wp-content\/uploads\/2023\/06\/IMG_7029.jpeg\"><img loading=\"lazy\" decoding=\"async\" width=\"1024\" height=\"768\" src=\"https:\/\/vtest1.college-lapierre.fr\/wp-content\/uploads\/2023\/06\/IMG_7029-1024x768.jpeg\" alt=\"\" class=\"wp-image-8780\" srcset=\"https:\/\/vtest1.college-lapierre.fr\/wp-content\/uploads\/2023\/06\/IMG_7029-1024x768.jpeg 1024w, https:\/\/vtest1.college-lapierre.fr\/wp-content\/uploads\/2023\/06\/IMG_7029-300x225.jpeg 300w, https:\/\/vtest1.college-lapierre.fr\/wp-content\/uploads\/2023\/06\/IMG_7029-768x576.jpeg 768w, https:\/\/vtest1.college-lapierre.fr\/wp-content\/uploads\/2023\/06\/IMG_7029-1536x1152.jpeg 1536w, https:\/\/vtest1.college-lapierre.fr\/wp-content\/uploads\/2023\/06\/IMG_7029.jpeg 2048w\" sizes=\"auto, (max-width: 1024px) 100vw, 1024px\" \/><\/a><\/figure>\n<!-- \/wp:image -->\n\n<!-- wp:image {\"id\":8781,\"sizeSlug\":\"large\",\"linkDestination\":\"media\"} -->\n<figure class=\"wp-block-image size-large\"><a href=\"https:\/\/vtest1.college-lapierre.fr\/wp-content\/uploads\/2023\/06\/IMG_7030.jpeg\"><img loading=\"lazy\" decoding=\"async\" width=\"1024\" height=\"768\" src=\"https:\/\/vtest1.college-lapierre.fr\/wp-content\/uploads\/2023\/06\/IMG_7030-1024x768.jpeg\" alt=\"\" class=\"wp-image-8781\" srcset=\"https:\/\/vtest1.college-lapierre.fr\/wp-content\/uploads\/2023\/06\/IMG_7030-1024x768.jpeg 1024w, https:\/\/vtest1.college-lapierre.fr\/wp-content\/uploads\/2023\/06\/IMG_7030-300x225.jpeg 300w, https:\/\/vtest1.college-lapierre.fr\/wp-content\/uploads\/2023\/06\/IMG_7030-768x576.jpeg 768w, https:\/\/vtest1.college-lapierre.fr\/wp-content\/uploads\/2023\/06\/IMG_7030-1536x1152.jpeg 1536w, https:\/\/vtest1.college-lapierre.fr\/wp-content\/uploads\/2023\/06\/IMG_7030.jpeg 2048w\" sizes=\"auto, (max-width: 1024px) 100vw, 1024px\" \/><\/a><\/figure>\n<!-- \/wp:image -->\n\n<!-- wp:image {\"id\":8782,\"sizeSlug\":\"large\",\"linkDestination\":\"media\"} -->\n<figure class=\"wp-block-image size-large\"><a href=\"https:\/\/vtest1.college-lapierre.fr\/wp-content\/uploads\/2023\/06\/IMG_7034.jpeg\"><img loading=\"lazy\" decoding=\"async\" width=\"768\" height=\"1024\" src=\"https:\/\/vtest1.college-lapierre.fr\/wp-content\/uploads\/2023\/06\/IMG_7034-768x1024.jpeg\" alt=\"\" class=\"wp-image-8782\" srcset=\"https:\/\/vtest1.college-lapierre.fr\/wp-content\/uploads\/2023\/06\/IMG_7034-768x1024.jpeg 768w, https:\/\/vtest1.college-lapierre.fr\/wp-content\/uploads\/2023\/06\/IMG_7034-225x300.jpeg 225w, https:\/\/vtest1.college-lapierre.fr\/wp-content\/uploads\/2023\/06\/IMG_7034-1152x1536.jpeg 1152w, https:\/\/vtest1.college-lapierre.fr\/wp-content\/uploads\/2023\/06\/IMG_7034.jpeg 1536w\" sizes=\"auto, (max-width: 768px) 100vw, 768px\" \/><\/a><\/figure>\n<!-- \/wp:image -->\n\n<!-- wp:image {\"id\":8783,\"sizeSlug\":\"large\",\"linkDestination\":\"media\"} -->\n<figure class=\"wp-block-image size-large\"><a href=\"https:\/\/vtest1.college-lapierre.fr\/wp-content\/uploads\/2023\/06\/IMG_7035.jpeg\"><img loading=\"lazy\" decoding=\"async\" width=\"1024\" height=\"768\" src=\"https:\/\/vtest1.college-lapierre.fr\/wp-content\/uploads\/2023\/06\/IMG_7035-1024x768.jpeg\" alt=\"\" class=\"wp-image-8783\" srcset=\"https:\/\/vtest1.college-lapierre.fr\/wp-content\/uploads\/2023\/06\/IMG_7035-1024x768.jpeg 1024w, https:\/\/vtest1.college-lapierre.fr\/wp-content\/uploads\/2023\/06\/IMG_7035-300x225.jpeg 300w, https:\/\/vtest1.college-lapierre.fr\/wp-content\/uploads\/2023\/06\/IMG_7035-768x576.jpeg 768w, https:\/\/vtest1.college-lapierre.fr\/wp-content\/uploads\/2023\/06\/IMG_7035-1536x1152.jpeg 1536w, https:\/\/vtest1.college-lapierre.fr\/wp-content\/uploads\/2023\/06\/IMG_7035.jpeg 2048w\" sizes=\"auto, (max-width: 1024px) 100vw, 1024px\" \/><\/a><\/figure>\n<!-- \/wp:image -->\n\n<!-- wp:image {\"id\":8784,\"sizeSlug\":\"large\",\"linkDestination\":\"media\"} -->\n<figure class=\"wp-block-image size-large\"><a href=\"https:\/\/vtest1.college-lapierre.fr\/wp-content\/uploads\/2023\/06\/IMG_7039.jpeg\"><img loading=\"lazy\" decoding=\"async\" width=\"1024\" height=\"768\" src=\"https:\/\/vtest1.college-lapierre.fr\/wp-content\/uploads\/2023\/06\/IMG_7039-1024x768.jpeg\" alt=\"\" class=\"wp-image-8784\" srcset=\"https:\/\/vtest1.college-lapierre.fr\/wp-content\/uploads\/2023\/06\/IMG_7039-1024x768.jpeg 1024w, https:\/\/vtest1.college-lapierre.fr\/wp-content\/uploads\/2023\/06\/IMG_7039-300x225.jpeg 300w, https:\/\/vtest1.college-lapierre.fr\/wp-content\/uploads\/2023\/06\/IMG_7039-768x576.jpeg 768w, https:\/\/vtest1.college-lapierre.fr\/wp-content\/uploads\/2023\/06\/IMG_7039-1536x1152.jpeg 1536w, https:\/\/vtest1.college-lapierre.fr\/wp-content\/uploads\/2023\/06\/IMG_7039.jpeg 2048w\" sizes=\"auto, (max-width: 1024px) 100vw, 1024px\" \/><\/a><\/figure>\n<!-- \/wp:image -->\n\n<!-- wp:image {\"id\":8785,\"sizeSlug\":\"large\",\"linkDestination\":\"media\"} -->\n<figure class=\"wp-block-image size-large\"><a href=\"https:\/\/vtest1.college-lapierre.fr\/wp-content\/uploads\/2023\/06\/IMG_7040.jpeg\"><img loading=\"lazy\" decoding=\"async\" width=\"1024\" height=\"768\" src=\"https:\/\/vtest1.college-lapierre.fr\/wp-content\/uploads\/2023\/06\/IMG_7040-1024x768.jpeg\" alt=\"\" class=\"wp-image-8785\" srcset=\"https:\/\/vtest1.college-lapierre.fr\/wp-content\/uploads\/2023\/06\/IMG_7040-1024x768.jpeg 1024w, https:\/\/vtest1.college-lapierre.fr\/wp-content\/uploads\/2023\/06\/IMG_7040-300x225.jpeg 300w, https:\/\/vtest1.college-lapierre.fr\/wp-content\/uploads\/2023\/06\/IMG_7040-768x576.jpeg 768w, https:\/\/vtest1.college-lapierre.fr\/wp-content\/uploads\/2023\/06\/IMG_7040-1536x1152.jpeg 1536w, https:\/\/vtest1.college-lapierre.fr\/wp-content\/uploads\/2023\/06\/IMG_7040.jpeg 2048w\" sizes=\"auto, (max-width: 1024px) 100vw, 1024px\" \/><\/a><\/figure>\n<!-- \/wp:image --><\/figure>\n<!-- \/wp:gallery --><\/div><\/li>\n<\/ul>","protected":false},"excerpt":{"rendered":"","protected":false},"author":2,"featured_media":0,"parent":24,"menu_order":0,"comment_status":"closed","ping_status":"closed","template":"","meta":{"footnotes":""},"categories":[41],"tags":[],"class_list":["post-8950","page","type-page","status-publish","hentry","category-histoire-geographie-emc"],"_links":{"self":[{"href":"https:\/\/vtest1.college-lapierre.fr\/index.php?rest_route=\/wp\/v2\/pages\/8950","targetHints":{"allow":["GET"]}}],"collection":[{"href":"https:\/\/vtest1.college-lapierre.fr\/index.php?rest_route=\/wp\/v2\/pages"}],"about":[{"href":"https:\/\/vtest1.college-lapierre.fr\/index.php?rest_route=\/wp\/v2\/types\/page"}],"author":[{"embeddable":true,"href":"https:\/\/vtest1.college-lapierre.fr\/index.php?rest_route=\/wp\/v2\/users\/2"}],"replies":[{"embeddable":true,"href":"https:\/\/vtest1.college-lapierre.fr\/index.php?rest_route=%2Fwp%2Fv2%2Fcomments&post=8950"}],"version-history":[{"count":3,"href":"https:\/\/vtest1.college-lapierre.fr\/index.php?rest_route=\/wp\/v2\/pages\/8950\/revisions"}],"predecessor-version":[{"id":10739,"href":"https:\/\/vtest1.college-lapierre.fr\/index.php?rest_route=\/wp\/v2\/pages\/8950\/revisions\/10739"}],"up":[{"embeddable":true,"href":"https:\/\/vtest1.college-lapierre.fr\/index.php?rest_route=\/wp\/v2\/pages\/24"}],"wp:attachment":[{"href":"https:\/\/vtest1.college-lapierre.fr\/index.php?rest_route=%2Fwp%2Fv2%2Fmedia&parent=8950"}],"wp:term":[{"taxonomy":"category","embeddable":true,"href":"https:\/\/vtest1.college-lapierre.fr\/index.php?rest_route=%2Fwp%2Fv2%2Fcategories&post=8950"},{"taxonomy":"post_tag","embeddable":true,"href":"https:\/\/vtest1.college-lapierre.fr\/index.php?rest_route=%2Fwp%2Fv2%2Ftags&post=8950"}],"curies":[{"name":"wp","href":"https:\/\/api.w.org\/{rel}","templated":true}]}}