{"id":8977,"date":"2025-07-10T15:58:21","date_gmt":"2025-07-10T13:58:21","guid":{"rendered":"https:\/\/vtest1.college-lapierre.fr\/?page_id=8977"},"modified":"2025-07-11T10:09:01","modified_gmt":"2025-07-11T08:09:01","slug":"rentree-2025","status":"publish","type":"page","link":"https:\/\/vtest1.college-lapierre.fr\/?page_id=8977","title":{"rendered":"RENTREE 2025"},"content":{"rendered":"\n<h2 class=\"wp-block-heading has-pale-cyan-blue-background-color has-background\">Organisation de la rentr\u00e9e 2025 :<\/h2>\n\n\n\n<p>La rentr\u00e9e scolaire aura lieu le <strong>lundi 1er septembre 2025<\/strong> selon l&rsquo;organisation suivante :<\/p>\n\n\n\n<div class=\"wp-block-columns is-layout-flex wp-container-core-columns-is-layout-9d6595d7 wp-block-columns-is-layout-flex\">\n<div class=\"wp-block-column is-layout-flow wp-block-column-is-layout-flow\" style=\"flex-basis:50%\">\n<p><strong>6\u00e8me :<\/strong><br><strong>Accueil \u00e0 partir de 8h30<\/strong> des \u00e9l\u00e8ves et des familles et <strong>appel des \u00e9l\u00e8ves \u00e0 9h00<\/strong>.<br>Les \u00e9l\u00e8ves externes seront lib\u00e9r\u00e9s \u00e0 12h15 (apr\u00e8s midi consacr\u00e9e aux autres niveaux), les 1\/2 pensionnaires seront lib\u00e9r\u00e9s apr\u00e8s leur repas (13h).<\/p>\n<\/div>\n\n\n\n<div class=\"wp-block-column is-layout-flow wp-block-column-is-layout-flow\" style=\"flex-basis:50%\">\n<p><strong>5\u00e8me :<\/strong><br>Appel 13h30 : les listes de classes seront affich\u00e9es, les \u00e9l\u00e8ves se rangeront devant la liste et seront pris en charge par leurs professeurs principaux respectifs<br>Fin 16h00<\/p>\n<\/div>\n<\/div>\n\n\n\n<div class=\"wp-block-columns is-layout-flex wp-container-core-columns-is-layout-9d6595d7 wp-block-columns-is-layout-flex\">\n<div class=\"wp-block-column is-layout-flow wp-block-column-is-layout-flow\" style=\"flex-basis:50%\">\n<p><strong>4\u00e8me :<\/strong><br>Appel 14h : les listes de classes seront affich\u00e9es, les \u00e9l\u00e8ves se rangeront devant la liste et seront pris en charge par leurs professeurs principaux respectifs<br>Fin 16h<\/p>\n<\/div>\n\n\n\n<div class=\"wp-block-column is-layout-flow wp-block-column-is-layout-flow\" style=\"flex-basis:50%\">\n<p><strong>3\u00e8me :<\/strong><br>Appel 14h30 : les listes de classes seront affich\u00e9es, les \u00e9l\u00e8ves se rangeront devant la liste et seront pris en charge par leurs professeurs principaux respectifs<br>Fin 16h30<\/p>\n<\/div>\n<\/div>\n\n\n\n<p>Le<strong> mardi 2 septembre 2025<\/strong>, les cours se d\u00e9rouleront normalement selon l\u2019emploi du temps qui aura \u00e9t\u00e9 distribu\u00e9 aux \u00e9l\u00e8ves.<\/p>\n\n\n<div class=\"wp-block-image\">\n<figure class=\"aligncenter size-large\"><img loading=\"lazy\" decoding=\"async\" width=\"724\" height=\"1024\" src=\"https:\/\/vtest1.college-lapierre.fr\/wp-content\/uploads\/2025\/07\/Affiche-Rentree-scolaire-College-Lapierre-v2-724x1024.jpg\" alt=\"\" class=\"wp-image-11446\" srcset=\"https:\/\/vtest1.college-lapierre.fr\/wp-content\/uploads\/2025\/07\/Affiche-Rentree-scolaire-College-Lapierre-v2-724x1024.jpg 724w, https:\/\/vtest1.college-lapierre.fr\/wp-content\/uploads\/2025\/07\/Affiche-Rentree-scolaire-College-Lapierre-v2-212x300.jpg 212w, https:\/\/vtest1.college-lapierre.fr\/wp-content\/uploads\/2025\/07\/Affiche-Rentree-scolaire-College-Lapierre-v2-768x1086.jpg 768w, https:\/\/vtest1.college-lapierre.fr\/wp-content\/uploads\/2025\/07\/Affiche-Rentree-scolaire-College-Lapierre-v2-1086x1536.jpg 1086w, https:\/\/vtest1.college-lapierre.fr\/wp-content\/uploads\/2025\/07\/Affiche-Rentree-scolaire-College-Lapierre-v2.jpg 1414w\" sizes=\"auto, (max-width: 724px) 100vw, 724px\" \/><\/figure>\n<\/div>\n\n\n<h2 class=\"wp-block-heading has-pale-cyan-blue-background-color has-background\">Les listes de fournitures scolaires :<\/h2>\n\n\n\n<p>Classes de g\u00e9n\u00e9rale : <a href=\"https:\/\/vtest1.college-lapierre.fr\/?p=9324\" target=\"_blank\" rel=\"noreferrer noopener\">6e<\/a> \/ <a href=\"https:\/\/vtest1.college-lapierre.fr\/?p=9327\" target=\"_blank\" rel=\"noreferrer noopener\">5e<\/a> \/ <a href=\"https:\/\/vtest1.college-lapierre.fr\/?p=9331\" target=\"_blank\" rel=\"noreferrer noopener\">4e<\/a> \/ <a href=\"https:\/\/vtest1.college-lapierre.fr\/?p=9334\" target=\"_blank\" rel=\"noreferrer noopener\">3e<\/a> \/ <a href=\"https:\/\/vtest1.college-lapierre.fr\/?p=10599\">ULIS<\/a><\/p>\n\n\n\n<p>Classes de <a href=\"https:\/\/vtest1.college-lapierre.fr\/?p=9355\" target=\"_blank\" rel=\"noreferrer noopener\">6e SEGPA<\/a> \/ <a href=\"https:\/\/vtest1.college-lapierre.fr\/?p=9350\" target=\"_blank\" rel=\"noreferrer noopener\">5e SEGPA<\/a> \/ <a rel=\"noreferrer noopener\" href=\"https:\/\/vtest1.college-lapierre.fr\/?p=9343\" target=\"_blank\">4e SEGPA<\/a> \/ <a rel=\"noreferrer noopener\" href=\"https:\/\/vtest1.college-lapierre.fr\/?p=9338\" target=\"_blank\">3e SEGPA<\/a><\/p>\n\n\n\n<h2 class=\"wp-block-heading has-very-light-gray-to-cyan-bluish-gray-gradient-background has-background\"><a href=\"https:\/\/vtest1.college-lapierre.fr\/?p=8905\" target=\"_blank\" rel=\"noreferrer noopener\">Pr\u00e9parer sa rentr\u00e9e au coll\u00e8ge<\/a><\/h2>\n","protected":false},"excerpt":{"rendered":"<p>Organisation de la rentr\u00e9e 2025 : La rentr\u00e9e scolaire aura lieu le lundi 1er septembre 2025 selon l&rsquo;organisation suivante : 6\u00e8me :Accueil \u00e0 partir de 8h30 des \u00e9l\u00e8ves et des familles et appel des \u00e9l\u00e8ves \u00e0 9h00.Les \u00e9l\u00e8ves externes seront lib\u00e9r\u00e9s \u00e0 12h15 (apr\u00e8s midi consacr\u00e9e aux autres niveaux), les 1\/2 pensionnaires seront lib\u00e9r\u00e9s apr\u00e8s&#8230;<\/p>\n<p class=\"more-link-wrap\"><a href=\"https:\/\/vtest1.college-lapierre.fr\/?page_id=8977\" class=\"more-link\">Read More<span class=\"screen-reader-text\"> &ldquo;RENTREE 2025&rdquo;<\/span> &raquo;<\/a><\/p>\n","protected":false},"author":2,"featured_media":10577,"parent":0,"menu_order":0,"comment_status":"closed","ping_status":"closed","template":"","meta":{"footnotes":""},"categories":[12,46,48,4],"tags":[123],"class_list":["post-8977","page","type-page","status-publish","has-post-thumbnail","hentry","category-le_college","category-rentree-2025","category-rentrees","category-vie-de-leleve","tag-rentree"],"_links":{"self":[{"href":"https:\/\/vtest1.college-lapierre.fr\/index.php?rest_route=\/wp\/v2\/pages\/8977","targetHints":{"allow":["GET"]}}],"collection":[{"href":"https:\/\/vtest1.college-lapierre.fr\/index.php?rest_route=\/wp\/v2\/pages"}],"about":[{"href":"https:\/\/vtest1.college-lapierre.fr\/index.php?rest_route=\/wp\/v2\/types\/page"}],"author":[{"embeddable":true,"href":"https:\/\/vtest1.college-lapierre.fr\/index.php?rest_route=\/wp\/v2\/users\/2"}],"replies":[{"embeddable":true,"href":"https:\/\/vtest1.college-lapierre.fr\/index.php?rest_route=%2Fwp%2Fv2%2Fcomments&post=8977"}],"version-history":[{"count":36,"href":"https:\/\/vtest1.college-lapierre.fr\/index.php?rest_route=\/wp\/v2\/pages\/8977\/revisions"}],"predecessor-version":[{"id":11448,"href":"https:\/\/vtest1.college-lapierre.fr\/index.php?rest_route=\/wp\/v2\/pages\/8977\/revisions\/11448"}],"wp:featuredmedia":[{"embeddable":true,"href":"https:\/\/vtest1.college-lapierre.fr\/index.php?rest_route=\/wp\/v2\/media\/10577"}],"wp:attachment":[{"href":"https:\/\/vtest1.college-lapierre.fr\/index.php?rest_route=%2Fwp%2Fv2%2Fmedia&parent=8977"}],"wp:term":[{"taxonomy":"category","embeddable":true,"href":"https:\/\/vtest1.college-lapierre.fr\/index.php?rest_route=%2Fwp%2Fv2%2Fcategories&post=8977"},{"taxonomy":"post_tag","embeddable":true,"href":"https:\/\/vtest1.college-lapierre.fr\/index.php?rest_route=%2Fwp%2Fv2%2Ftags&post=8977"}],"curies":[{"name":"wp","href":"https:\/\/api.w.org\/{rel}","templated":true}]}}